{"id":1111,"date":"2025-02-22T19:02:46","date_gmt":"2025-02-22T19:02:46","guid":{"rendered":"https:\/\/sharpeyedgeologist.com\/?page_id=1111"},"modified":"2026-01-19T14:41:22","modified_gmt":"2026-01-19T14:41:22","slug":"slam","status":"publish","type":"page","link":"https:\/\/sharpeyedgeologist.com\/index.php\/irasok\/slam\/","title":{"rendered":"Slam"},"content":{"rendered":"<p>[et_pb_section fb_built=&#8221;1&#8243; disabled_on=&#8221;off|off|off&#8221; _builder_version=&#8221;4.27.4&#8243; _module_preset=&#8221;default&#8221; background_enable_color=&#8221;off&#8221; background_image=&#8221;https:\/\/sharpeyedgeologist.com\/wp-content\/uploads\/2025\/06\/33.jpg&#8221; width=&#8221;100%&#8221; width_tablet=&#8221;100%&#8221; width_phone=&#8221;100%&#8221; width_last_edited=&#8221;on|desktop&#8221; max_width=&#8221;100%&#8221; min_height=&#8221;40vw&#8221; min_height_tablet=&#8221;80vw&#8221; min_height_phone=&#8221;130vw&#8221; min_height_last_edited=&#8221;on|desktop&#8221; height=&#8221;40vw&#8221; height_tablet=&#8221;80vw&#8221; height_phone=&#8221;130vw&#8221; height_last_edited=&#8221;on|tablet&#8221; max_height=&#8221;40vw&#8221; max_height_tablet=&#8221;80vw&#8221; max_height_phone=&#8221;130vw&#8221; max_height_last_edited=&#8221;on|phone&#8221; animation_style=&#8221;zoom&#8221; animation_duration=&#8221;650ms&#8221; animation_intensity_zoom=&#8221;26%&#8221; global_colors_info=&#8221;{%22gcid-2ebbc52c-9ee6-4712-a077-fcaec9b98540%22:%91%22background_color%22%93}&#8221;][\/et_pb_section][et_pb_section fb_built=&#8221;1&#8243; _builder_version=&#8221;4.27.4&#8243; _module_preset=&#8221;default&#8221; custom_padding=&#8221;||0px|||&#8221; locked=&#8221;off&#8221; global_colors_info=&#8221;{}&#8221;][et_pb_row column_structure=&#8221;1_2,1_2&#8243; _builder_version=&#8221;4.27.4&#8243; _module_preset=&#8221;default&#8221; min_height=&#8221;89px&#8221; custom_margin=&#8221;-41px|auto||auto||&#8221; custom_padding=&#8221;||0px|||&#8221; global_colors_info=&#8221;{}&#8221;][et_pb_column type=&#8221;1_2&#8243; _builder_version=&#8221;4.27.4&#8243; _module_preset=&#8221;default&#8221; global_colors_info=&#8221;{}&#8221;][et_pb_heading title=&#8221;A bennem l\u00e9v\u0151&#8221; _builder_version=&#8221;4.27.4&#8243; _module_preset=&#8221;default&#8221; title_level=&#8221;h2&#8243; title_text_align=&#8221;left&#8221; title_font_size=&#8221;34px&#8221; width=&#8221;100%&#8221; width_tablet=&#8221;100%&#8221; width_phone=&#8221;100%&#8221; width_last_edited=&#8221;on|phone&#8221; custom_padding=&#8221;15px|||||&#8221; animation_style=&#8221;fade&#8221; title_line_height_tablet=&#8221;&#8221; title_line_height_phone=&#8221;1.1em&#8221; title_line_height_last_edited=&#8221;on|phone&#8221; global_colors_info=&#8221;{}&#8221;][\/et_pb_heading][et_pb_text quote_border_color=&#8221;gcid-2ebbc52c-9ee6-4712-a077-fcaec9b98540&#8243; _builder_version=&#8221;4.27.4&#8243; _module_preset=&#8221;default&#8221; text_font=&#8221;&#8211;et_global_heading_font||||||||&#8221; text_text_color=&#8221;gcid-heading-color&#8221; text_font_size=&#8221;17px&#8221; text_line_height=&#8221;1.6em&#8221; header_text_align=&#8221;left&#8221; animation_style=&#8221;fade&#8221; animation_duration=&#8221;2000ms&#8221; text_font_size_tablet=&#8221;17px&#8221; text_font_size_phone=&#8221;17px&#8221; text_font_size_last_edited=&#8221;on|phone&#8221; text_line_height_tablet=&#8221;1.6em&#8221; text_line_height_phone=&#8221;1.4em&#8221; text_line_height_last_edited=&#8221;on|desktop&#8221; border_style_all=&#8221;inset&#8221; global_colors_info=&#8221;{%22gcid-2ebbc52c-9ee6-4712-a077-fcaec9b98540%22:%91%22quote_border_color%22,%22quote_border_color%22%93,%22gcid-heading-color%22:%91%22text_text_color%22%93}&#8221;]<\/p>\n<blockquote>\n<p>A bennem lev\u0151 fenevad \u00e9hezik<br \/>nem etetem,l\u00e0ncra vertem<br \/>Ha elengedem felzab\u00e0lja sz\u00edvem,lelkem<br \/>Mikor elszabadul nem \u00e1ll\u00edtja meg semmi \u00e9s senki<br \/>Ha nem figyelek megint t\u00f6nkre fog tenni<br \/>Megf\u00e9kezni megtudom<br \/>meg\u00f6lni soha<br \/>Az agyamban van az otthona<br \/>De most alszik <br \/>Mert elaltattam<br \/>Van egy m\u00f3dszer amivel t\u0151rbe csaltam<br \/>Egyszer\u0171 mint a pofon<br \/>De ha nem csin\u00e1lom belebukom<br \/>De nem az idom\u00e1r aki seg\u00edthet<br \/>Ostorcsattogtat\u00e1ssal csak elijeszthet<br \/>A t\u00fczes karik\u00e1kon \u00e1t is csak \u00e9n bukfenceztem<br \/>Magamat sokszor meg\u00e9gettem<br \/>De milli\u00f3szor is \u00fajra nekimentem<br \/>Nem volt v\u00e1laszt\u00e1som az \u0151r\u00fcletben<br \/>Egyed\u00fcl voltam a vil\u00e1g ellen<br \/>Mag\u00e1nyos harcos mindenkivel szemben<br \/>M\u00e1ra megv\u00e1ltozott a helyzet<br \/>igaz ehhez sok id\u0151 kellett<br \/>\u00daj emberek \u00faj helyen<br \/>Felnyitott\u00e1k szemem<br \/>A vil\u00e1g a r\u00e9gi de \u00e9n m\u00e1shogy n\u00e9zek r\u00e1<br \/>\u00daj gondolatokkal m\u00e0s a megold\u00e1s<br \/>A sz\u00f6rnyeteg most alszik,de fel\u00e9bredhet b\u00e1rmikor<br \/>\u00c9s nekem harcolnom kell vele mindig,mindenhol<br \/>De m\u00e1r nem vagyok egyed\u00fcl \u00e9s van fegyverem<br \/>Egy eg\u00e9sz k\u00f6z\u00f6ss\u00e9g \u00e1ll mellettem<br \/>\u00cdgy sokkal nagyobb az es\u00e9lyem <br \/>mert mindig van kivel besz\u00e9lnem<br \/>\u00c9s ez \u00e1tvezet minden vesz\u00e9lyen<br \/>j\u00f3 kezekben van fel\u00e9p\u00fcl\u00e9sem!<\/p>\n<\/blockquote>\n<p>[\/et_pb_text][\/et_pb_column][et_pb_column type=&#8221;1_2&#8243; _builder_version=&#8221;4.27.4&#8243; _module_preset=&#8221;default&#8221; global_colors_info=&#8221;{}&#8221;][et_pb_heading title=&#8221;3&#8243; _builder_version=&#8221;4.27.4&#8243; _module_preset=&#8221;default&#8221; title_level=&#8221;h2&#8243; title_text_align=&#8221;left&#8221; title_font_size=&#8221;34px&#8221; width=&#8221;100%&#8221; width_tablet=&#8221;100%&#8221; width_phone=&#8221;100%&#8221; width_last_edited=&#8221;on|phone&#8221; custom_padding=&#8221;15px|||||&#8221; animation_style=&#8221;fade&#8221; title_line_height_tablet=&#8221;&#8221; title_line_height_phone=&#8221;1.1em&#8221; title_line_height_last_edited=&#8221;on|phone&#8221; locked=&#8221;off&#8221; global_colors_info=&#8221;{}&#8221;][\/et_pb_heading][et_pb_text quote_border_color=&#8221;gcid-2ebbc52c-9ee6-4712-a077-fcaec9b98540&#8243; _builder_version=&#8221;4.27.4&#8243; _module_preset=&#8221;default&#8221; text_font=&#8221;&#8211;et_global_heading_font||||||||&#8221; text_text_color=&#8221;gcid-heading-color&#8221; text_font_size=&#8221;17px&#8221; text_line_height=&#8221;1.6em&#8221; header_text_align=&#8221;left&#8221; custom_margin=&#8221;||-2px|||&#8221; animation_style=&#8221;fade&#8221; animation_duration=&#8221;2000ms&#8221; text_font_size_tablet=&#8221;17px&#8221; text_font_size_phone=&#8221;17px&#8221; text_font_size_last_edited=&#8221;on|phone&#8221; text_line_height_tablet=&#8221;1.6em&#8221; text_line_height_phone=&#8221;1.4em&#8221; text_line_height_last_edited=&#8221;on|desktop&#8221; border_style_all=&#8221;inset&#8221; locked=&#8221;off&#8221; global_colors_info=&#8221;{%22gcid-2ebbc52c-9ee6-4712-a077-fcaec9b98540%22:%91%22quote_border_color%22,%22quote_border_color%22%93,%22gcid-heading-color%22:%91%22text_text_color%22%93}&#8221;]<\/p>\n<blockquote>\n<p>Mennyi id\u0151 telik el 3 perc alatt?<\/p>\n<p>&nbsp;<\/p>\n<p>\u00c9s mennyi id\u0151 telik el 3 perc \u00e9s 3\u00e9v k\u00f6z\u00f6tt?<\/p>\n<p>&nbsp;<\/p>\n<p>\u00c9s vajon mekkora utat lehet megtenni 3perc alatt ?<\/p>\n<p>Ha f\u00e9nysebess\u00e9ggel sz\u00e1guldok\u00a0 majdnem f\u00e9l\u00faton vagyok a naphoz..<\/p>\n<p>Ha saj\u00e1t temp\u00f3mban s\u00e9t\u00e1lok:f\u00e9l\u00faton vagyok a Sz\u00e9chenyi t\u00e9r fel\u00e9<\/p>\n<p>Ha az \u00e9letemr\u0151l besz\u00e9lek :kev\u00e9s<\/p>\n<p>Ha mondani is akarok vmit:pont el\u00e9g<\/p>\n<p>Ha tartalommal akarom kit\u00f6lteni nem pedig \u00fcres fr\u00e1zisokkal,k\u00f6zhelyekkel,k\u00edn r\u00edmekkel akkor pont el\u00e9g.<\/p>\n<p>&nbsp;<\/p>\n<p>\u00c9s mekkora utat tudok megtenni 3\u00e9v alatt?<\/p>\n<p>Rajtam m\u00falik&#8230;<\/p>\n<p>mennyire vagyok b\u00e1tor<\/p>\n<p>milyen er\u0151s<\/p>\n<p>milyen elsz\u00e1nt<\/p>\n<p>milyen kitart\u00f3 vagyok<\/p>\n<p>Le tudom-e gy\u0151zni f\u00e9lelmeimet,g\u00e1tl\u00e1saimat,kisebbs\u00e9gi komplexusaimat?<\/p>\n<p>F\u00e9l\u00faton vagyok az \u00f6nmegval\u00f3s\u00edt\u00e1s fel\u00e9.<\/p>\n<p>F\u00e9l\u00faton vagyok a boldogs\u00e1g fel\u00e9.<\/p>\n<p>F\u00e9l\u00faton vagyok az \u00e1lmaim fel\u00e9&#8230; k\u00f6sz h itt vagytok mert n\u00e9lk\u00fcletek az \u00e1lmok csak \u00e1lmok maradn\u00e1nak&#8230;.<\/p>\n<p>Mert ez a 3 perc nem csak sima 3perc<\/p>\n<p>Itt m\u00e1r nincs mell\u00e9 besz\u00e9l\u00e9s<\/p>\n<p>Nincs mell\u00e9 besz\u00e9l\u00e9s<\/p>\n<p>Nincs kamu,csusztat\u00e1s,ferd\u00edt\u00e9s<\/p>\n<p>Csak az igazs\u00e1g,a sz\u00f6veg,a mikrofon,meg \u00e9n&#8230;<\/p>\n<p>&nbsp;<\/p>\n<p>Mert a sz\u00f6veg :\u00e9n vagyok<\/p>\n<p>A sz\u00f3:\u00e9n vagyok<\/p>\n<p>A mondat:\u00e9n vagyok<\/p>\n<p>A gondolat-jel:\u00e9n vagyok<\/p>\n<p>A felki\u00e1lt\u00f3- jel:\u00e9n vagyok<\/p>\n<p>A k\u00e9rd\u0151-jel is \u00e9n vagyok<\/p>\n<p>\u00c9n 118kg+21gramm(a lelkem)+400gr(sz\u00edvem)+1.3kg(az agyam)s\u00falya<\/p>\n<p>\u00c9n v\u00f6r\u00f6s lamantin az 1000\u00e9ves tekn\u0151s<\/p>\n<p>A h\u00e1jas f\u00e9rfi \u00e9s felt\u0171n\u0151en csinos menyasszonya<\/p>\n<p>\u00c9n aki m\u00e1r majdnem \u00e9n vagyok<\/p>\n<p>\u00c9n aki csak egy g\u00e9n hib\u00e1s teve<\/p>\n<p>Az\u00e9rt is a nevem Steve<\/p>\n<p>A p\u00fapomat a hasamon hordom<\/p>\n<p>A h\u00e1tam helyett<\/p>\n<p>De \u00e9letemben a k\u00fcls\u0151s\u00e9gek nem kaptak szerepet<\/p>\n<p>\u00c9n aki m\u00e1r n\u00e9ha \u00f6nmagam vagyok<\/p>\n<p>&nbsp;<\/p>\n<p>\u00cas ha valaki azt mondja h a sz\u00f6veg nem \u00fcti meg a sz\u00ednvonalat&#8230;.<\/p>\n<p>El\u00e1rulok egy titkot..a sz\u00ednvonal is \u00e9n vagyok<\/p>\n<p>Az ob is \u00e9n vagyok, a sopianae slam klub is \u00e9n vagyok<\/p>\n<p>Meg a luca meg a szandi meg a korn\u00e9l<\/p>\n<p>meg a szilveszter meg a t\u00f6bbiek<\/p>\n<p>Mi vagyunk a klub a sz\u00ednvonal<\/p>\n<p>Mert \u00e9n \u00fagy gondolom van mondani val\u00f3m<\/p>\n<p>Mert nekem vannak gondolataim \u00e9rz\u00easeim amit szeretn\u00e9k megosztani veletek<\/p>\n<p>\u00c9s \u00e9n adom hozz\u00e1 az arcomat<\/p>\n<p>Nem \u00fagy mint a fradi ultr\u00e1k<\/p>\n<p>Akik s\u00e1llal az arcukon k\u00e9selik meg egym\u00e1st&#8230;<\/p>\n<p>&nbsp;<\/p>\n<p>A 3perc ami soha nem annyi&#8230;<\/p>\n<p>Sokkal ink\u00e1bb 3h\u00e9t,3h\u00f3nap vagy 3\u00e9v<\/p>\n<p>\u00c9s rengeteg t\u00f6rl\u00e9s,\u00fajra \u00edr\u00e1s,mell\u00e9 \u00fct\u00e9s,\u00fajra \u00edr\u00e1s,v\u00e9letlen teljes t\u00f6rl\u00e9s,teljes \u00fajra \u00edr\u00e1s,ez\u00edgynemj\u00f3faszom,\u00fajra \u00edr\u00e1s,ink\u00e1bb az el\u0151z\u0151,\u00fajra \u00edr\u00e1s,ez\u00edgynemr\u00edmel,\u00fajra \u00edr\u00e1s,ottrohadjonmegazeg\u00e9szakkornemleszsz\u00f6vegem,\u00fajra \u00edr\u00e1s&#8230;..<\/p>\n<p>&nbsp;<\/p>\n<p>Jackson Pollock amerikai fest\u0151t megk\u00e9rdezt\u00e9k h honnan tudja mikor van befejezve egy k\u00e9p?<\/p>\n<p>Vissza k\u00e9rdezett:\u00f6n honnan tudja mikor van befejezve a szex?<\/p>\n<p>\u00cdgy vagyok vele \u00e9n is ,meg 100m\u00e1sf\u00e9le k\u00e9ppen<\/p>\n<p>N\u00e9ha nem tudom hogy kezd\u0151dik el \u00e9s nem tudom hol \u00e9r v\u00e9get?<\/p>\n<p>V\u00e9get \u00e9r-e azzal h azt mondom k\u00f6sz\u00f6n\u00f6m \u00e9s lemegyek a sz\u00ednpadr\u00f3l?<\/p>\n<p>Vagy azzal \u00e9pp csak elkezd\u0151dik&#8230;.?<\/p>\n<p>&nbsp;<\/p>\n<p>&nbsp;<\/p>\n<p>&nbsp;<\/p>\n<\/blockquote>\n<p>[\/et_pb_text][\/et_pb_column][\/et_pb_row][\/et_pb_section][et_pb_section fb_built=&#8221;1&#8243; _builder_version=&#8221;4.27.4&#8243; _module_preset=&#8221;default&#8221; custom_padding=&#8221;||0px|||&#8221; locked=&#8221;off&#8221; global_colors_info=&#8221;{}&#8221;][et_pb_row column_structure=&#8221;1_2,1_2&#8243; _builder_version=&#8221;4.27.4&#8243; _module_preset=&#8221;default&#8221; min_height=&#8221;89px&#8221; custom_margin=&#8221;-41px|auto||auto||&#8221; custom_padding=&#8221;||0px|||&#8221; global_colors_info=&#8221;{}&#8221;][et_pb_column type=&#8221;1_2&#8243; _builder_version=&#8221;4.27.4&#8243; _module_preset=&#8221;default&#8221; global_colors_info=&#8221;{}&#8221;][et_pb_heading title=&#8221;6&#8243; _builder_version=&#8221;4.27.4&#8243; _module_preset=&#8221;default&#8221; title_level=&#8221;h2&#8243; title_text_align=&#8221;left&#8221; title_font_size=&#8221;34px&#8221; width=&#8221;100%&#8221; width_tablet=&#8221;100%&#8221; width_phone=&#8221;100%&#8221; width_last_edited=&#8221;on|phone&#8221; custom_padding=&#8221;15px|||||&#8221; animation_style=&#8221;fade&#8221; title_line_height_tablet=&#8221;&#8221; title_line_height_phone=&#8221;1.1em&#8221; title_line_height_last_edited=&#8221;on|phone&#8221; global_colors_info=&#8221;{}&#8221;][\/et_pb_heading][et_pb_text quote_border_color=&#8221;gcid-2ebbc52c-9ee6-4712-a077-fcaec9b98540&#8243; _builder_version=&#8221;4.27.4&#8243; _module_preset=&#8221;default&#8221; text_font=&#8221;&#8211;et_global_heading_font||||||||&#8221; text_text_color=&#8221;gcid-heading-color&#8221; text_font_size=&#8221;17px&#8221; text_line_height=&#8221;1.6em&#8221; header_text_align=&#8221;left&#8221; animation_style=&#8221;fade&#8221; animation_duration=&#8221;2000ms&#8221; text_font_size_tablet=&#8221;17px&#8221; text_font_size_phone=&#8221;17px&#8221; text_font_size_last_edited=&#8221;on|phone&#8221; text_line_height_tablet=&#8221;1.6em&#8221; text_line_height_phone=&#8221;1.4em&#8221; text_line_height_last_edited=&#8221;on|desktop&#8221; border_style_all=&#8221;inset&#8221; global_colors_info=&#8221;{%22gcid-2ebbc52c-9ee6-4712-a077-fcaec9b98540%22:%91%22quote_border_color%22,%22quote_border_color%22%93,%22gcid-heading-color%22:%91%22text_text_color%22%93}&#8221;]<\/p>\n<blockquote>\n<p>M\u00falt szombat \u00e1pr. 4&#8230;\u00e1tlagos nap,semmi extra<br \/>M\u00e9gis mennyi \u00e9rz\u00e9s,mennyi t\u00f6rt\u00e9net<br \/>D\u00e9lel\u0151tt kezd\u0151d\u00f6tt,\u00fcltem a konyh\u00e1ban \u00e9s<\/p>\n<p>n\u00e9ztem ahogy f\u0151z a feles\u00e9gem<br \/>Szeretem n\u00e9zni&#8230;olyan cuki ahogy tesz-vesz<br \/>El\u00e9rz\u00e9keny\u00fcltem &#8230;.csod\u00e1s dolog a f\u00e9rj\u00e9nek lenni<br \/>Szeretlek M\u00f3nika, mondtam<br \/>Odaj\u00f6tt hozz\u00e1m \u00e1t\u00f6lelt&#8230;kicsit s\u00edrtunk,de<\/p>\n<p>ezek az \u00f6r\u00f6m,a h\u00e1la,boldogs\u00e1g k\u00f6nnyei voltak<br \/>Azt\u00e1n vacsorakor r\u00f6h\u00f6g\u0151 g\u00f6rcs\u00f6t kaptunk,<\/p>\n<p>mert bors\u00f3 f\u0151zel\u00e9knek n\u00e9ztem a mazsol\u00e1s<br \/>van\u00edlia sod\u00f3t amit a m\u00e1kos gub\u00e1ra kellett rakni&#8230;<\/p>\n<p>eleinte nem \u00e9rtettem hogy hogy j\u00f6n \u00f6ssze a<br \/>kett\u0151-gondoltam szintet l\u00e9pt\u00fcnk \u00e9s<\/p>\n<p>bocouse &#8216;d\u00f3r jelleggel b\u00edr a vacsor\u00e1nk&#8230;.de nem&#8230;<br \/>Egyszer\u0171en csak egy h\u00fclye vagyok&#8230;<br \/>\u00c9szre veszem azt amit eddig nem<br \/>\u00c9szre veszem az apr\u00f3 kis csod\u00e1kat<br \/>De ez nem mindig ilyen egyszer\u0171<br \/>Mostan\u00e1ban semmi sem j\u00f3<br \/>Semmi sem el\u00e9g j\u00f3<br \/>El\u00e9gedetlen vagyok<br \/>Unott, k\u00f6z\u00f6ny\u00f6s vagyok<br \/>\u00c9s ez vesz\u00e9lyes&#8230;<br \/>H\u00e1l\u00e1snak k\u00e9ne lenn\u00e9m<br \/>Az elm\u00falt 6 \u00e9v\u00e9rt mindenk\u00e9pp<br \/>neh\u00e9zs\u00e9geivel,kih\u00edv\u00e1saival,megpr\u00f3b\u00e1ltat\u00e1saival egy\u00fctt<br \/>Ezekt\u0151l fejl\u0151d\u00f6m<br \/>Ezekt\u0151l vagyok ma az aki vagyok<br \/>\u00c1pr. 8<br \/>Fontos \u00e9s k\u00fcl\u00f6nleges d\u00e1tum&#8230;<br \/>Ma van 6 \u00e9ve h v\u00e9get \u00e9rt vmi<br \/>Ma van 6 \u00e9ve h elkezd\u0151d\u00f6tt vmi<br \/>H\u00e1la \u00e9s k\u00f6sz\u00f6net<\/p>\n<\/blockquote>\n<p>[\/et_pb_text][\/et_pb_column][et_pb_column type=&#8221;1_2&#8243; _builder_version=&#8221;4.27.4&#8243; _module_preset=&#8221;default&#8221; global_colors_info=&#8221;{}&#8221;][et_pb_heading title=&#8221;50&#8243; _builder_version=&#8221;4.27.4&#8243; _module_preset=&#8221;default&#8221; title_level=&#8221;h2&#8243; title_text_align=&#8221;left&#8221; title_font_size=&#8221;34px&#8221; width=&#8221;100%&#8221; width_tablet=&#8221;100%&#8221; width_phone=&#8221;100%&#8221; width_last_edited=&#8221;on|phone&#8221; custom_padding=&#8221;15px|||||&#8221; animation_style=&#8221;fade&#8221; title_line_height_tablet=&#8221;&#8221; title_line_height_phone=&#8221;1.1em&#8221; title_line_height_last_edited=&#8221;on|phone&#8221; locked=&#8221;off&#8221; global_colors_info=&#8221;{}&#8221;][\/et_pb_heading][et_pb_text quote_border_color=&#8221;gcid-2ebbc52c-9ee6-4712-a077-fcaec9b98540&#8243; _builder_version=&#8221;4.27.4&#8243; _module_preset=&#8221;default&#8221; text_font=&#8221;&#8211;et_global_heading_font||||||||&#8221; text_text_color=&#8221;gcid-heading-color&#8221; text_font_size=&#8221;17px&#8221; text_line_height=&#8221;1.6em&#8221; header_text_align=&#8221;left&#8221; custom_margin=&#8221;||-2px|||&#8221; animation_style=&#8221;fade&#8221; animation_duration=&#8221;2000ms&#8221; text_font_size_tablet=&#8221;17px&#8221; text_font_size_phone=&#8221;17px&#8221; text_font_size_last_edited=&#8221;on|phone&#8221; text_line_height_tablet=&#8221;1.6em&#8221; text_line_height_phone=&#8221;1.4em&#8221; text_line_height_last_edited=&#8221;on|desktop&#8221; border_style_all=&#8221;inset&#8221; locked=&#8221;off&#8221; global_colors_info=&#8221;{%22gcid-2ebbc52c-9ee6-4712-a077-fcaec9b98540%22:%91%22quote_border_color%22,%22quote_border_color%22%93,%22gcid-heading-color%22:%91%22text_text_color%22%93}&#8221;]<\/p>\n<blockquote>\n<p>Tudom,ne is mondj\u00e1tok&#8230;..<\/p>\n<p>50 f\u00f6l\u00f6tt minden nap aj\u00e1nd\u00e9k<\/p>\n<p>Megettem m\u00e1r a kenyerem jav\u00e1t<\/p>\n<p>T\u00f6bb van m\u00f6g\u00f6ttem,mint el\u0151ttem<\/p>\n<p>Most m\u00e1r egy fingban sem b\u00edzhatok meg<\/p>\n<p>Nekem m\u00e1r a B oldal forog&#8230;.<\/p>\n<p>Ez az 1 nem igaz<\/p>\n<p>Nekem most megy az A oldal!!!!!!!<\/p>\n<p>Bizony,\u00e9n k\u00fcl\u00f6nleges vagyok,n\u00e1lam ford\u00edtva vannak a dolgok<\/p>\n<p>\u00c9s lehet h nincsenek rajta mega sl\u00e1gerek amiket t\u00f6bb milli\u00f3 ember n\u00e9z meg ,t\u00f6lt le hallgat<\/p>\n<p>meg,nem is ez a l\u00e9nyeg.Hanem az h ez m\u00e1r az \u00c9N zen\u00e9m!!!!!!!<\/p>\n<p>Meghogy megtudtam ford\u00edtani a lemezt&#8230;.<\/p>\n<p>De \u00e9n szerencs\u00e9s vagyok h egy\u00e1ltal\u00e1n forog m\u00e9g \u00e9s hallom a zen\u00e9t&#8230;.<\/p>\n<p>Mert sokan akik \u00fagy p\u00f6rgett\u00e9k a lemezt mint \u00e9n,m\u00e1r nem hallanak semmit&#8230;<\/p>\n<p>Azt \u00e9rzem h az \u00e9letem csak nemr\u00e9g kezd\u0151d\u00f6tt el<\/p>\n<p>Mert a DJ el\u00e9g k\u00e9s\u0151n kapott \u00e9szbe ,el\u00e9g k\u00e9s\u0151n \u00e9bredt 2 \u00e9vtizedes \u00e1lm\u00e1b\u00f3l.Az utols\u00f3<\/p>\n<p>sz\u00e1m,utols\u00f3 taktusain\u00e1l meggondolta mag\u00e1t \u00e9s nem hagyta h lej\u00e1rjon &#8230;.<\/p>\n<p>Mert addig mintha egyhelyben forgott volna,mintha megakadt volna \u00e9s ugyanazt ism\u00e9telgette&#8230;<\/p>\n<p>Elindult,valamennyit mindig ment el\u0151re de visszaugrott.Nem az elej\u00e9re&#8230;.neeem,sokkal h\u00e1tr\u00e1bb<\/p>\n<p>Mint a Gazd\u00e1lkodj okosan-ban:<\/p>\n<p>\u00c1tment\u00e9l a piroson:l\u00e9pj vissza 3-at!Szemetelt\u00e9l:l\u00e9pj vissza 2-\u0151t!<\/p>\n<p>\u00c9n meg azt \u00edrtam r\u00e9gebben hogy:<\/p>\n<p>T\u00f6m\u00f6tt a diszk\u00f3 a pultn\u00e1l dj hal\u00e1l<\/p>\n<p>Milli\u00f3 zombi \u0151r\u00fclt t\u00e1ncot j\u00e1r<\/p>\n<p>V\u00e9r \u00e9s h\u00e1ny\u00e1s k\u00f6rbe a falakon<\/p>\n<p>Nincs z\u00e1r\u00f3ra, a f\u00e1jdalom a jutalom<\/p>\n<p>Jack Kerouac-aki holnaput\u00e1n lenne 99 \u00e9ves-azt mondta:\u00faton lenni boldogs\u00e1g,meg\u00e9rkezni a hal\u00e1l.<\/p>\n<p>H\u00e1t \u00e9n nem \u00edgy vagyok vele&#8230;.<\/p>\n<p>Utazni szeretek!<\/p>\n<p>\u00daj helyeket felfedezni;elhagyott,r\u00e9gi \u00e9p\u00fcletek falai k\u00f6zt kutatni a m\u00faltat;\u00fcres kast\u00e9lyokat<\/p>\n<p>f\u00e9nyk\u00e9pezni, \u00edrt\u00f3 izgalmas!!!!<\/p>\n<p>De az utaz\u00e1s m\u00e1r egy ideje nagyon f\u00e1raszt\u00f3&#8230;.<\/p>\n<p>\u0150r\u00fclet,tehetetlens\u00e9g,mag\u00e1ny-ezt jelenti \u00faton lenni<\/p>\n<p>De meg\u00e9rkezni,haza \u00e9rkezni:a nyugalom,b\u00e9ke \u00e9s szeretet<\/p>\n<p>\u00c9s ha t\u00e9nyleg zen\u00e9vel k\u00e9ne jellemezni az \u00e9letemet,az eleje minimal techno lenne vagy 3<\/p>\n<p>akkordos punk zene.Mert nem sok minden \u00e9rdekelt.De lehetne Drum&amp;Bass is,a maga v\u00e9gtelen<\/p>\n<p>monotonit\u00e1s\u00e1val,t\u00f6rt \u00fctemeivel,ugyanazon ritmus k\u00e9pleteivel.<\/p>\n<p>Azt\u00e1n -amikor fel\u00e9bresztettek a m\u00e9lyaltat\u00e1sb\u00f3l \u00e9s kiny\u00edlt a szemem-elkezdtem \u00e9rdekelni<\/p>\n<p>magamat,meg elkezdtek \u00e9rdekelni m\u00e1sok,meg \u00e9szrevettem h vannak dolgok amiket sz\u00edves\u00e9n<\/p>\n<p>csin\u00e1lok \u00e9s izgalmasak meg \u00f6r\u00f6met adnak.<\/p>\n<p>Sz\u00f3val egy ideje m\u00e1r lehetne progressz\u00edv rock vagy mathcore vagy dallamos hardcore vagy<\/p>\n<p>grindcore az \u00e9letem zen\u00e9je&#8230;.V\u00e9g\u00fcl is mindegy mi sz\u00f3l,mert m\u00e1r nem unalmas,nem sz\u00fcrke,nem<\/p>\n<p>monoton \u00e9s n\u00e9ha nem egyszer\u0171&#8230;.<\/p>\n<p>De ez is rendben van&#8230;most m\u00e1r<\/p>\n<p>Sz\u00f3val itt van ez az 50 \u00e9v<\/p>\n<p>Nem tudom mennyit \u00e9r?<\/p>\n<p>A tetteim majd meg\u00edt\u00e9lnek<\/p>\n<p>Ellen tudok-e \u00e1llni a k\u00eds\u00e9rt\u00e9snek?<\/p>\n<p>Vagy elragadnak az \u00e9rz\u00e9sek<\/p>\n<p>Amikor \u0151r\u00fclett\u00e9 v\u00e1lik a csend\u00e9let<\/p>\n<p>Sz\u00f3val itt van ez az 50 \u00e9v<\/p>\n<p>N\u00e8lk\u00fcletek nem sokat \u00e9r&#8230;.<\/p>\n<p>N\u00e9lk\u00fcled semmit sem \u00e9r&#8230;<\/p>\n<\/blockquote>\n<p>[\/et_pb_text][\/et_pb_column][\/et_pb_row][\/et_pb_section][et_pb_section fb_built=&#8221;1&#8243; _builder_version=&#8221;4.27.4&#8243; _module_preset=&#8221;default&#8221; custom_padding=&#8221;||0px|||&#8221; locked=&#8221;off&#8221; global_colors_info=&#8221;{}&#8221;][et_pb_row column_structure=&#8221;1_2,1_2&#8243; _builder_version=&#8221;4.27.4&#8243; _module_preset=&#8221;default&#8221; min_height=&#8221;89px&#8221; custom_margin=&#8221;-41px|auto||auto||&#8221; custom_padding=&#8221;||0px|||&#8221; global_colors_info=&#8221;{}&#8221;][et_pb_column type=&#8221;1_2&#8243; _builder_version=&#8221;4.27.4&#8243; _module_preset=&#8221;default&#8221; global_colors_info=&#8221;{}&#8221;][et_pb_heading title=&#8221;A csend&#8221; _builder_version=&#8221;4.27.4&#8243; _module_preset=&#8221;default&#8221; title_level=&#8221;h2&#8243; title_text_align=&#8221;left&#8221; title_font_size=&#8221;34px&#8221; width=&#8221;100%&#8221; width_tablet=&#8221;100%&#8221; width_phone=&#8221;100%&#8221; width_last_edited=&#8221;on|phone&#8221; custom_padding=&#8221;15px|||||&#8221; animation_style=&#8221;fade&#8221; title_line_height_tablet=&#8221;&#8221; title_line_height_phone=&#8221;1.1em&#8221; title_line_height_last_edited=&#8221;on|phone&#8221; global_colors_info=&#8221;{}&#8221;][\/et_pb_heading][et_pb_text quote_border_color=&#8221;gcid-2ebbc52c-9ee6-4712-a077-fcaec9b98540&#8243; _builder_version=&#8221;4.27.4&#8243; _module_preset=&#8221;default&#8221; text_font=&#8221;&#8211;et_global_heading_font||||||||&#8221; text_text_color=&#8221;gcid-heading-color&#8221; text_font_size=&#8221;17px&#8221; text_line_height=&#8221;1.6em&#8221; header_text_align=&#8221;left&#8221; animation_style=&#8221;fade&#8221; animation_duration=&#8221;2000ms&#8221; text_font_size_tablet=&#8221;17px&#8221; text_font_size_phone=&#8221;17px&#8221; text_font_size_last_edited=&#8221;on|phone&#8221; text_line_height_tablet=&#8221;1.6em&#8221; text_line_height_phone=&#8221;1.4em&#8221; text_line_height_last_edited=&#8221;on|desktop&#8221; border_style_all=&#8221;inset&#8221; global_colors_info=&#8221;{%22gcid-2ebbc52c-9ee6-4712-a077-fcaec9b98540%22:%91%22quote_border_color%22,%22quote_border_color%22%93,%22gcid-heading-color%22:%91%22text_text_color%22%93}&#8221;]<\/p>\n<blockquote>\n<p>Ebben a f\u00fcls\u00fcket\u00edt\u0151 csendben<\/p>\n<p>Ellentmond\u00e1sos \u00e9nemnek ki mond ellent?<\/p>\n<p>Amikor kihallatszik bel\u0151lem a k\u00e9tked\u00e9s<\/p>\n<p>Amikor cseppfoly\u00f3ss\u00e1 v\u00e1lik a v\u00e1gy \u00e9s elfolyik mint a magzat v\u00edz<\/p>\n<p>&nbsp;<\/p>\n<p>Romlott m\u00e9zbe ragad az id\u0151<\/p>\n<p>Meg\u00e1ll a pillanat,meg\u00e1ll\u00edt a pillant\u00e1sod<\/p>\n<p>\u00c9s a pszichoszomatikus szerelem<\/p>\n<p>Minden t\u00fcnet\u00e9vel az \u00e1gyhoz szegez<\/p>\n<p>&nbsp;<\/p>\n<p>Ebben a csontig hatol\u00f3 csendben<\/p>\n<p>Csod\u00e1lkozom h \u00fcv\u00f6lt r\u00f3lam a f\u00e1jdalom?<\/p>\n<p>Arcomon alapos agg\u00e1lyok<\/p>\n<p>Kezeimben k\u00e9nyszeredett kil\u00e1t\u00e1staland\u00e1g<\/p>\n<p>&nbsp;<\/p>\n<p>Mez\u00edtl\u00e1b t\u00e1ncolok a f\u0171ben,dacolva a kutyaszarral<\/p>\n<p>Boldogs\u00e1g\u00a0 flash,mint a 2 ismeretlenes egyenlet<\/p>\n<p>megold\u00f3 k\u00e9plete<\/p>\n<p>Beengedem a napf\u00e9nyt fagyott vil\u00e1gomba<\/p>\n<p>De a csillagok \u00e1ll\u00e1sa,\u00e1ll\u00e1skeres\u00e9si j\u00e1rul\u00e9kot hazudik<\/p>\n<p>&nbsp;<\/p>\n<p>Fogaim k\u00f6zt krist\u00e1ly cukor ropog<\/p>\n<p>\u00c9des ez az \u00e9let,csak legyen el\u00e9g p\u00e9nzem<\/p>\n<p>Megveszem a holnapot \u00e9s eladom a jelent<\/p>\n<p>Jelent\u00e9ktelen \u00e9rz\u00e9sek tapadnak a mocskos \u00fcvegre<\/p>\n<p>&nbsp;<\/p>\n<p>Ebben a vel\u0151t r\u00e1z\u00f3 csendben<\/p>\n<p>Bizonytalans\u00e1gok k\u00f6zt imbolygok<\/p>\n<p>Naprak\u00e9sz f\u00e9lelmeim t\u00fckr\u00f6z\u0151dnek \u00e9letem \u00e1ll\u00f3 viz\u00e9ben<\/p>\n<p>J\u00e1rul\u00e9kos vesztes\u00e9g ahogy kifordulok \u00f6nmagamb\u00f3l<\/p>\n<p>&nbsp;<\/p>\n<p>Gabona rajzok az udvaron<\/p>\n<p>S\u00f6t\u00e9t t\u00f6rt\u00e9neteket rejt\u00a0 a kert<\/p>\n<p>Kiszabadulva a fogs\u00e1gb\u00f3l<\/p>\n<p>Maga az \u00c9LET t\u00e1rul fel<\/p>\n<p>&nbsp;<\/p>\n<p>Ebben a sz\u00e1raz,fojtogat\u00f3 csendben<\/p>\n<p>Az instant gy\u0171l\u00f6let gy\u0171l\u00f6let felizzik bennem<\/p>\n<p>Fantomokkal hadakozom \u00e1lmomban<\/p>\n<p>K\u00f6t\u0151t\u0171vel nyakon sz\u00farom az exem<\/p>\n<p>Valaha lesz ebb\u0151l exit?<\/p>\n<p>&nbsp;<\/p>\n<p>Lesz ebb\u0151l valaha kisz\u00e1ll\u00e1s?<\/p>\n<p>Vagy csak futom a k\u00f6r\u00f6ket mint egy megm\u00e9rgezett patk\u00e1ny?<\/p>\n<p>Vagy csak \u00e1llok tehetetlen\u00fcl,ebben a<\/p>\n<p>csendben ami falakat emel k\u00f6z\u00e9nk?<\/p>\n<p>&nbsp;<\/p>\n<p>Zajtalan k\u00f6lt\u00f6zik bel\u00e9m a szorong\u00e1s<\/p>\n<p>Reggelente mikor az indul\u00e1st v\u00e1rom<\/p>\n<p>Ebben a balj\u00f3s,hideg csendben<\/p>\n<p>Ki lesz az\u00a0 aki hozz\u00e1m sz\u00f3l?<\/p>\n<\/blockquote>\n<p>[\/et_pb_text][\/et_pb_column][et_pb_column type=&#8221;1_2&#8243; _builder_version=&#8221;4.27.4&#8243; _module_preset=&#8221;default&#8221; global_colors_info=&#8221;{}&#8221;][et_pb_heading title=&#8221;A csoda els\u0151 2 \u00e9ve&#8221; _builder_version=&#8221;4.27.4&#8243; _module_preset=&#8221;default&#8221; title_level=&#8221;h2&#8243; title_text_align=&#8221;left&#8221; title_font_size=&#8221;34px&#8221; width=&#8221;100%&#8221; width_tablet=&#8221;100%&#8221; width_phone=&#8221;100%&#8221; width_last_edited=&#8221;on|phone&#8221; custom_padding=&#8221;15px|||||&#8221; animation_style=&#8221;fade&#8221; title_line_height_tablet=&#8221;&#8221; title_line_height_phone=&#8221;1.1em&#8221; title_line_height_last_edited=&#8221;on|phone&#8221; locked=&#8221;off&#8221; global_colors_info=&#8221;{}&#8221;][\/et_pb_heading][et_pb_text quote_border_color=&#8221;gcid-2ebbc52c-9ee6-4712-a077-fcaec9b98540&#8243; _builder_version=&#8221;4.27.4&#8243; _module_preset=&#8221;default&#8221; text_font=&#8221;&#8211;et_global_heading_font||||||||&#8221; text_text_color=&#8221;gcid-heading-color&#8221; text_font_size=&#8221;17px&#8221; text_line_height=&#8221;1.6em&#8221; header_text_align=&#8221;left&#8221; custom_margin=&#8221;||-2px|||&#8221; animation_style=&#8221;fade&#8221; animation_duration=&#8221;2000ms&#8221; text_font_size_tablet=&#8221;17px&#8221; text_font_size_phone=&#8221;17px&#8221; text_font_size_last_edited=&#8221;on|phone&#8221; text_line_height_tablet=&#8221;1.6em&#8221; text_line_height_phone=&#8221;1.4em&#8221; text_line_height_last_edited=&#8221;on|desktop&#8221; border_style_all=&#8221;inset&#8221; locked=&#8221;off&#8221; global_colors_info=&#8221;{%22gcid-2ebbc52c-9ee6-4712-a077-fcaec9b98540%22:%91%22quote_border_color%22,%22quote_border_color%22%93,%22gcid-heading-color%22:%91%22text_text_color%22%93}&#8221;]<\/p>\n<blockquote>\n<p><span style=\"font-size: 17px;\">Csoda ez, nem t\u00falz\u00e1s<\/span><\/p>\n<p>Szabad nagy szavakat haszn\u00e1lni<\/p>\n<p>Meg\u00e9rdemelj\u00fck<\/p>\n<p>Mert csoda vagy te is \u00e9n is<\/p>\n<p>MI vagyunk a csoda<\/p>\n<p>Volt egy elcseszett \u00e9leted<\/p>\n<p>Nekem meg egy elbaszott<\/p>\n<p>\u00c9s \u00fajra \u00edrtuk a t\u00f6rt\u00e9nelm\u00fcnket<\/p>\n<p>Megv\u00e1ltoztattuk a sorsunkat<\/p>\n<p>Szembe ment\u00fcnk \u00f6nmagunkkal<\/p>\n<p>\u00c9s most itt vagyunk<\/p>\n<p>Hossz\u00fa az nap amelyik n\u00e9lk\u00fcled m\u00falik el<\/p>\n<p>Hossz\u00fa percek, \u00f3r\u00e1k nem telnek,nem m\u00falnak<\/p>\n<p>M\u00e9g alszom mikor elm\u00e9sz,m\u00e1r alszol mikor megj\u00f6v\u00f6k<\/p>\n<p>N\u00e9zem ahogy a\u00a0 tv f\u00e9nye j\u00e1tszik a testeden<\/p>\n<p>Megsimogatom a h\u00e1tad&#8230;..\u00e9s b\u00e9ke van\u00a0 bennem<\/p>\n<p>Szeretem a r\u00e1ncaidat<\/p>\n<p>Szeretem a mosolyod<\/p>\n<p>Szeretem amikor azt mondod:dr\u00e1ga kis szerelmem<\/p>\n<p>Szeretem amikor gondoskodsz r\u00f3lam<\/p>\n<p>\u00c9s szeretem amikor zs\u00f6rt\u00f6l\u0151dsz h rendetlen vagyok<\/p>\n<p>Mert veled \u00e9lm\u00e9ny minden nap<\/p>\n<p>B\u00e1rmit is csin\u00e1lunk:f\u00e1t v\u00e1gunk,tv-z\u00fcnk vagy f\u0151z\u00fcnk<\/p>\n<p>Mert veled nem f\u00e9lek semmit\u0151l<\/p>\n<p>Csak n\u00e9zem amit csin\u00e1lsz \u00e9s leny\u0171g\u00f6z<\/p>\n<p>J\u00f3 veled v\u00e9g\u00fcl is ennyi,ilyen egyszer\u0171en<\/p>\n<p>Tavaly ny\u00e1ron meg\u00edrtam \u00e9letem legfontosabb sz\u00f6veg\u00e9t amiben megk\u00e9rtem a kezedet<\/p>\n<p>De megtartjuk magunkat mert<\/p>\n<p>Intim s\u0151t m\u00e1r perverz<\/p>\n<p>De ebb\u0151l is l\u00e1tszik h 47felett sincs probl\u00e9m\u00e1m a szexel<\/p>\n<p>N\u00e1lunk m\u0171k\u00f6dik a kapcsolat 7alapszab\u00e1lya&#8230;de a legfontosabb h nem akarjuk megv\u00e1ltoztatni egym\u00e1st<\/p>\n<p>Mi magunk v\u00e1ltozunk \u00e9s ebben ez a csod\u00e1latos<\/p>\n<p>Hogy m\u00e1r nem harcolunk,letett\u00fck a fegyvert<\/p>\n<p>Helyette meg\u00e9rt\u00e9s van,meg elfogad\u00e1s meg t\u00f6r\u0151d\u00e9s meg szeretet \u00e9s nyugalom<\/p>\n<p>Ez egy \u00faj szint<\/p>\n<p>Ezek \u00faj fogalmak<\/p>\n<p>Ez egy ismeretlen ter\u00fclet,veled m\u00e9gis tetm\u00e9szetes<\/p>\n<p>Mint az amikor ny\u00e1ri est\u00e9ken a kertben \u00fcl\u00fcnk,csend van \u00e9s nyugalom<\/p>\n<p>Csak a kerti t\u00f3 csobog\u00e1s\u00e1t halljuk meg a madarak \u00e9nek\u00e9t,a kuty\u00e1k lust\u00e1n fekszenek mellett\u00fcnk&#8230;<\/p>\n<p>Ilyenkor azt \u00e9rzem:meg\u00e9rkeztem<\/p>\n<p>Annyi \u00e9v c\u00e9ltalan rohang\u00e1l\u00e1sa ut\u00e1n otthon vagyok<\/p>\n<p>Veled&#8230;. Otthon vagyok<\/p>\n<p>&nbsp;<\/p>\n<p>Ui.:K\u00f6sz\u00f6n\u00f6m a sok nevet\u00e9st<\/p>\n<p>Veled t\u00e9nyleg csod\u00e1latos az \u00e9let<\/p>\n<p>M\u00e9g mindig szeretlek!<\/p>\n<p>&nbsp;<\/p>\n<\/blockquote>\n<p>[\/et_pb_text][\/et_pb_column][\/et_pb_row][\/et_pb_section][et_pb_section fb_built=&#8221;1&#8243; _builder_version=&#8221;4.27.4&#8243; _module_preset=&#8221;default&#8221; custom_padding=&#8221;||0px|||&#8221; locked=&#8221;off&#8221; global_colors_info=&#8221;{}&#8221;][et_pb_row column_structure=&#8221;1_2,1_2&#8243; _builder_version=&#8221;4.27.4&#8243; _module_preset=&#8221;default&#8221; min_height=&#8221;89px&#8221; custom_margin=&#8221;-41px|auto||auto||&#8221; custom_padding=&#8221;||0px|||&#8221; global_colors_info=&#8221;{}&#8221;][et_pb_column type=&#8221;1_2&#8243; _builder_version=&#8221;4.27.4&#8243; _module_preset=&#8221;default&#8221; global_colors_info=&#8221;{}&#8221;][et_pb_heading title=&#8221;A dolgok nem&#8221; _builder_version=&#8221;4.27.4&#8243; _module_preset=&#8221;default&#8221; title_level=&#8221;h2&#8243; title_text_align=&#8221;left&#8221; title_font_size=&#8221;34px&#8221; width=&#8221;100%&#8221; width_tablet=&#8221;100%&#8221; width_phone=&#8221;100%&#8221; width_last_edited=&#8221;on|phone&#8221; custom_padding=&#8221;15px|||||&#8221; animation_style=&#8221;fade&#8221; title_line_height_tablet=&#8221;&#8221; title_line_height_phone=&#8221;1.1em&#8221; title_line_height_last_edited=&#8221;on|phone&#8221; global_colors_info=&#8221;{}&#8221;][\/et_pb_heading][et_pb_text quote_border_color=&#8221;gcid-2ebbc52c-9ee6-4712-a077-fcaec9b98540&#8243; _builder_version=&#8221;4.27.4&#8243; _module_preset=&#8221;default&#8221; text_font=&#8221;&#8211;et_global_heading_font||||||||&#8221; text_text_color=&#8221;gcid-heading-color&#8221; text_font_size=&#8221;17px&#8221; text_line_height=&#8221;1.6em&#8221; header_text_align=&#8221;left&#8221; animation_style=&#8221;fade&#8221; animation_duration=&#8221;2000ms&#8221; text_font_size_tablet=&#8221;17px&#8221; text_font_size_phone=&#8221;17px&#8221; text_font_size_last_edited=&#8221;on|phone&#8221; text_line_height_tablet=&#8221;1.6em&#8221; text_line_height_phone=&#8221;1.4em&#8221; text_line_height_last_edited=&#8221;on|desktop&#8221; border_style_all=&#8221;inset&#8221; global_colors_info=&#8221;{%22gcid-2ebbc52c-9ee6-4712-a077-fcaec9b98540%22:%91%22quote_border_color%22,%22quote_border_color%22%93,%22gcid-heading-color%22:%91%22text_text_color%22%93}&#8221;]<\/p>\n<blockquote>\n<p>A dolgok nem akkor kezd\u0151dnek el mikor a K\u00f6vi mondja<\/p>\n<p>M\u00e9g csak nem is akkor amikor belesz\u00f3lok a mikrofonba<\/p>\n<p>A dolgok nem ott kezd\u0151dnek a sz\u00ednpadon<\/p>\n<p>Hanem itt -fej \u00e9s itt -sz\u00edv<\/p>\n<p>Sz\u00f3val a dolgok elkezd\u0151dnek..de hol \u00e9rnek v\u00e9get???<\/p>\n<p>F\u00f6ldm\u00e9r\u0151 vagyok..megm\u00e9rhetem<\/p>\n<p>Xy kordin\u00e1t\u00e1kkal meglehet hat\u00e1rozni engem a s\u00edkban<\/p>\n<p>Xy kromosz\u00f3m\u00e1kkal meglehet hat\u00e1rozni a &#8230;.<\/p>\n<p>a mimet is pontosan?<\/p>\n<p>De h elkezd\u0151dj\u00f6n valami annak meg is kell sz\u00fcletnie..<\/p>\n<p>&nbsp;<\/p>\n<p>&nbsp;<\/p>\n<p>1971.03.10<\/p>\n<p>Megsz\u00fcletik kicsi steve<\/p>\n<p>Polg\u00e1ri nev\u00e9n jen\u0151 polg\u00e1r jen\u0151 a polg\u00e1rmester<\/p>\n<p>jen\u0151 hivatal\u00e1ba az \u00farhoz<\/p>\n<p>A polg\u00e1r \u00farhoz a jen\u0151 hivatal\u00e1ba<\/p>\n<p>Haha<\/p>\n<p>Mindenb\u0151l viccet csin\u00e1lok<\/p>\n<p>Nekem semmi szent \u00e9s semmi sem sz\u00e1m\u00edt<\/p>\n<p>mondhatok b\u00e1rmit<\/p>\n<p>Nincs hitelem nem vagyok hiteles<\/p>\n<p>Hiteles vagyok mert hiteltelen vagyok<\/p>\n<p>Van hitem de hihetetlen vagyok<\/p>\n<p>Ezt mondja a csajom<\/p>\n<p>Nem hiszek neki hiszek<\/p>\n<p>Csak neki hiszek<\/p>\n<p>1976<\/p>\n<p>amikor ez a f\u00e9nyk\u00e9p k\u00e9sz\u00fclt<\/p>\n<p>5\u00e9ves vagyok nagycsoportos ovod\u00e1s<\/p>\n<p>Sz\u00fcleim beiratnak \u00faszni<\/p>\n<p>11\u00e9vig versenyzem az id\u0151vel\u00a0 magammal m\u00e1sokkal<\/p>\n<p>\u00c1ltal\u00e1ban nem \u00e8n nyerek<\/p>\n<p>Legy\u0151znek lehagynak megsz\u00e9gyen\u00edtenek&#8230;<\/p>\n<p>Ez a verseny az\u00f3ta is tart de nem sorolom&#8230;sorolom<\/p>\n<p>Sorh\u00e1z sorfal sorsz\u00e1m sorozat<\/p>\n<p>Egy sor feh\u00e9r por<\/p>\n<p>Sort\u0171z\u00a0 t\u0171zhal\u00e1l hal\u00e1l hal\u00e1lsor sorminta<\/p>\n<p>sort\u0171zhal\u00e1lsorminta mintha minden minta sorba lenne..<\/p>\n<p>Mintha mindenki egy sorban lenne..<\/p>\n<p>Minden sz\u00e9pen sorba van rakva<\/p>\n<p>Minden sz\u00e9pen meg van sorsz\u00e1mozva<\/p>\n<p>Mindenki sz\u00e9pen sorba van \u00e1llitva<\/p>\n<p>Mindenki sz\u00e9pen meg van sorsz\u00e1mozva<\/p>\n<p>A sorh\u00e1z fal\u00e1n fesz\u00fcl\u0151 mag\u00e1ny<\/p>\n<p>A sorh\u00e1z oldal\u00e1ra rajzolt sorminta<\/p>\n<p>A sorh\u00e1z panelj\u00e1ra \u00edrt rasszista sorok<\/p>\n<p>A sorh\u00e1z t\u00f6v\u00e9ben sorsukkal j\u00e1tsz\u00f3 gyerekek<\/p>\n<p>A sorh\u00e1z \u00e1rny\u00e9k\u00e1ban rejt\u0151z\u0151 d\u00edlerek<\/p>\n<p>A sorh\u00e1zak k\u00f6z\u00f6tt sorfalat \u00e1ll\u00f3 r\u00e9szegek<\/p>\n<p>A sorh\u00e1z melletti padon \u00fccs\u0151rg\u0151 sorvadt nyugd\u00edjasok<\/p>\n<p>A sorh\u00e1z alj\u00e1ban lev\u0151 kisboltban sorban \u00e1ll\u00f3 munk\u00e1sok<\/p>\n<p>A sorh\u00e1z 8.emelet\u00e9r\u0151l kiugr\u00f3 sorstalan szerelmes<\/p>\n<p>A sorh\u00e1z8.emelet\u00e9n sorozatot n\u00e9z\u0151 f\u00e9rfi<\/p>\n<p>Sorozat gy\u00e1rtott panelek<\/p>\n<p>Sorozat gy\u00e1rtott \u00e9letek<\/p>\n<p>Sorozat gy\u00e1rtott sorozat gyilkosok<\/p>\n<p>Egy sorh\u00e1z 8.emelet\u00e9n h\u00e1ny % es\u00e9ly van a csod\u00e1ra???<\/p>\n<p>50&#8230;vagy megt\u00f6rt\u00e9nik vagy nem..<\/p>\n<p>Szerencs\u00e9s vagyok..velem t\u00f6rt\u00e9nnek csod\u00e1k..<\/p>\n<p>\u00c9n vagyok a kiv\u00e1lasztott?<\/p>\n<p>\u00c9n vagyok az egy?<\/p>\n<p>Vagy lehetek \u00e9n az egyetlen?<\/p>\n<p>There can be only one<\/p>\n<p>Csak egy maradhat..hozd azt kurva kardot<\/p>\n<p>azt\u00e1n v\u00e1gd le a fejem..<\/p>\n<p>Enn\u00e9l nagyobb fejetlens\u00e9g \u00fagysem lehet m\u00e1r itt<\/p>\n<p>A sors sormint\u00e1ja szerint a sorsford\u00edt\u00f3<\/p>\n<p>sorsjegyet nem \u00e9n h\u00fazom ki&#8230;<\/p>\n<p>Vagy m\u00e1r r\u00e9g kih\u00faztam csak \u00e9szre sem veszem?<\/p>\n<p>Itt a 8.on&#8230;<\/p>\n<p>\u00c9szreveszem<\/p>\n<p>&nbsp;<\/p>\n<p>2015.06.23<\/p>\n<p>Bek\u00f6lt\u00f6z\u00f6m p\u00e9csre nem messze a fot\u00f3 helysz\u00edn\u00e9re<\/p>\n<p>&nbsp;<\/p>\n<p>2017.02.15<\/p>\n<p>Itt \u00e1llok a sz\u00ednpadon<\/p>\n<p>kis l\u00e8p\u00e9s a t\u00e9rben<\/p>\n<p>nekem \u00f3ri\u00e1si ahogy \u00e1tl\u00e9pem saj\u00e1t hat\u00e1raimat<\/p>\n<p>\u00c9s ha megk\u00e9rdezitek h hol h\u00fazodnak a hat\u00e1raim<\/p>\n<p>\u00c9n mosolyogva v\u00e1laszolom<\/p>\n<p>A kereteken t\u00fal&#8230;.<\/p>\n<p>Mert a dolgok itt -fej meg itt-sz\u00edv kezd\u0151dnek el&#8230;<\/p>\n<\/blockquote>\n<p>[\/et_pb_text][\/et_pb_column][et_pb_column type=&#8221;1_2&#8243; _builder_version=&#8221;4.27.4&#8243; _module_preset=&#8221;default&#8221; global_colors_info=&#8221;{}&#8221;][et_pb_heading title=&#8221;A p\u00e1nik kora&#8221; _builder_version=&#8221;4.27.4&#8243; _module_preset=&#8221;default&#8221; title_level=&#8221;h2&#8243; title_text_align=&#8221;left&#8221; title_font_size=&#8221;34px&#8221; width=&#8221;100%&#8221; width_tablet=&#8221;100%&#8221; width_phone=&#8221;100%&#8221; width_last_edited=&#8221;on|phone&#8221; custom_padding=&#8221;15px|||||&#8221; animation_style=&#8221;fade&#8221; title_line_height_tablet=&#8221;&#8221; title_line_height_phone=&#8221;1.1em&#8221; title_line_height_last_edited=&#8221;on|phone&#8221; locked=&#8221;off&#8221; global_colors_info=&#8221;{}&#8221;][\/et_pb_heading][et_pb_text quote_border_color=&#8221;gcid-2ebbc52c-9ee6-4712-a077-fcaec9b98540&#8243; _builder_version=&#8221;4.27.4&#8243; _module_preset=&#8221;default&#8221; text_font=&#8221;&#8211;et_global_heading_font||||||||&#8221; text_text_color=&#8221;gcid-heading-color&#8221; text_font_size=&#8221;17px&#8221; text_line_height=&#8221;1.6em&#8221; header_text_align=&#8221;left&#8221; custom_margin=&#8221;||-2px|||&#8221; animation_style=&#8221;fade&#8221; animation_duration=&#8221;2000ms&#8221; text_font_size_tablet=&#8221;17px&#8221; text_font_size_phone=&#8221;17px&#8221; text_font_size_last_edited=&#8221;on|phone&#8221; text_line_height_tablet=&#8221;1.6em&#8221; text_line_height_phone=&#8221;1.4em&#8221; text_line_height_last_edited=&#8221;on|desktop&#8221; border_style_all=&#8221;inset&#8221; locked=&#8221;off&#8221; global_colors_info=&#8221;{%22gcid-2ebbc52c-9ee6-4712-a077-fcaec9b98540%22:%91%22quote_border_color%22,%22quote_border_color%22%93,%22gcid-heading-color%22:%91%22text_text_color%22%93}&#8221;]<\/p>\n<blockquote>\n<p>Az \u00e9n nevem Steve<\/p>\n<p>Mindenki \u00edgy h\u00edv<\/p>\n<p>A fejem f\u00f6l\u00f6tt a vil\u00e1g v\u00edv<\/p>\n<p>Az er\u0151k a men\u0151k a nyer\u0151k a h\u00edv\u0151k<\/p>\n<p>P\u00e9nz,hatalom,fegyverek<\/p>\n<p>\u00a0szolgas\u00e1gba ez vezet<\/p>\n<p>De nem l\u00e1tom mert m\u00e1shova n\u00e9zek<\/p>\n<p>Vak\u00edtanak a f\u00e9nyek,l\u00e9nyek<\/p>\n<p>De a l\u00e9nyeg<\/p>\n<p>valamikor m\u00e0r voltam ott<\/p>\n<p>Nem ez az \u00e9n feladatom<\/p>\n<p>Mert ha a j\u00f6v\u0151be n\u00e9zek csak a<\/p>\n<p>m\u00faltat l\u00e1tom,v\u00e1gom,hogy<\/p>\n<p>Elfogadni a f\u00e1jdalmat<\/p>\n<p>B\u00facs\u00fat inteni a tegnapnak<\/p>\n<p>\u00a0seb marad az agyamban<\/p>\n<p>Nincs feh\u00e9r z\u00e1szl\u00f3 az ablakban<\/p>\n<p>Az anyai mellt\u0151l az \u00fcvegen \u00e0t<\/p>\n<p>Mindig kell valami ragaszkod\u00e1s<\/p>\n<p>Nem el\u00e9g\u00edt ki az ami van<\/p>\n<p>Kincs ami nincs ami halhatatlan<\/p>\n<p>Messze a val\u00f3s\u00e1gt\u00f3l<\/p>\n<p>Az \u0151r\u00fclet hat\u00e1r\u00e1n t\u00e1ncol<\/p>\n<p>Mag\u00e1hoz l\u00e1ncol mint egy \u00f6r\u00f6kl\u00e9t<\/p>\n<p>De nem tudom mikor \u00f6r\u00f6kl\u00f6m a l\u00e9t<\/p>\n<p>Mert megszakadt a v\u00e9rvonal<\/p>\n<p>Ez semmi j\u00f3ra nem utal<\/p>\n<p>V\u00e9rv\u00f6r\u00f6s szemmel vissza n\u00e9zek<\/p>\n<p>Lehet hogy magamhoz t\u00e9rek<\/p>\n<p>de f\u00e9lek a t\u00e8nyek megint maguk\u00e9rt besz\u00e9lnek:<\/p>\n<p>h\u00f6lgyeim \u00e9s uraim \u00e9s egy eg\u00e9sz elbaszott nemzet<\/p>\n<p>Ami csak gy\u0171l\u00f6letet nemzett<\/p>\n<p>Aut\u00f3matikusan elfordulok mert<\/p>\n<p>felfordul a gyomrom ha r\u00e1 gondolok:,<\/p>\n<p>nyomor-negyed -kil\u00f3- <span style=\"font-size: 17px;\">hal\u00e1l?<\/span><\/p>\n<p>Bazdmeg a demokr\u00e1ci\u00e1d!<\/p>\n<p>\u00dagy \u00e9rzem hogy v\u00e9gem<\/p>\n<p>A p\u00e0nik kor\u00e1t \u00e9lem!<\/p>\n<p>B\u00e9k\u00e9ben sz\u00fclettem<\/p>\n<p>De k\u00e0osz van k\u00f6r\u00fcl\u00f6ttem<\/p>\n<p>N\u00e9ha \u00fagy \u00e9rzem hogy v\u00e9gem<\/p>\n<p>A p\u00e1nik kor\u00e1t \u00e9lem!<\/p>\n<p>&nbsp;<\/p>\n<p>Van egy mesteri tervem<\/p>\n<p>de gyorsnak \u00e9s \u00fcgyesnek kell lennem<\/p>\n<p>mert sok ember az utamban \u00e1ll \u00e9s ett\u0151l<\/p>\n<p>forog egyhelyben a vil\u00e1g<\/p>\n<p>Mint a skarl\u00e1t bet\u0171 \u00fagy bel\u00e9m \u00e9gett<\/p>\n<p>A horror meg az er\u0151szak k\u00e9pe<\/p>\n<p>Az \u00e9g\u0151 h\u00fas szag\u00e1t tal\u00e1n te is \u00e9rzed<\/p>\n<p>Senki sem tudja mikor lesz v\u00e9ge<\/p>\n<p>A val\u00f3s\u00e1g vagyok amit\u0151l nem menek\u00fclsz<\/p>\n<p>A j\u00f6v\u0151 vizi\u00f3ja ami sokba ker\u00fcl<\/p>\n<p>Eg\u00e9sz \u00e9letemre most f\u00e9nyder\u00fcl<\/p>\n<p>Leszek-e b\u00e1tor aki ellenszeg\u00fcl<\/p>\n<p>Milli\u00f3s v\u00e1rosban \u00e1rny\u00e9k a falakon<\/p>\n<p>Koldusok veszekednek egy apr\u00f3 falaton<\/p>\n<p>A hal\u00e1l z\u00f3n\u00e1ban harcol\u00f3 alakok<\/p>\n<p>A korm\u00e1ny adja r\u00e1 az alapot<\/p>\n<p>Elker\u00edtve sz\u00f6ges dr\u00f3ttal<\/p>\n<p>Megfigyelve tucat dr\u00f3nnal<\/p>\n<p>A j\u00f6v\u0151m egy program<\/p>\n<p>De Neo elcser\u00e9lte egy boltban<\/p>\n<p>Ink\u00e1bb az utca<\/p>\n<p>Mert kellett neki cuccra<\/p>\n<p>Az\u00f3ta piros tablett\u00e1kon \u00e9l<\/p>\n<p>\u00c9s j\u00e1tssza a j\u00f6v\u0151 zen\u00e9j\u00e9t<\/p>\n<p>Nem b\u00edzhatok semmiben<\/p>\n<p>Legal\u00e1bb nem tartozom senkinek<\/p>\n<p>\u00c9s a bilincs ha kattan<\/p>\n<p>Az utols\u00f3 h\u00far elpattan<\/p>\n<p>Mindent elhagytam<\/p>\n<p>A m\u00faltba belefagytam<\/p>\n<p>\u00c9s majdnem belehaltam!!!!<\/p>\n<p>&nbsp;<\/p>\n<p>\u00dagy \u00e9rzem hogy v\u00e9gem<\/p>\n<p>A p\u00e1nik kor\u00e1t \u00e9lem!<\/p>\n<p>B\u00e9k\u00e9ben sz\u00fclettem<\/p>\n<p>De k\u00e1osz van k\u00f6r\u00fcl\u00f6ttem<\/p>\n<p>N\u00e9ha \u00fagy \u00e9rzem hogy v\u00e9gem<\/p>\n<p>A p\u00e0nik kor\u00e0t \u00e9lem!<\/p>\n<\/blockquote>\n<p>[\/et_pb_text][\/et_pb_column][\/et_pb_row][\/et_pb_section][et_pb_section fb_built=&#8221;1&#8243; _builder_version=&#8221;4.27.4&#8243; _module_preset=&#8221;default&#8221; custom_padding=&#8221;||0px|||&#8221; locked=&#8221;off&#8221; global_colors_info=&#8221;{}&#8221;][et_pb_row column_structure=&#8221;1_2,1_2&#8243; _builder_version=&#8221;4.27.4&#8243; _module_preset=&#8221;default&#8221; min_height=&#8221;89px&#8221; custom_margin=&#8221;-41px|auto||auto||&#8221; custom_padding=&#8221;||0px|||&#8221; global_colors_info=&#8221;{}&#8221;][et_pb_column type=&#8221;1_2&#8243; _builder_version=&#8221;4.27.4&#8243; _module_preset=&#8221;default&#8221; global_colors_info=&#8221;{}&#8221;][et_pb_heading title=&#8221;\u00c1lom&#8221; _builder_version=&#8221;4.27.4&#8243; _module_preset=&#8221;default&#8221; title_level=&#8221;h2&#8243; title_text_align=&#8221;left&#8221; title_font_size=&#8221;34px&#8221; width=&#8221;100%&#8221; width_tablet=&#8221;100%&#8221; width_phone=&#8221;100%&#8221; width_last_edited=&#8221;on|phone&#8221; custom_padding=&#8221;15px|||||&#8221; animation_style=&#8221;fade&#8221; title_line_height_tablet=&#8221;&#8221; title_line_height_phone=&#8221;1.1em&#8221; title_line_height_last_edited=&#8221;on|phone&#8221; global_colors_info=&#8221;{}&#8221;][\/et_pb_heading][et_pb_text quote_border_color=&#8221;gcid-2ebbc52c-9ee6-4712-a077-fcaec9b98540&#8243; _builder_version=&#8221;4.27.4&#8243; _module_preset=&#8221;default&#8221; text_font=&#8221;&#8211;et_global_heading_font||||||||&#8221; text_text_color=&#8221;gcid-heading-color&#8221; text_font_size=&#8221;17px&#8221; text_line_height=&#8221;1.6em&#8221; header_text_align=&#8221;left&#8221; animation_style=&#8221;fade&#8221; animation_duration=&#8221;2000ms&#8221; text_font_size_tablet=&#8221;17px&#8221; text_font_size_phone=&#8221;17px&#8221; text_font_size_last_edited=&#8221;on|phone&#8221; text_line_height_tablet=&#8221;1.6em&#8221; text_line_height_phone=&#8221;1.4em&#8221; text_line_height_last_edited=&#8221;on|desktop&#8221; border_style_all=&#8221;inset&#8221; global_colors_info=&#8221;{%22gcid-2ebbc52c-9ee6-4712-a077-fcaec9b98540%22:%91%22quote_border_color%22,%22quote_border_color%22%93,%22gcid-heading-color%22:%91%22text_text_color%22%93}&#8221;]<\/p>\n<blockquote>\n<p><span style=\"font-size: 17px;\"><\/span><\/p>\n<p><span style=\"font-size: 17px;\"><\/span><\/p>\n<p><span style=\"font-size: 17px;\"><\/span><\/p>\n<p><span style=\"font-size: 17px;\">\u00a0Nem voltak v\u00e1gyaim, \u00e1lmaim, terveim, c\u00e9ljaim<\/span><\/p>\n<p>Lebegtem \u00a0a semmiben<br \/>-a semmi itt lebeg bennem-<br \/>Kit\u00f6lt\u00f6tt az \u00fcress\u00e9g<br \/>\u00c9n meg bet\u00f6lt\u00f6ttem az \u00fcress\u00e9get<br \/>\u00e9rtelmetlen gondolatok rohantak \u00e1t rajtam<br \/>-\u00e1trohantok \u00e9rtelmetlen gondolatokon-<br \/>Elvesztem a vil\u00e1gban<br \/>a vil\u00e1g elveszett bennem<br \/>az id\u0151 meg\u00e1llt bennem 1 percre<br \/>-\u00e9n meg\u00e1lltam az id\u0151ben 1 percre<br \/>Behunytam a szemem &#8230;\u00e9s elaludtam&#8230;.<\/p>\n<p>\u00c9s azt \u00e1lmodtam h \u00e9bren voltam<\/p>\n<p>\u00c9bren voltam de aludtam<br \/>Ilyen m\u00e9ly altat\u00e1s szer\u0171 lebeg\u00e9s<br \/>\u00c9ber k\u00f3ma<br \/>Amikor tudok a k\u00fclvil\u00e1gr\u00f3l de nem reag\u00e1lok r\u00e1<br \/>Hallom,l\u00e1tom de nem fogom fel<\/p>\n<p>A dolgok csak \u00fagy megt\u00f6rt\u00e9ntek velem&#8230;v\u00e9letlenszer\u0171en<\/p>\n<p>Statiszta voltam saj\u00e1t \u00e9letemben,egy y kateg\u00f3ri\u00e1s mell\u00e9kszerepl\u0151<\/p>\n<p>Akartam ir\u00e1ny\u00edtani a dolgokat.de min\u00e9l jobban akartam ann\u00e1l nagyobb k\u00e1osz lett bel\u0151le<\/p>\n<p>Mert olyan \u00e9letem volt amit mindig is megvetettem,len\u00e9ztem,undorodtam t\u0151le<\/p>\n<p>Mert milyen \u00e9let az amiben ha reggel nem iszom meg a felest meg a k\u00e9t kisfr\u00f6ccs\u00f6t olyan rosszul vagyok h nem b\u00edrok kisz\u00e1llni az aut\u00f3b\u00f3l<\/p>\n<p>Milyen \u00e9let az ahol Slayer koncert ut\u00e1n egy kurv\u00e1val akarom megcsalni a bar\u00e1tn\u0151met de nem \u00e1ll fel olyan r\u00e9szeg vagyok<\/p>\n<p>Milyen \u00e9let az amikor m\u00e1sok mondj\u00e1k meg h mit csin\u00e1ljak ,d\u00f6ntenek helyettem ,\u00e9n meg azzal az idi\u00f3ta,zavart mosollyal beleegyezek..mindenbe<\/p>\n<p>Milyen \u00e9let az amiben a lak\u00f3t\u00e1rsam<br \/>egy vita k\u00f6zben a kezembe v\u00e1gja az oll\u00f3t h kussoljak m\u00e1r..azt\u00e1n t\u00e9rden \u00e1llva k\u00f6ny\u00f6r\u00f6g h ne h\u00eevjam a rend\u0151rs\u00e9get<\/p>\n<p>Milyen \u00e9let az amelyikben a l\u00e1tom\u00e1sok,v\u00edzi\u00f3k,hallucin\u00e1ci\u00f3k<br \/>A delirium tremens \u00e9s az \u0151r\u00fclet hat\u00e1r\u00e1n egyens\u00falyoznak<\/p>\n<p>Milyen \u00e9let az olyan amiben ha magamba n\u00e9zek csak mag\u00e1nyt,hal\u00e1lt \u00e9s pusztulast l\u00e1tok<\/p>\n<p>\u00c9let ez????<br \/>Ez olyan \u00e9let amilyet a moziban l\u00e1tsz&#8230;rekviem egy \u00e1lom\u00e9rt<br \/>\u00c1lltam azon a m\u00f3lon \u00e9n is&#8230;.<br \/>\u00c1lmodtam egy jobb \u00e9letr\u0151l \u00e9s mindig amikor m\u00e1r csak egy karny\u00fajt\u00e1snyira volt&#8230;akkor zuhantam a legm\u00e9lyebbre<\/p>\n<p>Lehet h bek\u00e9ne kapnom p\u00e1rat azokb\u00f3l a<\/p>\n<p>pirul\u00e1kb\u00f3l h ne legyek ilyen dagadt&#8230;.<\/p>\n<p>De ink\u00e1bb maradok 120kg minthogy vissza menjek abba ,amibe voltam&#8230;<\/p>\n<p>Azt\u00e1n 2014\u00e1pr.8\u00e1n<br \/>Idegen emberek kezdtek \u00e9bresztgetni..t\u00f6bb-kevesebb sikerrel<br \/>Ez a folyamat m\u00e9g mindig tart..<br \/>De m\u00e1r a saj\u00e1t \u00e9letemet \u00e9lem amiben \u00e9n vagyok a f\u0151szerepl\u0151&#8230;<br \/>S\u0151t&#8230;n\u00e9ha m\u00e1r rendezem is<\/p>\n<p>Azok az emberek azt is mondt\u00e1k h hat\u00e1r a<\/p>\n<p>csillagos \u00e9s meghogy az elfedett \u00e1lmok \u00fajj\u00e1 \u00e9lednek&#8230;<br \/>Faszs\u00e1g..\u00fcres k\u00f6zhelyek ,gondoltam sok\u00e1ig<br \/>De ma m\u00e1r tudom h igaz&#8230;<\/p>\n<p>Mert ma m\u00e1r vannak terveim,c\u00e9ljaim,\u00e1lmaim,v\u00e1gyaim<br \/>Hogy amikor belen\u00e9zek a t\u00fck\u00f6rbe<br \/>Egy ember n\u00e9zzen vissza<br \/>Egy b\u00e1tor ,hat\u00e1rozott,tudatos ember<\/p>\n<p>Hogy amikor belen\u00e9zek a t\u00fck\u00f6rbe egy f\u00e9rfi n\u00e9zzen vissza r\u00e1m<br \/>Egy er\u0151s,megb\u00edzhat\u00f3, feln\u0151tt f\u00e9rfi<\/p>\n<p>A vil\u00e1gb\u00e9k\u00e9vel t\u00f6r\u0151dj\u00f6n a vil\u00e1g!<br \/>Nekem a saj\u00e1t lelki b\u00e9k\u00e9mmel kell t\u00f6r\u0151dn\u00f6m<\/p>\n<p>h rendben legyenek a dolgaim&#8230;<\/p>\n<p>Amikor nem tudom eld\u00f6nteni mi a val\u00f3s\u00e1g \u00e9s mi a fikci\u00f3<br \/>\u00c9s a dolgok ekkor kezdtek \u00f6sszekeveredni, \u00f6sszegabalyodni, \u00f6sszekusz\u00e1l\u00f3dni<br \/>L\u00e1tom\u00e1sok,v\u00edzi\u00f3k,hallucin\u00e1ci\u00f3k<br \/>Perverz,\u00f6ngyilkos gondolatok<br \/>A delirium tremens \u00e9s az \u0151r\u00fclet hat\u00e1r\u00e1n<br \/>A reggeli remeg\u00e9sek,a d\u00e9lel\u0151tti h\u00e1ny\u00e1sok,a mindennapos ber\u00fag\u00e1sok \u00e9s a r\u00e9m\u00e1lmok-amiket m\u00e1r<\/p>\n<p>nyitott szemmel is l\u00e1ttam<br \/>Sz\u00fcrre\u00e1lis igazs\u00e1gok<br \/>K\u00e1oszba fullad\u00f3 hazugs\u00e1gok halmaza<br \/>\u00dajra meg \u00fajra meg \u00fajra&#8230;.<br \/>De ez nem csipke r\u00f3zsika szer\u0171 \u00e1lom volt,amiben \u00e9nekes kismadarak arany fon\u00e1lb\u00f3l sz\u0151tt\u00e9k az \u00e9let h\u00e1l\u00f3j\u00e1t&#8230;neeem<br \/>\u00c9tterem mag\u00e1nyos,f\u00e1jdalmas,szomor\u00fa \u00e1lom volt<br \/>Undor\u00edt\u00f3,Ny\u00e1las,ragad\u00f3s,cseppfoly\u00f3s.<br \/>Az elm\u00fal\u00e1s r\u00e1ncos tenyer\u00e9b\u0151l k\u00e9t pof\u00e1val<\/p>\n<p>zab\u00e1ltam az \u00e9ltet\u0151 m\u00e9rget<br \/>Volt n\u00e9h\u00e1ny vag\u00e1ny \u00f6tletem amivel meg<\/p>\n<p>akartam v\u00e1ltoztatni a vil\u00e1got<br \/>A vil\u00e1gnak meg volt n\u00e9h\u00e1ny \u00f6tlete<\/p>\n<p>amivel meg akart v\u00e1ltoztatni engem<br \/>Egyik\u00fcnk sem siker\u00fclt..kiegyezt\u00fcnk egy d\u00f6ntetlenben<br \/>Mert sok csat\u00e1t elvesztettem,de a h\u00e1bor\u00fat<\/p>\n<p>m\u00e9g megnyerhetem<\/p>\n<p>V\u00e9g\u00fcl nem is tudom h mi \u00e9bresztett fel<br \/>A hal\u00e1l szele,any\u00e1m pofonja vagy az h<\/p>\n<p>m\u00e1r megint kir\u00fagtak a munkahelyemr\u0151l<br \/>A landol\u00e1s ,ennek a vil\u00e1gnak a talaj\u00e1n,<\/p>\n<p>f\u00e1jdalmas \u00e9s ki\u00e1br\u00e1nd\u00edt\u00f3 volt<br \/>A magamr\u00f3l alkotott k\u00e9p egy pillanat alatt \u00f6sszet\u00f6rt<br \/>\u00c9s most m\u00e1r vannak \u00e1lmaim h <br \/>Ne legyen mindennap hagyma szag\u00fa a kezem<br \/>Hogy 2technikus min\u0151s\u00edt\u0151 oklev\u00e9llel a kezemben ne <br \/>Hogy ne a pepsi meg a mogyor\u00f3 legyen a<\/p>\n<p>luxuscikk az \u00e9letemben<br \/>Hogy amikor meglatogatom a sz\u00fcleimet any\u00e1m 2.<\/p>\n<p>mondata ne az legyen h dagadt vagy fiam,foggy\u00e1 le!<br \/>Hogy az \u00f6cs\u00e9m ne laptopot vegyen kar\u00e1csonyra<\/p>\n<p>nek\u00fcnk hanem h\u00edvja fel a menyasszonyom \u00e9s<\/p>\n<p>k\u00e9rdezze meg h hogy van<br \/>Hogy amikor belen\u00e9zek a t\u00fck\u00f6rbe<br \/>Egy ember n\u00e9zzen vissza<br \/>Egy b\u00e1tor ,hat\u00e1rozott,tudatos ember<br \/>Hogy amikor belen\u00e9zek a t\u00fck\u00f6rbe egy f\u00e9rfi<\/p>\n<p>n\u00e9zzen vissza r\u00e1m<br \/>Egy er\u0151s, megb\u00edzhat\u00f3, feln\u0151tt f\u00e9rfi<br \/>A vil\u00e1gb\u00e9k\u00e9vel t\u00f6r\u0151dj\u00f6n a vil\u00e1g<br \/>\u00c9n a saj\u00e1t vil\u00e1gom b\u00e9k\u00e9j\u00e9vel t\u00f6r\u0151d\u00f6m<\/p>\n<p>&nbsp;<\/p>\n<\/blockquote>\n<p>[\/et_pb_text][\/et_pb_column][et_pb_column type=&#8221;1_2&#8243; _builder_version=&#8221;4.27.4&#8243; _module_preset=&#8221;default&#8221; global_colors_info=&#8221;{}&#8221;][et_pb_heading title=&#8221;Anno&#8221; _builder_version=&#8221;4.27.4&#8243; _module_preset=&#8221;default&#8221; title_level=&#8221;h2&#8243; title_text_align=&#8221;left&#8221; title_font_size=&#8221;34px&#8221; width=&#8221;100%&#8221; width_tablet=&#8221;100%&#8221; width_phone=&#8221;100%&#8221; width_last_edited=&#8221;on|phone&#8221; custom_padding=&#8221;15px|||||&#8221; animation_style=&#8221;fade&#8221; title_line_height_tablet=&#8221;&#8221; title_line_height_phone=&#8221;1.1em&#8221; title_line_height_last_edited=&#8221;on|phone&#8221; locked=&#8221;off&#8221; global_colors_info=&#8221;{}&#8221;][\/et_pb_heading][et_pb_text quote_border_color=&#8221;gcid-2ebbc52c-9ee6-4712-a077-fcaec9b98540&#8243; _builder_version=&#8221;4.27.4&#8243; _module_preset=&#8221;default&#8221; text_font=&#8221;&#8211;et_global_heading_font||||||||&#8221; text_text_color=&#8221;gcid-heading-color&#8221; text_font_size=&#8221;17px&#8221; text_line_height=&#8221;1.6em&#8221; header_text_align=&#8221;left&#8221; custom_margin=&#8221;||-2px|||&#8221; animation_style=&#8221;fade&#8221; animation_duration=&#8221;2000ms&#8221; text_font_size_tablet=&#8221;17px&#8221; text_font_size_phone=&#8221;17px&#8221; text_font_size_last_edited=&#8221;on|phone&#8221; text_line_height_tablet=&#8221;1.6em&#8221; text_line_height_phone=&#8221;1.4em&#8221; text_line_height_last_edited=&#8221;on|desktop&#8221; border_style_all=&#8221;inset&#8221; locked=&#8221;off&#8221; global_colors_info=&#8221;{%22gcid-2ebbc52c-9ee6-4712-a077-fcaec9b98540%22:%91%22quote_border_color%22,%22quote_border_color%22%93,%22gcid-heading-color%22:%91%22text_text_color%22%93}&#8221;]<\/p>\n<blockquote>\n<p><span style=\"font-size: 17px;\">Megpr\u00f3b\u00e1lom elmondani n\u00e9h\u00e1ny sz\u00f3ban<\/span><\/p>\n<p>Hogy mi\u00e9rt csak pepsit iszom a pressz\u00f3ban<\/p>\n<p>Hogy mi\u00e9rt nem szemetelek a szavakkal<\/p>\n<p>Hogy milyen egy\u00fctt \u00e9lni egy ilyen alakkal<\/p>\n<p>Hogy milyen nem \u00e9lni az alkohollal<\/p>\n<p>Vagy milyen volt j\u00e1tszani a pokollal<\/p>\n<p>\u00c9n voltam az \u0151slevesben az els\u0151<\/p>\n<p>v\u00f6r\u00f6s lamantin<\/p>\n<p>Akkor tudatosult bennem a tudatalattim<\/p>\n<p>Ha tudtam volna mi van kinn<\/p>\n<p>Odabent maradok<\/p>\n<p>\u00c9s eg\u00e9sz m\u00e1s \u00faton haladok<\/p>\n<p>De kij\u00f6tt\u00fcnk \u00e9n meg m\u00e9g n\u00e9h\u00e1nyan<\/p>\n<p>Akik ott maradtak igaz\u00e1n sajn\u00e1ltam<\/p>\n<p>Eny\u00e9m volt a kilimandzs\u00e1r\u00f3 perzsel\u0151 hava<\/p>\n<p>Dinsdale tiszteletes istenk\u00e1roml\u00f3 szava<\/p>\n<p>f\u00e9rjes asszonyokat is szerettem<\/p>\n<p>Demokl\u00e9sz kardja ott lebegett felettem<\/p>\n<p>Eny\u00e9m volt a 90-es \u00e9vekben Tatab\u00e1nya<\/p>\n<p>Vilmos k\u00f6rte -kisfr\u00f6ccs \u00e1mokfut\u00e1sa<\/p>\n<p>halkan szelte a v\u00e1rost 2\u00fctem\u0171 trabantom<\/p>\n<p>De nem voltam m\u00e1s csak egy kibaszott fantom<\/p>\n<p>Eny\u00e9m volt a dob meg a basszus Palotai party-j\u00e1n<\/p>\n<p>\u00cdgy \u00e1ldoztunk az underground olt\u00e1r\u00e1n<\/p>\n<p>a r\u00e1di\u00f3 tilos volt,de sz\u00edvni azt szabad<\/p>\n<p>Furcsa k\u00e9pekk\u00e9 \u00e1llt \u00f6ssze a z\u00f6ld zamat<\/p>\n<p>Eny\u00e9m volt new york minden utc\u00e1ja<\/p>\n<p>A l\u00e9lek \u00f6npuszt\u00edt\u00f3 ext\u00e1zis\u00e1nak eleganci\u00e1ja<\/p>\n<p>Ahogy t\u00e9rdig g\u00e1zoltam brooklyn mocsk\u00e1ban<\/p>\n<p>\u00c9s ittam a kokt\u00e9lt manhattan legdr\u00e1g\u00e1bb b\u00e1rj\u00e1ban<\/p>\n<p>Eny\u00e9m volt a p\u00e1rhuzamos meg a v\u00e9gtelen<\/p>\n<p>De nem miattuk voltam ig\u00e9nytelen<\/p>\n<p>Eny\u00e9m volt az egyenes meg a kereszt is<\/p>\n<p>Ami van nekem az kb. 10 centis<\/p>\n<p>\u00c9n voltam az utols\u00f3 goly\u00f3 Clint Eastwood coltj\u00e1ban<\/p>\n<p>Vehettem volna hasznos holmit a r\u00e9ms\u00e9gek kicsiny boltj\u00e1ban<\/p>\n<p>Elcser\u00e9lhettem volna szaros \u00e9letemet most nem k\u00e9ne l\u00e1togatnom a gy\u0171l\u00e9seket<\/p>\n<p>Eny\u00e9m volt Jimi Hendrix gitarsz\u00f3l\u00f3ja<\/p>\n<p>Az els\u0151 h\u00e1rom star wars Han Solo-ja<\/p>\n<p>A zongoralecke csod\u00e1latos hangjai<\/p>\n<p>\u00c9s Bonnie Rotten oh fuck-jai<\/p>\n<p>\u00c9n voltam a v\u00e9gzet a termin\u00e1tor szem\u00e9ben<\/p>\n<p>De r\u00e1basztam mert nem volt apr\u00f3 a zseb\u00e9ben<\/p>\n<p>Sarah Connor addig szara-kodott<\/p>\n<p>M\u00edg neki csak 1j\u00f3 dug\u00e1s jutott<\/p>\n<p>Eny\u00e9m volt a m\u00e1trix \u00e9s Neo forradalma<\/p>\n<p>A k\u00e9k tabletta minden hatalma<\/p>\n<p>Ahol csak egy \u00e9rz\u00e9ki csal\u00f3d\u00e1s ahogy a<\/p>\n<p>t\u00fck\u00f6rben l\u00e1tod a k\u00e9pet<\/p>\n<p>A val\u00f3s\u00e1g nem m\u00e1s mint egy<\/p>\n<p>irracion\u00e1lis n\u00e9zet<\/p>\n<p>Eny\u00e9m volt milli\u00f3 hesteg az<\/p>\n<p>instagrammon<\/p>\n<p>Ledobhatna r\u00f3lam instant n\u00e9h\u00e1ny<\/p>\n<p>grammot<\/p>\n<p>Legal\u00e1bb B\u00e9res Alexandra adhatna edz\u00e9s tervet<\/p>\n<p>Cser\u00e9be \u00e9n tartan\u00e1m a mellkas\u00e1n azt a 2 terhet<\/p>\n<p>\u00c9n voltam a j\u00e9g ami a titanic veszt\u00e9t<\/p>\n<p>okozta<\/p>\n<p>A j\u00e9g az italban ami a viszkis v\u00e1gy\u00e1t fokozta<\/p>\n<p>A j\u00e9g Charlie dupla viszkij\u00e9ben<\/p>\n<p>Azt\u00e1n elevenen felfalt a b\u0171ntudat meg a sz\u00e9gyen<\/p>\n<p>Eny\u00e9m volt a m\u00e1snaposok m\u00e1snapja<\/p>\n<p>A pletyk\u00e1knak volt val\u00f3s\u00e1g alapja<\/p>\n<p>Elvon\u00e1s,remeg\u00e9s,eml\u00e9kezet kies\u00e9s<\/p>\n<p>F\u00e1jdalmasabb volt mint egy temet\u00e9s<\/p>\n<p>\u00c9n voltam a megsz\u00e1radt tinta a tele\u00edrt pap\u00edron<\/p>\n<p>De csak az \u00e1llt rajta h valahogy kib\u00edrom<\/p>\n<p>\u00c9n voltam a k\u00e9rd\u0151jel a mondat v\u00e9g\u00ean<\/p>\n<p>Ahogy egyens\u00falyoztam l\u00e9t-nem l\u00e9t sz\u00e9l\u00e9n<\/p>\n<p>Sohasem \u00edzlett az unicum<\/p>\n<p>M\u00e9gis mit\u0151l vagyok hungarikum?<\/p>\n<p>Ezt a t\u00fckr\u00f6m is megmondja n\u00e9kem<\/p>\n<p>Igencsak balfasz vagyok e vid\u00e9ken<\/p>\n<p>Mert ki az aki 2 technikusi oklev\u00e9llel mosogat<\/p>\n<p>K\u00f6zben \u00e9letvezet\u00e9si tan\u00e1csokat osztogat<\/p>\n<p>Mindezt szeretetb\u0151l meg j\u00f3fejs\u00e9gb\u0151l<\/p>\n<p>Sz.P\u00e9ter meg cs\u00f3koltat a 200ezres vip-b\u0151l<\/p>\n<p>eny\u00e9m a mikrofon \u00e9s eny\u00e9m ez a p\u00e1r gondolat<\/p>\n<p>Amit a zs\u0171ri majd gondosan kiv\u00e1logat<\/p>\n<p>Eny\u00e9m ez az \u00e9let \u00e9s ez a pillanat<\/p>\n<p>Ki\u00e9lvezem am\u00edg jobb nem akad<\/p>\n<\/blockquote>\n<p>[\/et_pb_text][\/et_pb_column][\/et_pb_row][\/et_pb_section][et_pb_section fb_built=&#8221;1&#8243; _builder_version=&#8221;4.27.4&#8243; _module_preset=&#8221;default&#8221; custom_padding=&#8221;||0px|||&#8221; locked=&#8221;off&#8221; global_colors_info=&#8221;{}&#8221;][et_pb_row column_structure=&#8221;1_2,1_2&#8243; _builder_version=&#8221;4.27.4&#8243; _module_preset=&#8221;default&#8221; min_height=&#8221;89px&#8221; custom_margin=&#8221;-41px|auto||auto||&#8221; custom_padding=&#8221;||0px|||&#8221; global_colors_info=&#8221;{}&#8221;][et_pb_column type=&#8221;1_2&#8243; _builder_version=&#8221;4.27.4&#8243; _module_preset=&#8221;default&#8221; global_colors_info=&#8221;{}&#8221;][et_pb_heading title=&#8221;Anyanyelv&#8221; _builder_version=&#8221;4.27.4&#8243; _module_preset=&#8221;default&#8221; title_level=&#8221;h2&#8243; title_text_align=&#8221;left&#8221; title_font_size=&#8221;34px&#8221; width=&#8221;100%&#8221; width_tablet=&#8221;100%&#8221; width_phone=&#8221;100%&#8221; width_last_edited=&#8221;on|phone&#8221; custom_padding=&#8221;15px|||||&#8221; animation_style=&#8221;fade&#8221; title_line_height_tablet=&#8221;&#8221; title_line_height_phone=&#8221;1.1em&#8221; title_line_height_last_edited=&#8221;on|phone&#8221; global_colors_info=&#8221;{}&#8221;][\/et_pb_heading][et_pb_text quote_border_color=&#8221;gcid-2ebbc52c-9ee6-4712-a077-fcaec9b98540&#8243; _builder_version=&#8221;4.27.4&#8243; _module_preset=&#8221;default&#8221; text_font=&#8221;&#8211;et_global_heading_font||||||||&#8221; text_text_color=&#8221;gcid-heading-color&#8221; text_font_size=&#8221;17px&#8221; text_line_height=&#8221;1.6em&#8221; header_text_align=&#8221;left&#8221; animation_style=&#8221;fade&#8221; animation_duration=&#8221;2000ms&#8221; text_font_size_tablet=&#8221;17px&#8221; text_font_size_phone=&#8221;17px&#8221; text_font_size_last_edited=&#8221;on|phone&#8221; text_line_height_tablet=&#8221;1.6em&#8221; text_line_height_phone=&#8221;1.4em&#8221; text_line_height_last_edited=&#8221;on|desktop&#8221; border_style_all=&#8221;inset&#8221; global_colors_info=&#8221;{%22gcid-2ebbc52c-9ee6-4712-a077-fcaec9b98540%22:%91%22quote_border_color%22,%22quote_border_color%22%93,%22gcid-heading-color%22:%91%22text_text_color%22%93}&#8221;]<\/p>\n<blockquote>\n<p>A .magyar nyelv Megint sz\u00e9p lesz<br \/>M\u00e9lt\u00f3 r\u00e9gi nagy h\u00edr\u00e9hez<br \/>Mit \u00f6sszeraktak \u0151seim<br \/>Sz\u00e9tbarmolj\u00e1k ismer\u0151seim<br \/>Ez itt a szavak h\u00e1bor\u00faja<br \/>Ti meg vagytok a f\u00fcl tan\u00faja<br \/>Hogy nem kellenek az angol szavak<br \/>Ajkamra csak magyar sz\u00f3 tapad<\/p>\n<p>A saw hit a cake mint eleven hold part&#8230;<\/p>\n<p>Mondd visszafel\u00e9<br \/>G\u00e9za k\u00e9k az \u00e9g<br \/>Indul a g\u00f6r\u00f6g aludni<br \/>C\u00e1pa eledele ap\u00e1ca<\/p>\n<p>Mondd kis k\u00f3cos hol van a mam\u00e1d?<br \/>Csak azt ne mondd h \u0151 m\u00e9g csak most 14<br \/>Mondd gondolsz-e majd r\u00e1m?ha m\u00e1s sz\u00f6veg\u00e9t hallgatod?<br \/>De h gondoltad h az \u00e9n r\u00edmjeimet megcsalhatod???.<br \/>Sohase mondd ,h t\u00fal vagy m\u00e1r mindenen<br \/>Mondd megpr\u00f3b\u00e1ltad a tinderen<br \/>Mondd gy n\u00e9lk\u00fcl h gyal\u00e1zat<br \/>Mondd gy n\u00e9lk\u00fcl h Gy\u0151zike<br \/>Mondd m n\u00e9lk\u00fcl h M\u00e1rok<br \/>Mondd s n\u00e9lk\u00fcl h Steve<\/p>\n<p>Mondd kulombnak k\u00e1l\u00e1mb\u00f3<br \/>Mondd any\u00e1dnak dobjon le fagyira p\u00e9nzt<br \/>Mondd br\u00fcsszelnek h k\u00fcldjenek s\u00f6rt meg csokit<\/p>\n<p>Soroks\u00e1ri v. Soros\u2075 s\u00e1ri<br \/>Szkafander v fasz szkander<br \/>Kiv\u00e9nhedt csatal\u00f3 v.kiv\u00e9rzettt vasal\u00f3<br \/>Egy kecsesen ring\u00f3 fecske v. recsegve fing\u00f3 kecske<br \/>Az \u0171r az \u00far v. A z\u0171r az\u00far<br \/>Rag r\u00edm v. Lakc\u00edm<br \/>R\u00edm rag v. H\u00edmtag<br \/>H\u00edmvessz\u0151 v pontos vessz\u0151<\/p>\n<p>Kapu drog egy kapu aljban<br \/>A kapuz\u00e1r\u00e1si p\u00e1nik nem fog rajtam<\/p>\n<p>A legszebb magyar sz\u00f3 a cip\u0151f\u0171z\u0151<\/p>\n<p>Mert ha nem f\u0171z\u00f6d be a cip\u0151det<br \/>Csak vesztegeted az id\u0151det<br \/>Elviszik el\u0151led a n\u0151ket<br \/>Te meg h\u00edvhatod a ment\u0151ket<\/p>\n<p>Ez a m\u00e9rleg mindent k\u00e9pes m\u00e9rmi<br \/>Mindenre k\u00e9pes m\u00e9rleg k\u00e9pes k\u00f6nyvel\u0151<\/p>\n<p>K\u00e9rhet\u0151 m\u00e9zzel<br \/>M\u00e9rhet\u0151 k\u00e9zzel<\/p>\n<p>A hazug embert el\u0151bb utol\u00e9rni mint az aj\u00e1nd\u00e9k.l\u00f3 fog\u00e1t <br \/>Hollo a holl\u00f3nak.nem csin\u00e1l.nyarat<br \/>Ki.kor\u00e1n kel annak h\u00edg a leve<br \/>Seg\u00edtsd magadon,ameddig a takar\u00f3d \u00e9r<br \/>Jobb f\u00e9lni,mint holnap egy t\u00fazok<\/p>\n<p>Tranzakci\u00f3 a transzcendensemnel<br \/>Tangensek tang\u00f3znak tang\u00e1ban<br \/>Sz\u00ednuszok szaporodnak szuszogva<br \/>Algoritmusok alkotnak alattomos anom\u00e1li\u00e1t<br \/>Deliriumbam deriv\u00e1lni derog\u00e1l<\/p>\n<p>Polihisztor egy polikarbon\u00e1t korban<br \/>Az izs\u00e1g bennem van nem a borban<br \/>Metaadat \u00e9s metadon<br \/>Afenntartat\u00f3s\u00e1gom Feltartom <br \/>Feltartom a j\u00f6v\u0151t ,hatha \u00fagy l\u00e1tszik <br \/>Mem tudom anya nyelve mire j\u00e1tszik<br \/>\u00c9n t\u00fal\u00e9l\u00e9sre de az egy m\u00e1sik sz\u00f6veg<br \/>Marad nekem a kritikus t\u00f6meg<\/p>\n<p>RINYAKOV\u00c1CSI<br \/>MARKOTAB\u00d6D\u00d6GE<br \/>S\u00c1RMIFIZD\u00d3<br \/>IKL\u00c1DB\u00d6RD\u00d6CE<br \/>MAKKOSHOTYKA<br \/>\u00d6K\u00d6RIT\u00d3F\u00dcLP\u00d6S<br \/>CHERNELH\u00c1ZADAMONYA<\/p>\n<p>A paleozoikumi pszeudom\u00f3rf\u00f3za obszidi\u00e1n xenomorf romdodeka\u00e9derben krist\u00e1lyosodik <br \/>mik\u00f6zben<br \/>A szubvulk\u00e1ni hidroterm\u00e1kus rodokrozit retrogr\u00e1d metamorf\u00f3zison megy kereszt\u00fcl, abort\u00e1lt riftesed\u00e9st szenvedve epirogenezises diakl\u00edzis \u00e1ltal<\/p>\n<p>\u00c9n el\u00e9gedett vagyok<br \/>M\u00e1r vagy 3 perce<br \/>Te gondolhatsz m\u00e1st persze<br \/>De mer\u00e9szebbet \u00edrni mersz-e?<\/p>\n<\/blockquote>\n<p>[\/et_pb_text][\/et_pb_column][et_pb_column type=&#8221;1_2&#8243; _builder_version=&#8221;4.27.4&#8243; _module_preset=&#8221;default&#8221; global_colors_info=&#8221;{}&#8221;][et_pb_heading title=&#8221;Apa f\u00e9rfi&#8221; _builder_version=&#8221;4.27.4&#8243; _module_preset=&#8221;default&#8221; title_level=&#8221;h2&#8243; title_text_align=&#8221;left&#8221; title_font_size=&#8221;34px&#8221; width=&#8221;100%&#8221; width_tablet=&#8221;100%&#8221; width_phone=&#8221;100%&#8221; width_last_edited=&#8221;on|phone&#8221; custom_padding=&#8221;15px|||||&#8221; animation_style=&#8221;fade&#8221; title_line_height_tablet=&#8221;&#8221; title_line_height_phone=&#8221;1.1em&#8221; title_line_height_last_edited=&#8221;on|phone&#8221; locked=&#8221;off&#8221; global_colors_info=&#8221;{}&#8221;][\/et_pb_heading][et_pb_text quote_border_color=&#8221;gcid-2ebbc52c-9ee6-4712-a077-fcaec9b98540&#8243; _builder_version=&#8221;4.27.4&#8243; _module_preset=&#8221;default&#8221; text_font=&#8221;&#8211;et_global_heading_font||||||||&#8221; text_text_color=&#8221;gcid-heading-color&#8221; text_font_size=&#8221;17px&#8221; text_line_height=&#8221;1.6em&#8221; header_text_align=&#8221;left&#8221; custom_margin=&#8221;||-2px|||&#8221; animation_style=&#8221;fade&#8221; animation_duration=&#8221;2000ms&#8221; text_font_size_tablet=&#8221;17px&#8221; text_font_size_phone=&#8221;17px&#8221; text_font_size_last_edited=&#8221;on|phone&#8221; text_line_height_tablet=&#8221;1.6em&#8221; text_line_height_phone=&#8221;1.4em&#8221; text_line_height_last_edited=&#8221;on|desktop&#8221; border_style_all=&#8221;inset&#8221; locked=&#8221;off&#8221; global_colors_info=&#8221;{%22gcid-2ebbc52c-9ee6-4712-a077-fcaec9b98540%22:%91%22quote_border_color%22,%22quote_border_color%22%93,%22gcid-heading-color%22:%91%22text_text_color%22%93}&#8221;]<\/p>\n<blockquote>\n<p>.Ma Magyarorsz\u00e1gon minden 5. gyerek \u00fagy, n\u0151 fel hogy az egyik vagy mindk\u00e9t sz\u00fcl\u0151 szenved\u00e9ly beteg<br \/>\u00c9n fel\u00e9p\u00fcl\u0151 f\u00fcgg\u0151k\u00e9nt lassan 10 \u00e9ve hallgatom a sz\u00f6rny\u0171 t\u00f6rt\u00e9neteket h a sz\u00fcl\u0151k mit m\u0171veltek a gyerekeikkel<\/p>\n<p>\u00dagyhogy nyomat\u00e9kosan megk\u00e9rem a korm\u00e1nyt hogy v\u00e9dje meg a gyerekeket&#8230;..a saj\u00e1t sz\u00fcleikt\u0151l!!!!!!<br \/>Mert azt nagyon tudj\u00e1k mondani hogy apa f\u00e9rfi,anya n\u0151<br \/>Ezt nagyon tudj\u00e1k<br \/>De azt nem biztos h tudjak hogy ha apa iszik a f\u00e9lelem n\u0151<br \/>Apa kiab\u00e1l a retteg\u00e9s n\u0151<br \/>Apa megal\u00e1z,a gy\u0171l\u00f6let n\u0151<br \/>Apa verekszik a bossz\u00fa v\u00e1gy n\u0151<br \/>Apa tippmixezik a kil\u00e1t\u00e1stalans\u00e1g n\u0151<br \/>Apa vesz\u00edt a szeg\u00e9nys\u00e9g n\u0151<\/p>\n<p>Apa egy \u00e1llat&#8230;.de nem egy apatigris aki mindent\u0151l megv\u00e9di kicsinyeit&#8230;neeem<br \/>Egy hi\u00e9na,egy pi\u00f3ca,egy \u00e9l\u0151sk\u00f6d\u0151&#8230;..<br \/>Elsz\u00edvja a leveg\u0151t, elveszi az \u00e9letteret<br \/>\u00c9s amikor haza j\u00f6n,a k\u00e1ros anyag kibocs\u00e1t\u00e1s n\u0151<br \/>Ez \u00edgy nem fenntarthat\u00f3,<br \/>Ez \u00edgy nem z\u00f6ld&#8230;..<br \/>Ez \u00edgy nem j\u00f6v\u0151&#8230;.<\/p>\n<p>Apa f\u00e9rfi?egy f\u00e9rf\u00ed nem \u00fct meg egy n\u0151t<br \/>Nem b\u00e1ntja gyermekeit \u00e9s azok anyuk\u00e1j\u00e1t sem&#8230;<\/p>\n<p>Anya t\u00e1rsf\u00fcgg\u0151&#8230;elhagyn\u00e1 a f\u00e9rfit de nem tudja<br \/>Ez egy ilyen betegs\u00e9g <br \/>\u00dagy haszn\u00e1lja az embereket mint m\u00e1s az alkoholt ,drogokat<\/p>\n<p>Apa m\u00e1r nem f\u00e9rfi,anya m\u00e1r nem n\u0151&#8230;.<br \/>\u00d6ssze zsugorodik, szinte l\u00e1thatatlann\u00e1 v\u00e1lik \u00e9s im\u00e1dkozik:csak ma este ne!!!!!kerlek istenem ,csak ma ne!!!!!<\/p>\n<p>Apa nem f\u00e9rfi, anya m\u00e1rcsak f\u00e9lig n\u0151,f\u00e9lig meg robot <br \/>Automat\u00e1n fekszik al\u00e1,\u00e9s m\u00e1sra gondol,valaki m\u00e1sra<\/p>\n<p>Azt\u00e1n amikor elege lesz -mi den h\u00e9ten-elketd\u0151dik a j\u00e1tszm\u00e1z\u00e1s h :elmegy,viszi a gyereket is,a vagyont is elv\u00e1lik \u00e9s legv\u00e9g\u00fcl a leg\u00fct\u0151sebb k\u00e1rtya:\u00f6ngyilkos lesz<br \/>Persze nem lesz,de ez is a betegs\u00e9gnek<br \/>Ebben a csal\u00e1dban mindenki beteg<br \/>Mindenki s\u00e9r\u00fcl<br \/>Mindenki menek\u00fcl valamibe<\/p>\n<p>De!!!!<br \/>A legm\u00e9lyebb g\u00f6d\u00f6rb\u0151l is van ki\u00fat<br \/>A legnagyobb hasra es\u00e9sb\u0151l is fel lehet \u00e1llni<br \/>A legs\u00f6t\u00e9tebb alag\u00fat v\u00e9g\u00e9n is dereng a f\u00e9nysug\u00e1r:a rem\u00e9ny<\/p>\n<p>Van v\u00e1laszt\u00e1s.. mindig<br \/>Van seg\u00edts\u00e9g&#8230;.mindig<\/p>\n<p>Lehet v\u00e1ltoztatni \u00e9s lehet v\u00e1ltozni<br \/>\u00c9n m\u00e1r csak tudom<\/p>\n<p>Jobb is h m\u00edg ittam nem sz\u00fcletett gyerekem&#8230;.<br \/>Minden bizonnyal \u00e9n is \u00edgy viselkedtem volna vele \u00e9s gy\u0171l\u00f6lne mindezek\u00e9rt<br \/>\u00c9n meg gy\u0171l\u00f6ln\u00e9m magam<\/p>\n<p>A sors fintora h most mikor m\u00e1r m\u00e1shogy \u00e9lek \u00e9s megtal\u00e1ltam \u00e9letem szerelm\u00e9t,most meg nem lehet..<br \/>De az m\u00e1r egy m\u00e1sik t\u00f6rt\u00e9net \u00e9s megfogadtam h azt nem mondom el soha t\u00f6bbet!<\/p>\n<\/blockquote>\n<p>[\/et_pb_text][\/et_pb_column][\/et_pb_row][\/et_pb_section][et_pb_section fb_built=&#8221;1&#8243; _builder_version=&#8221;4.27.4&#8243; _module_preset=&#8221;default&#8221; custom_padding=&#8221;||0px|||&#8221; locked=&#8221;off&#8221; global_colors_info=&#8221;{}&#8221;][et_pb_row column_structure=&#8221;1_2,1_2&#8243; _builder_version=&#8221;4.27.4&#8243; _module_preset=&#8221;default&#8221; min_height=&#8221;89px&#8221; custom_margin=&#8221;-41px|auto||auto||&#8221; custom_padding=&#8221;||0px|||&#8221; global_colors_info=&#8221;{}&#8221;][et_pb_column type=&#8221;1_2&#8243; _builder_version=&#8221;4.27.4&#8243; _module_preset=&#8221;default&#8221; global_colors_info=&#8221;{}&#8221;][et_pb_heading title=&#8221;\u00c1tv\u00e1ltoz\u00e1s&#8221; _builder_version=&#8221;4.27.4&#8243; _module_preset=&#8221;default&#8221; title_level=&#8221;h2&#8243; title_text_align=&#8221;left&#8221; title_font_size=&#8221;34px&#8221; width=&#8221;100%&#8221; width_tablet=&#8221;100%&#8221; width_phone=&#8221;100%&#8221; width_last_edited=&#8221;on|phone&#8221; custom_padding=&#8221;15px|||||&#8221; animation_style=&#8221;fade&#8221; title_line_height_tablet=&#8221;&#8221; title_line_height_phone=&#8221;1.1em&#8221; title_line_height_last_edited=&#8221;on|phone&#8221; global_colors_info=&#8221;{}&#8221;][\/et_pb_heading][et_pb_text quote_border_color=&#8221;gcid-2ebbc52c-9ee6-4712-a077-fcaec9b98540&#8243; _builder_version=&#8221;4.27.4&#8243; _module_preset=&#8221;default&#8221; text_font=&#8221;&#8211;et_global_heading_font||||||||&#8221; text_text_color=&#8221;gcid-heading-color&#8221; text_font_size=&#8221;17px&#8221; text_line_height=&#8221;1.6em&#8221; header_text_align=&#8221;left&#8221; animation_style=&#8221;fade&#8221; animation_duration=&#8221;2000ms&#8221; text_font_size_tablet=&#8221;17px&#8221; text_font_size_phone=&#8221;17px&#8221; text_font_size_last_edited=&#8221;on|phone&#8221; text_line_height_tablet=&#8221;1.6em&#8221; text_line_height_phone=&#8221;1.4em&#8221; text_line_height_last_edited=&#8221;on|desktop&#8221; border_style_all=&#8221;inset&#8221; global_colors_info=&#8221;{%22gcid-2ebbc52c-9ee6-4712-a077-fcaec9b98540%22:%91%22quote_border_color%22,%22quote_border_color%22%93,%22gcid-heading-color%22:%91%22text_text_color%22%93}&#8221;]<\/p>\n<blockquote>\n<p>Metamorf\u00f3zis<br \/>Ott volt a vil\u00e1g a kez\u00e9ben<br \/>Az eg\u00e9sz vil\u00e1g a kez\u00e9ben<br \/>A kibaszott vil\u00e1g a kez\u00e9ben<br \/>\u0150 meg csak \u00fclt n\u00e9m\u00e1n \u00e9s hagyta h elfollyon a kezei k\u00f6z\u00fcl<br \/>Csak \u00fclt \u00e9s b\u00e1mult maga el\u00e9<br \/>\u00c9s nem volt ott semmif\u00e9le foly\u00f3,nem \u00faszott dinnyeh\u00e9j<br \/>T\u00e1j sem volt ami t\u00e9rk\u00e9p lett volna<br \/>Csak \u0151 volt ott,meg a mag\u00e1ny,meg az \u00e1lland\u00f3n mard\u00f3s\u00f3,k\u00ednz\u00f3 b\u0171ntudat<br \/>Egy ir\u00e1nyt\u0171 az\u00e9rt j\u00f3l j\u00f6tt volna h ir\u00e1nyt mutasson.Hogy utat mutasson,mert annyiszor elt\u00e9vedt<br \/>m\u00e1r,annyiszor t\u00e9vedett m\u00e1r h azt gondolta:<br \/>Ez lesz az utols\u00f3&#8230;t\u00f6bbet nem hib\u00e1zhatok&#8230;.<br \/>Ez lesz az utols\u00f3-motyogta mag\u00e1ban -\u00e9s belekortyolt s\u00f6r\u00e9be<\/p>\n<\/blockquote>\n<p>[\/et_pb_text][\/et_pb_column][et_pb_column type=&#8221;1_2&#8243; _builder_version=&#8221;4.27.4&#8243; _module_preset=&#8221;default&#8221; global_colors_info=&#8221;{}&#8221;][et_pb_heading title=&#8221;Az elm\u00falt n\u00e9h\u00e1ny \u00e9v&#8221; _builder_version=&#8221;4.27.4&#8243; _module_preset=&#8221;default&#8221; title_level=&#8221;h2&#8243; title_text_align=&#8221;left&#8221; title_font_size=&#8221;34px&#8221; width=&#8221;100%&#8221; width_tablet=&#8221;100%&#8221; width_phone=&#8221;100%&#8221; width_last_edited=&#8221;on|phone&#8221; custom_padding=&#8221;15px|||||&#8221; animation_style=&#8221;fade&#8221; title_line_height_tablet=&#8221;&#8221; title_line_height_phone=&#8221;1.1em&#8221; title_line_height_last_edited=&#8221;on|phone&#8221; locked=&#8221;off&#8221; global_colors_info=&#8221;{}&#8221;][\/et_pb_heading][et_pb_text quote_border_color=&#8221;gcid-2ebbc52c-9ee6-4712-a077-fcaec9b98540&#8243; _builder_version=&#8221;4.27.4&#8243; _module_preset=&#8221;default&#8221; text_font=&#8221;&#8211;et_global_heading_font||||||||&#8221; text_text_color=&#8221;gcid-heading-color&#8221; text_font_size=&#8221;17px&#8221; text_line_height=&#8221;1.6em&#8221; header_text_align=&#8221;left&#8221; custom_margin=&#8221;||-2px|||&#8221; animation_style=&#8221;fade&#8221; animation_duration=&#8221;2000ms&#8221; text_font_size_tablet=&#8221;17px&#8221; text_font_size_phone=&#8221;17px&#8221; text_font_size_last_edited=&#8221;on|phone&#8221; text_line_height_tablet=&#8221;1.6em&#8221; text_line_height_phone=&#8221;1.4em&#8221; text_line_height_last_edited=&#8221;on|desktop&#8221; border_style_all=&#8221;inset&#8221; locked=&#8221;off&#8221; global_colors_info=&#8221;{%22gcid-2ebbc52c-9ee6-4712-a077-fcaec9b98540%22:%91%22quote_border_color%22,%22quote_border_color%22%93,%22gcid-heading-color%22:%91%22text_text_color%22%93}&#8221;]<\/p>\n<blockquote>\n<p>Megint \u00f6regebb lettem<br \/>ez ellen semmit sem tehettem<br \/>Nincs mit sz\u00e9gyellnem<br \/>Amit tudtam megtettem<br \/>Mert m\u00e1r nem pi\u00e1lok<br \/>Csak szavakat h\u00e1nyok<br \/>Egy \u00fct\u0151s r\u00edmre napokat v\u00e1rok<br \/>Versek,slam-ek,sz\u00f6vegek<br \/>Becsap\u00f3dnak mint a l\u00f6vegek<br \/>K\u00e9ritek becsatolni az \u00f6veket<br \/>Eltelt n\u00e9h\u00e1ny \u00e9v<br \/>Neh\u00e9z volt az \u00fajra kezd\u00e9s<br \/>Ahogy egyens\u00falyoztam a l\u00e9t perem\u00e9n<br \/>De eny\u00e9m lett a f\u0151nyerem\u00e9ny<br \/>Elm\u00falt sok minden<br \/>de 2 dolog \u00e9rintetlen<br \/>Ir\u00e1ntad \u00e9rzett szerelmem \u00e9s tisztas\u00e1gba vetett hitem<br \/>Tiszta szerelem:irt\u00f3 j\u00f3l hangzik<br \/>sosem gondoltam volna hogy ez megadatik<br \/>De szerencs\u00e9m volt:<br \/>leugrottam a vonatr\u00f3l<br \/>Ami a semmibe sz\u00e1guldott ezerrel<br \/>Mert nem b\u00edrtam megb\u00edrkozni a rengeteg teherrel<br \/>Aki ismer tudja:<br \/>nem voltam a becs\u00fcletess\u00e9g szobra<br \/>tekeregtem csak hazugan mint egy t\u00e9bolyodott kobra<br \/>A szabads\u00e1g szobrot sem r\u00f3lam mint\u00e1zt\u00e1k<br \/>hi\u00e1ba \u00e1lltam t\u00f6bbsz\u00f6r is a l\u00e1b\u00e1n\u00e1l<br \/>Azt hittem t\u00e9vesen hogy a <br \/>Land of the free eny\u00e9m is v\u00e9glegesen<br \/>hiba cs\u00faszott a k\u00e9pletbe<br \/>belebuktam az elm\u00e9letbe<br \/>De nem kellett elmennem Indi\u00e1ba <br \/>hogy a lelki b\u00e9k\u00e9m megtal\u00e1ljam<br \/>M\u00e1r lassan 4 \u00e9ve hogy m\u00e1shogyan \u00e9lek<br \/>Kigy\u00faltak az alag\u00fat v\u00e9g\u00e8n a f\u00e9nyek<br \/>N\u00e9ha l\u00e1tszik tiszt\u00e1n,n\u00e9ha meg hom\u00e1lyos<br \/>De ez az \u00e9let m\u00e1r nem az a hagyom\u00e1nyos<br \/>V\u00e1ltozni \u00e9s v\u00e1ltoztatni<br \/>J\u00e1rt utat j\u00e1ratlan\u00e9rt feladni<br \/>A harcokat megv\u00edvni<br \/>Mindek\u00f6zben embernek maradni<br \/>Nem k\u00f6nny\u0171&#8230;s\u0151t n\u00e9ha kifejezetten neh\u00e9z<br \/>\u00c9s van hogy nem is l\u00e1tom az \u00e9rtelm\u00e9t<br \/>De ha visszagondolok hogy honnan j\u00f6ttem<br \/>Hogy mi van m\u00e1r m\u00f6g\u00f6ttem<br \/>Nem cser\u00e9ln\u00e9k senkivel<br \/>M\u00e1r nem \u00e9rem be ennyivel<br \/>Mert \u00f6r\u00fcl\u00f6k hogy az vagyok aki<br \/>M\u00e9g ha nem is lettem senki<br \/>Most vagyok 47<br \/>Lassan megtal\u00e1lom \u00e9letem \u00e9rtelm\u00e9t<br \/>Nem hiszek a sorsban mert \u00e9n meg\u00e1ll\u00ectottam a kerek\u00e9t<br \/>Felsz\u00edvtam az \u00e9let velej\u00e9t<br \/>nem voltam a tettek mezej\u00e9n ez\u00e9rt kezdhettem az elej\u00e9n<br \/>De tudom nincsenek v\u00e9letlenek ameddig tudok veled leszek<\/p>\n<p>&nbsp;<\/p>\n<\/blockquote>\n<p>[\/et_pb_text][\/et_pb_column][\/et_pb_row][\/et_pb_section][et_pb_section fb_built=&#8221;1&#8243; _builder_version=&#8221;4.27.4&#8243; _module_preset=&#8221;default&#8221; custom_padding=&#8221;||0px|||&#8221; locked=&#8221;off&#8221; global_colors_info=&#8221;{}&#8221;][et_pb_row column_structure=&#8221;1_2,1_2&#8243; _builder_version=&#8221;4.27.4&#8243; _module_preset=&#8221;default&#8221; min_height=&#8221;89px&#8221; custom_margin=&#8221;-41px|auto||auto||&#8221; custom_padding=&#8221;||0px|||&#8221; global_colors_info=&#8221;{}&#8221;][et_pb_column type=&#8221;1_2&#8243; _builder_version=&#8221;4.27.4&#8243; _module_preset=&#8221;default&#8221; global_colors_info=&#8221;{}&#8221;][et_pb_heading title=&#8221;Az id\u0151 egy&#8221; _builder_version=&#8221;4.27.4&#8243; _module_preset=&#8221;default&#8221; title_level=&#8221;h2&#8243; title_text_align=&#8221;left&#8221; title_font_size=&#8221;34px&#8221; width=&#8221;100%&#8221; width_tablet=&#8221;100%&#8221; width_phone=&#8221;100%&#8221; width_last_edited=&#8221;on|phone&#8221; custom_padding=&#8221;15px|||||&#8221; animation_style=&#8221;fade&#8221; title_line_height_tablet=&#8221;&#8221; title_line_height_phone=&#8221;1.1em&#8221; title_line_height_last_edited=&#8221;on|phone&#8221; global_colors_info=&#8221;{}&#8221;][\/et_pb_heading][et_pb_text quote_border_color=&#8221;gcid-2ebbc52c-9ee6-4712-a077-fcaec9b98540&#8243; _builder_version=&#8221;4.27.4&#8243; _module_preset=&#8221;default&#8221; text_font=&#8221;&#8211;et_global_heading_font||||||||&#8221; text_text_color=&#8221;gcid-heading-color&#8221; text_font_size=&#8221;17px&#8221; text_line_height=&#8221;1.6em&#8221; header_text_align=&#8221;left&#8221; animation_style=&#8221;fade&#8221; animation_duration=&#8221;2000ms&#8221; text_font_size_tablet=&#8221;17px&#8221; text_font_size_phone=&#8221;17px&#8221; text_font_size_last_edited=&#8221;on|phone&#8221; text_line_height_tablet=&#8221;1.6em&#8221; text_line_height_phone=&#8221;1.4em&#8221; text_line_height_last_edited=&#8221;on|desktop&#8221; border_style_all=&#8221;inset&#8221; global_colors_info=&#8221;{%22gcid-2ebbc52c-9ee6-4712-a077-fcaec9b98540%22:%91%22quote_border_color%22,%22quote_border_color%22%93,%22gcid-heading-color%22:%91%22text_text_color%22%93}&#8221;]<\/p>\n<blockquote>\n<p>Az id\u0151 egy szuszogva kocog\u00f3 k\u00f6v\u00e9r kisfi\u00fa<\/p>\n<p>Magamra ismertem.minden stimmel.<br \/>Id\u0151 vagyok mert elm\u00falok.<br \/>Id\u0151s vagyok \u00e9s kiny\u00falok.<br \/>Egyid\u0151s vagyok<br \/>Az id\u0151 \u00e9n vagyok.a j\u00f3 is meg a rossz is.<br \/>Az id\u0151 \u00e8n vagyok..n\u00e9ha k\u00e9sek n\u00e9ha sietek<br \/>N\u00e9ha meg pont id\u0151ben vagyok.<br \/>N\u00e9ha meg csak egy pont vagyok.<br \/>Pont<br \/>Egy vagyok,mer egyed\u00fcl lenni j\u00f3.<br \/>Egy vagyok a sok k\u00f6z\u00fcl.<br \/>Egy vagyok \u00e9s egyet akarok.<br \/>Csak egy maradhat.<br \/>Csak egy,marad 6.<br \/>Szuszog\u00f3 vagyok<br \/>Szuszogva vagyok<br \/>Szuszogva \u00e9lek \u00e9s szuszogva fogok meghalni<br \/>M\u00e1r nem kocogok<br \/>K\u00f6v\u00e9r vagyok<br \/>Nem voltam mindig az de most az vagyok<br \/>K\u00f6v\u00e9rnek lenni nem j\u00f3(b\u00e1r ezt K\u00f6vit\u0151l kell megk\u00e9rdezni)<br \/>Engem nagyon zavar \u00e9s nagyon ideges\u00edt \u00e9s sz\u00e9gyellem magam miatta&#8230;.mert nem voltam mindig k\u00f6v\u00e9r.<br \/>De most az vagyok<\/p>\n<p>Kisfi\u00fa vagyok,tanulok b\u00e1nni az id\u0151vel.<br \/>Egy kisfi\u00fa vagyok csak.<br \/>Szuszogva vagyok kisfi\u00fa.<br \/>Tanulok tanulni<br \/>Tanulok mert kisfi\u00fa vagyok Lemaradtam,sok mindent nem tudok.<br \/>(Oszt\u00e1ly)t\u00e1rsaim hozz\u00e1k nekem a leck\u00e9t.<br \/>Fel lett adva<br \/>(M\u00e9g \u00e9pp)Id\u0151ben<\/p>\n<\/blockquote>\n<p>[\/et_pb_text][\/et_pb_column][et_pb_column type=&#8221;1_2&#8243; _builder_version=&#8221;4.27.4&#8243; _module_preset=&#8221;default&#8221; global_colors_info=&#8221;{}&#8221;][et_pb_heading title=&#8221;Az \u00edt\u00e9let&#8221; _builder_version=&#8221;4.27.4&#8243; _module_preset=&#8221;default&#8221; title_level=&#8221;h2&#8243; title_text_align=&#8221;left&#8221; title_font_size=&#8221;34px&#8221; width=&#8221;100%&#8221; width_tablet=&#8221;100%&#8221; width_phone=&#8221;100%&#8221; width_last_edited=&#8221;on|phone&#8221; custom_padding=&#8221;15px|||||&#8221; animation_style=&#8221;fade&#8221; title_line_height_tablet=&#8221;&#8221; title_line_height_phone=&#8221;1.1em&#8221; title_line_height_last_edited=&#8221;on|phone&#8221; locked=&#8221;off&#8221; global_colors_info=&#8221;{}&#8221;][\/et_pb_heading][et_pb_text quote_border_color=&#8221;gcid-2ebbc52c-9ee6-4712-a077-fcaec9b98540&#8243; _builder_version=&#8221;4.27.4&#8243; _module_preset=&#8221;default&#8221; text_font=&#8221;&#8211;et_global_heading_font||||||||&#8221; text_text_color=&#8221;gcid-heading-color&#8221; text_font_size=&#8221;17px&#8221; text_line_height=&#8221;1.6em&#8221; header_text_align=&#8221;left&#8221; custom_margin=&#8221;||-2px|||&#8221; animation_style=&#8221;fade&#8221; animation_duration=&#8221;2000ms&#8221; text_font_size_tablet=&#8221;17px&#8221; text_font_size_phone=&#8221;17px&#8221; text_font_size_last_edited=&#8221;on|phone&#8221; text_line_height_tablet=&#8221;1.6em&#8221; text_line_height_phone=&#8221;1.4em&#8221; text_line_height_last_edited=&#8221;on|desktop&#8221; border_style_all=&#8221;inset&#8221; locked=&#8221;off&#8221; global_colors_info=&#8221;{%22gcid-2ebbc52c-9ee6-4712-a077-fcaec9b98540%22:%91%22quote_border_color%22,%22quote_border_color%22%93,%22gcid-heading-color%22:%91%22text_text_color%22%93}&#8221;]<\/p>\n<blockquote>\n<p>Az \u00edt\u00e9let napj\u00e0n<br \/>Nincs v\u00e9gzet csak ha magad is bev\u00e9gzed<br \/>John connor addig szara-connor-kodott<br \/>M\u00edg neki csak a f\u00fcle jutott<br \/>Zimezumm zimezumm<br \/>Recefice bum bum bum a fejbe<br \/>Nem vagyok halott<br \/>Ezt hogy gondolod?<br \/>Haver,itt hever n\u00e9h\u00e1ny gondolat<br \/>Amit ha megragadsz<br \/>Megragasztassz n\u00e9h\u00e1ny t\u00f6r\u00f6tt \u00e1lmot<br \/>Amiket n\u00e9ha l\u00e1tok<br \/>L\u00e0tod!m\u00e0r nem pi\u00e1lok<br \/>Szavakat h\u00e1nyok<br \/>Verseket kre\u00e1lok<br \/>Sakkozom vel\u00fck<br \/>Teszem ide-oda<br \/>Tesze-tosza v\u00e9gn\u00e9lk\u00fclis\u00e9gben v\u00e9letlens\u00e9gben<br \/>Direkt v\u00e9gtelens\u00e9g\u00fckben a v\u00e9gtelen \u00e9n\u00fckbe<br \/>a v\u00e9gletek t\u00fckr\u00e9ben<br \/>t\u0171k\u00f6n \u0171l\u00f6k-pedig nem sz\u0171k\u00f6lk\u00f6d\u00f6k-nem is sietek sehova, ahova \u00e8n megyek ott mindig v\u00e1rnak <br \/>de a sz\u00fcrre\u00e1lis id\u0151 szeme mindent l\u00e1that<br \/>L\u00e1ttat,a val\u00f3s\u00e1g f\u00e1rad<br \/>A sz\u00edvem sz\u00e1rad <br \/>A kertben ,ahol hagytad<br \/>fotoszintetiz\u00e1l<br \/>Szinte kiz\u00e1rt-kiz\u00e1rom azt aki kritiz\u00e1l<br \/>F\u00e9nyt eszik<br \/>napra sz\u00e9p\u00fcl<br \/>napr\u00f3l napra \u00e9p\u00fcl<br \/>Egy nap csod\u00e1ra k\u00e9sz\u00fcl<br \/>Nincs v\u00e9gzet de \u00e9n bev\u00e9gzem<br \/>Helyettem nem v\u00e9gzi el senki<br \/>Kell itt valakinek lenni<br \/>Egy termin\u00e1tor<br \/>A m\u00e1sik termin\u00e1lb\u00f3l<br \/>Egy m\u00e1sik j\u00f6v\u0151b\u0151l<br \/>Megk\u00e9rdezem a szembe j\u00f6v\u0151t\u0151l<br \/>Az ott szemben a j\u00f6v\u0151<br \/>A j\u00f6v\u0151 szembe \u00f6tl\u0151?<br \/>M\u00f6g\u00f6ttem f\u00e9l ember\u00f6lt\u0151<br \/>M\u00f6g\u00f6ttem f\u00e9l-ember t\u00f6lt\u0151<br \/>El\u0151ttem f\u00e9l<\/p>\n<p>&nbsp;<\/p>\n<p>&nbsp;<\/p>\n<\/blockquote>\n<p>[\/et_pb_text][\/et_pb_column][\/et_pb_row][\/et_pb_section][et_pb_section fb_built=&#8221;1&#8243; _builder_version=&#8221;4.27.4&#8243; _module_preset=&#8221;default&#8221; custom_padding=&#8221;||0px|||&#8221; locked=&#8221;off&#8221; global_colors_info=&#8221;{}&#8221;][et_pb_row column_structure=&#8221;1_2,1_2&#8243; _builder_version=&#8221;4.27.4&#8243; _module_preset=&#8221;default&#8221; min_height=&#8221;89px&#8221; custom_margin=&#8221;-41px|auto||auto||&#8221; custom_padding=&#8221;||0px|||&#8221; global_colors_info=&#8221;{}&#8221;][et_pb_column type=&#8221;1_2&#8243; _builder_version=&#8221;4.27.4&#8243; _module_preset=&#8221;default&#8221; global_colors_info=&#8221;{}&#8221;][et_pb_heading title=&#8221;Baj van, baj,&#8221; _builder_version=&#8221;4.27.4&#8243; _module_preset=&#8221;default&#8221; title_level=&#8221;h2&#8243; title_text_align=&#8221;left&#8221; title_font_size=&#8221;34px&#8221; width=&#8221;100%&#8221; width_tablet=&#8221;100%&#8221; width_phone=&#8221;100%&#8221; width_last_edited=&#8221;on|phone&#8221; custom_padding=&#8221;15px|||||&#8221; animation_style=&#8221;fade&#8221; title_line_height_tablet=&#8221;&#8221; title_line_height_phone=&#8221;1.1em&#8221; title_line_height_last_edited=&#8221;on|phone&#8221; global_colors_info=&#8221;{}&#8221;][\/et_pb_heading][et_pb_text quote_border_color=&#8221;gcid-2ebbc52c-9ee6-4712-a077-fcaec9b98540&#8243; _builder_version=&#8221;4.27.4&#8243; _module_preset=&#8221;default&#8221; text_font=&#8221;&#8211;et_global_heading_font||||||||&#8221; text_text_color=&#8221;gcid-heading-color&#8221; text_font_size=&#8221;17px&#8221; text_line_height=&#8221;1.6em&#8221; header_text_align=&#8221;left&#8221; animation_style=&#8221;fade&#8221; animation_duration=&#8221;2000ms&#8221; text_font_size_tablet=&#8221;17px&#8221; text_font_size_phone=&#8221;17px&#8221; text_font_size_last_edited=&#8221;on|phone&#8221; text_line_height_tablet=&#8221;1.6em&#8221; text_line_height_phone=&#8221;1.4em&#8221; text_line_height_last_edited=&#8221;on|desktop&#8221; border_style_all=&#8221;inset&#8221; global_colors_info=&#8221;{%22gcid-2ebbc52c-9ee6-4712-a077-fcaec9b98540%22:%91%22quote_border_color%22,%22quote_border_color%22%93,%22gcid-heading-color%22:%91%22text_text_color%22%93}&#8221;]<\/p>\n<blockquote>\n<p>Baj van, baj, .<br \/>Gyenge a f\u0171, h\u00fclye a csaj<br \/>Nedves a doh\u00e1ny, kev\u00e9s a l\u00e9<br \/>Baj van, baj, ez nem ok\u00e9<\/p>\n<p>Itt van ez a mikrofon \u00e9s nekem mondanom kell vmit<br \/>Itt van ez a rettenetes mikrofon \u00e9s nekem mondanom kell vmit<br \/>Itt van ez a hatalmas rettenetes mikrofon \u00e9s nekem mondanom kell vmit<br \/>H\u00f6lgyeim \u00e9s uraim \u00f6n\u00f6k biztosak abban h nekem mondanom kell vmit?<br \/>Kem\u00e9ny Zs\u00f3fi egyszer azt mondta:az is slam ha vki 3 percig<br \/>n\u00e9m\u00e1n \u00e1ll a sz\u00ednpadon<br \/>\u00d6n\u00f6k szerint ez lesz az????<\/p>\n<p>Vagy ez egy v\u00e9gtelen lass\u00fa egyszer\u0171 mondat aminek az alanya \u00e9s t\u00e1rgya sosem tal\u00e1lkozik<br \/>Vagy ez egy v\u00e9gtelen hossz\u00fa pillanat amikor k\u00e9t p\u00e1rhuzamos sosem tal\u00e1lkozik<\/p>\n<p>H\u00f6lgyeim \u00e9s uraim a val\u00f3s\u00e1ggal nem az a baj h nincs hozz\u00e1 h\u00e1tt\u00e9rzene hanem h nem nekem val\u00f3<br \/>Nem nekem val\u00f3-s\u00e1g<br \/>A magyar val\u00f3s\u00e1g nem nekem val\u00f3<br \/>A magyar val\u00f3 nekem nem val\u00f3s\u00e1g<\/p>\n<p>H\u00f6lgyeim \u00e9s uraim tudj\u00e1k mi a legnagyobb baj?<br \/>Hogy a fejemben \u00e9n vagyok a valaha \u00e9lt legnagyobb slammer<br \/>De kimondva a szavak olyan esetlenek mint \u00e8n vagyok itt a sz\u00ednpadon..<br \/>Ahogy \u00edgy fel-felt\u00f6rnek<br \/>Ahogy \u00edgy meg-megl\u00f6knek<br \/>Ahogy bucsk\u00e1znak a leveg\u0151ben<br \/>A szavak v\u00e9g\u00e9t m\u00e9g el-elkapom<br \/>De a mondatokba m\u00e1r bele-belekeveredek<br \/>Szavaid v\u00e9g\u00e9t m\u00e9g elkapom<br \/>De mondataidba m\u00e1r belekeveredek<br \/>Pillant\u00e1sod m\u00e9g el-elkapom<br \/>de azt\u00e1n hagyom h bele vesszen k\u00f6nnyied n\u00e8ma tenger\u00e9be<\/p>\n<p>\u00c9s most h\u00f6lgyeim \u00e9s uraim<br \/>J\u00f6jj\u00f6n a v\u00e9g a katartikus befejez\u00e9s<br \/>De ehhez megk\u00e9rem \u00f6n\u00f6ket csukj\u00e1k be a szem\u00fcket <br \/>Mert mi van akkor ha ez a bolyg\u00f3 <br \/>egy m\u00e1sikra naprendszer m\u00e1sik bolyg\u00f3j\u00e1nak a pokla????<br \/>Most mire gondolsz?<br \/>Most mit is mondhatn\u00e9k?<\/p>\n<\/blockquote>\n<p>[\/et_pb_text][\/et_pb_column][et_pb_column type=&#8221;1_2&#8243; _builder_version=&#8221;4.27.4&#8243; _module_preset=&#8221;default&#8221; global_colors_info=&#8221;{}&#8221;][et_pb_heading title=&#8221;Beadom&#8221; _builder_version=&#8221;4.27.4&#8243; _module_preset=&#8221;default&#8221; title_level=&#8221;h2&#8243; title_text_align=&#8221;left&#8221; title_font_size=&#8221;34px&#8221; width=&#8221;100%&#8221; width_tablet=&#8221;100%&#8221; width_phone=&#8221;100%&#8221; width_last_edited=&#8221;on|phone&#8221; custom_padding=&#8221;15px|||||&#8221; animation_style=&#8221;fade&#8221; title_line_height_tablet=&#8221;&#8221; title_line_height_phone=&#8221;1.1em&#8221; title_line_height_last_edited=&#8221;on|phone&#8221; locked=&#8221;off&#8221; global_colors_info=&#8221;{}&#8221;][\/et_pb_heading][et_pb_text quote_border_color=&#8221;gcid-2ebbc52c-9ee6-4712-a077-fcaec9b98540&#8243; _builder_version=&#8221;4.27.4&#8243; _module_preset=&#8221;default&#8221; text_font=&#8221;&#8211;et_global_heading_font||||||||&#8221; text_text_color=&#8221;gcid-heading-color&#8221; text_font_size=&#8221;17px&#8221; text_line_height=&#8221;1.6em&#8221; header_text_align=&#8221;left&#8221; custom_margin=&#8221;||-2px|||&#8221; animation_style=&#8221;fade&#8221; animation_duration=&#8221;2000ms&#8221; text_font_size_tablet=&#8221;17px&#8221; text_font_size_phone=&#8221;17px&#8221; text_font_size_last_edited=&#8221;on|phone&#8221; text_line_height_tablet=&#8221;1.6em&#8221; text_line_height_phone=&#8221;1.4em&#8221; text_line_height_last_edited=&#8221;on|desktop&#8221; border_style_all=&#8221;inset&#8221; locked=&#8221;off&#8221; global_colors_info=&#8221;{%22gcid-2ebbc52c-9ee6-4712-a077-fcaec9b98540%22:%91%22quote_border_color%22,%22quote_border_color%22%93,%22gcid-heading-color%22:%91%22text_text_color%22%93}&#8221;]<\/p>\n<blockquote>\n<p>Beadom magamnak <br \/>Kiadom magamb\u00f3l<br \/>Valahol zene sz\u00f3l<br \/>Nem vagyok j\u00f3l nem vagyok j\u00f3l<br \/>nem l\u00e1tok j\u00f3l ett\u0151l a v\u00e1rost\u00f3l<br \/>mindenki fuldokol full pokol<br \/>Dj hal\u00e1l lemezt pakol<br \/>T\u00e1ncolok \u00e9s belehalok<br \/>Nem sz\u00e1m\u00edtanak a holnapok<br \/>Hol lakom j\u00f3l lakom<br \/>M\u00e1r engem sem \u00e9rdekel az alakom<br \/>Fullaszt\u00f3 ez a forr\u00f3s\u00e1g<br \/>nem tudom majd hogy hat r\u00e1m<br \/>Ha h\u00e9t el\u0151tt \u00e9bredek<br \/>neked majd m\u00e0s leszek<br \/>Megveszek megvesznek<br \/>Felt\u00e9tnek feltesznek<br \/>Magam alatt v\u00e1gom a f\u00e1t<br \/>Mint egy teleport\u00e1lt faszobr\u00e1sz<br \/>Faszombat faszamba<br \/>Nem gondolok magamra<br \/>magamra \u00f6nt\u00f6m<br \/>Magamra k\u00f6lt\u00f6m <br \/>Ami az \u00fcvegben maradt m\u00e9g kit\u00f6lt\u00f6m<br \/>Mindennap egy m\u00e1sik b\u00f6rt\u00f6n<br \/>teli torokb\u00f3l azt \u00fcv\u00f6lt\u00f6m<br \/>Nem vagyok j\u00f3l nem vagyok j\u00f3l<br \/>H\u00e1nyingerem van magamt\u00f3l<br \/>De nem b\u00e1nom, r\u00e1 v\u00e1gyom <br \/>Mega mag\u00e1nyomban megv\u00e1rom<br \/>Magamba n\u00e9zek m\u00e1st l\u00e1tok<br \/>M\u00e1st l\u00e1tok hallucin\u00e1lok<br \/>A val\u00f3s\u00e1got k\u00e9rem sz\u00e9pen<br \/>Sz\u00e9pen k\u00e9rem visszacser\u00e9lem<br \/>Rem\u00e9lem ez nem az \u00e9n v\u00e9rem<br \/>Ez nem az \u00e9n asztalom<br \/>Ez nem az \u00e9n anyagom<br \/>A dosszi\u00e9mat visszaadom<br \/>Jelent\u00e9sem visszakapom<br \/>Amiben megj\u00f3solt\u00e1k<br \/>Jelent\u00e9ktelen l\u00e9tform\u00e1m<br \/>Szarul \u00e1llok a l\u00e9tfrontj\u00e1n<br \/>Egyform\u00e1n egy hegy orm\u00e1n<br \/>\u00dcd\u00edt\u0151en hat egy f\u00e9ny forr\u00e1s<br \/>A barlangban a rajzok<br \/>Ugyanazt a mondatot hallom<br \/>Nem vagyok j\u00f3l nem vagyok j\u00f3l<br \/>A harangsz\u00f3l<br \/>Te meg haragszol<br \/>Nem v\u00e1laszolsz nem v\u00e1laszol<br \/>Steve h\u00edvja a F\u00f6ldet<br \/>F\u00f6ld jelentkezz<br \/>Csin\u00e1lj forradalmat ne szeretkezz<br \/>Gyerekb\u0151l van m\u00e1r el\u00e9g<br \/>Nyakamon a t\u00faln\u00e9pesed\u00e9s<br \/>Nyakamon quillotine<br \/>\u00c9des a k\u00edn<br \/>Keser\u0171 a m\u00e9z<br \/>Megal\u00e1z\u00f3 kiel\u00e9g\u00fcl\u00e9s<br \/>Lefejez ez a fejetlens\u00e9g<br \/>Fejet hajtok a cs\u00e1sz\u00e1rnak <br \/>J\u00f3l \u00e1ll az \u00faj ruh\u00e1ja<br \/>De alatta meztelen<br \/>A b\u00e9k\u00e9s harcos nesztelen<br \/>\u00c9n meg eszetlen<br \/>Szertefoszlottan szertelen<br \/>Szeretn\u00e9m mondan\u00e1m<br \/>De m\u00e1s alakot form\u00e1z a sz\u00e1m<br \/>Nem vagyok j\u00f3l nem vagyok j\u00f3l<br \/>Mindig a m\u00e1sikat a tucatb\u00f3l<br \/>Mindig a m\u00e1sikat mindig a m\u00e1sodikat<br \/>Az els\u0151t mindig lek\u00e9sem<br \/>Valahogy mindig ben\u00e9zem<br \/>A bajt tet\u00e9zem<br \/>Keresem az \u00e9n r\u00e9szem<br \/>megeszem f\u00e9lk\u00e8szen<br \/>Izlik majd m\u00e1sk\u00e9ppen<br \/>Nem tal\u00e1lom a t\u00e9rk\u00e9pen<br \/>Megint elk\u00e9stem<br \/>Bocs\u00e1natot k\u00e9rtem<br \/>Elh\u00fazok sz\u00e9lv\u00e9szen<br \/>Kiengedett v\u00e9szf\u00e9kkel<br \/>Lesz\u00e1ll\u00edtott \u00e9rt\u00e9kkel<br \/>Valaki alul \u00e9rt\u00e9kel<br \/>Nem tudok inni m\u00e9rt\u00e9kkel<br \/>Nem vagyok j\u00f3l nem vagyok j\u00f3l<br \/>Elpusztulok ett\u0151l a vil\u00e1gt\u00f3l<\/p>\n<\/blockquote>\n<p>[\/et_pb_text][\/et_pb_column][\/et_pb_row][\/et_pb_section][et_pb_section fb_built=&#8221;1&#8243; _builder_version=&#8221;4.27.4&#8243; _module_preset=&#8221;default&#8221; custom_padding=&#8221;||0px|||&#8221; locked=&#8221;off&#8221; global_colors_info=&#8221;{}&#8221;][et_pb_row column_structure=&#8221;1_2,1_2&#8243; _builder_version=&#8221;4.27.4&#8243; _module_preset=&#8221;default&#8221; min_height=&#8221;89px&#8221; custom_margin=&#8221;-41px|auto||auto||&#8221; custom_padding=&#8221;||0px|||&#8221; global_colors_info=&#8221;{}&#8221;][et_pb_column type=&#8221;1_2&#8243; _builder_version=&#8221;4.27.4&#8243; _module_preset=&#8221;default&#8221; global_colors_info=&#8221;{}&#8221;][et_pb_heading title=&#8221;Bek\u00f6t\u00f6tt szemmel&#8221; _builder_version=&#8221;4.27.4&#8243; _module_preset=&#8221;default&#8221; title_level=&#8221;h2&#8243; title_text_align=&#8221;left&#8221; title_font_size=&#8221;34px&#8221; width=&#8221;100%&#8221; width_tablet=&#8221;100%&#8221; width_phone=&#8221;100%&#8221; width_last_edited=&#8221;on|phone&#8221; custom_padding=&#8221;15px|||||&#8221; animation_style=&#8221;fade&#8221; title_line_height_tablet=&#8221;&#8221; title_line_height_phone=&#8221;1.1em&#8221; title_line_height_last_edited=&#8221;on|phone&#8221; global_colors_info=&#8221;{}&#8221;][\/et_pb_heading][et_pb_text quote_border_color=&#8221;gcid-2ebbc52c-9ee6-4712-a077-fcaec9b98540&#8243; _builder_version=&#8221;4.27.4&#8243; _module_preset=&#8221;default&#8221; text_font=&#8221;&#8211;et_global_heading_font||||||||&#8221; text_text_color=&#8221;gcid-heading-color&#8221; text_font_size=&#8221;17px&#8221; text_line_height=&#8221;1.6em&#8221; header_text_align=&#8221;left&#8221; animation_style=&#8221;fade&#8221; animation_duration=&#8221;2000ms&#8221; text_font_size_tablet=&#8221;17px&#8221; text_font_size_phone=&#8221;17px&#8221; text_font_size_last_edited=&#8221;on|phone&#8221; text_line_height_tablet=&#8221;1.6em&#8221; text_line_height_phone=&#8221;1.4em&#8221; text_line_height_last_edited=&#8221;on|desktop&#8221; border_style_all=&#8221;inset&#8221; global_colors_info=&#8221;{%22gcid-2ebbc52c-9ee6-4712-a077-fcaec9b98540%22:%91%22quote_border_color%22,%22quote_border_color%22%93,%22gcid-heading-color%22:%91%22text_text_color%22%93}&#8221;]<\/p>\n<blockquote>\n<p>Becsukott szemmel,elengedett k\u00e9zzel<br \/>F\u00e9lelmekkel,k\u00e9ts\u00e9gekkel tele<br \/>Elindulok<br \/>Mert az \u00fat a l\u00e9nyeg<br \/>Megk\u00fczd\u00f6k m.indennel ami szembe j\u00f6n<\/p>\n<p>V\u00e9kony vonalon egyens\u00falyozok<\/p>\n<p>Rezzen\u00e9stelen arccal l\u00e9pek a k\u00f6z\u00f6ny falai m\u00f6g\u00e9<br \/>Fill\u00e9res f\u00e9lelmeim f\u00e1radtan figyelnek<br \/>\u00c1t\u00f6lel az elm\u00fal\u00e1s<br \/>\u00c9s \u00e9n negadom magam<\/p>\n<p>N\u00e9ha elb\u00fajn\u00e9k:a vil\u00e1g el\u0151l,a gondolataim el\u0151l,\u00e9rz\u00e9seim el\u0151l<br \/>Hagyjatok most vagy hagyjatok \u00f6r\u00f6kre<br \/>De tudom: magam el\u0151l nincs mened\u00e9k<\/p>\n<p>Kil\u00e9pek a f\u00e9nyre<br \/>Megmutatom magam<br \/>\u00dcres utc\u00e1kon kicipzarozom a hajnalt<br \/>\u00c9bredj isten!<br \/>Itt vagyok<br \/>Nyitott sz\u00edvvel<br \/>Mert \u00e9n m\u00e1r nem akarok b\u00e1ntani senkit<br \/>\u00c9n m\u00e1r nem<br \/>\u00c9n m\u00e1r <br \/>\u00c9n&#8230;&#8230;<br \/>Lassan elmondok mindent amit csak lehet <br \/>Mit tehetek m\u00e1s egyebet?<br \/>Ahogy az ereimben l\u00fcktet a v\u00e9r <br \/>A sejteim azt \u00fcv\u00f6ltik h ennyi nem el\u00e9g !!!!<br \/>Nem k\u00e9rem h meg\u00e9rts,csak fogadj el!<br \/>Ezt vehetem \u00fagy mint egy isteni jel<br \/>Ami j\u00e1r k\u00e9zr\u0151l k\u00e9zre<br \/>H\u00e1t nem veszed \u00e9szre?????<\/p>\n<p>H\u00e1t nem veszed \u00e9szre?<br \/>H\u00e1t nem?<\/p>\n<p>Homokszemcs\u00e9k k\u00f6zt megvakult szem<br \/>csak az \u00fcvegbe z\u00e1rt id\u0151,<br \/>Mert a fekete-feh\u00e9r k\u00e9pek csak peregnek mint egy n\u00e9ma film <br \/>\u00c9n meg csak \u00e1llok tehetetlen\u00fcl m\u00edg<br \/>az \u00e9let elp\u00e1rolog<br \/>a reggeli nap hom\u00e1ly\u00e1ban,<br \/>m\u00e9lyen, az ag\u00f3nia f\u00e1radt partjai alatt<\/p>\n<p>Azt\u00e1n elindulok \u00fajra meg \u00fara meg \u00fajra<\/p>\n<p>Az \u00e9let hajsz\u00e1l v\u00e9kony reped\u00e9sei k\u00f6zt t\u00e1ncolok<br \/>De elindulok<br \/>\u00dajra meg \u00fajra meg \u00fajra<br \/>F\u00e9lelmekkel,k\u00e9ts\u00e9gekkel tele <br \/>Mert az \u00fat a l\u00e9nyeg<\/p>\n<p>De m\u00e1r nyitott szemmel<br \/>Kapaszkod\u00f3kat fogodzkod\u00f3kat keresve<br \/>Nehogy lezuhanyjak<\/p>\n<p>Meg-meg \u00e1llok<br \/>Visszamegyek<br \/>\u00dajra gondolom<br \/>Meg\u00e1llok <br \/>Visszaj\u00f6v\u00f6k<br \/>\u00dajra gondolom <br \/>\u00dajra meg \u00fajra meg \u00fajra<\/p>\n<p>\u00c1trendezem a rendet<br \/>Berendezem az \u00e9letemet<\/p>\n<p>\u00dajra meg \u00fajra meg \u00fajra<\/p>\n<p>Keskeny az \u00fat amin l\u00e9pkedek<\/p>\n<p>V\u00e9kony vonalon egyens\u00falyozok<br \/>Elengedett k\u00e9zzel,nyitott szemmel,\u00f3vatosan:<br \/>Nehogy f\u00e9lre l\u00e9pjek<br \/>Nehogy lezuhanjak&#8230;..<\/p>\n<p>J\u00e9zus arc\u00e1t l\u00e1tom<br \/>Amag\u00e1ny kibillen az egyens\u00faly\u00e1b\u00f3l<\/p>\n<p>Rezzen\u00e9stelen arccal l\u00e9pek a k\u00f6z\u00f6ny, falai m\u00f6g\u00e9<\/p>\n<p>Es mint megannyi apr\u00f3 par\u00e1zs ,felizzik a v\u00e1gy utols\u00f3 szikr\u00e1ja<\/p>\n<p>Arcomon aggok agg\u00e1lyai <br \/>Testemben tespedt tehetetlens\u00e9g<br \/>Homokszemcs\u00e9k k\u00f6zt \u00f6rl\u0151dik az id\u0151<\/p>\n<\/blockquote>\n<p>[\/et_pb_text][\/et_pb_column][et_pb_column type=&#8221;1_2&#8243; _builder_version=&#8221;4.27.4&#8243; _module_preset=&#8221;default&#8221; global_colors_info=&#8221;{}&#8221;][et_pb_heading title=&#8221;Crazy slam&#8221; _builder_version=&#8221;4.27.4&#8243; _module_preset=&#8221;default&#8221; title_level=&#8221;h2&#8243; title_text_align=&#8221;left&#8221; title_font_size=&#8221;34px&#8221; width=&#8221;100%&#8221; width_tablet=&#8221;100%&#8221; width_phone=&#8221;100%&#8221; width_last_edited=&#8221;on|phone&#8221; custom_padding=&#8221;15px|||||&#8221; animation_style=&#8221;fade&#8221; title_line_height_tablet=&#8221;&#8221; title_line_height_phone=&#8221;1.1em&#8221; title_line_height_last_edited=&#8221;on|phone&#8221; locked=&#8221;off&#8221; global_colors_info=&#8221;{}&#8221;][\/et_pb_heading][et_pb_text quote_border_color=&#8221;gcid-2ebbc52c-9ee6-4712-a077-fcaec9b98540&#8243; _builder_version=&#8221;4.27.4&#8243; _module_preset=&#8221;default&#8221; text_font=&#8221;&#8211;et_global_heading_font||||||||&#8221; text_text_color=&#8221;gcid-heading-color&#8221; text_font_size=&#8221;17px&#8221; text_line_height=&#8221;1.6em&#8221; header_text_align=&#8221;left&#8221; custom_margin=&#8221;||-2px|||&#8221; animation_style=&#8221;fade&#8221; animation_duration=&#8221;2000ms&#8221; text_font_size_tablet=&#8221;17px&#8221; text_font_size_phone=&#8221;17px&#8221; text_font_size_last_edited=&#8221;on|phone&#8221; text_line_height_tablet=&#8221;1.6em&#8221; text_line_height_phone=&#8221;1.4em&#8221; text_line_height_last_edited=&#8221;on|desktop&#8221; border_style_all=&#8221;inset&#8221; locked=&#8221;off&#8221; global_colors_info=&#8221;{%22gcid-2ebbc52c-9ee6-4712-a077-fcaec9b98540%22:%91%22quote_border_color%22,%22quote_border_color%22%93,%22gcid-heading-color%22:%91%22text_text_color%22%93}&#8221;]<\/p>\n<blockquote>\n<p>Ez csak egy \u0151r\u00fclt slam semmit sem akar<br \/>\u00c1pol v\u00e9d tal\u00e1n eltakar<br \/>Vagy mindent felkavar \u00f6sszezavar<br \/>Ami nem baj<br \/>Mert kell egy kis anarchia<br \/>Ha m\u00e1r nincs t\u00f6bb pia<br \/>Megitta mindet a maffia<br \/>Kih\u00e1nyta a feh\u00e9r l\u00f3 fia<br \/>Minden \u00f3ra m\u00e1s id\u0151t mutat <br \/>a k\u00e1osz az agyamban kutat<br \/>\u00c9n adok neki szabad utat<br \/>Magammal nem k\u00f6t\u00f6k alkukat<br \/>J\u00f6v\u00f6k le a l\u00e9pcs\u0151n mintha j\u00f6nn\u00e9k le az anyagr\u00f3l<br \/>Sz\u00e1raz m\u00e9reg \u00e1rad a falakb\u00f3l<br \/>B\u00e1natos vagyok a szomor\u00fa szavakt\u00f3l<br \/>De felvidulok majd a k\u00f6vetkez\u0151 adagt\u00f3l<br \/>Csak halucin\u00e1lom hogy \u00e9lek<br \/>J\u00e1tszanak velem a g\u00e9nek<br \/>\u00c9letben tartanak a g\u00e9pek<br \/>Villognak a f\u00e9nyek<br \/>A diszk\u00f3 balesett\u0151l f\u00e9lek<br \/>Hazudnak a k\u00e9mnek<br \/>J\u00f6nnek az idegen l\u00e8nyek<br \/>Az x akt\u00e1kat n\u00e9zem<br \/>Megjelenik a jelen\u00e9sek k\u00f6nyve<br \/>jeltelen jelenetekkel t\u00f6mve<br \/>A s\u00e1t\u00e1nnak folyik a k\u00f6nnye<br \/>Isten megint ki van r\u00f6h\u00f6gve<br \/>Ut\u00f3pisztikus Apokalipszis <br \/>epilepszi\u00e1s elipszis<br \/>A csajom csak n\u00e9ha hisztis<br \/>Vele j\u00f3 m\u00e9g a rossz is<br \/>A v\u00f6r\u00f6s s\u00e1rk\u00e1ny \u00e9s a napba \u00f6lt\u00f6z\u00f6tt n\u0151<br \/>A fekete angyal \u00e9s a hozz\u00e1m nem k\u00f6lt\u00f6z\u00f6tt n\u0151<br \/>K\u00ecv\u00fcl gy\u00f6ny\u00f6r\u0171 de bel\u0171lr\u0151l rohad<br \/>N\u00e9gyk\u00e9zl\u00e1b v\u00e1rja t\u0151lem a jutalom falatokat<br \/>De ez csak egy crazy slam semmit sem akar <br \/>Nem v\u00e9d meg el\u00e1tkoz azt\u00e1n puha kezeivel eltakar<br \/>Vagy csak a k\u00e9pzeletem j\u00e1tszik velem<br \/>Hagyom vagy elengedem<br \/>Gy\u0171l\u00f6l\u00f6m de szerethetem<br \/>Kiz\u00e1rom vagy beengedem<br \/>pap feladja az utols\u00f3 kenetet<br \/>El\u0151tte megk\u00e9rem a kezedet<br \/>izzad a tenyerem<br \/>De ezt a pirul\u00e1t m\u00e9g lenyelem<br \/>Lepakt\u00e1lok a frakt\u00e1llal<br \/>Szemezek egy Park t\u00e1llal<br \/>Fant\u00e1zi\u00e1lok M\u00f3nik\u00e1val<br \/>El\u00e9lvezek egy mantr\u00e1val<br \/>R\u00e1kattanok a go\u00e1ra<br \/>Nem v\u00e1rhatok a csod\u00e1ra<br \/>R\u00e1bukkanok a nyom\u00e1ra<br \/>Nem eshetek pof\u00e1ra<br \/>Nappal vagyok \u00e9jszak\u00e1s<br \/>Te meg csak t\u00e1ncolsz a sz\u00edvemen \u00e1t<br \/>kiz\u00f6ld\u00fclt a k\u00e9kszak\u00e1ll<br \/>Ut\u00e1lom az \u00e1ri\u00e1t<br \/>De ez csak egy \u0151r\u00fclt slam<br \/>J\u00e1tszd \u00fajra Sam!<br \/>Mindent l\u00e1t a 3. szem<br \/>A sz\u00edvem egy szkafanderben<br \/>Az \u00f6rd\u00f6g a farzsebemben<br \/>El\u0151h\u00fazom mint a piros \u00e1szt<br \/>Csak tudn\u00e1m mit vacil\u00e1lsz?<br \/>Nem tudod melyik oldalon \u00e1llsz?<br \/>L\u00e1tni akarom ahogy maszturb\u00e1lsz<br \/>Hogy a faszba tudn\u00e1lak szeretni ha gy\u0171l\u00f6l\u00f6m magam?<br \/>Ha m\u00e1st mondd a sz\u00ecvem \u00e9s m\u00e1st az agyam<br \/>Ha \u00e9letem c\u00e9ltalan<br \/>S\u00falytalan sz\u00e1nalmas minden szavam<br \/>Lehet h ez az utols\u00f3 nyaram?<br \/>Ha ekkora marad a hasam<br \/>Mer ez csak egy kr\u00e9zi szlem<br \/>Ami mindent akar<br \/>Felizgat megnyugtat \u00e1pol \u00e9s betakar<\/p>\n<\/blockquote>\n<p>[\/et_pb_text][\/et_pb_column][\/et_pb_row][\/et_pb_section][et_pb_section fb_built=&#8221;1&#8243; _builder_version=&#8221;4.27.4&#8243; _module_preset=&#8221;default&#8221; custom_padding=&#8221;||0px|||&#8221; locked=&#8221;off&#8221; global_colors_info=&#8221;{}&#8221;][et_pb_row column_structure=&#8221;1_2,1_2&#8243; _builder_version=&#8221;4.27.4&#8243; _module_preset=&#8221;default&#8221; min_height=&#8221;89px&#8221; custom_margin=&#8221;-41px|auto||auto||&#8221; custom_padding=&#8221;||0px|||&#8221; global_colors_info=&#8221;{}&#8221;][et_pb_column type=&#8221;1_2&#8243; _builder_version=&#8221;4.27.4&#8243; _module_preset=&#8221;default&#8221; global_colors_info=&#8221;{}&#8221;][et_pb_heading title=&#8221;D\u00f6nteni&#8221; _builder_version=&#8221;4.27.4&#8243; _module_preset=&#8221;default&#8221; title_level=&#8221;h2&#8243; title_text_align=&#8221;left&#8221; title_font_size=&#8221;34px&#8221; width=&#8221;100%&#8221; width_tablet=&#8221;100%&#8221; width_phone=&#8221;100%&#8221; width_last_edited=&#8221;on|phone&#8221; custom_padding=&#8221;15px|||||&#8221; animation_style=&#8221;fade&#8221; title_line_height_tablet=&#8221;&#8221; title_line_height_phone=&#8221;1.1em&#8221; title_line_height_last_edited=&#8221;on|phone&#8221; global_colors_info=&#8221;{}&#8221;][\/et_pb_heading][et_pb_text quote_border_color=&#8221;gcid-2ebbc52c-9ee6-4712-a077-fcaec9b98540&#8243; _builder_version=&#8221;4.27.4&#8243; _module_preset=&#8221;default&#8221; text_font=&#8221;&#8211;et_global_heading_font||||||||&#8221; text_text_color=&#8221;gcid-heading-color&#8221; text_font_size=&#8221;17px&#8221; text_line_height=&#8221;1.6em&#8221; header_text_align=&#8221;left&#8221; animation_style=&#8221;fade&#8221; animation_duration=&#8221;2000ms&#8221; text_font_size_tablet=&#8221;17px&#8221; text_font_size_phone=&#8221;17px&#8221; text_font_size_last_edited=&#8221;on|phone&#8221; text_line_height_tablet=&#8221;1.6em&#8221; text_line_height_phone=&#8221;1.4em&#8221; text_line_height_last_edited=&#8221;on|desktop&#8221; border_style_all=&#8221;inset&#8221; global_colors_info=&#8221;{%22gcid-2ebbc52c-9ee6-4712-a077-fcaec9b98540%22:%91%22quote_border_color%22,%22quote_border_color%22%93,%22gcid-heading-color%22:%91%22text_text_color%22%93}&#8221;]<\/p>\n<blockquote>\n<p>Mott\u00f3<br \/>Istenem.adj b\u00e1tors\u00e1got h v\u00e1ltoztassak azon amin tudok<\/p>\n<p>&nbsp;<\/p>\n<p>\u00d6n d\u00f6nt iszik vagy vezet?<br \/>\u00c9n d\u00f6nt\u00f6ttem:mindkett\u0151t egyszerre.mint nicolas cage a v\u00e9g\u00e1llom\u00e1s las vegasban.csak \u00e9n nem kaptam oscar d\u00edjat.pedig volt n\u00e9h\u00e1ny nagy alak\u00edt\u00e1som.volt n\u00e9h\u00e1ny felejthetetlen alak\u00edt\u00e1som<br \/>De nem \u00e9n alak\u00edtottam a dolgokat azok form\u00e1ltak engem&#8230;.az alkohol tudat sz\u0171k\u00edt\u0151 hat\u00e1sa alatt hat\u00e1stalan volt minden pr\u00f3b\u00e1lkoz\u00e1s..nem volt v\u00e1laszt\u00e1s..hi\u00e1ba is akartam nem tudtam d\u00f6nteni..de nem volt baj..eld\u00f6nt\u00f6nt\u00f6tt\u00e9k helyettem.hol dolgozzak mit egyek mit igyak..ja.na azt nem .azt az egyet nem!azt mindig is tudtam pontosan:m\u00e9g egyet m\u00e9g t\u00f6bbet legt\u00f6bbet<br \/>K\u00e9s\u0151bb kineveztem magam a rossz d\u00f6nt\u00e9shoz\u00e1s vil\u00e1gbajnok\u00e1nak<br \/>De most m\u00e1r tudom betegs\u00e9gem nem engedte a j\u00f3 d\u00f6nt\u00e9st..hiszen egy tiszta pillanatom sem volt hogyan v\u00e1lszthattam volna j\u00f3 \u00e9s rossz k\u00f6z\u00f6tt..olyan nem volt..<br \/>Csak k\u00e9nyszeres megsz\u00e1llott \u00f6npuszt\u00edt\u00f3 &#8230;<br \/>Azt\u00e1n elj\u00f6tt az id\u0151 amikor m\u00e1r a legfontosabb dologr\u00f3l kellett d\u00f6ntenem<br \/>Lenni vagy nem lenni az itt a k\u00e9rd\u00e9s?<br \/>Mikor nemes a l\u00e9lek?<br \/>Ha hullar\u00e9szeg?<br \/>Mikor t\u0171ri a haszn\u00e1lat \u00f6sszes k\u00ednj\u00e1t???<br \/>Vagy ha fell\u00e1zad fegyvert ragad \u00e9s meg\u00e1lljt parancsol az \u0151r\u00fcletnek.<br \/>Nekem ez siker\u00fclt..n\u00e9h\u00e1nyunknak ez siker\u00fclt<br \/>Igaz 22 \u00e9vig tartott..de m\u00e1r nem sz\u00e1m\u00edt..az sz\u00e1m\u00edt h itt vagyok..veletek!!<br \/>Veletek vagyok itt!!!<br \/>D\u00f6nteni most is kell<br \/>Igen vagy nem<br \/>Fekete vagy feh\u00e9r<br \/>Ide vagy oda<br \/>Inni vagy nem inni<br \/>Vele vagy n\u00e9lk\u00fcle<br \/>Veletek vagy n\u00e9lk\u00fcletek<br \/>Az \u00e9n d\u00f6nt\u00e9sem egy\u00e9rtelm\u0171<br \/>Francba a bonyol\u00edt\u00e1ssal..tedd egyszer\u0171en ha vel\u00fcnk vagy a nagy dolgokban sokkal t\u00f6bbre m\u00e9sz!<br \/>Ennyi \u00e9s k\u00e9sz<br \/>Az ember tervez a fels\u0151bb er\u0151 v\u00e9gez<br \/>Ez illik a 12l\u00e9p\u00e9s gondolatmenet\u00e9hez<br \/>Seg\u00edt a kih\u00edv\u00e1sok lek\u00fczd\u00e9s\u00e9ben<br \/>\u00c9s \u00f6nmagam beteljes\u00edt\u00e9s\u00e9ben<\/p>\n<p>&nbsp;<\/p>\n<\/blockquote>\n<p>[\/et_pb_text][\/et_pb_column][et_pb_column type=&#8221;1_2&#8243; _builder_version=&#8221;4.27.4&#8243; _module_preset=&#8221;default&#8221; global_colors_info=&#8221;{}&#8221;][et_pb_heading title=&#8221;D\u00f6ntetlen_&#8221; _builder_version=&#8221;4.27.4&#8243; _module_preset=&#8221;default&#8221; title_level=&#8221;h2&#8243; title_text_align=&#8221;left&#8221; title_font_size=&#8221;34px&#8221; width=&#8221;100%&#8221; width_tablet=&#8221;100%&#8221; width_phone=&#8221;100%&#8221; width_last_edited=&#8221;on|phone&#8221; custom_padding=&#8221;15px|||||&#8221; animation_style=&#8221;fade&#8221; title_line_height_tablet=&#8221;&#8221; title_line_height_phone=&#8221;1.1em&#8221; title_line_height_last_edited=&#8221;on|phone&#8221; locked=&#8221;off&#8221; global_colors_info=&#8221;{}&#8221;][\/et_pb_heading][et_pb_text quote_border_color=&#8221;gcid-2ebbc52c-9ee6-4712-a077-fcaec9b98540&#8243; _builder_version=&#8221;4.27.4&#8243; _module_preset=&#8221;default&#8221; text_font=&#8221;&#8211;et_global_heading_font||||||||&#8221; text_text_color=&#8221;gcid-heading-color&#8221; text_font_size=&#8221;17px&#8221; text_line_height=&#8221;1.6em&#8221; header_text_align=&#8221;left&#8221; custom_margin=&#8221;||-2px|||&#8221; animation_style=&#8221;fade&#8221; animation_duration=&#8221;2000ms&#8221; text_font_size_tablet=&#8221;17px&#8221; text_font_size_phone=&#8221;17px&#8221; text_font_size_last_edited=&#8221;on|phone&#8221; text_line_height_tablet=&#8221;1.6em&#8221; text_line_height_phone=&#8221;1.4em&#8221; text_line_height_last_edited=&#8221;on|desktop&#8221; border_style_all=&#8221;inset&#8221; locked=&#8221;off&#8221; global_colors_info=&#8221;{%22gcid-2ebbc52c-9ee6-4712-a077-fcaec9b98540%22:%91%22quote_border_color%22,%22quote_border_color%22%93,%22gcid-heading-color%22:%91%22text_text_color%22%93}&#8221;]<\/p>\n<blockquote>\n<p>Isten pohar\u00e1ba belek\u00f6p\u00f6tt vki<br \/>A nagy tervre r\u00e1borult a kv<br \/>Rossz helyre vittek a koordin\u00e1t\u00e1k <br \/>Elromlott a t\u00e9rk\u00e9p<\/p>\n<p>F\u00e9nyt fest\u00fcnk a falra<br \/>Mik\u00f6zben v\u00e9rt \u00f6klendez\u00fcnk az aszfaltra <br \/>Egym\u00e1s l\u00e1b\u00e1n taposunk<br \/>Mik\u00f6zben nem mer\u00fcnk egym\u00e1s szem\u00e9be n\u00e9zni<\/p>\n<p>Nem mondjuk h bocs\u00e1nat<br \/>De h a kurva any\u00e1dat<br \/>Azt ann\u00e1l t\u00f6bbsz\u00f6r<br \/>Min\u00e9l ink\u00e1bb havazik<br \/>Ann\u00e1l s\u00f6tet\u00e9bb a lelk\u00fcnk<\/p>\n<p>Nem k\u00e9r\u00fcnk egym\u00e1sb\u00f3l <br \/>Nem k\u00e9r\u00fcnk egym\u00e1st\u00f3l<br \/>\u0150sz\u00ednte h\u00edvei maradunk magunknak<br \/>Hazugs\u00e1gainkkal.magunkra maradunk<\/p>\n<p>F\u00e9l\u00fcnk egym\u00e1st\u00f3l mert gy\u0171l\u00f6lj\u00fck egym\u00e1st<br \/>Gy\u0171l\u00f6lj\u00fck egym\u00e1st Mert f\u00e9l\u00fcnk a m\u00e1sikt\u00f3l<br \/>\u00c9s ez nem Isten akarata<br \/>Hi\u00e1ba a k\u0151t\u00e1bl\u00e1k<br \/>Hi\u00e1ba a k\u00f6nyvek<br \/>Hirtelen minden m\u00e1s lett<br \/>Hirtelen? nem v\u00e1ltozik semmi<\/p>\n<p>F\u00e9lve n\u00e9z\u00fcnk el\u0151re<br \/>A m\u00e1t\u00f3l nem l\u00e1tjuk a holnapot<br \/>\u00c1lmainkat s\u0171r\u0171 k\u00f6d bor\u00edtja <br \/>M\u00e1r a h\u00e1l\u00e1l is az \u00e1llamot szolg\u00e1lja<\/p>\n<p>A tekintetes urak ellens\u00e9gk\u00e9nt tekintenek r\u00e1nk<br \/>Nincsenek tekintettel emberi mivoltumkra<br \/>Nem mi voltunk akik<br \/>Nem mi vagyunk azok<\/p>\n<p>Sorozatk\u00e9nt n\u00e9zz\u00fck az \u00e9let\u00fcnket<br \/>N\u00e9ha m\u00e1r nem is v\u00e1rjuk a folytat\u00e1st<br \/>Unottan legy\u00fcnt\u00fcnk:ezt m\u00e1r l\u00e1ttuk<br \/>A forgat\u00f3k\u00f6nyv ugyanaz,csak a nap m\u00e1s<\/p>\n<p>Eg\u00e9szbe kapjuk amit szeletbe k\u00e9r\u00fcnk<br \/>R\u00e9szletekben fizetj\u00fck az eg\u00e9szet<br \/>M\u00e9gsem r\u00e9szesed\u00fcnk egyform\u00e1n<br \/>M\u00e9gsem tal\u00e1ljuk a kikapcsol\u00f3 gombot<\/p>\n<p>A dob szerda szerelem cs\u00fct\u00f6rt\u00f6k<br \/>fekete p\u00e9ntek sziv\u00e1rv\u00e0ny szombat<br \/>Ahogy a h\u00e9t napjai k\u00f6vetnek engem<br \/>\u00c9n .meg nem tudom k\u00f6vetni a m\u00fal\u00f3 id\u0151t<\/p>\n<p>Lemer\u00fclt a telefonom <br \/>Nem tudom ,h\u00e1ny sz\u00e1zal\u00e9kos vagyok <br \/>Nem tudom h\u00e1nyad\u00e1n \u00e1llok<br \/>Van r\u00e1 es\u00e9ly h felborul a m\u00e9rleg<\/p>\n<p>Ahogy a buszon \u00fcl\u00f6k <br \/>Hajnali utaz\u00e1s a kupola v\u00e1rosba<br \/>Az \u00e9g fekete mez\u0151<br \/>A falvek n\u00e9ma vermek<\/p>\n<p>\u00d3ri\u00e1s plak\u00e1tokon \u00d3ri\u00e1s szavak<br \/>T\u00f6rp\u00e9k sz\u00e1j\u00e1b\u00f3l,kisemberek toll\u00e1b\u00f3l<br \/>\u00c9n meg csak b\u00e1mulok ki az ablakon<br \/>Hallgatom ahogy hallgatnak.m\u00e1sok<\/p>\n<p>H\u00e1tt\u00e9r zaj&#8230;.az er\u0151ltetett csendben<br \/>H\u00e1tt\u00e9r zaj&#8230;.lass\u00fa \u00fctemben<br \/>H\u00e1tt\u00e9r zaj,az el\u0151t\u00e9rben<br \/>Az \u00e9let?zaj a h\u00e1tt\u00e9rben<\/p>\n<p>Az \u00e9let? Elh\u00faz mellettem balr\u00f3l <br \/>Jobbra nem is sz\u00e1m\u00edthatok<br \/>Csak sz\u00e1molgatom az apr\u00f3t<br \/>Keresem az aprop\u00f3t<\/p>\n<p>Ahogy \u00e1llok szerencs\u00e9tlen\u00fcl<br \/>Jobbr\u00f3l egy n\u0151,balr\u00f3l egy f\u00e9rfi<br \/>Adjak p\u00e9nzt,adjak rem\u00e9nyt<br \/>Mindegy&#8230;csak kapjanak vmit<\/p>\n<p>Batman is csak \u00fcl a h\u00e1ztet\u0151n a szakad\u00f3 es\u0151ben<br \/>Bajban van&#8230;kev\u00e9s \u0151 m\u00e1r egyed\u00fcl<br \/>Hol az igazs\u00e1g lig\u00e1ja?hol az igazs\u00e1g? <br \/>A helysz\u00ednel\u0151k k\u00f6rbe rajzolt\u00e1k kr\u00e9t\u00e1val,de m\u00e1r ellopt\u00e1k azt is<\/p>\n<p>Nincs b\u0171n\u00f6s, nincs tettes<br \/>Felment\u00e9st adnak az ig\u00e1ba hajtott barmok<br \/>A f\u00e9lre n\u00e9z\u0151k<br \/>De feloldoz\u00e1st sosem kaphatnak<\/p>\n<p>Nemcsak az \u0151szintes\u00e9g amit elfelejt\u00fcnk<br \/>M\u00e1s is van a dobozban <br \/>Aranyba csomagolt szart\u00f3l b\u0171zl\u00fcnk<br \/>Mint a rothad\u00f3 macska az \u00e1rokban<br \/>Istent j\u00e1tsz\u00f3 \u00e9gi t\u00fcnem\u00e9ny <br \/>Csak d\u00e9lib\u00e1b a j\u00f3zan \u00e9sz<br \/>M\u00e1sra v\u00e1gyott ,de ezt kapta<br \/>megb\u0171nh\u0151dte m\u00e1r a n\u00e9p<br \/>V\u00e9gtelen sz\u00e1mh\u00e1bor\u00fa,<br \/>j\u00e1t\u00e9k a bet\u0171kkel<br \/>Lassan elhal a rem\u00e9ny<br \/>Ahogy j\u00e1tszanak a t\u0171zzel<\/p>\n<p>Igaznak maradni,hamis \u00edg\u00e9retek k\u00f6zt<br \/>Igazodni ,sorba \u00e1llni,el\u0151re n\u00e9zni,v\u00e1gyakozni,v\u00e1rni,elmenni,gy\u0171l\u0151lni,h\u00e1nyni,f\u00e9lni<br \/>H\u0171 maradni \u00f6nmagamhoz<br \/>H\u0171 maradni b\u00e1rmihez is&#8230;.<\/p>\n<p>Istentelenek papolnak im\u00e1r\u00f3l<br \/>Az \u0171r amit nem \u00e9rek el soha<br \/>Az \u0171r ami bennem az \u00far n\u00e9ha<br \/>Ez csend most meg\u0151rj\u00edt<br \/>Ez a csend most besz\u00e9des<br \/>Ez az \u00e9rz\u00e9s meg\u0151rj\u00edt <br \/>Ez az \u00e9rz\u00e9s megn\u00e9m\u00edt<br \/>Szellemek h\u00edvnak t\u00e1ncolni<br \/>Ez az \u0151r\u00fclet most megnyugtat<\/p>\n<p>\u00c9n meg csupa kisbet\u0171vel ker\u00fcl\u00f6k be a nagy k\u00f6nyvbe<br \/>Akisturbuk<br \/>A k\u00f6nyvbe amire kiborult a kv<br \/>A k\u00f6nyvbe amib\u0151l kit\u00e9pt\u00e9k a lapokat<br \/>Hab\u00e1r fel\u00fcl az \u00e9let \u00e1rja az\u00e9rt a hal\u00e1l az \u00far<br \/>Ha tudn\u00e1 m mennyire f\u00e1j neked<br \/>Ha tudn\u00e1m nennyire f\u00e1j nekem<\/p>\n<p>Vasnyugat<br \/>K\u00e9ptelen halmazok furcsa legkisebb k\u00f6z\u00f6s t\u00f6bbsz\u00f6r\u00f6se<br \/>Halmazok<br \/>Halmaz \u00e1llapot<br \/>Sz\u00fcks\u00e9gek<br \/>Sz\u00fcks\u00e9g \u00e1llapot<br \/>Csal\u00e1dok<br \/>Csal\u00e1di \u00e1llapot<\/p>\n<p>\u00dcres napok,k\u00f3bor kuty\u00e1k,dar\u00e1l\u00f3<\/p>\n<p>Alv\u00f3 sejtek sajg\u00f3 algoritmusokban<br \/>Az ajt\u00f3 alatti v\u00e9r al\u00e1fut\u00e1s<br \/>Halott \u00e9gb\u0151l der\u00fclt vill\u00e1m csap\u00e1s<br \/>\u00c9letlen k\u00e9s az \u00e9les fi\u00f3kban<br \/>Gyan\u00fas alakok gyan\u00fatlan \u00e1l alakokkal randiznak<\/p>\n<p>F\u00e9lre vetett tekintetek<br \/>F\u00e9lve vetett keresztek<br \/>F\u00e9lre \u00e9rtett \u00e9rt\u00e9kek <br \/>F\u00e9lre siker\u00fclt \u00e9letek<\/p>\n<p>Halott \u00e9gb\u0151l der\u00fclt vill\u00e1m csap\u00e1s<\/p>\n<\/blockquote>\n<p>[\/et_pb_text][\/et_pb_column][\/et_pb_row][\/et_pb_section][et_pb_section fb_built=&#8221;1&#8243; _builder_version=&#8221;4.27.4&#8243; _module_preset=&#8221;default&#8221; custom_padding=&#8221;||0px|||&#8221; locked=&#8221;off&#8221; global_colors_info=&#8221;{}&#8221;][et_pb_row column_structure=&#8221;1_2,1_2&#8243; _builder_version=&#8221;4.27.4&#8243; _module_preset=&#8221;default&#8221; min_height=&#8221;89px&#8221; custom_margin=&#8221;-41px|auto||auto||&#8221; custom_padding=&#8221;||0px|||&#8221; global_colors_info=&#8221;{}&#8221;][et_pb_column type=&#8221;1_2&#8243; _builder_version=&#8221;4.27.4&#8243; _module_preset=&#8221;default&#8221; global_colors_info=&#8221;{}&#8221;][et_pb_heading title=&#8221;Egy \u00e9v&#8221; _builder_version=&#8221;4.27.4&#8243; _module_preset=&#8221;default&#8221; title_level=&#8221;h2&#8243; title_text_align=&#8221;left&#8221; title_font_size=&#8221;34px&#8221; width=&#8221;100%&#8221; width_tablet=&#8221;100%&#8221; width_phone=&#8221;100%&#8221; width_last_edited=&#8221;on|phone&#8221; custom_padding=&#8221;15px|||||&#8221; animation_style=&#8221;fade&#8221; title_line_height_tablet=&#8221;&#8221; title_line_height_phone=&#8221;1.1em&#8221; title_line_height_last_edited=&#8221;on|phone&#8221; global_colors_info=&#8221;{}&#8221;][\/et_pb_heading][et_pb_text quote_border_color=&#8221;gcid-2ebbc52c-9ee6-4712-a077-fcaec9b98540&#8243; _builder_version=&#8221;4.27.4&#8243; _module_preset=&#8221;default&#8221; text_font=&#8221;&#8211;et_global_heading_font||||||||&#8221; text_text_color=&#8221;gcid-heading-color&#8221; text_font_size=&#8221;17px&#8221; text_line_height=&#8221;1.6em&#8221; header_text_align=&#8221;left&#8221; animation_style=&#8221;fade&#8221; animation_duration=&#8221;2000ms&#8221; text_font_size_tablet=&#8221;17px&#8221; text_font_size_phone=&#8221;17px&#8221; text_font_size_last_edited=&#8221;on|phone&#8221; text_line_height_tablet=&#8221;1.6em&#8221; text_line_height_phone=&#8221;1.4em&#8221; text_line_height_last_edited=&#8221;on|desktop&#8221; border_style_all=&#8221;inset&#8221; global_colors_info=&#8221;{%22gcid-2ebbc52c-9ee6-4712-a077-fcaec9b98540%22:%91%22quote_border_color%22,%22quote_border_color%22%93,%22gcid-heading-color%22:%91%22text_text_color%22%93}&#8221;]<\/p>\n<blockquote>\n<p>M\u00edg aludt\u00e1l \u00edrtam egy verset<br \/>Pont olyat mint te vagy:kedveset,sz\u00e9pet<br \/>De mire fel\u00e9bredt\u00e9l \u00f6sszet\u00e9ptem mert \u00fagysem tudom elmondani azt amit ir\u00e1ntad \u00e9rzek<\/p>\n<p>&nbsp;<\/p>\n<p>Az irod\u00e1mban kezd\u0151d\u00f6tt minden<br \/>Sz\u00e9pen dolgozol ubork\u00e1val is-mondtam<br \/>Steve ;\u00e9n azt szeretem benned a legjobban h spot\u00e1n vagy!-v\u00e1laszoltad<br \/>Azt\u00e1n meg\u00f6lelt\u00e9l szilveszterkor mert borzaszt\u00f3 mag\u00e1nyosnak \u00e9reztem magam&#8230;<br \/>Azt\u00e1n \u00e9n is meg\u00f6leltelek \u00e9s ott \u00e1lltam hatalmas zavarban \u00e9s nem cs\u00f3koltalak meg<br \/>De az\u00f3ta abban a szerencs\u00e9ben van r\u00e9szem h milli\u00f3szor is megtettem milli\u00f3 f\u00e9le k\u00e9ppen<br \/>Mikor felveszed a fekete ruh\u00e1d \u00e9s kifested magad, gy\u00f6ny\u00f6r\u0171 vagy \u00e9s nincs az az Isten ami megv\u00e9d \u00f6nmagam ellen<br \/>Nincs az a hatalom mely \u00fatj\u00e1ba \u00e1llhatna v\u00e1gyaimnak<br \/>De \u0151rj\u00edt\u0151 vagy a liftben is-ahol mindig te nyomod meg 8-as gombot- \u00e9n meg azt mondom h sz\u00e9p vagy meg azt is h szeretlek<br \/>\u00c9s ez most igaz..nagyon is<br \/>Egyszer sz\u00e1zszor ezerszer,teljesen mindegy<br \/>Mert veled v\u00e1lik igazz\u00e1 minden k\u00f6zhelyes dal ,id\u00e9zet amiket eddig ki nem \u00e1llhattam,de most<br \/>de most&#8230;..de most valahogy minden m\u00e1s<br \/>\u00c9s gyakran van h nem akarok elaludni melletted mert akkor egy pillanat lesz az a sok \u00f3ra amit veled t\u00f6lthetn\u00e9k<br \/>Tudom h ezer sebb\u0151l v\u00e9rzel \u00e9s h az \u00e9n er\u0151m kev\u00e9s az \u00e9n 2 kezem kev\u00e9s<br \/>De MI ketten m\u00e1r legy\u0151zhetetlenek vagyunk!!!<br \/>\u00c9s ha ma este meghalok azt is boldogan tenn\u00e9m <br \/>Mert tudom h utols\u00f3 \u00e9rint\u00e9sem Te lenn\u00e9l<\/p>\n<\/blockquote>\n<p>[\/et_pb_text][\/et_pb_column][et_pb_column type=&#8221;1_2&#8243; _builder_version=&#8221;4.27.4&#8243; _module_preset=&#8221;default&#8221; global_colors_info=&#8221;{}&#8221;][et_pb_heading title=&#8221;Egy \u00e9ve&#8221; _builder_version=&#8221;4.27.4&#8243; _module_preset=&#8221;default&#8221; title_level=&#8221;h2&#8243; title_text_align=&#8221;left&#8221; title_font_size=&#8221;34px&#8221; width=&#8221;100%&#8221; width_tablet=&#8221;100%&#8221; width_phone=&#8221;100%&#8221; width_last_edited=&#8221;on|phone&#8221; custom_padding=&#8221;15px|||||&#8221; animation_style=&#8221;fade&#8221; title_line_height_tablet=&#8221;&#8221; title_line_height_phone=&#8221;1.1em&#8221; title_line_height_last_edited=&#8221;on|phone&#8221; locked=&#8221;off&#8221; global_colors_info=&#8221;{}&#8221;][\/et_pb_heading][et_pb_text quote_border_color=&#8221;gcid-2ebbc52c-9ee6-4712-a077-fcaec9b98540&#8243; _builder_version=&#8221;4.27.4&#8243; _module_preset=&#8221;default&#8221; text_font=&#8221;&#8211;et_global_heading_font||||||||&#8221; text_text_color=&#8221;gcid-heading-color&#8221; text_font_size=&#8221;17px&#8221; text_line_height=&#8221;1.6em&#8221; header_text_align=&#8221;left&#8221; custom_margin=&#8221;||-2px|||&#8221; animation_style=&#8221;fade&#8221; animation_duration=&#8221;2000ms&#8221; text_font_size_tablet=&#8221;17px&#8221; text_font_size_phone=&#8221;17px&#8221; text_font_size_last_edited=&#8221;on|phone&#8221; text_line_height_tablet=&#8221;1.6em&#8221; text_line_height_phone=&#8221;1.4em&#8221; text_line_height_last_edited=&#8221;on|desktop&#8221; border_style_all=&#8221;inset&#8221; locked=&#8221;off&#8221; global_colors_info=&#8221;{%22gcid-2ebbc52c-9ee6-4712-a077-fcaec9b98540%22:%91%22quote_border_color%22,%22quote_border_color%22%93,%22gcid-heading-color%22:%91%22text_text_color%22%93}&#8221;]<\/p>\n<blockquote>\n<p>Pont egy \u00e9ve h megt\u00f6rt\u00e9nt az amire mindketten eg\u00e9sz \u00e9lt\u00fcnkben \u00e9let\u00fcnkben v\u00e1rtunk<br \/>Nagyon izgultam,de amikor megl\u00e1ttalak az egyszer\u0171 kis ruh\u00e1dban csak annyit tudtam mondani h:aztakurva!\ud83d\ude00<br \/>Gy\u00f6ny\u00f6r\u0171 volt\u00e1l aznap &#8230;ilyennek m\u00e9g nem l\u00e1ttalak<br \/>Ilyet m\u00e9g nem \u00e9reztem&#8230;.<br \/>Tudtam vmi csod\u00e1latos dolog fog t\u00f6rt\u00e9nni vel\u00fcnk&#8230;de azt nem tudtam h ennyire meg\u00e9rint<br \/>A vil\u00e1g legr\u00f6videbb \u00e9s legk\u00fcl\u00f6nlegesebb cerem\u00f3ni\u00e1ja volt,de mennyi \u00e9rz\u00e9s,mennyi \u00e9rzelem zs\u00fafol\u00f3dott bele abba a 20 percbe&#8230;\u00e9s nagyon kellett koncentr\u00e1lnom h ne b\u0151gjem v\u00e9gig<br \/>Mert az egyszer\u0171 nagyszer\u0171&#8230;ahogy a nagymam\u00e1d mondan\u00e1<br \/>Mert ezt is egy\u00fctt tal\u00e1ltuk ki!<\/p>\n<p>Mert a kulcssz\u00f3 az egy\u00fctt!!!!<br \/>Egy\u00fctt esz\u00fcnk,v\u00e1gjuk a f\u00e1t,n\u00e9zz\u00fck a sorozatot,utazunk.<br \/>Egy\u00fctt fedezz\u00fck fel az elhagyott helyeket,\u00e9p\u00fcleteket, kast\u00e9lyokat,romos v\u00e1rakat-ami roppant izgalmas<br \/>Mert \u00e9n nagyon sokat voltam egyed\u00fcl \u00e9s most m\u00e1r nem akarok<br \/>\u00c1t\u00e9lni,meg\u00e9lni a pillanatot, veled az igazi<br \/>Csak \u00fclni a kertben hallgatni a madarakat,a csobog\u00f3t,megsimogatni a kuty\u00e1kat..ez az igazi nyugalom<br \/>A lelki b\u00e9ke-amir\u0151l annyit besz\u00e9l\u00fcnk<br \/>\u00c9n megtal\u00e1ltam:veled-n\u00e1lad<\/p>\n<p>De ez nem mindig van \u00edgy&#8230;.<br \/>Vannak neh\u00e9z napok,hetek<br \/>Nyomaszt\u00f3, f\u00e1jdalmas \u00e9rz\u00e9sekkel<br \/>Mikor a f\u00e9lelmeim agyon nyomnak<br \/>Mikor reggelente ezer \u00e9ves tekn\u0151snek \u00e9rzem magam<br \/>Mikor frusztr\u00e1lt,ideges,t\u00fcrelmetlen vagyok..olyankor neh\u00e9z velem lenni&#8230;<br \/>Olyankor neh\u00e9z magammal lenni<br \/>Olyankor amikor megtal\u00e1l a k\u00f6z\u00f6ny,felh\u00fazom a falat \u00e9s nem \u00e9rdekel semmi<br \/>Olyankor amikor morg\u00f3s v\u00e9nember vagyok&#8230;amikor semmi sem j\u00f3 \u00e9s csak a rosszat l\u00e1tom mindenben<br \/>Ut\u00e1lom&#8230;.m\u00e9gis egy\u00fctt kell \u00e9lnem vele<br \/>Ut\u00e1lom h gy\u00fctt kell \u00e9lned vele<br \/>Ut\u00e1lom azt is mikor hetel\u00fcnk \u00e9s 5 napig nem l\u00e1tlak..mint most..pont most,ezen a gy\u00f6ny\u00f6r\u0171 jubiliumon.<\/p>\n<p>De csak egy kicsit b\u00e1nk\u00f3dom miatta mert tudom MI EGY\u00dcTT lesz\u00fcnk ameddig lehet \u00e9s az m\u00e9g nagyon sok id\u0151\ud83e\udd23<\/p>\n<p>Ui.:igaz h gazdagg\u00e1 nem tudlak tenni,de szombaton r\u00e1megy\u00fcnk az 1,5 milli\u00e1rdra<br \/>\u00e9s lesz teh\u00e9n,csopper ,romantikus h\u00e9tv\u00e9ge Mattyban \u00e9s baldachinos nap\u00e1gyban sz\u00fcrcs\u00f6lj\u00fck a gyerek pezsg\u0151t a tih\u00e1nyi pl\u00e1zsban \u00e9s \u00e9n v\u00e9gre megcsin\u00e1lhatom a hardcore-punk-met\u00e1l zenekaromat!!!!<\/p>\n<\/blockquote>\n<p>[\/et_pb_text][\/et_pb_column][\/et_pb_row][\/et_pb_section][et_pb_section fb_built=&#8221;1&#8243; _builder_version=&#8221;4.27.4&#8243; _module_preset=&#8221;default&#8221; custom_padding=&#8221;||0px|||&#8221; locked=&#8221;off&#8221; global_colors_info=&#8221;{}&#8221;][et_pb_row column_structure=&#8221;1_2,1_2&#8243; _builder_version=&#8221;4.27.4&#8243; _module_preset=&#8221;default&#8221; min_height=&#8221;89px&#8221; custom_margin=&#8221;-41px|auto||auto||&#8221; custom_padding=&#8221;||0px|||&#8221; global_colors_info=&#8221;{}&#8221;][et_pb_column type=&#8221;1_2&#8243; _builder_version=&#8221;4.27.4&#8243; _module_preset=&#8221;default&#8221; global_colors_info=&#8221;{}&#8221;][et_pb_heading title=&#8221;Egyens\u00faly&#8221; _builder_version=&#8221;4.27.4&#8243; _module_preset=&#8221;default&#8221; title_level=&#8221;h2&#8243; title_text_align=&#8221;left&#8221; title_font_size=&#8221;34px&#8221; width=&#8221;100%&#8221; width_tablet=&#8221;100%&#8221; width_phone=&#8221;100%&#8221; width_last_edited=&#8221;on|phone&#8221; custom_padding=&#8221;15px|||||&#8221; animation_style=&#8221;fade&#8221; title_line_height_tablet=&#8221;&#8221; title_line_height_phone=&#8221;1.1em&#8221; title_line_height_last_edited=&#8221;on|phone&#8221; global_colors_info=&#8221;{}&#8221;][\/et_pb_heading][et_pb_text quote_border_color=&#8221;gcid-2ebbc52c-9ee6-4712-a077-fcaec9b98540&#8243; _builder_version=&#8221;4.27.4&#8243; _module_preset=&#8221;default&#8221; text_font=&#8221;&#8211;et_global_heading_font||||||||&#8221; text_text_color=&#8221;gcid-heading-color&#8221; text_font_size=&#8221;17px&#8221; text_line_height=&#8221;1.6em&#8221; header_text_align=&#8221;left&#8221; animation_style=&#8221;fade&#8221; animation_duration=&#8221;2000ms&#8221; text_font_size_tablet=&#8221;17px&#8221; text_font_size_phone=&#8221;17px&#8221; text_font_size_last_edited=&#8221;on|phone&#8221; text_line_height_tablet=&#8221;1.6em&#8221; text_line_height_phone=&#8221;1.4em&#8221; text_line_height_last_edited=&#8221;on|desktop&#8221; border_style_all=&#8221;inset&#8221; global_colors_info=&#8221;{%22gcid-2ebbc52c-9ee6-4712-a077-fcaec9b98540%22:%91%22quote_border_color%22,%22quote_border_color%22%93,%22gcid-heading-color%22:%91%22text_text_color%22%93}&#8221;]<\/p>\n<blockquote>\n<p>Vil\u00e1gb\u00f3l hi\u00e1nyzik a \u00f6sszhang <br \/>\u00dcv\u00f6lt a fejemben a visszhang<br \/>\u00d6sszetart minket a tartoz\u00e1s<br \/>R\u00e1nk f\u00e9rne egy tataroz\u00e1s<\/p>\n<p>A kir\u00e1ly nyer a parasztokon<br \/>A vil\u00e1g r\u00f6h\u00f6g a magyarokon<br \/>40\u00e9v minim\u00e1lb\u00e9r els\u0151 fokon<br \/>Nem volt el\u00e9g kell m\u00e9g pofon<\/p>\n<p>A sz\u00e9l viszi a leveleket<br \/>Az infl\u00e1ci\u00f3 kiveri a szemeteket<br \/>A bank n\u00f6veli a kamatokat<br \/>A nav viszi a h\u00e1zatokat<\/p>\n<p>A viz viszi a kacatokat<br \/>Lehal\u00e1ssz\u00e1k az adatokat<br \/>Semmi sem marad titokban<br \/>Jelent\u00e9sek gy\u0171lnek a fi\u00f3kban<\/p>\n<p>Felem\u00e9szt a b\u0171ntudatom<br \/>V\u00edz csorog a t\u0171zfalakon<br \/>A test kil\u00f6ki a daganatot<br \/>kovak\u0151 nem gy\u00fajt pillanatot<\/p>\n<p>Hol a szikra ami begy\u00fajtan\u00e1?<br \/>\u00c9s egy\u00fctt \u00e1llna az \u00f6sszes tan\u00e1r<br \/>Z\u00e1szl\u00f3t t\u0171zni a v\u00e1rfok\u00e1ra<br \/>Nem v\u00e1rhatunk a csod\u00e1ra<\/p>\n<p>Lassan \u00f6ssze\u00e9rnek a sz\u00e1lak<br \/>\u00c1tlag alatt az \u00e1tlag<br \/>Marad h nem marad semmi<br \/>Er\u0151t Kellene venni<br \/>Magamon er\u0151t kellene venni <br \/>De az is kibaszott dr\u00e1ga<br \/>Az \u00e9letnek felment az \u00e1ra <br \/>Nem ad magyar\u00e1zatot senki<br \/>M\u00e1r nem \u00e9rdekel semmi<\/p>\n<p>Nekem ez a mentsv\u00e1r<br \/>Neked nincs r\u00e1 ments\u00e9g<br \/>This is the real world baby<br \/>csak \u00f6nz\u00e9s \u00e9s rests\u00e9g<br \/>Megint egy rossz d\u00f6nt\u00e9s <br \/>Hangos a hal\u00e1lh\u00f6rg\u00e9s<br \/>A 2\/3os t\u00f6bbs\u00e9g csak kev\u00e9lys\u00e9g \u00e9s \u00f6nz\u00e9s<\/p>\n<p>Egyenesen vonalak helyett<br \/>Szagatott morze jelek<br \/>Sz\u00edv-ritmus-zavar<br \/>egy kis sz\u00fcnetet akar<\/p>\n<p>T\u00f6rt \u00fcteme t\u00f6rtet<br \/>Lehetn\u00e9k a cs\u00f6nded<br \/>De ink\u00e1bb zaj leszek \u00e9s k\u00e1osz<br \/>H\u0171 maradok a m\u00e1hoz<br \/>Leszarom a p\u00e1toszt<br \/>Ide nem szavak kellenek<br \/>Hanem tettek<br \/>Nincs helye az \u00e1lszentnek<\/p>\n<p>P\u00e1r percet m\u00e9g v\u00e1rok <br \/>Hogy el\u00fclj\u00f6n az \u00e1tok<br \/>Nem l\u00e1t semmit a l\u00e1tnok <br \/>Rossz \u00faton j\u00e1rtok<\/p>\n<p>Rossz az \u00fat amin j\u00e1rtok<br \/>T\u00fal m\u00e9lyek az \u00e1rkok<br \/>T\u00fal m\u00e9lyek a v\u00f6lgyek<br \/>T\u00fal magasak a hegyek<br \/>T\u00fal m\u00e9lyek a sebek <br \/>Nem forrnak be a hegek<\/p>\n<p>Mert \u00f6ssze \u00e9rnek a sz\u00e1lak <br \/>\u00c1tlag alatt az \u00e1tlag <br \/>Marad h nem marad semmi<br \/>El\u0151re kellene menni<br \/>Nem egy helyben topogni<br \/>Rossz ajt\u00f3n kopogni<\/p>\n<p>A vil\u00e1gb\u00f3l hi\u00e1nyzik az \u00f6sszhang <br \/>A fejemben \u00fcv\u00f6lt a visszhang<br \/>Nem egy helyben topogni<br \/>Rossz ajt\u00f3n kopogni<\/p>\n<\/blockquote>\n<p>[\/et_pb_text][\/et_pb_column][et_pb_column type=&#8221;1_2&#8243; _builder_version=&#8221;4.27.4&#8243; _module_preset=&#8221;default&#8221; global_colors_info=&#8221;{}&#8221;][et_pb_heading title=&#8221;\u00c9letem&#8221; _builder_version=&#8221;4.27.4&#8243; _module_preset=&#8221;default&#8221; title_level=&#8221;h2&#8243; title_text_align=&#8221;left&#8221; title_font_size=&#8221;34px&#8221; width=&#8221;100%&#8221; width_tablet=&#8221;100%&#8221; width_phone=&#8221;100%&#8221; width_last_edited=&#8221;on|phone&#8221; custom_padding=&#8221;15px|||||&#8221; animation_style=&#8221;fade&#8221; title_line_height_tablet=&#8221;&#8221; title_line_height_phone=&#8221;1.1em&#8221; title_line_height_last_edited=&#8221;on|phone&#8221; locked=&#8221;off&#8221; global_colors_info=&#8221;{}&#8221;][\/et_pb_heading][et_pb_text quote_border_color=&#8221;gcid-2ebbc52c-9ee6-4712-a077-fcaec9b98540&#8243; _builder_version=&#8221;4.27.4&#8243; _module_preset=&#8221;default&#8221; text_font=&#8221;&#8211;et_global_heading_font||||||||&#8221; text_text_color=&#8221;gcid-heading-color&#8221; text_font_size=&#8221;17px&#8221; text_line_height=&#8221;1.6em&#8221; header_text_align=&#8221;left&#8221; custom_margin=&#8221;||-2px|||&#8221; animation_style=&#8221;fade&#8221; animation_duration=&#8221;2000ms&#8221; text_font_size_tablet=&#8221;17px&#8221; text_font_size_phone=&#8221;17px&#8221; text_font_size_last_edited=&#8221;on|phone&#8221; text_line_height_tablet=&#8221;1.6em&#8221; text_line_height_phone=&#8221;1.4em&#8221; text_line_height_last_edited=&#8221;on|desktop&#8221; border_style_all=&#8221;inset&#8221; locked=&#8221;off&#8221; global_colors_info=&#8221;{%22gcid-2ebbc52c-9ee6-4712-a077-fcaec9b98540%22:%91%22quote_border_color%22,%22quote_border_color%22%93,%22gcid-heading-color%22:%91%22text_text_color%22%93}&#8221;]<\/p>\n<blockquote>\n<p>Soha nem az sz\u00e1m\u00edt h honnan j\u00f6tt\u00fcnk hanem ahov\u00e1 tartunk<\/p>\n<p>\u00c9letkaland 3 percben<br \/>Mert 3perc h\u00edrn\u00e9v mindenkinek j\u00e1r<br \/>Minta koszos ed\u00e9nyeknel az egy csepp JAR-<br \/>-tamban -keltemben<br \/>Felveszem ami nekem kell<br \/>\u00c9s elhagyom a megm\u00e9rgez<br \/>Most meg l\u00e9legzek<br \/>Hal\u00e1lom ut\u00e1na poszt-humusz<br \/>A veg\u00e1k is keny\u00e9rre kenhetnek<br \/>Elvegat\u00e1lok egy n\u00f6v\u00e9ny szintj\u00e9n,<br \/>Szint-te,szint-\u00e9n<br \/>Ez m\u00e1r nem is fejf\u00e1j\u00e1s ez migr\u00e9n<br \/>Ahh&#8230;hagyjatok&#8230;ma nincs kedvem&#8230;.<br \/>Ma nem k\u00edv\u00e1nom a szexet<br \/>Eszem ink\u00e1bb a zabkexet<br \/>A nyelvem alatt serceg<br \/>Kit kell megdugnom h NER-jek????<\/p>\n<p>Ez monodr\u00e1ma sztere\u00f3ban<br \/>Egyszem\u00e9lyes cirkusz<br \/>A cs\u00faf igazs\u00e1g<br \/>A filterezetlen val\u00f3s\u00e1g<\/p>\n<p>Elm\u00faltam m\u00e1r 50,de nem vagyok v\u00e9n<br \/>A feles\u00e9gemnek csak:\u00fcrg\u00e9m<br \/>De ha m\u00e9rges csak Pist\u00e1m<br \/>Ilyenkor kit\u00e1gul a pupill\u00e1m<\/p>\n<p>A b\u00edcs badi mar \u00e9vek \u00f3ta k\u00e9sz<br \/>Csak takarja zs\u00edr meg h\u00e1j<br \/>De mellette megb\u00fajik a csalfa b\u00e1j<br \/>\u00c9s legbel\u00fcl egy csupaszt\u00edvet tal\u00e1lsz<\/p>\n<p>Mert bel\u00fcl gy\u00f6ny\u00f6r\u0171 vagyok<br \/>A sziv\u00e1rv\u00e1ny \u00f6sszes sz\u00edn\u00e9ben t\u00e1ncol a lelkem<br \/>Majd egyszer lefestem<br \/>Lef\u00e9nyk\u00e9pezem \u00e9s felt\u00e9rk\u00e9pezem<\/p>\n<p>Mert ez egy poszt-apokaliptikus dark hardcore opera<br \/>Hejhej hejja hej nanananana <br \/>S\u017a\u00f3lj r\u00e1m ha hangosan \u00e9nekelek<br \/>Kurv\u00e1ra nem \u00e9rdekel <br \/>Eny\u00e9m a sz\u00ednpad \u00e9s azt csin\u00e1lok amit akarok<br \/>Ha kell belehalok<br \/>Ha kell<br \/>Ord\u00edtok mint egy h\u00e1l\u00f3ba gabalyodott v\u00f6r\u00f6s lamantin <br \/>Ahogy fr\u00f6cs\u00f6gnek a szavak a sz\u00e1mb\u00f3l<br \/>Haraggal,gy\u0171l\u00f6lettel<br \/>Ott-s\u00edpol\u00e1s-meg-s\u00edpol\u00e1s-<br \/>Bip,bip,bip<br \/>K\u00e9rem vigy\u00e1zzanak <br \/>Az agyak z\u00e1r\u00f3dnak<br \/>A s\u00f6t\u00e9ts\u00e9g \u00e9s ostobas\u00e1g f\u00f6ldje k\u00f6vetkezik<br \/>Jaaa,h ez m\u00e1r az&#8230;<br \/>Stop the madness<br \/>Stop the madness<br \/>Ki akarok sz\u00e1llni <br \/>De nem eshetek ki a szerepb\u0151l&#8230;.<br \/>Mindig komolynak kell lennem <br \/>Mindig meg kell \u0151riznem a m\u00e9lt\u00f3s\u00e1gom<br \/>De hogyan bazdmeg?<br \/>Olyan pici vagyok h a terem v\u00e9g\u00e9b\u0151l se l\u00e1tszom,nem hogy a Holdr\u00f3l<br \/>K\u00f6nnyen pof\u00e1zok<br \/>Nincs semmim nem tudod elvenni<br \/>Nem vagyok senki<br \/>Nem tudsz t\u00f6nkre tenni<\/p>\n<p>Steve a h\u00e1zban<br \/>Als\u00f3gaty\u00e1ban<br \/>B\u00fcf\u00f6g \u00e9s fingik a h\u00e1l\u00f3szob\u00e1ban<br \/>Annyira j\u00f3k vagytok h beszarok saj\u00e1t magamt\u00f3l<\/p>\n<p>\u00d6nreflexi\u00f3<br \/>\u00d6n-szenz\u00e1ci\u00f3<br \/>\u00d6nhib\u00e1m\u00e1mb\u00f3l fakad\u00f3 \u00f6ng\u00f3l<\/p>\n<p>Ez a sz\u00f6veg az \u00e9letem<br \/>Semmis\u00e9gek<br \/>K\u00f6zhelyek,klis\u00e9k<br \/>Egy kis lelkis\u00e9g<\/p>\n<p>Kisfaszom<\/p>\n<p>A j\u00f6v\u0151m?zarad\u00e9kolva<br \/>Anyja neve 3p\u00e9ld\u00e1nyban<br \/>Alai\u0155as,pecs\u00e9t<br \/>Iktatva<br \/>Ki vagy be..nem mindegy<br \/>Ki vagy be..h\u00e1t nem kurva mindegy?!!?????<\/p>\n<p>A k\u00f6vetkez\u0151 l\u00e9p\u00e9s? Bor\u00edt\u00e9kolva<br \/>Parasztt \u00fcti az isp\u00e1nt<br \/>Paraszt vak\u00edt\u00e1s<br \/>Paraszt vagyok<br \/>Isten nev\u00e9t hiaba veszem a sz\u00e1mra&#8230;.nem seg\u00edt <br \/>Mert gyarl\u00f3 vagyok<br \/>Egy gyakorl\u00f3 ember<br \/>Aki megvivja a harcait hogyha meg kell<br \/>De nem vagyok senki<br \/>Nem tudsz t\u00f6nkre tenni<br \/>Nincs semmim,nem tudod elvenni<\/p>\n<p>P\u00e9nz v\u00e1lt\u00e1s<br \/>Nem v\u00e1lt\u00e1s<br \/>Nem zetk\u00f6zi igen v\u00e1r\u00e1s<br \/>Mondj nemet a nemre!<br \/>Mondj nemet az igenre!<br \/>Tedd a kezeda sz\u00edvemre vagy a gaty\u00e1mba ha itt az id\u0151<\/p>\n<p>K\u00f3cold \u00f6ssze a hajam-ha tudod<br \/>Omolj \u00f6ssze l\u00e1gyan<br \/>Engedd h megk\u00edv\u00e1njam<\/p>\n<p>B\u00fagd a f\u00fclembe h<br \/>Love me tender,love me true<br \/>Elhatalmasodik rajtam a m\u00e9lab\u00fa<\/p>\n<p>Mondj nemet mindenre!<br \/>Mondj nemet a m\u00e9regre!<\/p>\n<p>Hat\u00f3s\u00e1gi \u00e1ron az \u00e9letem<br \/>Jegyre vehetem a k\u00f6z\u00e9rzetem<br \/>Beskatuly\u00e1zhatsz&#8230;de a hasam \u00fagyis kil\u00f3g mindenhonnan<\/p>\n<p>Mert az \u00e9let egy kaland<br \/>Hejhej hejjahej nanananana<\/p>\n<\/blockquote>\n<p>[\/et_pb_text][\/et_pb_column][\/et_pb_row][\/et_pb_section][et_pb_section fb_built=&#8221;1&#8243; _builder_version=&#8221;4.27.4&#8243; _module_preset=&#8221;default&#8221; custom_padding=&#8221;||0px|||&#8221; locked=&#8221;off&#8221; global_colors_info=&#8221;{}&#8221;][et_pb_row column_structure=&#8221;1_2,1_2&#8243; _builder_version=&#8221;4.27.4&#8243; _module_preset=&#8221;default&#8221; min_height=&#8221;89px&#8221; custom_margin=&#8221;-41px|auto||auto||&#8221; custom_padding=&#8221;||0px|||&#8221; global_colors_info=&#8221;{}&#8221;][et_pb_column type=&#8221;1_2&#8243; _builder_version=&#8221;4.27.4&#8243; _module_preset=&#8221;default&#8221; global_colors_info=&#8221;{}&#8221;][et_pb_heading title=&#8221;Elm\u00fal\u00e1s&#8221; _builder_version=&#8221;4.27.4&#8243; _module_preset=&#8221;default&#8221; title_level=&#8221;h2&#8243; title_text_align=&#8221;left&#8221; title_font_size=&#8221;34px&#8221; width=&#8221;100%&#8221; width_tablet=&#8221;100%&#8221; width_phone=&#8221;100%&#8221; width_last_edited=&#8221;on|phone&#8221; custom_padding=&#8221;15px|||||&#8221; animation_style=&#8221;fade&#8221; title_line_height_tablet=&#8221;&#8221; title_line_height_phone=&#8221;1.1em&#8221; title_line_height_last_edited=&#8221;on|phone&#8221; global_colors_info=&#8221;{}&#8221;][\/et_pb_heading][et_pb_text quote_border_color=&#8221;gcid-2ebbc52c-9ee6-4712-a077-fcaec9b98540&#8243; _builder_version=&#8221;4.27.4&#8243; _module_preset=&#8221;default&#8221; text_font=&#8221;&#8211;et_global_heading_font||||||||&#8221; text_text_color=&#8221;gcid-heading-color&#8221; text_font_size=&#8221;17px&#8221; text_line_height=&#8221;1.6em&#8221; header_text_align=&#8221;left&#8221; animation_style=&#8221;fade&#8221; animation_duration=&#8221;2000ms&#8221; text_font_size_tablet=&#8221;17px&#8221; text_font_size_phone=&#8221;17px&#8221; text_font_size_last_edited=&#8221;on|phone&#8221; text_line_height_tablet=&#8221;1.6em&#8221; text_line_height_phone=&#8221;1.4em&#8221; text_line_height_last_edited=&#8221;on|desktop&#8221; border_style_all=&#8221;inset&#8221; global_colors_info=&#8221;{%22gcid-2ebbc52c-9ee6-4712-a077-fcaec9b98540%22:%91%22quote_border_color%22,%22quote_border_color%22%93,%22gcid-heading-color%22:%91%22text_text_color%22%93}&#8221;]<\/p>\n<blockquote>\n<p>Hej hej elm\u00fal\u00e1s<br \/>Mint egy viseltes nagykab\u00e1t<br \/>N\u00e9ha leporolom,felpr\u00f3b\u00e1lom<br \/>A zseb\u00e9ben eml\u00e9kek,kezembe akadnak<br \/>mint a f\u00e9nyk\u00e9pek<br \/>N\u00e9zegetem&#8230;milyen is volt az \u00e9letem<\/p>\n<p>65\u00e9v elszelelt <br \/>Egy nagy szelete<br \/>F\u00fcgg\u0151kkel telt<br \/>Hogy nem iszol ne sz\u00e9gyelld!<\/p>\n<p>Mert az alkohol m\u00e9rt\u00e9k <br \/>m\u00e1r nem \u00e9rt\u00e9k<br \/>Bill \u00e9s Bob k\u0151be v\u00e9st\u00e9k <br \/>Hogy m\u00e1sok is meg\u00e9rts\u00e9k<br \/>De ez nem a Rolling Stones<br \/>Hanem a stepping stones<br \/>Ez nem az I can&#8217;t get no satisfaction<br \/>Hanem h j\u00f3zan \u00e9letnek min\u0151s\u00fclj\u00f6n<br \/>Ez nem amerika vagy new york<br \/>Ez a csod\u00e1k v\u00f6lgye ez Koml\u00f3<\/p>\n<p>2000-ben \u00e9n egy m\u00e1sik f\u00f6ldr\u00e9szen landoltam<br \/>\u00c9s mindennel mindenkivel harcoltam<br \/>Mert m\u00e9g nem tudtam h az ellens\u00e9g \u00e9n vagyok<br \/>Meg kell adnom magam ha nyerni akarok<br \/>Te \u00fagy d\u00f6nt\u00f6tt\u00e9l itt dolgozol<br \/>\u00c9n meg h drogozok<br \/>Mert addig te sem tudt\u00e1l seg\u00edteni am\u00edg<br \/>nem j\u00f6ttem r\u00e1 h nem tudok seg\u00edteni<br \/>magamon<br \/>De veletek siker\u00fclt taplra \u00e1llnom<br \/>Lehet h sosem siker\u00fcl megh\u00e1l\u00e1lnom<br \/>Mert erre nincsenek szavak<br \/>Nem is kellenek a szavak<br \/>Mert a te \u00e9leted az eny\u00e9m is<br \/>Ti fel\u00e9p\u00fcl\u00e9setek az eny\u00e9m is<\/p>\n<p>Hej te elm\u00fal\u00e1s<br \/>ezer apr\u00f3 t\u0171sz\u00far\u00e1s<br \/>Van amelyik kellemes valamelyik f\u00e1j<br \/>De az \u00e9let megy tov\u00e1bb<br \/>Gyere velem l\u00e1ss csod\u00e1t<br \/>Mert ez nem a b\u00facs\u00faz\u00e1s <br \/>Ez csak egy \u00e1llom\u00e1s<br \/>A Leo visszav\u00e1r<br \/>A hely ahol kij\u00f3zanodt\u00e1l<br \/>Itt vagyunk mint egy nagy csal\u00e1d<br \/>\u00c9s tiszta sz\u00edvvel gondolunk r\u00e1d<br \/>Mit is k\u00edv\u00e1nhatn\u00e1nk m\u00e1st<br \/>Nyugis \u00e9veket V\u00f6ri b\u00e1&#8217;!!!<\/p>\n<\/blockquote>\n<p>[\/et_pb_text][\/et_pb_column][et_pb_column type=&#8221;1_2&#8243; _builder_version=&#8221;4.27.4&#8243; _module_preset=&#8221;default&#8221; global_colors_info=&#8221;{}&#8221;][et_pb_heading title=&#8221;\u00c9n nem&#8221; _builder_version=&#8221;4.27.4&#8243; _module_preset=&#8221;default&#8221; title_level=&#8221;h2&#8243; title_text_align=&#8221;left&#8221; title_font_size=&#8221;34px&#8221; width=&#8221;100%&#8221; width_tablet=&#8221;100%&#8221; width_phone=&#8221;100%&#8221; width_last_edited=&#8221;on|phone&#8221; custom_padding=&#8221;15px|||||&#8221; animation_style=&#8221;fade&#8221; title_line_height_tablet=&#8221;&#8221; title_line_height_phone=&#8221;1.1em&#8221; title_line_height_last_edited=&#8221;on|phone&#8221; locked=&#8221;off&#8221; global_colors_info=&#8221;{}&#8221;][\/et_pb_heading][et_pb_text quote_border_color=&#8221;gcid-2ebbc52c-9ee6-4712-a077-fcaec9b98540&#8243; _builder_version=&#8221;4.27.4&#8243; _module_preset=&#8221;default&#8221; text_font=&#8221;&#8211;et_global_heading_font||||||||&#8221; text_text_color=&#8221;gcid-heading-color&#8221; text_font_size=&#8221;17px&#8221; text_line_height=&#8221;1.6em&#8221; header_text_align=&#8221;left&#8221; custom_margin=&#8221;||-2px|||&#8221; animation_style=&#8221;fade&#8221; animation_duration=&#8221;2000ms&#8221; text_font_size_tablet=&#8221;17px&#8221; text_font_size_phone=&#8221;17px&#8221; text_font_size_last_edited=&#8221;on|phone&#8221; text_line_height_tablet=&#8221;1.6em&#8221; text_line_height_phone=&#8221;1.4em&#8221; text_line_height_last_edited=&#8221;on|desktop&#8221; border_style_all=&#8221;inset&#8221; locked=&#8221;off&#8221; global_colors_info=&#8221;{%22gcid-2ebbc52c-9ee6-4712-a077-fcaec9b98540%22:%91%22quote_border_color%22,%22quote_border_color%22%93,%22gcid-heading-color%22:%91%22text_text_color%22%93}&#8221;]<\/p>\n<blockquote>\n<p>\u00c9n nem tanultam.el\u00e1tkoztam mindent:a v\u00e9g\u00e9t az elej\u00e9t<br \/>De nem volt mened\u00e9k.<br \/>Kisz\u00edvtam az \u00e9let velej\u00e9t<br \/>Vel\u0151 vagyok a csontodban<br \/>Kamp\u00f3n l\u00f3gok egy h\u00fasboltban<br \/>Vev\u0151 vagyok az ingyen cirkuszban<br \/>Boh\u00f3ckodok 20\u00e9v minuszban<br \/>De csak egy folt voltam a l\u00e9tez\u00e9s abrosz\u00e1n<br \/>Kil\u00f6ty\u00f6g\u0151 leves az elm\u00fal\u00e1s kanal\u00e0n<br \/>Vel\u0151 vagy vev\u0151<br \/>Mindenre nyitott de semmire sem vev\u0151.minden ev\u0151.egys\u00e9gben az er\u0151-szakt\u00f3l sem mentes szavaim.savjaim.savaznak.<br \/>Savas vagy mentes?mindegy&#8230;.<br \/>Nekem nem ment. neki mentem.neki mentem az m-mem.de nem az m&amp;m &#8216;szem nem is a ham&amp;eggsem az az egyszem asszem \u00f6regszem de igyekszem mikor az exemmel a szexen veszekszem mert azt hiszi hogy \u0151 a kekszem.de csak az\u00e9rt mert azt mondom neki \u00e9desem m\u00e9g nem \u00e9rv\u00e9nyes n\u00e1la a b\u00e9rletem ha k\u00e9rhetem<br \/>Vedd komolyan az \u00e9letem<br \/>Vegy\u00e9l komolyan mert \u00e9n nem j\u00e1tszom a szavakkal<br \/>Ne vegy\u00e9l komolyan mert \u00e9n csak j\u00e1tszom magammal a t\u0171zzel bet\u0171kkel a f\u0171z\u00f6m \u0151ket egy t\u0171vel,<br \/>f\u0171vel,f\u00e0val,pi\u00e1val nyakig \u00e1llok a mocs\u00e1rban bocs\u00e1nat ha b\u00e1ntalak alakoskodok okoskodok -tornak nemet mondok..nincs nekem semmi bajom Bajon cs\u00faszok hason-l\u00edtok r\u00e1m egy vag\u00e1ny rakendroll vad\u00e1sz:3bor2kola az istenszerelm\u00e9re sem tudtam leszokni r\u00f3la,de volna egy javaslat nem v\u00e1rsz csin\u00e1lom magamnak-magamt\u00f3l soxeretettel p\u00e1rizsb\u00f3l p\u00e1rizsib\u00f3l10deka el\u00e9g mert benne van az sok szem\u00e9t lehunyja kisbal\u00e1zs alszik ez a Magyarorsz\u00e1g&#8230;<\/p>\n<p>Nem vagyok tolvaj<br \/>Nem lopom a szavakat<br \/>Nem m\u00e1solok m\u00e1sokat<br \/>Keresem magamat.ha megtal\u00e1lt\u00e1l sz\u00f3lj.de ne grimaszolj,mondd az igazat ne maszatolj!<br \/>Mert mindegy hogy<br \/>Az \u00faj m\u00f3dszert k\u00f6vetem vagy a r\u00e9git<br \/>Ha a sz\u00edvem ott legbel\u00fcl \u00e9rzi<br \/>amit mondanom kell oh mondd mennyit \u00e9r az ember ha k\u00e9sz\u00fcl v\u00e9res gy\u0151zelemre?legy\u0151z\u00f6m e gy\u0151zik\u00e9t?\u00e9n helyesen \u00ecrom az ikes ig\u00e9t&#8230;de nem t\u00e1madom a celebeket agy n\u00e9lk\u00fcl \u00e9lni el\u00e9g neh\u00e9z lehet&#8230;etetlens\u00e9g n\u00e9zni a m\u0171sorukat-azt a sok kifinomult urat<br \/>Ahogy ugat&#8230;p\u00e9nz\u00e9rt mindenre hajland\u00f3&#8230;erre m\u00e1r nem is kell sz\u00f3-d\u00e1val elmegy, egy elme-bajnoks\u00e1g <br \/>Ehhez nem kell b\u00e1tors\u00e1g-badars\u00e1g lenne azt gondolni hogy ott kell gondolkodni..<br \/>Nagy a baj&#8230;t\u00fal sok a f\u00e9ny t\u00fal nagy a zaj senki sincs aki engem akar <br \/>Ak\u00e1r agg\u00f3dhatn\u00e9k is de nem teszem<br \/>Nem hagyom hogy elvesszen a fejem<br \/>De nyugalom..nyugal-om<br \/>p\u00e1nikra semmi ok-okozat<br \/>A dolgok \u00f6ssszef\u00fcggenek magukkal<br \/>K\u00e9pletes k\u00e9ptelens\u00e9gek k\u00e9peznek k\u00e9pletet<br \/>Vakarom a falat <br \/>Valakinek mindent szabad?<br \/>Vakar om,tagad om,szabadon<br \/>Szabadon tagadom hogy vakarom<br \/>Szabad a gazda \u00e9s szabad a cs\u00f3k<br \/>Szabds\u00e1got halucin\u00e1lok<br \/>Ett\u0151l h\u00e1nyok <br \/>E-sz\u00e1m mentes l\u00e1nyok&#8230;l\u00e1nyok l\u00e1nyok angyalok<br \/>Azon agyalok amit m\u00e1s kihagyott <br \/>Amit m\u00e1s kidob \u00e9n abb\u00f3l alkotok<br \/>A kiv\u00e9tel er\u0151s\u00edti a szab\u00e1lyt<br \/>Kiv\u00e9ve ha szab\u00e1ly ellenes<br \/>El ne ess,kellene egy kellemes<br \/>Feladat de \u00e9n feladom<br \/>ak\u00e1r meg is oldhatom de ink\u00e1bb<br \/>Felt\u00f6r\u00f6m majd mint a da.vinci k\u00f3dot<br \/>Princess szofinak dobok egy cs\u00f3kot<br \/>Azt\u00e1n nyitok egy boltot<br \/>A szent gr\u00e1lt eladom j\u00e9zus v\u00e9r\u00e9t megiszom(\u00faristen v\u00e1mp\u00edr vagyok?)<br \/>Az\u00e9rt nem b\u00edrom a napot..pl. a h\u00e9tf\u0151t<br \/>.h\u00fcje!nem azt a 7f\u0151t!mer a 7.ik te magad l\u00e9gy!kis orsz\u00e1g nagy dics\u0151s\u00e9g oszk\u00e1r d\u00edjas a l\u00e9gy h\u0171 magadhoz ragasszkodj az \u00e1lmodhoz ,hidd el a sors az\u00e9rt hoz-ilyen helyzetbe hogy legyen mit tanulni bel\u0151le&#8230;.<\/p>\n<p>&nbsp;<\/p>\n<p>&nbsp;<\/p>\n<\/blockquote>\n<p>[\/et_pb_text][\/et_pb_column][\/et_pb_row][\/et_pb_section][et_pb_section fb_built=&#8221;1&#8243; _builder_version=&#8221;4.27.4&#8243; _module_preset=&#8221;default&#8221; custom_padding=&#8221;||0px|||&#8221; locked=&#8221;off&#8221; global_colors_info=&#8221;{}&#8221;][et_pb_row column_structure=&#8221;1_2,1_2&#8243; _builder_version=&#8221;4.27.4&#8243; _module_preset=&#8221;default&#8221; min_height=&#8221;89px&#8221; custom_margin=&#8221;-41px|auto||auto||&#8221; custom_padding=&#8221;||0px|||&#8221; global_colors_info=&#8221;{}&#8221;][et_pb_column type=&#8221;1_2&#8243; _builder_version=&#8221;4.27.4&#8243; _module_preset=&#8221;default&#8221; global_colors_info=&#8221;{}&#8221;][et_pb_heading title=&#8221;Eny\u00e9m&#8221; _builder_version=&#8221;4.27.4&#8243; _module_preset=&#8221;default&#8221; title_level=&#8221;h2&#8243; title_text_align=&#8221;left&#8221; title_font_size=&#8221;34px&#8221; width=&#8221;100%&#8221; width_tablet=&#8221;100%&#8221; width_phone=&#8221;100%&#8221; width_last_edited=&#8221;on|phone&#8221; custom_padding=&#8221;15px|||||&#8221; animation_style=&#8221;fade&#8221; title_line_height_tablet=&#8221;&#8221; title_line_height_phone=&#8221;1.1em&#8221; title_line_height_last_edited=&#8221;on|phone&#8221; global_colors_info=&#8221;{}&#8221;][\/et_pb_heading][et_pb_text quote_border_color=&#8221;gcid-2ebbc52c-9ee6-4712-a077-fcaec9b98540&#8243; _builder_version=&#8221;4.27.4&#8243; _module_preset=&#8221;default&#8221; text_font=&#8221;&#8211;et_global_heading_font||||||||&#8221; text_text_color=&#8221;gcid-heading-color&#8221; text_font_size=&#8221;17px&#8221; text_line_height=&#8221;1.6em&#8221; header_text_align=&#8221;left&#8221; animation_style=&#8221;fade&#8221; animation_duration=&#8221;2000ms&#8221; text_font_size_tablet=&#8221;17px&#8221; text_font_size_phone=&#8221;17px&#8221; text_font_size_last_edited=&#8221;on|phone&#8221; text_line_height_tablet=&#8221;1.6em&#8221; text_line_height_phone=&#8221;1.4em&#8221; text_line_height_last_edited=&#8221;on|desktop&#8221; border_style_all=&#8221;inset&#8221; global_colors_info=&#8221;{%22gcid-2ebbc52c-9ee6-4712-a077-fcaec9b98540%22:%91%22quote_border_color%22,%22quote_border_color%22%93,%22gcid-heading-color%22:%91%22text_text_color%22%93}&#8221;]<\/p>\n<blockquote>\n<p>Megpr\u00f3b\u00e1lom elmondani n\u00e9h\u00e1ny sz\u00f3ban <br \/>Hogy mi\u00e9rt csak pepsit iszom a pressz\u00f3ban-forg\u00f3 alany nem \u00e1ll\u00edtm\u00e1ny<br \/>Nem egy mag\u00e1nyos fa-sz\u00e1ll\u00edtm\u00e1ny<br \/>\u00c9s err\u00f3l m\u00e1r tanus\u00edtv\u00e1ny<\/p>\n<p>\u00c9n voltam az \u0151slevesben az els\u0151<br \/>v\u00f6r\u00f6s lamantin<br \/>Akkor tudatosult bennem a tudatalattim<br \/>Ha tudtam volna mi van kinn<br \/>Odabent maradok <br \/>\u00c9s eg\u00e9sz m\u00e1s \u00faton haladok<br \/>De kij\u00f6tt\u00fcnk \u00e9n meg m\u00e9g n\u00e9h\u00e1nyan<br \/>Akik ott maradtak igaz\u00e1n sajn\u00e1ltam<\/p>\n<p>&nbsp;<\/p>\n<p>Eny\u00e9m volt a kilimandzs\u00e1r\u00f3 perzsel\u0151 hava<br \/>Dinsdale tiszteletes istenk\u00e1roml\u00f3 szava<br \/>f\u00e9rjes asszonyokat is szerettem<br \/>Demokl\u00e9sz kardja ott lebegett felettem<\/p>\n<p>Eny\u00e9m volt a 90-es \u00e9vekben tatab\u00e1nya<br \/>Vilmos k\u00f6rte -kisfr\u00f6ccs \u00e1mokfut\u00e1sa<br \/>halkan szelte a v\u00e1rost 2\u00fctem\u0171 trabantom<br \/>De nem voltam m\u00e1s csak egy kibaszott fantom<\/p>\n<p>Eny\u00e9m volt a drum and bass a Palotai party-j\u00e1n<br \/>\u00cdgy \u00e1ldoztunk az underground olt\u00e1r\u00e1n<br \/>Tilos volt a r\u00e1di\u00f3,de sz\u00edvni azt szabad<br \/>volt<br \/>Azt\u00e1n m\u00e9g m\u00e1snap is mosolygott r\u00e1m a telihold<\/p>\n<p>Eny\u00e9m volt new york minden utc\u00e1ja<br \/>A l\u00e9lek \u00f6npuszt\u00edt\u00f3 ext\u00e1zis\u00e1nak eleganci\u00e1ja<br \/>Ahogy t\u00e9rdig g\u00e1zoltam brooklyn mocsk\u00e1ban<br \/>\u00c9s ittam a kokt\u00e9lt manhattan legdr\u00e1g\u00e1bb b\u00e1rj\u00e1ban<\/p>\n<p>Eny\u00e9m volt a p\u00e1rhuzamos meg a v\u00e9gtelen<br \/>De nem miattuk voltam ig\u00e9nytelen<br \/>Eny\u00e9m volt az egyenes meg a kereszt is<br \/>Ami van nekem az kb. 10 centis<\/p>\n<p>\u00c9n voltam az utols\u00f3 goly\u00f3 clint eastwood coltj\u00e1ban<br \/>Vehettem volna hasznos holmit a r\u00e9ms\u00e9gek kicsiny boltj\u00e1ban<br \/>Elcser\u00e9lhettem volna szaros \u00e9letem<br \/>Most nem \u00fcln\u00e9k ott a gy\u0171l\u00e9seken<\/p>\n<p>Eny\u00e9m volt jimmy hendrix gitarsz\u00f3l\u00f3ja<br \/>Az els\u0151 h\u00e1rom star wars han solo-ja<br \/>A zongoralecke csod\u00e1latos hangjai<br \/>\u00c9s bonni rotten oh fuck-jai<\/p>\n<p>\u00c9n voltam a v\u00e9gzet a termin\u00e1tor szem\u00e9ben<br \/>De r\u00e1basztam mert nem volt apr\u00f3 a zseb\u00e9ben<br \/>Sarah conor addig szara-kodott<br \/>M\u00edg neki csak 1j\u00f3 dug\u00e1s jutott<\/p>\n<p>Eny\u00e9m volt a m\u00e1trix \u00e9s Neo forradalma<br \/>A k\u00e9k tabletta minden hatalma<br \/>Ahol csak egy \u00e9rz\u00e9ki csal\u00f3d\u00e1s ahogy a<br \/>t\u00fck\u00f6rben l\u00e1tod a k\u00e9pet<br \/>A val\u00f3s\u00e1g nem m\u00e1s mint egy<br \/>irracion\u00e1lis n\u00e9zet<\/p>\n<p>Eny\u00e9m volt a s\u00e1rga csillag mind az 5 \u00e1ga<br \/>Az elesettek \u00e9s h\u00e1tr\u00e1nyos helyzet\u0171ek<br \/>im\u00e1ja<br \/>Az atombomba puszt\u00edt\u00f3 villan\u00e1sa<\/p>\n<p>Eny\u00e9m volt milli\u00f3 hesteg az<br \/>instagrammon<br \/>Ledobhatna r\u00f3lam instant n\u00e9h\u00e1ny<br \/>grammot<\/p>\n<p>Eny\u00e9m volt a m\u00e1snapok m\u00e1snapja<br \/>Az elvon\u00e1s remeg\u00e9s\u00e9nek k\u00ednpadja<br \/>Ahol \u00e1lom \u00e9s val\u00f3s\u00e1g \u00f6sszemos\u00f3dott<br \/>A f\u00e9lelem -f\u00e1jdalom egybefon\u00f3dott<br \/>Eny\u00e9m volt a del\u00edrium tremens<br \/>Miket hallucin\u00e1ltam az nonszensz<br \/>Kisz\u00e1lltam a testemb\u0151l \u00e9s n\u00e9ztem<br \/>magamat<br \/>D\u00e9monok sz\u00e1llt\u00e1k megy az agyamat<\/p>\n<p>\u00c9n voltam a megsz\u00e1radt tinta a tele\u00edrt pap\u00edron<br \/>De csak az \u00e1llt rajta h valahogy kib\u00edrom<br \/>\u00c9n voltam a k\u00e9rd\u0151jel a mondat v\u00e9g\u00ean<br \/>Ahogy egyens\u00falyoztam l\u00e9t-nem l\u00e9t sz\u00e9l\u00e9n<br \/>Mert csak k\u00e9rd\u00e9sek voltak,v\u00e1laszok nem<\/p>\n<p>\u00c9n voltam a boh\u00f3c a kir\u00e1ly udvar\u00e1ban<br \/>Par\u00e1d\u00e9ztam minden nap m\u00e1s<br \/>maskar\u00e1ban<br \/>T\u00f6r\u00e9keny \u00e1larcaim mindig felvettem<br \/>De a k\u00f6nnycsepp ott remegett a<br \/>sz\u00edvemben<\/p>\n<p>Fed\u0151 voltam csak az \u00e9let l\u00e1bos\u00e1n<br \/>t\u00f6r\u00f6tt patk\u00f3 a hal\u00e1l t\u00e1ltos\u00e1n<br \/>Csak egy csepp az id\u0151 tenger\u00e9ben<br \/>Porszem isten tenyer\u00e9ben<\/p>\n<p>Eny\u00e9m volt mo. Demokratikus \u00e1lma<br \/>Szabad magyar emberek szabads\u00e1g<br \/>v\u00e1gya<br \/>Lehullt a vasf\u00fcgg\u00f6ny,felh\u00fazt\u00e1k a ker\u00edt\u00e9st<br \/>Kih\u00fanytak a f\u00e9nyek,maradt a s\u00f6t\u00e9ts\u00e9g<\/p>\n<p>Sohasem \u00edzlett az unicum<br \/>M\u00e9gis mit\u0151l vagyok hungarikum?<br \/>Ezt a t\u00fckr\u00f6m is megmondja n\u00e9kem<br \/>Igencsak balfasz vagyok e vid\u00e9ken<br \/>Mert ki az aki 2 technikusi oklev\u00e9llel mosogat<br \/>K\u00f6zben \u00e9letvezet\u00e9si tan\u00e1csokat osztogat<br \/>Mindezt szeretetb\u0151l meg j\u00f3fejs\u00e9gb\u0151l<br \/>Sz.P\u00e9ter meg cs\u00f3koltat a 200ezres vip-b\u0151l<\/p>\n<p>Eny\u00e9m ez a sz\u00ednpad,eny\u00e9m a mikrofon<br \/>\u00c9s eny\u00e9m ez a p\u00e1r gondolat<br \/>Amit a zs\u0171ri majd gondosan kiv\u00e1logat<br \/>Eny\u00e9m ez az \u00e9let \u00e9s ez a pillanat<br \/>Ki\u00e9lvezem am\u00edg jobb nem akad<\/p>\n<\/blockquote>\n<p>[\/et_pb_text][\/et_pb_column][et_pb_column type=&#8221;1_2&#8243; _builder_version=&#8221;4.27.4&#8243; _module_preset=&#8221;default&#8221; global_colors_info=&#8221;{}&#8221;][et_pb_heading title=&#8221;Esk\u00fc&#8221; _builder_version=&#8221;4.27.4&#8243; _module_preset=&#8221;default&#8221; title_level=&#8221;h2&#8243; title_text_align=&#8221;left&#8221; title_font_size=&#8221;34px&#8221; width=&#8221;100%&#8221; width_tablet=&#8221;100%&#8221; width_phone=&#8221;100%&#8221; width_last_edited=&#8221;on|phone&#8221; custom_padding=&#8221;15px|||||&#8221; animation_style=&#8221;fade&#8221; title_line_height_tablet=&#8221;&#8221; title_line_height_phone=&#8221;1.1em&#8221; title_line_height_last_edited=&#8221;on|phone&#8221; locked=&#8221;off&#8221; global_colors_info=&#8221;{}&#8221;][\/et_pb_heading][et_pb_text quote_border_color=&#8221;gcid-2ebbc52c-9ee6-4712-a077-fcaec9b98540&#8243; _builder_version=&#8221;4.27.4&#8243; _module_preset=&#8221;default&#8221; text_font=&#8221;&#8211;et_global_heading_font||||||||&#8221; text_text_color=&#8221;gcid-heading-color&#8221; text_font_size=&#8221;17px&#8221; text_line_height=&#8221;1.6em&#8221; header_text_align=&#8221;left&#8221; custom_margin=&#8221;||-2px|||&#8221; animation_style=&#8221;fade&#8221; animation_duration=&#8221;2000ms&#8221; text_font_size_tablet=&#8221;17px&#8221; text_font_size_phone=&#8221;17px&#8221; text_font_size_last_edited=&#8221;on|phone&#8221; text_line_height_tablet=&#8221;1.6em&#8221; text_line_height_phone=&#8221;1.4em&#8221; text_line_height_last_edited=&#8221;on|desktop&#8221; border_style_all=&#8221;inset&#8221; locked=&#8221;off&#8221; global_colors_info=&#8221;{%22gcid-2ebbc52c-9ee6-4712-a077-fcaec9b98540%22:%91%22quote_border_color%22,%22quote_border_color%22%93,%22gcid-heading-color%22:%91%22text_text_color%22%93}&#8221;]<\/p>\n<blockquote>\n<p>Egy nemzetnek egy a hangja<br \/>Ha mindenki ua akarja<br \/>Egy nemzetnek ezer a hangja<br \/>Ha a t\u00f6bbs\u00e9g m\u00e1shogy akarja<br \/>Egy nemzetnek nincsen hangja<br \/>Ha a n\u00e9p sehogysem akarja<br \/>Egy orsz\u00e1g isten sz\u00edne el\u0151tt<br \/>Egy isten az orsz\u00e1g sz\u00edne el\u0151tt<\/p>\n<p>Szabad v\u00e1laszt\u00e1s<br \/>Etikus a kiv\u00e1ndorl\u00e1s<br \/>A d\u00f6nt\u00e9s szabad<br \/>A tart\u00f3zkod\u00e1s v\u00e1laszthat\u00f3<br \/>De nem elfogadhat\u00f3<br \/>Szabad a csok \u00e9s szabad a t\u00e1nc szabadkozni lenne k\u00e1r<br \/>Szabad szappanozni \u00e9s a j\u00e1rt utat j\u00e1ratlan\u00e9rt feladni<\/p>\n<p>De nincs id\u0151 g\u00f3l\u00f6r\u00f6mre<br \/>Sz\u00e1m\u00edthatok a k\u00f6z\u00f6ny\u00f6mre<\/p>\n<p>Itt az \u00fajabb \u0151r\u00fclet<br \/>A b\u0151s\u00e9g kosar\u00e1b\u00f3l csak a bels\u0151 k\u00f6r vehet<br \/>Lehet,senki sem beteg<br \/>Meggy\u00f3gy\u00edtanak ez elvek<br \/>Ha el\u00e9g hossz\u00fa a nyelved<\/p>\n<p>\u00dajra vonul a bety\u00e1rsereg<br \/>Roma meleg bele remeg<br \/>bossz\u00fa,er\u0151szak,\u00f6nb\u00edr\u00e1skod\u00e1s<br \/>Ott mindenki m\u00e1soddiplom\u00e1s<br \/>De kussolok ,mert elvernek<br \/>Mint Liverpool a barc\u00e1t<br \/>Ne huzogasd a magyar fark\u00e1t<br \/>Bajsz\u00e1t..mondom is h bajsz\u00e1t<\/p>\n<p>&#8222;Mert ez m\u00e9g itt nem amerika haha&#8221;<br \/>Ez m\u00e9g itt nem amerika<br \/>Cs\u0151be h\u00faz a sz\u00e1mmisztika<br \/>A kereszt\u00e9ny demokr\u00e1cia az \u00faj<br \/>szvasztika<\/p>\n<p>Clinton is esk\u00fcd\u00f6tt az bibli\u00e1ra<br \/>M\u00f3nika lewinsky meg a sperm\u00e1j\u00e1ra<br \/>&#8222;Nem volt szexu\u00e1lis kapcsolatom azzal a n\u0151vel&#8221;<br \/>Eln\u0151k \u00far!tegyen meg first ladynek ennyi er\u0151vel<\/p>\n<p>Mi nem esk\u00fcsz\u00fcnk mindennap a z\u00e1szl\u00f3ra<br \/>Becssz\u00f3ra nem vagyunk n\u00e1cik mondja<br \/>D.D\u00f3ra<br \/>Magyar seggbe magyar l\u00f3fasz<br \/>Nyitott\u00e1 tesz minket a j\u00f3ga<\/p>\n<p>Nem f\u00e1j ha nem k\u00e9rdezem<br \/>Megbasznak ha engedem<\/p>\n<p>Ez nem a nyugat ez a balk\u00e1n<br \/>Impotens\u00e9 tesz a sok rekl\u00e1m<br \/>Nem tudok meghallgatni 2sz\u00e1mot a jutubon<br \/>Vki ne akarna jav\u00edtani a sorsomon<br \/>Hitel a megold\u00e1s mindenre<br \/>benevezek egy lamantin sz\u00e9ps\u00e9g versenyre<br \/>Van es\u00e9lyem a gy\u0151zelemre<\/p>\n<p>One nation under god<br \/>isten nem figyel r\u00e1d<br \/>With liberty and justice for all<br \/>Metallica lemez 88&#8242;-b\u00f3l<\/p>\n<p>Szabads\u00e1g \u00e9s igazs\u00e1goss\u00e1g<br \/>mindenkire<br \/>A v\u00e1lasz itt van egy k\u00f6p\u00e9snyire<br \/>Az ablak nyitva van r\u00e9snyire<br \/>Kin\u00e9zek de a f\u00fcgg\u00f6ny nem mozdul<br \/>Vasb\u00f3l van tudom j\u00f3l<\/p>\n<p>Korl\u00e1tolt a l\u00e1t\u00f3hat\u00e1r<br \/>K\u00e9ne p\u00e1r illemtan\u00e1r<br \/>\u00c9s ha egy b\u00e9kegalamb felt\u0171nik<br \/>A csatab\u00e1rdra azonnal felt\u0171zik<\/p>\n<p>Esk\u00fcd\u00f6ztem \u00e9n h csak eggyet ittam<br \/>Tagadtam ameddig csak b\u00edrtam<br \/>Hogy a sok f\u00e1jdalmat tomp\u00edtsam<br \/>De magamat majdnem kiny\u00edrtam<\/p>\n<p>N\u00e9ha hi\u00e1nyzik a pia,mint Darabos \u00farnak a vasal\u00f3<br \/>De a sz\u00e9kletem rendben van nem kell hashajt\u00f3<\/p>\n<p>38\u00e9vvel ezel\u0151tt fogadalmat tettem h rendes kisgyerek leszek<br \/>Ahogy m\u00e1sok akarj\u00e1k mindent \u00fagy teszek<br \/>Nem gondoltam volna hogy<br \/>az \u00fatt\u00f6r\u0151k 3.pontja<br \/>Most lesz aktu\u00e1lis<br \/>\u00c9letem vizu\u00e1lis n\u00e9ha spiritu\u00e1lis<\/p>\n<p>Az \u00fatt\u00f6r\u0151 szorgalmasan tanul,a vil\u00e1g \u00e9s \u00f6nmaga megismer\u00e9s\u00e9re t\u00f6rekszik<\/p>\n<\/blockquote>\n<p>[\/et_pb_text][\/et_pb_column][\/et_pb_row][\/et_pb_section][et_pb_section fb_built=&#8221;1&#8243; _builder_version=&#8221;4.27.4&#8243; _module_preset=&#8221;default&#8221; custom_padding=&#8221;||0px|||&#8221; locked=&#8221;off&#8221; global_colors_info=&#8221;{}&#8221;][et_pb_row column_structure=&#8221;1_2,1_2&#8243; _builder_version=&#8221;4.27.4&#8243; _module_preset=&#8221;default&#8221; min_height=&#8221;89px&#8221; custom_margin=&#8221;-41px|auto||auto||&#8221; custom_padding=&#8221;||0px|||&#8221; global_colors_info=&#8221;{}&#8221;][et_pb_column type=&#8221;1_2&#8243; _builder_version=&#8221;4.27.4&#8243; _module_preset=&#8221;default&#8221; global_colors_info=&#8221;{}&#8221;][et_pb_heading title=&#8221;Est\u00e9re a&#8221; _builder_version=&#8221;4.27.4&#8243; _module_preset=&#8221;default&#8221; title_level=&#8221;h2&#8243; title_text_align=&#8221;left&#8221; title_font_size=&#8221;34px&#8221; width=&#8221;100%&#8221; width_tablet=&#8221;100%&#8221; width_phone=&#8221;100%&#8221; width_last_edited=&#8221;on|phone&#8221; custom_padding=&#8221;15px|||||&#8221; animation_style=&#8221;fade&#8221; title_line_height_tablet=&#8221;&#8221; title_line_height_phone=&#8221;1.1em&#8221; title_line_height_last_edited=&#8221;on|phone&#8221; global_colors_info=&#8221;{}&#8221;][\/et_pb_heading][et_pb_text quote_border_color=&#8221;gcid-2ebbc52c-9ee6-4712-a077-fcaec9b98540&#8243; _builder_version=&#8221;4.27.4&#8243; _module_preset=&#8221;default&#8221; text_font=&#8221;&#8211;et_global_heading_font||||||||&#8221; text_text_color=&#8221;gcid-heading-color&#8221; text_font_size=&#8221;17px&#8221; text_line_height=&#8221;1.6em&#8221; header_text_align=&#8221;left&#8221; animation_style=&#8221;fade&#8221; animation_duration=&#8221;2000ms&#8221; text_font_size_tablet=&#8221;17px&#8221; text_font_size_phone=&#8221;17px&#8221; text_font_size_last_edited=&#8221;on|phone&#8221; text_line_height_tablet=&#8221;1.6em&#8221; text_line_height_phone=&#8221;1.4em&#8221; text_line_height_last_edited=&#8221;on|desktop&#8221; border_style_all=&#8221;inset&#8221; global_colors_info=&#8221;{%22gcid-2ebbc52c-9ee6-4712-a077-fcaec9b98540%22:%91%22quote_border_color%22,%22quote_border_color%22%93,%22gcid-heading-color%22:%91%22text_text_color%22%93}&#8221;]<\/p>\n<blockquote>\n<p>Est\u00e9re a testv\u00e9re<br \/>Lefekszik egy f\u00e9lv\u00e9r test\u00e9re<br \/>Megm\u00e9rve<br \/>Mennyi az \u00e1ltala kiszor\u00edtott l\u00e9lek s\u00falya<br \/>21gramm<br \/>Gondolja Naomi Watts<br \/>Maradhat mondom \u00e9n<br \/>Mintha \u00e9n mondan\u00e1m meg mennyi marad<br \/>Mennyi az annyi amennyi<br \/>Mintha \u00e9n megmondhatn\u00e9k <br \/>Mintha \u00e9n hatn\u00e9k b\u00e1rmire vagy b\u00e1rkire<br \/>A gravit\u00e1ci\u00f3 nem \u00e9n vagyok<br \/>De \u00e9n is lefele esek feleselek<br \/>felesek fele felt\u00e9telezem felezhet\u0151<br \/>Pont annyira mint az \u00e9let s\u00falya<br \/>az eny\u00e9m pl:100.0000gramm<br \/>Tekint\u00e9lyes de ennek is a fele felesleges \u00e9s ha abb\u0151l levonunk<\/p>\n<p>21-t&#8230;az katasztr\u00f3f\u00e1lisan jelent\u00e9ktelen..mint az \u00e9letem \u00e9s ha m\u00e1r nem leszek mennyi p\u00e9nzt tesznek a szememre? Most kell megtal\u00e1lnom a nyugalmat mert nem lesz r\u00e1 p\u00e9nzem hogy a r\u00e9v\u00e9sz \u00e1tvigyen&#8230;azt\u00e1n bolyonghatok a valhall\u00e1ban \u00edt\u00e9letnapig&#8230;m\u00e9rlegre tesznek?vagy s\u00f3s k\u00fatba?vagy onnan is kivesznek?vagy ker\u00e9kbe t\u00f6rnek?mert nem vagyok hajland\u00f3<br \/>hazugoknak hajlongani&#8230;vagy l\u00e1b al\u00e1 tesznek?onnan meg eltesznek?sz\u00e0llj el sz\u00e1llj el..sz\u00e1llj velem \u00e9n m\u00e9g nem rep\u00fcltem senkivel!dehogynem!<br \/>mint mag\u00e1nyos rep\u00fcl\u0151k rep\u00fcltem&#8230;<br \/>F\u00f6ldr\u00e9szek felett M\u00e1sf\u00e9lt hallgattam m\u00e1s \u00e1llapotban<br \/>Szeretem mikor megsz\u0171nik az id\u0151 \u00e9s elt\u0171nik a t\u00e9r \u00e9n meg csak itt \u00fcl\u00f6k a nihil k\u00f6zep\u00e9n<br \/>De ink\u00e1bb kilovagoltam perzsi\u00e1b\u00f3l mert m\u00e1r csak a hal\u00e1l 50\u00e1rnyalata v\u00e1rt<br \/>sok kez\u00e9ben vir\u00e1gok de sz\u00e1j\u00e1b\u00f3l b\u0171zl\u00f6tt a rothad\u00e1s<br \/>Azt\u00e1n tarot k\u00e1rtya lapjai j\u00f3soltak szebb j\u00f6v\u0151t nekem<br \/>De \u00e9n csak ord\u00edtottam,hogy el\u00e9g volt <br \/>T\u00f6bbet nem csin\u00e1lj\u00e1k ezt velem<br \/>Mire megnyugodtam ott volt az \u00e9n istenem,nem kellet hozz\u00e1<\/p>\n<p>m\u00e9rleg :m\u00e9rhetetlen t\u00fcrelemmel fordult fel\u00e9m \u00e9s \u00e9n -\u00e9letemben el\u0151sz\u0151r-nemcsak a semmiben hittem.<br \/>Hitbuzg\u00f3 ateistak\u00e9nt k\u00e9nytelen voltam egy l\u00e9p\u00e9st tenni ..h\u00e1trafel\u00e9<br \/>H\u00e1tra arc!katon\u00e1s rendben, rem\u00e9nykedtem,vezekeltem,<br \/>de igaz\u00e1b\u00f3l nem b\u0171n\u00f6ztem:lelkeket<br \/>\u00f6ltem&#8230;l\u00e9legzet visszafogva figyeltem:ennek mi lesz a v\u00e9ge???<br \/>\u00cdgy \u00e1ll bossz\u00fat a karm\u00e1m?a meg\u00f6lt lelkek s\u00falya bel\u00e9m v\u00e1ndorolt?<\/p>\n<p>az g\u00e1z..att\u00f3l nem szabadulok egy hamar&#8230;<br \/>M\u00e1rmint a s\u00falyt\u00f3l&#8230;r\u00e1m is vonatkozik a s\u00falyad\u00f3?mikor tulajdonk\u00e9ppen s\u00falytalan vagyok&#8230;nem nyomok fekve,de m\u00e9g latban sem&#8230;<br \/>&#8222;Az \u00e9let s\u00falya a vil\u00e1g gondja&#8221;<br \/>\u00c9n tudom hogy a mostani \u00e9letem aj\u00e1nd\u00e9k<br \/>Tudom kit\u0151l kaptam \u00e9s mit tettem \u00e9rte &#8230;vigy\u00e1zok r\u00e0 nincs t\u00f6bb es\u00e9lyem<\/p>\n<\/blockquote>\n<p>[\/et_pb_text][\/et_pb_column][et_pb_column type=&#8221;1_2&#8243; _builder_version=&#8221;4.27.4&#8243; _module_preset=&#8221;default&#8221; global_colors_info=&#8221;{}&#8221;][et_pb_heading title=&#8221;\u00c9szre sem&#8221; _builder_version=&#8221;4.27.4&#8243; _module_preset=&#8221;default&#8221; title_level=&#8221;h2&#8243; title_text_align=&#8221;left&#8221; title_font_size=&#8221;34px&#8221; width=&#8221;100%&#8221; width_tablet=&#8221;100%&#8221; width_phone=&#8221;100%&#8221; width_last_edited=&#8221;on|phone&#8221; custom_padding=&#8221;15px|||||&#8221; animation_style=&#8221;fade&#8221; title_line_height_tablet=&#8221;&#8221; title_line_height_phone=&#8221;1.1em&#8221; title_line_height_last_edited=&#8221;on|phone&#8221; locked=&#8221;off&#8221; global_colors_info=&#8221;{}&#8221;][\/et_pb_heading][et_pb_text quote_border_color=&#8221;gcid-2ebbc52c-9ee6-4712-a077-fcaec9b98540&#8243; _builder_version=&#8221;4.27.4&#8243; _module_preset=&#8221;default&#8221; text_font=&#8221;&#8211;et_global_heading_font||||||||&#8221; text_text_color=&#8221;gcid-heading-color&#8221; text_font_size=&#8221;17px&#8221; text_line_height=&#8221;1.6em&#8221; header_text_align=&#8221;left&#8221; custom_margin=&#8221;||-2px|||&#8221; animation_style=&#8221;fade&#8221; animation_duration=&#8221;2000ms&#8221; text_font_size_tablet=&#8221;17px&#8221; text_font_size_phone=&#8221;17px&#8221; text_font_size_last_edited=&#8221;on|phone&#8221; text_line_height_tablet=&#8221;1.6em&#8221; text_line_height_phone=&#8221;1.4em&#8221; text_line_height_last_edited=&#8221;on|desktop&#8221; border_style_all=&#8221;inset&#8221; locked=&#8221;off&#8221; global_colors_info=&#8221;{%22gcid-2ebbc52c-9ee6-4712-a077-fcaec9b98540%22:%91%22quote_border_color%22,%22quote_border_color%22%93,%22gcid-heading-color%22:%91%22text_text_color%22%93}&#8221;]<\/p>\n<blockquote>\n<p>\u00c9szre sem veszem hogy elmegy az eszem <br \/>Eszem az olcs\u00f3t<br \/>Veszem a teszk\u00f3t <br \/>De csendben viselem<br \/>Nem csin\u00e1lok feszk\u00f3t<br \/>Gazdas\u00e1gosan megyek t\u00f6nkre<br \/>De haragszom \u00f6nre<br \/>Mr. Multi milli\u00e1rdos-multi n\u00e1ci g\u00e9nmanipul\u00e1l\u00f3 g\u00e9pkezel\u0151-lekezel\u0151-l\u00e9lek\u00f6l\u0151<br \/>A leggyeng\u00e9bb l\u00e1ncszem vagyok<br \/>A t\u00e1pl\u00e1l\u00e9k l\u00e1ncban<br \/>Engem ragadoznak<br \/>Nem \u00e9n vagyok a ragadoz\u00f3<br \/>Pred\u00e1tor f\u00e9lelmem megg\u00e1t\u00f3l<br \/>Mag\u00e1t\u00f3l nem v\u00e0ltozik semmi<br \/>Ragad a sz\u00f3 mint a ragaszt\u00f3<br \/>Rag\u00e1lyos kor mert beteg ez a kor<br \/>Megb\u00e9lyegez b\u00e1rmikor<br \/>Adj fel \u00fczenetben<br \/>Ha \u00e9n feladom a k\u00fczdelemben<br \/>Soha nem<br \/>vagyok testk\u00f6zelben<br \/>Mert az agyam el\u0151bb oda\u00e9r b\u00e0rhova mint \u00e9n magam<br \/>G\u00e1z&#8230;hogy fejben d\u0151l el(de n\u00e1lam m\u00e9g semmi sem d\u0151lt el),minden3es\u00e9lyes:1 2 x fiksz tuti t\u00e9tre helyre befut\u00f3ra royal flush-back,to the primitive fuck all your politics<br \/>\u00c9n meg-d\u0151l\u00f6k csak d\u00fcl\u00f6ng\u00f6k:<br \/>d\u00fch\u00f6ng\u00f6k mert nem k\u00fcl\u00f6nb\u00f6z\u00f6k a k\u00fcl\u00f6nb\u00f6zett\u0151l pedig el\u00e9g nagy a k\u00fcl\u00f6nbs\u00e9g,k\u00f6ztem \u00e9s a vil\u00e1g leghatalmasabb embere k\u00f6z\u00f6tt,\u00e9ppen81.2milli\u00e0rd doll\u00e0r&#8230;<br \/>Gyan\u00edtom nem \u00e9n vagyok a vil\u00e1g legbefoly\u00e1sosabb embere&#8230;l\u00e9tem nem befoly\u00e1sol semmit&#8230;elfoly\u00e1sos tal\u00e1n a j\u00f3 sz\u00f3..lefoly\u00e1sos ,\u00fagy lefolyik a lefoly\u00f3n mintha nem is lett volna soha.<br \/>A Forbes magazin list\u00e1j\u00e1n 7 441 590 627.vagyok&#8230;ezen nincs mit csod\u00e1lkozni,hiszen csak egy k\u00f6z\u00e9pszer\u0171 k\u00f6z\u00e9p-eur\u00f3pai fick\u00f3(vagy \u00e1tlagon fel\u00fcli fikci\u00f3)vagyok.<br \/>Az \u00e1tlagosn\u00e1l egy kicsit kisebb aggyal \u00e9s egy kicsit nagyobb hassal<br \/>Has-tag#kett\u0151s m\u00e9rce,nekem magam fel\u00e9 hajlik a kezem de csak a jobb,mer att\u00f3l leszek boldog..<br \/>Hashtag:\u00fczenembr\u00fcsszelnekhogy\u0151kismeg\u00e9rts\u00e9kv\u00e1ndoroltassanakki\u00e9stelep\u00edtsenekleengemmerm\u00e1rqrvaszarhogymegintmunkan\u00e9lk\u00fclvagyok\u00e9svalamifaszfejakarjamegmondanimegintahogyotmegamit!<br \/>Hashtag2:mondom lassan hogy mindenki meg\u00e9rtse:nem fogok minim\u00e1lb\u00e9r\u00e9rt wc-t takar\u00edtani,se konyh\u00e1t se semmit ne kelljen m\u00e1r 1000 ft okon szarakodni h\u00e9tr\u0151l h\u00e9tre!egy h\u00f3napba egyszer rendelek egy pizz\u00e1t azt\u00e1n azt hiszem hogy j\u00f3 nekem..j\u00f3 j\u00f3 j\u00f3 nekem&#8230;asszem szemembe s\u00fct\u00f6tt a nap,nem l\u00e1tom a f\u00e1t\u00f3l ami nincs de ha van is,azt sem l\u00e1tom mert minden hom\u00e1lyos twiglight zone,elveszek mint sz\u00fcrke szam\u00e1r a k\u00f6dben. Elveszek ,mert ha nem adnak elveszek.elveszek mint laura palmer a twin peaks ben.most m\u00e9g k\u00e9rek most adjatok.adjatok adjatok adjatok!napf\u00e9nye vil\u00e1goss\u00e1got<br \/>Vil\u00e1g\u00edtson be minden s\u00f6t\u00e9t elm\u00e9be&#8230;nekem meg adjon a v\u00e9gzetts\u00e9geimnek megfelel\u0151 munk\u00e0t a munkak\u00f6zvet\u00edt\u0151 vagy s dia vet\u00edt\u0151 vagy a k\u00e9zbes\u00edt\u0151..mit b\u00e1nom \u00e9n!<br \/>Hasson m\u00e1r valami amit\u0151l m\u00falik a f\u00e1jdalom <br \/>F\u00e1j ha hagyom,f\u00e1raszt ha nem<br \/>ebb\u0151l a rohadt vil\u00e1gb\u00f3l nem kell nekem!\u00e9s most veszem \u00e9szre,hogy elment a marad\u00e9k eszem is:aki l\u00e1tja sz\u00f3ljon m\u00e1r neki,hogy j\u00f6jj\u00f6n vissza mert n\u00e9lk\u00fcle eszement vagyok!<\/p>\n<\/blockquote>\n<p>[\/et_pb_text][\/et_pb_column][\/et_pb_row][\/et_pb_section][et_pb_section fb_built=&#8221;1&#8243; _builder_version=&#8221;4.27.4&#8243; _module_preset=&#8221;default&#8221; custom_padding=&#8221;||0px|||&#8221; locked=&#8221;off&#8221; global_colors_info=&#8221;{}&#8221;][et_pb_row column_structure=&#8221;1_2,1_2&#8243; _builder_version=&#8221;4.27.4&#8243; _module_preset=&#8221;default&#8221; min_height=&#8221;89px&#8221; custom_margin=&#8221;-41px|auto||auto||&#8221; custom_padding=&#8221;||0px|||&#8221; global_colors_info=&#8221;{}&#8221;][et_pb_column type=&#8221;1_2&#8243; _builder_version=&#8221;4.27.4&#8243; _module_preset=&#8221;default&#8221; global_colors_info=&#8221;{}&#8221;][et_pb_heading title=&#8221;Feled\u00e9s&#8221; _builder_version=&#8221;4.27.4&#8243; _module_preset=&#8221;default&#8221; title_level=&#8221;h2&#8243; title_text_align=&#8221;left&#8221; title_font_size=&#8221;34px&#8221; width=&#8221;100%&#8221; width_tablet=&#8221;100%&#8221; width_phone=&#8221;100%&#8221; width_last_edited=&#8221;on|phone&#8221; custom_padding=&#8221;15px|||||&#8221; animation_style=&#8221;fade&#8221; title_line_height_tablet=&#8221;&#8221; title_line_height_phone=&#8221;1.1em&#8221; title_line_height_last_edited=&#8221;on|phone&#8221; global_colors_info=&#8221;{}&#8221;][\/et_pb_heading][et_pb_text quote_border_color=&#8221;gcid-2ebbc52c-9ee6-4712-a077-fcaec9b98540&#8243; _builder_version=&#8221;4.27.4&#8243; _module_preset=&#8221;default&#8221; text_font=&#8221;&#8211;et_global_heading_font||||||||&#8221; text_text_color=&#8221;gcid-heading-color&#8221; text_font_size=&#8221;17px&#8221; text_line_height=&#8221;1.6em&#8221; header_text_align=&#8221;left&#8221; animation_style=&#8221;fade&#8221; animation_duration=&#8221;2000ms&#8221; text_font_size_tablet=&#8221;17px&#8221; text_font_size_phone=&#8221;17px&#8221; text_font_size_last_edited=&#8221;on|phone&#8221; text_line_height_tablet=&#8221;1.6em&#8221; text_line_height_phone=&#8221;1.4em&#8221; text_line_height_last_edited=&#8221;on|desktop&#8221; border_style_all=&#8221;inset&#8221; global_colors_info=&#8221;{%22gcid-2ebbc52c-9ee6-4712-a077-fcaec9b98540%22:%91%22quote_border_color%22,%22quote_border_color%22%93,%22gcid-heading-color%22:%91%22text_text_color%22%93}&#8221;]<\/p>\n<blockquote>\n<p>Elfelejteni el tudom,megbocs\u00e1tani nem&#8230;megbocs\u00e1tani meg<\/p>\n<p>tudom elfelejteni nem&#8230;<\/p>\n<p>19710310<br \/>Any\u00e1mat este fel\u00e9 m\u00e1r igencsak verte a v\u00edz<br \/>Megsz\u00fclettem aznap b\u00e1r nem \u00e9n akartam<br \/>Err\u0151l nem a 2\/3 d\u00f6nt\u00f6tt de \u0151k igennel szavaztak<br \/>Arra a napra konkr\u00e9tan nem eml\u00e9kszem<br \/>Csak mes\u00e9lt\u00e9k milyen \u00e9des volt a k\u00e9pem<br \/>No deh\u00e1t ez is megv\u00e1ltozott<br \/>Ez a fej szerkezet nem so k l\u00e1nyt vonzott<br \/>Mindenhova elindultam de nem \u00e9rkeztem sehova<br \/>A-b\u00f3l b-be eljutni nem egyszer\u0171 logika<br \/>Elt\u00e9vedtem a saj\u00e1t magam \u00e1ltal szerkesztett t\u00e9rk\u00e9pen<br \/>De ha egy rend\u0151r l\u00e1tta volna a v\u00e9rk\u00e9pem<br \/>Nem k\u00e9rdez semmit csak el\u0151veszi a pisztoly\u00e1t <br \/>Jogos lett volna az \u00f6nb\u00edr\u00e1skod\u00e1s<br \/>De a Steve \u00e9lete nem mindig m\u00f3ka \u00e9s kacag\u00e1s<br \/>Most j\u00f6n a szomor\u00fa r\u00e9sz amit\u0151l a hideg kir\u00e1z<br \/>Mert voltam mag\u00e1nyosabb mint egy \u0171rben lebeg\u0151 \u0171rhaj\u00f3s<br \/>\u00c9s egy kezemen megtudtam sz\u00e1molni mennyi \u00e9vet j\u00f3solt a j\u00f3s<br \/>Mert az \u00e9letvonalam valahol megszakadt<br \/>A k\u00e9ts\u00e9gbeejt\u0151 helyzetekt\u0151l szavam is elakadt<br \/>A f\u00e1jdalom v\u00e9gtelen szakad\u00e9ka felett<br \/>A depresszi\u00f3 szelleme lebegett<br \/>\u0150r\u00fclet volt megh\u00e1borodott ezer elmeoszt\u00e1ly<br \/>Az \u00e9let gyorsvonat\u00e1n maradt a m\u00e1sod oszt\u00e1ly<\/p>\n<p>A t\u00f6rt\u00e9netben nem feledkezhetek meg egy l\u00e1nyr\u00f3l<br \/>Musz\u00e1ly hogy \u00edrjak egy szerelmi sz\u00e1lr\u00f3l<br \/>Mert n\u00e9lk\u00fcli nem kerek a t\u00f6rt\u00e9net<br \/>\u00c9s ezzel magam mell\u00e9 \u00e1ll\u00edtom a k\u00f6z\u00f6ns\u00e9get<br \/>Egy szigeten ismertem meg igaz\u00e1n<br \/>Rengeteg kisfr\u00f6ccs \u00e9s rockdiszk\u00f3ban el\u00fcv\u00f6lt\u00f6tt motherfucker<\/p>\n<p>ut\u00e1n<br \/>Boldog voltam naiv \u00e9s szerelmes<br \/>De h\u00edvott a rock and roll \u00e9n meg elmentem<br \/>Hom\u00e1lyos az eg\u00e9sz sok \u00e9ve m\u00e1r ennek<br \/>Megbocs\u00e1tani magamnak h\u00e1\u00e1t az nagyon nem ment<\/p>\n<p>20161116<br \/>A k\u00f6zben elt\u0171nt id\u0151 ut\u00e1n kutatnak a ny-i helysz\u00ednel\u0151k <br \/>\u00c9n mindig hagyok bizony\u00edt\u00e9kot a helysz\u00edn el\u0151tt<br \/>H\u00e1tha Jason Bourne megfejti a rejt\u00e9lyt<br \/>Hogy hov\u00e1 t\u0171nt az elm\u00falt 20\u00e9v<br \/>Nemcsak a fent le\u00edrtak, para volt m\u00e0s is<br \/>Ebb\u0151l kider\u00fcl hogy az \u00e9n f\u00f6ldi l\u00e9tem paranorm\u00e1lis<br \/>Mostan\u00e1ban gyakran r\u00e1mt\u00f6r az \u00f6regkori demencia<br \/>B\u00e1r \u00e9n m\u00e9g mindig \u00fagy h\u00edvom dekadencia-10 deka potencia maradhat ,elviszem szeletben<br \/>\u00dagysem fogok sok\u00e1ig boh\u00f3ckodni ebben a szerepben<br \/>S b\u00e1r mindenre m\u00e1r nem eml\u00e9kszem<br \/>A kapuz\u00e1r\u00e1si p\u00e1nikon m\u00e1r r\u00e9g t\u00fall\u00e9ptem<br \/>Szem\u00fcveget \u00edrjon fel doktor \u00far ne viagr\u00e1t<br \/>\u00dagy nem m\u00fck\u00f6dik ha \u00f6sszekeverem a csajok arc\u00e1t<br \/>Fiatals\u00e1gom a feled\u00e9s hom\u00e1ly\u00e1ba mer\u00fclt<br \/>De az hogy most itt vagyok az nekem nagyon sokba ker\u00fclt&#8230;<\/p>\n<\/blockquote>\n<p>[\/et_pb_text][\/et_pb_column][et_pb_column type=&#8221;1_2&#8243; _builder_version=&#8221;4.27.4&#8243; _module_preset=&#8221;default&#8221; global_colors_info=&#8221;{}&#8221;][et_pb_heading title=&#8221;Festm\u00e9nyek_&#8221; _builder_version=&#8221;4.27.4&#8243; _module_preset=&#8221;default&#8221; title_level=&#8221;h2&#8243; title_text_align=&#8221;left&#8221; title_font_size=&#8221;34px&#8221; width=&#8221;100%&#8221; width_tablet=&#8221;100%&#8221; width_phone=&#8221;100%&#8221; width_last_edited=&#8221;on|phone&#8221; custom_padding=&#8221;15px|||||&#8221; animation_style=&#8221;fade&#8221; title_line_height_tablet=&#8221;&#8221; title_line_height_phone=&#8221;1.1em&#8221; title_line_height_last_edited=&#8221;on|phone&#8221; locked=&#8221;off&#8221; global_colors_info=&#8221;{}&#8221;][\/et_pb_heading][et_pb_text quote_border_color=&#8221;gcid-2ebbc52c-9ee6-4712-a077-fcaec9b98540&#8243; _builder_version=&#8221;4.27.4&#8243; _module_preset=&#8221;default&#8221; text_font=&#8221;&#8211;et_global_heading_font||||||||&#8221; text_text_color=&#8221;gcid-heading-color&#8221; text_font_size=&#8221;17px&#8221; text_line_height=&#8221;1.6em&#8221; header_text_align=&#8221;left&#8221; custom_margin=&#8221;||-2px|||&#8221; animation_style=&#8221;fade&#8221; animation_duration=&#8221;2000ms&#8221; text_font_size_tablet=&#8221;17px&#8221; text_font_size_phone=&#8221;17px&#8221; text_font_size_last_edited=&#8221;on|phone&#8221; text_line_height_tablet=&#8221;1.6em&#8221; text_line_height_phone=&#8221;1.4em&#8221; text_line_height_last_edited=&#8221;on|desktop&#8221; border_style_all=&#8221;inset&#8221; locked=&#8221;off&#8221; global_colors_info=&#8221;{%22gcid-2ebbc52c-9ee6-4712-a077-fcaec9b98540%22:%91%22quote_border_color%22,%22quote_border_color%22%93,%22gcid-heading-color%22:%91%22text_text_color%22%93}&#8221;]<\/p>\n<blockquote>\n<p>El\u0151sz\u00f3 <br \/>M\u00e1r egy ideje tudom h nincsenek v\u00e9letlenek <br \/>Nem v\u00e9letlen\u00fcl volt\u00e1l ott azon a slam poetry klubbon-ami k\u00fcl\u00f6nleges volt mert 3 sz\u00f6veget is elmondtam-\u00e9s az sem v\u00e9letlen h pont ezek a k\u00e9pek vannak ki\u00e1ll\u00edtva,mert mindegyikkel van szem\u00e9lyes kapcsolatom ,\u00e9lm\u00e9nyem<br \/>Bels\u0151 terek a ki\u00e1ll\u00edt\u00e1s c\u00edme \u00e9s engem sokkal .jobban foglalkoztatnak a bels\u0151 dolgaim mint a k\u00fcls\u0151k<br \/>Na j\u00f3 &#8230;.lehetn\u00e9k 10kg-val k\u00f6nnyebb meg lehetne kevesebb r\u00e1nc a szemem k\u00f6r\u00fcl, de ezek nem fontos dolgok,ezekkel egy\u00fctt tudok \u00e9lni&#8230;a k\u00e9rd\u00e9s az hogy a lelkiismeretemmel vagy h saj\u00e1t magammal mennyire tudok egy\u00fctt \u00e9lni??????<br \/>Ha hazudok Vagy el\u00e9g ha f\u00fcllentek ,tisztess\u00e9gtelen vagyok ,becsapok valakit..hogy sz\u00e1molok ezekkel a dolgokkal<br \/>Vagy ha megb\u00e1ntok vkit,tudjak bocs\u00e1natot k\u00e9rni<br \/>Apr\u00f3 dolgok ezek,de sz\u00e1momra ezek az igaz\u00e1n fontos dolgok<\/p>\n<p>JELENL\u00c9T<\/p>\n<p>Egyik sz\u00f6vegemben m\u00e1r feltettem a k\u00e9rd\u00e9st:<br \/>Abban amit te is hallott\u00e1l \u00e9s RadnotiA Az \u00f6rd\u00f6g r\u00e1d kacsint c. lemez\u00e9n hallhat\u00f3<br \/>Ha a m\u00falton r\u00e1g\u00f3dom \u00e9s a j\u00f6v\u0151n agg\u00f3dom, hogy vagyok itt \u00e9s mikor vagyok a mostban?<br \/>Hogy \u00e9lem meg a pillanatot,az \u00e9rz\u00e9seimet?<br \/>Vagy csak t\u00fal\u00e9lni akarom?&#8230;.nem mindegy<br \/>M\u00falt szombaton zseni\u00e1lis napom volt&#8230;semmi k\u00fcl\u00f6n\u00f6s nem t\u00f6rt\u00e9nt \u00e9s m\u00e9gis .10es sk\u00e1l\u00e1n 8as boldog voltam.\u00dcltem az udvaron n\u00e9ztem ahogy a ny\u00fal rohang\u00e1szik,ahogy csiripelnek a madarak,a feles\u00e9gem tereget \u00e9s nagyon rendbe voltak a dolgok<br \/>B\u00e9ke,nyugalom \u00e9s szeretet volt bennem.Nagyon \u00e9lveztem<\/p>\n<p>KETT\u0150S FIGYELEM<\/p>\n<p>Ez n\u00e1lam \u00f6r\u00f6k t\u00e9ma:hogyan tudok \u00e1tl\u00e9pni a k\u00f6z\u00f6ny falain????<br \/>Hogyan tudom r\u00e1venni magam h \u00e9rdekl\u0151d\u00e9st mutassak vki ir\u00e1nt?????<br \/>Ez az egyik legs\u00falyosabb jellemhib\u00e1m:a k\u00f6z\u00f6ny <br \/>De dolgozom rajta \u00e9s a feles\u00e9gem a megmondhat\u00f3ja h van v\u00e1ltoz\u00e1s&#8230;.\ud83e\udd23<br \/>A m\u00e1sik r\u00e9sze:temet\u00e9sen azt hallom h elk\u00eds\u00e9rt\u00fck az utols\u00f3 \u00fatj\u00e1ra&#8230;.ez nagyon sz\u00e9p&#8230; de&#8230;.<br \/>Am\u00edg \u00e9lt,ott voltunk vele az \u00faton?<br \/>Ha baj volt, kiny\u00fajtottuk a kez\u00fcnket?<br \/>Osztoztunk az \u00f6r\u00f6meiben?<br \/>Megk\u00e9rdezt\u00fck :hogy vagy?tudok seg\u00edteni vmiben?<br \/>Meg azt is hallom h megadtuk a v\u00e9gs\u0151 tiszteletet&#8230;.ez is nagyon sz\u00e9p&#8230;.de \u00e9let\u00e9ben megkapta a kell\u0151 odafigyel\u00e9st,t\u00f6r\u0151d\u00e9st,t\u00e1mogat\u00e1st ?<br \/>Ezek az igaz\u00e1n fontos dolgok sz\u00e1momra<\/p>\n<p>IMA<br \/>Ateista r\u00e9v\u00e9n nem ez a r\u00e9sze \u00e9rintett meg a k\u00e9pnek,hanem h a fi\u00fa a f\u0171ben fekszik&#8230;.mint amikor term\u00e9szet fot\u00f3snak k\u00e9pzelem magam es a f\u0171ben fekve f\u00e9nyk\u00e9pezem a pitypangokat&#8230;.<br \/>A term\u00e9szet&#8230;h mennyire elt\u00e1volodik a ma embere t\u0151le<br \/>Mihez vagyunk k\u00f6zel?<br \/>Netflix,sorozatok,tiktok,podcastek,vloggerek,yutuberek,insta celebek,megaszt\u00e1rok&#8230;<br \/>Mivel vagyunk intim kapcsolatban?<br \/>A telefonunkal&#8230;..\u00e9s ez borzaszt\u00f3&#8230;sz\u00e1momra<br \/>\u00c9n f\u00f6ldm\u00e9r\u0151 vagyok ,munka id\u0151m 80-90-100%-\u00e1t a szabadban t\u00f6lt\u00f6m<br \/>Sz\u00e1nt\u00f3 f\u00f6ld\u00f6n,erd\u0151ben,utak-vizek mellett<br \/>\u00c9n ott vagyok szabad,ott \u00e9rzem j\u00f3l magam<br \/>Mikor 3.5 \u00e9ve megl\u00e1ttam h milyen sz\u00e9p a mecsek \u0151sszel azonnal elkezdtem f\u00e9nyk\u00e9pezni&#8230;az\u00f3ta ez a 2. Hobbim<br \/>Meg a fecsk\u00e9k&#8230;H\u00fasv\u00e9t h\u00e9tf\u0151n k\u00f6lt\u00f6ztek vissza..hozz\u00e1nk.Rengeteg f\u00e9szek van a h\u00e1zfalon \u00e9s minden \u00e9vben vissza j\u00f6nnek hozz\u00e1nk.\u00c9n k\u00f6nnyes szemmel n\u00e9ztem \u0151ket ahogy \u00fajra birtokba veszik megszokott helyeiket<br \/>\u00c9s a vir\u00e1gokr\u00f3l m\u00e9g nem is besz\u00e9ltem&#8230;<\/p>\n<p>MAGAMBA<br \/>A HAL\u00c1L DER\u0170S ARCA<\/p>\n<p>Most itt megint besz\u00e9lhetn\u00e9k arr\u00f3l hogy hogyan vagyok magammal,de vagy egy sokkal izgalmasabb oldala is a k\u00e9pnek&#8230;<br \/>A m\u00faland\u00f3s\u00e1got feldolgozni illetve elfogadni akar\u00e1sa.\u00a0<br \/>Na ezzel \u00e9n nagyon rosszul \u00e1llok.Tal\u00e1n ha hinn\u00e9k istenben vagy a reinkarn\u00e1ci\u00f3ban ,k\u00f6nnyebb lenne<br \/>Mert a vil\u00e1g meg lesz n\u00e9lk\u00fclem de \u00e9n hogy leszek a vil\u00e1g n\u00e9lk\u00fcl?<br \/>Azt meg hogy az \u00e9let r\u00e9sze..azt egy\u00e1ltal\u00e1n nem tudom megem\u00e9szteni<br \/>\u00c9s hogy \u00e9n der\u0171s arccal t\u00e1vozzak e vil\u00e1gr\u00f3l tal\u00e1n az kell hogy megcsin\u00e1ljak mindent amit elterveztem<br \/>Nem nagy dolgok ezek,a r\u00e1k ellenszer\u00e9t nem \u00e9n fogom feltal\u00e1lni ,a vil\u00e1g b\u00e9k\u00e9t sem fogom elhozni.<br \/>De ez a mai esem\u00e9ny biztosan hozz\u00e1j\u00e1rult.<\/p>\n<p>FATALE<br \/>V\u00c9GZET<\/p>\n<p>&#8222;Nincs v\u00e9gzet,csak ha magad is bev\u00e9gzed&#8221;<br \/>Termin\u00e1tor <br \/>Egy id\u0151ben sokat foglalkoztatott az hogy van-e el\u0151re elrendelt sorsom,v\u00e9gzetem.De m\u00e9g ann\u00e1l is jobban az hogy meg tudom-e v\u00e1ltoztatni????<br \/>A v\u00e1laszom:IGEN!!!!!<br \/>9\u00e9vvel ezel\u0151tt \u00fagy d\u00f6nt\u00f6ttem hogy elegem a r\u00e9gi \u00e9letemb\u0151l \u00e9s \u00e9nemb\u0151l&#8230;v\u00e1ltoztattam \u00e9s v\u00e1ltoztam .Most meg azon dolgozom hogy ez \u00edgy maradjon.<\/p>\n<p>Mondod h nem szeretsz a nyugtalans\u00e1ggal foglalkozni&#8230;ezzel mostan\u00e1ban nem lehet nem foglalkozni<br \/>K\u00f6rbe vesz minket a bizonytalans\u00e1g ,k\u00e9ts\u00e9gbees\u00e9s \u00e9s bizony n\u00e9ha a kil\u00e1t\u00e1stalans\u00e1g <br \/>De megint az van hogy mennyire engedem be az \u00e9letembe,mennyit foglalkozom vele mennyire hagyom hogy eluralkodjon rajtam<br \/>Mindig van v\u00e1laszt\u00e1som&#8230;.<\/p>\n<p>KETT\u0150S \u00d6NARCK\u00c9P <br \/>Tal\u00e1lkoz\u00e1s magammal<\/p>\n<p>Ez egy izgalmas t\u00e9ma,hiszen szoktam tal\u00e1lkozni \u00f6nmagammal&#8230;ha nem is minden sarkon ,de rendszeresen egym\u00e1sba botlunk.<br \/>Folyamatosan belefutok jellemhib\u00e1imba pl. a m\u00e1r eml\u00edtett k\u00f6z\u00f6nybe.<br \/>De ha tr\u00fckk\u00f6zni pr\u00f3b\u00e1lok-kiker\u00fclni,megmagyar\u00e1zni-akkor a bar\u00e1taim figyelmeztetnek<br \/>Vagy a feles\u00e9gem&#8230;na \u0151 szokott olyan visszajelz\u00e9seket adni hogy a fal adja a m\u00e1sikat&#8230;pl. lusta vagyok<br \/>De ez rendben van mert ezt besz\u00e9lt\u00fck meg hogy \u0151szint\u00e9k lesz\u00fcnk <br \/>Mindketten hazug,\u00e1lszent kapcsolatokban \u00e9lt\u00fcnk id\u00e1ig.Mikor tal\u00e1lkoztunk megbesz\u00e9lt\u00fck h ezen v\u00e1ltoztatunk,mert csak \u00edgy van felj\u0151d\u00e9s.<\/p>\n<p>MACSKA<\/p>\n<p>2kuyt\u00e1nk volt<br \/>Liza a h\u0171s\u00e9ges h\u00e1z\u0151rz\u0151 \u00c9s Odi a h\u0171s\u00e9ges kanap\u00e9 \u0151rz\u0151<br \/>2 \u00e9ve m\u00e1r h itt hagytak minket&#8230;\u00e9s m\u00e9g mindig f\u00e1j az a csend \u00e9s \u0171r ami ut\u00e1nuk maradt<br \/>Azt\u00e1n a k\u00f6rny\u00e9kbeli macsk\u00e1k felb\u00e1torodtak \u00e9s hozz\u00e1nk k\u00f6lt\u00f6ztek&#8230;2 n\u00e1lunk is maradt &#8230;rem\u00e9lem m\u00e9g j\u00f3 sok\u00e1ig<br \/>Amelyik n\u00e1lunk sz\u00fcletett,\u0151 a kedvenc..Bagira<br \/>De nek\u00fcnk csak Senor Antonio Bagerasz&#8230;.<br \/>Nem hittem volna h \u00edgy meg tudok szeretni \u00e1llatokat<br \/>Kutya ,macska,fecske,kis csirke,teljesen mindegy <br \/>Ez\u00e9rt is j\u00f3 falun lakni,ilyen csod\u00e1kba van r\u00e9szem&#8230;<\/p>\n<p>ARANYKOR<\/p>\n<p>Milyen \u00e9rdekes hogy nem az \u00e9n gyerekkorom jut eszembe<br \/>Az 11\u00e9vig \u00fasztam,mennyit biciklizt\u00fcnk,fociztunk suli ut\u00e1n,10 \u00e9vig Balatonber\u00e9nyben nyaraltunk<br \/>Nem,hanem az hogy nek\u00fcnk nem lehet gyerek\u00fcnk<br \/>Ciszt\u00e1k,mi\u00f3mak \u00e9s egy\u00e9b idegen l\u00e9nyek \u00e1lltak az \u00fatj\u00e1ba<br \/>Eml\u00e9kszem, az aut\u00f3ban \u00fclt\u00fcnk \u00e9s s\u00edrva hajtottad az \u00f6lembe a fejedet:sajn\u00e1lom h nem sz\u00fclhetek neked gyereket-mondtad. Sajn\u00e1lom h nem lehetsz anyuka-v\u00e1laszoltam<br \/>Azt\u00e1n r\u00e1nk telepedett a s\u0171r\u0171 nyomaszt\u00f3 csend.. <br \/>Tal\u00e1n az f\u00e1j a legjobban h ez nem a mi d\u00f6nt\u00e9s\u00fcnk volt<br \/>Tal\u00e1n az f\u00e1j a legjobban h senki nem mondja nekem:apaaaa<br \/>De mi eld\u00f6nt\u00f6tt\u00fck h boldogok lesz\u00fcnk<\/p>\n<p>REGGELI JELENET<\/p>\n<p>Ez a k\u00e9p szorosan kapcsol\u00f3dik a kett\u0151s figyelemhez<br \/>Szerintem<br \/>Mert ez egy nagyon fontos r\u00e9sze a napnak,ami akkor t\u00f6rt\u00e9nik az nagyban befoly\u00e1solja hogy hogy fogom \u00e9rezni magam aznap<br \/>P\u00e1r hete d\u00f6bbentem r\u00e1 hogy ez az \u00e9n d\u00f6nt\u00e9sem \u00e9s ez att\u00f3l f\u00fcgg hogy hogyan reag\u00e1lok.<br \/>Megsz\u00f3lal a telefon,azt\u00e1n a feles\u00e9gem:Steve id\u0151 van,fel kell kelni&#8230;<br \/>\u00c9n mondhatom ,hogy:j\u00f3van,haggy\u00e1 m\u00e1,nem hiszem el<br \/>\u00c9s d\u00fch\u00f6nghetek \u00e9s \u00e9rezhetem magam szarul&#8230;<br \/>Vagy valami vicceset valaszolok ,amin r\u00f6h\u00f6g\u00fcnk \u00e9s eg\u00e9sz m\u00e1s sz\u00ednezete lesz ennek a felkel\u00e9s miz\u00e9ri\u00e1nak&#8230; <br \/>Nem \u00e1llok a s\u00f6t\u00e9t oldalra,nem engedek a gonosz cs\u00e1b\u00edt\u00e1s\u00e1nak&#8230;hanem ahogy te is mondtad:in timit\u00e1ssal,t\u00f6r\u0151d\u00e9ssel,odafigyel\u00e9ssel,kedvess\u00e9ggel vagyok az ir\u00e1nt akit szeretek <br \/>Tudom ez sokszor neh\u00e9z sok munka ,t\u00fcrelem al\u00e1zat kell hozz\u00e1..de m\u00e9gis &#8230;ett\u0151l lesz meghitt,ett\u0151l lesz emberi<\/p>\n<p>KI VISZI \u00c1T<\/p>\n<p>Ezen a k\u00e9pen l\u00e1that\u00f3 a legnagyobb f\u00e9lelmem&#8230;<br \/>Az hogy elvesztem a feles\u00e9gem&#8230;.ebbe sz\u00f6rny\u0171 meg csak belegondolni is<br \/>Az hogy egyed\u00fcl \u00e9bredek nap mint nap,abban az \u00e1gyban ahol most ketten alszunk&#8230;elk\u00e9pzelhetetlen<br \/>Tal\u00e1n nem is az a k\u00e9rd\u00e9s hogy<br \/>Ki viszi \u00e1t fog\u00e1ban tartva a szerelmet a t\u00fals\u00f3 partra<br \/>Hanem az ki tartja meg a neh\u00e9zs\u00e9gek ellen\u00e9re <br \/>Mert lehet h nem is kell vinni sehova..itt \u00e9s most kell tenni \u00e9rte<\/p>\n<p>A v\u00e9g\u00e9re pedig Nagy L\u00e1szl\u00f3 ihlette p\u00e1r sor<\/p>\n<p>Ki lesz az aki a szerelmet a kez\u00e9ben tartja?<br \/>Felemeli j\u00f3 magasra<br \/>Magasra hogy mindenki l\u00e1ssa<br \/>Lobogjon mint egy m\u00e1glya<br \/>Megvil\u00e1g\u00edt eget s t\u00fals\u00f3 partot<br \/>Mikor a k\u00e1romkod\u00e1s lelket mardos<br \/>Ki fogja majd a kezem<br \/>Ha halkul l\u00e9legzetem ?<br \/>\u00c9s ki lesz az aki harcol \u00e9rt\u00fcnk<br \/>Harcol szerelm\u00fcnk\u00e9rt?<\/p>\n<\/blockquote>\n<p>[\/et_pb_text][\/et_pb_column][\/et_pb_row][\/et_pb_section][et_pb_section fb_built=&#8221;1&#8243; _builder_version=&#8221;4.27.4&#8243; _module_preset=&#8221;default&#8221; custom_padding=&#8221;||0px|||&#8221; locked=&#8221;off&#8221; global_colors_info=&#8221;{}&#8221;][et_pb_row column_structure=&#8221;1_2,1_2&#8243; _builder_version=&#8221;4.27.4&#8243; _module_preset=&#8221;default&#8221; min_height=&#8221;89px&#8221; custom_margin=&#8221;-41px|auto||auto||&#8221; custom_padding=&#8221;||0px|||&#8221; global_colors_info=&#8221;{}&#8221;][et_pb_column type=&#8221;1_2&#8243; _builder_version=&#8221;4.27.4&#8243; _module_preset=&#8221;default&#8221; global_colors_info=&#8221;{}&#8221;][et_pb_heading title=&#8221;Fogadalom&#8221; _builder_version=&#8221;4.27.4&#8243; _module_preset=&#8221;default&#8221; title_level=&#8221;h2&#8243; title_text_align=&#8221;left&#8221; title_font_size=&#8221;34px&#8221; width=&#8221;100%&#8221; width_tablet=&#8221;100%&#8221; width_phone=&#8221;100%&#8221; width_last_edited=&#8221;on|phone&#8221; custom_padding=&#8221;15px|||||&#8221; animation_style=&#8221;fade&#8221; title_line_height_tablet=&#8221;&#8221; title_line_height_phone=&#8221;1.1em&#8221; title_line_height_last_edited=&#8221;on|phone&#8221; global_colors_info=&#8221;{}&#8221;][\/et_pb_heading][et_pb_text quote_border_color=&#8221;gcid-2ebbc52c-9ee6-4712-a077-fcaec9b98540&#8243; _builder_version=&#8221;4.27.4&#8243; _module_preset=&#8221;default&#8221; text_font=&#8221;&#8211;et_global_heading_font||||||||&#8221; text_text_color=&#8221;gcid-heading-color&#8221; text_font_size=&#8221;17px&#8221; text_line_height=&#8221;1.6em&#8221; header_text_align=&#8221;left&#8221; animation_style=&#8221;fade&#8221; animation_duration=&#8221;2000ms&#8221; text_font_size_tablet=&#8221;17px&#8221; text_font_size_phone=&#8221;17px&#8221; text_font_size_last_edited=&#8221;on|phone&#8221; text_line_height_tablet=&#8221;1.6em&#8221; text_line_height_phone=&#8221;1.4em&#8221; text_line_height_last_edited=&#8221;on|desktop&#8221; border_style_all=&#8221;inset&#8221; global_colors_info=&#8221;{%22gcid-2ebbc52c-9ee6-4712-a077-fcaec9b98540%22:%91%22quote_border_color%22,%22quote_border_color%22%93,%22gcid-heading-color%22:%91%22text_text_color%22%93}&#8221;]<\/p>\n<blockquote>\n<p>Elfogynak a szavak<br \/>Elfogynak a mondatok<br \/>Furcsa ez a helyzet,m\u00e9gis term\u00e9szetes h<br \/>itt vagyok<br \/>Hogy veled, vagyok itt<\/p>\n<p>Magamat kerestem \u00e9s t\u00e9ged tal\u00e1ltalak<br \/>Nekem te vagy az egyetlen<br \/>kit\u0151l sz\u00edvem soha nem tapasztalt<br \/>m\u00e9rt\u00e9kben n\u00f6vekszik egyre a<br \/>sztratoszf\u00e9r\u00e1n \u00e1t a v\u00e9gtelenbe<\/p>\n<p>N\u00e9ha elcsod\u00e1lkozom h mi\u00e9rt pont<br \/>1917-es sz\u00e1m\u00fa S.T.E.V.E kisbolyg\u00f3n\u00e1l<br \/>parkolt le \u00e9leted \u0171rhaj\u00f3ja?<br \/>De tudom:nincsenek v\u00e9letlenek<br \/>J\u00f3 helyen voltunk j\u00f3 id\u0151ben<\/p>\n<p>Veled er\u0151s vagyok mint G\u00e9za a csapd le csacsiban<br \/>\u00c9s b\u00e1tor mint Mel Gibson a rettenthetetlenben<br \/>N\u00e9ha idi\u00f3ta Rubi pitonb\u00f3l<br \/>\u00c9s n\u00e9ha cuki mint Denisz a komisz<\/p>\n<p>Melletted \u00e9rz\u0151 l\u00e9ny vagyok,aki nem rejti el f\u00e9lelmeit,f\u00e1jdalmait,k\u00f6nnyeit<br \/>Melletted \u00f6nmagam lehetek<\/p>\n<p>De jobban szeretlek mint a r\u00e1ntott h\u00fast<br \/>S\u0151t&#8230;tov\u00e1bb megyek&#8230;minden fajta foci meccsn\u00e9l is jobban<br \/>\u00c9s m\u00e1t\u00f3l dupl\u00e1n igaz h mi vagyunk<br \/>A h\u00e1jas f\u00e9rfi \u00e9s felt\u0171n\u0151en csinos feles\u00e9ge<br \/>\u00c9s m\u00e1t\u00f3l dupla jubileum ez 5\u00e9v3h\u00f3nap a tisztas\u00e1gban \u00e9s egy nap<\/p>\n<p>a h\u00e1zass\u00e1g k\u00f6tel\u00e9k\u00e9ben<br \/>Mi\u00f3ta v\u00e1rok erre h azt mondjam:te vagy a feles\u00e9gem&#8230;.<br \/>&#8222;Hogy te vagy a szerelmem a f\u00f6ld\u00f6n \u00e9s az egekben&#8221;<\/p>\n<p>Azon dolgozom h ez ne v\u00e1ltozzon<br \/>Azon dolgozom h ez v\u00e1ltozzon,fejl\u0151dj\u00f6n<br \/>Jobb legyek,jobbak legy\u00fcnk<\/p>\n<p>Boldog vagyok \u00e9s kreat\u00edv az \u00e9letemben jelenlev\u0151 probl\u00e9m\u00e1k ellen\u00e9re!<\/p>\n<p>&#8222;Bocs\u00e1sd meg k\u00e9rlek<br \/>Hogy nem vagyok mindig veled<br \/>Mikor a d\u00e9monjaimmal k\u00fczd\u00f6k csak a t\u00fal\u00e9l\u00e9s marad nekem.<br \/>Sokkal t\u00f6bbet \u00e9rdemelsz mint amit adok neked<br \/>K\u00f6sz\u00f6n\u00f6m h szeretsz \u00e9s sz\u00edvemben<br \/>meggy\u00fajtottad a f\u00e9nyeket&#8221;<\/p>\n<\/blockquote>\n<p>[\/et_pb_text][\/et_pb_column][et_pb_column type=&#8221;1_2&#8243; _builder_version=&#8221;4.27.4&#8243; _module_preset=&#8221;default&#8221; global_colors_info=&#8221;{}&#8221;][et_pb_heading title=&#8221;Hat \u00f3ra van kb&#8221; _builder_version=&#8221;4.27.4&#8243; _module_preset=&#8221;default&#8221; title_level=&#8221;h2&#8243; title_text_align=&#8221;left&#8221; title_font_size=&#8221;34px&#8221; width=&#8221;100%&#8221; width_tablet=&#8221;100%&#8221; width_phone=&#8221;100%&#8221; width_last_edited=&#8221;on|phone&#8221; custom_padding=&#8221;15px|||||&#8221; animation_style=&#8221;fade&#8221; title_line_height_tablet=&#8221;&#8221; title_line_height_phone=&#8221;1.1em&#8221; title_line_height_last_edited=&#8221;on|phone&#8221; locked=&#8221;off&#8221; global_colors_info=&#8221;{}&#8221;][\/et_pb_heading][et_pb_text quote_border_color=&#8221;gcid-2ebbc52c-9ee6-4712-a077-fcaec9b98540&#8243; _builder_version=&#8221;4.27.4&#8243; _module_preset=&#8221;default&#8221; text_font=&#8221;&#8211;et_global_heading_font||||||||&#8221; text_text_color=&#8221;gcid-heading-color&#8221; text_font_size=&#8221;17px&#8221; text_line_height=&#8221;1.6em&#8221; header_text_align=&#8221;left&#8221; custom_margin=&#8221;||-2px|||&#8221; animation_style=&#8221;fade&#8221; animation_duration=&#8221;2000ms&#8221; text_font_size_tablet=&#8221;17px&#8221; text_font_size_phone=&#8221;17px&#8221; text_font_size_last_edited=&#8221;on|phone&#8221; text_line_height_tablet=&#8221;1.6em&#8221; text_line_height_phone=&#8221;1.4em&#8221; text_line_height_last_edited=&#8221;on|desktop&#8221; border_style_all=&#8221;inset&#8221; locked=&#8221;off&#8221; global_colors_info=&#8221;{%22gcid-2ebbc52c-9ee6-4712-a077-fcaec9b98540%22:%91%22quote_border_color%22,%22quote_border_color%22%93,%22gcid-heading-color%22:%91%22text_text_color%22%93}&#8221;]<\/p>\n<blockquote>\n<p>Hat \u00f3ra van kb<br \/>Hatni kezd a kv<br \/>Koffein dupla dinamit<br \/>Mint t\u00f6rt \u00fctemek<br \/>K\u00fcldik a jeleket<br \/>A ritmus szekci\u00f3 akci\u00f3ja<br \/>Az EKG talpal\u00e1val\u00f3ja<br \/>A sz\u00edv megbolondul<br \/>az agy beindul<br \/>F\u00e9l\u00e9nken matatok rend\u00edthetlen terveim k\u00f6z\u00f6tt<br \/>&#8222;A munka v\u00e1r nem maradhatok&#8221;<br \/>F\u00e9lelmeim od\u00e9bb tolom<br \/>Hat\u00e1rozottan elindulok&#8230;<br \/>Hat\u00e1rozatlan id\u0151re t\u00e1volmaradok<br \/>Magamt\u00f3l<br \/>Mindent\u0151l messze a Steve-hez k\u00f6zel<br \/>senkit sem \u00e9rdekel hogy mit k\u00f6vetek el<br \/>K\u00f6zvetett szabadr\u00fag\u00e1s a javamra<br \/>De \u00f6ng\u00f3lt r\u00fagok megint ez \u00e9let vezet<br \/>Legk\u00f6zelebb ki d\u00f6nti el,hogy lesz-e<br \/>legk\u00f6zelebb?<br \/>D\u00e9l k\u00f6r\u00fcl van<br \/>\u00c9n magam k\u00f6r\u00fcl vagyok<br \/>Szerte-sz\u00e9t<br \/>Iszom m\u00e9g egy kv-t<br \/>Abb\u00f3l baj nem lehet<br \/>Mehet a menet<br \/>Menetet metsz a meg\u00e9lhet\u00e9si menek\u00fcl\u00e9s<br \/>K\u00edv\u0171l t\u00e1gasabb-gondolj\u00e1k az idegen gy\u0171l\u00f6l\u0151k<br \/>K\u00edv\u00fcl t\u00e1gasabb-gondolja a f\u00e9l orsz\u00e1g<br \/>\u00c9n.mit gondolok?honnan tudjam?<br \/>Nem vagyok gondolat olvas\u00f3<\/p>\n<\/blockquote>\n<p>[\/et_pb_text][\/et_pb_column][\/et_pb_row][\/et_pb_section][et_pb_section fb_built=&#8221;1&#8243; _builder_version=&#8221;4.27.4&#8243; _module_preset=&#8221;default&#8221; custom_padding=&#8221;||0px|||&#8221; locked=&#8221;off&#8221; global_colors_info=&#8221;{}&#8221;][et_pb_row column_structure=&#8221;1_2,1_2&#8243; _builder_version=&#8221;4.27.4&#8243; _module_preset=&#8221;default&#8221; min_height=&#8221;89px&#8221; custom_margin=&#8221;-41px|auto||auto||&#8221; custom_padding=&#8221;||0px|||&#8221; global_colors_info=&#8221;{}&#8221;][et_pb_column type=&#8221;1_2&#8243; _builder_version=&#8221;4.27.4&#8243; _module_preset=&#8221;default&#8221; global_colors_info=&#8221;{}&#8221;][et_pb_heading title=&#8221;HAZA&#8221; _builder_version=&#8221;4.27.4&#8243; _module_preset=&#8221;default&#8221; title_level=&#8221;h2&#8243; title_text_align=&#8221;left&#8221; title_font_size=&#8221;34px&#8221; width=&#8221;100%&#8221; width_tablet=&#8221;100%&#8221; width_phone=&#8221;100%&#8221; width_last_edited=&#8221;on|phone&#8221; custom_padding=&#8221;15px|||||&#8221; animation_style=&#8221;fade&#8221; title_line_height_tablet=&#8221;&#8221; title_line_height_phone=&#8221;1.1em&#8221; title_line_height_last_edited=&#8221;on|phone&#8221; global_colors_info=&#8221;{}&#8221;][\/et_pb_heading][et_pb_text quote_border_color=&#8221;gcid-2ebbc52c-9ee6-4712-a077-fcaec9b98540&#8243; _builder_version=&#8221;4.27.4&#8243; _module_preset=&#8221;default&#8221; text_font=&#8221;&#8211;et_global_heading_font||||||||&#8221; text_text_color=&#8221;gcid-heading-color&#8221; text_font_size=&#8221;17px&#8221; text_line_height=&#8221;1.6em&#8221; header_text_align=&#8221;left&#8221; animation_style=&#8221;fade&#8221; animation_duration=&#8221;2000ms&#8221; text_font_size_tablet=&#8221;17px&#8221; text_font_size_phone=&#8221;17px&#8221; text_font_size_last_edited=&#8221;on|phone&#8221; text_line_height_tablet=&#8221;1.6em&#8221; text_line_height_phone=&#8221;1.4em&#8221; text_line_height_last_edited=&#8221;on|desktop&#8221; border_style_all=&#8221;inset&#8221; global_colors_info=&#8221;{%22gcid-2ebbc52c-9ee6-4712-a077-fcaec9b98540%22:%91%22quote_border_color%22,%22quote_border_color%22%93,%22gcid-heading-color%22:%91%22text_text_color%22%93}&#8221;]<\/p>\n<blockquote>\n<p>E.T. telefon haza&#8230;haza&#8230;.<br \/>Ezt nem hiszem el&#8230;<br \/>Aforradalmat levert\u00e9k, h\u0151s\u00f6k meghaltak ,a b\u00e1trakat kiv\u00e9gezt\u00e9k&#8230;te meg j\u00f6ssz ezzel a baroms\u00e1ggal&#8230;<br \/>Te j\u00f3 \u00e9g!<br \/>Mindenb\u0151l viccet csin\u00e1lsz?<br \/>Bocs\u00e1nat&#8230;nem \u00e9n csin\u00e1lok viccet ebb\u0151l az orsz\u00e1gb\u00f3l<br \/>Ez az orsz\u00e1g egy, vicc<\/p>\n<p>Tudom h nem v\u00e1ltozik semmi<br \/>Tudom h ugyanitt \u00e1ll majd az orsz\u00e1g az eurostat list\u00e1j\u00e1n:<br \/>A sehol meg a semmi k\u00f6zep\u00e9n<br \/>Olyan mint mikor bele\u00fcv\u0151lt\u00f6k egy p\u00f6ce g\u00f6d\u00f6rbe a szar vissza fr\u00f6ccsena pof\u00e1mba&#8230;<br \/>Vulgaris vagyok?<br \/>A faszt!!!!!!<\/p>\n<p>Ritka egygusztustalan dolog \u00e9s mi m\u00e9gis v\u00edgan lubicklolunk benne <br \/>Egy\u00fctt,k\u00f6z\u00f6sen,v\u00e1llvetve <br \/>Mert ez a mi szarunk&#8230;.<br \/>Azt gondolj\u00e1k h ez m\u00e9z<br \/>Szent\u00fcl hisszik cukor m\u00e1z<br \/>Meg vannak gy\u0151z\u0151dve boldogs\u00e1g szirup<br \/>M\u00e9z,cukorm\u00e1z,boldogs\u00e1g szirup <br \/>M\u00e9z&#8230;.cukorm\u00e1z&#8230;.boldogs\u00e1g szirup<br \/>A j\u00f3l\u00e9t malom v\u00f6lgyi tava&#8230;hatty\u00fa n\u00e1sz meszesen&#8230;<br \/>Az orm\u00e1ns\u00e1g Disneyland-je<br \/>Baranya arany toj\u00e1st h\u00e1ny\u00f3 ty\u00fakja<br \/>Kitr\u00e1kotty<br \/>A f\u00e9lp\u00e9nzem m\u00e1r csak fel\u00e9t \u00e9ri<br \/>Kitr\u00e1kotty<br \/>A boldogs\u00e1g k\u00e9k madar\u00e1t megzab\u00e1lt\u00e1k a hajl\u00e9ktalanok<br \/>Kitr\u00e1kotty<br \/>Borkai mondja:kikelt a toj\u00e1som<br \/>Sz\u00e1jer mondja:nem ereszt az eresz<br \/>Kaleta mondja:ez a vil\u00e1g m\u00e1r sz\u0171k nekem<br \/>\u00c1kos mondja:k\u00f6zp\u00e9nz helyett k\u00f6zhelyek<br \/>Nagyfer\u00f3 mondja:j\u00f3 p\u00e9nz\u00e9rt elmentem ugatni egy h\u00e1z k\u00f6r\u00fcl <br \/>Steve mondja:<br \/>K\u00e1rikittyom \u00e9des faszom ,elfogyott a minden p\u00e9nzem<\/p>\n<p>Boldogs\u00e1g gyere haza&#8230;<br \/>Hormonkezelt boldogs\u00e1g<br \/>G\u00e9n manipul\u00e1lt Boldogs\u00e1g <br \/>Itt folyik az ereimben <br \/>Bele \u00e9gett a g\u00e9njeimbe<br \/>A gy\u0171l\u00f6let<br \/>\u00c1tjarja a mindennapokat,bele itta mag\u00e1t az \u00e9letembe<br \/>Az \u00e9letem \u00faj \u00e9rtelme<br \/>A l\u00e9tem leg\u00fajabb eleme<br \/>A peri\u00f3dusos rendszer 120. Tagja(119. A Schobert Norbi f\u00e9le kokain)<br \/>De az \u00e9let az \u00e9let az &#8230;.csudaj\u00f3<br \/>Life is life <br \/>Nanananana<br \/>Levelet kaptam l\u00e1jf<br \/>Nanananana-rancsba borultak a p\u00e1lma f\u00e1k<br \/>Limbolimbolombo l\u00e1z<br \/>A nyuggerek a banyatankot himb\u00e1lj\u00e1k <br \/>Krumpli krumpli krumpli l\u00e1z<\/p>\n<p>M\u00e9lyen tisztelt h\u00e1z <br \/>M\u00e9lyen a tud\u00e1suk alatt teljes\u00edt\u0151 K\u00e9pvisel\u0151 urak<br \/>Szeretn\u00e9m ha \u00f6n\u00f6k meghallgatn\u00e1k a sz\u00edvhangomat minden h\u00f3nap 7.-mikor a fizet\u00e9semet utalj\u00e1k<br \/>Vagy mikor bemegyek a v\u00e1s\u00e1rcsarnokba \u00e9s latom h a m\u00falt hete m\u00e9g 1700ft volt a paprika most meg m\u00e1 2100<br \/>Kicst seg\u00edtek<br \/>E-l\u00e9g-volt&#8230;.E-l\u00e9g-volt!!!!!!<\/p>\n<p>Haz\u00e1m,haz\u00e1m te mindenem<br \/>Csin\u00e1lj csod\u00e1t de m\u00e1r azt sem hiszem<br \/>Mindent\u0151l messze a szt\u00edvhez k\u00f6zel<br \/>Ez a f\u00f6ld nem szeretettel \u00f6lel<\/p>\n<p>Nem \u00e1pol,de nem is takar<br \/>Itt \u00e9lni nem tudok<\/p>\n<p>Halni nem akarok<\/p>\n<p>Azt\u00e1n ,ingyen\u00e9l\u0151 boh\u00f3cok jatsz\u00e1k a kem\u00e9nyet&#8230;..szavakkal&#8230;\u00fcres,semmit mond\u00f3<br \/>Szent f\u00f6ld ez<br \/>Hogyan kov\u00e1csol\u00f3dik \u00f6ssze \u00e9s forg\u00e1csl\u00f3dik sz\u00e9t <br \/>Hazaad\u00e1s haza fut\u00e1s<br \/>Haza \u00e1rul\u00e1s <br \/>Boldogs\u00e1g gyere haza<br \/>R\u00e9szegen kivisz majd haza<\/p>\n<p>T\u00e9rk\u00e9p e t\u00e1j<br \/>Nem a fert\u0151 t\u00f3t\u00f3l fert\u0151z\u0151 ez az orsz\u00e1g<\/p>\n<p>v\u00e1lasza\u00a0vigasza\u00a0t\u00e1masza\u00a0tavasza\u00a0szakasza\u00a0laza\u00a0igaza\u00a0halmaza\u00a0<\/p>\n<p>panasza\u00a0nagyatlasza\u00a0kasza\u00a0sz\u00fcl\u0151haza\u00a0\u00f3haza\u00a0\u0151shaza\u00a0ravasza\u00a0<\/p>\n<p>horpasza\u00a0terasza\u00a0v\u00e1llt\u00e1masza\u00a0felder\u00edt\u0151szakasza\u00a0viszonv\u00e1lasza\u00a0<\/p>\n<p>t\u00f6kigaza\u00a0r\u00e9szigaza\u00a0sz\u00ednigaza\u00a0olt\u00f3viasza<br \/>Ez a varos egy t\u00e1voli bolyg\u00f3&#8230;<br \/>Nem csak \u00fagy \u00edmmel \u00e1mmal h <br \/>Jaj de cuki vagy, szeretlek de ezt nem \u00edgy k\u00e9ne csin\u00e1lni <br \/>Hanem \u00fagy h ida \u00edrom a kommentbe h <br \/>D\u00f6g\u00f6lj meg a kurva any\u00e1dat<br \/>Ha nekem szar,neked is legyen az<br \/>Magyar virtus,magyarok istene<\/p>\n<p>Vulgar display of power<\/p>\n<\/blockquote>\n<p>[\/et_pb_text][\/et_pb_column][et_pb_column type=&#8221;1_2&#8243; _builder_version=&#8221;4.27.4&#8243; _module_preset=&#8221;default&#8221; global_colors_info=&#8221;{}&#8221;][et_pb_heading title=&#8221;Hello A nevem&#8221; _builder_version=&#8221;4.27.4&#8243; _module_preset=&#8221;default&#8221; title_level=&#8221;h2&#8243; title_text_align=&#8221;left&#8221; title_font_size=&#8221;34px&#8221; width=&#8221;100%&#8221; width_tablet=&#8221;100%&#8221; width_phone=&#8221;100%&#8221; width_last_edited=&#8221;on|phone&#8221; custom_padding=&#8221;15px|||||&#8221; animation_style=&#8221;fade&#8221; title_line_height_tablet=&#8221;&#8221; title_line_height_phone=&#8221;1.1em&#8221; title_line_height_last_edited=&#8221;on|phone&#8221; locked=&#8221;off&#8221; global_colors_info=&#8221;{}&#8221;][\/et_pb_heading][et_pb_text quote_border_color=&#8221;gcid-2ebbc52c-9ee6-4712-a077-fcaec9b98540&#8243; _builder_version=&#8221;4.27.4&#8243; _module_preset=&#8221;default&#8221; text_font=&#8221;&#8211;et_global_heading_font||||||||&#8221; text_text_color=&#8221;gcid-heading-color&#8221; text_font_size=&#8221;17px&#8221; text_line_height=&#8221;1.6em&#8221; header_text_align=&#8221;left&#8221; custom_margin=&#8221;||-2px|||&#8221; animation_style=&#8221;fade&#8221; animation_duration=&#8221;2000ms&#8221; text_font_size_tablet=&#8221;17px&#8221; text_font_size_phone=&#8221;17px&#8221; text_font_size_last_edited=&#8221;on|phone&#8221; text_line_height_tablet=&#8221;1.6em&#8221; text_line_height_phone=&#8221;1.4em&#8221; text_line_height_last_edited=&#8221;on|desktop&#8221; border_style_all=&#8221;inset&#8221; locked=&#8221;off&#8221; global_colors_info=&#8221;{%22gcid-2ebbc52c-9ee6-4712-a077-fcaec9b98540%22:%91%22quote_border_color%22,%22quote_border_color%22%93,%22gcid-heading-color%22:%91%22text_text_color%22%93}&#8221;]<\/p>\n<blockquote>\n<p>Hello<br \/>A nevem a Steve<br \/>Ez az a k\u00f6rny\u00e9k ahol lakom<br \/>Ez az utca ahol lakom<br \/>Ez az \u00e9letem&#8230;.<br \/>3\u00e9vvel ezel\u0151tt m\u00e9g halott voltam<br \/>De ezt akkor m\u00e9g nem tudtam<br \/>Ez vagyok \u00e9n ahogy a zuhany alatt \u00f6nkiel\u00e9g\u00edt\u00e9st v\u00e9gzek&#8230;ez a napom cs\u00facspontja,innen lejtmenet<br \/>Azt gondoltam h \u00e9n vagyok az \u00e9let kir\u00e1lya \u00e9s mindenki m\u00e1s l\u00fazer&#8230;<br \/>Meg azt is h valami valahol v\u00e9gleg elt\u00f6r\u00f6tt<br \/>Szerencs\u00e9re t\u00e9vedtem megint<br \/>Azt hiszem elvesztettem valamit,de nem tudom pontosan mit&#8230;de tudj\u00e1tok mit:<br \/>\u00c9pp itt az ideje visszaszerezni!!!<br \/>Mert most van itt az id\u0151<br \/>Hogy fel\u00e1lljak \u00e9s hallassam a hangom<br \/>Hogy v\u00e9gre a saj\u00e1t l\u00e1bamra \u00e1lljak<br \/>\u00c9s ne m\u00e1s cip\u0151j\u00e9ben j\u00e1rjak<br \/>Visszakapjam az \u00e9letemet<br \/>M\u00e9g egy es\u00e9ly hogy most j\u00f3l csin\u00e1ljam<br \/>..mint a hatebreed zenekar <br \/>Ami 24 \u00e9ve mindent telibeszar<br \/>\u00c9s csak nyomj\u00e1k a pozit\u00edv \u00fczenetet<br \/>Hirdetik az ig\u00e9t<br \/>Nyitott gondolkod\u00e1s glob\u00e1lis egys\u00e9g<br \/>Nekem a slam az \u00faj hardcore<br \/>K\u00f6ltem\u00e9nyek n\u0151nek ki a kem\u00e9ny magb\u00f3l<br \/>Sz\u00f3kimond\u00f3 elgondolkodtat\u00f3 sz\u00f6vegek<br \/>Az agyba csap\u00f3dnak a mondat l\u00f6vegek<br \/>Am\u00fagy meg keresem a p\u00e1rom<br \/>Lehet ez csak \u00e1lom<br \/>Vir\u00e1gok versek vil\u00e1g\u00edt\u00f3tornyok<br \/>Slam metal pepsi<br \/>NY h\u00fas foci<br \/>Ez a bemutatkoz\u00f3 sz\u00f6vegem a tinderen<br \/>De \u00edrhatn\u00e1m azt is hogy<br \/>Pozi-steve keresi negat\u00edv anionj\u00e1t<br \/>Mert egy igen ritka ion vagyok:mag\u00e1nyos \u00e9s emiatt hamar elvesztem a t\u00f6lt\u00e9sem&#8230;\u00e9s sz\u00edvesen k\u00e9pezn\u00e9m tov\u00e1bb szabad gy\u00f6keimet ak\u00e1r okj-s tanfolyam keretein bel\u00fcl is&#8230;<br \/>angolul ez \u00edgy hangzik:<br \/>Ani-on kati-on and ive got the threesome already<br \/>Ani be kati be \u00e9s meg is van az \u00e9desh\u00e1rmas<br \/>De jellemezhetem magam m\u00e1sk\u00e9pp is<br \/>Csak egy g\u00e9nhib\u00e1s teve<br \/>Ez\u00e9rt is a neve Steve<br \/>A p\u00fapj\u00e1t a has\u00e1n hordja a h\u00e1ta helyett<br \/>De a k\u00fcls\u0151s\u00e9gek az \u00e9let\u00e9ben nem kaptak szerepet<br \/>De mondhatom m\u00e9g m\u00e1sk\u00e9pebben ha m\u00e1r pizz\u00e9ri\u00e1ban dolgozom akkor \u00e9n egy h\u00fasim\u00e1d\u00f3 h\u00fastorony vagyok<br \/>Hajlok a hallhatatlans\u00e1gra<br \/>Meg a nemzeti konzult\u00e1ci\u00f3ra<br \/>Kapjak m\u00e1r \u00e9n is egy sms-t a miniszter \u00fart\u00f3l h hideg van esik a h\u00f3 \u00e9s m\u00e9g \u00e9n vagyok a h\u00fcje \u00e9s k\u00e9rek eln\u00e9z\u00e9st ha esetleg magamt\u00f3l nem venn\u00e9m \u00e9szre<br \/>K\u00fcl\u00f6nben mit j\u00e1tszom az agyam h\u00fazzak vissza oda ahonnan j\u00f6ttem<br \/>Senki sem k\u00e9rd\u00f2jelezte meg magyars\u00e1gom<br \/>Itt meg k\u00e9rd\u0151iveken kereszt\u00fcl pr\u00f3b\u00e1lnak magyartalan\u00edtani<br \/>\u00dagy hogy fuck you mr.president<br \/>Jaa nem bocs..<br \/>M\u00e1rk ezt majd v\u00e1gj\u00e1tok ki<br \/>Valaki meg hekkelte a sz\u00f6vegem<br \/>Az eredetiben ez \u00fagy volt h :<br \/>Fuck me!!!<br \/>Mert annyi baj van velem<br \/>Mert annyi a baj velem h rendes ember akarok lenni<br \/>Hastag:\u00fczenem minden munkaad\u00f3nak nem fogok minim\u00e1lb\u00e9r\u00e9rt dolgozni!<br \/>Mert baltz\u00e1r ink\u00e1bb meghal de nem alkuszik<br \/>Ez nem akusztik<br \/>Nem vagyok lehalktitva<br \/>A nevem Steve<br \/>Aki most m\u00e1r nem mindig sz\u00edv<br \/>De nem tudom mikor leszek terrorista mikor t\u00fasz<br \/>Klapka gy\u00f6rgy v\u00e9grendelet\u00e9ben dar\u00e1lt h\u00fas<br \/>Mert eddig ford\u00edtva \u00e9ltem az \u00e9letem&#8230;<br \/>Azt csin\u00e1ltam amit nem kellett volna \u00e9s azt nem csin\u00e1ltam amit kellett volna<br \/>Mert40\u00e9vig be volt kapcsolva a bizton\u00e1gi \u00f6v<br \/>De most m\u00e1r sz\u00e1guldok a sztr\u00e1d\u00e1n<br \/>Ronanok a p\u00e1ly\u00e1n<br \/>Elhagyok mindent ami nem <br \/>\u00c9s felveszek mindent ami igen<br \/>Ha nem megy k\u00e9rek seg\u00edts\u00e9get<br \/>Berki kriszti\u00e1n majoros peti sarka kata \u00e9s az \u00f6sszes t\u00f6bbi magyar b\u00f6lcs mondj\u00e1tok m\u00e1r meg mit csin\u00e1lok rosszul<br \/>Mert jutok egyr\u0151l a kett\u0151re de tov\u00e1bb nem <br \/>Azt\u00e1n meg lehet ennyi csak a szerepem<br \/>Steve a nevem<br \/>\u00c9s most m\u00e1r itt \u00e9lek..ez az \u00e9letem<br \/>180fokos fordulatot l\u00e1thatja mindenki aki nem vak tudja mi a l\u00e9nyeg:a legjobb bar\u00e1tom az \u00e9let..<\/p>\n<p>&nbsp;<\/p>\n<\/blockquote>\n<p>[\/et_pb_text][\/et_pb_column][\/et_pb_row][\/et_pb_section][et_pb_section fb_built=&#8221;1&#8243; _builder_version=&#8221;4.27.4&#8243; _module_preset=&#8221;default&#8221; custom_padding=&#8221;||0px|||&#8221; locked=&#8221;off&#8221; global_colors_info=&#8221;{}&#8221;][et_pb_row column_structure=&#8221;1_2,1_2&#8243; _builder_version=&#8221;4.27.4&#8243; _module_preset=&#8221;default&#8221; min_height=&#8221;89px&#8221; custom_margin=&#8221;-41px|auto||auto||&#8221; custom_padding=&#8221;||0px|||&#8221; global_colors_info=&#8221;{}&#8221;][et_pb_column type=&#8221;1_2&#8243; _builder_version=&#8221;4.27.4&#8243; _module_preset=&#8221;default&#8221; global_colors_info=&#8221;{}&#8221;][et_pb_heading title=&#8221;H\u0171s\u00e9g&#8221; _builder_version=&#8221;4.27.4&#8243; _module_preset=&#8221;default&#8221; title_level=&#8221;h2&#8243; title_text_align=&#8221;left&#8221; title_font_size=&#8221;34px&#8221; width=&#8221;100%&#8221; width_tablet=&#8221;100%&#8221; width_phone=&#8221;100%&#8221; width_last_edited=&#8221;on|phone&#8221; custom_padding=&#8221;15px|||||&#8221; animation_style=&#8221;fade&#8221; title_line_height_tablet=&#8221;&#8221; title_line_height_phone=&#8221;1.1em&#8221; title_line_height_last_edited=&#8221;on|phone&#8221; global_colors_info=&#8221;{}&#8221;][\/et_pb_heading][et_pb_text quote_border_color=&#8221;gcid-2ebbc52c-9ee6-4712-a077-fcaec9b98540&#8243; _builder_version=&#8221;4.27.4&#8243; _module_preset=&#8221;default&#8221; text_font=&#8221;&#8211;et_global_heading_font||||||||&#8221; text_text_color=&#8221;gcid-heading-color&#8221; text_font_size=&#8221;17px&#8221; text_line_height=&#8221;1.6em&#8221; header_text_align=&#8221;left&#8221; animation_style=&#8221;fade&#8221; animation_duration=&#8221;2000ms&#8221; text_font_size_tablet=&#8221;17px&#8221; text_font_size_phone=&#8221;17px&#8221; text_font_size_last_edited=&#8221;on|phone&#8221; text_line_height_tablet=&#8221;1.6em&#8221; text_line_height_phone=&#8221;1.4em&#8221; text_line_height_last_edited=&#8221;on|desktop&#8221; border_style_all=&#8221;inset&#8221; global_colors_info=&#8221;{%22gcid-2ebbc52c-9ee6-4712-a077-fcaec9b98540%22:%91%22quote_border_color%22,%22quote_border_color%22%93,%22gcid-heading-color%22:%91%22text_text_color%22%93}&#8221;]<\/p>\n<blockquote>\n<p><span style=\"font-size: 17px;\">Esk\u00fc III<\/span><\/p>\n<p>Esk\u00fcsz\u00f6m<br \/>Megn\u00e9zem filmet v\u00e9getnem\u00e9r\u0151set<br \/>a s\u00f6t\u00e9tben meg j\u00e1tszok hozz\u00e1d \u00e9r\u0151set<br \/>Hozz\u00e1m \u00e9rsz m\u00e1r viszketsz is<br \/>Esk\u00fcsz\u00f6m pedig vettem kr\u00e9met is<br \/>Leveszem \u00e8n is a pol\u00f3m<br \/>Te meg h\u00e1nyhatsz a m\u00f3l\u00f3n<br \/>Mer ez az az amorf test<br \/>Amit\u0151l a any\u00e1d\u00e9k f\u00e9ltettek<br \/>Apu vedd m\u00e1n meg nekem ezt a v\u00e1rost<br \/>A felcs\u00fattal hat\u00e1rost<br \/>Ami olyan mint az \u00e1llatfarm<br \/>ahol Napoleon Viktor ig\u00e1ba hajt<br \/>Mert minden \u00e1llat egyenl\u0151 de egyes \u00e1llatok egyenl\u0151bbek a<\/p>\n<p>t\u00f6bbin\u00e9l<br \/>\u00c9s ez igaz az emberekn\u00e9l<br \/>Mert vannak akik fels\u0151bb rend\u0171nek hiszik magukat<br \/>Mert valami betegs\u00e9g megfert\u0151zte az agyukat<br \/>Esk\u00fcsz\u00f6m<br \/>Ha valaki m\u00e8gegyszer holokamunak hivja azt a n\u00e9pirt\u00e1st<br \/>\u00c9n ledugom a tork\u00e1n Anna Frank napl\u00f3j\u00e1t<br \/>Gy\u0171l\u00f6lettel,er\u0151szakkal semmire se m\u00e9sz<br \/>Ebbe m\u00e1r majdnem bele pusztult az emberis\u00e9g<br \/>Esk\u00fcsz\u00f6m<br \/>Egyszer elmegyek a budapest pride-ra<br \/>hadd n\u00e9zzenek engem is m\u00e1snak<br \/>Persze m\u00e1s vagyok csak m\u00e1shogyan<br \/>Gy\u0171l\u00f6lhetsz engem is seggfej nyugodtan<br \/>Esk\u00fcsz\u00f6m<br \/>\u00e1sotthalomra k\u00f6lt\u00f6z\u00f6m<br \/>\u00c9p\u00edtek egy mecsetet<br \/>Burk\u00e1ban bemegyek<br \/>Egy fi\u00faval k\u00e9zenfogva kij\u00f6v\u00f6k<br \/>Toroczkaival szelfit l\u00f6v\u00f6k<br \/>Esk\u00fcsz\u00f6m<br \/>kimegyek a groupama ar\u00e9n\u00e1ba<br \/>na nem magyar focira v\u00e1gyva<br \/>jogot szerzek a szem\u00e9lyis\u00e9gemnek<br \/>v\u00e9rem adom a v\u00e9na szkennernek<br \/>Esk\u00fcsz\u00f6m<br \/>Zenekart alap\u00edtok<br \/>B\u00e1r egy hangszerhez sem kony\u00edtok<br \/>Az egy\u00fcttes neve L\u00e9gkalap\u00e1cs<br \/>J\u00f3l \u00e1ll a kezemben a l\u00e9ggit\u00e1r<br \/>els\u0151 sz\u00e1munk egy feldolgoz\u00e1s<br \/>Van valami a leveg\u0151ben&#8230;.<\/p>\n<p>Mit k\u00edv\u00e1n a magyar nemzet?<br \/>Magyar nemzeti hiphop rappet&#8230;<br \/>De az igazi rappet a nagy dum\u00e1kkal <br \/>Nem az \u00f6nism\u00e9tl\u0151 sz\u00f3fos\u00e1ssal<br \/>sz\u00f3val mit k\u00edv\u00e1n a magyar nemzet?<br \/>Legyen b\u00e9ke szabads\u00e1g egyet\u00e9rt\u00e9s<br \/>Egyenl\u0151s\u00e9g testv\u00e9ris\u00e9g<br \/>Mert te meg te meg \u00e9n az m\u00e1r nem egys\u00e9g<br \/>K\u00e9t-s\u00e9g<br \/>Nincs egyenl\u0151s\u00e9g-jel<br \/>K\u00f6zted k\u00f6ztem<br \/>\u00d6bl\u00edts azt\u00e1n k\u00f6phetsz<br \/>K\u00f6pni kell &#8230;k\u00f6pni kell&#8230;.<br \/>Most a gy\u0171l\u00f6let a p\u00e1lya<br \/>Fel\u00fcl az orb\u00e1n-\u00e1rja<br \/>Ez\u00e9rt a korm\u00e1ny az \u00far<br \/>A kismagyar meg szarba f\u00fal&#8230;<br \/>A12pont helyett van 12majom<br \/>Aki kap az alkalmon <br \/>\u00c9s az \u00e9n farkammal veri a csal\u00e1nt<br \/>Ha feldugn\u00e1nak maguknak egy ban\u00e1nt<br \/>AZ m\u00e9g nem lenne k\u00f6z\u00f6ss\u00e9g elleni izgat\u00e1s<\/p>\n<p>K\u00f6vetelem tov\u00e1bb\u00e1 hogy Cs\u00edder Istv\u00e1n Zolt\u00e1n rakjon rendet<br \/>Simon marci v\u00e1laszoljon az \u00fczenetemre<br \/>Saiid meg minden t\u00fck\u00f6r m\u00f6g\u00e9 n\u00e9zzen be<br \/>h\u00e1tha megtal\u00e1ljuk egym\u00e1st m\u00e9g ebben az \u00e9letben<br \/>K\u00f6vetelem m\u00e9g hogy<br \/>A punnany massif csak instrument\u00e1lis zen\u00e9t j\u00e1tszon<br \/>Mert sokat akar a szarka de nem b\u00edrja a farka \u00e9s nem<\/p>\n<p>minden fajta szarka farka tarka csak a tarka fajta szarka<\/p>\n<p>farka tarka <br \/>Tov\u00e1bb\u00e1 <br \/>Forr\u00f3 \u00f3lmot \u00f6ntsetek f\u00fclembe<br \/>v\u00e9letlen\u00fcl se ker\u00fcljek olyan helyzetbe hogy<br \/>meg kelljen hallgatnom Szeder-Feri feneke c\u00edm\u0171 eposz\u00e1t<br \/>T\u00e9nyleg id\u00e1ig s\u00fcllyedt a magyar nemzeti r\u00e1di\u00f3z\u00e1s?<br \/>Esk\u00fcsz\u00f6m<br \/>Nem fogok t\u00f6bb \u00e1ll\u00e1sh\u00edrdet\u00e9st olvasni<br \/>Mert nem akarok dinamikusan fejl\u0151d\u0151 lend\u00fcletes csapatban dolgozni<br \/>Nem akarok meetingelni coachingolni brain stormingolni<br \/>El\u00e9g reggelente a wc-re ki totyogni<br \/>Kell valami testhez \u00e1ll\u00f3 foglalkoz\u00e1s<br \/>\u00c9n leszek a legjobb tekn\u0151s idom\u00e1r<\/p>\n<p>&nbsp;<\/p>\n<\/blockquote>\n<p>[\/et_pb_text][\/et_pb_column][et_pb_column type=&#8221;1_2&#8243; _builder_version=&#8221;4.27.4&#8243; _module_preset=&#8221;default&#8221; global_colors_info=&#8221;{}&#8221;][et_pb_heading title=&#8221;Janu\u00e1r 13&#8243; _builder_version=&#8221;4.27.4&#8243; _module_preset=&#8221;default&#8221; title_level=&#8221;h2&#8243; title_text_align=&#8221;left&#8221; title_font_size=&#8221;34px&#8221; width=&#8221;100%&#8221; width_tablet=&#8221;100%&#8221; width_phone=&#8221;100%&#8221; width_last_edited=&#8221;on|phone&#8221; custom_padding=&#8221;15px|||||&#8221; animation_style=&#8221;fade&#8221; title_line_height_tablet=&#8221;&#8221; title_line_height_phone=&#8221;1.1em&#8221; title_line_height_last_edited=&#8221;on|phone&#8221; locked=&#8221;off&#8221; global_colors_info=&#8221;{}&#8221;][\/et_pb_heading][et_pb_text quote_border_color=&#8221;gcid-2ebbc52c-9ee6-4712-a077-fcaec9b98540&#8243; _builder_version=&#8221;4.27.4&#8243; _module_preset=&#8221;default&#8221; text_font=&#8221;&#8211;et_global_heading_font||||||||&#8221; text_text_color=&#8221;gcid-heading-color&#8221; text_font_size=&#8221;17px&#8221; text_line_height=&#8221;1.6em&#8221; header_text_align=&#8221;left&#8221; custom_margin=&#8221;||-2px|||&#8221; animation_style=&#8221;fade&#8221; animation_duration=&#8221;2000ms&#8221; text_font_size_tablet=&#8221;17px&#8221; text_font_size_phone=&#8221;17px&#8221; text_font_size_last_edited=&#8221;on|phone&#8221; text_line_height_tablet=&#8221;1.6em&#8221; text_line_height_phone=&#8221;1.4em&#8221; text_line_height_last_edited=&#8221;on|desktop&#8221; border_style_all=&#8221;inset&#8221; locked=&#8221;off&#8221; global_colors_info=&#8221;{%22gcid-2ebbc52c-9ee6-4712-a077-fcaec9b98540%22:%91%22quote_border_color%22,%22quote_border_color%22%93,%22gcid-heading-color%22:%91%22text_text_color%22%93}&#8221;]<\/p>\n<blockquote>\n<p>Azt olvasom a h\u00edrekben h itt van minden,egy helyen amit a mai napr\u00f3l.tudni kell&#8230;ez csak r\u00e9szben igaz&#8230;persze<br \/>Mert ami nekem fontos ,amit\u0151l \u00fcnnep ez a nap az nincs a h\u00edrad\u00f3ban.<br \/>Az nincs a vezet\u0151 cikkekben,az nincs a reggeli m\u0171sorban,nincs az \u00fajs\u00e1gok c\u00edmlapj\u00e1n.<br \/>M\u00e9gis&#8230;.be van jel\u00f6lve a napt\u00e1rban,felh\u00edvtam r\u00e1 a feles\u00e9gem figyelm\u00e9t.\u0150 meg felh\u00e1borodott h mindig jubileum van,meg h mindig \u00fcnnepelni akarok,meg k\u00fcl\u00f6nben is,ez nem is olyan&#8230;. <br \/>De,ez pont olyan &#8230;s\u0151t ez az!!!!!<br \/>4 \u00e9vvel ezel\u0151tt ,ezen a napon mondtuk el\u0151sz\u00f6r egym\u00e1snak h szeretlek&#8230;<br \/>M\u00e9g most is el\u00e9rz\u00e9keny\u00fcl\u00f6k ha r\u00e1 gondolok&#8230;ha r\u00e1d gondolok<br \/>24 \u00f3ra leforg\u00e1sa alatt 2x voltam a mennyorsz\u00e1gban<br \/>Mert m\u00e1snap slam poetry volt \u00e9s akkor adtam el\u0151 a h\u00edres zuhan\u00f3s perfornanszomat&#8230;.ami az\u00f3ta is p\u00e1ratlan a maga nem\u00e9ben<br \/>Sz\u00f3val itt van ez a nap \u00e9s itt vagyunk mi is<br \/>Az eleje nem ment sim\u00e1n&#8230;s\u0151t, durva volt<br \/>De b\u00edztam benned \u00e9s kitartottam melletted!<br \/>Nek\u00fcnk lett igazunk h harcoltunk \u00e9s nem adtuk fel<br \/>Meg\u00e9rte&#8230;.<br \/>Melletted magam lehetek<br \/>Veled \u00f6nmagam vagyok<br \/>Hib\u00e1immal,h\u00fclyes\u00e9geimmel,rossz szok\u00e1saimmal egy\u00fctt<br \/>N\u00e9ha neh\u00e9z velem,tudom<br \/>Mostan\u00e1ban is,tudom<br \/>Morg\u00f3s ,v\u00e9n ,h\u00fclye vagyok akinek semmi sem j\u00f3<br \/>Nemhogy f\u00e9lig van a poh\u00e1r&#8230;.poh\u00e1r sincs&#8230;faszom!!!!<br \/>De akkor j\u00f6ssz Te \u00e9s elmondod h mennyi minden v\u00e1ltozott \u00e9s h mennyi minden\u00fcnk van!!!!!!<br \/>Akkor j\u00f6v\u00f6k \u00c9n \u00e9s eml\u00e9keztetem magam h hol voltam p\u00e1r \u00e9vvel ezel\u0151tt&#8230;..<br \/>Pedig vannak sikereim a munk\u00e1ban,fel\u00e9p\u00fcl\u00e9sben,fot\u00f3z\u00e1sban<br \/>Apr\u00f3,szinte \u00e9szrevehetetlen l\u00e9p\u00e9sek,v\u00e1ltoz\u00e1sok,m\u00e9gis mennyit jelentenek!!!!!<br \/>Mert mindig van vmi amivel meg kell k\u00fczdeni:\u00e9rz\u00e9sek,t\u00e1voll\u00e9t,p\u00e9nz \u00e9s mostan\u00e1ban a kil\u00f3im&#8230;..nem k\u00f6nny\u0171..van bel\u0151le el\u00e9g&#8230;.<br \/>De Te mindig itt vagy velem!<br \/>Mindig sz\u00e1m\u00edthatok r\u00e1d!<br \/>Mindig sz\u00e1m\u00edthatok az \u0151szintes\u00e9gedre!<br \/>Ami n\u00e9ha kurva szarul esik, de ezt \u00edg\u00e9rt\u00fck egym\u00e1snak!<br \/>Sz\u00f3val itt van ez a p\u00e1r \u00e9v \u00e9s itt vagyunk Mi&#8230;<br \/>Nem tudom hol lesz\u00fcnk a ny\u00e1ron vagy j\u00f6v\u0151 ilyenkor?<br \/>De most itt vagyok neked \u00e9s tudom te is itt vagy nekem!!!!!!!<\/p>\n<\/blockquote>\n<p>[\/et_pb_text][\/et_pb_column][\/et_pb_row][\/et_pb_section][et_pb_section fb_built=&#8221;1&#8243; _builder_version=&#8221;4.27.4&#8243; _module_preset=&#8221;default&#8221; custom_padding=&#8221;||0px|||&#8221; locked=&#8221;off&#8221; global_colors_info=&#8221;{}&#8221;][et_pb_row column_structure=&#8221;1_2,1_2&#8243; _builder_version=&#8221;4.27.4&#8243; _module_preset=&#8221;default&#8221; min_height=&#8221;89px&#8221; custom_margin=&#8221;-41px|auto||auto||&#8221; custom_padding=&#8221;||0px|||&#8221; global_colors_info=&#8221;{}&#8221;][et_pb_column type=&#8221;1_2&#8243; _builder_version=&#8221;4.27.4&#8243; _module_preset=&#8221;default&#8221; global_colors_info=&#8221;{}&#8221;][et_pb_heading title=&#8221;J\u00f3 est\u00e9t uraim&#8221; _builder_version=&#8221;4.27.4&#8243; _module_preset=&#8221;default&#8221; title_level=&#8221;h2&#8243; title_text_align=&#8221;left&#8221; title_font_size=&#8221;34px&#8221; width=&#8221;100%&#8221; width_tablet=&#8221;100%&#8221; width_phone=&#8221;100%&#8221; width_last_edited=&#8221;on|phone&#8221; custom_padding=&#8221;15px|||||&#8221; animation_style=&#8221;fade&#8221; title_line_height_tablet=&#8221;&#8221; title_line_height_phone=&#8221;1.1em&#8221; title_line_height_last_edited=&#8221;on|phone&#8221; global_colors_info=&#8221;{}&#8221;][\/et_pb_heading][et_pb_text quote_border_color=&#8221;gcid-2ebbc52c-9ee6-4712-a077-fcaec9b98540&#8243; _builder_version=&#8221;4.27.4&#8243; _module_preset=&#8221;default&#8221; text_font=&#8221;&#8211;et_global_heading_font||||||||&#8221; text_text_color=&#8221;gcid-heading-color&#8221; text_font_size=&#8221;17px&#8221; text_line_height=&#8221;1.6em&#8221; header_text_align=&#8221;left&#8221; animation_style=&#8221;fade&#8221; animation_duration=&#8221;2000ms&#8221; text_font_size_tablet=&#8221;17px&#8221; text_font_size_phone=&#8221;17px&#8221; text_font_size_last_edited=&#8221;on|phone&#8221; text_line_height_tablet=&#8221;1.6em&#8221; text_line_height_phone=&#8221;1.4em&#8221; text_line_height_last_edited=&#8221;on|desktop&#8221; border_style_all=&#8221;inset&#8221; global_colors_info=&#8221;{%22gcid-2ebbc52c-9ee6-4712-a077-fcaec9b98540%22:%91%22quote_border_color%22,%22quote_border_color%22%93,%22gcid-heading-color%22:%91%22text_text_color%22%93}&#8221;]<\/p>\n<blockquote>\n<p>&nbsp;<\/p>\n<p>J\u00f3 est\u00e9t uraim a h\u00f6lgyeknek meg kezit cs\u00f3kolom<br \/>Szevasztok steve vagyok<br \/>Kurv\u00e0ra izgulok<br \/>Azon agyalok <br \/>Nekem ez lesz a nagy kit\u00f6r\u00e9s<br \/>a big break<br \/>Vagy break beat \u00e9s \u00f6sszet\u00f6r\u00f6m magam mert nem figyelem<\/p>\n<p>magam<br \/>J\u00e9gkock\u00e1t szopogatok h\u00e1tha megnyugszom<br \/>Wow..most n\u00e9zem<br \/>Mindenki itt van aki sz\u00e1m\u00edt<br \/>Mindenki figyeli mit mondd a m\u00e1sik<br \/>Nekem is k\u00e9ne mondani valamit valamit amivel gur\u00edtok egy hatalmasat<br \/>Amit\u0151l a magma hasad vagy<br \/>\u00d6sszeszarod magad<br \/>A sz\u00e1dba ragad a zamat<br \/>Vagy be\u00e1ll az agyad<br \/>K\u00e9ne valami amivel felh\u00edvom magamra a figyelmet&#8230;mi legyen az?valami amit\u0151l eml\u00e9kezetes maradok<br \/>amir\u0151l eml\u00e9kezni fogtok r\u00e1m&#8230;<br \/>A has az joooo&#8230; has alkoss gyarap\u00edts direkt nem fogytam le110vagyok \u00e9pp v\u00e1g\u00f3s\u00faly&#8230;kar\u00e1csonyra j\u00f3 is leszek egy k\u00f6v\u00e9r \u00f6regemberre mindig eml\u00e9keznek<br \/>Figyu eml\u00e9kszel a dagadtra?<br \/>Itt volt el\u0151sz\u00f6r azt\u00e1n csin\u00e1lta az agy\u00e1t&#8230;steve-nek h\u00edvatta mag\u00e1t&#8230;<br \/>Hastag#kett\u0151s m\u00e9rce:nekem is magamfel\u00e9 hajlik a kezem de csak a jobb&#8230;mert att\u00f3l vagyok boldog&#8230;<br \/>Hastag:\u00fczenemakormy\u00e1nakhogy\u0151kismeg\u00e9rts\u00e9kminim\u00e1lb\u00e9rb\u0151lminim\u00e1ltechn\u00f3tsemlehetj\u00e1tszani\u00e9sam\u00e9lyszeg\u00e9nys\u00e9gdeephouse-j\u00e1tm\u00e9lytorokkalhonor\u00e1lj\u00e1k<br \/>Fuuu..ez j\u00f3 volt&#8230;j\u00f3l oda mondogattam nekik..nem hagytam<\/p>\n<p>magam leszarni&#8230;alakul ez&#8230;.<br \/>De kell m\u00e9g valami &#8230;.valami frapp\u00e1ns dolog&#8230;valami a fejemre&#8230;<\/p>\n<p>ez az&#8230;ez j\u00f3&#8230;<br \/>Baseball sapka az kommersz&#8230;olyan van m\u00e1 mindenkinek&#8230;fred durst m\u00e9g mindig abba j\u00e1r meg ez a intelligensen vag\u00e1ny t\u00e9li sapka&#8230;meg borosta&#8230;azt goerge michael m\u00e1r feltal\u00e1lta1987-ben nemnemnem&#8230;kend\u0151!mint a hardcore-osoknak..<\/p>\n<p>mint a sick of it all zenekar <br \/>Ami 30\u00e9ve mindent telibeszar<br \/>\u00c9s csak nyomj\u00e1k a pozit\u00edv \u00fczenetet<br \/>Hirdetik az ig\u00e9t<br \/>Nyitott gondolkod\u00e1s glob\u00e1lis egys\u00e9g<br \/>Mert nekem a slam az \u00faj hardcore<br \/>K\u00f6ltem\u00e9nyek n\u0151nek ki a kem\u00e9ny magb\u00f3l<br \/>Sz\u00f3komond\u00f3 durva sz\u00f6vegek<br \/>Az agyba csap\u00f3dnak a mondat l\u00f6vegek<br \/>Na ez is megvan&#8230;saj\u00e1t b\u00f6lcselet,\u00e9let filoz\u00f3fia<br \/>Filo-fika<br \/>Bio-kult\u00far\u00e1lis agytorna!<br \/>T\u00e1rsas interakci\u00f3imba megmutatkozik a kifinomult izl\u00e9sem<br \/>Vagy bedobhatn\u00e1m azt hogy h\u00e1ny \u00e9vig \u00e9ltem ny-ban (12)<br \/>Arra m\u00e1r sok wow-t hallottam<br \/>De azok is csak adatok meg sz\u00e1mok<br \/>Ett\u0151l az est\u00e9t\u0151l sokkal t\u00f6bbet v\u00e1rok<br \/>De ha id\u0151k\u00f6zben id\u00e9tlenn\u00e9 v\u00e1lok csak sz\u00f3ljatok&#8230;abbahagyom<br \/>Nem nem hagyom&#8230;nekem ez a feladatom<br \/>15\u00e9ve erre v\u00e1rok, hogy megmutassam mit csin\u00e1lok<br \/>\u00c9n a vag\u00e1ny rockandroll slammer<br \/>Aki n\u00e9ha megsz\u00f3lalni sem mer<br \/>Egy k\u00f6z\u00e9pkor\u00fa met\u00e1los<br \/>Aki egyre ink\u00e1bb csak t\u00e1pos<br \/>Egy meg nem \u00e9rtett kort\u00e1rs k\u00f6lt\u0151<br \/>M\u00f6g\u00f6tte f\u00e9l ember\u00f6lt\u0151<br \/>Hogy honnan ember \u00e9s meddig \u00e1llat az isten se tudja n\u00e1lam<br \/>Ha befejeztem egy dologt\u00f3l f\u00e9lek csak igaz\u00e1n<br \/>Hogy fogok innen kis\u00e9t\u00e1lni super cool laz\u00e1n<br \/>hogy a gratul\u00e1lok t\u00f6mkelege<br \/>Ki ne verje a kezemb\u0151l a felesemet<br \/>\u00cdrj\u00e1tok meg ink\u00e1bb smsbe<br \/>J\u00f3 est\u00e9t az uraknak a h\u00f6lgyeknek meg kezit cs\u00f3kolom<br \/>Itt hagyom az \u00f6ko l\u00e1bnyomom<br \/>Szagolj\u00e1tok ti \u00e9n lel\u00e9ptem<br \/>Zseni\u00e1lis vagyok ennyi a v\u00e9tkem<\/p>\n<\/blockquote>\n<p>[\/et_pb_text][\/et_pb_column][et_pb_column type=&#8221;1_2&#8243; _builder_version=&#8221;4.27.4&#8243; _module_preset=&#8221;default&#8221; global_colors_info=&#8221;{}&#8221;][et_pb_heading title=&#8221;J\u00f3 lenne ha&#8221; _builder_version=&#8221;4.27.4&#8243; _module_preset=&#8221;default&#8221; title_level=&#8221;h2&#8243; title_text_align=&#8221;left&#8221; title_font_size=&#8221;34px&#8221; width=&#8221;100%&#8221; width_tablet=&#8221;100%&#8221; width_phone=&#8221;100%&#8221; width_last_edited=&#8221;on|phone&#8221; custom_padding=&#8221;15px|||||&#8221; animation_style=&#8221;fade&#8221; title_line_height_tablet=&#8221;&#8221; title_line_height_phone=&#8221;1.1em&#8221; title_line_height_last_edited=&#8221;on|phone&#8221; locked=&#8221;off&#8221; global_colors_info=&#8221;{}&#8221;][\/et_pb_heading][et_pb_text quote_border_color=&#8221;gcid-2ebbc52c-9ee6-4712-a077-fcaec9b98540&#8243; _builder_version=&#8221;4.27.4&#8243; _module_preset=&#8221;default&#8221; text_font=&#8221;&#8211;et_global_heading_font||||||||&#8221; text_text_color=&#8221;gcid-heading-color&#8221; text_font_size=&#8221;17px&#8221; text_line_height=&#8221;1.6em&#8221; header_text_align=&#8221;left&#8221; custom_margin=&#8221;||-2px|||&#8221; animation_style=&#8221;fade&#8221; animation_duration=&#8221;2000ms&#8221; text_font_size_tablet=&#8221;17px&#8221; text_font_size_phone=&#8221;17px&#8221; text_font_size_last_edited=&#8221;on|phone&#8221; text_line_height_tablet=&#8221;1.6em&#8221; text_line_height_phone=&#8221;1.4em&#8221; text_line_height_last_edited=&#8221;on|desktop&#8221; border_style_all=&#8221;inset&#8221; locked=&#8221;off&#8221; global_colors_info=&#8221;{%22gcid-2ebbc52c-9ee6-4712-a077-fcaec9b98540%22:%91%22quote_border_color%22,%22quote_border_color%22%93,%22gcid-heading-color%22:%91%22text_text_color%22%93}&#8221;]<\/p>\n<blockquote>\n<p>J\u00f3 lenne ha feltal\u00e1ln\u00e1m az id\u0151g\u00e9pet<br \/>\u00e9s visszarep\u00fcln\u00e9k az id\u0151be n\u00e9h\u00e1ny \u00e9vet<br \/>Mondjuk \u00fagy 45 \u00e9s felet<br \/>A sz\u00fcleim meg az Onedin csal\u00e1dot n\u00e9zt\u00e9k volna a szex helyett<\/p>\n<p>De nincs mit csin\u00e1lni itt vagyok<br \/>az \u00f6ko l\u00e1bnyomom itt hagyom<br \/>szagolj\u00e1tok ti \u00e9n \u00e9pp belef\u00e9rek<br \/>mint p\u00e1r k\u00f6zhely egy \u00c1kos refr\u00e9nbe<\/p>\n<p>J\u00f3 lenne eur\u00f3pai b\u00e9reket keresni<br \/>nem csak a rabszolg\u00e1knak j\u00e1r\u00f3 jutalom falatokat benyelni<br \/>Mondjuk ha nem k\u00e9ne 150\u00e9vig dolgoznom,hogy<br \/>b\u00fcszke legyen r\u00e1m a kedves any\u00f3som<\/p>\n<p>J\u00f3 lenne ha egyszer slam-et nyern\u00e9k<br \/>v\u00e9gre ezzel a sok sz\u00f3val nem csak szemeteln\u00e9k<br \/>Szemet sz\u00farn\u00e9k egy kiad\u00f3nak<br \/>\u00e9s m\u00e9lt\u00f3 ellenfelem lenne Oravecz N\u00f3ra<\/p>\n<p>J\u00f3 lenne t\u00f6bb milli\u00f3 k\u00f6vet\u0151 az instagrammon<br \/>ami biztos ledobna r\u00f3lam n\u00e9h\u00e1ny instant grammot<br \/>Mondjuk nekem van t\u00f6bb sz\u00e1zezer grammom<br \/>Itt-ott kisz\u00fcremkedik a testemen <br \/>random<\/p>\n<p>Vagy mondjuk csak fele ilyen \u00f6reg lenn\u00e9k<br \/>\u00c9s itt ha b\u00e1rkihez odamenn\u00e9k<br \/>Nem az jutna r\u00f3lam esz\u00e9be<br \/>Mi van bez\u00e1rt a nyugd\u00edjas int\u00e9zet?<\/p>\n<p>J\u00f3 lenne ha az a l\u00e1ny elj\u00f6nne velem a randira<br \/>Csak az\u00e9rt nem mert a tests\u00falyom<br \/>3xosa Ghandinak<br \/>Elmegyek Jap\u00e1nba Szum\u00f3snak lehet j\u00f3 lenn\u00e9k <br \/>eg\u00e9sz nap szusit enn\u00e9k <br \/>de ha nem gy\u0151zn\u00e9k<br \/>Tom Cruise-zal rizs p\u00e1link\u00e1t f\u0151zn\u00e9k<\/p>\n<p>J\u00f3 lenne egy igazi bar\u00e1tn\u0151<br \/>nem csak egy porn\u00f3b\u00f3l idek\u00e9pzelt szerepl\u0151<br \/>Egy h\u00fas v\u00e9r meg\u00e9rt\u0151 t\u00e1rs<br \/>akinek a m\u00e9lytorok csak sek\u00e9lyes v\u00e1gy<\/p>\n<p>J\u00f3 lenne megvarrni ezt a sz\u00edvszakad\u00e1st<br \/>Kellene hozz\u00e1 egy biztos kez\u0171 l\u00e1ny<br \/>Aki mindig k\u00e9zn\u00e9l van nem l\u00e1b alatt<br \/>\u00c9s ingyen teljes\u00edti minden k\u00edv\u00e1ns\u00e1gomat<\/p>\n<p>J\u00f3 lenne ha valaki \u00e9l\u0151ben l\u00e1tn\u00e1<br \/>a steve-szak-ad\u00e1st<br \/>\u00c9s nem k\u00e8ne sz\u00eddnom a j\u00f3-\u00e9des-anyj\u00e1t<br \/>B\u00e8k\u00e8ben szeretetben \u00e9ln\u00e9nk<br \/>De nem a szt\u00edvtipr\u00f3 gimit n\u00e9zn\u00e9nk tv-n<\/p>\n<p>J\u00f3 lenne ha \u00e1mor legal\u00e1bb seggbe l\u0151ne a nyilaival<br \/>Valentin meg elk\u00e1pr\u00e1ztatna illataival<br \/>Na nem s\u00f6r-cigi szag\u00fa lehelettemmel<br \/>Bocs helyett meg megoldom egy szeretlekkel<\/p>\n<p>J\u00f3 lenne valakivel megismerkedni<br \/>Net\u00e1n szerelembe esni<br \/>M\u00e9g a p\u00e1rjaim is t\u00f6r\u00f6lnek a tinderen pedig nekik els\u0151re tetszettem <br \/>De \u00e9n jobbra h\u00fazok mindenkit legyen egyenl\u0151 az es\u00e9ly<br \/>B\u00e1r sek\u00e9ly a vesz\u00e9ly hogy utol\u00e9r<br \/>a n\u0151i szesz\u00e9ly<\/p>\n<p>J\u00f3 lenne ha v\u00e9gre meg\u00e9rten\u00e9m a vil\u00e1got<br \/>Mert csak \u00f6sszeesk\u00fcv\u00e9s elm\u00e9leteket gy\u00e1rtok,hogy<br \/>a szabadk\u00f6m\u0171vesek a t\u00e9gl\u00e1t ingyen kapj\u00e1k \u00e9s <br \/>az illumin\u00e1tusok templom\u00e1t abb\u00f3l rakj\u00e1k<\/p>\n<p>J\u00f3 lenne ha gazdag lenn\u00e9k olyan gizda gazdag<br \/>akinek az mx5\u00f6s mazda madzagon r\u00e1ngatott csattan\u00f3s maszlag<br \/>akinek mindegy hogy meccsre j\u00e0r vagy meccset vesz<br \/>stadionban \u00fcl vagy stadiont \u00e9p\u00edtett <br \/>vagy helikopteren j\u00e1tsza a bulib\u00e1r\u00f3t<br \/>\u00e9s a feles\u00e9g\u00e9t\u0151l dug\u00e1s ut\u00e1n nem k\u00e9ri el a visszaj\u00e1r\u00f3t<\/p>\n<p>J\u00f3 lenne pihenni a h\u00e9tv\u00e9g\u00e9n<br \/>nem \u00e9getn\u00e9m a gyerty\u00e1t a k\u00e9tv\u00e9g\u00e9n<br \/>A sz\u00fcrke 50\u00e1rnyalat\u00e1t elovasn\u00e1m<br \/>magamat profi porn\u00f3szt\u00e1rr\u00e1 avanzs\u00e1ln\u00e1m<br \/>Azt\u00e1n csak fek\u00fcdn\u00e9k a wellnesszben<br \/>vigy\u00e1zn\u00e9k a fejem nehogy elvesszen<br \/>bikinis csajok k\u00f6zt f\u00fcrd\u0151 k\u00f6penyben<br \/>a lenyugv\u00f3 nap ereje alul is t\u00f6retlen<br \/>masz\u00edroztatn\u00e1m magam illatos olajjal<br \/>spanoln\u00e9k a minden h\u00e1jjal megkent tulajjal<br \/>senki kedv\u00e9\u00e9rt sem mozduln\u00e9k<br \/>m\u00e9g B\u00e9res Alexandr\u00e1nak is nemet mondan\u00e9k<\/p>\n<p>J\u00f3 lenne tudni az \u00e9let \u00e9rtelm\u00e9t<br \/>val\u00f3ban az ember a v\u00e9gterm\u00e9k?<br \/>vagy \u00e9n is csak egy k\u00f6ztes \u00e1llapot vagyok<br \/>az evol\u00faci\u00f3 zs\u00e1kutc\u00e1j\u00e1ban alakoskodok<br \/>t\u00e9nyleg z\u00f6ldek a marslak\u00f3k<br \/>\u00e9s anyunak sz\u00f3l\u00edtj\u00e1k Marsi Anik\u00f3t?<br \/>vagy ha l\u00e9tezik m\u00e1s intelligencia<br \/>az uf\u00f3k Attist m\u00e9r hozt\u00e1k vissza?<\/p>\n<p>T\u00fal sok a k\u00e9rd\u00e9s <br \/>J\u00f3 lenne tudni a v\u00e1laszt<br \/>N\u00e9ha m\u00e1r \u00edrni is f\u00e1raszt<br \/>Elmehetek nyugodtan nyugd\u00edjba <br \/>H\u00f3nom alatt az arany m\u00e1lna d\u00edjjal<\/p>\n<\/blockquote>\n<p>[\/et_pb_text][\/et_pb_column][\/et_pb_row][\/et_pb_section][et_pb_section fb_built=&#8221;1&#8243; _builder_version=&#8221;4.27.4&#8243; _module_preset=&#8221;default&#8221; custom_padding=&#8221;||0px|||&#8221; locked=&#8221;off&#8221; global_colors_info=&#8221;{}&#8221;][et_pb_row column_structure=&#8221;1_2,1_2&#8243; _builder_version=&#8221;4.27.4&#8243; _module_preset=&#8221;default&#8221; min_height=&#8221;89px&#8221; custom_margin=&#8221;-41px|auto||auto||&#8221; custom_padding=&#8221;||0px|||&#8221; global_colors_info=&#8221;{}&#8221;][et_pb_column type=&#8221;1_2&#8243; _builder_version=&#8221;4.27.4&#8243; _module_preset=&#8221;default&#8221; global_colors_info=&#8221;{}&#8221;][et_pb_heading title=&#8221;Kaland II&#8221; _builder_version=&#8221;4.27.4&#8243; _module_preset=&#8221;default&#8221; title_level=&#8221;h2&#8243; title_text_align=&#8221;left&#8221; title_font_size=&#8221;34px&#8221; width=&#8221;100%&#8221; width_tablet=&#8221;100%&#8221; width_phone=&#8221;100%&#8221; width_last_edited=&#8221;on|phone&#8221; custom_padding=&#8221;15px|||||&#8221; animation_style=&#8221;fade&#8221; title_line_height_tablet=&#8221;&#8221; title_line_height_phone=&#8221;1.1em&#8221; title_line_height_last_edited=&#8221;on|phone&#8221; global_colors_info=&#8221;{}&#8221;][\/et_pb_heading][et_pb_text quote_border_color=&#8221;gcid-2ebbc52c-9ee6-4712-a077-fcaec9b98540&#8243; _builder_version=&#8221;4.27.4&#8243; _module_preset=&#8221;default&#8221; text_font=&#8221;&#8211;et_global_heading_font||||||||&#8221; text_text_color=&#8221;gcid-heading-color&#8221; text_font_size=&#8221;17px&#8221; text_line_height=&#8221;1.6em&#8221; header_text_align=&#8221;left&#8221; animation_style=&#8221;fade&#8221; animation_duration=&#8221;2000ms&#8221; text_font_size_tablet=&#8221;17px&#8221; text_font_size_phone=&#8221;17px&#8221; text_font_size_last_edited=&#8221;on|phone&#8221; text_line_height_tablet=&#8221;1.6em&#8221; text_line_height_phone=&#8221;1.4em&#8221; text_line_height_last_edited=&#8221;on|desktop&#8221; border_style_all=&#8221;inset&#8221; global_colors_info=&#8221;{%22gcid-2ebbc52c-9ee6-4712-a077-fcaec9b98540%22:%91%22quote_border_color%22,%22quote_border_color%22%93,%22gcid-heading-color%22:%91%22text_text_color%22%93}&#8221;]<\/p>\n<blockquote>\n<p>Kaland t\u00fara,kaland park,kaland az \u00e9let ,kalandra fel!<\/p>\n<p>nagy kalandom \u00e9szakon&#8230;.<br \/>De \u00e9n k\u00f6zhelyekkel nem foglalkozom!azt meghagyom:kov\u00e1cs \u00e1kosnak \u0151 m\u00e1r kimer\u00edtette a k\u00f6zhely sz\u00f3t\u00e1rt,sz\u00f3t \u00e9rt.<br \/>\u00c9rdemei elismer\u00e9se mellett lenyugd\u00edjazom&#8230;nem,nem kell visszaadni a kit\u00fcntet\u00e9st,megtarthatod!<br \/>Hogy legyen mit mes\u00e9lni az unok\u00e1knak&#8230;majd ha k\u00f6rbe \u00e0llnak&#8230;legyen mit mes\u00e9lni nem kell t\u0151lem f\u00e9lni&#8230;.<br \/>De nektek m\u00e1st fogok mes\u00e9lni:<br \/>van egy v\u00e1ros..egy \u00faj v\u00e1ros,ahol nincs az utc\u00e1knak neve \u00e9s ez nem v\u00e9letlen .Ez az\u00e9rt is van mert<br \/>1:ap\u00e1m szerint h\u00fcly\u00e8k az amerikaiak<br \/>2:hogy egy magamfajta tatab\u00e1nyai idi\u00f3ta se t\u00e9vedjen el&#8230;<br \/>3:azt hogy 72.dik utca sokkal k\u00f6nnyebb megjegyezni mint azt hogy Enzs\u00f6l Ell\u00e0k r\u00e1kosketeszt\u00far 17.dik ker\u00fclet budapest&#8230;<br \/>Van egy v\u00e1ros ami minden katasztr\u00f3fa filmben els\u0151nek semmis\u00fcl meg:felrobbantj\u00e1k befagy becsap\u00f3dnak a meteoritok<br \/>j\u00f6nnek az idegenek<br \/>Ahol magasak a h\u00e1zak laposak az aut\u00f3k \u00e9s k\u00f6nny\u0171ek a n\u0151k mint a Bronson filmekben<br \/>Ahol woody allen szerint t\u00e1gul a vil\u00e1gegyetem-egyedem begyedem tengert\u00e1nc Ice-T s\u00f3gor mit k\u00edv\u00e1nsz?Nem k\u00edv\u00e1nok egyebet csak<br \/>Truth, justice and fuck the american way!!!<br \/>Ice!this is not nice&#8230;<br \/>nem sz\u00e9p persze de az sem az,hogy a rend\u0151r\u00f6k 51l\u00f6v\u00e9ssel l\u0151nek le valakit mert azt hiszik fegyver van n\u00e1la&#8230;nem volt&#8230;Copkiller!!!!<br \/>&#8222;Le az utc\u00e1ra ki a t\u00e9rre senki se l\u00f6khet f\u00e9lre&#8221;<br \/>Ez csak egy nagy alma de akkora a hatalma,hogy a vil\u00e1g gy\u00e9m\u00e1nt kereskedelm\u00e9nek ez lett a f\u0151v\u00e1rosa..de erre is van megold\u00e1s:an apple a day keeps the doctor away&#8230;<br \/>A wall street-en meg d\u0151l a l\u00e9<br \/>l\u00e9nyegtelen l\u00e8nyek ebben l\u00e1tj\u00e1k az \u00e9let \u00e9rtelm\u00e9t..viritsd a lov\u00e9t!viritom..&#8221;amerika c\u00e9lok karrier k\u00f6zhelyek.j\u00f6nnek a siker orient\u00e1lt seggfejek!!!&#8221;<br \/>Mert a baseball csapat p\u00e9nze megegyezik egy magyar v\u00e0ros \u00e9vi k\u00f6lts\u00e9gvet\u00e9s\u00e9vel&#8230;.yankees vagy mets ecc pecc kimehetsz c\u00e9rn\u00e1ra cineg\u00e9re szarj\u00e1 cica az eg\u00e9szre&#8230;<br \/>Mert a gazdagok sz\u00f3l\u00edtj\u00e1k fel a szeg\u00e9nyeket hogy adakozzanak&#8230;mint mikor bez\u00e1rt\u00e1k a CBGB&#8217;s-t..gyerekek&#8230;<br \/>WTF?vatta f\u00e1k?bolond ez a vil\u00e1g&#8230;<br \/>Oh baby baby its wild world&#8230; <br \/>De meg kell \u00f6riznem a hidegv\u00e9rem<br \/>meg a mosolyomat&#8230;minden rendben..same shit different day<br \/>Ugyanaz a szar csak egy m\u00e0sik nap&#8230;<br \/>A szabads\u00e1gszobor \u00e1rny\u00e9k\u00e1ban a lehet\u0151s\u00e9gek haz\u00e1j\u00e1ban nem nagyon ugr\u00e1lhatok&#8230;nem lehet t\u00e1ncolni az underground<\/p>\n<p>drum&amp;bass partykon,nem lehet inni az utc\u00e0n,nem lehet stage diving-olni a hc koncerteken csak hogy a legdurv\u00e1bbakat<\/p>\n<p>eml\u00edtsem<br \/>Only in NY baby,only in NY<br \/>Csak new yorkban baby ,sehol m\u00e1shol csak new yorkban<br \/>Mindent bebor\u00edt a rekl\u00e1m<br \/>Csak a h\u00fclye nem reklam\u00e1l<br \/>\u00dagy p\u00f6r\u00f6g az \u00e9let hogy lass\u00fa a gyors \u00e9tterem<br \/>\u00c1t hatol \u00e1t az \u00e9teremen<br \/>Csak \u00fagy \u00e1rad \u00f6mlik a tv-b\u0151l<br \/>De m\u00e9g az eln\u00f6k is megd\u0151l<br \/>Nyakamig \u00e9r m\u00e1r a szar<br \/>De nem l\u00e1tom mert a hazugs\u00e1g mindent eltakar<br \/>A kupon akci\u00f3 sem seg\u00edt a helyzetemen<br \/>SOS!valaki seg\u00edtsen<br \/>H\u00edvja a 911-et \u00e9s ez nem vicc<br \/>Vas\u00e1rnap volt 15\u00e9ve,hogy annak a beteg elm\u00e9nek<br \/>Bizonyos k\u00f6r\u00f6kben megn\u0151tt a n\u00e9pszer\u0171s\u00e9ge&#8230;.<br \/>\u00d6ngyilkos mer\u00e9nyl\u0151 isten nev\u00e9ben<br \/>Szakavatott szar alak a vil\u00e1g szem\u00e9ben<br \/>Senkit sem \u00e9rdekelsz nyugodtan \u00f6ld meg magad<br \/>Csak arra vigy\u00e1zz ne b\u00e1nts m\u00e1sokat!<br \/>De \u00edg\u00e9rem hogyha ezt a versenyt megnyerem<br \/>A zs\u0171rit elviszem<br \/>Az Empire Steve Buildingbe<br \/>Vagy a Steven Islandre&#8230;<\/p>\n<\/blockquote>\n<p>[\/et_pb_text][\/et_pb_column][et_pb_column type=&#8221;1_2&#8243; _builder_version=&#8221;4.27.4&#8243; _module_preset=&#8221;default&#8221; global_colors_info=&#8221;{}&#8221;][et_pb_heading title=&#8221;Kaland&#8221; _builder_version=&#8221;4.27.4&#8243; _module_preset=&#8221;default&#8221; title_level=&#8221;h2&#8243; title_text_align=&#8221;left&#8221; title_font_size=&#8221;34px&#8221; width=&#8221;100%&#8221; width_tablet=&#8221;100%&#8221; width_phone=&#8221;100%&#8221; width_last_edited=&#8221;on|phone&#8221; custom_padding=&#8221;15px|||||&#8221; animation_style=&#8221;fade&#8221; title_line_height_tablet=&#8221;&#8221; title_line_height_phone=&#8221;1.1em&#8221; title_line_height_last_edited=&#8221;on|phone&#8221; locked=&#8221;off&#8221; global_colors_info=&#8221;{}&#8221;][\/et_pb_heading][et_pb_text quote_border_color=&#8221;gcid-2ebbc52c-9ee6-4712-a077-fcaec9b98540&#8243; _builder_version=&#8221;4.27.4&#8243; _module_preset=&#8221;default&#8221; text_font=&#8221;&#8211;et_global_heading_font||||||||&#8221; text_text_color=&#8221;gcid-heading-color&#8221; text_font_size=&#8221;17px&#8221; text_line_height=&#8221;1.6em&#8221; header_text_align=&#8221;left&#8221; custom_margin=&#8221;||-2px|||&#8221; animation_style=&#8221;fade&#8221; animation_duration=&#8221;2000ms&#8221; text_font_size_tablet=&#8221;17px&#8221; text_font_size_phone=&#8221;17px&#8221; text_font_size_last_edited=&#8221;on|phone&#8221; text_line_height_tablet=&#8221;1.6em&#8221; text_line_height_phone=&#8221;1.4em&#8221; text_line_height_last_edited=&#8221;on|desktop&#8221; border_style_all=&#8221;inset&#8221; locked=&#8221;off&#8221; global_colors_info=&#8221;{%22gcid-2ebbc52c-9ee6-4712-a077-fcaec9b98540%22:%91%22quote_border_color%22,%22quote_border_color%22%93,%22gcid-heading-color%22:%91%22text_text_color%22%93}&#8221;]<\/p>\n<blockquote>\n<p>&#8222;Nem hagyom hogy elj\u00e1tsz az \u00e9letemmel<br \/>Nem hagyom mert le\u00e9lni \u00e9nnekem kell<br \/>mi \u00edgy vonulunk be<br \/>A t\u00f6rt\u00e9nelembe&#8221; EK<br \/>\u00c8n \u00edgy vonultam be <br \/>New yorkba<br \/>Nem feh\u00e9r lovon,nem harckocsikon<br \/>Hanem csak \u00fagy izgatottan,kij\u00e1tszva a homeland security \u00e9bers\u00e9g\u00e9t a sz\u00ednesb\u0151r\u0171 h\u00f6lgy k\u00e9rd\u00e9s\u00e8re csak azt ism\u00e9telgettem:no english,lenni t\u00farista&#8230;.12\u00e9vig hol lehet t\u00farista az ember?..csak hal\u00e1lon t\u00fal ..menyorsz\u00e1g tourist.<br \/>De nem r\u00f3lam sz\u00f3lnak a h\u00edrek \u00e9s nincs velem tele a sajt\u00f3<br \/>Nem akartam jutni sehova de nyitva volt minden ajt\u00f3<br \/>Brooklyn bronx manhattan queens staten island az \u00f6t ker\u00fclet<br \/>Azt mondt\u00e1k nagyon vesz\u00e9lyes ter\u00fclet<br \/>Vesz\u00e9lyes csak \u00e9n voltam magamra<br \/>Sokszor gondolataim keltettek haragra<br \/>Gy\u0171l\u00f6l\u00f6m a rendszert<br \/>Minden \u00fagy van megszervezve hogy m\u00e9g v\u00e9letlen\u00fcl se kelljen gondolkodni<br \/>Mert 2 isten van a p\u00e9nz meg a tv<br \/>A tv megmondja hogy kit szeress<br \/>A p\u00e9nzeden meg mindent megvehetsz<br \/>De ez nem ok\u00e9k\u00e9k\u00e9<br \/>Ahogy integet KKK<br \/>\u00c9gnek a keresztek<br \/>L\u00e1ngol mississippi<br \/>A Times squaren most mutat<br \/>b\u00e9ke jelet egy hippi<br \/>P\u00edsz testv\u00e9rem csak \u00edgy laz\u00e1n<br \/>Nappali f\u00e9nyt h\u00e1ny a neon rekl\u00e1m<br \/>L\u00e1ngolt manhattan is mikor led\u0151ltek a tornyok<br \/>A tv-n n\u00e9ztem v\u00e9gig <br \/>De nem \u00e9rtettem a dolgot<br \/>Bels\u0151 munka-gondolta stirlic<br \/>Igaza lehet mondom \u00e9n<br \/>Mert mindegy hogy az eln\u00f6k<br \/>Fekete vagy feh\u00e9r egyform\u00e1n hazudik&#8230;.<br \/>A &#8222;n\u00e9p akarat\u00e1r\u00f3l&#8221; a kongresszus gondoskodik<br \/>A szabads\u00e1g f\u00f6ldje<br \/>A b\u00e1trak haz\u00e1ja<\/p>\n<p>\u00c9n nem vagyok feh\u00e9r<br \/>Te nem vagy sz\u00ednes<br \/>Sz\u00fcrke \u00e1rnyalataiba<br \/>A j\u00f3zan \u00e9sz beleremeg<br \/>Felsz\u00ednes dogm\u00e1k,r\u00e9miszt\u0151 szetereot\u00edpi\u00e1k,\u00e1lszent,pr\u0171d vall\u00e1si te\u00f3ri\u00e1k ,rasszizmus,budhizmus,h\u00e1bor\u00fa \u00e9s b\u00e9ke,sose lesz m\u00e1r ennek <br \/>Azt\u00e1n j\u00f6n egy \u0151r\u00fclt \u00e9s lel\u00f6vi John Lennont<br \/>Give peace a chance<br \/>Sanszos hogy nem ez lesz<br \/>Peace sells but whos buying<br \/>A b\u00e9ke elad\u00f3 de a vil\u00e1g nem erre v\u00e1gyik<br \/>Land of the free<br \/>Home of the brave<br \/>Nagy Alma te ne t\u00f6r\u0151dj semmivel szerelmes vagyok bel\u00e9d<br \/>B\u00e1r l\u00e1tom hogy rohadsz bel\u00fcl \u00e9s tele vagy undor\u00edt\u00f3 f\u00e9rgekkel de nem \u00e9rdekel mert gy\u00f6ny\u00f6r\u0171 vagy-nem mint egy b\u00fcszke n\u0151-hanem mint egy l\u00e1tom\u00e1st l\u00e9legz\u0151,\u0151r\u00fclt n\u00e9mber aki fegyverrel a kez\u00e9ben a b\u00e9k\u00e9r\u0151l fecseg \u00e9s bet\u00e9pve hirdet j\u00f3zan gondolkod\u00e1st&#8230;de ez sem sz\u00e1m\u00edt<br \/>csak veled akarok lenni csak benned akarok \u00e9lni<br \/>I love you now i love you forever<br \/>Szeretlek most \u00e8s mind\u00f6r\u00f6kk\u00e9<br \/>Azt\u00e1n elszomorodom mert l\u00e1tom,hogy egy<br \/>Vietn\u00e1mi veter\u00e1n vaker\u00e1l vater\u00e1n<br \/>Eladn\u00e1 a kit\u00fcntet\u00e9st jobban j\u00e1r ha pi\u00e1l<br \/>Nem viszket a m\u0171l\u00e1b mikor irakb\u00f3l hazat\u00e9rsz hazafias hazugs\u00e1gokt\u00f3l <br \/>vagy egy nyomor\u00e9k<br \/>A wall street farkasa a seggembe harap<br \/>A gazdas\u00e1gi v\u00e1ls\u00e1g utol\u00e9r:a GDP-im zuhan a Bux indexem balra indexel<br \/>Jobbra nem is sz\u00e1m\u00edtottam<br \/>Alacsony az inger k\u00fcsz\u00f6b\u00f6m<br \/>Magas a v\u00e9rnyom\u00e1som <br \/>Egy 4D-s vil\u00e1gban eleny\u00e9sz\u0151 a t\u00e9rhat\u00e1som<br \/>Cs\u00fct\u00f6rt\u00f6k\u00f6n h\u00e1l\u00e1t adok<br \/>Asztali \u00e1ld\u00e1st mondok<br \/>Megeszem a pulyk\u00e1t<br \/>Azt\u00e1n m\u00e0snap hal\u00e1lra taposok valakit az \u00e1ruh\u00e1zban csakhogy f\u00e9l\u00e1ron hozz\u00e1 juthassak a leg\u00fajabb nagyk\u00e9perny\u0151s tv-hez..<br \/>Black friday-fekete p\u00e9ntek<br \/>\u00c9n ink\u00e1bb azt mondom :black flag fekete z\u00e1szl\u00f3<br \/>Henry Rollins misfits anthrax \u00e9s a nyhc&#8230;.glob\u00e1lis egys\u00e9g,nyitott gondolkod\u00e1s.<br \/>Vagy amikor a Blind Myself nyomta a CBGB&#8217;s-ben! na az volt az igazi HC<br \/>\u00daj id\u0151k \u00faj dalai l\u00e1ma a central parkban -persze-megtisztulni akartam gondoltam ilyen egyszer\u0171 az eg\u00e9sz,szinte k\u00f6zhelyszer\u0171 a t\u00e9ved\u00e9s<br \/>Most j\u00f6n az \u00f6sszegz\u00e9s<br \/>T\u00fal\u00e9ltem egy terror t\u00e1mad\u00e1st <br \/>Egy hurrik\u00e1nt<br \/>Egy (\u00f6n)gyilkos kapcsolatot<br \/>L\u00e1bon kihordtam egy agyv\u00e9rz\u00e9st<br \/>Meg n\u00e9h\u00e1ny p\u00e1nik rohamot<br \/>elker\u00fcltem minden utcai l\u00f6v\u00f6ld\u00f6z\u00e9st \u00e9s banda h\u00e1bor\u00fat.<br \/>\u00c9s v\u00e9gezet\u00fcl<br \/>most itt \u00e1llok szemtelen\u00fcl,slam-telen\u00fcl<br \/>Azt gondolv\u00e1n enn\u00e9l nagyobb kalandom \u00fagysem lesz<br \/>Ez az (el)\u00e1tkozott orsz\u00e1g zsebre tesz <br \/>DE most m\u00e9g szabad vagyok \u00e9s azt mondok amit akarok<\/p>\n<p>Isten \u00e1ldd meg a magyart<br \/>God bless america<\/p>\n<\/blockquote>\n<p>[\/et_pb_text][\/et_pb_column][\/et_pb_row][\/et_pb_section][et_pb_section fb_built=&#8221;1&#8243; _builder_version=&#8221;4.27.4&#8243; _module_preset=&#8221;default&#8221; custom_padding=&#8221;||0px|||&#8221; locked=&#8221;off&#8221; global_colors_info=&#8221;{}&#8221;][et_pb_row column_structure=&#8221;1_2,1_2&#8243; _builder_version=&#8221;4.27.4&#8243; _module_preset=&#8221;default&#8221; min_height=&#8221;89px&#8221; custom_margin=&#8221;-41px|auto||auto||&#8221; custom_padding=&#8221;||0px|||&#8221; global_colors_info=&#8221;{}&#8221;][et_pb_column type=&#8221;1_2&#8243; _builder_version=&#8221;4.27.4&#8243; _module_preset=&#8221;default&#8221; global_colors_info=&#8221;{}&#8221;][et_pb_heading title=&#8221;Kellemes Emese&#8221; _builder_version=&#8221;4.27.4&#8243; _module_preset=&#8221;default&#8221; title_level=&#8221;h2&#8243; title_text_align=&#8221;left&#8221; title_font_size=&#8221;34px&#8221; width=&#8221;100%&#8221; width_tablet=&#8221;100%&#8221; width_phone=&#8221;100%&#8221; width_last_edited=&#8221;on|phone&#8221; custom_padding=&#8221;15px|||||&#8221; animation_style=&#8221;fade&#8221; title_line_height_tablet=&#8221;&#8221; title_line_height_phone=&#8221;1.1em&#8221; title_line_height_last_edited=&#8221;on|phone&#8221; global_colors_info=&#8221;{}&#8221;][\/et_pb_heading][et_pb_text quote_border_color=&#8221;gcid-2ebbc52c-9ee6-4712-a077-fcaec9b98540&#8243; _builder_version=&#8221;4.27.4&#8243; _module_preset=&#8221;default&#8221; text_font=&#8221;&#8211;et_global_heading_font||||||||&#8221; text_text_color=&#8221;gcid-heading-color&#8221; text_font_size=&#8221;17px&#8221; text_line_height=&#8221;1.6em&#8221; header_text_align=&#8221;left&#8221; animation_style=&#8221;fade&#8221; animation_duration=&#8221;2000ms&#8221; text_font_size_tablet=&#8221;17px&#8221; text_font_size_phone=&#8221;17px&#8221; text_font_size_last_edited=&#8221;on|phone&#8221; text_line_height_tablet=&#8221;1.6em&#8221; text_line_height_phone=&#8221;1.4em&#8221; text_line_height_last_edited=&#8221;on|desktop&#8221; border_style_all=&#8221;inset&#8221; global_colors_info=&#8221;{%22gcid-2ebbc52c-9ee6-4712-a077-fcaec9b98540%22:%91%22quote_border_color%22,%22quote_border_color%22%93,%22gcid-heading-color%22:%91%22text_text_color%22%93}&#8221;]<\/p>\n<blockquote>\n<p>Kellemes Emese <br \/>F\u00e9lelmetes sms-e<br \/>Nem mese,bel\u00e9 estem<br \/>v\u00e1gy j\u00e1rja \u00e1t a testem<br \/>Id\u0151zn\u00e9k izgalmas melleden,fenekeden<br \/>Fenekest\u00fcl forgatod fel \u00e9letemet<br \/>Veled fesztelen<br \/>Lenn\u00e9k meztelen<br \/>Fesz\u00fclts\u00e9gt\u0151l mentes\u00edtett \u00e1lmodban zsebtelepre teleped\u0151 leped\u0151<br \/>Szintetikus m\u00e1morban hever\u0151 mell\u00e9kszerepl\u0151<br \/>Ep\u00e9s megjegyz\u00e9sek\u00e9rt epeked\u0151 epek\u0151<br \/>De \u00e9n csak a szerrel szeretkezem<br \/>Szeret kezem sz\u00edvem nem mer neh\u00e9z<br \/>Megtelepedett rajta a pen\u00e9sz<br \/>P\u00e9nisz p\u00f3tl\u00f3 p\u00f3t-l\u00f3-verseny<br \/>Versenyzem id\u0151vel \u00e9s t\u00e9rrel<br \/>Kezdettel \u00e9s v\u00e9ggel<br \/>V\u00e9get \u00e9rt?vagy el sem kezd\u0151d\u00f6tt?<br \/>K\u00e9t v\u00e9glet k\u00f6zt megedz\u0151d\u00f6tt szellemem<br \/>Sz\u00edvesen sz\u00ednezem sz\u00edntelen szerepem<br \/>Szerelem vagy szeretem<br \/>Mikor szembe j\u00f6n a k\u00f6z\u00e9rzetem<br \/>A k\u00f6z\u00e9rtben ahol csak a k\u00f6z-\u00e9rt meg<br \/>Ahova k\u00f6r\u00f6z\u00f6tt\u00e9rt a nyugis megy<br \/>Csokis meggy<br \/>A torta tetej\u00e9n tejsz\u00ednnel<br \/>Elf\u00fajom a gyerty\u00e1t \u00e9s k\u00edv\u00e1nok 3-at<br \/>Egy sz\u0151k\u00e9t egy barn\u00e1t egy feket\u00e9t<br \/>cukorral tejjel \u00e9desen<br \/>T\u00e9vesen t\u00e9ged akarlak mert azt hiszem te vagy a v\u00e9gzetem<br \/>3k\u00edv\u00e1ns\u00e1g a k\u00edv\u00e1ns\u00e1gom az hogy<br \/>Ne hagyjak k\u00edv\u00e1nni val\u00f3t magam m\u00f6g\u00f6tt,ut\u00e1n<br \/>N\u00e9zhetsz but\u00e1n<br \/>Tengernyi tal\u00e1ny<br \/>Tal\u00e1n elfeledteti a mag\u00e1nyt<br \/>Mag\u00e1n k\u00edv\u00fcl van aki mag\u00e1n k\u00edv\u00fcl van?<br \/>K\u00edv\u00fcl bel\u00fcl<br \/>Bele\u00fcl a bele belemer\u00fcl<br \/>Kimer\u00fcl <br \/>De ki mer \u00fclni<br \/>Mikor \u00e1llni kell<br \/>Kiab\u00e1lni kell<br \/>Menni kell<br \/>Menetelni kell<br \/>Kellkellkellkell<br \/>K\u00e9nek\u00e9nek\u00e9ne<br \/>Mert a vil\u00e1gnak mindj\u00e1rt v\u00e9ge<br \/>Lenn\u00e9tek olyan kedvesek fel\u00e9bredni v\u00e9gre<\/p>\n<\/blockquote>\n<p>[\/et_pb_text][\/et_pb_column][et_pb_column type=&#8221;1_2&#8243; _builder_version=&#8221;4.27.4&#8243; _module_preset=&#8221;default&#8221; global_colors_info=&#8221;{}&#8221;][et_pb_heading title=&#8221;K\u00e9rd\u00e9sek&#8221; _builder_version=&#8221;4.27.4&#8243; _module_preset=&#8221;default&#8221; title_level=&#8221;h2&#8243; title_text_align=&#8221;left&#8221; title_font_size=&#8221;34px&#8221; width=&#8221;100%&#8221; width_tablet=&#8221;100%&#8221; width_phone=&#8221;100%&#8221; width_last_edited=&#8221;on|phone&#8221; custom_padding=&#8221;15px|||||&#8221; animation_style=&#8221;fade&#8221; title_line_height_tablet=&#8221;&#8221; title_line_height_phone=&#8221;1.1em&#8221; title_line_height_last_edited=&#8221;on|phone&#8221; locked=&#8221;off&#8221; global_colors_info=&#8221;{}&#8221;][\/et_pb_heading][et_pb_text quote_border_color=&#8221;gcid-2ebbc52c-9ee6-4712-a077-fcaec9b98540&#8243; _builder_version=&#8221;4.27.4&#8243; _module_preset=&#8221;default&#8221; text_font=&#8221;&#8211;et_global_heading_font||||||||&#8221; text_text_color=&#8221;gcid-heading-color&#8221; text_font_size=&#8221;17px&#8221; text_line_height=&#8221;1.6em&#8221; header_text_align=&#8221;left&#8221; custom_margin=&#8221;||-2px|||&#8221; animation_style=&#8221;fade&#8221; animation_duration=&#8221;2000ms&#8221; text_font_size_tablet=&#8221;17px&#8221; text_font_size_phone=&#8221;17px&#8221; text_font_size_last_edited=&#8221;on|phone&#8221; text_line_height_tablet=&#8221;1.6em&#8221; text_line_height_phone=&#8221;1.4em&#8221; text_line_height_last_edited=&#8221;on|desktop&#8221; border_style_all=&#8221;inset&#8221; locked=&#8221;off&#8221; global_colors_info=&#8221;{%22gcid-2ebbc52c-9ee6-4712-a077-fcaec9b98540%22:%91%22quote_border_color%22,%22quote_border_color%22%93,%22gcid-heading-color%22:%91%22text_text_color%22%93}&#8221;]<\/p>\n<blockquote>\n<p>Mott\u00f3:<br \/>Nincsenek v\u00e1laszaim \u00e9n is befel\u00e9 lesek<br \/>De nem l\u00e1tok m\u00e1st csak k\u00e9rd\u00e9seket<br \/>Vad fruttik<br \/>El\u00e9g volt!-hallod<br \/>Hozz\u00e1d besz\u00e9lek<br \/>E-l\u00e9g volt!!!!mit nem \u00e9rtessz ezen????<br \/>\u00cdgy akarod le\u00e9lni az \u00e9letedet???<br \/>Mondtam a t\u00fck\u00f6rnek..egy nagyon m\u00e1snapos reggelen<br \/>Mint al pacino a sebhelyes arc\u00faban<br \/>You talkin to me???<br \/>\u00c8s j\u00f6ttek a k\u00e9rd\u00e9sek:mit hogyan mi\u00e9rt kivel minek mikor<br \/>Meg az \u00f6nv\u00e1d meg az \u00f6nmarcangol\u00e1s meg az f\u00e9lr\u00e9szeg mosoly amivel megvetettem magam nap mint nap<br \/>Nem tudtam a v\u00e1laszt&#8230;azt\u00e1n este mikor megint a kocsm\u00e1ban \u00fcltem<br \/>megkaptam..igen!\u00edgy<br \/>Nagyon k\u00e9nyelmes volt ez nekem<br \/>8\u00f3ra munka 8\u00f3ra pihen\u00e9s 8\u00f3ra sz\u00f3rakoz\u00e1s<br \/>De k\u00e9s\u0151bb m\u00e1r 8\u00f3ra iv\u00e1s 8\u00f3ra iv\u00e1s m\u00e9g n\u00e8h\u00e1ny \u00f3ra iv\u00e1s n\u00e9h\u00e1ny \u00f3ra alv\u00e1s..ez volt a program<br \/>El\u00e9g volt!!!hallod???<br \/>Hozz\u00e1d besz\u00e9lek!<br \/>E-l\u00e9g volt!!!mit nem \u00e9rtessz ezen?<br \/>\u00cdgy akarod le\u00e9lni az \u00e9letedet?<br \/>Ezt m\u00e1r a csajom mondta \u00e9vekkel k\u00e9s\u0151bb..<br \/>Ja&#8230;tulajdonk\u00e9ppen igen..semmi rossz nincs ebben<br \/>P\u00e1r napig sz\u00edvom a k\u00f3l\u00e1t \u00e9s nem dolgozom<br \/>P\u00e1r napig magamhoz t\u00e9rek \u00e9s nem dolgozom<br \/>Azt\u00e1n p\u00e1r napig iszom a munlahelyemen h magamhoz t\u00e9rjek<br \/>Azt\u00e1n p\u00e1r napig iszom otthon h magamhoz t\u00e9rjek<br \/>Semmi rossz nincs ebben..meg\u00e9rdemlem<br \/>De azt\u00e1n j\u00f6ttek a k\u00e9rd\u00e9sek hol hogyan mikor minek mi\u00e9rt meddig kivel????nem tudtam a v\u00e1laszt..nem tudhattam a v\u00e1laszt<br \/>El\u00e9g volt!hallod?<br \/>Hozz\u00e1d besz\u00e9lek!<br \/>E-l\u00e9g volt!!!!mit nem \u00e9rtessz ezen???<br \/>Menj el rehabra!!!!<br \/>Ezt m\u00e1r ap\u00e1m mondta sok \u00e9vvel k\u00e9s\u0151bb<br \/>Elj\u00f6ttem&#8230;<br \/>\u00c8n b\u00fcszke voltam r\u00e1..vagyok is a mai napig h mertem v\u00e1laszokat keresni a k\u00e9rd\u00e9sekre..<br \/>\u0150 sz\u00e9gyenkezett miatta<br \/>A k\u00e9rd\u00e9sek itt megsokszoroz\u00f3dtak<br \/>\u00c9s nem tudtam a v\u00e1laszokat<br \/>\u00c9n nem tudom..mi tudjuk<br \/>Mert mar nem az a k\u00e9rd\u00e9s h mi\u00e9rt ittam hanem az h hogyan nem fogok&#8230;<br \/>A megold\u00e1s itt van..itt van megold\u00e1s<br \/>Mert k\u00e9rdezni is tudni kell<br \/>\u00c9s ha nem tudom a v\u00e1laszt majd megadja az \u00e9let<br \/>Mert neked te vagy fontos<br \/>Magamnak \u00e9n vagyok a fontos<br \/>V\u00e1ltoztatok ha tudok \u00e9s elengedem ha nem<br \/>\u00c9s im\u00e1dkozom h felismerjem a k\u00fcl\u00f6nbs\u00e9get&#8230;<\/p>\n<\/blockquote>\n<p>[\/et_pb_text][\/et_pb_column][\/et_pb_row][\/et_pb_section][et_pb_section fb_built=&#8221;1&#8243; _builder_version=&#8221;4.27.4&#8243; _module_preset=&#8221;default&#8221; custom_padding=&#8221;||0px|||&#8221; locked=&#8221;off&#8221; global_colors_info=&#8221;{}&#8221;][et_pb_row column_structure=&#8221;1_2,1_2&#8243; _builder_version=&#8221;4.27.4&#8243; _module_preset=&#8221;default&#8221; min_height=&#8221;89px&#8221; custom_margin=&#8221;-41px|auto||auto||&#8221; custom_padding=&#8221;||0px|||&#8221; global_colors_info=&#8221;{}&#8221;][et_pb_column type=&#8221;1_2&#8243; _builder_version=&#8221;4.27.4&#8243; _module_preset=&#8221;default&#8221; global_colors_info=&#8221;{}&#8221;][et_pb_heading title=&#8221;K\u00e9sz&#8221; _builder_version=&#8221;4.27.4&#8243; _module_preset=&#8221;default&#8221; title_level=&#8221;h2&#8243; title_text_align=&#8221;left&#8221; title_font_size=&#8221;34px&#8221; width=&#8221;100%&#8221; width_tablet=&#8221;100%&#8221; width_phone=&#8221;100%&#8221; width_last_edited=&#8221;on|phone&#8221; custom_padding=&#8221;15px|||||&#8221; animation_style=&#8221;fade&#8221; title_line_height_tablet=&#8221;&#8221; title_line_height_phone=&#8221;1.1em&#8221; title_line_height_last_edited=&#8221;on|phone&#8221; global_colors_info=&#8221;{}&#8221;][\/et_pb_heading][et_pb_text quote_border_color=&#8221;gcid-2ebbc52c-9ee6-4712-a077-fcaec9b98540&#8243; _builder_version=&#8221;4.27.4&#8243; _module_preset=&#8221;default&#8221; text_font=&#8221;&#8211;et_global_heading_font||||||||&#8221; text_text_color=&#8221;gcid-heading-color&#8221; text_font_size=&#8221;17px&#8221; text_line_height=&#8221;1.6em&#8221; header_text_align=&#8221;left&#8221; animation_style=&#8221;fade&#8221; animation_duration=&#8221;2000ms&#8221; text_font_size_tablet=&#8221;17px&#8221; text_font_size_phone=&#8221;17px&#8221; text_font_size_last_edited=&#8221;on|phone&#8221; text_line_height_tablet=&#8221;1.6em&#8221; text_line_height_phone=&#8221;1.4em&#8221; text_line_height_last_edited=&#8221;on|desktop&#8221; border_style_all=&#8221;inset&#8221; global_colors_info=&#8221;{%22gcid-2ebbc52c-9ee6-4712-a077-fcaec9b98540%22:%91%22quote_border_color%22,%22quote_border_color%22%93,%22gcid-heading-color%22:%91%22text_text_color%22%93}&#8221;]<\/p>\n<blockquote>\n<p>El\u0151sz\u00f3<br \/>M\u00e1solat vagyok csak mert az eredeti elveszett<br \/>Isten valahogy r\u00f3lam megfeledkezett<br \/>Egy k\u00f6t\u0151sz\u00f3 amiben nincsen \u00e9kezet<br \/>Egy hib\u00e1san m\u0171k\u00f6d\u0151 g\u00e9pezet<br \/>Ctlr c volt a jelem az oviban<br \/>Valaki m\u00e1s filmj\u00e9t n\u00e9ztem a moziban<br \/>Kisfi\u00fa vagyok<br \/>Egy t\u00f3 partj\u00e1n \u00e1llok<br \/>Nyaralok,de bennem mindig \u0151sz van<br \/>Elm\u00fal\u00e1s \u00fajra kezd\u00e9s n\u00e9lk\u00fcl<br \/>C\u00e9lt\u00e1bla vagyok<br \/>Cs\u00fafolnak:g\u00f6nd\u00f6r g\u00f6r\u00e9ny mondj\u00e1k<br \/>Rosszul vagyok<br \/>Honv\u00e1gyam van:hazamenn\u00e9k&#8230;<br \/>Megy a foci vb,az olaszoknak szurkolok<br \/>Megnyerik, de nincs aki velem \u00f6r\u00fcl<br \/>Egyed\u00fcl vagyok&#8230;.<br \/>Nagyfi\u00fa vagyok<br \/>Hossz\u00fa szabads\u00e1gomat t\u00f6lt\u00f6m<br \/>Egy \u00f3ce\u00e1n parton \u00e1llok<br \/>Partra vetett hal vagyok<br \/>T\u00e1togok,t\u00e1ntorgok<br \/>Nem \u00e9rtik mit mondok<br \/>Nem \u00e9rtik mit motyogok<br \/>Partra mosott kagyl\u00f3 vagyok<br \/>K\u00edv\u00fcl kem\u00e9ny,bel\u00fcl \u00fcres<br \/>Szabad vagyok<br \/>A szabads\u00e1g szobor leszophat<br \/>P\u00e9nz vagyok<br \/>Velem fizetnek,velem fizettetnek<br \/>\u00c9hes vagyok<br \/>Szart eszek k\u00e9ssel,vill\u00e1val<br \/>Szivarba tekert por vagyok<br \/>K\u00ecv\u00fcl kem\u00e9ny,bel\u00fcl elf\u00faj minden sz\u00e9l<br \/>L\u00e1thatatlan vagyok<br \/>Magamat is csak a t\u00fck\u00f6rben l\u00e1tom<br \/>Mikor reggelente a csapba h\u00e1nyok<br \/>P\u00e1lca vagyok,amit m\u00e1sok felett t\u00f6rnek<br \/>Egy p\u00e1lc\u00e1s vagyok a b\u00facs\u00faban<br \/>R\u00e1ml\u0151nek, eltal\u00e1lnak&#8230;F\u00e1j<br \/>Eltal\u00e1lnak..F\u00e1j,aauuu ez f\u00e1\u00e1j&#8230;\u00e1\u00e1\u00e1, ez kurv\u00e1ra f\u00e1j<br \/>De \u00e9n csak \u00e1llok zavartan \u00e9s t\u0171r\u00f6m<br \/>L\u00e1bt\u00f6rl\u0151 vagyok<br \/>Bel\u00e9m t\u0151rl\u00f6d a mocskodat<br \/>\u00c9n meg csak \u00e1llok zavartan,mosolygok \u00e9s t\u0171r\u00f6m<br \/>Ahelyett h ord\u00edtan\u00e9k,h toporz\u00e9koln\u00e9k<br \/>Csak n\u00e9zek h\u00fcly\u00e9n \u00e9s t\u0171r\u00f6m<br \/>Ahelyett h ord\u00edtan\u00e9k h el\u00e9g volt<br \/>Hogy el\u00e9g volt,hagyd abba, nem b\u00edrom tov\u00e1bb<br \/>Meg\u0151r\u00fcl\u00f6k!!!!!! Bazdmeg!!!!!<br \/>Hagyj\u00e1l b\u00e9k\u00e9n!!!!nem \u00e9rted???!!!!!<br \/>El\u00e9g volt!!!!!!!<br \/>Meg\u00f6llek a kurva any\u00e1dat!!!!!!!!<br \/>Meg\u00f6llek&#8230;&#8230;<br \/>M\u00e1s vagyok<br \/>M\u00e1shol vagyok<br \/>Egy kis, kerti t\u00f3 partj\u00e1n \u00fcl\u00f6k<br \/>Nyugodt vagyok<br \/>M\u00e1r nem ord\u00edtok<br \/>M\u00e1r nem motyogok<br \/>Te itt vagy mellettem<br \/>Ti itt vagytok velem&#8230;<br \/>Te \u00e9rzed amit \u00e9rzek<br \/>Ti \u00e9rtitek mir\u0151l besz\u00e9lek<br \/>M\u00e1r nem ord\u00edtok<br \/>M\u00e1r nem motyogok<br \/>\u00c9rthet\u0151en besz\u00e9lek<br \/>Lassan feln\u00f6v\u00f6k<br \/>Lassan megj\u00f6v\u00f6k<\/p>\n<\/blockquote>\n<p>[\/et_pb_text][\/et_pb_column][et_pb_column type=&#8221;1_2&#8243; _builder_version=&#8221;4.27.4&#8243; _module_preset=&#8221;default&#8221; global_colors_info=&#8221;{}&#8221;][et_pb_heading title=&#8221;Kir\u00e1lyok \u00e9s patk\u00e1nyok&#8221; _builder_version=&#8221;4.27.4&#8243; _module_preset=&#8221;default&#8221; title_level=&#8221;h2&#8243; title_text_align=&#8221;left&#8221; title_font_size=&#8221;34px&#8221; width=&#8221;100%&#8221; width_tablet=&#8221;100%&#8221; width_phone=&#8221;100%&#8221; width_last_edited=&#8221;on|phone&#8221; custom_padding=&#8221;15px|||||&#8221; animation_style=&#8221;fade&#8221; title_line_height_tablet=&#8221;&#8221; title_line_height_phone=&#8221;1.1em&#8221; title_line_height_last_edited=&#8221;on|phone&#8221; locked=&#8221;off&#8221; global_colors_info=&#8221;{}&#8221;][\/et_pb_heading][et_pb_text quote_border_color=&#8221;gcid-2ebbc52c-9ee6-4712-a077-fcaec9b98540&#8243; _builder_version=&#8221;4.27.4&#8243; _module_preset=&#8221;default&#8221; text_font=&#8221;&#8211;et_global_heading_font||||||||&#8221; text_text_color=&#8221;gcid-heading-color&#8221; text_font_size=&#8221;17px&#8221; text_line_height=&#8221;1.6em&#8221; header_text_align=&#8221;left&#8221; custom_margin=&#8221;||-2px|||&#8221; animation_style=&#8221;fade&#8221; animation_duration=&#8221;2000ms&#8221; text_font_size_tablet=&#8221;17px&#8221; text_font_size_phone=&#8221;17px&#8221; text_font_size_last_edited=&#8221;on|phone&#8221; text_line_height_tablet=&#8221;1.6em&#8221; text_line_height_phone=&#8221;1.4em&#8221; text_line_height_last_edited=&#8221;on|desktop&#8221; border_style_all=&#8221;inset&#8221; locked=&#8221;off&#8221; global_colors_info=&#8221;{%22gcid-2ebbc52c-9ee6-4712-a077-fcaec9b98540%22:%91%22quote_border_color%22,%22quote_border_color%22%93,%22gcid-heading-color%22:%91%22text_text_color%22%93}&#8221;]<\/p>\n<blockquote>\n<p>Megvettem a jegyem,jogom van r\u00e9szt<br \/>venni a rendezv\u00e9nyen<br \/>Dallas Corbin vil\u00e1gjegy<br \/>Steve vil\u00e1gjegy<br \/>Sz\u00e9p \u00faj vil\u00e1g-new world order<br \/>Z\u00e1rd el a szeg\u00e9nyeket<br \/>Z\u00e1rd el az \u00f6regeket<br \/>Z\u00e1rd el a betegeket<br \/>Ment\u00e1lis hadvisel\u00e9s<br \/>Sz\u00e1mh\u00e1bor\u00fa<br \/>\u00c1ll\u00edtsunk fel hadsereget<br \/>V\u00e9dj\u00fck meg a f\u00e9lelmeinket<br \/>Polg\u00e1r\u0151rs\u00e9g v\u00e9di a polg\u00e0rok \u00e1lm\u00e1t<br \/>A polg\u00e1ri p\u00e1rt lelkiismerete mikor \u00e9bred<br \/>fel?<br \/>Fel-fel te te kispolg\u00e1r<br \/>Te rabszolga hajcs\u00e1r<br \/>Te kissebbs\u00e9gi komplexumaimat<br \/>kihaszn\u00e1l\u00f3 \u00fcresen \u00e1ll\u00f3 sport<br \/>komplexum<\/p>\n<p>Kir\u00e1lyokt\u00f3l b\u0171zlik ez az orsz\u00e1g<br \/>Patk\u00e1nyok terjesztik a k\u00f3rt<br \/>K\u00f6z\u00e9p eur\u00f3p\u00e1ban <br \/>\u00dajra itt a k\u00f6z\u00e9p kor<\/p>\n<p>H\u00f3dit az \u00faj vil\u00e1grend<br \/>Az \u00faj vil\u00e1g trend<br \/>St\u00edlusosan verem a &#8230;.fejem a falba<br \/>K\u00e9ssel \u00e9s vill\u00e1val turk\u00e1lok a szarban<br \/>Ne kongasd a v\u00e9szharangot ha nem<br \/>\u00fct\u00f6d meg a sz\u00ednvonalat<br \/>Amit \u00e9n alulr\u00f3l szagolok<br \/>Csak ugatom a holdat<br \/>Enn\u00e9l kevesebbet m\u00e1r nem hozhat a<br \/>holnap<br \/>\u00dct\u00f6tt a vil\u00e1gv\u00e9ge<br \/>Meg\u00e1lltak az \u00f3r\u00e1k is<br \/>Kinyomtatt\u00e1k az utols\u00f3 doll\u00e1rt amir\u0151l<br \/>kider\u00fclt h hamis<\/p>\n<p>Kir\u00e1lyokt\u00f3l b\u0171zlik ez az orsz\u00e1g<br \/>Patk\u00e1nyok zab\u00e1lj\u00e1k a m\u00e9rget<br \/>S\u00f6t\u00e9t ez a kor<br \/>Elfog t\u0151le az undor<\/p>\n<p>J\u00e9zust elvesztem szem el\u0151l<br \/>Elromlik a tv-\u00e9m<br \/>A piacon nem tudom megvenni a lelki<br \/>b\u00e9k\u00e9m<br \/>Most mi a fasz lesz velem?<br \/>H\u0151s kell ide a legnagyobb<br \/>Aki nem mossa maga ut\u00e1n a k\u00e1dat<br \/>De megba&#8230;.bon\u00e1zza any\u00e1dat<br \/>J\u00f3sn\u0151re nem futja<br \/>Csak egy villan\u00e1s a j\u00f6v\u0151<br \/>Atom j\u00f3 ez a k\u00e9p<br \/>Az \u00e9rz\u00e9s darabokra t\u00e9p<br \/>Megakarom t\u00f6rni a monotonit\u00e1s csendj\u00e9t ahol<br \/>G\u00e9pek gy\u00e1rtanak g\u00e9peket<br \/>Emberek \u00f6lnek embereket<br \/>Egy modern vil\u00e1gban minden lehets\u00e9ges<br \/>Ahol nem a sz\u00fclet\u00e9sem sz\u00e1m\u00edt hanem a<br \/>tehets\u00e9gem<br \/>Ut\u00f3pisztikus n\u00e9zet<br \/>\u00d6sszeesk\u00fcv\u00e9s elm\u00e9let<br \/>\u00d6ssze-visszas\u00e1gnak t\u0171n\u0151 rendezetts\u00e9g<br \/>A r\u00e9szeg r\u00e9szecsk\u00e9k b\u00e1jos t\u00e1nca<\/p>\n<p>Patk\u00e1nyokt\u00f3l b\u0171zlik ez az orsz\u00e1g<br \/>Kir\u00e1lyok m\u00e9rget sz\u00f3rnak el\u00e9nk<br \/>Felzab\u00e1ljuk az utols\u00f3 morzs\u00e1ig<br \/>Azt\u00e1n boldogok vagyunk ideig-\u00f3r\u00e1ig<\/p>\n<\/blockquote>\n<p>[\/et_pb_text][\/et_pb_column][\/et_pb_row][\/et_pb_section][et_pb_section fb_built=&#8221;1&#8243; _builder_version=&#8221;4.27.4&#8243; _module_preset=&#8221;default&#8221; custom_padding=&#8221;||0px|||&#8221; locked=&#8221;off&#8221; global_colors_info=&#8221;{}&#8221;][et_pb_row column_structure=&#8221;1_2,1_2&#8243; _builder_version=&#8221;4.27.4&#8243; _module_preset=&#8221;default&#8221; min_height=&#8221;89px&#8221; custom_margin=&#8221;-41px|auto||auto||&#8221; custom_padding=&#8221;||0px|||&#8221; global_colors_info=&#8221;{}&#8221;][et_pb_column type=&#8221;1_2&#8243; _builder_version=&#8221;4.27.4&#8243; _module_preset=&#8221;default&#8221; global_colors_info=&#8221;{}&#8221;][et_pb_heading title=&#8221;Kiskar\u00e1csony&#8221; _builder_version=&#8221;4.27.4&#8243; _module_preset=&#8221;default&#8221; title_level=&#8221;h2&#8243; title_text_align=&#8221;left&#8221; title_font_size=&#8221;34px&#8221; width=&#8221;100%&#8221; width_tablet=&#8221;100%&#8221; width_phone=&#8221;100%&#8221; width_last_edited=&#8221;on|phone&#8221; custom_padding=&#8221;15px|||||&#8221; animation_style=&#8221;fade&#8221; title_line_height_tablet=&#8221;&#8221; title_line_height_phone=&#8221;1.1em&#8221; title_line_height_last_edited=&#8221;on|phone&#8221; global_colors_info=&#8221;{}&#8221;][\/et_pb_heading][et_pb_text quote_border_color=&#8221;gcid-2ebbc52c-9ee6-4712-a077-fcaec9b98540&#8243; _builder_version=&#8221;4.27.4&#8243; _module_preset=&#8221;default&#8221; text_font=&#8221;&#8211;et_global_heading_font||||||||&#8221; text_text_color=&#8221;gcid-heading-color&#8221; text_font_size=&#8221;17px&#8221; text_line_height=&#8221;1.6em&#8221; header_text_align=&#8221;left&#8221; animation_style=&#8221;fade&#8221; animation_duration=&#8221;2000ms&#8221; text_font_size_tablet=&#8221;17px&#8221; text_font_size_phone=&#8221;17px&#8221; text_font_size_last_edited=&#8221;on|phone&#8221; text_line_height_tablet=&#8221;1.6em&#8221; text_line_height_phone=&#8221;1.4em&#8221; text_line_height_last_edited=&#8221;on|desktop&#8221; border_style_all=&#8221;inset&#8221; global_colors_info=&#8221;{%22gcid-2ebbc52c-9ee6-4712-a077-fcaec9b98540%22:%91%22quote_border_color%22,%22quote_border_color%22%93,%22gcid-heading-color%22:%91%22text_text_color%22%93}&#8221;]<\/p>\n<blockquote>\n<p>Kiskar\u00e1csony nagykar\u00e1csony<br \/>Itt van nekem a j\u00f3zans\u00e1gom<br \/>A fel\u00e9p\u00fcl\u00e9sben menetelek <br \/>Id\u00e9n is tiszt\u00e1n \u00fcnnepelek<\/p>\n<p>Tudom h mit akarok \u00e9s mit kell \u00e9rte tennem<br \/>A csillagokba indul az eg\u00e9szs\u00e9ges szellem<br \/>Bizony egy szellem voltam<br \/>Bizony egy droid voltam<br \/>Bizony egy zombi voltam<br \/>F\u00e9l \u00e9letemben &#8230;. f\u00e9l \u00e9letem fel\u00e9ltem<br \/>\u00e9letem fel\u00e9t le\u00e9ltem<br \/>F\u00e9l \u00e9letem fel\u00e9ben feleseknek feleltem <br \/>F\u00e9l \u00e9letemben f\u00e9ltem<br \/>F\u00e9l \u00e9letem kidobn\u00e1m a wc-n leh\u00fazn\u00e1m&#8230;..de nem teszem<br \/>Mert a m\u00falt:<br \/>H\u00edd a m\u00e9lys\u00e9g felett <br \/>Alag\u00fat a m\u00e9lypontok alatt<br \/>\u00c1tj\u00e1r\u00f3 dimenzi\u00f3k k\u00f6z\u00f6tt<br \/>\u00c1lom- val\u00f3s\u00e1g labirintus Ariadn\u00e9 fonala<br \/>Egyens\u00faly a fekete-feh\u00e9r m\u00e9rlegen<br \/>Jelsz\u00f3 a jelenhez<br \/>K\u00f3d a j\u00f6v\u0151h\u00f6z<br \/>Egy kriptex<br \/>Logaritmus a m\u00e1trixban<br \/>Az utols\u00f3 jedi az ellen\u00e1ll\u00e1sban<br \/>Titkos \u00edr\u00e1s \u00e9letem barlangj\u00e1nak fal\u00e1n<br \/>Megfejt\u00e9sre v\u00e1r\u00f3 egyenlet<br \/>Elmagyar\u00e1z\u00e1sra v\u00e1r\u00f3 elm\u00e9let<br \/>egy elm\u00e9let torz elm\u00e9mben?<br \/>Fikci\u00f3?<br \/>Lehet megsem t\u00f6rt\u00e9nt&#8230;.<br \/>Lehet nem is velem t\u00f6rt\u00e9nt&#8230;.<br \/>De..igaz..minden igaz.minden megt\u00f6rt\u00e8nt..minden velem t\u00f6rt\u00e9nt..minden \u00e9n vagyok<br \/>A mag\u00e1ny sivatag\u00e1ban bolyongtam-\u00e9n vagyok<br \/>A depresszi\u00f3 mocsar\u00e1ban dagony\u00e1ztam-\u00e9n vagyok<br \/>A k\u00f6z\u00f6ny tenger\u00e9ben lubickoltam-\u00e9n vagyok<br \/>Az unalom verm\u00e9ben verg\u0151dtem-\u00e9n vagyok<br \/>A megnem \u00e9rtetts\u00e9g ketrec\u00e9ben k\u00ednl\u00f3dtam-\u00e9n vagyok voltam leszek&#8230;de haszn\u00e1lnom m\u00e1r nem kell<br \/>Mert m\u00e1r nem vagyok szellem<br \/>Nem bolyongok \u00f3r\u00e1kon \u00e1t az utc\u00e1n c\u00e9ltalanul<br \/>Nem vagyok droid<br \/>Nem kergetem a szert agyatlanul<br \/>Nem vagyok zombi<br \/>Nem j\u00e1tszom az \u00e9l\u0151 halottat szakadatlanul<\/p>\n<p>M\u00e1s vagyok m\u00e1r kicsit m\u00e1smilyen <br \/>Steve vagyok f\u00fcgg\u0151 m\u00e1r beismerem<br \/>Kiskar\u00e1csony nagykar\u00e1csony<br \/>Itt van nekem a j\u00f3zans\u00e1gom<br \/>A fel\u00e9p\u00fcl\u00e9sben menetelek<br \/>Id\u00e9n is veletek \u00fcnnepelek<\/p>\n<\/blockquote>\n<p>[\/et_pb_text][\/et_pb_column][et_pb_column type=&#8221;1_2&#8243; _builder_version=&#8221;4.27.4&#8243; _module_preset=&#8221;default&#8221; global_colors_info=&#8221;{}&#8221;][et_pb_heading title=&#8221;KONFLIKTUS&#8221; _builder_version=&#8221;4.27.4&#8243; _module_preset=&#8221;default&#8221; title_level=&#8221;h2&#8243; title_text_align=&#8221;left&#8221; title_font_size=&#8221;34px&#8221; width=&#8221;100%&#8221; width_tablet=&#8221;100%&#8221; width_phone=&#8221;100%&#8221; width_last_edited=&#8221;on|phone&#8221; custom_padding=&#8221;15px|||||&#8221; animation_style=&#8221;fade&#8221; title_line_height_tablet=&#8221;&#8221; title_line_height_phone=&#8221;1.1em&#8221; title_line_height_last_edited=&#8221;on|phone&#8221; locked=&#8221;off&#8221; global_colors_info=&#8221;{}&#8221;][\/et_pb_heading][et_pb_text quote_border_color=&#8221;gcid-2ebbc52c-9ee6-4712-a077-fcaec9b98540&#8243; _builder_version=&#8221;4.27.4&#8243; _module_preset=&#8221;default&#8221; text_font=&#8221;&#8211;et_global_heading_font||||||||&#8221; text_text_color=&#8221;gcid-heading-color&#8221; text_font_size=&#8221;17px&#8221; text_line_height=&#8221;1.6em&#8221; header_text_align=&#8221;left&#8221; custom_margin=&#8221;||-2px|||&#8221; animation_style=&#8221;fade&#8221; animation_duration=&#8221;2000ms&#8221; text_font_size_tablet=&#8221;17px&#8221; text_font_size_phone=&#8221;17px&#8221; text_font_size_last_edited=&#8221;on|phone&#8221; text_line_height_tablet=&#8221;1.6em&#8221; text_line_height_phone=&#8221;1.4em&#8221; text_line_height_last_edited=&#8221;on|desktop&#8221; border_style_all=&#8221;inset&#8221; locked=&#8221;off&#8221; global_colors_info=&#8221;{%22gcid-2ebbc52c-9ee6-4712-a077-fcaec9b98540%22:%91%22quote_border_color%22,%22quote_border_color%22%93,%22gcid-heading-color%22:%91%22text_text_color%22%93}&#8221;]<\/p>\n<blockquote>\n<p>El\u0151sz\u00f3 <br \/>Steve Connor vagyok<br \/>3 percre \u00e9n leszek az ellen\u00e1ll\u00e1s vezet\u0151je <br \/>Ha hallod ezt a sz\u00f6veget TE vagy az ellen\u00e1ll\u00e1s <br \/>Tarts\u00e1tok magatokat \u00e9letben<br \/>Hamarosan sz\u00fcks\u00e9g lesz r\u00e1tok <br \/>A hatalmi g\u00e9pezet taktik\u00e1t v\u00e1ltott<br \/>Eddig h\u00e1bor\u00faban \u00e1lltunk a k\u00e9pzelt ellens\u00e9gekkel<br \/>Most h t\u00e9nyleges harcok d\u00falnak ,most b\u00e9k\u00e9t akar <br \/>M\u0171k\u00f6dik a ford\u00edtott pszichol\u00f3giai <br \/>Ha hallod ezt a sz\u00f6veget TE vagy az ellen\u00e1ll\u00e1s<\/p>\n<p>Az \u00e1llamad\u00f3ss\u00e1g t\u00f6rt\u00e9nelmi cs\u00facs k\u00f6zel\u00e9ben,2010-hez k\u00e9pest s sz\u00e1mszer\u0171 \u00e9rt\u00e9ke k\u00e9tszeres\u00e9re n\u0151tt,az infl\u00e1ci\u00f3 14 \u00e9ves rekordot d\u00f6nt\u00f6tt ,az \u00e1llamh\u00e1ztart\u00e1s hi\u00e1nya pedig a GDP 7,5 sz\u00e1zal\u00e9k\u00e1ra r\u00fag.Ez az egyik eredm\u00e9nye a korm\u00e1ny v\u00e1ls\u00e1gkezel\u00e9s\u00e9nek&#8230;.<br \/>2022.01.03 N\u00e9pszava<\/p>\n<p>A kurva any\u00e1tokat-mondom \u00e9n itt \u00e9s most vagy soha<br \/>Hogy rabok tov\u00e1bb ne legy\u00fcnk!!!!!<\/p>\n<p>A hazugs\u00e1gok h\u00e1l\u00f3j\u00e1ban csak verg\u0151dik az \u00e9rtelem<br \/>Mindent \u00e1tj\u00e1r a politika<br \/>Besz\u00fcremkedik a p\u00f3rusokba \u00e9s m\u00e9rgez,mint a Gar\u00e9ban felejtett vesz\u00e9lyes hullad\u00e9k&#8230;.<br \/>Erin Brokovich m\u00e1r nyugd\u00edjba ment,az \u00f6rd\u00f6g \u00fcgyv\u00e9dje<br \/>Putyint v\u00e9di a h\u00e1gai b\u00edr\u00f3s\u00e1gon&#8230;.<br \/>A magyar jogrend azonban megengedi a c\u00e9gek teljes felsz\u00edv\u00f3d\u00e1s\u00e1t, felel\u0151ss\u00e9g al\u00f3l val\u00f3 kib\u00faj\u00e1s\u00e1t<br \/>MI A FASZ????????<\/p>\n<p>Szarnak,bajnak nincs gazd\u00e1ja<br \/>Annyira tipikus,annyira jellemz\u0151<\/p>\n<p>A multi,giga,mega c\u00e9gek sz\u00e9tk\u00farj\u00e1k ezt a bolyg\u00f3t azt\u00e1n \u00e9n hozzam rendbe&#8230;.\u00e9n&#8230;.<br \/>Most hirtelen milyen fontos lettem<br \/>Persze&#8230;sokkal k\u00f6nnyebb r\u00e1m tolni a felel\u0151ss\u00e9get <br \/>.<\/p>\n<p>5000l viz egy farmerre azt\u00e1n egy h\u00e9t ut\u00e1n eldobom<br \/>Fast fashion<br \/>Fasz divat<\/p>\n<p>Kiv\u00e1gott \u0151serd\u0151k a p\u00e1lma olaj miatt <br \/>A megn\u00f6vekedett v\u00e1s\u00e1rl\u00f3i ig\u00e9nyek kiel\u00e9g\u00edt\u00e9s\u00e9re <br \/>A legnagyobb hazugs\u00e1g<\/p>\n<p>Orwelli vil\u00e1g ez<br \/>Gonosz, kegyetlen, k\u00e9pmutat\u00f3<\/p>\n<p>M\u00e9ghogy a 133 legb\u00e1trabb&#8230;meg a kis faszom!!!h\u00e1nynom kell!!!!!<br \/>Sz\u00e1nalmas,gy\u00e1va,k\u00e9tsz\u00edn\u0171 alakok&#8230;<br \/>Z\u0155\u00ednyi volt b\u00e1tor,meg Dob\u00f3 Istv\u00e1n,meg a m\u00e1rciusi ifjak<br \/>H\u0151s\u00f6k kellenek ide,igazi h\u0151s\u00f6k<\/p>\n<p>Neked a H\u0151s\u00f6k tere ,nekem a H\u0151s utca<br \/>Neked egy fasszop\u00f3 drogos k\u00f6cs\u00f6g<br \/>Nekem egy t\u00e1rs akinek vinni kell az \u00fczenetet<br \/>Neked genetikai hullad\u00e9k \u00e9s d\u00f6g\u00f6lj\u00fcnk meg mindannyian <br \/>Nekem egy hal\u00e1los betegs\u00e9g amit n\u00e9h\u00e1ny ponton meglehet \u00e1ll\u00edtani \u00e9s akkor lehets\u00e9ges a fel\u00e9p\u00fcl\u00e9s<\/p>\n<p>T\u00e9nyleg meg akarod v\u00e9deni a gyerekeket?<br \/>V\u00e9dd meg a saj\u00e1t sz\u00fcleikt\u0151l!!!!!!!<br \/>Mert a csal\u00e1don bel\u00fcli verb\u00e1lis \u00e9s fizikai er\u0151szak az ami egy \u00e9letre megnyomor\u00edtja a gyerekeket,az ami meg\u00e1ll\u00edtja \u0151ket az \u00e9rzelmi fejl\u0151d\u00e9sben, ezaz ami egy \u00e9leten k\u00eds\u00e9rti \u0151ket \u00e9s nem tudnak majd kit\u00f6rni bel\u0151le&#8230;.<\/p>\n<p>Ott rohadjon meg ez az eg\u00e9sz rendszer!!!!!<\/p>\n<p>De ami a legv\u00e9rl\u00e1z\u00edt\u00f3bb az eg\u00e9szben,ha kaleta nem bukik meg,akkor nincs ez a gyerek cirkusz&#8230;<br \/>Mert cirkusz ez,semmi m\u00e1s<br \/>Meg porhint\u00e9s<br \/>Belefulladok a sz\u00e1mtengerbe<br \/>Ja k\u00e9rem a statisztik\u00e1val nem lehet vizatkozni<\/p>\n<p>Az most milyen nagyszer\u0171 dolog h az orsz\u00e1g \u00f6sszefog a menek\u00fcltek megseg\u00edt\u00e9s\u00e9re <br \/>De p\u00e1r \u00e9ve ez nem \u00edgy volt, mert a nagytestv\u00e9r azt mondta&#8230;<br \/>Fell kell tennem a klasszikus k\u00e9rd\u00e9st-jelzem jogosan <br \/>Ki a gecim vagy te,h k\u00fcl\u00f6nbs\u00e9get teszel ember \u00e9s ember k\u00f6z\u00f6tt??????<br \/>Fasizmus ez k\u00e9rem sz\u00e9pen,ez vesz\u00e9lyes ezt meg kelm \u00e1ll\u00edtani!!!!!<\/p>\n<p>Orwelli vil\u00e1g ez<br \/>Gonosz,s\u00f6t\u00e9t, l\u00e9lektelen<\/p>\n<p>Tot\u00e1lis K\u00f6z\u00f6ny,<br \/>Teljes elidegened\u00e9s<\/p>\n<p>Mert 2 isten van:a p\u00e9nz meg tv<br \/>A p\u00e9nzeden.mindent megvehetsz<br \/>A tv megmondja h kit szeress<\/p>\n<p>Pesszimista vagyok<br \/>Elkeseredett,ki\u00e1br\u00e1ndult,csal\u00f3dott \u00e9s d\u00fch\u0151s<br \/>Le\u00fcl\u00f6k egy sarokba megv\u00e1rom m\u00edg elm\u00falik \u00e9s azt d\u00fadolom halkan h:<br \/>Hat\u00f3s\u00e1gi \u00e1ras lett az \u00e9letem<br \/>Szeletbe adj\u00e1k a k\u00f6z\u00e9rzetem<br \/>Mo. El\u0151re megy nem h\u00e1tra <br \/>De mikor hazudsz nem gondolsz a karm\u00e1dra<\/p>\n<\/blockquote>\n<p>[\/et_pb_text][\/et_pb_column][\/et_pb_row][\/et_pb_section][et_pb_section fb_built=&#8221;1&#8243; _builder_version=&#8221;4.27.4&#8243; _module_preset=&#8221;default&#8221; custom_padding=&#8221;||0px|||&#8221; locked=&#8221;off&#8221; global_colors_info=&#8221;{}&#8221;][et_pb_row column_structure=&#8221;1_2,1_2&#8243; _builder_version=&#8221;4.27.4&#8243; _module_preset=&#8221;default&#8221; min_height=&#8221;89px&#8221; custom_margin=&#8221;-41px|auto||auto||&#8221; custom_padding=&#8221;||0px|||&#8221; global_colors_info=&#8221;{}&#8221;][et_pb_column type=&#8221;1_2&#8243; _builder_version=&#8221;4.27.4&#8243; _module_preset=&#8221;default&#8221; global_colors_info=&#8221;{}&#8221;][et_pb_heading title=&#8221;Legsz\u00edvesebben&#8221; _builder_version=&#8221;4.27.4&#8243; _module_preset=&#8221;default&#8221; title_level=&#8221;h2&#8243; title_text_align=&#8221;left&#8221; title_font_size=&#8221;34px&#8221; width=&#8221;100%&#8221; width_tablet=&#8221;100%&#8221; width_phone=&#8221;100%&#8221; width_last_edited=&#8221;on|phone&#8221; custom_padding=&#8221;15px|||||&#8221; animation_style=&#8221;fade&#8221; title_line_height_tablet=&#8221;&#8221; title_line_height_phone=&#8221;1.1em&#8221; title_line_height_last_edited=&#8221;on|phone&#8221; global_colors_info=&#8221;{}&#8221;][\/et_pb_heading][et_pb_text quote_border_color=&#8221;gcid-2ebbc52c-9ee6-4712-a077-fcaec9b98540&#8243; _builder_version=&#8221;4.27.4&#8243; _module_preset=&#8221;default&#8221; text_font=&#8221;&#8211;et_global_heading_font||||||||&#8221; text_text_color=&#8221;gcid-heading-color&#8221; text_font_size=&#8221;17px&#8221; text_line_height=&#8221;1.6em&#8221; header_text_align=&#8221;left&#8221; animation_style=&#8221;fade&#8221; animation_duration=&#8221;2000ms&#8221; text_font_size_tablet=&#8221;17px&#8221; text_font_size_phone=&#8221;17px&#8221; text_font_size_last_edited=&#8221;on|phone&#8221; text_line_height_tablet=&#8221;1.6em&#8221; text_line_height_phone=&#8221;1.4em&#8221; text_line_height_last_edited=&#8221;on|desktop&#8221; border_style_all=&#8221;inset&#8221; global_colors_info=&#8221;{%22gcid-2ebbc52c-9ee6-4712-a077-fcaec9b98540%22:%91%22quote_border_color%22,%22quote_border_color%22%93,%22gcid-heading-color%22:%91%22text_text_color%22%93}&#8221;]<\/p>\n<blockquote>\n<p>Legsz\u00edvesebben elfelejten\u00e9k minden faszfejet<br \/>Aki csak egy percre is de megnyomor\u00edtotta az \u00e9letem<br \/>Minden savany\u00fa szag\u00fa p\u00f3kh\u00e1l\u00f3s eml\u00e9ket<br \/>Amit hordozok magammal <br \/>mit egy f\u00e9nyk\u00e9pet<br \/>Mert voltam mag\u00e1nyosabb mint egy \u0171rben lebeg\u0151 \u0171rhaj\u00f3s<br \/>\u00c9s egy kezemen megtudtam sz\u00e1molni mennyi \u00e9vet j\u00f3solt a j\u00f3s<br \/>Mert az \u00e9letvonalam valahol megszakadt<br \/>Kezeimb\u0151l minden rem\u00e9ny kiszaladt<br \/>A f\u00e1jdalom v\u00e9gtelen szakad\u00e9ka felett<br \/>A depresszi\u00f3 szelleme lebegett<br \/>\u0150r\u00fclet volt megh\u00e1borodott ezer elmeoszt\u00e1ly<br \/>Az \u00e9let gyorsvonat\u00e1n maradt a m\u00e1sod oszt\u00e1ly<br \/>Elfelejteni el tudom megbocs\u00e1tani nem,<br \/>Megbocs\u00e1tani megtudom elfelejteni nem&#8230;<\/p>\n<p>Milyen volt sz\u0151kes\u00e9ge nem eml\u00e9kszem m\u00e1r<br \/>De csod\u00e1latos volt az a ny\u00e1r<br \/>A szigeten ismertem meg igaz\u00e1n<br \/>Sok kisfr\u00f6ccs \u00e9s a rockdiszk\u00f3ban el\u00fcv\u00f6lt\u00f6tt motherfucker ut\u00e1n<br \/>Igen ,fontos a szerelmi sz\u00e1l<br \/>A k\u00f6z\u00f6ns\u00e9g ilyenkor mell\u00e9m \u00e1ll<br \/>Ez a t\u00f6rt\u00e9net sem happy end-el v\u00e9gz\u0151d\u00f6tt<br \/>De mosolya \u00f6r\u00f6kre bel\u00e9m r\u00f6gz\u0151d\u00f6tt<\/p>\n<p>Nem eml\u00e9kszem mit keresett a zsaru a gaty\u00e1mba<br \/>Barna pap\u00edr zacsk\u00f3val a kezemben a sarkon \u00e1lltam<br \/>Fuck you very much mondtam neki viccesen<br \/>\u0150 meg \u00e1tadott egy csekket amit be kellett fizetnem<\/p>\n<p>Nem eml\u00e9kszem hogyan ker\u00fcltem queens-ben<br \/>Egy \u00e1rtatlan italoz\u00e1ssal kezd\u0151d\u00f6tt minden&#8230;p\u00e1r \u00f3r\u00e1val k\u00e9s\u0151bb:<br \/>Egyik kezemben egy r\u00e9szeg lengyel n\u0151<br \/>M\u00e1sikban egy kilo sonka<br \/>odalent ketyegett az id\u0151z\u00edtett bomba <br \/>R\u00e1f\u00f3kusz\u00e1lt minden szerv<br \/>De ezt is csak \u00fagy h\u00edvj\u00e1k a f\u00fcstbe ment terv<br \/>De elt\u00e9vedtem m\u00e1shol is:pl. a magam \u00e1ltal k\u00e8sz\u00edtett t\u00e9rk\u00e9pen<br \/>De ha egy rend\u0151r l\u00e1tja a v\u00e8rk\u00e9pem<br \/>Nem k\u00e9rdez semmit csak el\u0151veszi a pisztoly\u00e1t<br \/>Jogos lett volna az \u00f6nb\u00edr\u00e1skod\u00e1s<\/p>\n<p>Voltam rengeteg koncerten<br \/>Magamat h\u00edres rock \u00fajs\u00e1g\u00edr\u00f3nak k\u00e9pzeltem<br \/>De m\u00e1snap csak a fejf\u00e1j\u00e1s derengett<br \/>Hogy kik voltak az el\u0151zenekarok ahhoz a jegy kellett<\/p>\n<p>Nem eml\u00e9kszem mikor mondtam egy l\u00e1nynak szerelmes vagyok bel\u00e8d<br \/>Olyanra meg pl\u00e1ne nem akinek meg akartam k\u00e9rni a kez\u00e9t<br \/>M\u00e9g a p\u00e1rjaim is t\u00f6r\u00f6lnek a tinderen pedig nekik els\u0151re tetszettem <br \/>De \u00e9n jobbra h\u00fazok mindenkit legyen egyenl\u0151 az es\u00e9ly<br \/>B\u00e1r sek\u00e9ly a vesz\u00e9ly hogy utol\u00e9r<br \/>a n\u0151i szesz\u00e9ly<\/p>\n<p>Nem eml\u00e9kszem mikor sz\u00e9gyelltem hogy magyar vagyok<br \/>Tal\u00e1n mi\u00f3ta megint itt lakom<br \/>Am\u00edg k\u00fclf\u00f6ld\u00f6n \u00e9ltem,<br \/>felh\u00e1borodtam ha \u00ecrnek vagy orosznak n\u00e9ztek<br \/>De itthon m\u00e1s a helyzet<br \/>Enn\u00e9l jobban teljes\u00edt a gittegylet<\/p>\n<p>Azt\u00e1n csak \u00fcltem az oce\u00e1n parton \u00e9s v\u00e1rtam hogy j\u00f6jj\u00f6n egy requiem az \u00e1lom\u00e9rt<br \/>Mert \u00e9n is sorba \u00e1lln\u00e9k az\u00e9rt a fogy\u00f3k\u00far\u00e1s gy\u00f3gyszer\u00e9rt<br \/>De rajtam m\u00e1r nem seg\u00edt az sem<br \/>Sem az utols\u00f3 kenet<br \/>Kop\u00f3rs\u00f3mba Jennifer Connelly veri be az ut\u00f3ls\u00f3 szeget<\/p>\n<p>Az elt\u0171nt id\u0151 ut\u00e1n kutatnak a ny-i helysz\u00ednel\u0151k <br \/>\u00c9n mindig hagyok bizony\u00edt\u00e9kot a helysz\u00edn el\u0151tt<br \/>H\u00e1tha Jason Bourne megfejti a rejt\u00e9lyt<br \/>Hogy hov\u00e1 t\u0171nt az elm\u00falt 20\u00e9v<br \/>Nemcsak a fent le\u00edrtak, para volt m\u00e0s is<br \/>Ebb\u0151l kider\u00fcl hogy az \u00e9n f\u00f6ldi l\u00e9tem paranorm\u00e1lis<br \/>Mostan\u00e1ban gyakran r\u00e1mt\u00f6r az \u00f6regkori demencia<br \/>B\u00e1r \u00e9n m\u00e9g mindig \u00fagy h\u00edvom dekadencia-10 deka potencia maradhat ,elviszem szeletben<br \/>\u00dagysem fogok sok\u00e1ig boh\u00f3ckodni ebben a szerepben<br \/>Mert gyakran feled\u00e9keny vagyok<br \/>Slayert is csak kar\u00e1csonykor hallgatok<br \/>Mennyb\u0151l az angyal elj\u00f6tt hozz\u00e1tok p\u00e1sztorok<br \/>Angel of death \u00fcv\u00f6lti milli\u00f3 pog\u00e1ny torok<br \/>S b\u00e1r mindenre m\u00e1r nem eml\u00e9kszem<br \/>A kapuz\u00e1r\u00e1si p\u00e1nikon m\u00e1r r\u00e9g t\u00fall\u00e9ptem<br \/>Ne viagr\u00e1t \u00edrjon fel doktor hanem szem\u00fcveget<br \/>Mi van ha \u00f6sszekeverem a gy\u00f3gyszeres \u00fcvegeket<br \/>Mert ha beveszem a rossz pirul\u00e1t<br \/>\u00c9s a m\u0171szer eg\u00e9sz \u00e9jjel \u00e1ll<br \/>Legal\u00e1bb haszn\u00e1lni tudom valamire a remeg\u0151 kezemet<br \/>\u00dagyse mindig tudom le\u00edrni a nevemet<br \/>Fiatals\u00e1gom a feled\u00e9s hom\u00e1ly\u00e1ba mer\u00fclt<br \/>De az hogy most itt vagyok az nekem nagyon sokba ker\u00fclt<\/p>\n<\/blockquote>\n<p>[\/et_pb_text][\/et_pb_column][et_pb_column type=&#8221;1_2&#8243; _builder_version=&#8221;4.27.4&#8243; _module_preset=&#8221;default&#8221; global_colors_info=&#8221;{}&#8221;][et_pb_heading title=&#8221;Lid\u00e9rc&#8221; _builder_version=&#8221;4.27.4&#8243; _module_preset=&#8221;default&#8221; title_level=&#8221;h2&#8243; title_text_align=&#8221;left&#8221; title_font_size=&#8221;34px&#8221; width=&#8221;100%&#8221; width_tablet=&#8221;100%&#8221; width_phone=&#8221;100%&#8221; width_last_edited=&#8221;on|phone&#8221; custom_padding=&#8221;15px|||||&#8221; animation_style=&#8221;fade&#8221; title_line_height_tablet=&#8221;&#8221; title_line_height_phone=&#8221;1.1em&#8221; title_line_height_last_edited=&#8221;on|phone&#8221; locked=&#8221;off&#8221; global_colors_info=&#8221;{}&#8221;][\/et_pb_heading][et_pb_text quote_border_color=&#8221;gcid-2ebbc52c-9ee6-4712-a077-fcaec9b98540&#8243; _builder_version=&#8221;4.27.4&#8243; _module_preset=&#8221;default&#8221; text_font=&#8221;&#8211;et_global_heading_font||||||||&#8221; text_text_color=&#8221;gcid-heading-color&#8221; text_font_size=&#8221;17px&#8221; text_line_height=&#8221;1.6em&#8221; header_text_align=&#8221;left&#8221; custom_margin=&#8221;||-2px|||&#8221; animation_style=&#8221;fade&#8221; animation_duration=&#8221;2000ms&#8221; text_font_size_tablet=&#8221;17px&#8221; text_font_size_phone=&#8221;17px&#8221; text_font_size_last_edited=&#8221;on|phone&#8221; text_line_height_tablet=&#8221;1.6em&#8221; text_line_height_phone=&#8221;1.4em&#8221; text_line_height_last_edited=&#8221;on|desktop&#8221; border_style_all=&#8221;inset&#8221; locked=&#8221;off&#8221; global_colors_info=&#8221;{%22gcid-2ebbc52c-9ee6-4712-a077-fcaec9b98540%22:%91%22quote_border_color%22,%22quote_border_color%22%93,%22gcid-heading-color%22:%91%22text_text_color%22%93}&#8221;]<\/p>\n<blockquote>\n<p>V\u00e9ge van!<br \/>L\u00e9pn\u00e9k tov\u00e1bb<br \/>De a m\u00falt mocsar\u00e1ba maradtam<br \/>Az eml\u00e9kek b\u00e9kly\u00f3ja ismert helyre r\u00e1nt le<br \/>Ismerem&#8230;de ut\u00e1lom<br \/>Ismerem&#8230;..de k\u00edv\u00e1nom<br \/>Gy\u0171l\u00f6l\u00f6m magam!!!!!<br \/>Ha ez a szerelem, r\u00f6h\u00f6gn\u00f6m kell<br \/>Ha ez vagyok \u00e9n,s\u00edrnom kell<br \/>Lid\u00e9rcnyom\u00e1s,ahogy mellettem fekszel<br \/>Hajnal hasad,fekete szellem<br \/>F\u00e9lve n\u00e9zek magamra a t\u00fck\u00f6rben<br \/>Nem szerett\u00e9l,ne \u00e9rj hozz\u00e1m!<br \/>Sikolyaid k\u00f6zti hajsz\u00e1lreped\u00e9sekben<br \/>Felbugyog az \u00f6nv\u00e1d<br \/>Hazugs\u00e1gaid kih\u0171ltek<br \/>m\u00e1r nem f\u00e1jnak,<br \/>Elp\u00e1rolognak,mint k\u00f6p\u00e9s a forr\u00f3 aszfalton<br \/>Lid\u00e9rces ahogy n\u00e9zel<br \/>Elfojtom gy\u0171l\u00f6letem<br \/>Mocskos gondolatok,hom\u00e1lyos l\u00e1tom\u00e1sok<br \/>Nem \u00e9rzek semmit<br \/>Nem \u00e9rzek semmit<br \/>Semmit sem \u00e9rzek!!!!<br \/>V\u00e1g\u00e1sok a kezemen<br \/>Ez mind Te volt\u00e1l<br \/>T\u00e9ged a pokol k\u00fcld\u00f6tt<br \/>Ahogy a dolgok vannak<br \/>Ahogy a csillagok \u00e1llnak<br \/>Nem tehetek m\u00e1st csak&#8230;..<br \/>Lid\u00e9rcnyom\u00e1s ahogy itt fekszel mellettem<br \/>Egyed\u00fcl id\u0151ben \u00e9s t\u00e9rben<br \/>Ismeretlen val\u00f3s\u00e1g tal\u00e1l r\u00e1m<br \/>Ismer\u0151s az \u00e9rz\u00e9s m\u00e9gis leragadom<br \/>Hanpr\u00f3ba<br \/>Hangosk\u00f6nyv<br \/>\u00c1lmosk\u00f6ny<br \/>Mesek\u00f6nyv<br \/>Mes\u00e9l a k\u00f6nyv<br \/>Mes\u00e9l egy k\u00f6nny<br \/>Csepp a szemedben<br \/>Sz\u00e1lka az eny\u00e9mben<br \/>Sz\u00e1nalom a sz\u00e1jakon<br \/>Hangos a<br \/>f\u00e1jdalom csillap\u00edt\u00f3<br \/>M\u00e9g egy szem<br \/>Rebben\u00e9s n\u00e9lk\u00fcl<br \/>Lenyelem<br \/>Csak legyen m\u00e1r kegyelem!<br \/>Hangpr\u00f3ba<br \/>Hang s\u00e1v<br \/>Hang sz\u00e1l<br \/>Sz\u00e1lak melyek \u00f6sszek\u00f6tnek<br \/>\u00d6ssze-vissza k\u00f6tnek<br \/>Vissza,vissza h\u00faznak<br \/>\u00c9s csak addig addig ny\u00falnak, ameddig a takar\u00f3m \u00e9r<br \/>A tark\u00f3mon \u00e9r<br \/>A narkom\u00e1n \u00e9n<br \/>Pedig egyre csak azt hajtja<br \/>Hogy hajr\u00e1 m\u00e1mor<br \/>D\u00f6g\u00f6lj meg \u00c1mor<br \/>\u00c1mul-b\u00e1mul<br \/>B\u00e1m\u00e9szkodik<br \/>N\u00e9zel\u0151dik<br \/>Hangpr\u00f3ba<br \/>Hangrobban\u00e1shoz<br \/>Hangcs\u00f3va<br \/>Hangulat<br \/>Hangut\u00e1nz\u00f3 szavak<br \/>Szabadon v\u00e1lasztott forma<br \/>Bont\u00f3<\/p>\n<\/blockquote>\n<p>[\/et_pb_text][\/et_pb_column][\/et_pb_row][\/et_pb_section][et_pb_section fb_built=&#8221;1&#8243; _builder_version=&#8221;4.27.4&#8243; _module_preset=&#8221;default&#8221; custom_padding=&#8221;||0px|||&#8221; locked=&#8221;off&#8221; global_colors_info=&#8221;{}&#8221;][et_pb_row column_structure=&#8221;1_2,1_2&#8243; _builder_version=&#8221;4.27.4&#8243; _module_preset=&#8221;default&#8221; min_height=&#8221;89px&#8221; custom_margin=&#8221;-41px|auto||auto||&#8221; custom_padding=&#8221;||0px|||&#8221; global_colors_info=&#8221;{}&#8221;][et_pb_column type=&#8221;1_2&#8243; _builder_version=&#8221;4.27.4&#8243; _module_preset=&#8221;default&#8221; global_colors_info=&#8221;{}&#8221;][et_pb_heading title=&#8221;Magas&#8221; _builder_version=&#8221;4.27.4&#8243; _module_preset=&#8221;default&#8221; title_level=&#8221;h2&#8243; title_text_align=&#8221;left&#8221; title_font_size=&#8221;34px&#8221; width=&#8221;100%&#8221; width_tablet=&#8221;100%&#8221; width_phone=&#8221;100%&#8221; width_last_edited=&#8221;on|phone&#8221; custom_padding=&#8221;15px|||||&#8221; animation_style=&#8221;fade&#8221; title_line_height_tablet=&#8221;&#8221; title_line_height_phone=&#8221;1.1em&#8221; title_line_height_last_edited=&#8221;on|phone&#8221; global_colors_info=&#8221;{}&#8221;][\/et_pb_heading][et_pb_text quote_border_color=&#8221;gcid-2ebbc52c-9ee6-4712-a077-fcaec9b98540&#8243; _builder_version=&#8221;4.27.4&#8243; _module_preset=&#8221;default&#8221; text_font=&#8221;&#8211;et_global_heading_font||||||||&#8221; text_text_color=&#8221;gcid-heading-color&#8221; text_font_size=&#8221;17px&#8221; text_line_height=&#8221;1.6em&#8221; header_text_align=&#8221;left&#8221; animation_style=&#8221;fade&#8221; animation_duration=&#8221;2000ms&#8221; text_font_size_tablet=&#8221;17px&#8221; text_font_size_phone=&#8221;17px&#8221; text_font_size_last_edited=&#8221;on|phone&#8221; text_line_height_tablet=&#8221;1.6em&#8221; text_line_height_phone=&#8221;1.4em&#8221; text_line_height_last_edited=&#8221;on|desktop&#8221; border_style_all=&#8221;inset&#8221; global_colors_info=&#8221;{%22gcid-2ebbc52c-9ee6-4712-a077-fcaec9b98540%22:%91%22quote_border_color%22,%22quote_border_color%22%93,%22gcid-heading-color%22:%91%22text_text_color%22%93}&#8221;]<\/p>\n<blockquote>\n<p>Ne bassz!mondom-persze csak v\u00e9letlen\u00fcl&#8230;<br \/>Ne haragudj.te tudsz fels\u0151 t\u00edzezer\u00fcl?<br \/>Figyelj!\u00c9s az mibe ker\u00fcl?<br \/>9999<br \/>Itt mindennek 99 a v\u00e9ge-mint a lufik-meg happy end..meg happy finish&#8230;<br \/>Le\u00e1raz\u00e1s van.love for sale egyszer engem is le\u00e1raznak.vagy be&#8230;.<br \/>\u00c9rt\u00e9k pap\u00edrokba fektetem az \u00e9rt\u00e9ktelens\u00e9gem<br \/>Vagy ink\u00e1bb m\u00e9rlegre teszem a s\u00falytalans\u00e1gom<br \/>Vagy t\u00f6k\u00e9letes\u00edtem a t\u00f6k\u00e9letlens\u00e9gem<br \/>Vagy j\u00f3ra ford\u00edtom a rosszindulatom<br \/>Vagy lefizetem magam nehogy befizessem,mert \u00e9n m\u00e1r megfizettem minden\u00e9rt<br \/>\u00c9s a fels\u0151 t\u00edzezernek hol van az als\u00f3 hat\u00e1ra<br \/>Vagy hat\u00e1rtalan ?<br \/>Mint a j\u00e1t\u00e9k<br \/>J\u00e1t\u00e9k hat\u00e1rok n\u00e9lk\u00fcl,orsz\u00e1gok ker\u00edt\u00e9sek n\u00e9lk\u00fcl,emberek orsz\u00e1gok n\u00e9lk\u00fcl,orsz\u00e1gok emberek n\u00e9lk\u00fcl&#8230;<br \/>Vagy a k\u00f6z\u00e9p oszt\u00e1ly vonalait hol h\u00fazz\u00e1k meg?<br \/>Alul a szakmunka<br \/>Fel\u00fcl az IT \u00e9s bank szf\u00e9ra<br \/>K\u00f6zte meg a szop\u00f3 \u00e1larcos hal\u00e1ltusa<br \/>Mert minim\u00e1l b\u00e9rb\u0151l csak minim\u00e1l techn\u00f3ra futja \u00e9s a m\u00e9lyszeg\u00e9nys\u00e9g deep house-j\u00e1t m\u00e9lytorokkal honor\u00e1lj\u00e1k<br \/>De ez is kevesebb mint a sok \u00e9ves \u00e1tlag<br \/>Alulr\u00f3l s\u00farolom az \u00e9letsz\u00ednvonalat<br \/>Alul maradtam..alulra nyomtak<br \/>Alulr\u00f3l indulok:ez a harc lesz a v\u00e9gs\u0151<br \/>nem marad ut\u00e1na semmi sem&#8230;<br \/>De lehet hogy most m\u00e1r k\u00e9s\u0151<br \/>nem marad ut\u00e1nam semmi sem<br \/>Mert min\u00e9l magasabbak a falak ann\u00e1l alacsonyabb vagyok \u00e9n<br \/>Min\u00e9l magasabbak az elv\u00e1r\u00e1sok ann\u00e1l kisebb vagyok \u00e9n<br \/>De most \u00e1ll\u00edtsuk meg egy pillanatra a k\u00e9pet&#8230; rugaszkodjunk el a val\u00f3s\u00e1gt\u00f3l &#8230;mindenki nyugodjon meg \u00e9s haszn\u00e1lja a k\u00e9pzelet\u00e9t!.bel\u00e9gz\u00e9s &#8230;kil\u00e9gz\u00e9s<br \/>\u00c9s most azt k\u00e9pzelem h fekszem egy r\u00e9t k\u00f6zep\u00e9n<br \/>H\u00e1l\u00f3k\u00e9nt fesz\u00fcl felettem az \u00fcress\u00e9g<br \/>N\u00e9zem ahogy az id\u0151 csepeg a f\u00f6ldbe<br \/>F\u00fclemben a rombol\u00e1s szimfoni\u00e1ja<br \/>Elm\u00e9m h\u00e1borodott darabjai fekete fest\u00e9kkel festenek furcsa figur\u00e1kat a val\u00f3s\u00e1g eg\u00e9re<br \/>K\u00f6r\u00fcl\u00f6ttem k\u00e1osz bennem nyugalom<br \/>Az elm\u00fal\u00e1s meghitt pillanata felsebzi b\u0151r\u00f6m-viszket,megvakarom<br \/>Viszket megvakarom<br \/>\u00c9s ez m\u00e1r \u00fajra a val\u00f3s\u00e1g&#8230;<br \/>F\u00e1j-kikaparom<br \/>F\u00e1j-otthagyom<br \/>Minden fal led\u0151l egyszer<br \/>\u00c9n rombol\u00e1sra sz\u00fclettem<br \/>Born to destruction<br \/>Searching&#8230;seek&amp;destroy<br \/>Destroy<br \/>Destroy<br \/>Ez nem egy teszt!!!<br \/>Ism\u00e9tlem<br \/>Ez nem egy teszt!!!!<br \/>Destroy everything<br \/>Rape me<br \/>Ez nem gyakorlat!!!!<br \/>Ism\u00e9tlem<br \/>Ez nem gyakorlat!!!!<br \/>Fuck me.fuck you<br \/>I&#8217;m sick of it all<br \/>Bazdmeg!!!mondom most m\u00e1r direkt!<br \/>Figyelj! te besz\u00e9led a nyelvemet?<\/p>\n<p>&nbsp;<\/p>\n<p>&nbsp;<\/p>\n<\/blockquote>\n<p>[\/et_pb_text][\/et_pb_column][et_pb_column type=&#8221;1_2&#8243; _builder_version=&#8221;4.27.4&#8243; _module_preset=&#8221;default&#8221; global_colors_info=&#8221;{}&#8221;][et_pb_heading title=&#8221;Magyar f\u00f6ld&#8221; _builder_version=&#8221;4.27.4&#8243; _module_preset=&#8221;default&#8221; title_level=&#8221;h2&#8243; title_text_align=&#8221;left&#8221; title_font_size=&#8221;34px&#8221; width=&#8221;100%&#8221; width_tablet=&#8221;100%&#8221; width_phone=&#8221;100%&#8221; width_last_edited=&#8221;on|phone&#8221; custom_padding=&#8221;15px|||||&#8221; animation_style=&#8221;fade&#8221; title_line_height_tablet=&#8221;&#8221; title_line_height_phone=&#8221;1.1em&#8221; title_line_height_last_edited=&#8221;on|phone&#8221; locked=&#8221;off&#8221; global_colors_info=&#8221;{}&#8221;][\/et_pb_heading][et_pb_text quote_border_color=&#8221;gcid-2ebbc52c-9ee6-4712-a077-fcaec9b98540&#8243; _builder_version=&#8221;4.27.4&#8243; _module_preset=&#8221;default&#8221; text_font=&#8221;&#8211;et_global_heading_font||||||||&#8221; text_text_color=&#8221;gcid-heading-color&#8221; text_font_size=&#8221;17px&#8221; text_line_height=&#8221;1.6em&#8221; header_text_align=&#8221;left&#8221; custom_margin=&#8221;||-2px|||&#8221; animation_style=&#8221;fade&#8221; animation_duration=&#8221;2000ms&#8221; text_font_size_tablet=&#8221;17px&#8221; text_font_size_phone=&#8221;17px&#8221; text_font_size_last_edited=&#8221;on|phone&#8221; text_line_height_tablet=&#8221;1.6em&#8221; text_line_height_phone=&#8221;1.4em&#8221; text_line_height_last_edited=&#8221;on|desktop&#8221; border_style_all=&#8221;inset&#8221; locked=&#8221;off&#8221; global_colors_info=&#8221;{%22gcid-2ebbc52c-9ee6-4712-a077-fcaec9b98540%22:%91%22quote_border_color%22,%22quote_border_color%22%93,%22gcid-heading-color%22:%91%22text_text_color%22%93}&#8221;]<\/p>\n<blockquote>\n<p>3h\u00f3napig \u00edrtam ezt a sz\u00f6veget<br \/>De akinek nem tetszik ne tapsoljon<br \/>Akinek nem tetszik az harcoljon<br \/>Kezeket a magasba <br \/>\u00c9n vagyok a piros<br \/>\u00c9n vagyok a feh\u00e9r<br \/>\u00c9n vagyok a z\u00f6ld<br \/>Milli\u00f3 sebb\u0151l v\u00e9rzik ez a magyar f\u00f6ld<\/p>\n<p>Sz\u00fcrke a kok\u00e1rd\u00e1m<br \/>Nem f\u00fajj\u00e1k f\u00e9nyes szelek<\/p>\n<p>Keser\u0171 a m\u00e9z,csom\u00f3s a madzag<br \/>Fogy a m\u00e9z ,egyre r\u00f6videbb a madzag<br \/>Mint a szaros pelenk\u00e1t az \u00fat sz\u00e9l\u00e9n<br \/>hagynak<br \/>Elfogy a m\u00e9z ,elfogy a madzag<br \/>Sosem a p\u00e9nzt\u0151l vagyok gazdag<\/p>\n<p>&nbsp;<\/p>\n<p>Ez az ig\u00e9retek f\u00f6ldje<br \/>2030+re lesz&#8230;.<br \/>2050-re lesz..<br \/>2..984-re lesz<br \/>A j\u00f6v\u0151 m\u00e1r itt van<\/p>\n<p>Mar nem tudom h ny\u00e1r van vagy t\u00e9l<br \/>Egy form\u00e1n izzadok mert fesz\u00edt a tehetetlens\u00e9g<br \/>M\u00e1r nem tudom h \u0151sz van vagy tavasz<br \/>Sz\u00edvemen ott a (seb)tapasz<\/p>\n<p>Felt\u00e9pni csak egy mozdulat<br \/>Mi t\u00f6lti be a t\u00e1tong\u00f3 lyukat?<br \/>Let\u00e9pni csak egy pillanat<br \/>De a f\u00e1jdalom \u00f6r\u00f6k marad<\/p>\n<p>Nem tudom honnan j\u00f6n az atom<br \/>Honnan a fert\u0151z\u00e9s<br \/>Vagy h meddig tart m\u00e9g ez a sz\u00e1nalmas verg\u0151d\u00e9s<\/p>\n<p>Nem tudom h ez m\u00e9g a m\u00falt vagy ez m\u00e1r a jelen<br \/>Elm\u00falok majd jelent\u00e9ktelen<\/p>\n<p>Nem tudom h ez tot\u00e1lis \u0151r\u00fclet \u00e9s teljes k\u00e1osz<br \/>Ennek van k\u00f6ze a szabads\u00e1ghoz<\/p>\n<p>Nem tudom meddig tartok \u00e9n \u00e9s honnan van m\u00e1r Isten<br \/>Mert nem hiszem h van de azt se h nincsen<\/p>\n<p>Nem tudom hol \u00e9r v\u00e9get a f\u00f6ld \u00e9s hol kezd\u0151dik az \u00e9g<br \/>Csak ne f\u00e1jna ennyire ez az elveszetts\u00e9g<\/p>\n<p>Nem tudom hol \u00e9r v\u00e9get a v\u00e9g<br \/>Hol kezd\u0151dik a kezdet<\/p>\n<p>Nem tudom hol van v\u00e9ge a mondatnak,hov\u00e1 kell a pont<\/p>\n<p>Amerika vagy ir\u00e1n <br \/>Melyik a j\u00f3 ir\u00e1ny<br \/>eln\u00f6k \u00far elgurult a gy\u00f3gyszer<br \/>\u00d6nnek a h\u00e1bor\u00fa az egyetlen m\u00f3dszer<\/p>\n<p>Csak Eathan Hunt tudja a k\u00f3dot<br \/>De \u0151 nem adja le a dr\u00f3tot<br \/>Az \u00fct\u0151er\u00e9n tartja a gombot<br \/>V\u00e9rrel festi az \u00edre a pontot<\/p>\n<p>V\u00e1rom a happy endet de megint k\u00e9sik<br \/>Budapest -z\u00e1gr\u00e1b vonalon a jegyemet n\u00e9zik<br \/>A kalauz az ad\u00f3 ellen\u0151r<\/p>\n<p>Hollywood \u00f6sszes pszichopat\u00e1ja<br \/>A k\u00f6zhelyes forgat\u00f3k\u00f6nyvek csat\u00e1ja<\/p>\n<p>&nbsp;<\/p>\n<p>Nincs piros tabletta sem k\u00e9k<br \/>H\u00e1t beveszem azt amit\u00f3l beteg leszek<br \/>Istenem milyen gy\u00f6ny\u00f6r\u0171 a k\u00e9p<br \/>A felkel\u0151 nap aranyl\u00f3 sugarai<br \/>megcsillanak a h\u00e1ny\u00e1somon<br \/>Hab k\u00f6nny\u0171 lebeg\u00e9s \u00e9letem mocsar\u00e1ban<br \/>Csill\u00e1m fasz p\u00f3ni osztja az ig\u00e9t<br \/>J\u00f3s\u00e1g port sz\u00edvok porn\u00f3 \u00fajs\u00e1gokr\u00f3l<\/p>\n<p>&nbsp;<\/p>\n<\/blockquote>\n<p>[\/et_pb_text][\/et_pb_column][\/et_pb_row][\/et_pb_section][et_pb_section fb_built=&#8221;1&#8243; _builder_version=&#8221;4.27.4&#8243; _module_preset=&#8221;default&#8221; custom_padding=&#8221;||0px|||&#8221; locked=&#8221;off&#8221; global_colors_info=&#8221;{}&#8221;][et_pb_row column_structure=&#8221;1_2,1_2&#8243; _builder_version=&#8221;4.27.4&#8243; _module_preset=&#8221;default&#8221; min_height=&#8221;89px&#8221; custom_margin=&#8221;-41px|auto||auto||&#8221; custom_padding=&#8221;||0px|||&#8221; global_colors_info=&#8221;{}&#8221;][et_pb_column type=&#8221;1_2&#8243; _builder_version=&#8221;4.27.4&#8243; _module_preset=&#8221;default&#8221; global_colors_info=&#8221;{}&#8221;][et_pb_heading title=&#8221;Mert \u00e9n f\u00e9lek&#8221; _builder_version=&#8221;4.27.4&#8243; _module_preset=&#8221;default&#8221; title_level=&#8221;h2&#8243; title_text_align=&#8221;left&#8221; title_font_size=&#8221;34px&#8221; width=&#8221;100%&#8221; width_tablet=&#8221;100%&#8221; width_phone=&#8221;100%&#8221; width_last_edited=&#8221;on|phone&#8221; custom_padding=&#8221;15px|||||&#8221; animation_style=&#8221;fade&#8221; title_line_height_tablet=&#8221;&#8221; title_line_height_phone=&#8221;1.1em&#8221; title_line_height_last_edited=&#8221;on|phone&#8221; global_colors_info=&#8221;{}&#8221;][\/et_pb_heading][et_pb_text quote_border_color=&#8221;gcid-2ebbc52c-9ee6-4712-a077-fcaec9b98540&#8243; _builder_version=&#8221;4.27.4&#8243; _module_preset=&#8221;default&#8221; text_font=&#8221;&#8211;et_global_heading_font||||||||&#8221; text_text_color=&#8221;gcid-heading-color&#8221; text_font_size=&#8221;17px&#8221; text_line_height=&#8221;1.6em&#8221; header_text_align=&#8221;left&#8221; animation_style=&#8221;fade&#8221; animation_duration=&#8221;2000ms&#8221; text_font_size_tablet=&#8221;17px&#8221; text_font_size_phone=&#8221;17px&#8221; text_font_size_last_edited=&#8221;on|phone&#8221; text_line_height_tablet=&#8221;1.6em&#8221; text_line_height_phone=&#8221;1.4em&#8221; text_line_height_last_edited=&#8221;on|desktop&#8221; border_style_all=&#8221;inset&#8221; global_colors_info=&#8221;{%22gcid-2ebbc52c-9ee6-4712-a077-fcaec9b98540%22:%91%22quote_border_color%22,%22quote_border_color%22%93,%22gcid-heading-color%22:%91%22text_text_color%22%93}&#8221;]<\/p>\n<blockquote>\n<p>Mert \u00e9n f\u00e9lek a mikrofont\u00f3l<br \/>A k\u00f6z\u00f6ns\u00e9gt\u0151l<br \/>S zs\u0171rit\u0151l.a pontsz\u00e1mokt\u00f3l<br \/>A sz\u00ednpadt\u00f3l.a nappalit\u00f3l<br \/>A konyh\u00e1t\u00f3l a h\u00e1l\u00f3szob\u00e1t\u00f3l<br \/>Az \u00e1gyt\u00f3l.f\u00e9lek a szext\u0151l&#8230;.ja nem na att\u00f3l pont nem..azt im\u00e1dom..s\u0151t mi t\u00f6bb j\u00f3l csin\u00e1lom <br \/>F\u00e9lek az emberekt\u0151l f\u00e9lek az \u00e1llatokt\u00f3l&#8230;.de az emberekt\u0151l jobban<br \/>A feh\u00e9rt\u0151l a feket\u00e9t\u0151l a s\u00e1rg\u00e1t\u00f3l a barn\u00e1t\u00f3l&#8230;a v\u00f6r\u00f6st\u0151l&#8230;<br \/>A zsid\u00f3t\u00f3l a kereszt\u00e9nyt\u0151l a muzulm\u00e1nt\u00f3l..a budhist\u00e1t\u00f3l..<br \/>Na azokt\u00f3l pont nem f\u00e9lek..<br \/>De f\u00e9lek a n\u00e1cit\u00f3l az \u00e1rj\u00e1t\u00f3l<br \/>a csajom volt p\u00e1rj\u00e1t\u00f3l<br \/>A jehov\u00e1t\u00f3l a hit gy\u00fclit\u0151l<br \/>Az er\u0151szakt\u00f3l a gy\u0171l\u00f6lett\u0151l<br \/>Az idegent\u0151l a honfit\u00e1rsamt\u00f3l<br \/>A terrorist\u00e1t\u00f3l a b\u00e9ke harcos\u00e1t\u00f3l<br \/>De f\u00e9lek a hal\u00e1lt\u00f3l az \u00fajj\u00e1sz\u00fclet\u00e9st\u0151l<br \/>Az \u00fajra kezd\u00e9st\u0151l a kezd\u00e9st\u0151l&#8230;a befejez\u00e9st\u0151l<br \/>F\u00e9lek a v\u00e1ltoz\u00e1st\u00f3l meg a monotonit\u00e1st\u00f3l<br \/>F\u00e9lek az \u00fajt\u00f3l f\u00e9lek a r\u00e9git\u0151l<br \/>F\u00e9lek a mozg\u00e1st\u00f3l meg az egy helyben topog\u00e1st\u00f3l<br \/>Az igent\u0151l a nemt\u0151l de a legjobban a semlegest\u0151l<br \/>A v\u00e1laszokt\u00f3l a k\u00e9rd\u00e9sekt\u0151l..<br \/>F\u00e9lek k\u00e9rdezni f\u00e9lek v\u00e1laszolni<br \/>F\u00e9lek besz\u00e9lni f\u00e9lek hallgatni<br \/>F\u00e9lek f\u00e9lre \u00e9rteni f\u00e9lek f\u00e9lre l\u00e9pni<br \/>F\u00e9lek f\u00e9lre tenni f\u00e9lek a feket\u00e9re tenni<br \/>F\u00e9lek a saj\u00e1t sz\u00f6vegemt\u0151l<br \/>F\u00e9lek megb\u00e1ntok valakit<br \/>F\u00e9lek a felel\u0151ss\u00e9gt\u0151l f\u00e9lek a felel\u0151tlens\u00e9gt\u0151l<br \/>F\u00e9lek a g\u00e9pekt\u0151l ..a l\u00e1zad\u00e1sukt\u00f3l meg pl\u00e1ne<br \/>F\u00e9lek john connor elbassza <br \/>\u00e9s a skynet nyer<br \/>F\u00e9lek csak annyit mondhatok hasta la vista baby &#8230;I&#8217;ll be back<br \/>F\u00e9lek az emberekt\u0151l f\u00e9lek az \u00e1lkatokt\u00f3l&#8230;de az emberekt\u0151l jobban<br \/>F\u00e9lek a fegyverekt\u0151l..f\u00e9lek egyszer vissza fel\u00e9 s\u00fclnek el<br \/>F\u00e9lek a forradalomt\u00f3l f\u00e9lek h minden ugyan\u00fagy marad<br \/>F\u00e9lek a vil\u00e1gh\u00e1bor\u00fat\u00f3l az atomt\u00f3l <br \/>A vil\u00e1gv\u00e9g\u00e9t\u0151l de legink\u00e1bb magamt\u00f3l<br \/>F\u00e9lek a nagy mo.-t\u00f3l f\u00e9lek a kis mo.-t\u00f3l<br \/>F\u00e9lek a nagy magyart\u00f3l f\u00e9lek a kis magyart\u00f3l<br \/>F\u00e9lek a jobb oldalt\u00f3l meg a balt\u00f3l<br \/>K\u00f6z\u00e9pt\u0151l a m\u00e9rs\u00e9keltekt\u0151l a legjobban<br \/>F\u00e9lek a t\u0171zt\u0151l de nem f\u00e9lek a v\u00edzt\u0151l<br \/>A tengert\u0151l viszont igen<br \/>A tenger gy\u00fcm\u00f6lcseit\u0151l meg egyenesen \u00edrt\u00f3zom<br \/>F\u0151leg a r\u00e1kt\u00f3l&#8230;az \u00f6sszes rokon\u00e1t\u00f3l bar\u00e1tj\u00e1t\u00f3l \u00fczletfel\u00e9t\u0151l<br \/>F\u00e9lek a betegs\u00e9gt\u0151l mindegyikt\u0151l egyform\u00e1n<br \/>A n\u00e1th\u00e1t\u00f3l a sz\u00edvrohamt\u00f3l<br \/>Az agy v\u00e9rz\u00e9st\u0151l a f\u00fcl f\u00e1j\u00e1st\u00f3l<br \/>F\u00e9lek a sz\u0171k helyekt\u0151l sz\u0171k pol\u00f3kt\u00f3l sz\u0171k lyukakt\u00f3l a sz\u0171k l\u00e1t\u00f3k\u00f6rt\u0151l<br \/>F\u00e9lek a zene sosem lesz olyan amilyen volt \u00e9s ebben a hig fos tengerben nem fogom felismerni a korszakalkot\u00f3 zsenialit\u00e1st<br \/>F\u00e9lek a keresztt\u0151l a horog keresztt\u0151l a kett\u0151s keresztt\u0151l a<\/p>\n<p>has-tagt\u00f3l a hastagt\u0151l<br \/>Hogy f\u00e9lelmeim megg\u00e1tolnak abban hogy legyek aki val\u00f3ban lehetn\u00e9k<\/p>\n<\/blockquote>\n<p>[\/et_pb_text][\/et_pb_column][et_pb_column type=&#8221;1_2&#8243; _builder_version=&#8221;4.27.4&#8243; _module_preset=&#8221;default&#8221; global_colors_info=&#8221;{}&#8221;][et_pb_heading title=&#8221;Metamorf\u00f3zis&#8221; _builder_version=&#8221;4.27.4&#8243; _module_preset=&#8221;default&#8221; title_level=&#8221;h2&#8243; title_text_align=&#8221;left&#8221; title_font_size=&#8221;34px&#8221; width=&#8221;100%&#8221; width_tablet=&#8221;100%&#8221; width_phone=&#8221;100%&#8221; width_last_edited=&#8221;on|phone&#8221; custom_padding=&#8221;15px|||||&#8221; animation_style=&#8221;fade&#8221; title_line_height_tablet=&#8221;&#8221; title_line_height_phone=&#8221;1.1em&#8221; title_line_height_last_edited=&#8221;on|phone&#8221; locked=&#8221;off&#8221; global_colors_info=&#8221;{}&#8221;][\/et_pb_heading][et_pb_text quote_border_color=&#8221;gcid-2ebbc52c-9ee6-4712-a077-fcaec9b98540&#8243; _builder_version=&#8221;4.27.4&#8243; _module_preset=&#8221;default&#8221; text_font=&#8221;&#8211;et_global_heading_font||||||||&#8221; text_text_color=&#8221;gcid-heading-color&#8221; text_font_size=&#8221;17px&#8221; text_line_height=&#8221;1.6em&#8221; header_text_align=&#8221;left&#8221; custom_margin=&#8221;||-2px|||&#8221; animation_style=&#8221;fade&#8221; animation_duration=&#8221;2000ms&#8221; text_font_size_tablet=&#8221;17px&#8221; text_font_size_phone=&#8221;17px&#8221; text_font_size_last_edited=&#8221;on|phone&#8221; text_line_height_tablet=&#8221;1.6em&#8221; text_line_height_phone=&#8221;1.4em&#8221; text_line_height_last_edited=&#8221;on|desktop&#8221; border_style_all=&#8221;inset&#8221; locked=&#8221;off&#8221; global_colors_info=&#8221;{%22gcid-2ebbc52c-9ee6-4712-a077-fcaec9b98540%22:%91%22quote_border_color%22,%22quote_border_color%22%93,%22gcid-heading-color%22:%91%22text_text_color%22%93}&#8221;]<\/p>\n<blockquote>\n<p>Anyag helyett ,m\u0171anyag<br \/>Magyar helyett m\u0171szavak<br \/>Hold helyett m\u0171hold<br \/>T\u00e9t helyett m\u0171t\u00e9t<br \/>V\u00e9sz helyett m\u0171v\u00e9sz<br \/>Elaltat minket a b\u0171v\u00e9sz<br \/>Tr\u00e1gya?ink\u00e1bb m\u0171tr\u00e1gya<br \/>Nem igaz\u00e1b\u00f3l n\u00e9zek a m\u0171t\u00e1rgyra<br \/>Hely ink\u00e1bb m\u0171hely<br \/>Szak helyett m\u0171szak<br \/>Szaki helyett m\u0171szaki<br \/>Sor helyett m\u0171sor<br \/>\u00c9n sem vagyok az igazi sokszor<br \/>M\u0171f\u0171be nem kell f\u0171mag<br \/>Elk\u00f6vet\u0151 helyett j\u00f3 a b\u0171nbak<br \/>Seg\u00edt\u0151 k\u00e9z helyett selfie bot<br \/>Az \u00f6nz\u0151s\u00e9gt\u0151l meghasad a tudatod<br \/>Hiphop helyett tik-tok<br \/>Az eg\u00e9sz vil\u00e1g tudja a titkod<br \/>7 vez\u00e9r helyett 133b\u00e1tor<br \/>Legyen a nevem Senki m\u00e1t\u00f3l<br \/>B\u00f6lcsek helyett jutuberek<br \/>Politikusnak \u00e1lc\u00e1zott gazemberek<br \/>Filter,sz\u0171r\u0151,alkalmaz\u00e1s<br \/>A legnagyobb \u00f6nbecsap\u00e1s<br \/>Ut\u00f3munka a f\u00e9nyk\u00e9peken<br \/>A pillanat var\u00e1zs\u00e1val mi legyen?<br \/>Celebek,vloggerek,mester s\u00e9fek<br \/>Okosak,m\u0171veltek \u00e9s kurva sz\u00e9pek<br \/>Engem meg h\u00fcly\u00e9nek n\u00e9znek<br \/>Val\u00f3s\u00e1g show,Insta szt\u00e1rok<br \/>ki fogja befogni a sz\u00e1tok???<br \/>Botox,meg a szilikon mellek<br \/>BMW-sek nem indexelnek&#8230;<br \/>R\u00e1nc felvarr\u00e1s ,arc pakol\u00e1s,<br \/>Term\u00e9szet ellenes beavatkoz\u00e1s<br \/>Digit\u00e1lis j\u00e1tsz\u00f3t\u00e9r lett a vil\u00e1g<br \/>Cyber t\u00e9rben zajlik a hamis\u00edt\u00e1s<br \/>J\u00f3 lenne ha feltal\u00e1ln\u00e1m az id\u0151g\u00e9pet \u00e9s visszarep\u00fcln\u00e9k az id\u0151be n\u00e9h\u00e1ny \u00e9vet Mondjuk \u00fagy 50 \u00e9s<br \/>felet<br \/>A sz\u00fcleim meg az Onedin csal\u00e1dot n\u00e9zt\u00e9k volna a szex helyett<br \/>De nincs mit csin\u00e1lni itt vagyok<br \/>az \u00f6ko l\u00e1bnyomom itt hagyom szagolj\u00e1tok ti \u00e9n \u00e9pp belef\u00e9rek mint p\u00e1r k\u00f6zhely egy \u00c1kos<br \/>refr\u00e9nbe<br \/>\u00f6kol\u00f3giai l\u00e1bnyom az er\u0151forr\u00e1smenedzsel\u00e9sben \u00e9s t\u00e1rsadalomtervez\u00e9sben haszn\u00e1lt \u00e9rt\u00e9k,<br \/>amely azt fejezi ki, hogy adott technol\u00f3giai fejletts\u00e9g mellett egy emberi t\u00e1rsadalomnak milyen<br \/>mennyis\u00e9g\u0171 f\u00f6ldre \u00e9s v\u00edzre van sz\u00fcks\u00e9ge \u00f6nmaga fenntart\u00e1s\u00e1hoz \u00e9s a megtermelt hullad\u00e9k<br \/>elnyel\u00e9s\u00e9hez.<br \/>Magyarorsz\u00e1g egy lakos\u00e1nak \u00f6kol\u00f3giai l\u00e1bnyoma 3,7 hekt\u00e1r. A F\u00f6ld\u00f6n minden emberre<br \/>csak 1,8 hekt\u00e1r ter\u00fclet jut, ez az \u00e9rt\u00e9k is megmutatja, hogy t\u00f6bb er\u0151forr\u00e1st haszn\u00e1lunk \u00e9s<br \/>t\u00f6bb hullad\u00e9kot termel\u00fcnk, mint azt a fenntarthat\u00f3 fejl\u0151d\u00e9s elve szerint tehetn\u00e9nk.<br \/>\u00c9n voltam az \u0151slevesben az els\u0151 v\u00f6r\u00f6s lamantin<br \/>Akkor tudatosult bennem a tudatalattim Ha tudtam volna mi van kinn<br \/>Odabent maradok<br \/>\u00c9s eg\u00e9sz m\u00e1s \u00faton haladok<br \/>De kij\u00f6tt\u00fcnk \u00e9n meg m\u00e9g n\u00e9h\u00e1nyan<br \/>Akik ott maradtak igaz\u00e1n sajn\u00e1ltam<br \/>Nekem a slam az \u00faj hardcore<br \/>K\u00f6ltem\u00e9nyek n\u0151nek a kem\u00e9ny magb\u00f3l<br \/>Sz\u00f3kimond\u00f3,\u0151szinte sz\u00f6vegek<br \/>Sz\u00edvbe markolnak a mondat l\u00f6vegek<br \/>Z\u00f6ld a f\u0171,k\u00e9k az \u00e9g<br \/>Igazi z\u00f6ld ,igazi k\u00e9k<br \/>Elhagyjuk lassan a v\u00e1rosodat<br \/>\u00c9s benzinre cser\u00e9lem a mosolyodat<br \/>Tartok t\u0151le, hogy kitart m\u00e9g<br \/>Az igazi z\u00f6ld \u00e9s az igazi k\u00e9k<br \/>De ha term\u00e9szet ellenesen beavatkozunk a term\u00e9szetbe,vajon term\u00e9szetes h a term\u00e9szet<br \/>tem\u00e9rdek \u00e9rdek n\u00e9lk\u00fcl termel\u0151dik \u00fajra?<br \/>Vagy term\u00e9szetgy\u00f3gy\u00e1sz kell a mesters\u00e9ges mesters\u00e9gekhez?<br \/>Giccsben dagony\u00e1zik a kommersz vil\u00e1g<br \/>boldogan r\u00f6f\u00f6g saj\u00e1t szem\u00e9tdombj\u00e1n<br \/>dr\u00e1ga p\u00e9nzen eladva az \u00e9rt\u00e9ktelen kacat<br \/>az igazi m\u0171v\u00e9szet meg elnyomva marad<br \/>Z\u00e1rt rendszerek k\u00e9nyszer\u00edtenek r\u00e1m r\u00e9gi m\u00f3dszereket,<br \/>butas\u00e1g halmaz vet\u00edt primit\u00edv keresztmetszetet,<br \/>elavult vil\u00e1g visszhangoz \u00f3sdi hangokat,<br \/>maradi gondolatok m\u00e1solnak m\u00e1sokat.<br \/>K\u00e9pzelet sz\u0151tte furcsa l\u00e1tom\u00e1s<br \/>mindent\u0151l elrugaszkodott \u00e1lom vil\u00e1g<br \/>hal\u00e1losan komoly sz\u00fcrke val\u00f3s\u00e1g<br \/>sz\u00e1nalmasan unalmas h\u00e9tk\u00f6znapis\u00e1g<br \/>Nem \u00e9rdekel m\u00e1snak mit jelent<br \/>nekem sz\u00fcl\u0151v\u00e1rosom e sz\u00e9nporral belepett kis v\u00e1ros<br \/>Ahol m\u00e9g a 71 is p\u00e1ros<br \/>Itt az m1-en f\u00e9l\u00faton pest \u00e9s gy\u0151r k\u00f6z\u00f6tt A karm\u00e1m addig gy\u0151zk\u00f6d\u00f6tt<br \/>M\u00edg a g\u00f3lya ide nem k\u00f6lt\u00f6z\u00f6tt<br \/>&#8222;Hidd el \u00e9n nem tehetek r\u00f3la hogy itt rakott le az a nyomorult g\u00f3lya&#8221;<br \/>A v\u00e9rtes \u00e9s gerecse \u00f6l\u00e9ben ringattam az \u00e1lmokat<br \/>Nem is lett bel\u0151lem semmi<br \/>De ez nem is olyan nagy csoda<br \/>\u00c9s ha felmegyek a kil\u00e1t\u00f3ra nekem t\u00e9rk\u00e9p e t\u00e1j<br \/>mert engem m\u00e9g tan\u00edtott Faludi \u00c0d\u00e1m<br \/>\u00c1ltal \u00e9rben utol\u00e9r a v\u00e9g n\u00e9lk\u00fcli v\u00e9gzetem Kort\u00e1rs k\u00f6lt\u0151 vagyok n\u00e9ha azt csak k\u00e9pzelem<br \/>A csille sz\u00e1ll a m\u00e9cs lobog<br \/>sz\u00edvem a b\u00e1ny\u00e1sz\u00e9rt dobog<br \/>Kiprich Plot\u00e1r Vincze<br \/>Ilyen csat\u00e1rsor az\u00f3ta sincsen<br \/>99-ben kupa d\u00f6nt\u0151 V\u00e1con<br \/>Az a veres\u00e9g nagyon f\u00e1jt ott<br \/>De m\u00falik a dics\u0151s\u00e9g m\u00falnak az \u00e9vek<br \/>A turul ultr\u00e1i l\u00e9ptek a b-k\u00f6z\u00e9p hely\u00e9be<br \/>\u00c9s elt\u0171nt a sz\u00e9n nyugd\u00edjba mentek a b\u00e1ny\u00e1szok<br \/>Elt\u0171nt a nyugdijam is tudtam egyszer r\u00e1f\u00e1zok<br \/>Hi\u00e1ba pof\u00e1zok<br \/>Szavaimat a Szelim barlang vissza veri Happy az \u00e9let veri happy<br \/>Nem tudom hogy Tata b\u00e1nja-e,hogy Tatab\u00e1nya lett a megye sz\u00e9khelye<br \/>De reggelente f\u00e9lt\u00e9keny \u00e9s igen h\u00edg a sz\u00e9klete<br \/>az \u00e9let csak egy l\u00e1tom\u00e1s,<br \/>a h\u00e1zfalakon fesz\u00fcl\u0151 mag\u00e1ny,<br \/>maga a tudathasad\u00e1s.<br \/>A nincstelens\u00e9g netov\u00e1bbja pedig<br \/>sz\u00fcrk\u00fcl\u0151 f\u00e9ny\u00e1r,<br \/>amit a sz\u0171k\u00fcl\u0151 hal\u00e1l v\u00e1r.<br \/>\u00d3vatosan kiv\u00e1rva, mikor a csillagok nappalt hazudnak<br \/>\u00e9s az \u00e1tl\u00e1tsz\u00f3 leheletek fekete port kergetnek,<br \/>t\u00f6r\u00f6tt ablakok t\u00f6retlen csillog\u00e1s\u00e1n,<br \/>mik\u00f6zben andalg\u00f3 s\u00e9t\u00e1ink<br \/>r\u00e9m\u00e1lmokra \u00e9brednek,<br \/>\u00e9s kedves\u00fcnk kez\u00e9nek keres\u00e9se<br \/>csak kih\u0171lt hamuban fuldokl\u00f3,<br \/>\u00f6szt\u00f6n\u00f6s t\u00fal\u00e9l\u00e9si mozdulat.<br \/>Elfogynak a szavak<br \/>Elfogynak a mondatok<br \/>Furcsa ez a helyzet,m\u00e9gis term\u00e9szetes h itt vagyok<br \/>Hogy veled, vagyok itt<br \/>Magamat kerestem \u00e9s t\u00e9ged tal\u00e1ltalak Nekem te vagy az egyetlen kit\u0151l sz\u00edvem soha nem<br \/>tapasztalt m\u00e9rt\u00e9kben n\u00f6vekszik egyre a sztratoszf\u00e9r\u00e1n \u00e1t a v\u00e9gtelenbe<br \/>N\u00e9ha elcsod\u00e1lkozom h mi\u00e9rt pont<br \/>2618-as sz\u00e1m\u00fa S.T.E.V.E kisbolyg\u00f3n\u00e1l parkolt le \u00e9leted \u0171rhaj\u00f3ja?<br \/>De tudom:nincsenek v\u00e9letlenek<br \/>J\u00f3 helyen voltunk j\u00f3 id\u0151ben<br \/>Veled er\u0151s vagyok mint G\u00e9za a csapd le csacsiban<br \/>\u00c9s b\u00e1tor mint Mel Gibson a rettenthetetlenben<br \/>N\u00e9ha idi\u00f3ta Rubi pitonb\u00f3l<br \/>\u00c9s n\u00e9ha cuki mint Denisz a komisz Melletted \u00e9rz\u0151 l\u00e9ny vagyok,aki nem rejti el<br \/>f\u00e9lelmeit,f\u00e1jdalmait,k\u00f6nnyeit<br \/>Melletted \u00f6nmagam lehetek<br \/>De jobban szeretlek mint a r\u00e1ntott h\u00fast S\u0151t&#8230;tov\u00e1bb megyek&#8230;minden fajta foci meccsn\u00e9l is<br \/>jobban<br \/>\u00c9s m\u00e1t\u00f3l dupl\u00e1n igaz h mi vagyunk<br \/>A h\u00e1jas f\u00e9rfi \u00e9s felt\u0171n\u0151en csinos feles\u00e9ge<br \/>\u00c9s m\u00e1t\u00f3l dupla jubileum ez 5\u00e9v3h\u00f3nap a tisztas\u00e1gban \u00e9s egy nap a h\u00e1zass\u00e1g k\u00f6tel\u00e9k\u00e9ben<br \/>Mi\u00f3ta v\u00e1rok erre h azt mondjam:te vagy a feles\u00e9gem&#8230;.<br \/>&#8222;Hogy te vagy a szerelmem a f\u00f6ld\u00f6n \u00e9s az egekben&#8221;<br \/>Azon dolgozom h ez ne v\u00e1ltozzon<br \/>Azon dolgozom h ez v\u00e1ltozzon,fejl\u0151dj\u00f6n Jobb legyek,jobbak legy\u00fcnk<br \/>Boldog vagyok \u00e9s kreat\u00edv az \u00e9letemben jelenlev\u0151 probl\u00e9m\u00e1k ellen\u00e9re! &#8222;<br \/>Bocs\u00e1sd meg k\u00e9rlek Hogy nem vagyok mindig veled<br \/>Mikor a d\u00e9monjaimmal k\u00fczd\u00f6k csak a t\u00fal\u00e9l\u00e9s marad nekem.<br \/>Sokkal t\u00f6bbet \u00e9rdemelsz mint amit adok neked<br \/>K\u00f6sz\u00f6n\u00f6m h szeretsz \u00e9s sz\u00edvemben meggy\u00fajtottad a f\u00e9nyeket&#8221;<br \/>Mutass egy embert aki j\u00f3<br \/>Mutass egy embert aki rossz<br \/>Mutass egy embert aki ember<br \/>Mutass egy embert aki m\u00e1smilyen ember akar lenni<br \/>Tudod mit hagyd a fen\u00e9be: Ne mutogass m\u00e1sokra<br \/>Mutasd meg h TE milyen ember vagy!!!! \u00c9n sok\u00e1ig f\u00e9ltem megmutatni magam Masokt\u00f3l v\u00e1rtam<br \/>a meger\u0151s\u00edt\u00e9st<br \/>F\u00e9ltem h nem leszek el\u00e9g j\u00f3 ha igaz\u00e1b\u00f3l \u00f6nmagamat adom<br \/>Nem fogok megfelelni a sz\u00fcleimnek tan\u00e1raimnak f\u0151n\u00f6keimnek bar\u00e1tn\u0151imnek Igen:nem<br \/>viselkedem megfelel\u0151en<br \/>Igen: az a kibaszott megfelel\u00e9s az ami megnyomor\u00edtott hossz\u00fa id\u0151n kereszt\u00fcl \u00c9n nem lehetek<br \/>olyan nem lehetek ilyen Csak olyan lehetek amilyet elv\u00e1rnak t\u0151lem<br \/>Olyan amilyennek m\u00e1sok szeretn\u00e9nek l\u00e1tni<br \/>Nem csin\u00e1lhatom ezt nem csin\u00e1lhatom azt<br \/>Azt csin\u00e1lhatom amit szabad<br \/>Azt csin\u00e1lhatom amit lehet<br \/>Azt szabad csin\u00e1lnom amit lehet<br \/>Azt lehet csin\u00e1lnom amit szabad<br \/>Na ebb\u0151l el\u00e9g!bassz\u00e1tok meg!!!<br \/>Nem tudom mi vagy ki akarok lenni &#8230;.m\u00e9g mindig nem<br \/>De azt tudom h n\u00e9ha m\u00e1r tudok emberk\u00e9nt viselkedni&#8230;.j\u00f3 emberk\u00e9nt&#8230;.emberies emberk\u00e9nt<br \/>Pl. Embernek \u00e9rzem magam mikor r\u00f6h\u00f6g\u0151 g\u00f6rcs\u00f6t kapok azon ahogy a feles\u00e9gem ut\u00e1nozza h<br \/>milyen k\u00e9nyszeresen \u00e9s megsz\u00e1llottan nyomkodom azt az 5gombot a kocsiban vezet\u00e9s k\u00f6zben<br \/>Vagy amikor el\u00e9rz\u00e9keny\u00fclve n\u00e9zem ahogy a vasalja a ruh\u00e1mat mert tudom mi m\u00e1r egy csal\u00e1d<br \/>vagyunk..m\u00f3nika vasal steve olajat cser\u00e9l<br \/>Vagy amikor egy szomor\u00fa film ut\u00e1n let\u00f6rl\u00f6m arc\u00e1rol a k\u00f6nnyeket..<br \/>\u00c9s mikor azt mondja h steve te irt\u00f3 szexi vagy a fekete ingben&#8230;elhiszem..neki elhiszem<br \/>Ilyenkor \u00e9rzem h f\u00e9rfi vagyok egy t\u00e1rs bar\u00e1t szeret\u0151<br \/>Mint egy ember..egy m\u00e1r m\u00e1smilyen ember<br \/>Ezeket a pillanatokat nem cser\u00e9ln\u00e9m el semmi\u00e9rt<br \/>Nem cser\u00e9ln\u00e9m le semmire<br \/>Ez nem az \u00e9rz\u00e9sek bolha piaca ahol haszn\u00e1lt meg\u00fant \u00e9rz\u00e9seimet elcser\u00e9lhetem..vagy m\u00e9gis??<br \/>Itt van egy adag k\u00f6z\u00f6ny,m\u00e1r nem kell! K\u00e9rek helyette:odafigyel\u00e9st,meg\u00e9rt\u00e9st,elfogad\u00e1st<br \/>Szeletbe lesszives!beosztom jusson minden napra egy kicsi&#8230;.<br \/>De addig is legjobb k\u00e9pess\u00e9geim szerint pr\u00f3b\u00e1lok ember maradni<br \/>Mutass egy embert aki j\u00f3<br \/>Mutass egy embert aki ember<br \/>Mutass egy embert aki m\u00e1smilyen ember akar lenni<br \/>Kurv\u00e1ra mindegy csak mutasd meg milyen ember vagy!!!<br \/>Te milyen ember vagy!!! \u00c9n n\u00e9ha m\u00e1r vagyok el\u00e9g b\u00e1tor megmutatni magam \u00c9s te&#8230;&#8230;.????<br \/>J\u00f6nnek az Avarok<br \/>Bekopognak:zavarok?<br \/>Dehogy zavarnak<br \/>Mondj\u00e1k az avarnak<br \/>De nincsenek zavarban<br \/>Ink\u00e1bb hemperegnek az avarban<br \/>K\u00f6zben forog az agyakban<br \/>Milyen sz\u00e9p itt magyarban<br \/>D\u00fask\u00e1lunk a javakban<br \/>\u00c9s gy\u00f6ny\u00f6rk\u00f6d\u00fcnk a tavaszban<br \/>Elm\u00e9m zavarodott- da-rabja<br \/>Ide-oda<br \/>fest, furcsa jeleket.<br \/>K\u00edv\u00fcl-bel\u00fcl<br \/>p\u00e1rhuzamos,<br \/>k\u00f6r\u00f6kbe hajlik a t\u00e9r.<br \/>\u00d6nmag\u00e1hoz-vissza t\u00e9r<br \/>A k\u00f6r-forgalom agy-sz\u00edv orsz\u00e1g\u00faton.<br \/>Mag\u00e1hoz-nem-t\u00e9r-\u0151<br \/>id\u0151vel fert\u0151z\u00f6tt a test.<br \/>\u00d6nn\u00f6n pokl\u00e1b\u00f3l robbanva,<br \/>karizmatikus magma deton\u00e1ci\u00f3.<br \/>S\u00fcket a csend.<br \/>Sik\u00edt az ego.<br \/>Felgy\u00fclemlett<br \/>\u00e9n-mocsok-katapult.<br \/>Bels\u0151 metamorf\u00f3zis.<br \/>\u00d6npuszt\u00edt\u00e1s.<br \/>Id\u0151utaz\u00e1s: a semmi k\u00f6z\u00e9ppontja fel\u00e9.<br \/>Rossz voltam, s te azt mondtad, j\u00f3 vagyok.<br \/>Cs\u00faf, de te gy\u00f6ny\u00f6r\u0171nek tal\u00e1lt\u00e1l.<br \/>V\u00e9gig hallgattad mindig, amit mondtam.<br \/>Haland\u00f3b\u00f3l \u00edgy lettem halhatatlan.<\/p>\n<\/blockquote>\n<p>[\/et_pb_text][\/et_pb_column][\/et_pb_row][\/et_pb_section][et_pb_section fb_built=&#8221;1&#8243; _builder_version=&#8221;4.27.4&#8243; _module_preset=&#8221;default&#8221; custom_padding=&#8221;||0px|||&#8221; locked=&#8221;off&#8221; global_colors_info=&#8221;{}&#8221;][et_pb_row column_structure=&#8221;1_2,1_2&#8243; _builder_version=&#8221;4.27.4&#8243; _module_preset=&#8221;default&#8221; min_height=&#8221;89px&#8221; custom_margin=&#8221;-41px|auto||auto||&#8221; custom_padding=&#8221;||0px|||&#8221; global_colors_info=&#8221;{}&#8221;][et_pb_column type=&#8221;1_2&#8243; _builder_version=&#8221;4.27.4&#8243; _module_preset=&#8221;default&#8221; global_colors_info=&#8221;{}&#8221;][et_pb_heading title=&#8221;Mindegy ki mondja&#8221; _builder_version=&#8221;4.27.4&#8243; _module_preset=&#8221;default&#8221; title_level=&#8221;h2&#8243; title_text_align=&#8221;left&#8221; title_font_size=&#8221;34px&#8221; width=&#8221;100%&#8221; width_tablet=&#8221;100%&#8221; width_phone=&#8221;100%&#8221; width_last_edited=&#8221;on|phone&#8221; custom_padding=&#8221;15px|||||&#8221; animation_style=&#8221;fade&#8221; title_line_height_tablet=&#8221;&#8221; title_line_height_phone=&#8221;1.1em&#8221; title_line_height_last_edited=&#8221;on|phone&#8221; global_colors_info=&#8221;{}&#8221;][\/et_pb_heading][et_pb_text quote_border_color=&#8221;gcid-2ebbc52c-9ee6-4712-a077-fcaec9b98540&#8243; _builder_version=&#8221;4.27.4&#8243; _module_preset=&#8221;default&#8221; text_font=&#8221;&#8211;et_global_heading_font||||||||&#8221; text_text_color=&#8221;gcid-heading-color&#8221; text_font_size=&#8221;17px&#8221; text_line_height=&#8221;1.6em&#8221; header_text_align=&#8221;left&#8221; animation_style=&#8221;fade&#8221; animation_duration=&#8221;2000ms&#8221; text_font_size_tablet=&#8221;17px&#8221; text_font_size_phone=&#8221;17px&#8221; text_font_size_last_edited=&#8221;on|phone&#8221; text_line_height_tablet=&#8221;1.6em&#8221; text_line_height_phone=&#8221;1.4em&#8221; text_line_height_last_edited=&#8221;on|desktop&#8221; border_style_all=&#8221;inset&#8221; global_colors_info=&#8221;{%22gcid-2ebbc52c-9ee6-4712-a077-fcaec9b98540%22:%91%22quote_border_color%22,%22quote_border_color%22%93,%22gcid-heading-color%22:%91%22text_text_color%22%93}&#8221;]<\/p>\n<blockquote>\n<p>Ez az \u00e9n mikrofonom<br \/>Nem az az eny\u00e9m!<br \/>Ez az \u00e9n sz\u00f6vegem<br \/>Nem!ez az eny\u00e9m!<\/p>\n<p>Mindegy!<br \/>Mindegy ki mondja<br \/>Csak legyen kimondva<br \/>Nem sz\u00e1m\u00edt ki mondja<br \/>Csak legyen kimondva<\/p>\n<p>Ne ragadjon bel\u00e9m<br \/>Kapjanak f\u00e9nyt a szavak<br \/>A s\u00f6t\u00e9tben meghalnak<\/p>\n<p>Ne maradjanak bennem,mert<br \/>megm\u00e9rgeznek<br \/>Megfojtanak<br \/>Bel\u00fclr\u0151l sz\u00e9tmarnak<\/p>\n<p>Mi az ami \u00f6sszek\u00f6t?<br \/>Mi az ami elv\u00e1laszt?<br \/>Te kit szeretsz?<br \/>Te kit ut\u00e1lsz?<br \/>\u00c9n mit szeretek?<br \/>\u00c9s mit ut\u00e1lok?<\/p>\n<p>A szabad szavak sz\u00e1rny\u00e1n sz\u00e1rnyalni<br \/>Szabad szavak sz\u00e1rny\u00e1n sz\u00e1rnyalni?<br \/>A szabad szavak sziv\u00e1rv\u00e1ny\u00e1n sz\u00e1nk\u00e1zni<br \/>Szabad szavak sziv\u00e1rv\u00e1ny\u00e1n sz\u00e1nk\u00e1zni?<\/p>\n<p>A szavak tenger\u00e9ben f\u00fcr\u00f6dni<br \/>Az \u0151szinte szavak t\u00fckr\u00e9ben<\/p>\n<p>Sz\u00f3p\u00e1rbaj<br \/>A mondat sz\u00edvedbe mar<br \/>Sz\u00f3p\u00e1rlat<br \/>\u00c9p\u00edts\u00fcnk sz\u00f6veggy\u00e1rat<\/p>\n<p>Sz\u00f3l\u00e1sszabads\u00e1g<br \/>Hogy tiszteletben tarts\u00e1k<br \/>Sz\u00f3l\u00e1sszabads\u00e1g<br \/>A hallgat\u00e1s a rabs\u00e1g<\/p>\n<p>Mindegy ki mondja<br \/>Csak legyen kimondva<br \/>Nem sz\u00e1m\u00edt kimondja<br \/>Csak legyen kimondva<\/p>\n<p>2-\u0151n \u00e1ll a v\u00e1s\u00e1r<\/p>\n<p>&nbsp;<\/p>\n<\/blockquote>\n<p>[\/et_pb_text][\/et_pb_column][et_pb_column type=&#8221;1_2&#8243; _builder_version=&#8221;4.27.4&#8243; _module_preset=&#8221;default&#8221; global_colors_info=&#8221;{}&#8221;][et_pb_heading title=&#8221;Minden nap mikor meghalok&#8221; _builder_version=&#8221;4.27.4&#8243; _module_preset=&#8221;default&#8221; title_level=&#8221;h2&#8243; title_text_align=&#8221;left&#8221; title_font_size=&#8221;34px&#8221; width=&#8221;100%&#8221; width_tablet=&#8221;100%&#8221; width_phone=&#8221;100%&#8221; width_last_edited=&#8221;on|phone&#8221; custom_padding=&#8221;15px|||||&#8221; animation_style=&#8221;fade&#8221; title_line_height_tablet=&#8221;&#8221; title_line_height_phone=&#8221;1.1em&#8221; title_line_height_last_edited=&#8221;on|phone&#8221; locked=&#8221;off&#8221; global_colors_info=&#8221;{}&#8221;][\/et_pb_heading][et_pb_text quote_border_color=&#8221;gcid-2ebbc52c-9ee6-4712-a077-fcaec9b98540&#8243; _builder_version=&#8221;4.27.4&#8243; _module_preset=&#8221;default&#8221; text_font=&#8221;&#8211;et_global_heading_font||||||||&#8221; text_text_color=&#8221;gcid-heading-color&#8221; text_font_size=&#8221;17px&#8221; text_line_height=&#8221;1.6em&#8221; header_text_align=&#8221;left&#8221; custom_margin=&#8221;||-2px|||&#8221; animation_style=&#8221;fade&#8221; animation_duration=&#8221;2000ms&#8221; text_font_size_tablet=&#8221;17px&#8221; text_font_size_phone=&#8221;17px&#8221; text_font_size_last_edited=&#8221;on|phone&#8221; text_line_height_tablet=&#8221;1.6em&#8221; text_line_height_phone=&#8221;1.4em&#8221; text_line_height_last_edited=&#8221;on|desktop&#8221; border_style_all=&#8221;inset&#8221; locked=&#8221;off&#8221; global_colors_info=&#8221;{%22gcid-2ebbc52c-9ee6-4712-a077-fcaec9b98540%22:%91%22quote_border_color%22,%22quote_border_color%22%93,%22gcid-heading-color%22:%91%22text_text_color%22%93}&#8221;]<\/p>\n<blockquote>\n<p>\u00c9n vagyok az egyetlen aki l\u00e1tja kih\u00fclni a napot<br \/>\u00c9n vagyok az egyetlen aki hallja az emberek sikoly\u00e1t<br \/>\u00c9n cagyok az egyetlen aki \u00e9rzi az \u00f6nn\u00f6n.poklukban el\u00e9g\u0151 emberek h\u00fas\u00e1nak szag\u00e1t<br \/>\u00c9n vagyok az egyetlen aki tudja a titkot?<br \/>Aki tudja h nincs titok????<\/p>\n<p>I\u0155\u00e1ny valt\u00e1s,koordin\u00e1ta csere,terk\u00e9p csere<\/p>\n<p>Tettekre van sz\u00fcks\u00e9g nem im\u00e1ra<br \/>Tettekre van sz\u00fcks\u00e9g nem szavakra<\/p>\n<p>A pokol l\u00e9tezik ott vagyok minden heten 1x<br \/>A pokol l\u00e9tezik ott vagyok ..<\/p>\n<p>A csoda amit l\u00e1ttam csak egy b\u0171v\u00e9sztr\u00fckk<br \/>Csoda h nem hiszek el mindent a tv-nek<br \/>Minden amit l\u00e1ttam felhaszn\u00e1lhat\u00f3 ellenem<br \/>Istentelen ellent\u00e9tek fesz\u00fclnek jard\u00e1nak \u00e9s \u00e9gnek<br \/>A v\u00e1rosok a ,falvak<br \/>Szent-s\u00e9g-t\u00f6r\u00e9s<\/p>\n<p>Koordin\u00e1ta csere, t\u00e9rk\u00e9p csere,ir\u00e1ny v\u00e1lt\u00e1s<\/p>\n<p>Megt\u00f6rni a monotont<br \/>Megt\u00f6rni a csendet,amiben elvesz\u00fcnk<br \/>Kil\u00e9pni az ismeretlenbe \u00e9s ord\u00edtani teli torokb\u00f3l nincs titok,nincs titok,nincs titkom<br \/>Minden r\u00e1m van \u00edrva<\/p>\n<p>Az elm\u00fal\u00e1s rozsd\u00e1s \u00e1llkapcsa <br \/>A s\u00f6t\u00e9t felh\u0151k szomor\u00fa tekintete<br \/>Idegen partok,idegen haj\u00f3k<br \/>Idegen emberek s\u00fcllyednek egyre lejjebb<\/p>\n<p>\u00dajra \u00e9leszteni a pillanatot<br \/>\u00dajja var\u00e1zsolni az elveszett \u00e9leteket<\/p>\n<p>\u00daj koordin\u00e1t\u00e1k, \u00faj ir\u00e1ny,\u00faj t\u00e9rk\u00e9p<\/p>\n<p>A k\u00f6zt\u00fcnk l\u00e9v\u0151 \u0171rt kit\u00f6lti a bizonytalans\u00e1g<br \/>L\u00e9lek lekv\u00e1rral kenegetem a kil\u00f3g\u00f3 r\u00e9szeket<br \/>Eltakarn\u00e1m de nem is l\u00e1tszik hogy mennyire gy\u0171l\u00f6l\u00f6m magam ilyenkor<br \/>Szappanopera ez az Elv\u00e1gy\u00f3d\u00e1s <br \/>Ahogy a percek sercegnek a kimondott szavak s\u00falya alatt<br \/>Pedig azt gondoltam h tudom a titkot<br \/>Hiddel!<br \/>Azt gondoltam hogy..<\/p>\n<\/blockquote>\n<p>[\/et_pb_text][\/et_pb_column][\/et_pb_row][\/et_pb_section][et_pb_section fb_built=&#8221;1&#8243; _builder_version=&#8221;4.27.4&#8243; _module_preset=&#8221;default&#8221; custom_padding=&#8221;||0px|||&#8221; locked=&#8221;off&#8221; global_colors_info=&#8221;{}&#8221;][et_pb_row column_structure=&#8221;1_2,1_2&#8243; _builder_version=&#8221;4.27.4&#8243; _module_preset=&#8221;default&#8221; min_height=&#8221;89px&#8221; custom_margin=&#8221;-41px|auto||auto||&#8221; custom_padding=&#8221;||0px|||&#8221; global_colors_info=&#8221;{}&#8221;][et_pb_column type=&#8221;1_2&#8243; _builder_version=&#8221;4.27.4&#8243; _module_preset=&#8221;default&#8221; global_colors_info=&#8221;{}&#8221;][et_pb_heading title=&#8221;Motto 1_ slam&#8221; _builder_version=&#8221;4.27.4&#8243; _module_preset=&#8221;default&#8221; title_level=&#8221;h2&#8243; title_text_align=&#8221;left&#8221; title_font_size=&#8221;34px&#8221; width=&#8221;100%&#8221; width_tablet=&#8221;100%&#8221; width_phone=&#8221;100%&#8221; width_last_edited=&#8221;on|phone&#8221; custom_padding=&#8221;15px|||||&#8221; animation_style=&#8221;fade&#8221; title_line_height_tablet=&#8221;&#8221; title_line_height_phone=&#8221;1.1em&#8221; title_line_height_last_edited=&#8221;on|phone&#8221; global_colors_info=&#8221;{}&#8221;][\/et_pb_heading][et_pb_text quote_border_color=&#8221;gcid-2ebbc52c-9ee6-4712-a077-fcaec9b98540&#8243; _builder_version=&#8221;4.27.4&#8243; _module_preset=&#8221;default&#8221; text_font=&#8221;&#8211;et_global_heading_font||||||||&#8221; text_text_color=&#8221;gcid-heading-color&#8221; text_font_size=&#8221;17px&#8221; text_line_height=&#8221;1.6em&#8221; header_text_align=&#8221;left&#8221; animation_style=&#8221;fade&#8221; animation_duration=&#8221;2000ms&#8221; text_font_size_tablet=&#8221;17px&#8221; text_font_size_phone=&#8221;17px&#8221; text_font_size_last_edited=&#8221;on|phone&#8221; text_line_height_tablet=&#8221;1.6em&#8221; text_line_height_phone=&#8221;1.4em&#8221; text_line_height_last_edited=&#8221;on|desktop&#8221; border_style_all=&#8221;inset&#8221; global_colors_info=&#8221;{%22gcid-2ebbc52c-9ee6-4712-a077-fcaec9b98540%22:%91%22quote_border_color%22,%22quote_border_color%22%93,%22gcid-heading-color%22:%91%22text_text_color%22%93}&#8221;]<\/p>\n<blockquote>\n<p>Motto 1: slam poetry az\u00e9rt izgalmas mert nincsenek hat\u00e1rai<br \/>Mott\u00f32:a fel\u00e9p\u00fcl\u00e9s az\u00e9rt izgalmas mert nincsenek hat\u00e1rai<br \/>Akkor \u00e9n most hat\u00e1rtalan vagyok?<br \/>\u00e9n vagyok az egy hat\u00e1rtalan<br \/>A one unlimited<br \/>Mondhatn\u00e9k kett\u0151t is mer az h nincs itt a p\u00e1rom az m\u00e9g nem<\/p>\n<p>jelenti azt h p\u00e1ratlan vagyok<br \/>Ja de azt&#8230;is&#8230;<br \/>P\u00e1ratlan vagyok egyszeri \u00e9s megism\u00e9telhetetlen..szar lenne ha elveszn\u00e9k..most m\u00e1r nekem is&#8230;<br \/>Lost in america mondta alice cooper \u00e9s megint igaza volt<br \/>Na nem az\u00e9rt mert \u00f3ri\u00e1skigy\u00f3 l\u00f3g a nyak\u00e1ban..mer az roppant<\/p>\n<p>undi<br \/>Elk\u00e9pzelt\u00e9l m\u00e1r engem a k\u00f6nyv elad\u00e1si list\u00e1k \u00e9l\u00e9n???<br \/>\u00c9s ha ez az \u00edr\u00e1s eml\u00e9keztet valakit \u00edzekre im\u00e1kra szerelmekre helyekre kalandokra az nem a v\u00e9letlen m\u0171ve <br \/>Ism\u00e9tlem az nem a v\u00e9letlen m\u0171ve<br \/>Az ember tervez az isten v\u00e9gez nincs semmilyen v\u00e9letlen<br \/>Mert most m\u00e1r direkt van minden<br \/>Az \u00e9letem nem a pokoli sz\u00ednj\u00e1t\u00e9k<br \/>Nem a t\u00e9ved\u00e9sek v\u00edgj\u00e1t\u00e9ka<br \/>Ink\u00e1bb szabads\u00e1g szerelem<br \/>a napf\u00e9ny \u00edze <br \/>Meg sorolhatn\u00e1m az \u00f6sszes kommersz k\u00f6zhelyet<br \/>De arra meg vannak a kossuth d\u00edjas emberek<br \/>Just like heaven<br \/>Mint 89-ben a puskinban<br \/>R\u00e9g volt igaz volt<br \/>Minden perce a fiatals\u00e1gr\u00f3l sz\u00f3lt<br \/>Meg a vadorz\u00f3&#8230;<br \/>Mennyi nagy esem\u00e9ny sz\u00ednhelye<br \/>Sz\u00edntiszta m\u00e1mor volt minden este<br \/>\u00c9s ha trabi mes\u00e9lni tudna<br \/>A18as karika a fejem f\u00f6l\u00f6tt l\u00f3gna<br \/>Mert esett benne sok pajz\u00e1n eset<br \/>Szerencs\u00e9re egyik se diszk\u00f3 baleset<br \/>Azt\u00e1n j\u00f6tt new york<br \/>Ami t\u00e9nyleg \u00faj volt<br \/>Where the streets have no name<br \/>A subway monster meg tan\u00edtja k\u00e9t \u00faj kliens\u00e9t<br \/>Elt\u00e9vedt\u00fcnk \u00edgy is nem egyszer<br \/>Mert elt\u00e9r\u00edtett minket a szintetikus vegyszer<br \/>Vagy csak az otthon megivott s\u00f6r<br \/>Ami mindig cs\u00f6pi h\u00f3lyagj\u00e1ra t\u00f6r<br \/>De ez m\u00e1r mind csak eml\u00e9k <br \/>Nem is keresem az \u00e9rtelm\u00e9t<br \/>Minden v\u00e1ltozik de a l\u00e9nyeg nem<br \/>L\u00e9lek lufi a l\u00e9nyemnek<br \/>A kism\u00f3kusok ett\u0151l el \u00e9lveznek<br \/>Hogy h\u00faslevest adok a l\u00e9leknek<br \/>Azt\u00e1n \u00f6sszecsomagolom a m\u00faltam \u00e9s a jelenbe k\u00f6lt\u00f6z\u00f6m<br \/>Mert nem az sz\u00e1m\u00edt h hol voltam hanem h hov\u00e1 tartok<br \/>\u00c9n a csillagokba mert oda indul az eg\u00e9szs\u00e9ges szellem<br \/>Szellemem szellemes \u00e9n meg a j\u00f3 \u00faton<br \/>T\u00fal vagyok p\u00e1r hajt\u0171 kanyaron<br \/>nem m\u00e9g nem haltam meg,most \u00e9lek csak igaz\u00e1n<br \/>teszem a dolgom n\u00e9ha t\u00fal laz\u00e1n<br \/>De mit g\u00f6rcs\u00f6ljek lesz ahogy lennie kell<br \/>Nincs olyan amit nem \u00e9rhetek el<br \/>Most h megint itt vagyok veletek<br \/>\u00cdr\u00e1som lassan be is fejezem<br \/>Mert a kult\u00fara nagyon fontos dolog<br \/>M\u00e9gha a hossz\u00fas\u00e1ga miatt sok ember morog<br \/>H\u00e1t akkor rajta ezerrel nyomassuk a rockandrollt<br \/>Nekem t\u00f6ltsetek egy pepsit \u00e9n att\u00f3l vagyok j\u00f3l!!!<\/p>\n<\/blockquote>\n<p>[\/et_pb_text][\/et_pb_column][et_pb_column type=&#8221;1_2&#8243; _builder_version=&#8221;4.27.4&#8243; _module_preset=&#8221;default&#8221; global_colors_info=&#8221;{}&#8221;][et_pb_heading title=&#8221;Mott\u00f3_ M\u00e9g egy&#8221; _builder_version=&#8221;4.27.4&#8243; _module_preset=&#8221;default&#8221; title_level=&#8221;h2&#8243; title_text_align=&#8221;left&#8221; title_font_size=&#8221;34px&#8221; width=&#8221;100%&#8221; width_tablet=&#8221;100%&#8221; width_phone=&#8221;100%&#8221; width_last_edited=&#8221;on|phone&#8221; custom_padding=&#8221;15px|||||&#8221; animation_style=&#8221;fade&#8221; title_line_height_tablet=&#8221;&#8221; title_line_height_phone=&#8221;1.1em&#8221; title_line_height_last_edited=&#8221;on|phone&#8221; locked=&#8221;off&#8221; global_colors_info=&#8221;{}&#8221;][\/et_pb_heading][et_pb_text quote_border_color=&#8221;gcid-2ebbc52c-9ee6-4712-a077-fcaec9b98540&#8243; _builder_version=&#8221;4.27.4&#8243; _module_preset=&#8221;default&#8221; text_font=&#8221;&#8211;et_global_heading_font||||||||&#8221; text_text_color=&#8221;gcid-heading-color&#8221; text_font_size=&#8221;17px&#8221; text_line_height=&#8221;1.6em&#8221; header_text_align=&#8221;left&#8221; custom_margin=&#8221;||-2px|||&#8221; animation_style=&#8221;fade&#8221; animation_duration=&#8221;2000ms&#8221; text_font_size_tablet=&#8221;17px&#8221; text_font_size_phone=&#8221;17px&#8221; text_font_size_last_edited=&#8221;on|phone&#8221; text_line_height_tablet=&#8221;1.6em&#8221; text_line_height_phone=&#8221;1.4em&#8221; text_line_height_last_edited=&#8221;on|desktop&#8221; border_style_all=&#8221;inset&#8221; locked=&#8221;off&#8221; global_colors_info=&#8221;{%22gcid-2ebbc52c-9ee6-4712-a077-fcaec9b98540%22:%91%22quote_border_color%22,%22quote_border_color%22%93,%22gcid-heading-color%22:%91%22text_text_color%22%93}&#8221;]<\/p>\n<blockquote>\n<p>Mott\u00f3:<br \/>M\u00e9g egy slukkot a pip\u00e1b\u00f3l<br \/>M\u00e9g kortyot a pi\u00e1b\u00f3l<br \/>Meg egy falatot keny\u00e9rb\u0151l<br \/>M\u00e9g egy napot az \u00e8lett\u0151l<br \/>Ennyi kell \u00e9s semmi m\u00e0s az \u00f6sszes t\u00f6bbi csak a r\u00e1ad\u00e1s&#8230;<br \/>Junkies<br \/>\u00cdgy ment huszonvalah\u00e1ny \u00e9vig <br \/>Nem \u00e9rdekel f\u00f6ld\u00f6n,leszarom vil\u00e1gban tengettem \u00e9letem<br \/>A k\u00f6z\u00f6ny volt az \u00e9n istenem<br \/>Beismerem nem \u00e9rdekelt semmi \u00e9s senki csak az hogy megtudjam szerezni!<br \/>Ittam, hogy tudjak \u00e9lni \u00e9s \u00e9ltem hogy ihassak<br \/>Sok\u00e1ig viccesnek hittem<br \/>A szintez\u0151 l\u00e9cet r\u00e9szegen vittem<br \/>De azt\u00e1n komolyra fordultak a dolgok,nem tudtam kisz\u00e1llni az aut\u00f3b\u00f3l mert olyan elvon\u00e1som volt reggelente<br \/>Elt\u00e9vedtem saj\u00e1t t\u00e9rk\u00e9pemen <br \/>K\u00e9t h\u00e1ny\u00e1s k\u00f6zt aludtam a kocsiban&#8230;stb<br \/>Innom kellett,hogy dolgozzak,hogy aludjak,hogy egyek,hogy szeretkezzek<br \/>Innom kellett mert unatkoztam,depresszi\u00f3s ,mag\u00e1nyos meg-nem \u00e9rtett voltam&#8230;<br \/>Ittam a t\u00fal\u00e9l\u00e9s\u00e9rt az \u00e9letben marad\u00e1s\u00e9rt<br \/>Hogy ne \u00e9rezzem a f\u00e1jdalmat, szomor\u00fas\u00e1got ,kil\u00e1t\u00e1stalans\u00e1got,az egyhang\u00fas\u00e1got ,f\u00e9lelmet a kissebbrend\u0171s\u00e9get.<br \/>Az\u00e9rt \u00e9ltem hogy ihassak mmkk:<br \/>Mindig minden k\u00f6r\u00fclm\u00e9nyek k\u00f6z\u00f6tt<br \/>Napra nap h\u00e9tre h\u00e9t<br \/>Egyre kev\u00e9sb\u00e9 tal\u00e0ltam az \u00e9let \u00e9rtelm\u00e9t<br \/>Semmi sem sz\u00f3lt semmir\u0151l<br \/>Semmi sem sz\u00f3lt ellene se mellette<br \/>Megszok\u00e1s lett r\u00e1szok\u00e1s lett <br \/>Tett nem k\u00f6vetett, tehetetlen\u00fcl nem tettem semmit<br \/>Sodr\u00f3dtam az \u00e1rral-szemben<br \/>Szememben k\u00f6nnyek,sokszor s\u00edrtam<br \/>M\u00e9lypontb\u00f3l m\u00e9lyebb pontra zuhantam \u00e9s nem volt meg\u00e1ll\u00e1s<br \/>F\u00f6ldr\u00e9szeken \u00e1t tartott az \u0151r\u00fclt rohan\u00e0s<br \/>Elveszni l\u00e1tszott minden&#8230;<br \/>De az utols\u00f3 ut\u00e1ni pillanatban-valami isteni sugallatra-meg \u00e1lljt intettem magamnak<br \/>Id\u00e1ig harcoltam \u00e9s nem tov\u00e1bb<br \/>M\u00e1r itt az ideje csin\u00e1lni valami m\u00e1st<br \/>Az\u00f3ta eltelt n\u00e9h\u00e1ny nap,v\u00e1ltoznak a dolgok,sz\u00fcrre\u00e1lis \u00e9letem a realit\u00e1s talaj\u00e1n kapott \u00faj \u00e9rtelmet.<br \/>Az \u00e9rz\u00e9sek gyakran ugyanazok.<br \/>Mostan\u00e1ban is \u00e9rzem hogy zuhanok de m\u00e1r van alattam h\u00e1l\u00f3.<br \/>Cs\u00f6r\u00f6g a telefon ,kiny\u00falnak a kezek,<br \/>\u00e9s nem hagyj\u00e1k hogy egyed\u00fcl legyek!!<br \/>Van mibe kapaszkodnom van seg\u00edts\u00e9g akkor is amikor eluralkodik rajtam a k\u00e9ts\u00e9gbees\u00e9s.<br \/>Most sem kell t\u00f6bb mint egy nap az \u00e9lett\u0151l de az legyen tiszta legyen j\u00f3zan,mert nem tudom mit hoz a holnap.<br \/>\u00c9s ameddig itt vagyok veletek a k\u00f6tel\u00e9k itt van a sz\u00edvekben,amikor v\u00e1ll vetve,bajt\u00e1rsiasan k\u00fczd\u00fcnk tudom hogy j\u00f3 helyen vagyok \u00e9s tudom hogy j\u00f3 az \u00fat amin j\u00e1rok \u00e9s nem is fordulok vissza!<\/p>\n<\/blockquote>\n<p>[\/et_pb_text][\/et_pb_column][\/et_pb_row][\/et_pb_section][et_pb_section fb_built=&#8221;1&#8243; _builder_version=&#8221;4.27.4&#8243; _module_preset=&#8221;default&#8221; custom_padding=&#8221;||0px|||&#8221; locked=&#8221;off&#8221; global_colors_info=&#8221;{}&#8221;][et_pb_row column_structure=&#8221;1_2,1_2&#8243; _builder_version=&#8221;4.27.4&#8243; _module_preset=&#8221;default&#8221; min_height=&#8221;89px&#8221; custom_margin=&#8221;-41px|auto||auto||&#8221; custom_padding=&#8221;||0px|||&#8221; global_colors_info=&#8221;{}&#8221;][et_pb_column type=&#8221;1_2&#8243; _builder_version=&#8221;4.27.4&#8243; _module_preset=&#8221;default&#8221; global_colors_info=&#8221;{}&#8221;][et_pb_heading title=&#8221;Nap mint nap&#8221; _builder_version=&#8221;4.27.4&#8243; _module_preset=&#8221;default&#8221; title_level=&#8221;h2&#8243; title_text_align=&#8221;left&#8221; title_font_size=&#8221;34px&#8221; width=&#8221;100%&#8221; width_tablet=&#8221;100%&#8221; width_phone=&#8221;100%&#8221; width_last_edited=&#8221;on|phone&#8221; custom_padding=&#8221;15px|||||&#8221; animation_style=&#8221;fade&#8221; title_line_height_tablet=&#8221;&#8221; title_line_height_phone=&#8221;1.1em&#8221; title_line_height_last_edited=&#8221;on|phone&#8221; global_colors_info=&#8221;{}&#8221;][\/et_pb_heading][et_pb_text quote_border_color=&#8221;gcid-2ebbc52c-9ee6-4712-a077-fcaec9b98540&#8243; _builder_version=&#8221;4.27.4&#8243; _module_preset=&#8221;default&#8221; text_font=&#8221;&#8211;et_global_heading_font||||||||&#8221; text_text_color=&#8221;gcid-heading-color&#8221; text_font_size=&#8221;17px&#8221; text_line_height=&#8221;1.6em&#8221; header_text_align=&#8221;left&#8221; animation_style=&#8221;fade&#8221; animation_duration=&#8221;2000ms&#8221; text_font_size_tablet=&#8221;17px&#8221; text_font_size_phone=&#8221;17px&#8221; text_font_size_last_edited=&#8221;on|phone&#8221; text_line_height_tablet=&#8221;1.6em&#8221; text_line_height_phone=&#8221;1.4em&#8221; text_line_height_last_edited=&#8221;on|desktop&#8221; border_style_all=&#8221;inset&#8221; global_colors_info=&#8221;{%22gcid-2ebbc52c-9ee6-4712-a077-fcaec9b98540%22:%91%22quote_border_color%22,%22quote_border_color%22%93,%22gcid-heading-color%22:%91%22text_text_color%22%93}&#8221;]<\/p>\n<blockquote>\n<p>V\u00e9g\u00fcl \u00fagy is beleveszik majd minden,<br \/>id\u0151, t\u00e9r, \u00e9rzelmek, szerelmek<br \/>a m\u00e1mor foly\u00e9kony, fojtogat\u00f3 forr\u00e1saiba,<br \/>amib\u0151l felbugyogva<br \/>csak a sz\u00e9gyen marad itt velem.<br \/>Meg az az \u00f6nmarcangol\u00f3, ostoba,<br \/>k\u00e9ts\u00e9gbe esett, eltorzult, k\u00f6nnyekkel teli,<br \/>r\u00e9szeg mosoly,<br \/>mellyel megvetem magam<br \/>nap mint nap.<br \/>Nap mint nap<br \/>Nap nap ut\u00e1n <br \/>Nap ut\u00e1n nap<br \/>1400nap ut\u00e1n<br \/>Igen&#8230;eltelt 1400nap<br \/>Nem gyorsan.nem k\u00f6nnyen.nem nyomtalanul.<br \/>\u00c9s \u00e9n m\u00e9g itt vagyok.m\u00e9g mindig itt vagyok.<br \/>Pedig mostan\u00e1ban gyakran \u00e9rzem ugyanazt a sz\u00e9gyent,<\/p>\n<p>b\u0171ntudatot.<br \/>Ugyanolyan megvet\u00e9ssel tudok magamra gondolni:<br \/>Ezt megint elbasztam<br \/>Ezt megint nem j\u00f3l csin\u00e1ltam<br \/>Ezt megint nem tudtam m\u00e1shogy csin\u00e1lni<br \/>Ezt megint&#8230;..de v\u00e1rjunk csak!!!<br \/>Nekem mindig mindent j\u00f3l kell csin\u00e1lnom????<br \/>Neeeem!!!!<br \/>M\u00e1r nem kell h k\u00e9nyszeresen megfeleljek a vil\u00e1gnak.<br \/>M\u00e1r nem kell h k\u00e9nyszeresen igyak minden kudarc vagy elrontott k\u00eds\u00e9rlet ut\u00e1n.<br \/>M\u00e1r nem kell megsz\u00e1llottan hajszolnom h j\u00f3 legyen h jobb legyen<\/p>\n<p>h m\u00e9gjobb legyen.<br \/>M\u00e1r nem kell&#8230;.m\u00e1r van v\u00e1laszt\u00e1som&#8230;m\u00e1r szabad vagyok.<br \/>M\u00e1r tudom mi a dolgom<br \/>M\u00e1r tudom mi az \u00fczenetem<br \/>Legjobb k\u00e9pess\u00e9geim szerint \u00e9lni \u00e9s \u00e9lvezni az \u00e9letet;dolgozni a programon \u00e9s ember maradni <br \/>nap mint nap&#8230;..<\/p>\n<\/blockquote>\n<p>[\/et_pb_text][\/et_pb_column][et_pb_column type=&#8221;1_2&#8243; _builder_version=&#8221;4.27.4&#8243; _module_preset=&#8221;default&#8221; global_colors_info=&#8221;{}&#8221;][et_pb_heading title=&#8221;Napalm death&#8221; _builder_version=&#8221;4.27.4&#8243; _module_preset=&#8221;default&#8221; title_level=&#8221;h2&#8243; title_text_align=&#8221;left&#8221; title_font_size=&#8221;34px&#8221; width=&#8221;100%&#8221; width_tablet=&#8221;100%&#8221; width_phone=&#8221;100%&#8221; width_last_edited=&#8221;on|phone&#8221; custom_padding=&#8221;15px|||||&#8221; animation_style=&#8221;fade&#8221; title_line_height_tablet=&#8221;&#8221; title_line_height_phone=&#8221;1.1em&#8221; title_line_height_last_edited=&#8221;on|phone&#8221; locked=&#8221;off&#8221; global_colors_info=&#8221;{}&#8221;][\/et_pb_heading][et_pb_text quote_border_color=&#8221;gcid-2ebbc52c-9ee6-4712-a077-fcaec9b98540&#8243; _builder_version=&#8221;4.27.4&#8243; _module_preset=&#8221;default&#8221; text_font=&#8221;&#8211;et_global_heading_font||||||||&#8221; text_text_color=&#8221;gcid-heading-color&#8221; text_font_size=&#8221;17px&#8221; text_line_height=&#8221;1.6em&#8221; header_text_align=&#8221;left&#8221; custom_margin=&#8221;||-2px|||&#8221; animation_style=&#8221;fade&#8221; animation_duration=&#8221;2000ms&#8221; text_font_size_tablet=&#8221;17px&#8221; text_font_size_phone=&#8221;17px&#8221; text_font_size_last_edited=&#8221;on|phone&#8221; text_line_height_tablet=&#8221;1.6em&#8221; text_line_height_phone=&#8221;1.4em&#8221; text_line_height_last_edited=&#8221;on|desktop&#8221; border_style_all=&#8221;inset&#8221; locked=&#8221;off&#8221; global_colors_info=&#8221;{%22gcid-2ebbc52c-9ee6-4712-a077-fcaec9b98540%22:%91%22quote_border_color%22,%22quote_border_color%22%93,%22gcid-heading-color%22:%91%22text_text_color%22%93}&#8221;]<\/p>\n<blockquote>\n<p>A csend megs\u00fcket\u00edt<br \/>A s\u00f6t\u00e9ts\u00e9g elvak\u00edt<br \/>A mozdulat megb\u00e9n\u00edt<\/p>\n<p>V\u00f6r\u00f6s k\u00f3d,v\u00f6r\u00f6s k\u00f3d<br \/>Hallod a szir\u00e9n\u00e1t????<br \/>A vihar ut\u00e1n<br \/>A csend el\u0151tt<br \/>Nem t\u00e9rk\u00e9p a nem t\u00e1j<br \/>Ha nem besz\u00e9lsz r\u00f3la nem f\u00e1j<br \/>A vihar el\u0151tt<br \/>A csend ut\u00e1n<br \/>Nincs v\u00e1lasz ,nincs magyar\u00e1zat<br \/>Csak nyeled a pirul\u00e1kat<\/p>\n<p>A csend megs\u00fcket\u00edt<br \/>A s\u00f6t\u00e9ts\u00e9g elvak\u00edt<br \/>A mozdulat megb\u00e9n\u00edt<\/p>\n<p>Mantr\u00e1zod magadnak:<br \/>Holnap jobb lesz<br \/>Holnap jobb lesz<br \/>Holnap&#8230;lesz holnap?<br \/>Mintha sz\u00e1m\u00edtana b\u00e1rmit is mit mondassz <br \/>Mintha sz\u00e1m\u00edtana b\u00e1rmi is<br \/>Mert senki sem tudja honnan j\u00f6n az atom vagy honnan a fert\u0151z\u00e9s<br \/>Vagy meddig tart m\u00e9g ez a sz\u00e1nalmas verg\u0151d\u00e9s<\/p>\n<p>A csend megs\u00fcket\u00edt<br \/>A s\u00f6t\u00e9ts\u00e9g elvak\u00edt<br \/>A mozdulat megb\u00e9n\u00edt<\/p>\n<p>J\u00f3 lesz neked j\u00f6v\u0151re,az idei \u00e9v m\u00e1r elfogyott<br \/>Lassan m\u00e1r v\u00e1laszt\u00e1sod sincs<br \/>\u00daj j\u00e0t\u00e9k,\u00faj szab\u00e1lyok<br \/>Az eszme a r\u00e9gi<br \/>Nem biztos h t\u00fal fogod \u00e9lni<br \/>\u00daj id\u0151knek \u00faj szavak<br \/>H\u00e1tha leomlanak a falak<br \/>Magadba n\u00e9zel:A legs\u00f6t\u00e9tebb g\u00f6d\u00f6r<br \/>Az ablakon kin\u00e9zel:A legsz\u00fcrk\u00e9bb nap<br \/>Let\u00f6rl\u00f6d a k\u00f6nnyeket<br \/>Vedd komolyan:Ez az \u00e9leted<br \/>Vedd komolyan:Ez az \u00e9leted?<br \/>Felh\u00fazod a z\u00e1szl\u00f3t<br \/>Black flag<br \/>Azt\u00e1n ord\u00edtassz h t\u00e1mad\u00e1\u00e1\u00e1s!!!!!<br \/>Egyszem\u00e9lyes hadsereg<br \/>De a gy\u00e1vas\u00e1god t\u00f6nkretesz<\/p>\n<p>A csend megnyugtat<br \/>A s\u00f6t\u00e9ts\u00e9g felizgat<br \/>A zaj meg\u0151rj\u00edt<\/p>\n<p>A kihal\u00e1s sz\u00e9l\u00e9re sodr\u00f3dunk<br \/>De mit \u00e9rdekel ez t\u00e9ged?<br \/>Mit \u00e9rdekel a j\u00f6v\u0151,ha a jelenedet is elveszik??????<br \/>Fenyeget a v\u00e9g<br \/>Fenyeget a kezdet<br \/>A kett\u0151 k\u00f6z\u00fcl melyik hoz rendet?<br \/>Hallod a g\u00e9peket?<br \/>Z\u00fagnak,zakatolnak,csattognak<br \/>\u00c1lmokat sz\u0151nek<br \/>Nem a ti\u00e9det<br \/>Egy sima,egy ford\u00edtott <br \/>Egy kiford\u00edtott,egy eltorz\u00edtott<br \/>Eltorz\u00edtott,kiford\u00edtott<br \/>\u00c9rt\u00e9kelhetetlen \u00e9rt\u00e9krend<br \/>Vissza a j\u00f6v\u0151be<br \/>Ugr\u00e1s a semmibe<br \/>A visszasz\u00e1ml\u00e1l\u00e1s megkezd\u0151d\u00f6tt<br \/>5,4,3,2,1&#8230;..1&#8230;1&#8230;1&#8230;.<br \/>Sosincs v\u00e9ge<br \/>Sose lesz b\u00e9ke<br \/>Sosincs v\u00e9ge<br \/>Sose lesz&#8230;.<\/p>\n<p>Csendzajs\u00f6t\u00e9ts\u00e9gmozdulatlans\u00e1gzajs\u00f6t\u00e9ts\u00e9gcsend\u0151r\u00fclethal\u00e1lb\u00e9kenyugalomcsendszeretet&#8230;&#8230;<\/p>\n<\/blockquote>\n<p>[\/et_pb_text][\/et_pb_column][\/et_pb_row][\/et_pb_section][et_pb_section fb_built=&#8221;1&#8243; _builder_version=&#8221;4.27.4&#8243; _module_preset=&#8221;default&#8221; custom_padding=&#8221;||0px|||&#8221; locked=&#8221;off&#8221; global_colors_info=&#8221;{}&#8221;][et_pb_row column_structure=&#8221;1_2,1_2&#8243; _builder_version=&#8221;4.27.4&#8243; _module_preset=&#8221;default&#8221; min_height=&#8221;89px&#8221; custom_margin=&#8221;-41px|auto||auto||&#8221; custom_padding=&#8221;||0px|||&#8221; global_colors_info=&#8221;{}&#8221;][et_pb_column type=&#8221;1_2&#8243; _builder_version=&#8221;4.27.4&#8243; _module_preset=&#8221;default&#8221; global_colors_info=&#8221;{}&#8221;][et_pb_heading title=&#8221;Nekem 8&#8243; _builder_version=&#8221;4.27.4&#8243; _module_preset=&#8221;default&#8221; title_level=&#8221;h2&#8243; title_text_align=&#8221;left&#8221; title_font_size=&#8221;34px&#8221; width=&#8221;100%&#8221; width_tablet=&#8221;100%&#8221; width_phone=&#8221;100%&#8221; width_last_edited=&#8221;on|phone&#8221; custom_padding=&#8221;15px|||||&#8221; animation_style=&#8221;fade&#8221; title_line_height_tablet=&#8221;&#8221; title_line_height_phone=&#8221;1.1em&#8221; title_line_height_last_edited=&#8221;on|phone&#8221; global_colors_info=&#8221;{}&#8221;][\/et_pb_heading][et_pb_text quote_border_color=&#8221;gcid-2ebbc52c-9ee6-4712-a077-fcaec9b98540&#8243; _builder_version=&#8221;4.27.4&#8243; _module_preset=&#8221;default&#8221; text_font=&#8221;&#8211;et_global_heading_font||||||||&#8221; text_text_color=&#8221;gcid-heading-color&#8221; text_font_size=&#8221;17px&#8221; text_line_height=&#8221;1.6em&#8221; header_text_align=&#8221;left&#8221; animation_style=&#8221;fade&#8221; animation_duration=&#8221;2000ms&#8221; text_font_size_tablet=&#8221;17px&#8221; text_font_size_phone=&#8221;17px&#8221; text_font_size_last_edited=&#8221;on|phone&#8221; text_line_height_tablet=&#8221;1.6em&#8221; text_line_height_phone=&#8221;1.4em&#8221; text_line_height_last_edited=&#8221;on|desktop&#8221; border_style_all=&#8221;inset&#8221; global_colors_info=&#8221;{%22gcid-2ebbc52c-9ee6-4712-a077-fcaec9b98540%22:%91%22quote_border_color%22,%22quote_border_color%22%93,%22gcid-heading-color%22:%91%22text_text_color%22%93}&#8221;]<\/p>\n<blockquote>\n<p>8 \u00e9v<br \/>8 m\u00e9rf\u00f6ld<br \/>8mm<br \/>8 ker.<br \/>8 \u00f3ra munka<br \/>8as k\u00f3d t\u00e1pp\u00e9nz <br \/>8 szem\u00e9lyes kv f\u0151z\u0151<br \/>8 utas a hal\u00e1l<br \/>8 kincs m\u00e1rt\u00e1s<br \/>8 as kulcs<br \/>8 ball<\/p>\n<p>A vil\u00e1g 8. Csod\u00e1ja&#8230;na az nem \u00e9n vagyok hanem<br \/>Petsy Kensit az eight wonder \u00e9nekesn\u0151je&#8230;tudj\u00e1tok Mel Gibson csaja a hal\u00e1los fegyver kett\u0151ben<\/p>\n<p>Pedig azt mondj\u00e1k hogy ha egy f\u00fcgg\u0151 nem haszn\u00e1l egy napig az maga a csoda<br \/>De \u00e9n ink\u00e1bb csak csod\u00e1lkozom:ez mennyire nem norm\u00e1lis,mennyire absztrakt <br \/>Ha mar az absztrakt alliter\u00e1ciok agytr\u00f6sztje vagyok<br \/>Mert mik\u00f6zben \u00e9n azon vagyok h helyre\u00e1ll\u00edtsam a j\u00f3zan gondolkod\u00e1som<br \/>A vil\u00e1g \u00e9pp megbolondul<br \/>Micsoda kontraszt<br \/>Micsoda ellentmond\u00e1s<br \/>Ellent mondok magamnak<br \/>Ellent mondok mag\u00e1nak<br \/>Ellen Page aki nemet mondott a nem\u00e9nek<br \/>B\u00facs\u00fat intett a mell\u00e9nek<\/p>\n<p>\u00c9p testben,\u00e9pp a l\u00e9lek-v\u00e1ndorol csak<br \/>\u00dcres mag\u00e1nyban nincs akihez sz\u00f3lhat<\/p>\n<p>Micsoda paradox<br \/>Para para paradigma <br \/>Szeml\u00e9let v\u00e1lt\u00e1s az is ha leveszem a szemellenz\u0151m<\/p>\n<p>Ha kil\u00e9pek a komfort z\u00f3n\u00e1mb\u00f3l <br \/>Non-konformista leszek?<br \/>Magam ellen mindenk\u00e9pp<br \/>Vagy persona non grata a saj\u00e1t szememben<br \/>Mert Micsoda mer\u00e9nylet ez,\u00f6nmagam ellen, hogy a j\u00e1rt utat jaratlan\u00e9rt feladom<br \/>Es arra megyek amerre m\u00e9g sosem j\u00e1rtam<br \/>De erre nagyon sok\u00e1ig v\u00e1rtam<br \/>Hogy elmozduljak a holtpontr\u00f3l<br \/>S egy \u00faj k\u00f6nyvet vegyek le a polcr\u00f3l<\/p>\n<p>Vagy non szensz<br \/>Egy lehetetlens\u00e9g&#8230;.egy mission impossible<br \/>Mert ahogy Tom Cruise \u00fagy \u00e9n sem alkamazok dubl\u0151rt<br \/>\u00c9n megyek bele a r\u00e1z\u00f3s helyzetekbe,\u00e9n v\u00e1llalom a felel\u0151ss\u00e9get, \u00e9n n\u00e9zek szembe saj\u00e1t gyenges\u00e9geimmel<br \/>\u00c9n,\u00e9n,\u00e9n mindig csak \u00e9n<br \/>Egy rohadt,\u00f6nz\u0151 \u00e1llat vagyok!!!!!<br \/>De ha hajnal 2kor felh\u00edvsz,hogy:Steve,g\u00e1z van gyere<br \/>Be\u00fcl\u00f6k sz aut\u00f3ba \u00e9s megyek<br \/>Mert ha az egyik f\u00fcgg\u0151 seg\u00edt a m\u00e1siknak az p\u00e1ratlan&#8230;.<br \/>Vagy p\u00e1ros<br \/>Fekete vagy feh\u00e9r <br \/>Igen vagy nem<br \/>Most m\u00e1r az \u00e9n d\u00f6nt\u00e9sem <br \/>\u00c9s \u00e9n ezt v\u00e1lasztottam,hogy legy\u0151zve a f\u00e9lelmeimet,g\u00e1tl\u00e1saimat,gy\u00e1vas\u00e1gomat<br \/>Lek\u00fczdve a kisebbs\u00e9gi komplexumaimat,\u00f6nbizalom hi\u00e1nyomat,kis hit\u0171s\u00e9gemet&#8230;.megmutatom magam&#8230;.<br \/>Meg ezeket a k\u00e9peket,meg a sz\u00f6vegeimet,meg az \u00e9rz\u00e9seimet,gondolataimat<br \/>\u00c9s ehhez nagy b\u00e1tors\u00e1g kell&#8230;.nagyobb mint&#8230;.na de hagyjuk&#8230;nem akarok felideges\u00edteni senkit<\/p>\n<p>Mert \u00fcnnepelni j\u00f6tt\u00fcnk ahogy mondtam&#8230;.<br \/>\u00dcnnep oly sz\u00e9p,gyertya ha \u00e9g&#8230;.<br \/>Na balker Pataki Attill\u00e1t id\u00e9zem&#8230;asszem engem is elraboltak az uf\u00f3k&#8230;20 \u00e9vire biztos ,mert h nem ezen a bolyg\u00f3n voltam azis h\u00f3tziher<br \/>De ahogy a m\u00faltkori sz\u00f6vegben \u00edrtam:<br \/>Lassan feln\u00f6v\u00f6k <br \/>Lassan meg\u00e9rkezem&#8230;.<\/p>\n<\/blockquote>\n<p>[\/et_pb_text][\/et_pb_column][et_pb_column type=&#8221;1_2&#8243; _builder_version=&#8221;4.27.4&#8243; _module_preset=&#8221;default&#8221; global_colors_info=&#8221;{}&#8221;][et_pb_heading title=&#8221;Nem iszom&#8221; _builder_version=&#8221;4.27.4&#8243; _module_preset=&#8221;default&#8221; title_level=&#8221;h2&#8243; title_text_align=&#8221;left&#8221; title_font_size=&#8221;34px&#8221; width=&#8221;100%&#8221; width_tablet=&#8221;100%&#8221; width_phone=&#8221;100%&#8221; width_last_edited=&#8221;on|phone&#8221; custom_padding=&#8221;15px|||||&#8221; animation_style=&#8221;fade&#8221; title_line_height_tablet=&#8221;&#8221; title_line_height_phone=&#8221;1.1em&#8221; title_line_height_last_edited=&#8221;on|phone&#8221; locked=&#8221;off&#8221; global_colors_info=&#8221;{}&#8221;][\/et_pb_heading][et_pb_text quote_border_color=&#8221;gcid-2ebbc52c-9ee6-4712-a077-fcaec9b98540&#8243; _builder_version=&#8221;4.27.4&#8243; _module_preset=&#8221;default&#8221; text_font=&#8221;&#8211;et_global_heading_font||||||||&#8221; text_text_color=&#8221;gcid-heading-color&#8221; text_font_size=&#8221;17px&#8221; text_line_height=&#8221;1.6em&#8221; header_text_align=&#8221;left&#8221; custom_margin=&#8221;||-2px|||&#8221; animation_style=&#8221;fade&#8221; animation_duration=&#8221;2000ms&#8221; text_font_size_tablet=&#8221;17px&#8221; text_font_size_phone=&#8221;17px&#8221; text_font_size_last_edited=&#8221;on|phone&#8221; text_line_height_tablet=&#8221;1.6em&#8221; text_line_height_phone=&#8221;1.4em&#8221; text_line_height_last_edited=&#8221;on|desktop&#8221; border_style_all=&#8221;inset&#8221; locked=&#8221;off&#8221; global_colors_info=&#8221;{%22gcid-2ebbc52c-9ee6-4712-a077-fcaec9b98540%22:%91%22quote_border_color%22,%22quote_border_color%22%93,%22gcid-heading-color%22:%91%22text_text_color%22%93}&#8221;]<\/p>\n<blockquote>\n<p>Nem iszom t\u00f6bbet &#8230;fogadtam meg kb egy milli\u00f3szor<br \/>Reggel ezt mondtam..est\u00e9re ber\u00fagtam..<br \/>Amit reggel fel\u00e9p\u00edtettem est\u00e9re led\u0151lt<br \/>Minden vil\u00e1gmegv\u00e1lt\u00f3 tervem az els\u0151 vodk\u00e1ban felold\u00f3dott<br \/>Nem volt v\u00e1laszt\u00e1som<br \/>Mint a katon\u00e1k a h\u00e1bor\u00faban&#8230;<br \/>Menni gyilkolni<br \/>Menni..inni..<br \/>Menni puszt\u00edtani<br \/>Menni pusztulni<br \/>Nem volt alap<br \/>Hi\u00e1nyzott a d\u00f6nt\u00e9s a hit az elhat\u00e1roz\u00e1s<br \/>\u00d6rj\u00f6ng\u00f6tt bennem az \u00e9get\u0151 v\u00e1gy<br \/>G\u00e1zoltam t\u00e9rdig brooklyn mocsk\u00e1ban<br \/>ittam kokt\u00e9lt manhattan legmen\u0151bb b\u00e1rj\u00e1ban<br \/>Pokol \u00e9s mennyorsz\u00e1g<br \/>Ezer megh\u00e1borodott elme oszt\u00e1ly<br \/>Fent \u00e9s lent<br \/>Azt\u00e1n lejjebb \u00e9s egyre lejjebb<br \/>V\u00e9g\u00fcl seholf\u00f6ld semmi orsz\u00e1g senki lak\u00f3ja lettem<br \/>A sz\u00edv \u00fcresen \u00e1llt<br \/>A l\u00e9lek bel\u00e9m h\u00e1nyni j\u00e1rt<br \/>Nem volt aki seg\u00edtsen<br \/>Nem volt ami seg\u00edtsen<br \/>Csak v\u00e1rtam<br \/>\u00dcltem \u00e9s v\u00e1rtam<br \/>\u00c9s semmi sem t\u00f6rt\u00e9nt<br \/>Nem t\u00f6rt\u00e9nt semmi sem<br \/>Mert a dolgok nem akkor kezd\u0151dnek el mikor valaki azt mondja h el kell kezdeni<br \/>A dolgok itt meg itt kezd\u0151dnek el<br \/>2014.04.08<br \/>Valami v\u00e9get \u00e9r.valami elkezd\u0151dik itt ezen a helyen<br \/>2015.06.23<br \/>Itt valami v\u00e9get \u00e9r \u00e9s elkezd\u0151dik valami a f\u00e9lutasban<br \/>2016.01.01<br \/>V\u00e9get \u00e9r a f\u00e9lutas \u00e9s elkezd\u0151dik valami&#8230;ami m\u00e9g mindig tart<br \/>Koml\u00f3 dermeszt\u0151 csend a csoportokon,f\u00e1jdalmas \u0151szintes\u00e9g,megind\u00edt\u00f3 visszaeml\u00e9kez\u00e9s<br \/>P\u00e9cs dermeszt\u0151 csend a f\u00e9lutasban<br \/>egyed\u00fcl vagyok de nem vagyok mag\u00e1nyos<br \/>F\u00e1jdalmas pillanatok mikor csal\u00f3dnom kell egy l\u00e1nyban<br \/>megind\u00edt\u00f3 azonosul\u00e1s egy gy\u0171l\u00e9sen<br \/>A fel\u00e9p\u00fcl\u00e9s elkezd\u0151d\u00f6tt \u00e9s m\u00e9g mindig tart<br \/>M\u0171k\u00f6dik mert m\u0171k\u00f6dtetem<br \/>Megkaptam mindent pedig semmit sem k\u00e9rtem<br \/>A nincs semmit felv\u00e1ltotta a van minden<br \/>Van minden amiben sosem hittem<br \/>Van gy\u0171l\u00e9s van szp\u00edkers\u00e9g van elfogad\u00e1s van szeretet van foci van l\u00e9p\u00e9s\u00edr\u00e1s van szponzor van felemel\u0151 pillanat van szerelem van seg\u00edts\u00e9g van bar\u00e1t van sz\u00ednpad van \u00edr\u00e1s van koml\u00f3 van p\u00e9cs <br \/>Van rudi van robi van janta van reki van kriszta van judit<br \/>Itt van mindenki <br \/>Itt van minden<br \/>N\u00e9ha azt gondolom nem is kell t\u00f6bb<br \/>N\u00e9ha tudom h nem is kell t\u00f6bb<br \/>J\u00f3 helyen vagyok <br \/>A helyemen vagyok<br \/>\u00c9n vagyok<br \/>Ez most m\u00e1r \u00c9n vagyok<br \/>Ma nem iszom..fogadom meg minden reggel<br \/>\u00c9s este m\u00e9g mindig tart<br \/>Amit fel\u00e9p\u00edtettem nem d\u0151l \u00f6ssze<br \/>Mert van hit rem\u00e9ny <br \/>\u00c9s meg van a d\u00f6nt\u00e9s<\/p>\n<\/blockquote>\n<p>[\/et_pb_text][\/et_pb_column][\/et_pb_row][\/et_pb_section][et_pb_section fb_built=&#8221;1&#8243; _builder_version=&#8221;4.27.4&#8243; _module_preset=&#8221;default&#8221; custom_padding=&#8221;||0px|||&#8221; locked=&#8221;off&#8221; global_colors_info=&#8221;{}&#8221;][et_pb_row column_structure=&#8221;1_2,1_2&#8243; _builder_version=&#8221;4.27.4&#8243; _module_preset=&#8221;default&#8221; min_height=&#8221;89px&#8221; custom_margin=&#8221;-41px|auto||auto||&#8221; custom_padding=&#8221;||0px|||&#8221; global_colors_info=&#8221;{}&#8221;][et_pb_column type=&#8221;1_2&#8243; _builder_version=&#8221;4.27.4&#8243; _module_preset=&#8221;default&#8221; global_colors_info=&#8221;{}&#8221;][et_pb_heading title=&#8221;Nem v\u00e9nnek&#8221; _builder_version=&#8221;4.27.4&#8243; _module_preset=&#8221;default&#8221; title_level=&#8221;h2&#8243; title_text_align=&#8221;left&#8221; title_font_size=&#8221;34px&#8221; width=&#8221;100%&#8221; width_tablet=&#8221;100%&#8221; width_phone=&#8221;100%&#8221; width_last_edited=&#8221;on|phone&#8221; custom_padding=&#8221;15px|||||&#8221; animation_style=&#8221;fade&#8221; title_line_height_tablet=&#8221;&#8221; title_line_height_phone=&#8221;1.1em&#8221; title_line_height_last_edited=&#8221;on|phone&#8221; global_colors_info=&#8221;{}&#8221;][\/et_pb_heading][et_pb_text quote_border_color=&#8221;gcid-2ebbc52c-9ee6-4712-a077-fcaec9b98540&#8243; _builder_version=&#8221;4.27.4&#8243; _module_preset=&#8221;default&#8221; text_font=&#8221;&#8211;et_global_heading_font||||||||&#8221; text_text_color=&#8221;gcid-heading-color&#8221; text_font_size=&#8221;17px&#8221; text_line_height=&#8221;1.6em&#8221; header_text_align=&#8221;left&#8221; animation_style=&#8221;fade&#8221; animation_duration=&#8221;2000ms&#8221; text_font_size_tablet=&#8221;17px&#8221; text_font_size_phone=&#8221;17px&#8221; text_font_size_last_edited=&#8221;on|phone&#8221; text_line_height_tablet=&#8221;1.6em&#8221; text_line_height_phone=&#8221;1.4em&#8221; text_line_height_last_edited=&#8221;on|desktop&#8221; border_style_all=&#8221;inset&#8221; global_colors_info=&#8221;{%22gcid-2ebbc52c-9ee6-4712-a077-fcaec9b98540%22:%91%22quote_border_color%22,%22quote_border_color%22%93,%22gcid-heading-color%22:%91%22text_text_color%22%93}&#8221;]<\/p>\n<blockquote>\n<p>Figyelmeztet\u00e9s!<\/p>\n<p>ez nem v\u00e9nnek val\u00f3 vid\u00e9k<br \/>Nem v\u00e9nnek val\u00f3 sz\u00f6veg<br \/>Lehull a lepel<br \/>Leg\u00f6rd\u00fclnek a k\u00f6vek<\/p>\n<p>Mert 48vagyok de n\u00e9ha 84-nek \u00e9rzem<br \/>2019-et \u00edrunk de n\u00e9ha 1984-et \u00e9rzek<br \/>Mert valakik azt akarj\u00e1k h gy\u0171l\u00f6ljek m\u00e1sokat<br \/>Valakik azt akarj\u00e1k h elhiggyem amit mondanak<br \/>\u00c9s azok a valakik azt is megmondj\u00e1k h kivel \u00e1llunk h\u00e1bor\u00faban<\/p>\n<p>A demokr\u00e1ci\u00e1val,a demag\u00f3gi\u00e1val,a <br \/>,demogr\u00e1fi\u00e1val,b\u00fcrokr\u00e1ci\u00e1val<br \/>Meg azzal a .holland gr\u00e1ci\u00e1val<\/p>\n<p>Hatalom?meg a kis faszom!<br \/>Ez nem egy d\u00edjnyertes alom<br \/>Nem adn\u00e9k nekik kit\u00fcntet\u00e9st csak<br \/>90ezres minim\u00e1lb\u00e9rt<br \/>Pr\u00f3b\u00e1lkozz\u00e1 seggfej<br \/>L\u00e1ssuk mennyit \u00e9rsz<\/p>\n<p>120-at nyomok meg 120-at \u00e9rek<br \/>Ez semmit sem jelent a t\u0151zsd\u00e9nek<br \/>A bux indexem sem \u00e1ll j\u00f3l<br \/>Kil\u00f3g\u00f3k a k\u00f6z\u00e9poszt\u00e1lyb\u00f3l<\/p>\n<p>Lassan m\u00e1r azt is megmondj\u00e1k h hogy \u00e9rezzem magam<br \/>K\u00f6teless\u00e9gem j\u00f3l \u00e9rezni magam ebben az orsz\u00e1gban,mert \u0151k az\u00e9rt dolgoznak h nekem jobb legyen<br \/>De nekem nem att\u00f3l jobb hogy \u0151k v\u00e1ltoztatnak<br \/>Nekem att\u00f3l jobb ahogy \u00e9n v\u00e1ltozom<\/p>\n<p>A GDP n\u00e1lunk azt mutatja meg h mennyi az egy n\u00e9gyzet m\u00e9terre jut\u00f3 idegen gy\u00fcl\u00f6l\u0151 sz\u00e1ma&#8230;2\/3<br \/>A fenevad sz\u00e1ma 2\/3<br \/>2\/3 +1\/3<br \/>Az nem egy eg\u00e9sz,az k\u00e9t f\u00e9l<br \/>F\u00e9lelemre alapozni<br \/>Hib\u00e1s d\u00f6nt\u00e9s<br \/>Sz\u00e9tszakadt ez az orsz\u00e1g<br \/>Rohadnak az \u00e1lmok<br \/>A 3 bet\u0171s szavakt\u00f3l h\u00e1nyok<\/p>\n<p>Ner nav tek<br \/>Lsd,kokain,crack<br \/>Tek nav ner<br \/>Ki az aki ezzel nyer?<br \/>Ner tek nav<br \/>Ez most odabasz<\/p>\n<p>A nagy nemzeti konzult\u00e1ci\u00f3<br \/>A nagy nemzeti konzerv\u00e1ci\u00f3<br \/>Ha m\u00e1s a v\u00e9lem\u00e9nyem,m\u00e1s vagyok<br \/>Ha m\u00e1s vagyok ellens\u00e9g vagyok<br \/>Ellens\u00e9g a kurva any\u00e1d!!!<br \/>Hol a sz\u00f3l\u00e1s szabads\u00e1g???<\/p>\n<p>No man left behind<br \/>Azt sem tudod merre van \u00d3cs\u00e1rd<br \/>Senkit sem hagyunk az \u00fatsz\u00e9l\u00e9n<br \/>Csak nehogy tal\u00e1lkozzunk az \u00fat v\u00e9g\u00e9n<br \/>Veletek \u00e9n nem megyek sehova<br \/>\u00c1tkozzon el egy jehova<\/p>\n<p>Jogom van tudni mire k\u00e9sz\u00fcl a korm\u00e1ny<br \/>Magyar vagyok<br \/>Magyar \u00e1llampolg\u00e1r vagyok<br \/>Magyar ad\u00f3fizet\u0151 \u00e1llampolg\u00e1r vagyok<br \/>Tao p\u00e9nz a tah\u00f3knak<br \/>Rep\u00fcl\u0151teret felcs\u00fatnak<br \/>Fel is cs\u00fat ,le is \u00fat<br \/>Az ut\u00e1lkoz\u00e1sban a nagy magyar megvakult<\/p>\n<p>Kital\u00e1lt poz\u00edci\u00f3ban kital\u00e1lt emberek<br \/>Elmozd\u00edtani \u0151ket sehogy sem lehet<br \/>Bebetonozva a sz\u00e9kbe,a maffia ember<br \/>\u00cdgy m\u0171k\u00f6dik a marionett rendszer<\/p>\n<p>Bebetonozva egy sz\u00e9kbe a foly\u00f3 alj\u00e1n<br \/>Ez is egy m\u00f3dszer<br \/>De lehet h jobb lett volna annak idej\u00e9n egy \u00f3vszer&#8230;<\/p>\n<p>&nbsp;<\/p>\n<p>&nbsp;<\/p>\n<\/blockquote>\n<p>[\/et_pb_text][\/et_pb_column][et_pb_column type=&#8221;1_2&#8243; _builder_version=&#8221;4.27.4&#8243; _module_preset=&#8221;default&#8221; global_colors_info=&#8221;{}&#8221;][et_pb_heading title=&#8221;Nincs kedd&#8221; _builder_version=&#8221;4.27.4&#8243; _module_preset=&#8221;default&#8221; title_level=&#8221;h2&#8243; title_text_align=&#8221;left&#8221; title_font_size=&#8221;34px&#8221; width=&#8221;100%&#8221; width_tablet=&#8221;100%&#8221; width_phone=&#8221;100%&#8221; width_last_edited=&#8221;on|phone&#8221; custom_padding=&#8221;15px|||||&#8221; animation_style=&#8221;fade&#8221; title_line_height_tablet=&#8221;&#8221; title_line_height_phone=&#8221;1.1em&#8221; title_line_height_last_edited=&#8221;on|phone&#8221; locked=&#8221;off&#8221; global_colors_info=&#8221;{}&#8221;][\/et_pb_heading][et_pb_text quote_border_color=&#8221;gcid-2ebbc52c-9ee6-4712-a077-fcaec9b98540&#8243; _builder_version=&#8221;4.27.4&#8243; _module_preset=&#8221;default&#8221; text_font=&#8221;&#8211;et_global_heading_font||||||||&#8221; text_text_color=&#8221;gcid-heading-color&#8221; text_font_size=&#8221;17px&#8221; text_line_height=&#8221;1.6em&#8221; header_text_align=&#8221;left&#8221; custom_margin=&#8221;||-2px|||&#8221; animation_style=&#8221;fade&#8221; animation_duration=&#8221;2000ms&#8221; text_font_size_tablet=&#8221;17px&#8221; text_font_size_phone=&#8221;17px&#8221; text_font_size_last_edited=&#8221;on|phone&#8221; text_line_height_tablet=&#8221;1.6em&#8221; text_line_height_phone=&#8221;1.4em&#8221; text_line_height_last_edited=&#8221;on|desktop&#8221; border_style_all=&#8221;inset&#8221; locked=&#8221;off&#8221; global_colors_info=&#8221;{%22gcid-2ebbc52c-9ee6-4712-a077-fcaec9b98540%22:%91%22quote_border_color%22,%22quote_border_color%22%93,%22gcid-heading-color%22:%91%22text_text_color%22%93}&#8221;]<\/p>\n<blockquote>\n<p>Nincs kedd<br \/>Nincs kedv<br \/>Nincs kedves<br \/>Nincs kedvenc<br \/>Ha kit\u00f6lt\u00f6k egy tesztet <br \/>Az hazugs\u00e1g,mert rengeteg dolog az els\u0151 helyen \u00e1ll<br \/>Pl:kedvenc \u00e1llatom a k\u00f3kusz<br \/>H\u00f3kusz-p\u00f3kusz<br \/>Szemf\u00e9nyveszt\u00e9s <br \/>Idej\u00e9t m\u00falta jelent\u00e9s<br \/>Elavult jelen\u00e9s<br \/>Ilyen a jelen \u00e9s&#8230;.<br \/>Vagy a fekete,ami nem is sz\u00edn<br \/>Hanem Akromatikus..mitikus?<br \/>M\u00edtikus?<br \/>Akrobatikus patikus<br \/>Aki nem mindig szimpatikus<br \/>Lehet egy sz\u00edn publikus?<br \/>Vagy romantikus barom<br \/>Mint amilyen \u00e9n vagyok<br \/>Aki s\u00edr a sorozatokon<br \/>Pedig nem j\u00e1rtam any\u00e1ddal<br \/>\u00c9s nem k\u00e1v\u00e9ztam j\u00f3bar\u00e1ttal <br \/>De egy darab b\u00e9l-sz\u00edn-darab<br \/>Az most a kaj\u00e1m vagy az id\u0151t\u00f6lt\u00e9sem?<br \/>Kaj\u00e1n vigyorral eszem az eszem<br \/>Eszembe jut aki szembe j\u00f6n <br \/>Szemembe n\u00e9z vagy k\u00f6p-\u00f6nyeget v\u00e1ltok<br \/>\u00c1larcot r\u00e1ntok<br \/>Ma \u00e9ppen az vagyok akire v\u00e1gytok.<\/p>\n<p>Kedvenc a szamur\u00e1j az utols\u00f3 cserk\u00e9sz<br \/>Bruce willis \u00fclj le ide de ne mell\u00e9m<br \/>Mer ez scarlett johansson helye<br \/>Neki sokkal nagyobb a melle<br \/>Mellesleg meleg is lett a helyzet-jelent\u00e9s<br \/>a tengerent\u00falr\u00f3l<br \/>Mindenki aki a rangersnek szurkol.<br \/>Ha m\u00e1r itt tartunk:NY az \u00f6r\u00f6k szerelem<br \/>Kiv\u00e1lts\u00e1gosnak \u00e9rzem magam hogy ott lehettem<br \/>The city that never sleeps<br \/>Where everybody everywhere eats<br \/>But dont think its a fling<br \/>I will always love you i will<br \/>Egy nagy kedvenc van \u00e9s ez az \u00e9let<br \/>most m\u00e1r \u00e9n d\u00f6nt\u00f6m el,hogyan \u00e9lek!<br \/>Eddig csak \u00e1rny\u00e9ka voltam annak ami lehetn\u00e9k<br \/>Nekem a szentbesz\u00e9d <br \/>Mint graffitinek a fest\u00e9k<br \/>Mert voltam r\u00e9m\u00e1lma t\u00f6bb tucat tan\u00e0rnak<br \/>Az \u00e9let iskol\u00e1j\u00e1ban a hal\u00e1l padt\u00e1rsa<br \/>Fed\u0151 az \u00e9let l\u00e1bos\u00e1n<br \/>T\u00f6r\u00f6tt patk\u00f3 a hal\u00e1l t\u00e1ltos\u00e1n<br \/>Folt voltam a l\u00e9t abrosz\u00e0n<br \/>Kil\u00f6ty\u00f6g\u0151 leves az elm\u00fal\u00e1s kanal\u00e0n<br \/>Voltam szel\u00edd vad\u00e1llat egy lakatlan v\u00e1rosban<br \/>Vil\u00e1gpolg\u00e1r a nagy alm\u00e1ban<br \/>G\u00e1zoltam t\u00e9rdig brooklyn mocsk\u00e0ban<br \/>Sz\u0171rcs\u00f6ltem kokt\u00e9lt manhattan legdr\u00e1g\u00e1bb b\u00e1rj\u00e1ban<br \/>K\u00f6nnycsepp vagyok Isten szem\u00e9ben<br \/>Csepp az id\u0151 tenger\u00e9ben<br \/>Porszem Isten tenyer\u00e9ben<br \/>Szellem az id\u0151 v\u00e9gtelenj\u00e9ben<br \/>Vagyok a pillanat m\u0171v\u00e9sze<br \/>Az \u00e9let nev\u0171 show m\u0171sor b\u0171v\u00e9sze<br \/>Aki csak nagy ritk\u00e1n azt a k\u00e1rty\u00e1t h\u00fazza el\u0151<br \/>Amivel lehetne a nyer\u0151<br \/>\u00c9bred\u0151 er\u0151<br \/>\u00c9bred\u0151 red\u0151<br \/>Vereked\u0151 nagy \u0150<br \/>Bereked\u0151 kerek erd\u0151.<\/p>\n<p>Szeretem a hevi met\u00e1lt<br \/>Mindenkit aki h\u00f6r\u00f6g \u00e9s v\u00e9rt ok\u00e0d<br \/>Sz\u00f6rcsing sz\u00edk end disztroy<br \/>Ma \u00e9jjel az \u00f6rd\u00f6g nem horkol<br \/>Mert harsog a Pokol rock<br \/>Ugr\u00e1s a szinpadr\u00f3l<br \/>Valaki kapjon el bazd+<br \/>Tiszta v\u00e9r pof\u00e1m<br \/>\u00fcv\u00f6lts\u00f6n fel az \u00e9gre az a rohadt l\u00e9ggit\u00e1r!<\/p>\n<p>Lehet hogy a kedvencek temet\u0151j\u00e9be v\u00e9gzem<br \/>De \u00e9ltem<br \/>\u00c9s abba nem halt bele senki!<\/p>\n<\/blockquote>\n<p>[\/et_pb_text][\/et_pb_column][\/et_pb_row][\/et_pb_section][et_pb_section fb_built=&#8221;1&#8243; _builder_version=&#8221;4.27.4&#8243; _module_preset=&#8221;default&#8221; custom_padding=&#8221;||0px|||&#8221; locked=&#8221;off&#8221; global_colors_info=&#8221;{}&#8221;][et_pb_row column_structure=&#8221;1_2,1_2&#8243; _builder_version=&#8221;4.27.4&#8243; _module_preset=&#8221;default&#8221; min_height=&#8221;89px&#8221; custom_margin=&#8221;-41px|auto||auto||&#8221; custom_padding=&#8221;||0px|||&#8221; global_colors_info=&#8221;{}&#8221;][et_pb_column type=&#8221;1_2&#8243; _builder_version=&#8221;4.27.4&#8243; _module_preset=&#8221;default&#8221; global_colors_info=&#8221;{}&#8221;][et_pb_heading title=&#8221;\u00d6ko&#8221; _builder_version=&#8221;4.27.4&#8243; _module_preset=&#8221;default&#8221; title_level=&#8221;h2&#8243; title_text_align=&#8221;left&#8221; title_font_size=&#8221;34px&#8221; width=&#8221;100%&#8221; width_tablet=&#8221;100%&#8221; width_phone=&#8221;100%&#8221; width_last_edited=&#8221;on|phone&#8221; custom_padding=&#8221;15px|||||&#8221; animation_style=&#8221;fade&#8221; title_line_height_tablet=&#8221;&#8221; title_line_height_phone=&#8221;1.1em&#8221; title_line_height_last_edited=&#8221;on|phone&#8221; global_colors_info=&#8221;{}&#8221;][\/et_pb_heading][et_pb_text quote_border_color=&#8221;gcid-2ebbc52c-9ee6-4712-a077-fcaec9b98540&#8243; _builder_version=&#8221;4.27.4&#8243; _module_preset=&#8221;default&#8221; text_font=&#8221;&#8211;et_global_heading_font||||||||&#8221; text_text_color=&#8221;gcid-heading-color&#8221; text_font_size=&#8221;17px&#8221; text_line_height=&#8221;1.6em&#8221; header_text_align=&#8221;left&#8221; animation_style=&#8221;fade&#8221; animation_duration=&#8221;2000ms&#8221; text_font_size_tablet=&#8221;17px&#8221; text_font_size_phone=&#8221;17px&#8221; text_font_size_last_edited=&#8221;on|phone&#8221; text_line_height_tablet=&#8221;1.6em&#8221; text_line_height_phone=&#8221;1.4em&#8221; text_line_height_last_edited=&#8221;on|desktop&#8221; border_style_all=&#8221;inset&#8221; global_colors_info=&#8221;{%22gcid-2ebbc52c-9ee6-4712-a077-fcaec9b98540%22:%91%22quote_border_color%22,%22quote_border_color%22%93,%22gcid-heading-color%22:%91%22text_text_color%22%93}&#8221;]<\/p>\n<blockquote>\n<p>&nbsp;<\/p>\n<p>Az \u00f6kol\u00f3gia azt jelenti h milyen viszonyban vagyok a k\u00f6rnyezetemmel: emberekkel,\u00e1llatokkal,term\u00e9szettel<br \/>N\u00e9h\u00e1ny p\u00e9lda:<\/p>\n<p>Itt vagytok ti..k\u00f6nny\u0171 a helyzet, 3\u00e9ve j\u00f6v\u00f6k mondom a magam\u00e9t,megtapsoltok,b\u00e1tor\u00edtotok n\u00e9ha nap m\u00e9g rendes pontsz\u00e1mot is adtok<\/p>\n<p>Itt van a menyasszonyom&#8230;k\u00f6nny\u0171 a helyzet,a szerelmem vagy<\/p>\n<p>t\u00f6bb mint 2\u00e9ve<br \/>De m\u00e9gis a m\u00faltkori f\u00e9l Tankcsapda koncert kellett h \u00fajra olyan k\u00f6zel \u00e9rezzelek magamhoz mint szoktam<br \/>Mert mostan\u00e1ban mikor fel\u00e9bredtem a telefonhoz ny\u00faltam nem hozz\u00e1d<br \/>A kijelz\u0151t nyomkodtam nem t\u00e9ged&#8230;<br \/>Modern elidegened\u00e9s<br \/>Cs\u00facstechn\u00f3ligiai k\u00f6z\u00f6ny<br \/>K\u00f6z\u00f6mb\u00f6ss\u00e9g r\u00e9szletfizet\u00e9si kedvezm\u00e9nnyel<\/p>\n<p>Azt\u00e1n ott vannak a kuty\u00e1ink:<br \/>K\u00f6nny\u0171 a helyzetem,szeretem \u0151ket,f\u0151leg Odit,a h\u0171s\u00e9ges kanap\u00e9 \u00f6rz\u0151t<br \/>N\u00e9zem ahogy eszik,ahogy alszik,besz\u00e9lgetek vele,simogatom..nagyon sokat simogatom<br \/>Mintha a kisfiam lenne&#8230;de nem az<br \/>Csak p\u00f3tl\u00e9k..kompenz\u00e1l\u00e1s<br \/>Hi\u00e1ny sz\u00fclte alkalmazkod\u00e1s<\/p>\n<p>Azt\u00e1n ott vannak a vir\u00e1gok:nem gondoltam volna \u00edgy<\/p>\n<p>megszeretem \u0151ket<br \/>M\u00e1ni\u00e1m h legyen mindig az asztalon<br \/>De term\u00e9szetellenes ha vki meger\u0151szakolja a term\u00e9szetet<br \/>Ha ki\u00edrtja az erd\u0151ket<br \/>Ez olyan fa-jtalankod\u00e1s<br \/>Olyan fa+sz-fej\u0171s\u00e9g<br \/>Hogy kiv\u00e1gom a f\u00e1t,pap\u00edr(p\u00e9nz)lesz bel\u0151le,abb\u00f3l megveszem a t\u00fczif\u00e1t t\u00e9lire<br \/>22-es csapd\u00e1ja<br \/>Vagy nemzeti konzerv\u00e1ci\u00f3 lesz bel\u0151le amit \u00e9n elt\u00fczelek ,\u00edgy<\/p>\n<p>kapom a rezsi cs\u00f6kkent\u00e9st<\/p>\n<p>Magammal pedig valahogy \u00edgy vagyok:<br \/>Magamra z\u00e1rom az aur\u00e1m<br \/>Magamra harag\u00edtom a karm\u00e1m<br \/>Z\u00f3n\u00e1t v\u00e9dekezik az erog\u00e9n z\u00f3nam<br \/>Integet az intim szf\u00e9r\u00e1m<br \/>Csak a 4xl-es p\u00f3l\u00f3 f\u00e9r r\u00e1m<br \/>Elz\u00e1rom a sz\u00edvcsakr\u00e1m<br \/>Ma csak a szt\u00edv hat r\u00e1m<br \/>A fekete lyukak a fejembe<br \/>N\u00e9ha a gy\u00f3gyszeremet sem veszembe<br \/>A t\u00fck\u00f6r belehazudik a szemembe<br \/>Sz\u00eddn\u00e1m de a szavak nem jutnak<br \/>eszembe<br \/>Utol\u00e9rt az \u00f6regs\u00e9g<br \/>R\u00e9gebbi vagyok mint az \u00f3sz\u00f6vets\u00e9g<br \/>Felh\u00edvom a pszichol\u00f3gusom<br \/>Elveszett a pszicho-m\u00f3kusom<br \/>Hogy halok \u00edgy h\u0151si hal\u00e1lt<br \/>Csak \u00fcnnepnapokon k\u00edv\u00e1nom az an\u00e1lt<\/p>\n<p>A vil\u00e1g t\u00f6bbi dolgaival neg valahogy \u00edgy:<br \/>Isten haza csal\u00e1d<br \/>Snickers r\u00e1ntott h\u00fas met\u00e1l<br \/>Haza szeretet eur\u00f3pa<br \/>Slam NY pepsi k\u00f3la<\/p>\n<p>Anyag helyett ,m\u0171anyag<br \/>Magyar helyett m\u0171szavak<br \/>T\u00e9t helyett m\u0171t\u00e9t<br \/>Egy f\u00e9listen nem bocs\u00e1tja meg a b\u0171n\u00e9t<br \/>Szak helyett m\u0171szak<br \/>M\u0171f\u0171be nem kell f\u0171mag<br \/>V\u00e9sz helyett m\u0171v\u00e9sz<br \/>Elaltat minket a b\u0171v\u00e9sz<\/p>\n<p>De mindenre van megold\u00e1s:<\/p>\n<p>Alak\u00edtsunk ki \u00faj szok\u00e1sokat<br \/>Szokjuk meg a szokatlant<br \/>Csin\u00e1ljnk rendszert a<br \/>rendszertelens\u00e9gb\u0151l<br \/>Tervezz\u00fck meg a k\u00e1oszt<br \/>Adjunk hatalmat az anarchia kez\u00e9be<br \/>Legy\u00fcnk szer-telenek<\/p>\n<p>Andorrai tudosok meg\u00e1llap\u00edtott\u00e1k h<br \/>21nap kell egy \u00faj szok\u00e1s kialak\u00edt\u00e1s\u00e1hoz<br \/>Nekem 22\u00e9v kell h utol\u00e9rjem magam<br \/>De j\u00f3 vagyok mert 5\u00e9v \u00e9s 38nap m\u00e1r eltelt bel\u0151le<br \/>Hat\u00e1r a csillagos \u00e9g \u00e9s tov\u00e1bb a v\u00e9gtelenbe<br \/>Elhagyva a sztratoszf\u00e9r\u00e1t a cirrucumuluszokat<br \/>Az S.T.E.V.E 1863-as sz\u00e1m\u00fa kisbolyg\u00f3t<br \/>Fel,fel egyre feljebb <br \/>Soha nem l\u00e1tott androm\u00e9da k\u00f6d\u00f6kbe<br \/>Azon is t\u00fal hol a kurta fark\u00fa malac t\u00far<br \/>Egy messzi messzi galaxisban<br \/>Tal\u00e1ljunk egyens\u00fajt \u00f6nmagunkkal<\/p>\n<\/blockquote>\n<p>[\/et_pb_text][\/et_pb_column][et_pb_column type=&#8221;1_2&#8243; _builder_version=&#8221;4.27.4&#8243; _module_preset=&#8221;default&#8221; global_colors_info=&#8221;{}&#8221;][et_pb_heading title=&#8221;\u00d6nmagam&#8221; _builder_version=&#8221;4.27.4&#8243; _module_preset=&#8221;default&#8221; title_level=&#8221;h2&#8243; title_text_align=&#8221;left&#8221; title_font_size=&#8221;34px&#8221; width=&#8221;100%&#8221; width_tablet=&#8221;100%&#8221; width_phone=&#8221;100%&#8221; width_last_edited=&#8221;on|phone&#8221; custom_padding=&#8221;15px|||||&#8221; animation_style=&#8221;fade&#8221; title_line_height_tablet=&#8221;&#8221; title_line_height_phone=&#8221;1.1em&#8221; title_line_height_last_edited=&#8221;on|phone&#8221; locked=&#8221;off&#8221; global_colors_info=&#8221;{}&#8221;][\/et_pb_heading][et_pb_text quote_border_color=&#8221;gcid-2ebbc52c-9ee6-4712-a077-fcaec9b98540&#8243; _builder_version=&#8221;4.27.4&#8243; _module_preset=&#8221;default&#8221; text_font=&#8221;&#8211;et_global_heading_font||||||||&#8221; text_text_color=&#8221;gcid-heading-color&#8221; text_font_size=&#8221;17px&#8221; text_line_height=&#8221;1.6em&#8221; header_text_align=&#8221;left&#8221; custom_margin=&#8221;||-2px|||&#8221; animation_style=&#8221;fade&#8221; animation_duration=&#8221;2000ms&#8221; text_font_size_tablet=&#8221;17px&#8221; text_font_size_phone=&#8221;17px&#8221; text_font_size_last_edited=&#8221;on|phone&#8221; text_line_height_tablet=&#8221;1.6em&#8221; text_line_height_phone=&#8221;1.4em&#8221; text_line_height_last_edited=&#8221;on|desktop&#8221; border_style_all=&#8221;inset&#8221; locked=&#8221;off&#8221; global_colors_info=&#8221;{%22gcid-2ebbc52c-9ee6-4712-a077-fcaec9b98540%22:%91%22quote_border_color%22,%22quote_border_color%22%93,%22gcid-heading-color%22:%91%22text_text_color%22%93}&#8221;]<\/p>\n<blockquote>\n<p>Ez most m\u00e1s,m\u00e1smilyen<br \/>T\u0151lem szokatlan-sz\u00f3katlan<br \/>Hiszen ez a sz\u00f6veg nem r\u00f3lam sz\u00f3l hanem:<br \/>\u00d6n\u00f6kr\u0151l \u00e9s vagy magukr\u00f3l<\/p>\n<p>A l\u00e9nyeg h mindenki legyen \u00f6nmaga<br \/>\u00d6n pl. Legyen maga <br \/>Nem \u00e9rti? Elmagyar\u00e1zom:<br \/>B\u00e1rmit is csin\u00e1l \u00f6n,mindig legyen mag\u00e1n\u00e1l&#8230;..<br \/>Mert ha nincs mag\u00e1n\u00e1l akkor nem tudhatja h val\u00f3j\u00e1ban hol van????<\/p>\n<p>De ha \u00d6n nincs mag\u00e1n\u00e1l, akkor kin\u00e9l van????<br \/>\u00d6nn\u00e9l nem lehet,mert nincs mag\u00e1n\u00e1l&#8230;<br \/>N\u00e1lam nem lehet mert \u00e9n magamn\u00e1l vagyok <br \/>N\u00e1lad nem lehet mert Te magadn\u00e1l vagy&#8230;<br \/>Ez nem b\u00fajocska,k\u00f6ny\u00f6rg\u00f6m&#8230;.pont az a l\u00e9nyeg h<br \/>\u00d6n megtal\u00e1lja mag\u00e1t!!!!<\/p>\n<p>Ha \u00f6nnek van tart\u00e1sa akkor biztos j\u00f3 volt a Magatart\u00e1s jegye az iskol\u00e1ban<\/p>\n<p>Mag\u00e1n k\u00edv\u00fcl van m\u00e9g aki mag\u00e1n k\u00edv\u00fcl van????<br \/>De ha maga k\u00edv\u00fcl van,akkor ki van bel\u00fcl????<\/p>\n<p>\u00c9s mi van azzal az extr\u00e9m esettel amikor senki sincs mag\u00e1n\u00e1l&#8230;.akkor maga egyed\u00fal van,akkor mindenki m\u00e1shol van<\/p>\n<p>Mert vannak dolgok amik magukt\u00f3l \u00e9rtet\u0151d\u0151ek \u00e9s vannak amik nem mennek magukt\u00f3l&#8230;.<br \/>Mag\u00e1t\u00f3l se,meg mag\u00e1t\u00f3l se<\/p>\n<p>De felmer\u00fclhet az a k\u00e9rd\u00e9s is h maga asztal?<br \/>Hogy egy sz\u00e9ket felmagasztal?<\/p>\n<p>De ha nem jut maga-sabbra,ezekkel a maga-sztos gondolatokkal<br \/>Akkor:<\/p>\n<p>Maga Legyen \u00f6n<br \/>Elmagyar\u00e1zom ezt is<br \/>B\u00e1rmit is csin\u00e1l maga mindig legyen \u00f6nn\u00e9l egy \u00f6n-\u00e9let-rajz<br \/>Megmutatom:<\/p>\n<p>Vagy ez nincs is \u00f6nn\u00e9l ,egy \u00f3ra mindenk\u00e9pp legyen!<br \/>Hogy betudja \u00e1ll\u00edtani az \u00e9breszt\u0151 h \u00f6n-tudatra \u00e9bredjen !<\/p>\n<p>Vagy els\u0151seg\u00e9ly csomag&#8230;.ha s\u00e9r\u00fcl az \u00f6n\u2010\u00e9rzete azonnal lehessen orvosolni<\/p>\n<p>Vagy fesz\u00edt\u0151 vas h \u00f6n-\u00e9rdek fesz\u00edt\u0151 legyen!<\/p>\n<p>De az alakj\u00e1ra vigy\u00e1zzon,ne egyen t\u00fal sokat :ne legyen \u00f6n-telt<\/p>\n<p>Vagy amikor birtokba veszik mag\u00e1t akkor lesz \u00f6n-megsz\u00e1llott<\/p>\n<p>\u00d6nnek van c\u00e9lja?<br \/>De k\u00e9rdezhetem \u00fagy is h :<br \/>\u00d6nc\u00e9l\u00fa?????<\/p>\n<p>Ink\u00e1bb el\u00e9g\u00edtsen ki m\u00e1sokat,mintsem legyen \u00d6n-el\u00e9g\u00fclt<br \/>Ink\u00e1bb \u00f6n v\u00e9gezzen kiel\u00e9g\u00edt\u00e9st,ne b\u00edzza a piszkos munk\u00e1t m\u00e1sra engem vigyen fel a padl\u00e1sra<\/p>\n<p>Vagy egy \u00f6n-arc-k\u00e9p&#8230;.<\/p>\n<p>De arra nagyon \u00fcgyeljen h ne legyen ajt\u00f3!!!!<br \/>Ne csapja be mag\u00e1t<br \/>Ne csapj\u00e1k be m\u00e1sok<br \/>Ne hassanak az \u00f6n-\u00e1m\u00edt\u00e1sok<\/p>\n<p>Ennyi \u00f6nostoroz\u00e1s ut\u00e1n csak egy szent ember<br \/>Vagy szept-ember seg\u00edthet&#8230;.<\/p>\n<p>Aty\u00e1m!<br \/>\u00c1ldjon meg!!!!<\/p>\n<p>Alpesi r\u00f3zsa \u0151ssejttel<br \/>Locsoljon r\u00e1m hialuron savat<br \/>Meg micell\u00e1kat,ceramidokkal \u00e9s niaciamiddal<br \/>Vagy egyszer\u0171en csak kenjen be pipamocsokkal<br \/>Sz\u00f3ljon a pi\u00f3c\u00e1s embernek h a ront\u00e1s megel\u0151z\u00e9se v\u00e9gett vigye ki ezt kg csirke farh\u00e1tat a h\u00e1zb\u00f3l<br \/>De legyen r\u00e9sen mert a b\u00e1k\u00e1sz ott van a gany\u00e9n\u00e1l<br \/>\u00c9s egy \u00f3vatlan pillanatban sejtenergetiz\u00e1l\u00f3 antioxid\u00e1ns booster sz\u00e9rumot l\u00f6ttyint az arc\u00e1ba<br \/>\u00c9s azt m\u00e1r isten se mossa le se \u00f6nr\u0151l,se mag\u00e1r\u00f3l<\/p>\n<p>De a j\u00f3 h\u00edr h mehet\u00fcnk a DM&#8211;be hiszen ott v\u00e1s\u00e1rolhatunk \u00e9s \u00f6nmagunk lehet\u00fcnk<\/p>\n<\/blockquote>\n<p>[\/et_pb_text][\/et_pb_column][\/et_pb_row][\/et_pb_section][et_pb_section fb_built=&#8221;1&#8243; _builder_version=&#8221;4.27.4&#8243; _module_preset=&#8221;default&#8221; custom_padding=&#8221;||0px|||&#8221; locked=&#8221;off&#8221; global_colors_info=&#8221;{}&#8221;][et_pb_row column_structure=&#8221;1_2,1_2&#8243; _builder_version=&#8221;4.27.4&#8243; _module_preset=&#8221;default&#8221; min_height=&#8221;89px&#8221; custom_margin=&#8221;-41px|auto||auto||&#8221; custom_padding=&#8221;||0px|||&#8221; global_colors_info=&#8221;{}&#8221;][et_pb_column type=&#8221;1_2&#8243; _builder_version=&#8221;4.27.4&#8243; _module_preset=&#8221;default&#8221; global_colors_info=&#8221;{}&#8221;][et_pb_heading title=&#8221;P\u00e1nik_&#8221; _builder_version=&#8221;4.27.4&#8243; _module_preset=&#8221;default&#8221; title_level=&#8221;h2&#8243; title_text_align=&#8221;left&#8221; title_font_size=&#8221;34px&#8221; width=&#8221;100%&#8221; width_tablet=&#8221;100%&#8221; width_phone=&#8221;100%&#8221; width_last_edited=&#8221;on|phone&#8221; custom_padding=&#8221;15px|||||&#8221; animation_style=&#8221;fade&#8221; title_line_height_tablet=&#8221;&#8221; title_line_height_phone=&#8221;1.1em&#8221; title_line_height_last_edited=&#8221;on|phone&#8221; global_colors_info=&#8221;{}&#8221;][\/et_pb_heading][et_pb_text quote_border_color=&#8221;gcid-2ebbc52c-9ee6-4712-a077-fcaec9b98540&#8243; _builder_version=&#8221;4.27.4&#8243; _module_preset=&#8221;default&#8221; text_font=&#8221;&#8211;et_global_heading_font||||||||&#8221; text_text_color=&#8221;gcid-heading-color&#8221; text_font_size=&#8221;17px&#8221; text_line_height=&#8221;1.6em&#8221; header_text_align=&#8221;left&#8221; animation_style=&#8221;fade&#8221; animation_duration=&#8221;2000ms&#8221; text_font_size_tablet=&#8221;17px&#8221; text_font_size_phone=&#8221;17px&#8221; text_font_size_last_edited=&#8221;on|phone&#8221; text_line_height_tablet=&#8221;1.6em&#8221; text_line_height_phone=&#8221;1.4em&#8221; text_line_height_last_edited=&#8221;on|desktop&#8221; border_style_all=&#8221;inset&#8221; global_colors_info=&#8221;{%22gcid-2ebbc52c-9ee6-4712-a077-fcaec9b98540%22:%91%22quote_border_color%22,%22quote_border_color%22%93,%22gcid-heading-color%22:%91%22text_text_color%22%93}&#8221;]<\/p>\n<blockquote>\n<p>Mindig van 1 dolog az \u00e9letemben amit\u0151l szarul \u00e9rzem magam<br \/>Mindig van egy csom\u00f3 dolog amivel stresszbe rakom magam<br \/>Kezdem az egyszer\u0171, h\u00e9tk\u00f6znapi rutinnal<br \/>Mentos n\u00e9lk\u00fcl nem indulok el otthonr\u00f3l<br \/>Napszem\u00fcveg n\u00e9lk\u00fcl sem<br \/>De ha m\u00e1r elindultam \u00e9s kocsival vagyok,mikor kisz\u00e1llok 3-5x kell ellen\u0151riznem h a kulcs a zsebemben van-e?<br \/>Fogkr\u00e9m legyen colgate,a tusf\u00fcrd\u0151 pedig gy\u00fcm\u00f6lcs\u00f6s<br \/>Telefonom t\u00f6lt\u00f6tts\u00e9ge pedig soha,ism\u00e9tlem soha nem mehet 50%al\u00e1&#8230;..55n\u00e9l m\u00e1r \u00edrt\u00f3 kellemetlen\u00fcl \u00e9rzem magam&#8230;.<br \/>Ezek a k\u00e9nyszereim<br \/>Egy v\u00e9nember rigoj\u00e1i&#8230;.<\/p>\n<p>Most j\u00f6jjenek a komoly dolgok:<\/p>\n<p>Rettegek a hal\u00e1lt\u00f3l <br \/>Nem tudom elfogadni h az \u00e9let r\u00e9sze<br \/>Mert a vil\u00e1g csak meg lesz n\u00e9lk\u00fclem,de \u00e9n hogy leszek neg a vil\u00e1g n\u00e9lk\u00fcl <br \/>Tal\u00e1n ha hinn\u00e9k istenben vagy legal\u00e1bb a reinkarn\u00e1ci\u00f3ba&#8230;.tal\u00e1n k\u00f6nnyebb lenne<br \/>\u00c9s m\u00e9gis,rengeteget gondolok r\u00e1:vezet\u00e9s k\u00f6zben:<br \/>Most&#8230;csak egy pillanat \u00e9s v\u00e9ge&#8230;..<\/p>\n<p>\u00c9vek \u00f3ta nagyon rosszul alszom \u00e9jjel fel\u00e9bredek \u00e9s azon agyalok<\/p>\n<p>h nem kesz nyugd\u00edjam vagy 80 \u00e9ves koromig kell dolgoznom h meglegyen a 40\u00e9v munkaviszony&#8230;.<br \/>De ha megbetegszem nem tudom fenntartani magam \u00e9s otthonba ker\u00fcl\u00f6k&#8230;.<br \/>Mag\u00e1nyosan, betegen id\u0151sek otthon\u00e1ban fogok meghalni \u00fagy m\u00e1r nem lesz ott velem senki aki fogja a kezem&#8230;.<br \/>Enn\u00e9l sz\u00e1nalmasabb \u00e9s nyomor\u00fas\u00e1gosabb hal\u00e1lt nem tudok elk\u00e9pzelni&#8230;.<br \/>De van enn\u00e9l rosszabb is<br \/>Ha elvesz\u00edtelek t\u00e9ged&#8230;.<br \/>\u00c9lni?n\u00e9lk\u00fcled?<br \/>Gyaaaaa<br \/>kinek fogom azt mondani szombat reggel:<br \/>J\u00f3 reggelt dr\u00e1ga kis feles\u00e9gem, fel kell tennem a klasszikus k\u00e9rd\u00e9st-jelzem jogosan..ki fog k\u00e1v\u00e9t f\u0151zni?????<br \/>Kivel fogok felfedezni elhagyott kast\u00e9lyokat<br \/>Vagy ki mondja nekem h:Te vagy egy nagy gatya m\u00e1ri<br \/>Ezek beteg agyam torz sz\u00fcl\u00f6ttjei<br \/>Mint az \u00e1lom amiben \u00fajra iszom de reggel megk\u00f6nnyebb\u00fcl\u00e9st<\/p>\n<p>\u00e9rzek meg h\u00e1l\u00e1t az\u00e9rt az \u00e9let\u00e9rt ami most van<br \/>De ha a m\u00falton r\u00e1godok es a j\u00f6v\u0151n agg\u00f3dom<br \/>Mikor \u00e9lek?<br \/>Hogy vagyok itt \u00e9s mikor vagyok a mostban&#8230;<br \/>Mert ha elbor\u00edt a k\u00f6z\u00f6ny, a kis vil\u00e1gom falai k\u00f6z\u00e9 senki sem l\u00e9phet be \u00e9s <br \/>Lehet nem tudom befejezni amit elkezdtem,mert k\u00e9s\u0151n hoztam meg a d\u00f6nt\u00e9st<br \/>Nem lesz id\u0151m befejezni amit elkezdtem<br \/>Mert lejar az id\u0151m<br \/>Mert lej\u00e1rt az id\u0151m&#8230;.<\/p>\n<\/blockquote>\n<p>[\/et_pb_text][\/et_pb_column][et_pb_column type=&#8221;1_2&#8243; _builder_version=&#8221;4.27.4&#8243; _module_preset=&#8221;default&#8221; global_colors_info=&#8221;{}&#8221;][et_pb_heading title=&#8221;P\u00e9ldak\u00e9p&#8221; _builder_version=&#8221;4.27.4&#8243; _module_preset=&#8221;default&#8221; title_level=&#8221;h2&#8243; title_text_align=&#8221;left&#8221; title_font_size=&#8221;34px&#8221; width=&#8221;100%&#8221; width_tablet=&#8221;100%&#8221; width_phone=&#8221;100%&#8221; width_last_edited=&#8221;on|phone&#8221; custom_padding=&#8221;15px|||||&#8221; animation_style=&#8221;fade&#8221; title_line_height_tablet=&#8221;&#8221; title_line_height_phone=&#8221;1.1em&#8221; title_line_height_last_edited=&#8221;on|phone&#8221; locked=&#8221;off&#8221; global_colors_info=&#8221;{}&#8221;][\/et_pb_heading][et_pb_text quote_border_color=&#8221;gcid-2ebbc52c-9ee6-4712-a077-fcaec9b98540&#8243; _builder_version=&#8221;4.27.4&#8243; _module_preset=&#8221;default&#8221; text_font=&#8221;&#8211;et_global_heading_font||||||||&#8221; text_text_color=&#8221;gcid-heading-color&#8221; text_font_size=&#8221;17px&#8221; text_line_height=&#8221;1.6em&#8221; header_text_align=&#8221;left&#8221; custom_margin=&#8221;||-2px|||&#8221; animation_style=&#8221;fade&#8221; animation_duration=&#8221;2000ms&#8221; text_font_size_tablet=&#8221;17px&#8221; text_font_size_phone=&#8221;17px&#8221; text_font_size_last_edited=&#8221;on|phone&#8221; text_line_height_tablet=&#8221;1.6em&#8221; text_line_height_phone=&#8221;1.4em&#8221; text_line_height_last_edited=&#8221;on|desktop&#8221; border_style_all=&#8221;inset&#8221; locked=&#8221;off&#8221; global_colors_info=&#8221;{%22gcid-2ebbc52c-9ee6-4712-a077-fcaec9b98540%22:%91%22quote_border_color%22,%22quote_border_color%22%93,%22gcid-heading-color%22:%91%22text_text_color%22%93}&#8221;]<\/p>\n<blockquote>\n<p>&#8222;\u00c9n nem b\u00edrom f\u00e9kezni magam<br \/>\u00c9n h\u0151s akarok lenni<br \/>\u00c9n nem b\u00edrom f\u00e9kezni magam<br \/>Nekem nem kell helyette semmi<br \/>Egy igazi h\u0151s, egy igazi h\u0151s<br \/>A kurva \u00e9letbe egy igazi h\u0151s!!!&#8221;<br \/>E.K.<\/p>\n<p>H\u0151s akartam lenni \u00e9n is mint b\u00e1rki m\u00e1s<br \/>Akartam volna \u00e9n is a v\u00e1ltoz\u00e1st<br \/>T\u00f6megek \u00e9l\u00e9n z\u00e1szl\u00f3val menni milyen sz\u00e9p<br \/>Nem lettem senki ennyi az eg\u00e9sz&#8230;.<\/p>\n<p>Van egy \u00e1lmom nekem is<br \/>Kisebb mint Martin luther king-\u00e9<br \/>Kisebb mint Moln\u00e1r P\u00e9ter\u00e9<br \/>Ez olyan mikro \u00e1lom<br \/>\u00d3cs\u00e1rdi furcsa ember \u00e1lom<br \/>Mert a miniszter eln\u00f6k szerint akinek nincs gyereke az furcsa&#8230;.<br \/>H\u00e1t igen&#8230;\u00e9n ilyen furcsas\u00e1g vagyok<br \/>Egy csodabog\u00e1r&#8230;vagy egy bog\u00e1r csoda<br \/>Szt\u00edvikusz undorikusz<br \/>De v\u00e9dett faj vagyok<br \/>Az utols\u00f3 tipus aki nem tipikus<\/p>\n<p>\u00c9n nem karlend\u00eetek hanem v\u00e1llat vonok<br \/>T\u00fcntetni Vona-kodok <br \/>,bl-t n\u00e9zek \u00e9s j\u00f3pof\u00e1skodok<br \/>Let\u00f6rl\u00f6m a vonal k\u00f3dot <br \/>Mint a b\u00facs\u00fa cs\u00f3kot <br \/>Ez a f\u00fcggetlens\u00e9g napja<br \/>A szabads\u00e1gharc arca<\/p>\n<p>\u00d3ri\u00e1s plak\u00e1ton \u00f3ri\u00e1s szemek<br \/>\u00d3ri\u00e1s k\u00edgy\u00f3k\u00e9nt sziszegnek:nem ez kell neked<br \/>Gondolkodni szabad de jobb ha nem teszed<\/p>\n<p>A nagy testv\u00e9r figyel t\u00e9ged<br \/>Vajon melyik a Jobbik \u00e9ned?<\/p>\n<p>K\u00f6sz\u00f6n\u00f6m a b\u00f3kot<br \/>Cs\u00f3kolom a csok+ot,veszek rajta csokit<br \/>\u00c9p\u00edtek m\u00e9zeskal\u00e1cs h\u00e1zat<br \/>Teszek r\u00e1 Gundel m\u00e1zat<\/p>\n<p>Azt\u00e1n csak sz\u00f3rom p\u00e9nzt mint banya a fingot<br \/>Eladok az oroszoknak p\u00e1r \u00e1llam titkot<\/p>\n<p>Leteleped\u00e9si k\u00f6tv\u00e9nyek<br \/>Ett\u0151l ki\u00faj\u00fal a k\u00f6szv\u00e9nyem<br \/>K\u00f6sz-k\u00f6sz k\u00f6ssz\u00e9pen<br \/>Magyar Nemzetet sz\u00e9tt\u00e9pem<\/p>\n<p>K\u00f6zbeszerz\u00e9sen szerzek egy k\u00f6z\u00e9rtet<br \/>Ahol csak a k\u00f6z \u00e9rt meg<br \/>A k\u00f6z\u00e9rzetem szembe j\u00f6n velem<br \/>Nem sz\u00e1m\u00edt,benyelem<\/p>\n<p>Szabad sajt\u00f3 helyett <br \/>szabad sajtot eszek<br \/>Kokain helyett <br \/>Penny virslit veszek<br \/>Olcs\u00f3 h\u00fasnak h\u00edg a leve<br \/>Bocuse d&#8217;Or-ban ennek mi a neve?<\/p>\n<p>Ne agg\u00f3dj Nagy Blanka \u00e9n is csak egy nyomorult proli vagyok<br \/>Maradok is m\u00edg meg nem halok<\/p>\n<p>Ink\u00e1bb lenn\u00e9k sz\u00e1lka a hatalom szem\u00e9ben<br \/>Vagy sok ezer ft a koldus zseb\u00e9ben<br \/>Tet\u0151 a hajl\u00e9ktalan felett<br \/>Sz\u00edvedben elfogad\u00e1s az \u00edt\u00e9let helyett<br \/>De csak fed\u0151 vagyok az \u00e9let l\u00e1bos\u00e1n<br \/>T\u00f6r\u00f6tt patk\u00f3 a hal\u00e1l t\u00e1ltos\u00e1n<br \/>K\u00e9nyszeres vagyok \u00e9s k\u00e9nyszeredett<br \/>N\u00e9ha \u00e9des n\u00e9ha megkeseredett<\/p>\n<p>De csak \u00e1tlagos szeretn\u00e9k lenni<br \/>Havi 250nett\u00f3t zsebre tenni<br \/>Oszd el kett\u0151vel meg is van a b\u00e9rem<br \/>A hamis statisztik\u00e1kt\u00f3l felforr a v\u00e9rem<\/p>\n<p>Sorsomat felf\u0171zn\u00e9m egy mal\u00e1ra<br \/>Ha eljutn\u00e9k Indi\u00e1ba<br \/>A j\u00f6v\u0151met belerajzoln\u00e1m egy mandal\u00e1ba<br \/>De csak innen \u00fcdv.Dalai L\u00e1ma<\/p>\n<p>T\u00f6bb milli\u00f3 n\u00e9vtelen p\u00e9ldak\u00eap<br \/>Kinek az anonimit\u00e1s fedi kil\u00e9t\u00e9t<br \/>Ez \u00edgy van j\u00f3l.,nem kell n\u00e9v<br \/>Els\u0151 mindig,de mindig a fel\u00e9p\u00fcl\u00e9s<\/p>\n<p>Krist\u00f3f elmondom a v\u00e1laszt:szabad<br \/>Sz\u00f6gesdr\u00f3tba gubancol\u00f3dott vak rasszist\u00e1t kibog\u00f3zni,szabad<br \/>Mert ut\u00e1na elmondom neki h fekete zsid\u00f3 vagyok<br \/>A sz\u00edvemre tenn\u00e9m a kez\u00e9t \u00e9s azt mondan\u00e1m neki :figyeld..ugyan\u00fagy dobog mint a tied&#8230;<\/p>\n<\/blockquote>\n<p>[\/et_pb_text][\/et_pb_column][\/et_pb_row][\/et_pb_section][et_pb_section fb_built=&#8221;1&#8243; _builder_version=&#8221;4.27.4&#8243; _module_preset=&#8221;default&#8221; custom_padding=&#8221;||0px|||&#8221; locked=&#8221;off&#8221; global_colors_info=&#8221;{}&#8221;][et_pb_row column_structure=&#8221;1_2,1_2&#8243; _builder_version=&#8221;4.27.4&#8243; _module_preset=&#8221;default&#8221; min_height=&#8221;89px&#8221; custom_margin=&#8221;-41px|auto||auto||&#8221; custom_padding=&#8221;||0px|||&#8221; global_colors_info=&#8221;{}&#8221;][et_pb_column type=&#8221;1_2&#8243; _builder_version=&#8221;4.27.4&#8243; _module_preset=&#8221;default&#8221; global_colors_info=&#8221;{}&#8221;][et_pb_heading title=&#8221;Rohanok&#8221; _builder_version=&#8221;4.27.4&#8243; _module_preset=&#8221;default&#8221; title_level=&#8221;h2&#8243; title_text_align=&#8221;left&#8221; title_font_size=&#8221;34px&#8221; width=&#8221;100%&#8221; width_tablet=&#8221;100%&#8221; width_phone=&#8221;100%&#8221; width_last_edited=&#8221;on|phone&#8221; custom_padding=&#8221;15px|||||&#8221; animation_style=&#8221;fade&#8221; title_line_height_tablet=&#8221;&#8221; title_line_height_phone=&#8221;1.1em&#8221; title_line_height_last_edited=&#8221;on|phone&#8221; global_colors_info=&#8221;{}&#8221;][\/et_pb_heading][et_pb_text quote_border_color=&#8221;gcid-2ebbc52c-9ee6-4712-a077-fcaec9b98540&#8243; _builder_version=&#8221;4.27.4&#8243; _module_preset=&#8221;default&#8221; text_font=&#8221;&#8211;et_global_heading_font||||||||&#8221; text_text_color=&#8221;gcid-heading-color&#8221; text_font_size=&#8221;17px&#8221; text_line_height=&#8221;1.6em&#8221; header_text_align=&#8221;left&#8221; animation_style=&#8221;fade&#8221; animation_duration=&#8221;2000ms&#8221; text_font_size_tablet=&#8221;17px&#8221; text_font_size_phone=&#8221;17px&#8221; text_font_size_last_edited=&#8221;on|phone&#8221; text_line_height_tablet=&#8221;1.6em&#8221; text_line_height_phone=&#8221;1.4em&#8221; text_line_height_last_edited=&#8221;on|desktop&#8221; border_style_all=&#8221;inset&#8221; global_colors_info=&#8221;{%22gcid-2ebbc52c-9ee6-4712-a077-fcaec9b98540%22:%91%22quote_border_color%22,%22quote_border_color%22%93,%22gcid-heading-color%22:%91%22text_text_color%22%93}&#8221;]<\/p>\n<blockquote>\n<p>Rohanok \u00e1t ezen a beton dzsungelen<br \/>Kergetem a boldogs\u00e1g k\u00e9k madar\u00e1t<br \/>Amit m\u00e1r r\u00e9g megzab\u00e1ltak az \u00e9hes fiatalok<br \/>T\u00e9ved\u00e9sb\u0151l persze<br \/>Azt hitt\u00e9k ez a KFC leg\u00fajabb akci\u00f3s term\u00e9ke<br \/>De \u00e9n csak megyek tov\u00e1bb mint egy eszel\u0151s,v\u00e9n h\u00fclye<br \/>F\u00e9lre r\u00fagom a szemetetet,<br \/>f\u00e9lre teszem m\u00e1sik magamat ,ne zavarjon az \u0151r\u00fcletben<br \/>A szelekt\u00edvben Szelekt\u00e1lok<br \/>Az idei \u00e9vt\u0151l m\u00e1r nem sokat v\u00e1rok<br \/>J\u00f3tall\u00e1sban meg j\u00f3l \u00e1llok<br \/>N\u00e9h\u00e1ny \u00e9vig m\u00e9g elveget\u00e1lok<br \/>T\u00fal sok a stressz<br \/>T\u00fal kev\u00e9s a szex<br \/>Nem mindig m\u0171k\u00f6dik a reflex<br \/>Nem sz\u00e1m\u00edtok&#8230;<br \/>Nem sz\u00e1m\u00edtok semmire<br \/>Nem sz\u00e1m\u00edtok semmi j\u00f3ra<br \/>Elh\u00fazom a belem,m\u00edg ki nem tapossa egy bakancs<br \/>List\u00e1hoz adnak<br \/>Vesznek<br \/>De nincs az a p\u00e9nz ami\u00e9rt hazudn\u00e9k m\u00e9g 1x<br \/>T\u00fal sok az ismeretlen ,<br \/>Kev\u00e9s az ismer\u0151s<br \/>Az \u00e1lland\u00f3 \u00e1lland\u00f3an v\u00e1ltozik<br \/>X1,2 m\u00e1r nem =semmivel<br \/>Apa f\u00e9rfi,anya n\u0151<br \/>A gangbanghez sok f\u00e9rfi kell ,de el\u00e9g egy n\u0151<br \/>Azt\u00e1n csak rohanok tov\u00e1bb egyenesen<br \/>Eszeveszetten<br \/>K\u00e1ossz\u00e1 lett a csend\u00e9let<br \/>Error jelez a g\u00e9p<br \/>Fekete hal\u00e1l \u00e1rad a hangsz\u00f3r\u00f3kb\u00f3l<br \/>F\u00fclsiket\u00edt\u0151 a hangzavar<br \/>Csak nyomom az entert<br \/>Egyre er\u0151sebben<br \/>Egyre megsz\u00e1llottabban<br \/>Nyom\u00e1sra v\u00e1ltozik a rendszer<br \/>Nyom\u00e1sra v\u00e1ltozok \u00e9n is<br \/>Mert az \u00e9n t\u00f6rt\u00e9netem nem a facebookon \u00edr\u00f3dik,<br \/>hanem tollal,pap\u00edron a l\u00e9p\u00e9sf\u00fczetbe<br \/>L\u00e1thatatlan ami a m\u00e9lyben zajlik<br \/>De az eredm\u00e9ny k\u00e9zzel foghat\u00f3<br \/>\u00c9s nem fogok semmit az arcomra tetov\u00e1ltatni<br \/>Aki ismer,leolvassa r\u00f3la hogy vagyok<\/p>\n<\/blockquote>\n<p>[\/et_pb_text][\/et_pb_column][et_pb_column type=&#8221;1_2&#8243; _builder_version=&#8221;4.27.4&#8243; _module_preset=&#8221;default&#8221; global_colors_info=&#8221;{}&#8221;][et_pb_heading title=&#8221;SEMMI&#8221; _builder_version=&#8221;4.27.4&#8243; _module_preset=&#8221;default&#8221; title_level=&#8221;h2&#8243; title_text_align=&#8221;left&#8221; title_font_size=&#8221;34px&#8221; width=&#8221;100%&#8221; width_tablet=&#8221;100%&#8221; width_phone=&#8221;100%&#8221; width_last_edited=&#8221;on|phone&#8221; custom_padding=&#8221;15px|||||&#8221; animation_style=&#8221;fade&#8221; title_line_height_tablet=&#8221;&#8221; title_line_height_phone=&#8221;1.1em&#8221; title_line_height_last_edited=&#8221;on|phone&#8221; locked=&#8221;off&#8221; global_colors_info=&#8221;{}&#8221;][\/et_pb_heading][et_pb_text quote_border_color=&#8221;gcid-2ebbc52c-9ee6-4712-a077-fcaec9b98540&#8243; _builder_version=&#8221;4.27.4&#8243; _module_preset=&#8221;default&#8221; text_font=&#8221;&#8211;et_global_heading_font||||||||&#8221; text_text_color=&#8221;gcid-heading-color&#8221; text_font_size=&#8221;17px&#8221; text_line_height=&#8221;1.6em&#8221; header_text_align=&#8221;left&#8221; custom_margin=&#8221;||-2px|||&#8221; animation_style=&#8221;fade&#8221; animation_duration=&#8221;2000ms&#8221; text_font_size_tablet=&#8221;17px&#8221; text_font_size_phone=&#8221;17px&#8221; text_font_size_last_edited=&#8221;on|phone&#8221; text_line_height_tablet=&#8221;1.6em&#8221; text_line_height_phone=&#8221;1.4em&#8221; text_line_height_last_edited=&#8221;on|desktop&#8221; border_style_all=&#8221;inset&#8221; locked=&#8221;off&#8221; global_colors_info=&#8221;{%22gcid-2ebbc52c-9ee6-4712-a077-fcaec9b98540%22:%91%22quote_border_color%22,%22quote_border_color%22%93,%22gcid-heading-color%22:%91%22text_text_color%22%93}&#8221;]<\/p>\n<blockquote>\n<p>A k\u00f6vetkez\u0151 30 m\u00e1sodpercben k\u00f6vetem a szemedet az ujammal<br \/>Ha bej\u00f6tt volna vki \u00e9sazt latja h csendben \u00e1llok a sz\u00ednpadon ti meg csenben n\u00e9zitek&#8230;vajon mire gondolt ?<br \/>Ti ismertek olyat aki nem ismer senkit?<br \/>Vagy vki l\u00e1tott m\u00e1r olyat amir\u0151l.kider\u00fclt h ilyen?<\/p>\n<p>A v\u00e1laszokat a csicskafidesz666@ragyaorsz\u00e1g.hu<\/p>\n<p>De ne t\u00e9rj\u00fcnk el a t\u00e1rgyt\u00f3l,f\u00f3kusz\u00e1ljunk a l\u00e9nyegre<br \/>Ne hagyd h a vil\u00e1g kiz\u00f6kkentsen magadb\u00f3l<br \/>Oooohhmmmm<br \/>Kisfaszom&#8230;nem hagyom<br \/>Hogy a tudatom<\/p>\n<p>Megt\u00f6lteni az \u00fcress\u00e9get tartalommal<br \/>Megt\u00f6lteni a csendet hangokkal<br \/>Megt\u00f6lteni a s\u00f6t\u00e9ts\u00e9get f\u00e9nnyel<\/p>\n<p>Hasznosan ,\u00e1ld\u00e1sosan Kit\u00f6lteni az id\u0151t,amir\u0151l nem tudni mikor j\u00e1r le<br \/>Vagy csak \u00fclni csendben \u00e9s n\u00e9zni ahogy elm\u00falik<br \/>Csak n\u00e9zni ahogy telnek a 30 m\u00e1sodpercek <br \/>F\u00e9l percek<br \/>F\u00e9l \u00f3r\u00e1k<br \/>F\u00e9l napok<br \/>F\u00e9l \u00e9vek<br \/>F\u00e9l\u00e9let<br \/>Fel\u00e9lt-f\u00e9l\u00e9let<\/p>\n<p>\u00dclni csendben \u00e9s n\u00e9zni ,hagyni elmenni-elveszni?<br \/>Micsoda luxus<br \/>Micsoda pazarl\u00e1s<\/p>\n<p>Fecseg a felsz\u00edn, hallgat a m\u00e9ly<\/p>\n<p>Pedig jobb lett volna ord\u00edtani&#8230;..ink\u00e1bb<\/p>\n<\/blockquote>\n<p>[\/et_pb_text][\/et_pb_column][\/et_pb_row][\/et_pb_section][et_pb_section fb_built=&#8221;1&#8243; _builder_version=&#8221;4.27.4&#8243; _module_preset=&#8221;default&#8221; custom_padding=&#8221;||0px|||&#8221; locked=&#8221;off&#8221; global_colors_info=&#8221;{}&#8221;][et_pb_row column_structure=&#8221;1_2,1_2&#8243; _builder_version=&#8221;4.27.4&#8243; _module_preset=&#8221;default&#8221; min_height=&#8221;89px&#8221; custom_margin=&#8221;-41px|auto||auto||&#8221; custom_padding=&#8221;||0px|||&#8221; global_colors_info=&#8221;{}&#8221;][et_pb_column type=&#8221;1_2&#8243; _builder_version=&#8221;4.27.4&#8243; _module_preset=&#8221;default&#8221; global_colors_info=&#8221;{}&#8221;][et_pb_heading title=&#8221;Slam&#8221; _builder_version=&#8221;4.27.4&#8243; _module_preset=&#8221;default&#8221; title_level=&#8221;h2&#8243; title_text_align=&#8221;left&#8221; title_font_size=&#8221;34px&#8221; width=&#8221;100%&#8221; width_tablet=&#8221;100%&#8221; width_phone=&#8221;100%&#8221; width_last_edited=&#8221;on|phone&#8221; custom_padding=&#8221;15px|||||&#8221; animation_style=&#8221;fade&#8221; title_line_height_tablet=&#8221;&#8221; title_line_height_phone=&#8221;1.1em&#8221; title_line_height_last_edited=&#8221;on|phone&#8221; global_colors_info=&#8221;{}&#8221;][\/et_pb_heading][et_pb_text quote_border_color=&#8221;gcid-2ebbc52c-9ee6-4712-a077-fcaec9b98540&#8243; _builder_version=&#8221;4.27.4&#8243; _module_preset=&#8221;default&#8221; text_font=&#8221;&#8211;et_global_heading_font||||||||&#8221; text_text_color=&#8221;gcid-heading-color&#8221; text_font_size=&#8221;17px&#8221; text_line_height=&#8221;1.6em&#8221; header_text_align=&#8221;left&#8221; animation_style=&#8221;fade&#8221; animation_duration=&#8221;2000ms&#8221; text_font_size_tablet=&#8221;17px&#8221; text_font_size_phone=&#8221;17px&#8221; text_font_size_last_edited=&#8221;on|phone&#8221; text_line_height_tablet=&#8221;1.6em&#8221; text_line_height_phone=&#8221;1.4em&#8221; text_line_height_last_edited=&#8221;on|desktop&#8221; border_style_all=&#8221;inset&#8221; global_colors_info=&#8221;{%22gcid-2ebbc52c-9ee6-4712-a077-fcaec9b98540%22:%91%22quote_border_color%22,%22quote_border_color%22%93,%22gcid-heading-color%22:%91%22text_text_color%22%93}&#8221;]<\/p>\n<blockquote>\n<p>Slam szemtelen\u00fcl<br \/>Be j\u00f6v\u00f6k nesztelen\u00fcl<br \/>Mondom a magam\u00e9t sz\u00fcntelen\u00fcl<br \/>Ezaz ami semmibe se ker\u00fcl<br \/>Felcs\u0171r\u00f6m a napszem\u00fcvegem \u00e9s szarok mindenre<br \/>Nem \u00e9rdekel ha nem j\u00f6n r\u00edm a nyelvemre<br \/>A dombtet\u0151r\u0151l \u00fcv\u00f6lt\u00f6m h :fuck you i wont do what you tell me<br \/>Nekem m\u00e1r nem kell mindent le nyelni<br \/>K\u00f6z\u00f6ny\u00f6sen v\u00e1gom a pof\u00e1kat<br \/>Csak addig m\u00edg meg\u00fctik a bok\u00e1mat<br \/>\u00c9lvezettel gy\u00e1rtom a perverz metef\u00f3r\u00e1kat<br \/>\u00c1t\u00e1ll\u00edtom a nap\u00f3r\u00e1kat<br \/>Izzad a karm\u00e1m<br \/>Mintha nem is ezt akarn\u00e1m<br \/>A reinkarn\u00e1ci\u00f3t kihagyom<br \/>Az isteneket nem zavarom<br \/>Ilyen apr\u00f3s\u00e1ggal amilyen \u00e9n vagyok<br \/>Rem\u00e9lem sokakat zavarok<br \/>Rem\u00e9lem kellemetlenkedem<br \/>\u00c9s nyomot hagyok az \u00e9rz\u00e9kszerveken<br \/>Mert \u00e9n felpaprik\u00e1zom a paradicsomot<br \/>Meg\u00e9des\u00edtem a citromot<br \/>Megh\u00fcly\u00edtem az okos \u00f3r\u00e1kat<br \/>\u00c9s megharapom a c\u00e1p\u00e1kat<br \/>Szar a helyzet m\u00e1sra v\u00e1gyom<br \/>Ha nem tal\u00e1lom majd kital\u00e1lom<br \/>Feldolgozom a csicska-gy\u00e1szomat<br \/>Addig se b\u00e1ntok m\u00e1sokat<br \/>L\u00f6ty\u00f6g egy kis apr\u00f3 a zsebembe<br \/>A nevek m\u00e0r nem mindig jutnak az eszembe<br \/>Utol\u00e9r az id\u0151s kori demencia<br \/>H\u00e1tulr\u00f3l t\u00e1mad a co-depencia<br \/>Nem l\u00e1tom a j\u00f6v\u0151t<br \/>Nem ismerem fel a szembe j\u00f6v\u0151t<br \/>A maszk m\u00f6g\u00f6tt b\u00e1rki lehetek<br \/>Moshat\u00f3 \u00e1larcot viselek<br \/>A dream team<br \/>Csak k\u00edn r\u00edm<br \/>Nincs r\u00e1 jogc\u00edm<br \/>Megfakult a hajsz\u00edn<br \/>Megromlott a tejsz\u00edn<br \/>A k\u00fclcs\u00edn csak a felsz\u00edn<br \/>Happy hour<br \/>Minden f\u00e9l \u00e1ron<br \/>Igyunk bar\u00e1tom<br \/>Szabad a p\u00e1lya<br \/>A szarnak nincs gazd\u00e1ja<br \/>K\u00f6pj\u00fcnk a f\u00f6ldre<br \/>Arany lesz bel\u0151le<br \/>Felmegy\u00fcnk mint heged\u0171s a h\u00e1ztet\u0151re<br \/>\u00c9s \u00e9nekelj\u00fck h<br \/>De mi mulatunk<br \/>Demi Moore-ral<br \/>Vadast esz\u00fcnk Roger ny\u00fallal<br \/>\u00dcres fr\u00e1zisok<br \/>Tombol\u00f3 endorfinok<br \/>\u00dcres fr\u00e1zisok<br \/>L\u00e1ngol\u00f3 katedr\u00e1lisok<br \/>Mi aty\u00e1nk,ki vagy a mennyekben<br \/>\u00c9n sen-ki vagyok e f\u00f6ld\u00f6n,nem v\u00e9leletlen<br \/>Szentesked\u0151 Szentes<br \/>\u00c1lszent szent este<br \/>a szent teste<br \/>Hogyan ker\u00fclt Szent-end-re?<br \/>Ostya \u00e9s bor<br \/>\u00c1ld\u00e1s \u00e9s por<br \/>Jut bel\u0151le mindenkinek<br \/>A k\u00edgy\u00f3 sziszeg:<br \/>Egy v\u00e9rb\u0151l val\u00f3k vagyunk te meg \u00e9n<br \/>Ezt j\u00f3l elbasztad \u00fcv\u00f6lten\u00e9m<br \/>De vigy\u00e1zz mit besz\u00e9lsz,ember<br \/>Megfigyel t\u00e9ged ez a rendszer<br \/>J\u00e9zus sepreget a pokol torn\u00e1c\u00e1n<br \/>K\u00f6zmunka 30 arany\u00e9rt, hogy lehet ekkora balf\u00e1c\u00e1n?<br \/>\u00c9n meg intek a r\u00e9v\u00e9sznek a valhall\u00e1ba lesszives<br \/>Rem\u00e9lem a cs\u00f3nakja kl\u00edmasemleges nem benzines&#8230;.<br \/>De ez is csak Porn-hub a tort\u00e1n<br \/>Gy\u00f6m\u00f6sz\u00f6li,de nem megy le a tork\u00e1n<br \/>Pedig nyitva van az aranykapu,b\u00fajjatok be rajta<br \/>Rocco feles\u00e9g\u00e9n\u00e9l leszakadt a pajta<br \/>Azt\u00e1n csak szemezek magammal<br \/>G\u00e1tl\u00e1stalan j\u00e1tszom a szavakkal<br \/>Beh\u00edvom a kih\u00edv\u00e1st<br \/>Becsapom az \u00f6n\u00e1m\u00edt\u00e1st<br \/>De most lel\u00e9pek a sz\u00ednr\u0151l<br \/>Hogy az ut\u00f3kor besz\u00e9lhessen Steve-r\u0151l<\/p>\n<\/blockquote>\n<p>[\/et_pb_text][\/et_pb_column][et_pb_column type=&#8221;1_2&#8243; _builder_version=&#8221;4.27.4&#8243; _module_preset=&#8221;default&#8221; global_colors_info=&#8221;{}&#8221;][et_pb_heading title=&#8221;Szavazz r\u00e1m&#8221; _builder_version=&#8221;4.27.4&#8243; _module_preset=&#8221;default&#8221; title_level=&#8221;h2&#8243; title_text_align=&#8221;left&#8221; title_font_size=&#8221;34px&#8221; width=&#8221;100%&#8221; width_tablet=&#8221;100%&#8221; width_phone=&#8221;100%&#8221; width_last_edited=&#8221;on|phone&#8221; custom_padding=&#8221;15px|||||&#8221; animation_style=&#8221;fade&#8221; title_line_height_tablet=&#8221;&#8221; title_line_height_phone=&#8221;1.1em&#8221; title_line_height_last_edited=&#8221;on|phone&#8221; locked=&#8221;off&#8221; global_colors_info=&#8221;{}&#8221;][\/et_pb_heading][et_pb_text quote_border_color=&#8221;gcid-2ebbc52c-9ee6-4712-a077-fcaec9b98540&#8243; _builder_version=&#8221;4.27.4&#8243; _module_preset=&#8221;default&#8221; text_font=&#8221;&#8211;et_global_heading_font||||||||&#8221; text_text_color=&#8221;gcid-heading-color&#8221; text_font_size=&#8221;17px&#8221; text_line_height=&#8221;1.6em&#8221; header_text_align=&#8221;left&#8221; custom_margin=&#8221;||-2px|||&#8221; animation_style=&#8221;fade&#8221; animation_duration=&#8221;2000ms&#8221; text_font_size_tablet=&#8221;17px&#8221; text_font_size_phone=&#8221;17px&#8221; text_font_size_last_edited=&#8221;on|phone&#8221; text_line_height_tablet=&#8221;1.6em&#8221; text_line_height_phone=&#8221;1.4em&#8221; text_line_height_last_edited=&#8221;on|desktop&#8221; border_style_all=&#8221;inset&#8221; locked=&#8221;off&#8221; global_colors_info=&#8221;{%22gcid-2ebbc52c-9ee6-4712-a077-fcaec9b98540%22:%91%22quote_border_color%22,%22quote_border_color%22%93,%22gcid-heading-color%22:%91%22text_text_color%22%93}&#8221;]<\/p>\n<blockquote>\n<p>Szavazz r\u00e1m bev\u00e1ltom minden rem\u00e9nyed<br \/>Nincs hangod?haszn\u00e1ld az eny\u00e9met!<br \/>EK<br \/>Az ember nem m\u00e1s mint saj\u00e1t gondolatainak term\u00e9ke:azz\u00e1 v\u00e1lik,amit gondol<br \/>Mahatma Gandhi<\/p>\n<p>N\u00e9ha nincsenek gondolataim<br \/>El kell olvasnom m\u00e1sok\u00e9t,hogy egy\u00e1ltal\u00e1n legyem valami gondolatom arr\u00f3l ,hogy mit fogok <br \/>gondolni&#8230;<br \/>Tal\u00e0n ez m\u00e9g nem gondolat b\u0171n<br \/>\u00dcres vagyok<br \/>Egyszer\u0171 vagyok<br \/>Vagy az \u00e9let bonyolult<br \/>Vagy csak \u00e9n bonyol\u00edtom t\u00fal,mert abban nagy vagyok<br \/>Vagy csak nem tal\u00e1lom a megold\u00f3 k\u00e9pletet<br \/>2+2=\u00bf<br \/>Majd ha le\u00edrhatom,hogy 4 az lesz az igazi szabads\u00e1g<br \/>1948<br \/>1984<br \/>N\u00e9gy sz\u00e0m ,k\u00e9t \u00e9vsz\u00e1m,egy helyzet<br \/>Felcser\u00e9lt Sz\u00e1mh\u00e1bor\u00fa<br \/>B\u00e9ke fentart\u00f3kat a fejembe<br \/>\u0150r\u00fclet ami itt bennt van m\u00e0r megint.<br \/>N\u00e9ha nincsenek gondolataim<br \/>\u00dcres vagyok de annyira mint mikor<br \/>Kong\u00f3ban ki\u00fcr\u00fclt konzervdobozt kongatnak \u00e9s a visszhang visszahat var\u00e0zslatos vad v\u00e1rosok v\u00e9gtelen gett\u00f3inak nyomor\u00e1ra.<br \/>N\u00e9ha nincsenek gondolataim<br \/>\u00c9s annyira jelent\u00e9ktelen vagyok,hogy nem hallom saj\u00e0t hangom-ami nem nagy baj-a gond az,hogy m\u00e0sok sem hallj\u00e0k<br \/>Hallatlan,hogy hallhatatlan vagyok<br \/>Hall\u00f3t\u00e1vols\u00e1gon bel\u00fcli halhatatlans\u00e0gba burkol\u00f3zom<br \/>Halo mindens\u00e8g <br \/>Halo halog\u00e9n <br \/>Halo hal\u00f3d\u00f3 g\u00e9n<br \/>Halo elhal\u00f3 hangork\u00e1n<br \/>N\u00e9ha nincsenek gondolataim<br \/>felszines vagyok<br \/>fent sz\u00ednes lent sz\u00edntelen szagtalan iztelen \u00e1tl\u00e1tsz\u00f3<br \/>SEMMI&#8230;.nevem senki<br \/>Senki \u00e9s semmi..<br \/>Ez a v\u00e0ros nem j\u00f3 semmire ez az \u00e9let nem kell senkinek<br \/>Ez a v\u00e1ros nem kell senkinek ez az \u00e9let nem j\u00f3 semmire<br \/>Elfogyok lassan<br \/>Kifogyok magamb\u00f3l<br \/>\u00c9s senki sincs aki meg\u00e1lljt parancsol&#8230;<br \/>J\u00f6nne m\u00e1r valaki<br \/>Ak\u00e1rki &#8230;ak\u00e1r a hal\u00e1l<br \/>Ak\u00e1rki hal\u00e1la<br \/>B\u00e1rki \u00e9lete<br \/>Brian \u00e9lete ami olyan dulva,hogy ledob a padl\u00f3la <br \/>De ezen m\u00e0rcsak r\u00f6h\u00f6gni tudok<br \/>Mint a zsoldosok akik keze sosem dolgozott<br \/>K\u00e9z kezet mos<br \/>Most sincs t\u00f6bb gondolatom<br \/>Tal\u00e1n azt gondolhatom,hogy fantom vagyok<br \/>Fantomasra figyelek<br \/>Mike Patton patol\u00f3gi\u00e1n pattog<br \/>Agyam kattog<br \/>N\u00e9zd milyen sz\u00e9pen le\u00e9p\u00fcltem<br \/>Az agyhalottak k\u00f6z\u00e9 be\u00e9p\u00fcltem<br \/>Kik\u00e9sz\u00fcltem kik\u00e9sz\u00edtettek<br \/>\u00c9s ett\u0151l vagyok ilyen neurotikus<br \/>hallgatnom k\u00e9ne neurotic-ot<br \/>Pajor Tam\u00e0s \u00fajra \u00e9l<br \/>Az egyik legnagyobb slammer aki v\u00e9tkezni nem mer<br \/>J\u00e9zus a pokolban is kiskir\u00e0ly<br \/>T\u00fczes v\u00edzzel oltja a t\u00fczet \u00e9s vizet pr\u00e9dik\u00e0l&#8230;<br \/>\u00c9s ha majdm\u00e1r v\u00e9gk\u00e9pp ki\u00fcr\u00fcltem(meg\u0151r\u0171ltem)<br \/>Halgatok TGre D\u00e9nes Szilveszterre Nemes M\u00e1rkra ti tudj\u00e1tok mi a p\u00e1lya <br \/>P\u00edsz testv\u00e9reim <br \/>Sz\u00ednes k\u00e9peink sz\u00ednes\u00edtik a sz\u00fcrke magyar val\u00f3s\u00e1g v\u00e9gtelen vallom\u00e1sait<br \/>De most elvonatkoztatok a val\u00f3s\u00e1gt\u00f3l elrugaszkodom<br \/>\u00d6sszeszedem magam \u00e9s gondolok valamire&#8230;szem\u00e9ly,t\u00e0rgy,fogalom<br \/>Teljesen mindegy ,csak az eny\u00e9m legyen a gondolat \u00e9s kital\u00e0lhasd,hogy R\u00e0d gondoltam&#8230;<br \/>R\u00e1d r\u00e1d r\u00e1d te nem l\u00e9tez\u0151 l\u00e1ny<br \/>Te nem l\u00e9tez\u0151 \u00f6r\u00f6k szerelem <br \/>\u00d6r\u00f6k szellem aki itt k\u00eds\u00e9rt<br \/>-kikis\u00e9rt n\u00e9h\u00e1ny klis\u00e9t<br \/>Azt\u00e1n \u00f6sszet\u00f6rt n\u00e9h\u00e1ny szivet t\u00e1ny\u00e9rt meg poharat<br \/>A szivembe tette a bogarat<br \/>Stevebog\u00e1r <br \/>Bogozn\u00e1m ki de nem musz\u00e1ly<br \/>El\u00faszik&#8230;hangtalanul<br \/>\u00c9n meg keresem f\u00e1radhatatlanul<\/p>\n<\/blockquote>\n<p>[\/et_pb_text][\/et_pb_column][\/et_pb_row][\/et_pb_section][et_pb_section fb_built=&#8221;1&#8243; _builder_version=&#8221;4.27.4&#8243; _module_preset=&#8221;default&#8221; custom_padding=&#8221;||0px|||&#8221; locked=&#8221;off&#8221; global_colors_info=&#8221;{}&#8221;][et_pb_row column_structure=&#8221;1_2,1_2&#8243; _builder_version=&#8221;4.27.4&#8243; _module_preset=&#8221;default&#8221; min_height=&#8221;89px&#8221; custom_margin=&#8221;-41px|auto||auto||&#8221; custom_padding=&#8221;||0px|||&#8221; global_colors_info=&#8221;{}&#8221;][et_pb_column type=&#8221;1_2&#8243; _builder_version=&#8221;4.27.4&#8243; _module_preset=&#8221;default&#8221; global_colors_info=&#8221;{}&#8221;][et_pb_heading title=&#8221;Szememet a&#8221; _builder_version=&#8221;4.27.4&#8243; _module_preset=&#8221;default&#8221; title_level=&#8221;h2&#8243; title_text_align=&#8221;left&#8221; title_font_size=&#8221;34px&#8221; width=&#8221;100%&#8221; width_tablet=&#8221;100%&#8221; width_phone=&#8221;100%&#8221; width_last_edited=&#8221;on|phone&#8221; custom_padding=&#8221;15px|||||&#8221; animation_style=&#8221;fade&#8221; title_line_height_tablet=&#8221;&#8221; title_line_height_phone=&#8221;1.1em&#8221; title_line_height_last_edited=&#8221;on|phone&#8221; global_colors_info=&#8221;{}&#8221;][\/et_pb_heading][et_pb_text quote_border_color=&#8221;gcid-2ebbc52c-9ee6-4712-a077-fcaec9b98540&#8243; _builder_version=&#8221;4.27.4&#8243; _module_preset=&#8221;default&#8221; text_font=&#8221;&#8211;et_global_heading_font||||||||&#8221; text_text_color=&#8221;gcid-heading-color&#8221; text_font_size=&#8221;17px&#8221; text_line_height=&#8221;1.6em&#8221; header_text_align=&#8221;left&#8221; animation_style=&#8221;fade&#8221; animation_duration=&#8221;2000ms&#8221; text_font_size_tablet=&#8221;17px&#8221; text_font_size_phone=&#8221;17px&#8221; text_font_size_last_edited=&#8221;on|phone&#8221; text_line_height_tablet=&#8221;1.6em&#8221; text_line_height_phone=&#8221;1.4em&#8221; text_line_height_last_edited=&#8221;on|desktop&#8221; border_style_all=&#8221;inset&#8221; global_colors_info=&#8221;{%22gcid-2ebbc52c-9ee6-4712-a077-fcaec9b98540%22:%91%22quote_border_color%22,%22quote_border_color%22%93,%22gcid-heading-color%22:%91%22text_text_color%22%93}&#8221;]<\/p>\n<blockquote>\n<p>Szememet a hi\u00e1ny vak\u00edtja<br \/>Sz\u00edvemet v\u00e1gy marja<br \/>Lelkemet a s\u00f3v\u00e1rg\u00e1s t\u00e9pi sz\u00e9t<br \/>2 gondolat k\u00f6zt a 3. is te vagy<br \/>Szerelem ez&#8230;.<br \/>igazi tiszta<br \/>De ez nem a mi nyarunk lesz<br \/>\u00dcld\u00f6z\u00f6m az \u00e1lmot amibe benne vagy<br \/>De nem alszom..j\u00f3l<br \/>Nem alszom sokat<br \/>Felriadok..gyakran..sz\u00f3ln\u00e9k de nincs kihez<br \/>Egy sz\u00f3 elmond mindent<br \/>\u00c9s n\u00e9ha ezer sem el\u00e9g<br \/>Meggy\u00fajtok egy csillagot h mindig tudd merre keress<br \/>Mikor lent vagyok akkor is felfele n\u00e9zek<br \/>Viselem a f\u00e1jdalmat<br \/>T\u0171r\u00f6m a szenved\u00e9st<br \/>A percek nem m\u00falnak<br \/>Mint egy asztalhoz ragasztott homok\u00f3ra<br \/>Mint egy hamis szimf\u00f3nia..hangok \u00f6ssze visszas\u00e1ga<br \/>Azt\u00e1n megfesz\u00fcl a csend<br \/>Hangtalanul \u00e9rkezik az \u0151r\u00fclet<br \/>Sz\u00e1m\u0171z\u00f6tt vagyok a saj\u00e1t testemben<br \/>Sz\u00e1m\u0171ztem magam az egyed\u00fcll\u00e9tbe<\/p>\n<\/blockquote>\n<p>[\/et_pb_text][\/et_pb_column][et_pb_column type=&#8221;1_2&#8243; _builder_version=&#8221;4.27.4&#8243; _module_preset=&#8221;default&#8221; global_colors_info=&#8221;{}&#8221;][et_pb_heading title=&#8221;Szemetesaut\u00f3 \u00e9s traktor&#8221; _builder_version=&#8221;4.27.4&#8243; _module_preset=&#8221;default&#8221; title_level=&#8221;h2&#8243; title_text_align=&#8221;left&#8221; title_font_size=&#8221;34px&#8221; width=&#8221;100%&#8221; width_tablet=&#8221;100%&#8221; width_phone=&#8221;100%&#8221; width_last_edited=&#8221;on|phone&#8221; custom_padding=&#8221;15px|||||&#8221; animation_style=&#8221;fade&#8221; title_line_height_tablet=&#8221;&#8221; title_line_height_phone=&#8221;1.1em&#8221; title_line_height_last_edited=&#8221;on|phone&#8221; locked=&#8221;off&#8221; global_colors_info=&#8221;{}&#8221;][\/et_pb_heading][et_pb_text quote_border_color=&#8221;gcid-2ebbc52c-9ee6-4712-a077-fcaec9b98540&#8243; _builder_version=&#8221;4.27.4&#8243; _module_preset=&#8221;default&#8221; text_font=&#8221;&#8211;et_global_heading_font||||||||&#8221; text_text_color=&#8221;gcid-heading-color&#8221; text_font_size=&#8221;17px&#8221; text_line_height=&#8221;1.6em&#8221; header_text_align=&#8221;left&#8221; custom_margin=&#8221;||-2px|||&#8221; animation_style=&#8221;fade&#8221; animation_duration=&#8221;2000ms&#8221; text_font_size_tablet=&#8221;17px&#8221; text_font_size_phone=&#8221;17px&#8221; text_font_size_last_edited=&#8221;on|phone&#8221; text_line_height_tablet=&#8221;1.6em&#8221; text_line_height_phone=&#8221;1.4em&#8221; text_line_height_last_edited=&#8221;on|desktop&#8221; border_style_all=&#8221;inset&#8221; locked=&#8221;off&#8221; global_colors_info=&#8221;{%22gcid-2ebbc52c-9ee6-4712-a077-fcaec9b98540%22:%91%22quote_border_color%22,%22quote_border_color%22%93,%22gcid-heading-color%22:%91%22text_text_color%22%93}&#8221;]<\/p>\n<blockquote>\n<p>Nem hiszem el h ebbe a tetves,fasszop\u00f3 \u00e9letbe nem t\u00f6rt\u00e9nik semmi<br \/>Annyira unom m\u00e1r&#8230;.k\u00e9sz vagyok ett\u0151l teljesen<br \/>K\u00e9sz vagyok&#8230;..teljesen<br \/>Mert itt soha nem t\u00f6rt\u00e9nik semmi <br \/>De ha v\u00e9letlen\u00fcl m\u00e9gis,akkor meg az nem j\u00f3<br \/>De addig&#8230;itt van velem ez a nagy semmi meg \u00fcress\u00e9g <br \/>Meg mag\u00e1ny meg k\u00f6z\u00f6ny meg unalom&#8230;.<br \/>De azt mondogatom h velem minden rendben&#8230;<br \/>Mint a magne b6 rekl\u00e1m&#8230;.b\u00edrom<br \/>Dehogyis &#8230;..m\u00e1r r\u00e9g nem b\u00edrom elviselni,se magamat se az \u00e9letemet<\/p>\n<p>B\u00e1rcsak t\u00f6rt\u00e9nne m\u00e1r vmi h v\u00e9ge legyen a szenved\u00e9snek<br \/>\u00dctne el.egy aut\u00f3 \u00e9s ker\u00fcln\u00e9k k\u00f3rh\u00e1zba vagy<br \/>Veszek egy balt\u00e1t \u00e9s lev\u00e1gom a k\u00e9zfejemet vagy <br \/>Lenn\u00e9k h\u0151s aki megment t\u00f6bb fuldokl\u00f3 embert \u00e9s kit\u00fcntet\u00e9st kap<br \/>Lenn\u00e9k legal\u00e1bb szippant\u00f3s aut\u00f3 h m\u00e1sok szar\u00e1t elvigyem<br \/>Vagy szemetes aut\u00f3, \u00e9jjel titokban \u00f6sszeszedn\u00e9m a sok szemetet meg mocskot<br \/>De legink\u00e1bb traktor lenn\u00e9k:eg\u00e9sz nap.dolgozn\u00e9k a hat\u00e1rban h a v\u00e1ltoz\u00e1s szele meg\u00e9rintsen \u00e9s a j\u00f3zans\u00e1g magj\u00e1t el tudjam \u00fcltetni<\/p>\n<p>Nem vagyok semmi ,m\u00e9gis minden vagyok<br \/>Nem vagyok senki,m\u00e9gis mindenki vagyok<br \/>Steve Szil\u00e1rd,,Peti&#8230;.stb vagyok<br \/>Any\u00e1m ki nem mutatott szeretete vagyok<br \/>Ap\u00e9m elfojtott \u00e9rz\u00e9se vagyok<br \/>Az \u00f6cs\u00e9m soha el nem morzsolt k\u00f6nnycseppje vagyok<br \/>A l\u00e1zad\u00e1s k\u00f6z\u00e9ps\u0151 ujja vagyok<br \/>Az alkoholista utols\u00f3 korty bora vagyok<br \/>A koldus p\u00e1r forintja vagyok<br \/>A tiktok titka vagyok<br \/>A csal\u00e1don bel\u00fcli er\u0151szak seg\u00e9ly ki\u00e1lt\u00e1sa vagyok<br \/>Hat\u00e1s n\u00e9lk\u00fcli ellenhat\u00e1s vagyok<br \/>A b\u00fcszkes\u00e9g \u00e9vsz\u00e1zada vagyok,hogy korra,fajra,szexu\u00e1lis ir\u00e1nyults\u00e1gra,vall\u00e1sra vagy annak hi\u00e1ny\u00e1ra val\u00f3 tekintet n\u00e9lk\u00fcl, ne kelljen sz\u00e9gyellnie senkinek h az aki<br \/>A v\u00e1ltoz\u00e1s halv\u00e1ny szikr\u00e1ja vagyok<br \/>A rem\u00e9ny felcsillan\u00f3 sugara vagyok<br \/>A soha meg nem sz\u00fclet\u0151 gyermek\u00fcnk nevet\u00e9se vagyok<\/p>\n<p>Egy rossz po\u00e9n a t\u00e9ved\u00e9sek v\u00edgj\u00e1t\u00e9k\u00e1ban <br \/>Egy film ami \u00e9vek \u00f3ta \u00e1ll a vide\u00f3t\u00e9k\u00e1ban <br \/>Csak k\u00f6nnycsepp isten szem\u00e9ben <br \/>Egy porszem az id\u0151 tenger\u00e9ben<\/p>\n<p>Az alma amibe \u00c9va beleharapott <br \/>\u00c9s r\u00f6gt\u00f6n rossz p\u00e9ld\u00e1t mutatott<\/p>\n<p>Egy v\u00e9rb\u0151l val\u00f3k vagyunk sziszegi a k\u00edgy\u00f3<br \/>Te meg \u00e9n<br \/>Te \u00e9s \u00e9n<br \/>Nem hasonl\u00edtunk ,m\u00e9gis egyform\u00e1k vagyunk<br \/>K\u00fcl\u00f6nb\u00f6z\u0151ek vagyunk,m\u00e9gis egyform\u00e1k<br \/>Egyek vagyunk,form\u00e1k vagyunk <br \/>Semmik vagyunk,de ha nagyon akarjuk minden lesz\u00fcnk&#8230;.<br \/>Most m\u00e9g semmik vagyunk,de ha tesz\u00fcnk \u00e9rte mindenek lesz\u00fcnk<\/p>\n<p>Mert ezt a meccset m\u00e9g megnyerhetj\u00fck<br \/>Az utols\u00f3 percben, az utols\u00f3 pillanatban,a hosszabb\u00edt\u00e1sban ak\u00e1r<br \/>Ehhez kellesz te <br \/>Ehhez kellek \u00e9n<br \/>Ehhez kell\u00fcnk mi ,mindannyian<br \/>Mert lehet h most egy szemetesaut\u00f3 vagyok<br \/>De egyszer,csak egyszer az \u00e9letben <br \/>69es pontiac firebird leszek<br \/>\u00c9s mindenki engem fog b\u00e1mulni<br \/>A fi\u00fak majd azt mondj\u00e1k h aztakurvamindenit<br \/>A l\u00e1nyoknak meg nem csak a szem\u00fck lesz nedves&#8230;..<br \/>De addig rengeteg munk\u00e1m van <br \/>Addig m\u00e9g rengeteg szemetet kell kivinnem&#8230;.magamb\u00f3l<\/p>\n<p>Kett\u00e9 f\u0171r\u00e9szelt \u00e1lmok egy m\u0171vel\u0151d\u00e9si h\u00e1z sz\u00ednpad\u00e1n<br \/>A mutatv\u00e1ny siker\u00fclt A b\u0171v\u00e9sz meghajol,<br \/>\u00c9n k\u00e9nyszeredetten tapsolok \u00e9s b\u00e1mulok magam el\u00e9<\/p>\n<\/blockquote>\n<p>[\/et_pb_text][\/et_pb_column][\/et_pb_row][\/et_pb_section][et_pb_section fb_built=&#8221;1&#8243; _builder_version=&#8221;4.27.4&#8243; _module_preset=&#8221;default&#8221; custom_padding=&#8221;||0px|||&#8221; locked=&#8221;off&#8221; global_colors_info=&#8221;{}&#8221;][et_pb_row column_structure=&#8221;1_2,1_2&#8243; _builder_version=&#8221;4.27.4&#8243; _module_preset=&#8221;default&#8221; min_height=&#8221;89px&#8221; custom_margin=&#8221;-41px|auto||auto||&#8221; custom_padding=&#8221;||0px|||&#8221; global_colors_info=&#8221;{}&#8221;][et_pb_column type=&#8221;1_2&#8243; _builder_version=&#8221;4.27.4&#8243; _module_preset=&#8221;default&#8221; global_colors_info=&#8221;{}&#8221;][et_pb_heading title=&#8221;Sziszi&#8221; _builder_version=&#8221;4.27.4&#8243; _module_preset=&#8221;default&#8221; title_level=&#8221;h2&#8243; title_text_align=&#8221;left&#8221; title_font_size=&#8221;34px&#8221; width=&#8221;100%&#8221; width_tablet=&#8221;100%&#8221; width_phone=&#8221;100%&#8221; width_last_edited=&#8221;on|phone&#8221; custom_padding=&#8221;15px|||||&#8221; animation_style=&#8221;fade&#8221; title_line_height_tablet=&#8221;&#8221; title_line_height_phone=&#8221;1.1em&#8221; title_line_height_last_edited=&#8221;on|phone&#8221; global_colors_info=&#8221;{}&#8221;][\/et_pb_heading][et_pb_text quote_border_color=&#8221;gcid-2ebbc52c-9ee6-4712-a077-fcaec9b98540&#8243; _builder_version=&#8221;4.27.4&#8243; _module_preset=&#8221;default&#8221; text_font=&#8221;&#8211;et_global_heading_font||||||||&#8221; text_text_color=&#8221;gcid-heading-color&#8221; text_font_size=&#8221;17px&#8221; text_line_height=&#8221;1.6em&#8221; header_text_align=&#8221;left&#8221; animation_style=&#8221;fade&#8221; animation_duration=&#8221;2000ms&#8221; text_font_size_tablet=&#8221;17px&#8221; text_font_size_phone=&#8221;17px&#8221; text_font_size_last_edited=&#8221;on|phone&#8221; text_line_height_tablet=&#8221;1.6em&#8221; text_line_height_phone=&#8221;1.4em&#8221; text_line_height_last_edited=&#8221;on|desktop&#8221; border_style_all=&#8221;inset&#8221; global_colors_info=&#8221;{%22gcid-2ebbc52c-9ee6-4712-a077-fcaec9b98540%22:%91%22quote_border_color%22,%22quote_border_color%22%93,%22gcid-heading-color%22:%91%22text_text_color%22%93}&#8221;]<\/p>\n<blockquote>\n<p>Sziszi<br \/>2016.12.17<br \/>Sziszi-hiszi a piszi<br \/>Happy birthday<br \/>Sziszi szuper szenz\u00e1ci\u00f3s sz\u00fclinapi sze\u00e1nsza<br \/>Turbuktal\u00e1nytam\u00e1s az absztraktalliter\u00e1ci\u00f3k agytr\u00f6sztje<br \/>Hej hej hej<br \/>Hello mindenki<br \/>Ez itt Steve<br \/>A rnr slammer<br \/>De m\u00e1r nem a gett\u00f3b\u00f3l<br \/>a kult\u00fara f\u0151v\u00e1ros\u00e1b\u00f3l<br \/>Hello sz\u00fcl\u0151v\u00e1ros tell me how you doin&#8217;<br \/>Hello tatab\u00e1nya mondjad mi a p\u00e1lya<br \/>T\u00e9rdig \u00e9r a tr\u00e9?<br \/>Hol van a f\u00e9k amivel az \u00e1raml\u00e1st megf\u00e9kezhetn\u00e9m<br \/>Vagy nem annyira durva a helyzet<br \/>Amit Finucci lefestett<br \/>De dobom ezt a t\u00e9m\u00e1t<br \/>Unom a s\u00e9m\u00e1t<br \/>\u00dcnnepelni j\u00f6tt\u00fcnk<br \/>Nem temetni a tr\u00e9f\u00e1t&#8230;<br \/>Mer:<br \/>Ez nem egy \u00fczenet a liftb\u0151l <br \/>Nem egy \u00far az \u0171rb\u0151l<br \/>Sziszinek \u00ecrok sz\u00fclinapi k\u00f6sz\u00f6nt\u0151t<br \/>Boldog sz\u00fclcsi napcsit k\u00edv\u00e1nok neked<br \/>D\u00fcb\u00f6r\u00f6g a hangfalb\u00f3l az \u00fczenet<\/p>\n<p>nem tudok ott lenni<br \/>nem tudtam elmenni<br \/>\u00c9hesek az emberek<br \/>Meg kell \u0151ket etetni<br \/>De a sz\u00e1nd\u00e9k a fontos meg a meglepet\u00e9s<br \/>Ez\u00e9rt is \u00edrtam neked ezt a versik\u00e9t<br \/>Csak r\u00edmeket \u00e9s sz\u00f3vir\u00e1got adhatok<br \/>De a fant\u00e1zi\u00e1mnak hat\u00e1rt nem szabhatok<br \/>\u00dagyhogy most k\u00e9perny\u0151re tapadjatok<br \/>Ut\u00e1na meg reggelig t\u00e1ncoljatok<br \/>Mert cs\u00facs ez a party nem vit\u00e1s<br \/>Itt tombol az eg\u00e9sz h\u00e1z<br \/>Baby ha kell egy kis v\u00e1ltoz\u00e1s<br \/>Ez a buli lesz a megold\u00e1s<br \/>Az emergency house meg a 90-es \u00e9vek<br \/>Azt hitt\u00fck sosem \u00e9rnek v\u00e9get<br \/>De elm\u00falik minden \u00e9s j\u00f6n helyette m\u00e1s<br \/>Ett\u0151l olyan izgalmas a vil\u00e1g<br \/>De mindenki nyugodjon meg<br \/>Hozom a tutit<br \/>Mondom a titkot:<br \/>40 az \u00faj 20<br \/>amit j\u00f3 ha megtanulsz<br \/>Mert nem sz\u00e1m\u00edt a kor a m\u00e9ret a bizony\u00edtv\u00e1ny<br \/>Csak az hogy melletted bizony ki \u00e1ll<br \/>\u00c9s ha most k\u00f6r\u00fcl n\u00e9zel&#8230;<br \/>Nincs mir\u0151l besz\u00e9lnem<br \/>De ha a40az \u00faj20<br \/>Slam az \u00faj punk<br \/>A fekete az \u00faj feh\u00e9r<br \/>A balaton az \u00faj rivi\u00e9ra<br \/>Tatab\u00e1nya az \u00faj nyugat \u00faj kapuja<br \/>Rajta rajta b\u00fajjatok csak rajta<br \/>Leszakadt az arcom mennyire j\u00f3l tartja mag\u00e1t ez a l\u00e1ny&#8230;m\u00e9g ennyi \u00e9v ut\u00e1n<br \/>De ha a 40 az \u00faj 20<br \/>Minden fele annyi meg fele akkora<br \/>f\u00e9rfiass\u00e1gomnak lassan nem marad nyoma<br \/>Pl az agyam tuti \u00f6sszement<br \/>M\u00e1r nincs benne a tudatt\u00e1g\u00edt\u00f3 cement<br \/>Nem pi\u00e1lok<br \/>Szavakat h\u00e1nyok<br \/>Poh\u00e1r helyett a kezembe pap\u00edrt l\u00e1ttok<br \/>Mert van aki hisz bennem<br \/>\u00c9n meg hiszek magamban<br \/>Ezt bizony\u00edtom tettekkel nem \u00fcres szavakkal<br \/>De vissza a t\u00e9m\u00e1hoz elkalandoztam egy kicsit<br \/>Most f\u00e9l v\u00e1ros \u00fcnnepli a Sziszit<br \/>De ez \u00edgyis van rendj\u00e9n meg\u00e9rdemli<br \/>Csak nekem kellett dolgozni menni<br \/>Mulassatok \u00e9n mosogatok<br \/>Ez a vil\u00e1g rendje<br \/>A koszos t\u00e1ny\u00e9rok felett majd s\u00edrok csendben<br \/>A l\u00e1nyoknak puszi<br \/>A sr\u00e1coknak pacsi<br \/>Boldog sz\u00fclinapot dr\u00e1ga Sziszi<br \/>Hejhej<br \/>Ez itt Steve \u00e9s a sopianae slam<\/p>\n<p>&nbsp;<\/p>\n<\/blockquote>\n<p>[\/et_pb_text][\/et_pb_column][et_pb_column type=&#8221;1_2&#8243; _builder_version=&#8221;4.27.4&#8243; _module_preset=&#8221;default&#8221; global_colors_info=&#8221;{}&#8221;][et_pb_heading title=&#8221;Szok\u00e1s&#8221; _builder_version=&#8221;4.27.4&#8243; _module_preset=&#8221;default&#8221; title_level=&#8221;h2&#8243; title_text_align=&#8221;left&#8221; title_font_size=&#8221;34px&#8221; width=&#8221;100%&#8221; width_tablet=&#8221;100%&#8221; width_phone=&#8221;100%&#8221; width_last_edited=&#8221;on|phone&#8221; custom_padding=&#8221;15px|||||&#8221; animation_style=&#8221;fade&#8221; title_line_height_tablet=&#8221;&#8221; title_line_height_phone=&#8221;1.1em&#8221; title_line_height_last_edited=&#8221;on|phone&#8221; locked=&#8221;off&#8221; global_colors_info=&#8221;{}&#8221;][\/et_pb_heading][et_pb_text quote_border_color=&#8221;gcid-2ebbc52c-9ee6-4712-a077-fcaec9b98540&#8243; _builder_version=&#8221;4.27.4&#8243; _module_preset=&#8221;default&#8221; text_font=&#8221;&#8211;et_global_heading_font||||||||&#8221; text_text_color=&#8221;gcid-heading-color&#8221; text_font_size=&#8221;17px&#8221; text_line_height=&#8221;1.6em&#8221; header_text_align=&#8221;left&#8221; custom_margin=&#8221;||-2px|||&#8221; animation_style=&#8221;fade&#8221; animation_duration=&#8221;2000ms&#8221; text_font_size_tablet=&#8221;17px&#8221; text_font_size_phone=&#8221;17px&#8221; text_font_size_last_edited=&#8221;on|phone&#8221; text_line_height_tablet=&#8221;1.6em&#8221; text_line_height_phone=&#8221;1.4em&#8221; text_line_height_last_edited=&#8221;on|desktop&#8221; border_style_all=&#8221;inset&#8221; locked=&#8221;off&#8221; global_colors_info=&#8221;{%22gcid-2ebbc52c-9ee6-4712-a077-fcaec9b98540%22:%91%22quote_border_color%22,%22quote_border_color%22%93,%22gcid-heading-color%22:%91%22text_text_color%22%93}&#8221;]<\/p>\n<blockquote>\n<p>&#8222;I don&#8217;t know what&#8217;s worth fighting for<br \/>Or why I have to scream<br \/>I don&#8217;t know why I instigate<br \/>And say what I don&#8217;t mean<br \/>I don&#8217;t know how I got this way<br \/>I know it&#8217;s not alright<br \/>So I&#8217;m breaking the habit<br \/>I&#8217;m breaking the habit tonight&#8221;<br \/>Linkin park:habits<\/p>\n<p>Hossz\u00fa \u00e9veken \u00e1t volt nagyon sok nagyon rossz szok\u00e1som.<br \/>Most az\u00e9rt vagyok itt v\u00e1ltoztassak ezeken a szok\u00e1sokon.<br \/>\u00c9s ez most szem\u00e9lyes.tal\u00e1n m\u00e1r t\u00fal szem\u00e9lyes is.tal\u00e1n m\u00e1r intim.tal\u00e1n t\u00fal sok bel\u0151lem.tal\u00e1n t\u00fal kev\u00e9s n\u00e9lk\u00fclem.<br \/>lehet hogy t\u00fal szem\u00e9lyes.lehet&#8230;.<\/p>\n<p>Mutass egy embert aki j\u00f3<br \/>Mutass egy embert aki rossz<br \/>Mutass egy embert aki ember<br \/>Mutass egy embert aki m\u00e1smilyen ember akar lenni<br \/>Tudod mit hagyd a fen\u00e9be:<br \/>Ne mutogass m\u00e1sokra<br \/>Mutasd meg h TE milyen ember vagy!!!!<br \/>\u00c9n sok\u00e1ig f\u00e9ltem megmutatni magam<br \/>Masokt\u00f3l v\u00e1rtam a meger\u0151s\u00edt\u00e9st<br \/>F\u00e9ltem h nem leszek el\u00e9g j\u00f3 ha igaz\u00e1b\u00f3l \u00f6nmagamat adom<br \/>Nem fogok megfelelni a sz\u00fcleimnek tan\u00e1raimnak f\u0151n\u00f6keimnek bar\u00e1tn\u0151imnek<br \/>Igen:nem viselkedem megfelel\u0151en<br \/>Igen: az a kibaszott megfelel\u00e9s az ami megnyomor\u00edtott hossz\u00fa id\u0151n kereszt\u00fcl<br \/>\u00c9n nem lehetek olyan nem lehetek ilyen<br \/>Csak olyan lehetek amilyet elv\u00e1rnak t\u0151lem<br \/>Olyan amilyennek m\u00e1sok szeretn\u00e9nek l\u00e1tni<br \/>Nem csin\u00e1lhatom ezt nem csin\u00e1lhatom azt<br \/>Azt csin\u00e1lhatom amit szabad<br \/>Azt csin\u00e1lhatom amit lehet<br \/>Azt szabad csin\u00e1lnom amit lehet<br \/>Azt lehet csin\u00e1lnom amit szabad<br \/>Na ebb\u0151l el\u00e9g!bassz\u00e1tok meg!!!<br \/>Nem tudom mi vagy ki akarok lenni &#8230;.m\u00e9g mindig nem<br \/>De azt tudom h n\u00e9ha m\u00e1r tudok emberk\u00e9nt viselkedni&#8230;.j\u00f3 emberk\u00e9nt&#8230;.emberies emberk\u00e9nt<br \/>Pl. Embernek \u00e9rzem magam mikor r\u00f6h\u00f6g\u0151 g\u00f6rcs\u00f6t kapok azon ahogy a csajom ut\u00e1nozza h milyen k\u00e9nyszeresen \u00e9s megsz\u00e1llottan nyomkodom azt az 5gombot a kocsiban vezet\u00e9s k\u00f6zben<br \/>Vagy amikor el\u00e9rz\u00e9keny\u00fclve n\u00e9zem ahogy a vasalja a ruh\u00e1mat mert tudom mi m\u00e1r egy csal\u00e1d vagyunk..m\u00f3nika vasal steve olajat cser\u00e9l<br \/>Vagy amikor egy szomor\u00fa film ut\u00e1n let\u00f6rl\u00f6m arc\u00e1rol a k\u00f6nnyeket..<br \/>\u00c9s mikor azt mondja h steve te irt\u00f3 szexi vagy a fekete ingben&#8230;elhiszem..neki elhiszem<br \/>Ilyenkor \u00e9rzem h f\u00e9rfi vagyok egy t\u00e1rs bar\u00e1t szeret\u0151<br \/>Mint egy ember..egy m\u00e1r m\u00e1smilyen ember<br \/>Ezeket a pillanatokat nem cser\u00e9ln\u00e9m el semmi\u00e9rt<br \/>Nem cser\u00e9ln\u00e9m le semmire<br \/>Ez nem az \u00e9rz\u00e9sek bolha piaca ahol haszn\u00e1lt meg\u00fant \u00e9rz\u00e9seimet elcser\u00e9lhetem..vagy m\u00e9gis??<br \/>Itt van egy adag k\u00f6z\u00f6ny.m\u00e1r nem kell!<br \/>K\u00e9rek helyette:odafigyel\u00e9st.meg\u00e9rt\u00e9st.elfogad\u00e1st<br \/>Szeletbe lesszives!beosztom.jusson minden napra egy kicsi&#8230;.<br \/>De addig is legjobb k\u00e9pess\u00e9geim szerint pr\u00f3b\u00e1lok ember maradni<\/p>\n<p>Mutass egy embert aki j\u00f3<br \/>Mutass egy embert aki ember<br \/>Mutass egy embert aki m\u00e1smilyen ember akar lenni<br \/>Kurv\u00e1ra mindegy csak mutasd meg milyen ember vagy!!!<br \/>Te milyen ember vagy!!!<br \/>\u00c9n n\u00e9ha m\u00e1r vagyok el\u00e9g b\u00e1tor megmutatni magam<br \/>\u00c9s te&#8230;&#8230;.?????<\/p>\n<\/blockquote>\n<p>[\/et_pb_text][\/et_pb_column][\/et_pb_row][\/et_pb_section][et_pb_section fb_built=&#8221;1&#8243; _builder_version=&#8221;4.27.4&#8243; _module_preset=&#8221;default&#8221; custom_padding=&#8221;||0px|||&#8221; locked=&#8221;off&#8221; global_colors_info=&#8221;{}&#8221;][et_pb_row column_structure=&#8221;1_2,1_2&#8243; _builder_version=&#8221;4.27.4&#8243; _module_preset=&#8221;default&#8221; min_height=&#8221;89px&#8221; custom_margin=&#8221;-41px|auto||auto||&#8221; custom_padding=&#8221;||0px|||&#8221; global_colors_info=&#8221;{}&#8221;][et_pb_column type=&#8221;1_2&#8243; _builder_version=&#8221;4.27.4&#8243; _module_preset=&#8221;default&#8221; global_colors_info=&#8221;{}&#8221;][et_pb_heading title=&#8221;Szomj&#8221; _builder_version=&#8221;4.27.4&#8243; _module_preset=&#8221;default&#8221; title_level=&#8221;h2&#8243; title_text_align=&#8221;left&#8221; title_font_size=&#8221;34px&#8221; width=&#8221;100%&#8221; width_tablet=&#8221;100%&#8221; width_phone=&#8221;100%&#8221; width_last_edited=&#8221;on|phone&#8221; custom_padding=&#8221;15px|||||&#8221; animation_style=&#8221;fade&#8221; title_line_height_tablet=&#8221;&#8221; title_line_height_phone=&#8221;1.1em&#8221; title_line_height_last_edited=&#8221;on|phone&#8221; global_colors_info=&#8221;{}&#8221;][\/et_pb_heading][et_pb_text quote_border_color=&#8221;gcid-2ebbc52c-9ee6-4712-a077-fcaec9b98540&#8243; _builder_version=&#8221;4.27.4&#8243; _module_preset=&#8221;default&#8221; text_font=&#8221;&#8211;et_global_heading_font||||||||&#8221; text_text_color=&#8221;gcid-heading-color&#8221; text_font_size=&#8221;17px&#8221; text_line_height=&#8221;1.6em&#8221; header_text_align=&#8221;left&#8221; animation_style=&#8221;fade&#8221; animation_duration=&#8221;2000ms&#8221; text_font_size_tablet=&#8221;17px&#8221; text_font_size_phone=&#8221;17px&#8221; text_font_size_last_edited=&#8221;on|phone&#8221; text_line_height_tablet=&#8221;1.6em&#8221; text_line_height_phone=&#8221;1.4em&#8221; text_line_height_last_edited=&#8221;on|desktop&#8221; border_style_all=&#8221;inset&#8221; global_colors_info=&#8221;{%22gcid-2ebbc52c-9ee6-4712-a077-fcaec9b98540%22:%91%22quote_border_color%22,%22quote_border_color%22%93,%22gcid-heading-color%22:%91%22text_text_color%22%93}&#8221;]<\/p>\n<blockquote>\n<p>N\u00e9ha azt \u00e9rzem h vmi kaparja a torkom<br \/>N\u00e9ha nehezen l\u00e9legzem<br \/>N\u00e9ha azt \u00e9rzem h megfulladok<br \/>Mert nem kapok&#8230;LEVEG\u0150T!!!!!!!<\/p>\n<p>A demokr\u00e1cia keser\u0171 ize a sz\u00e1mban<br \/>Kik\u00f6pn\u00e9m de t\u00fal sok\u00e1ig r\u00e1gtam<br \/>Beleragadt a lyukas fogamba<br \/>M\u00e1r nincs kedvem d\u00fadolni h labamba<\/p>\n<p>B\u00f6lcsek cenz\u00far\u00e1zz\u00e1k a v\u00e1laszaimat<br \/>G\u00e9pek tartj\u00e1k \u00e9bren az \u00e1lmaimat<br \/>Android oper\u00e1ci\u00f3s rendszer<br \/>M\u0171anyaggal tele az \u00f3perenci\u00e1s tenger<\/p>\n<p>Ez egy mocskos h\u00e1bor\u00fa \u00e9n nem erre<br \/>szavaztam<br \/>A kommentekt\u0151l \u00e9n vagyok zavarban<br \/>Cirkusz kell meg keny\u00e9r<br \/>Teljes a kiel\u00e9g\u00fcl\u00e9s<\/p>\n<p>5 perc gy\u0171l\u00f6let ami 9\u00e9ve tart<br \/>Ez jobban lelkes\u00edti a magyart<br \/>R\u00e1ntsd ki a kardod \u00e9s d\u00f6fd a sz\u00edvedbe<br \/>V\u00e9r\u00e1t\u00f6mleszt\u00e9s,ez kell a nemzetnek<\/p>\n<p>Ez a vil\u00e1g a saj\u00e1t szarunkt\u00f3l b\u0171zlik<br \/>Nincs id\u0151nk h kit\u00f6r\u00f6lj\u00fck a segg\u00fcnk<br \/>Gyors az \u00e9let lass\u00fa a hal\u00e1l<br \/>Felzab\u00e1l minket a kapzsis\u00e1g<\/p>\n<p>Politikailag inkorekt<br \/>Ha m\u0171k\u00f6dik a lej\u00e1rat\u00f3 projekt<br \/>Toxikus politikus<br \/>Gondolkod\u00e1sban neolitikus<\/p>\n<p>Mindek\u00f6zben legyek eg\u00e9szs\u00e9ges<br \/>Nekem erre kev\u00e9s a fizet\u00e9sem<br \/>Ameddig ingyen van a r\u00e1ntott h\u00fas<br \/>Addig vagyok vitamind\u00fas<\/p>\n<p>Bio,organikus meg natur\u00e1lis<br \/>A szexben ink\u00e1bb vagyok vagin\u00e1lis<br \/>Sikos\u00edt\u00f3 nem kell,van b\u00e9rletem<br \/>Semmi sem m\u00falik a m\u00e9reten<\/p>\n<p>Szomjas vagy?igy\u00e1l vizet!<br \/>Steve fizet<br \/>Jaaa&#8230;hogy elfogyott<br \/>Mert vki helyett\u00fcnk gondolkodott<\/p>\n<p>Nem baj!hozunk a marsr\u00f3l<br \/>Marsi Anik\u00f3 \u00e9pp egy \u00e1l h\u00edrrel harcol<br \/>A ker\u00edt\u00e9sen bel\u00fcl mindent m\u00e1shogy l\u00e1tsz<br \/>De a kereteken k\u00edv\u00fcl eg\u00e9sz m\u00e1s ez a vil\u00e1g<\/p>\n<p>Most j\u00f6n az a r\u00e9sz amikor megk\u00e9rdezitek-jelzem jogosan- \u00e9n<\/p>\n<p>hogy vagyok benne a sz\u00f6vegbe?<\/p>\n<p>Ittam pedig nem voltam szomjas<br \/>Ittam h bet\u00f6ltsem azt az \u0171rt amit a<br \/>mag\u00e1ny,unalom,k\u00f6z\u00f6ny,meg nem<br \/>\u00e9rtetts\u00e9g,depressz\u00ed\u00f3 v\u00e1gott bel\u00e9m<br \/>Szomjaztam a<br \/>szeretetre,meg\u00e9rt\u00e9sre,elfogad\u00e1sra<br \/>Min\u00e9l jobban akartam kapcsol\u00f3dni ann\u00e1l<br \/>jobban elt\u00e1volodtam magamt\u00f3l,istent\u0151l<br \/>\u00e9s az emberekt\u0151l<br \/>T\u00e1rsas mag\u00e1ny<br \/>Mint a puzzle egy darabja ami sehova<br \/>sem passzol<br \/>Nem tudtam mit kezdeni magammal az \u00e9rz\u00e9seimmel,az \u00e9lettel<br \/>Direkt nem mondom h az \u00e9letemmel,mert az nem az eny\u00e9m volt<br \/>5\u00e9vvel \u00e9s 9nappal ezel\u0151tt elmentem egy helyre mert azt<\/p>\n<p>gondoltam ott tudnak seg\u00edteni<br \/>T\u00f6rt\u00e9nt vmi \u00e9s az a folyamat m\u00e9g mindig tart,azon dolgozom<\/p>\n<p>h fenn tartsam azt a folyamatot<br \/>3\u00e9vvel ezel\u0151tt elj\u00f6ttem ide:f\u00e9lve,szorongva,rettegve<br \/>Remegett a telefon a kezembe<br \/>Azt\u00e1n lassan az a puzzle a hely\u00e9re ker\u00fclt <br \/>Befogadtatok,elfogadtatok<br \/>Mert nekem ez nem csak 3 perc,ann\u00e1l j\u00f3val t\u00f6bb&#8230;<br \/>Az \u00f6nkifejez\u00e9s eszk\u00f6ze,amiben<br \/>megtal\u00e1ltam magam<br \/>K\u00f6sz\u00f6n\u00f6m h itt vagytok mert az \u00e1lmaim n\u00e9lk\u00fcletek csak \u00e1lmok maradn\u00e1nak!<\/p>\n<\/blockquote>\n<p>[\/et_pb_text][\/et_pb_column][et_pb_column type=&#8221;1_2&#8243; _builder_version=&#8221;4.27.4&#8243; _module_preset=&#8221;default&#8221; global_colors_info=&#8221;{}&#8221;][et_pb_heading title=&#8221;Tatab\u00e1nya&#8221; _builder_version=&#8221;4.27.4&#8243; _module_preset=&#8221;default&#8221; title_level=&#8221;h2&#8243; title_text_align=&#8221;left&#8221; title_font_size=&#8221;34px&#8221; width=&#8221;100%&#8221; width_tablet=&#8221;100%&#8221; width_phone=&#8221;100%&#8221; width_last_edited=&#8221;on|phone&#8221; custom_padding=&#8221;15px|||||&#8221; animation_style=&#8221;fade&#8221; title_line_height_tablet=&#8221;&#8221; title_line_height_phone=&#8221;1.1em&#8221; title_line_height_last_edited=&#8221;on|phone&#8221; locked=&#8221;off&#8221; global_colors_info=&#8221;{}&#8221;][\/et_pb_heading][et_pb_text quote_border_color=&#8221;gcid-2ebbc52c-9ee6-4712-a077-fcaec9b98540&#8243; _builder_version=&#8221;4.27.4&#8243; _module_preset=&#8221;default&#8221; text_font=&#8221;&#8211;et_global_heading_font||||||||&#8221; text_text_color=&#8221;gcid-heading-color&#8221; text_font_size=&#8221;17px&#8221; text_line_height=&#8221;1.6em&#8221; header_text_align=&#8221;left&#8221; custom_margin=&#8221;||-2px|||&#8221; animation_style=&#8221;fade&#8221; animation_duration=&#8221;2000ms&#8221; text_font_size_tablet=&#8221;17px&#8221; text_font_size_phone=&#8221;17px&#8221; text_font_size_last_edited=&#8221;on|phone&#8221; text_line_height_tablet=&#8221;1.6em&#8221; text_line_height_phone=&#8221;1.4em&#8221; text_line_height_last_edited=&#8221;on|desktop&#8221; border_style_all=&#8221;inset&#8221; locked=&#8221;off&#8221; global_colors_info=&#8221;{%22gcid-2ebbc52c-9ee6-4712-a077-fcaec9b98540%22:%91%22quote_border_color%22,%22quote_border_color%22%93,%22gcid-heading-color%22:%91%22text_text_color%22%93}&#8221;]<\/p>\n<blockquote>\n<p>Nekem a slam az \u00faj hardcore<br \/>K\u00f6ltem\u00e9nyek n\u0151nek ki a kem\u00e9ny magb\u00f3l<br \/>Sz\u00f3kimond\u00f3 elgondolkodtat\u00f3 sz\u00f6vegek<br \/>Az agyba csap\u00f3dnak mondat l\u00f6vegek<\/p>\n<p>Nem \u00e9rdekel m\u00e1snak mit jelent<br \/>nekem sz\u00fcl\u0151v\u00e1rosom e sz\u00e9nporral belepett kis v\u00e1ros<br \/>Ahol m\u00e9g a 71 is p\u00e1ros<br \/>Itt az m1-en f\u00e9l\u00faton pest \u00e9s gy\u0151r k\u00f6z\u00f6tt <br \/>A karm\u00e1m addig gy\u0151zk\u00f6d\u00f6tt<br \/>M\u00edg a g\u00f3lya ide nem k\u00f6lt\u00f6z\u00f6tt<br \/>&#8222;Hidd el \u00e9n nem tehetek r\u00f3la hogy itt rakott le az a nyomorult g\u00f3lya&#8221;<br \/>A v\u00e9rtes \u00e9s gerecse \u00f6l\u00e9ben ringattam az \u00e1lmokat<br \/>Nem is lett bel\u0151lem semmi <br \/>De ez nem is olyan nagy csoda<br \/>\u00c9s ha felmegyek a kil\u00e1t\u00f3ra nekem t\u00e9rk\u00e9p e t\u00e1j<br \/>mert engem m\u00e9g tan\u00edtott Faludi \u00c0d\u00e1m<br \/>Tatab\u00e1nya a v\u00e1rosom ut\u00e1lom de v\u00e1llalom<br \/>Mikor koncert ut\u00e1n az aut\u00f3ban v\u00e9rcsepegett az \u00e1llamon<br \/>\u00c1llati ez a szalonk\u00e9ptelen \u00e1llapot<br \/>A seregben nem nyomt\u00e1k csillagok a v\u00e1llapom<br \/>Cseppfoly\u00f3s \u00e9jszak\u00e1k<br \/>Halucinog\u00e9n reggelek<br \/>A vad\u00f3rz\u00f3b\u00f3l hazafel\u00e9 a v\u00e1ros csendje eltemet<br \/>Kisfr\u00f6ccs\u00f6k \u00e9s vilmosok<br \/>A buszv\u00e9gen ami \u00e9pp rohad<br \/>De ezt csak \u00e9n \u00e9rthetem meg n\u00e9h\u00e1ny f\u00f6ldm\u00e9r\u0151 kollega<br \/>4\u00fctem a 4\u00fctem\u0171 trabantban <br \/>Vetk\u0151zz!mondtad&#8230;\u00e9s \u00e9n hittem minden szavadban<br \/>G\u00e1tl\u00e1sok n\u00e9lk\u00fcl szeretkezt\u00fcnk sokszor a szabadban<br \/>\u00c9s nem voltam zavarban hogy t\u00f6bben is j\u00e1tszottunk egy csapatban<br \/>Tilos party ut\u00e1n bugyit zs\u00edrozni a piacon<br \/>Cs\u00f6pivel ez volt az egyik legnagyobb kalandom<br \/>Tatab\u00e1nya a p\u00e1rn\u00e1m amin r\u00e9meket \u00e1lmodok<br \/>Elvett 30 \u00e9vet de m\u00e9gis mindent megadott<br \/>Tatab\u00e1nya a takar\u00f3m magamra h\u00fazom ha nem vagyok j\u00f3l<br \/>De kin\u0151ttem bel\u0151le<br \/>Le is l\u00e9ptem egy id\u0151re<br \/>Az \u00c1ltal \u00e9rben utol\u00e9r a v\u00e9g n\u00e9lk\u00fcli v\u00e9gzetem<br \/>Kort\u00e1rs k\u00f6lt\u0151 vagyok n\u00e9ha azt csak k\u00e9pzelem<br \/>A csille sz\u00e1ll a m\u00e9cs lobog sz\u00edvem a <br \/>b\u00e1ny\u00e1sz\u00e9rt dobog<br \/>Kiprich Plot\u00e1r Vincze<br \/>Ilyen csat\u00e1rsor az\u00f3ta sincsen<br \/>99-ben kupa d\u00f6nt\u0151 V\u00e1con<br \/>Az a veres\u00e9g nagyon f\u00e1jt ott<br \/>De m\u00falik a dics\u0151s\u00e9g m\u00falnak az \u00e9vek<br \/>A turul ultr\u00e1i l\u00e9ptek a b-k\u00f6z\u00e9p hely\u00e9be<br \/>\u00c9s elt\u0171nt a sz\u00e9n nyugd\u00edjba mentek<br \/>a b\u00e1ny\u00e1szok<br \/>Elt\u0171nt a nyugdijam is tudtam egyszer r\u00e1f\u00e1zok<br \/>Hi\u00e1ba pof\u00e1zok<br \/>Szavaimat a Szelim barlang vissza veri<br \/>Happy az \u00e9let veri happy<br \/>Nem tudom hogy Tata b\u00e1nja-e,hogy Tatab\u00e1nya lett a megye sz\u00e9khelye <br \/>De reggelente f\u00e9lt\u00e9keny \u00e9s igen h\u00edg a sz\u00e9klete<br \/>M\u00e9lyszeg\u00e9nys\u00e9g akn\u00e1t m\u00e9ly\u00edt m\u00e9sztelepen<br \/>Nem seg\u00edt rajta m\u00e9lys\u00e9ges d\u00f6bbenetem<br \/>Fekete sz\u00e9n fekete leves<br \/>Lak\u00f3telepeken lepereg a pernye<br \/>perverzi\u00f3kra gerjed persze<br \/>Mikor tatab\u00e1ny\u00e1n este lesz<br \/>A v\u00e1ros arca megremeg<br \/>De k\u00f6nnyek n\u00e9lk\u00fcl csendesen <br \/>\u00c1ll zordan mereven<br \/>Mozdulatlan a Turul-mad\u00e1r-t\u00e1vlatb\u00f3l<br \/>T\u00e1mad az unalom<br \/>Sz\u00e9tter\u00fcl mint egy fest\u00e9k folt az \u00fattalan utakon<br \/>Lefolyik mint a f\u00e1jdalom a hajnali h\u00e1zfalakon<br \/>Mint egy flakon-b\u00f3l kinyomott t\u00e9t n\u00e9lk\u00fcli l\u00e9t kr\u00e9m<br \/>Remeg\u0151 k\u00e9zzel festett \u00e9n k\u00e9p<br \/>Egykedv\u0171en tocsogok a siv\u00e1rs\u00e1g t\u00f3cs\u00e1ban<br \/>\u00c9s veszek valamit a r\u00e9ms\u00e9gek kicsiny boltj\u00e1ban<br \/>az lesz majd az \u00f6sszes vagyon t\u00e1rgyam<br \/>Ez az \u00e9let vajon att\u00f3l ilyen tr\u00e1gya?<br \/>Tatab\u00e1nya j\u00f3l vigy\u00e1zz<br \/>Gondold meg hogy mit csin\u00e1lsz<br \/>A Tetov\u00e1lt l\u00e1ny lesben \u00e1ll<br \/>Megb\u00fcntet ha hib\u00e1t tal\u00e1l<\/p>\n<\/blockquote>\n<p>[\/et_pb_text][\/et_pb_column][\/et_pb_row][\/et_pb_section][et_pb_section fb_built=&#8221;1&#8243; _builder_version=&#8221;4.27.4&#8243; _module_preset=&#8221;default&#8221; custom_padding=&#8221;||0px|||&#8221; locked=&#8221;off&#8221; global_colors_info=&#8221;{}&#8221;][et_pb_row column_structure=&#8221;1_2,1_2&#8243; _builder_version=&#8221;4.27.4&#8243; _module_preset=&#8221;default&#8221; min_height=&#8221;89px&#8221; custom_margin=&#8221;-41px|auto||auto||&#8221; custom_padding=&#8221;||0px|||&#8221; global_colors_info=&#8221;{}&#8221;][et_pb_column type=&#8221;1_2&#8243; _builder_version=&#8221;4.27.4&#8243; _module_preset=&#8221;default&#8221; global_colors_info=&#8221;{}&#8221;][et_pb_heading title=&#8221;Ti\u00e9d&#8221; _builder_version=&#8221;4.27.4&#8243; _module_preset=&#8221;default&#8221; title_level=&#8221;h2&#8243; title_text_align=&#8221;left&#8221; title_font_size=&#8221;34px&#8221; width=&#8221;100%&#8221; width_tablet=&#8221;100%&#8221; width_phone=&#8221;100%&#8221; width_last_edited=&#8221;on|phone&#8221; custom_padding=&#8221;15px|||||&#8221; animation_style=&#8221;fade&#8221; title_line_height_tablet=&#8221;&#8221; title_line_height_phone=&#8221;1.1em&#8221; title_line_height_last_edited=&#8221;on|phone&#8221; global_colors_info=&#8221;{}&#8221;][\/et_pb_heading][et_pb_text quote_border_color=&#8221;gcid-2ebbc52c-9ee6-4712-a077-fcaec9b98540&#8243; _builder_version=&#8221;4.27.4&#8243; _module_preset=&#8221;default&#8221; text_font=&#8221;&#8211;et_global_heading_font||||||||&#8221; text_text_color=&#8221;gcid-heading-color&#8221; text_font_size=&#8221;17px&#8221; text_line_height=&#8221;1.6em&#8221; header_text_align=&#8221;left&#8221; animation_style=&#8221;fade&#8221; animation_duration=&#8221;2000ms&#8221; text_font_size_tablet=&#8221;17px&#8221; text_font_size_phone=&#8221;17px&#8221; text_font_size_last_edited=&#8221;on|phone&#8221; text_line_height_tablet=&#8221;1.6em&#8221; text_line_height_phone=&#8221;1.4em&#8221; text_line_height_last_edited=&#8221;on|desktop&#8221; border_style_all=&#8221;inset&#8221; global_colors_info=&#8221;{%22gcid-2ebbc52c-9ee6-4712-a077-fcaec9b98540%22:%91%22quote_border_color%22,%22quote_border_color%22%93,%22gcid-heading-color%22:%91%22text_text_color%22%93}&#8221;]<\/p>\n<blockquote>\n<p>El\u0151sz\u00f3 <br \/>F\u00f6ldm\u00e9r\u0151 vagyok,bementem a f\u00f6ldhivatalba adatszolg\u00e1ltat\u00e1s\u00e9rt<br \/>,k\u00edv\u00e1ncsis\u00e1gb\u00f3l kik\u00e9rtem Magyarorsz\u00e1g tulajdoni lapj\u00e1t<br \/>Az \u00e1llt rajta h tulajdonos:M\u00e9sz\u00e1ros L\u0151rinc<\/p>\n<p>A te orsz\u00e1god<br \/>A te hangod<\/p>\n<p>Thanks for your information<br \/>K\u00f6sz h mondod<br \/>De szerintem ez m\u00e1r r\u00e9g nem az \u00e9n orsz\u00e1gom<br \/>A hangom?az az eny\u00e9m&#8230;m\u00e9g&#8230;.<br \/>De van h mindent 2x kell mondanom h meghallj\u00e1k<br \/>De van h mindent 2x kell mondanom h meghallj\u00e1k<\/p>\n<p>Ebben az orsz\u00e1gban 1cm\u00b2 sem az eny\u00e9m<br \/>A h\u00e1z ahol lakom ,nem az eny\u00e9m<br \/>Az aut\u00f3 amit haszn\u00e1lok, nem az eny\u00e9m<br \/>Van egy kurva nagy \u00e9s nagyon okos tv-n<br \/>Ja&#8230;v\u00e1rj\u00e1&#8230;annak is csak a fele az eny\u00e9m<br \/>K\u00f6z\u00f6s a feles\u00e9gemmel&#8230;vele a minden is meg a semmi is k\u00f6z\u00f6s<br \/>Nek\u00fcnk ez jelenti a h\u00e1zass\u00e1g k\u00f6tel\u00e9k\u00e9t<\/p>\n<p>De most hagyjuk a gazdas\u00e1gi helyzetemet&#8230;.statisztikailag \u00fagyis<\/p>\n<p>j\u00f3l \u00e9lek<br \/>De az h jobban \u00e9lek mint r\u00e9gebben azt nem a korm\u00e1nynak k\u00f6sz\u00f6nhetem,hanem annak h tudtam v\u00e1ltoztatni \u00e9s h vannak akik seg\u00edten\u00e9k ebben!<\/p>\n<p>De most egy pillanatra becsukom a szemem<br \/>\u00c9s m\u00e1r l\u00e1tom is magam el\u0151tt a festm\u00e9nyt:<br \/>20 ezresekb\u0151l \u00e9p\u00edtett tr\u00f3non \u00fcl<br \/>A konvektor koron\u00e1zatlan kir\u00e1lya<br \/>Jobb kez\u00e9ben a 32-es francia kulcs<br \/>A bal kez\u00e9ben a Balaton.. m\u00e1rmint balaton szelet<br \/>Fej\u00e9n pedig k\u00f6zbeszerz\u00e9si szerz\u0151d\u00e9sekb\u0151l hajtogatott cs\u00e1k\u00f3<br \/>K\u00f6r\u00f6tte h\u0171 kobzosai:<br \/>\u00c1kos andante egy sz\u00e1l git\u00e1rral hiszi \u00e9s tudja h \u0150 a megv\u00e1lt\u00f3 az M1 pedig az \u00f6r\u00f6m h\u00edrhoz\u00f3<br \/>Szikora Robi k\u00f6rbe ugatja,cs\u00f3v\u00e1lja a fark\u00e1t,egy picit el is \u00e9lvez fel\u0151lem oldalba is hugyozhatn\u00e1<br \/>Attis pedig \u00edr egy rock oper\u00e1t <br \/>L\u0151rinc,a g\u00e1z c\u00edmmel<br \/>Nagy Fer\u00f3 pedig el\u00e9nekli a h\u00edres bet\u00e9t dal\u00e1t:<br \/>Orb\u00e1n k\u00fcld\u00f6tt j\u00f3 uram h v\u00e1laszd meg \u00faj str\u00f3manul<br \/>A n\u00e9p sors\u00e1t most pont leszarhatod<br \/>\u00c9s 2\/3 NER harcos v\u00e1laszt majd meg hogyha kell<\/p>\n<p>Mert amit a k\u00f6z beszerez<br \/>Te elveszed<br \/>K\u00f6zbeszer-vezed<br \/>K\u00f6rbe-k\u00f6rbe vezeted<br \/>K\u00f6zbe-szervezed<br \/>Az \u00fajabb bev\u00e1s\u00e1rl\u00e1st<br \/>Kit\u00f6rt rajtad a felv\u00e1s\u00e1rl\u00e1si l\u00e1z,mintha Magyarorsz\u00e1g akci\u00f3s lenne<br \/>Az orsz\u00e1g im\u00e1zs \u00fajs\u00e1gban h\u00e9tr\u0151l h\u00e9tre az \u00faj le\u00e1razott term\u00e9kek:<\/p>\n<p>egy er\u0151m\u0171,egy t\u00f3,egy sz\u00e1lloda<\/p>\n<p>Ez az orsz\u00e1g nem elad\u00f3,semmi p\u00e9nzen!!!!! Mondta Dob\u00f3 Istv\u00e1n<\/p>\n<p>De van az a p\u00e9nz&#8230;.\u00e9s sajnos minden elad\u00f3&#8230;.<\/p>\n<p>Nem vagyok vall\u00e1sos ,de tudom h az egyik f\u0151 b\u0171n a kapzsis\u00e1g<br \/>Egyszer\u0171en csak nem \u00e9rtem<br \/>Hogy nem tudja azt mondani h el\u00e9g!<br \/>Azt h megel\u00e9gszem ennyivel<br \/>Azt h k\u00f6sz\u00f6n\u00f6m sz\u00e9pen, nem k\u00e9rek m\u00e1r<br \/>Neeem!mint a kis g\u00f6mb\u00f6c:felzab\u00e1l mindent<br \/>Vagy mint az a r\u00e9gi vide\u00f3 j\u00e1t\u00e9k a Pac Man<br \/>Amerre megy mindent bekebelez&#8230;<br \/>Ez m\u00e9g az eny\u00e9m,az m\u00e9g az eny\u00e9m!<br \/>Ez itt mind az eny\u00e9m!!!!!<br \/>Nem,nem soha&#8230;.nem el\u00e9g!<br \/>Nem,nem soha&#8230;nem hagyom abba!<\/p>\n<p>Mert ez m\u00e1r nem az \u00e9n orsz\u00e1gom&#8230;..hanem a ti\u00e9d<br \/>Elj\u00f6tt a TE orsz\u00e1god<br \/>Meg lett a TE akaratod<br \/>F\u00f6ld\u00f6n,v\u00edzen,leveg\u0151ben<br \/>Forintban,eur\u00f3ban,doll\u00e1rban<\/p>\n<p>De ink\u00e1bb megyek \u00e9n is m\u00e1gly\u00e1ra<br \/>Mint az 500 Walesi b\u00e1rd <br \/>De nem fogom le\u00edrni h \u00e9ljen&#8230;&#8230;..?????<\/p>\n<\/blockquote>\n<p>[\/et_pb_text][\/et_pb_column][et_pb_column type=&#8221;1_2&#8243; _builder_version=&#8221;4.27.4&#8243; _module_preset=&#8221;default&#8221; global_colors_info=&#8221;{}&#8221;][et_pb_heading title=&#8221;Tov\u00e1bb&#8221; _builder_version=&#8221;4.27.4&#8243; _module_preset=&#8221;default&#8221; title_level=&#8221;h2&#8243; title_text_align=&#8221;left&#8221; title_font_size=&#8221;34px&#8221; width=&#8221;100%&#8221; width_tablet=&#8221;100%&#8221; width_phone=&#8221;100%&#8221; width_last_edited=&#8221;on|phone&#8221; custom_padding=&#8221;15px|||||&#8221; animation_style=&#8221;fade&#8221; title_line_height_tablet=&#8221;&#8221; title_line_height_phone=&#8221;1.1em&#8221; title_line_height_last_edited=&#8221;on|phone&#8221; locked=&#8221;off&#8221; global_colors_info=&#8221;{}&#8221;][\/et_pb_heading][et_pb_text quote_border_color=&#8221;gcid-2ebbc52c-9ee6-4712-a077-fcaec9b98540&#8243; _builder_version=&#8221;4.27.4&#8243; _module_preset=&#8221;default&#8221; text_font=&#8221;&#8211;et_global_heading_font||||||||&#8221; text_text_color=&#8221;gcid-heading-color&#8221; text_font_size=&#8221;17px&#8221; text_line_height=&#8221;1.6em&#8221; header_text_align=&#8221;left&#8221; custom_margin=&#8221;||-2px|||&#8221; animation_style=&#8221;fade&#8221; animation_duration=&#8221;2000ms&#8221; text_font_size_tablet=&#8221;17px&#8221; text_font_size_phone=&#8221;17px&#8221; text_font_size_last_edited=&#8221;on|phone&#8221; text_line_height_tablet=&#8221;1.6em&#8221; text_line_height_phone=&#8221;1.4em&#8221; text_line_height_last_edited=&#8221;on|desktop&#8221; border_style_all=&#8221;inset&#8221; locked=&#8221;off&#8221; global_colors_info=&#8221;{%22gcid-2ebbc52c-9ee6-4712-a077-fcaec9b98540%22:%91%22quote_border_color%22,%22quote_border_color%22%93,%22gcid-heading-color%22:%91%22text_text_color%22%93}&#8221;]<\/p>\n<blockquote>\n<p>TSK tov\u00e1bb is van mondjam m\u00e9g?<br \/>Amikor ezt mondom akkor ti azt mondj\u00e1tok h :,mondjad m\u00e9g<br \/>Csin\u00e1ljunk egy pr\u00f3b\u00e1t&#8230;nem kell ..mondom is nektek..nem kell..kezdjem el<br \/>Mert a sz\u00f6veg \u00e1ll<br \/>Az id\u0151 halad <br \/>A becs\u00fclet meg fogy<\/p>\n<p>Sz\u00f3val az \u00fagy volt h :<br \/>Bementem egy helyre,l\u00e1tom h foglalt az \u00f6sszes hely,ez helytelen,hi\u00e1nyzik a helyhat\u00e1roz\u00f3<br \/>Menek\u00fcln\u00e9k,de nincs p\u00e1nik gomb<br \/>P\u00e1nikba esem mert vki bez\u00e1rta a kaput.. <br \/>Kapuz\u00e1r\u00e1si p\u00e1nik,kapuz\u00e1r\u00e1si piknik<br \/>Jobb mint a nyit\u00e1si l\u00e1z&#8230;grand opening<br \/>H\u00e1tul nyitott ing,gombolja aki kiford\u00edtva \u00e9l<br \/>Tov\u00e1bb is van mondjam m\u00e9g?<\/p>\n<p>Kinyitom a szekr\u00e9nyt ott \u00e1ll salvador dali<br \/>Kez\u00e9b\u0151l kifolyik az id\u0151<br \/>Sz\u00fcrre\u00e1lis l\u00e1tom\u00e1s<br \/>Te\u00e1tr\u00e1lis val\u00f3s\u00e1g<br \/>\u00c1lom keveredik az \u00e9terbe<br \/>\u00c9brenl\u00e9t az \u00e1lomba&#8230;furcsa kokt\u00e9l<br \/>De ez m\u00e1r egy m\u00e1sik szint..\u00e1lom az \u00e1lomban<br \/>Inception-eredet vki felv\u00e1gja az eremet<br \/>Vigy\u00e1zz,rohanj,vigy\u00e1zz,rohanj<br \/>Az \u00e9p\u00edt\u00e9sz gondosan megtervezte a hal\u00e1l szob\u00e1t<br \/>Ahol sz\u00fcrke a f\u0171 \u00e9s fekete az \u00e9g<br \/>Tov\u00e1bb is van mondjam m\u00e9g?<\/p>\n<p>T\u00e9r\u00fcl\u00f6k-fordulok \u00e9s a paripa utca 4el\u0151tt tal\u00e1lom magam ahol Poldi b\u00e1csi sop\u00e1nkodik:csak az a sz\u00e9p z\u00f6ld gyep,csak az fog hi\u00e1nyozni&#8230;a gyep<br \/>Ne agg\u00f3djon Poldi b\u00e1,szerzek egy dupla hoffmant \u00e9s ide hallucin\u00e1ljuk a centr\u00e1l parkot<br \/>42.utc\u00e1t\u00f3l eg\u00e9sz fel a 125.<br \/>Ott lesz a strawberry fields,madagaszk\u00e1r pingvinjei,a zsir\u00e1f,vizil\u00f3,oroszl\u00e1n a zebra nem mert az rohadt ideges\u00edt\u0151<\/p>\n<p>Jobbra t\u0151lem a bety\u00e1rsereg,\u00edrdatlanul zokognak<br \/>Balra egy 3 l\u00e1b\u00fa kutya<\/p>\n<p>Termin\u00e1lban felejtett termin\u00e1tor<br \/>T-1971-es v\u00e1ltozat<br \/>Ler\u00e1gott csontokon \u00e9l\u0151 sz\u00f6vet<br \/>K\u00e9t bekezd\u00e9s k\u00f6z\u00f6tt k\u00f6t\u0151 sz\u00f6veg<br \/>H\u00e1laoszt\u00f3 <br \/>Hal\u00e1los iramban egy hal\u00e1los j\u00e1tszma<br \/>20is lapot k\u00e9rtem<br \/>Mert 20\u00e9v sem volt el\u00e9g<\/p>\n<p>Nem mindegy h a j\u00f6v\u0151met alapozom<br \/>Vagy a s\u00edromat \u00e1som<br \/>Nem mindegy h szem\u00e9lyis\u00e9gem jellemvon\u00e1sait-egy toll von\u00e1ssal ki t\u00fcnteti el<br \/>Nem mindegy h szem\u00e9lyis\u00e9g jegyeimet<br \/>Ki ellen\u0151rzi&#8230;az ad\u00f3 ellen\u0151r vagy a z\u00e1gr\u00e1b-bp. Vonalon a kalauz&#8230;.<\/p>\n<p>Akinek ez nem volt el\u00e9g<br \/>N\u00e9zegessen vasalt her\u00e9t<br \/>Vagy izguljon az x faktoron<\/p>\n<\/blockquote>\n<p>[\/et_pb_text][\/et_pb_column][\/et_pb_row][\/et_pb_section][et_pb_section fb_built=&#8221;1&#8243; _builder_version=&#8221;4.27.4&#8243; _module_preset=&#8221;default&#8221; custom_padding=&#8221;||0px|||&#8221; locked=&#8221;off&#8221; global_colors_info=&#8221;{}&#8221;][et_pb_row column_structure=&#8221;1_2,1_2&#8243; _builder_version=&#8221;4.27.4&#8243; _module_preset=&#8221;default&#8221; min_height=&#8221;89px&#8221; custom_margin=&#8221;-41px|auto||auto||&#8221; custom_padding=&#8221;||0px|||&#8221; global_colors_info=&#8221;{}&#8221;][et_pb_column type=&#8221;1_2&#8243; _builder_version=&#8221;4.27.4&#8243; _module_preset=&#8221;default&#8221; global_colors_info=&#8221;{}&#8221;][et_pb_heading title=&#8221;Tradici\u00f3&#8221; _builder_version=&#8221;4.27.4&#8243; _module_preset=&#8221;default&#8221; title_level=&#8221;h2&#8243; title_text_align=&#8221;left&#8221; title_font_size=&#8221;34px&#8221; width=&#8221;100%&#8221; width_tablet=&#8221;100%&#8221; width_phone=&#8221;100%&#8221; width_last_edited=&#8221;on|phone&#8221; custom_padding=&#8221;15px|||||&#8221; animation_style=&#8221;fade&#8221; title_line_height_tablet=&#8221;&#8221; title_line_height_phone=&#8221;1.1em&#8221; title_line_height_last_edited=&#8221;on|phone&#8221; global_colors_info=&#8221;{}&#8221;][\/et_pb_heading][et_pb_text quote_border_color=&#8221;gcid-2ebbc52c-9ee6-4712-a077-fcaec9b98540&#8243; _builder_version=&#8221;4.27.4&#8243; _module_preset=&#8221;default&#8221; text_font=&#8221;&#8211;et_global_heading_font||||||||&#8221; text_text_color=&#8221;gcid-heading-color&#8221; text_font_size=&#8221;17px&#8221; text_line_height=&#8221;1.6em&#8221; header_text_align=&#8221;left&#8221; animation_style=&#8221;fade&#8221; animation_duration=&#8221;2000ms&#8221; text_font_size_tablet=&#8221;17px&#8221; text_font_size_phone=&#8221;17px&#8221; text_font_size_last_edited=&#8221;on|phone&#8221; text_line_height_tablet=&#8221;1.6em&#8221; text_line_height_phone=&#8221;1.4em&#8221; text_line_height_last_edited=&#8221;on|desktop&#8221; border_style_all=&#8221;inset&#8221; global_colors_info=&#8221;{%22gcid-2ebbc52c-9ee6-4712-a077-fcaec9b98540%22:%91%22quote_border_color%22,%22quote_border_color%22%93,%22gcid-heading-color%22:%91%22text_text_color%22%93}&#8221;]<\/p>\n<blockquote>\n<p>El\u0151sz\u00f3<\/p>\n<p>Le a r\u00e9gi eszm\u00e9kkel<br \/>Ne legyen semmi<br \/>\u00c9ljenek a h\u00fcly\u00e9k<br \/>J\u00e1rt utat j\u00e0ratlan\u00e9rt add fel<br \/>hogy legyen v\u00e1ltoz\u00e1s<br \/>Ha nincs v\u00e1ltoz\u00e1s minden ua marad \u00e9s akkor a vil\u00e1g \u00f6sszezsugorodik \u00e9s meghal<br \/>Ha teljesen biztos vagy egy dologban vizsg\u00e1ld meg egy m\u00e1sik szemsz\u00f6gb\u0151l is<br \/>\u00c9s ha majd felharsan barb\u00e1r rivall\u00e1som a vil\u00e1g h\u00e1ztet\u0151i felett<br \/>Akkor azt mondom \u00e1llj itt \u00e9s most elkezd\u0151dhet<br \/>Itt \u00e9s most elkezdhetem<\/p>\n<p>&nbsp;<\/p>\n<p>Nem \u00e9n ki\u00e1ltok a f\u00f6ld d\u00fcb\u00f6r\u00f6g<br \/>Nem \u00e9n ki\u00e1ltok..valaki m\u00e1s<br \/>megint<br \/>\u00c9n gy\u00e1va vagyok gyenge vagyok<br \/>Hagyom hogy m\u00e1sok ki\u00e1ltsanak<br \/>Elrejt\u0151z\u00f6m m\u00e9g el\u0151led is<br \/>Elrejt\u0151z\u00f6m h ne l\u00e1ss ne sz\u00f3lj ne \u00e9rj hozz\u00e1m<br \/>A n\u00e9mas\u00e1g falai m\u00f6g\u00e9<br \/>A mag\u00e1ny barik\u00e1djai m\u00f6g\u00e9<br \/>A v\u00e0gyak \u00fatveszt\u0151j\u00e9be<br \/>Az unalom erdej\u00e9be<br \/>Az \u0151si r\u00edtusok algoritmusai<br \/>R\u00e9gi szellemek szemelv\u00e9nyei<br \/>A pszeudomorf\u00f3z\u00e1k alakoskod\u00e0sai<br \/>A t\u0171z k\u00f6r\u00fcl t\u00e1nncol\u00f3 \u00e1rnyak<br \/>Mind mind azt sugallj\u00e1k hogy<br \/>\u00d6lt\u00f6zz\u00fcnk harci d\u00edszbe <br \/>Sz\u00f3ljanak a dobok <br \/>Harsogjanak a k\u00fcrt\u00f6k<br \/>Zengjen egy \u00faj harci dal<br \/>Legyen ez egy \u00faj harci dal<br \/>\u00c9s ki\u00e1ltsuk egy\u00fctt hogy&#8230;..<br \/>Ja..de \u00e9n nem ki\u00e1ltok &#8230;megint nem<br \/>Csak \u00fcl\u00f6k n\u00e9m\u00e1n \u00e9s hallgatom h m\u00e1sok ki\u00e1ltanak<br \/>De vigy\u00e1zz!!<br \/>A fenevad fel\u00e9bredt<br \/>Ezer \u00e1larcot \u00f6lt<br \/>Nem ismered fel.nem ismered meg<br \/>Itt van k\u00f6zt\u00fcnk itt \u00e9l bennem<br \/>Am\u00edg Csak egy l\u00e1ncszem vagyok a g\u00e9pezetben<br \/>Egy csepp v\u00e9r a szervezetben<br \/>Remeg\u0151 k\u00f6nnycsepp isten szem\u00e9ben<br \/>Egy pillanat az id\u0151 teng\u00e9reben<br \/>Am\u00edg csak egy porszem vagyok az \u00e9let sivatagaban<br \/>Keser\u0171 mez a boldogs\u00e1g konyh\u00e1j\u00e1ban<br \/>Sz\u0151nyeg a hal\u00e1l el\u0151szob\u00e1j\u00e1ban<br \/>\u00c9rz\u00e9ki csal\u00f3d\u00e0s a l\u00e9t val\u00f3s\u00e1g\u00e1ban<br \/>Addig rendben vagyok<br \/>Mert nincs mened\u00e8k \u00f6nmagam el\u0151l<br \/>Addig menek\u00fcl\u00f6k m\u00edg meg nem l\u00e1tom mgamat m\u00e1sok szem\u00e9ben \u00e9s sz\u00edv\u00e9ben<br \/>Nem \u00e1lmaim \u00f3ri\u00e1sak\u00e9nt nem f\u00e9lelmeim t\u00f6rp\u00e9jek\u00e9nt<br \/>Hanem mint aki r\u00e9sze az eg\u00e9sznek \u00e9s r\u00e9szesedik az eg\u00e9szb\u0151l<br \/>De ha legy\u0151z\u00f6m \u00f6nmagam<br \/>Ha \u00e1tl\u00e9pem az \u00e1rny\u00e9kom<br \/>Ha az \u00faj\u00edtani akar\u00e1s szel\u00e9t vitorl\u00e1mba fogom<br \/>Ha sz\u00edvem kit\u00e1rom \u00e9s beengedem az \u00fajat<br \/>Akkor &#8230;.akkor&#8230;.akkor is kev\u00e9s vagyok..egyed\u00fcl nagyon kev\u00e9s<br \/>Te legy\u00e9l te<br \/>\u00c9n leszek \u00e9n \u00e9s majd egy\u00fctt forgatjuk a vil\u00e1g tengej\u00e9t<br \/>Te legy\u00e9l te<br \/>\u00c9n leszek \u00e9n \u00e9s nagyobbak lesz\u00fck mint a mindens\u00e9g<br \/>De m\u00e9g egyszer mondom:<br \/>Nem \u00e9n ki\u00e1ltok a f\u00f6ld d\u00fcb\u00f6r\u00f6g<\/p>\n<\/blockquote>\n<p>[\/et_pb_text][\/et_pb_column][et_pb_column type=&#8221;1_2&#8243; _builder_version=&#8221;4.27.4&#8243; _module_preset=&#8221;default&#8221; global_colors_info=&#8221;{}&#8221;][et_pb_heading title=&#8221;Tudom nem&#8221; _builder_version=&#8221;4.27.4&#8243; _module_preset=&#8221;default&#8221; title_level=&#8221;h2&#8243; title_text_align=&#8221;left&#8221; title_font_size=&#8221;34px&#8221; width=&#8221;100%&#8221; width_tablet=&#8221;100%&#8221; width_phone=&#8221;100%&#8221; width_last_edited=&#8221;on|phone&#8221; custom_padding=&#8221;15px|||||&#8221; animation_style=&#8221;fade&#8221; title_line_height_tablet=&#8221;&#8221; title_line_height_phone=&#8221;1.1em&#8221; title_line_height_last_edited=&#8221;on|phone&#8221; locked=&#8221;off&#8221; global_colors_info=&#8221;{}&#8221;][\/et_pb_heading][et_pb_text quote_border_color=&#8221;gcid-2ebbc52c-9ee6-4712-a077-fcaec9b98540&#8243; _builder_version=&#8221;4.27.4&#8243; _module_preset=&#8221;default&#8221; text_font=&#8221;&#8211;et_global_heading_font||||||||&#8221; text_text_color=&#8221;gcid-heading-color&#8221; text_font_size=&#8221;17px&#8221; text_line_height=&#8221;1.6em&#8221; header_text_align=&#8221;left&#8221; custom_margin=&#8221;||-2px|||&#8221; animation_style=&#8221;fade&#8221; animation_duration=&#8221;2000ms&#8221; text_font_size_tablet=&#8221;17px&#8221; text_font_size_phone=&#8221;17px&#8221; text_font_size_last_edited=&#8221;on|phone&#8221; text_line_height_tablet=&#8221;1.6em&#8221; text_line_height_phone=&#8221;1.4em&#8221; text_line_height_last_edited=&#8221;on|desktop&#8221; border_style_all=&#8221;inset&#8221; locked=&#8221;off&#8221; global_colors_info=&#8221;{%22gcid-2ebbc52c-9ee6-4712-a077-fcaec9b98540%22:%91%22quote_border_color%22,%22quote_border_color%22%93,%22gcid-heading-color%22:%91%22text_text_color%22%93}&#8221;]<\/p>\n<blockquote>\n<p>Tudom nem sz\u00e1m\u00edt hol voltam csak az h hov\u00e1 tartok<br \/>De \u00e9n nem felejtem el h honnan j\u00f6v\u00f6k&#8230;<br \/>Egy vonaton \u00fcltem ami a semmibe sz\u00e1guldott \u00e9s \u00e9n nem tal\u00e1ltam lesz\u00e1ll\u00e1s jelz\u0151t a v\u00e9szf\u00e9ket beh\u00fazni nem volt er\u0151m<br \/>Er\u0151tlen\u00fcl \u00fcltem csak a kanyarokban tehetetlen\u00fcl d\u0151ltem jobbra-balra&#8230;.balra-jobbra<br \/>A szervezetem nem tudott ellen \u00e1llni a szernek<br \/>A szer beszervezett <br \/>A szervezet k\u00e9ny-szeres lett<br \/>\u00c9n pedig szertelen szeretettelen szenv-telen sz\u00edvtelen Steve-telen<br \/>\u00c9s csak d\u0151ltem jobbra-balra balra-jobbra..tehetetlen\u00fcl<br \/>Azt\u00e1n elegem lett a d\u00fcl\u00f6ng\u00e9l\u00e9sb\u0151l,meguntam..mindig ugyanaz..pedig az egyenes \u00fat ott volt el\u0151ttem&#8230;v\u00e9gig<br \/>De \u00e9n nem l\u00e1ttam<br \/>Ut\u00f3ls\u00f3 energi\u00e1imat mozg\u00f3s\u00edtva fel\u00e1lltam \u00e9s jeleztem:lesz\u00e1lln\u00e9k<br \/>A vonatom itt \u00e1llt meg Koml\u00f3n<br \/>Soha nem j\u00e1rtam itt ,furcsa helynek t\u0171nt ,furcsa emberekkel akik furcsa dolgokr\u00f3l besz\u00e9lnek<br \/>A le\u00e9p\u00fcl\u00e9st m\u00e1r j\u00f3l ismertem a fel\u00e9p\u00fcl\u00e9sr\u0151l most hallottam el\u0151sz\u0151r<br \/>V\u00e1ltozni kell v\u00e1ltoztatni kell..nekem?hogyan?minek?<br \/>Amikor velem minden rendben&#8230;csak d\u00fcl\u00f6ng\u00e9lek \u00e9lvezem a l\u00e9tet hallom h a g\u00e9nek n\u00e9ha f\u00e9lre besz\u00e9lnek f\u00e9lre vezetnek&#8230;.<br \/>De itt j\u00f3 ir\u00e1nyba terelnek<br \/>Minden k\u00e9rd\u00e9s minden mondat minden megjegyz\u00e9s valamit elindit valamit megmozgat&#8230;elgondolkodtat<br \/>Hol lehet a hiba?<br \/>M\u00e9lyrehat\u00f3 \u00e9s f\u00e9lelemmentes gondokod\u00e1s ut\u00e1n r\u00e1j\u00f6ttem: igen<br \/>az \u00e9n k\u00e9sz\u00fcl\u00e9kem a hib\u00e1s..nem veszi a jeleket amiket t\u00e1rsaim k\u00fcldenek nekem<br \/>Neh\u00e9z a felismer\u00e9s neh\u00e9z a beismer\u00e9s&#8230;vesztettem..sok csat\u00e1t elbuktam..de most m\u00e1r tudom a h\u00e1bor\u00fat m\u00e9g megnyerhetem<br \/>Itt veletek.<br \/>Veletek itt.<br \/>Egyed\u00fcl nem megy egyed\u00fcl nem megy egyed\u00fcl nem megy hahahaha&#8230;<br \/>Tudom nem az sz\u00e1m\u00edt honnan j\u00f6ttem de gyakran gondolok r\u00e1 \u00e9s h\u00e1l\u00e1s vagyok hogy m\u00e1r nem kell \u00fagy \u00e9lnem<br \/>\u00c9s hogy hova tartok nem tudom de am\u00edg \u00faton vagyok biztons\u00e1gban vagyok<br \/>N\u00e9ha m\u00e9g d\u0151l\u00f6k jobbra-balra balra-jobbra<br \/>De ez a k\u00f6z\u00f6ss\u00e9g ir\u00e1nyban tart..a j\u00f3 ir\u00e1nyban<\/p>\n<\/blockquote>\n<p>[\/et_pb_text][\/et_pb_column][\/et_pb_row][\/et_pb_section][et_pb_section fb_built=&#8221;1&#8243; _builder_version=&#8221;4.27.4&#8243; _module_preset=&#8221;default&#8221; custom_padding=&#8221;||0px|||&#8221; locked=&#8221;off&#8221; global_colors_info=&#8221;{}&#8221;][et_pb_row column_structure=&#8221;1_2,1_2&#8243; _builder_version=&#8221;4.27.4&#8243; _module_preset=&#8221;default&#8221; min_height=&#8221;89px&#8221; custom_margin=&#8221;-41px|auto||auto||&#8221; custom_padding=&#8221;||0px|||&#8221; global_colors_info=&#8221;{}&#8221;][et_pb_column type=&#8221;1_2&#8243; _builder_version=&#8221;4.27.4&#8243; _module_preset=&#8221;default&#8221; global_colors_info=&#8221;{}&#8221;][et_pb_heading title=&#8221;\u00daj vil\u00e1g&#8221; _builder_version=&#8221;4.27.4&#8243; _module_preset=&#8221;default&#8221; title_level=&#8221;h2&#8243; title_text_align=&#8221;left&#8221; title_font_size=&#8221;34px&#8221; width=&#8221;100%&#8221; width_tablet=&#8221;100%&#8221; width_phone=&#8221;100%&#8221; width_last_edited=&#8221;on|phone&#8221; custom_padding=&#8221;15px|||||&#8221; animation_style=&#8221;fade&#8221; title_line_height_tablet=&#8221;&#8221; title_line_height_phone=&#8221;1.1em&#8221; title_line_height_last_edited=&#8221;on|phone&#8221; global_colors_info=&#8221;{}&#8221;][\/et_pb_heading][et_pb_text quote_border_color=&#8221;gcid-2ebbc52c-9ee6-4712-a077-fcaec9b98540&#8243; _builder_version=&#8221;4.27.4&#8243; _module_preset=&#8221;default&#8221; text_font=&#8221;&#8211;et_global_heading_font||||||||&#8221; text_text_color=&#8221;gcid-heading-color&#8221; text_font_size=&#8221;17px&#8221; text_line_height=&#8221;1.6em&#8221; header_text_align=&#8221;left&#8221; animation_style=&#8221;fade&#8221; animation_duration=&#8221;2000ms&#8221; text_font_size_tablet=&#8221;17px&#8221; text_font_size_phone=&#8221;17px&#8221; text_font_size_last_edited=&#8221;on|phone&#8221; text_line_height_tablet=&#8221;1.6em&#8221; text_line_height_phone=&#8221;1.4em&#8221; text_line_height_last_edited=&#8221;on|desktop&#8221; border_style_all=&#8221;inset&#8221; global_colors_info=&#8221;{%22gcid-2ebbc52c-9ee6-4712-a077-fcaec9b98540%22:%91%22quote_border_color%22,%22quote_border_color%22%93,%22gcid-heading-color%22:%91%22text_text_color%22%93}&#8221;]<\/p>\n<blockquote>\n<p>Sz\u00e9p \u00faj vil\u00e1g <br \/>Mosl\u00e9kkal etetem a karm\u00e1m <br \/>Teszek bele tart\u00f3s\u00edt\u00f3t <br \/>Hogy elh\u00fazzam a reinkarn\u00e1ci\u00f3m<\/p>\n<p>Kis esti p\u00e1nik j\u00f3val kapuz\u00e1r\u00e1s ut\u00e1n Csend rendelet, kij\u00e1r\u00e1si<\/p>\n<p>tilalom. Kussolok kushadok , csendben b\u00e1mulom a hull\u00f3 csillagom<br \/>K\u00edv\u00e1nok vmit,amit azonnal megk\u00edv\u00e1nok<br \/>Magammal j\u00f6v\u00f6k szembe<br \/>De csak az \u00e1rny\u00e9komat l\u00e1tom<\/p>\n<p>Anonim Kromoszom\u00e1k,dns l\u00e1nc <br \/>R\u00f3lam m\u00e1r kopik a zom\u00e1nc<br \/>Egyes\u00fcljetek rothad\u00f3 sejtjeim<br \/>Nem a szavaim sz\u00e1m\u00edtanak ha nem a tetteim<\/p>\n<p>Horror ahogy n\u00e9zem a m\u00faltam <br \/>Kiv\u00e1gom a sz\u00edvem ,nesztek sak\u00e1lok zab\u00e1ljatok <br \/>Kiter\u00edtem a lelkem cs\u00e1mcsogjatok f\u00e9rgek <br \/>Itt hagyom nektek, vigy\u00e9tek ha kell <br \/>A v\u00e1laszomra senki sem felel<\/p>\n<p>Hideg napok j\u00f6nnek, szemembe fagynak a k\u00f6nnyek <br \/>Rossz napok j\u00f6nnek, fel\u00e9brednek a sz\u00f6rnyek <br \/>Hull\u00e1m hegyek-v\u00f6lgyek <br \/>Ma j\u00f3l vagyok,de mi lesz holnap? <br \/>Adjak-e h\u00e1lap\u00e9nzt a j\u00f3snak?<\/p>\n<p>Ketyeg az \u00f3ra,gyorsabban mint gondolom <br \/>F\u00e9lelem k\u00edgy\u00f3zik a csontokon<br \/>Tik tak tik tak A kab\u00e1tomat remeg\u0151 k\u00e9zzel gombolom <br \/>Tik tak tik tak Magamat alig vonszolom Tik tak tik tak Gy\u0171lnek a r\u00e1ncok a homlokomon<\/p>\n<p>Pedig \u00e9n vagyok a teremt\u00e9s koron\u00e1ja <br \/>A teremt\u00e9s koron\u00e1zatlan kir\u00e1lya Magamb\u00f3l indulok ki de soha nem t\u00e9rek vissza <br \/>A b\u0151s\u00e9g kosar\u00e1b\u00f3l veszek egy gy\u00fcm\u00f6lcs\u00f6t ,azt\u00e1n kider\u00fcl : Az volt az a tiltott gy\u00fcm\u00f6lcs <br \/>A k\u00edgy\u00f3 sziszeg:egy v\u00e9rb\u0151l val\u00f3k vagyunk te meg \u00e9n&#8230;ssssszzzz <br \/>Isten m\u00e9rges de megbocs\u00e1t <br \/>Azt\u00e1n hagyja meghalni egyfi\u00e1t <br \/>De ha mindenkit egyform\u00e1n szeret,mi\u00e9rt rakta kezembe az \u00fcveget?????<\/p>\n<p>Kovalens k\u00f6t\u00e9seim fellazulnak <br \/>Izmaim megfesz\u00fclnek<br \/>A gondolatok a h\u00fasba v\u00e1gnak<br \/>Az \u00e9rz\u00e9sek eltemetnek<br \/>Sz\u00e9gyen \u00e9s gyal\u00e1zat <br \/>Gyenges\u00e9g vagy al\u00e1zat?<br \/>F\u00e9lelem \u00e9s reszket\u00e9s Als\u00f3\u00fajlak fels\u0151n<br \/>F\u00e9lelem \u00e9s reszket\u00e9s minden v\u00e1rakoz\u00e1ssal teli percben<br \/>F\u00e9lelem \u00e9s&#8230;..r\u00e9m\u00e1lmok<br \/>Azt \u00e1lmodom h nem sz\u00fcletek \u00fajj\u00e1<br \/>Azt \u00e1lmodom h m\u00e1r \u00fajj\u00e1 sz\u00fclettem<br \/>Azt \u00e1lmodom h nincsenek \u00e1lmaim<br \/>Azt \u00e1lmodom h f\u00e9lek az \u00faj vil\u00e1gt\u00f3l&#8230;.<\/p>\n<\/blockquote>\n<p>[\/et_pb_text][\/et_pb_column][et_pb_column type=&#8221;1_2&#8243; _builder_version=&#8221;4.27.4&#8243; _module_preset=&#8221;default&#8221; global_colors_info=&#8221;{}&#8221;][et_pb_heading title=&#8221;\u00datveszt\u0151&#8221; _builder_version=&#8221;4.27.4&#8243; _module_preset=&#8221;default&#8221; title_level=&#8221;h2&#8243; title_text_align=&#8221;left&#8221; title_font_size=&#8221;34px&#8221; width=&#8221;100%&#8221; width_tablet=&#8221;100%&#8221; width_phone=&#8221;100%&#8221; width_last_edited=&#8221;on|phone&#8221; custom_padding=&#8221;15px|||||&#8221; animation_style=&#8221;fade&#8221; title_line_height_tablet=&#8221;&#8221; title_line_height_phone=&#8221;1.1em&#8221; title_line_height_last_edited=&#8221;on|phone&#8221; locked=&#8221;off&#8221; global_colors_info=&#8221;{}&#8221;][\/et_pb_heading][et_pb_text quote_border_color=&#8221;gcid-2ebbc52c-9ee6-4712-a077-fcaec9b98540&#8243; _builder_version=&#8221;4.27.4&#8243; _module_preset=&#8221;default&#8221; text_font=&#8221;&#8211;et_global_heading_font||||||||&#8221; text_text_color=&#8221;gcid-heading-color&#8221; text_font_size=&#8221;17px&#8221; text_line_height=&#8221;1.6em&#8221; header_text_align=&#8221;left&#8221; custom_margin=&#8221;||-2px|||&#8221; animation_style=&#8221;fade&#8221; animation_duration=&#8221;2000ms&#8221; text_font_size_tablet=&#8221;17px&#8221; text_font_size_phone=&#8221;17px&#8221; text_font_size_last_edited=&#8221;on|phone&#8221; text_line_height_tablet=&#8221;1.6em&#8221; text_line_height_phone=&#8221;1.4em&#8221; text_line_height_last_edited=&#8221;on|desktop&#8221; border_style_all=&#8221;inset&#8221; locked=&#8221;off&#8221; global_colors_info=&#8221;{%22gcid-2ebbc52c-9ee6-4712-a077-fcaec9b98540%22:%91%22quote_border_color%22,%22quote_border_color%22%93,%22gcid-heading-color%22:%91%22text_text_color%22%93}&#8221;]<\/p>\n<blockquote>\n<p>A reggeli nap f\u00e9ny\u00e9ben a vihar<br \/>f\u00e9lelmetesnek t\u0171nik<br \/>L\u00e1thatatlan er\u0151k k\u00fczdenek k\u00f6r\u00fcl\u00f6ttem<br \/>egyed\u00fcl gyenge vagyok<br \/>A pillanatba fagyba elmerengek<br \/>a b\u00f6lcsek szavain<br \/>Arcom a t\u00f6megben ahogy sodr\u00f3dom az \u00e1rral<br \/>Az \u00fat neh\u00e9zs\u00e9gi foka n\u0151,az emelked\u0151 egyre meredekebb<br \/>A lehet\u0151s\u00e9gek lassan elfogynak,csapd\u00e1ban verg\u0151d\u00f6k<br \/>Beljebb \u00e9s egyre beljebb az \u00fatveszt\u0151ben,h\u00e1tam m\u00f6g\u00f6tt senki<br \/>el\u0151ttem a semmi,nem l\u00e1tok,nem \u00e9rzek hol vagyok&#8230;nem tudom.<br \/>Bizonytalan l\u00e9p\u00e9sek,k\u00e9ts\u00e9gbeesett mozdulatok<br \/>Remeg\u0151 sz\u00edvvel v\u00e1rom a holnapot<br \/>Csak a t\u00fal\u00e9l\u00e9sre j\u00e1tszani kock\u00e1zatos<br \/>Nyugtalan \u00f3r\u00e1k,napok <br \/>\u00f6n-sors ront\u00f3 gondolatok,v\u00e1gyak,t\u00e9ved\u00e9sek<br \/>mi\u00e9rtek,mi\u00e9rt-te?<br \/>A f\u00e9lelem kisz\u00edvja bel\u0151lem az \u00e9let er\u0151t<br \/>Elsorvadok<br \/>Miel\u0151tt megtal\u00e1lom a k\u00e9pletet a megold\u00e1shoz<\/p>\n<\/blockquote>\n<p>[\/et_pb_text][\/et_pb_column][\/et_pb_row][\/et_pb_section][et_pb_section fb_built=&#8221;1&#8243; _builder_version=&#8221;4.27.4&#8243; _module_preset=&#8221;default&#8221; custom_padding=&#8221;||0px|||&#8221; locked=&#8221;off&#8221; global_colors_info=&#8221;{}&#8221;][et_pb_row column_structure=&#8221;1_2,1_2&#8243; _builder_version=&#8221;4.27.4&#8243; _module_preset=&#8221;default&#8221; min_height=&#8221;89px&#8221; custom_margin=&#8221;-41px|auto||auto||&#8221; custom_padding=&#8221;||0px|||&#8221; global_colors_info=&#8221;{}&#8221;][et_pb_column type=&#8221;1_2&#8243; _builder_version=&#8221;4.27.4&#8243; _module_preset=&#8221;default&#8221; global_colors_info=&#8221;{}&#8221;][et_pb_heading title=&#8221;\u00fc I 3290-es&#8221; _builder_version=&#8221;4.27.4&#8243; _module_preset=&#8221;default&#8221; title_level=&#8221;h2&#8243; title_text_align=&#8221;left&#8221; title_font_size=&#8221;34px&#8221; width=&#8221;100%&#8221; width_tablet=&#8221;100%&#8221; width_phone=&#8221;100%&#8221; width_last_edited=&#8221;on|phone&#8221; custom_padding=&#8221;15px|||||&#8221; animation_style=&#8221;fade&#8221; title_line_height_tablet=&#8221;&#8221; title_line_height_phone=&#8221;1.1em&#8221; title_line_height_last_edited=&#8221;on|phone&#8221; global_colors_info=&#8221;{}&#8221;][\/et_pb_heading][et_pb_text quote_border_color=&#8221;gcid-2ebbc52c-9ee6-4712-a077-fcaec9b98540&#8243; _builder_version=&#8221;4.27.4&#8243; _module_preset=&#8221;default&#8221; text_font=&#8221;&#8211;et_global_heading_font||||||||&#8221; text_text_color=&#8221;gcid-heading-color&#8221; text_font_size=&#8221;17px&#8221; text_line_height=&#8221;1.6em&#8221; header_text_align=&#8221;left&#8221; animation_style=&#8221;fade&#8221; animation_duration=&#8221;2000ms&#8221; text_font_size_tablet=&#8221;17px&#8221; text_font_size_phone=&#8221;17px&#8221; text_font_size_last_edited=&#8221;on|phone&#8221; text_line_height_tablet=&#8221;1.6em&#8221; text_line_height_phone=&#8221;1.4em&#8221; text_line_height_last_edited=&#8221;on|desktop&#8221; border_style_all=&#8221;inset&#8221; global_colors_info=&#8221;{%22gcid-2ebbc52c-9ee6-4712-a077-fcaec9b98540%22:%91%22quote_border_color%22,%22quote_border_color%22%93,%22gcid-heading-color%22:%91%22text_text_color%22%93}&#8221;]<\/p>\n<blockquote>\n<p>\u00fc I 3290-es sz\u00e1m\u00fa H\u00e1m\u00e1n Kat\u00f3 \u00fatt\u00f6r\u0151<br \/>Csapat vigy\u00e1zz!<br \/>Fogad\u00e1s jobbr\u00f3l z\u00e1szl\u00f3nak tisztelegj!<br \/>\u00c9n Steve sz\u00fcletett Turbuk Istv\u00e1n<br \/>Esk\u00fcsz\u00f6m hogy h\u0171 gyermeke leszek haz\u00e1mnak a magyar k\u00f6zt\u00e1rsas\u00e1gnak<br \/>\u00e9s felel\u0151ss\u00e9ggel dolgozom \u00e9rte&#8230;<br \/>Ok\u00e9 de mit kapok cser\u00e9be?<br \/>Nem voltam h\u0171 nem is \u00e9rte dolgoztam<br \/>A j\u00f6v\u0151m\u00f6n nem gondolkoztam<br \/>Most itt vagyok nincstelen\u00fcl<br \/>Dum\u00e1lok nektek slamtelen\u00fcl<br \/>De nem jellemtelen\u00fcl<br \/>Legal\u00e1bb \u0151szinte vagyok<br \/>M\u00e9gha nyomot nem is hagyok&#8230;<br \/>Esk\u00fc II<br \/>104-es sz\u00e1m\u00fa l\u00e9gv\u00e9delmi rak\u00e9ta ezred vigy\u00e1zz!honv\u00e9dek esk\u00fch\u00f6z!<br \/>Esk\u00fcsz\u00f6m, hogy haz\u00e1mat, annak hat\u00e1rait, f\u00fcggetlens\u00e9g\u00e9t \u00e9s alkotm\u00e1nyos rendj\u00e9t \u00e9letem \u00e1r\u00e1n is megv\u00e9dem. <br \/>Szerencs\u00e9tek hogy nem rajtam m\u00falt<br \/>Mert az \u00e9n szerepem HET&#8230;h\u00e1bor\u00fa eset\u00e9n t\u00fasz<br \/>Az ellens\u00e9g nem merte betenni ide a l\u00e1b\u00e1t<br \/>a l\u00e9gteret v\u00e9dtem m\u00edg te aludtad az igazak \u00e1lm\u00e1t<\/p>\n<p>V\u00e9gezet\u00fcl a legfontosabb fogadalom<\/p>\n<p>Istennek a k\u00f6z\u00f6ns\u00e9gnek \u00e9s magamnak fogadom<br \/>A j\u00e1rt utat j\u00e1ratlan\u00e9rt feladom fejest ugrok az ismeretlenbe<br \/>De nem j\u00f3 kedvembe<br \/>Mert ha nincs v\u00e1ltoz\u00e1s <br \/>Akkor marad a pusztul\u00e1s<br \/>Tov\u00e1bb\u00e1 fogadom<br \/>Szabads\u00e1gomat minden eszk\u00f6zzel<br \/>fenntartom<br \/>20\u00e9vig rabszolga voltam<br \/>Rossz oldalon harcoltam<br \/>De most m\u00e1r velem van az er\u0151<br \/>Lehetek \u00e8n a nyer\u0151<\/p>\n<\/blockquote>\n<p>[\/et_pb_text][\/et_pb_column][et_pb_column type=&#8221;1_2&#8243; _builder_version=&#8221;4.27.4&#8243; _module_preset=&#8221;default&#8221; global_colors_info=&#8221;{}&#8221;][et_pb_heading title=&#8221;\u00dcvegszil\u00e1nkok&#8221; _builder_version=&#8221;4.27.4&#8243; _module_preset=&#8221;default&#8221; title_level=&#8221;h2&#8243; title_text_align=&#8221;left&#8221; title_font_size=&#8221;34px&#8221; width=&#8221;100%&#8221; width_tablet=&#8221;100%&#8221; width_phone=&#8221;100%&#8221; width_last_edited=&#8221;on|phone&#8221; custom_padding=&#8221;15px|||||&#8221; animation_style=&#8221;fade&#8221; title_line_height_tablet=&#8221;&#8221; title_line_height_phone=&#8221;1.1em&#8221; title_line_height_last_edited=&#8221;on|phone&#8221; locked=&#8221;off&#8221; global_colors_info=&#8221;{}&#8221;][\/et_pb_heading][et_pb_text quote_border_color=&#8221;gcid-2ebbc52c-9ee6-4712-a077-fcaec9b98540&#8243; _builder_version=&#8221;4.27.4&#8243; _module_preset=&#8221;default&#8221; text_font=&#8221;&#8211;et_global_heading_font||||||||&#8221; text_text_color=&#8221;gcid-heading-color&#8221; text_font_size=&#8221;17px&#8221; text_line_height=&#8221;1.6em&#8221; header_text_align=&#8221;left&#8221; custom_margin=&#8221;||-2px|||&#8221; animation_style=&#8221;fade&#8221; animation_duration=&#8221;2000ms&#8221; text_font_size_tablet=&#8221;17px&#8221; text_font_size_phone=&#8221;17px&#8221; text_font_size_last_edited=&#8221;on|phone&#8221; text_line_height_tablet=&#8221;1.6em&#8221; text_line_height_phone=&#8221;1.4em&#8221; text_line_height_last_edited=&#8221;on|desktop&#8221; border_style_all=&#8221;inset&#8221; locked=&#8221;off&#8221; global_colors_info=&#8221;{%22gcid-2ebbc52c-9ee6-4712-a077-fcaec9b98540%22:%91%22quote_border_color%22,%22quote_border_color%22%93,%22gcid-heading-color%22:%91%22text_text_color%22%93}&#8221;]<\/p>\n<blockquote>\n<p>Ez a hely egy nyomortanya mint az \u00e9hez\u0151k viadala<br \/>A t\u0171zr\u0151l pattant l\u00e1ny aki mindenre elsz\u00e1nt<br \/>A fecseg\u0151 posz\u00e1ta<br \/>Egy hercegn\u0151 minden b\u00e1ja<br \/>3 ujj az egys\u00e9g jele<br \/>Nekem csak a k\u00f6z\u00e9ps\u0151 amivel <br \/>l\u00e1zadni lehet<br \/>Katness Aberdeen azt hiszem szeretlek<br \/>Hagyd a francba azt a h\u00fcje Peet\u00e1t vele \u00fagy is csak a baj van<br \/>\u00c9n csendben el\u00fcld\u00f6g\u00e9lek a kanap\u00e9n<br \/>Te meg lenyilazhatsz b\u00e0rkit aki a t\u00e1vir\u00e1ny\u00edt\u00f3 ut\u00e1n ny\u00fal<br \/>A ny\u00falon t\u00fal vagyok m\u00e1r mindenen mert nincsen m\u00falt \u00e9s nincs j\u00f6v\u0151<br \/>Bel\u00e9m k\u00f6t egy igek\u00f6t\u0151<br \/>De a jelen gazdag mint egy<br \/>Rendszertelen<br \/>Rendszer gazda <br \/>A rendszer ellen<br \/>Egyed\u00fcl a vil\u00e0g ellen<br \/>Woody Allen manhattanben<br \/>\u00fcgyetlen\u00fcl szerencs\u00e9tlen\u00fcl<br \/>Menek\u00fcl saj\u00e1t mag\u00e1t\u00f3l<br \/>Elhideg\u00fcl<br \/>Keresztre fesz\u00fcl<br \/>Csak ember k\u00e9pes embertelen<br \/>Tettekkre<br \/>Nem csak a Tekkenbe<br \/>Csak ember k\u00e9pes ember elleni b\u0171ntettre<br \/>De \u00edt\u00e9let helyett<br \/>\u00cdt\u00e9let id\u0151<br \/>El\u00edt\u00e9l a j\u00f6v\u0151<br \/>Meg\u00edt\u00e9lt b\u00fcntet\u0151<br \/>A hazugs\u00e1g vizsg\u00e1l\u00f3 szavahihet\u0151<br \/>Van aki m\u00e9g hisz a szavak hiteless\u00e9g\u00e9ben?<br \/>Hit eles\u00e9g\u00e9ben?<br \/>El\u00e9gs\u00e9ges az el\u00e9gs\u00e9ges a hittan \u00f3r\u00e1n?<br \/>Sz\u00e1mmal sz\u00e1mozzuk a sz\u00e1molhatatlant?<br \/>1-10-es sk\u00e1l\u00e1n h\u00e1ny pont isten?<br \/>H\u00e1ny pont a s\u00e1t\u00e1n?<br \/>H\u00e1ny pont j\u00e9zus?<br \/>\u00c9s h\u00e1ny pont egy n\u00e1ci?<br \/>H\u00e1ny pont allah?<br \/>\u00c9s egy \u00f6ngyilkos mer\u00e9nyl\u0151?<br \/>H\u00e1ny pont budha?<br \/>\u00c9s a k\u00ednai korm\u00e1ny?<br \/>Sorsz\u00e1mot h\u00fazok \u00e9s be\u00e1llok a sorba<br \/>Megyek \u00e9n is ha \u00fct\u00f6tt az \u00f3ra<br \/>De m\u00e9g itt vagyok<br \/>ki vagyok \u00e9n hogy megmondjam hogy hogy ki vagyok<br \/>ha r\u00e1n\u00e9zek a m\u00faltamra h\u00e1nyingerem t\u00e1mad<br \/>De nem att\u00f3l hogy h\u00e1ny inger t\u00e1mad<br \/>Mert eg\u00e9sz \u00e9letemben be volt kapcsolva a biztons\u00e1gi \u00f6v<br \/>\u00d6v\u00f6n alul volt sok \u00fct\u00e9s<br \/>\u00d6t \u00e9s feles-leges minden feles<br \/>De most m\u00e1r sz\u00e1guldok a sztr\u00e1d\u00e1n<br \/>Rohanok a p\u00e1ly\u00e1n<br \/>P\u00e1ly\u00e1t t\u00e9vesztettem<br \/>Vesztettem nyilv\u00e1n<br \/>Nyilv\u00e1nosan bocs\u00e1natot k\u00e9rek,hogy \u00e9lek<br \/>Elveszteni mindent azt\u00e1n \u00fajra a semmit<br \/>Sem csin\u00e1lok<br \/>Veled <br \/>\u00c9s ha meg\u00fanlak<br \/>Majd magamhoz ny\u00falok<br \/>Magamba fordulok<br \/>Megtal\u00e0llak<br \/>Kital\u00e1llak<br \/>Kit ut\u00e1ljak?<br \/>Kit szeressek?<br \/>Ha m\u00e9g magamnak sem tetszem&#8230;<br \/>Nem \u00e9hezek m\u00e9gis viaskodok<br \/>Itt bel\u00fcl legbel\u00fcl<br \/>Megm\u00e9rgez valami b\u00e1nt valaki<br \/>Valaki megm\u00e9rgez b\u00e1nt valami<br \/>\u00c9s ha majd nem b\u00edrom tov\u00e1bb<br \/>Majd ord\u00edtok h f\u00e1j h f\u00e1j&#8230;nagyon f\u00e1j<br \/>\u00c9s ha megk\u00e9rsz eldobom az \u00fcvegszil\u00e1nkokat amikkel <br \/>megpr\u00f3b\u00e1ltam v\u00e9get vetni ennek a szerelemnek amiben nem szeretlek<br \/>Ennek a gy\u0171l\u00f6letnek amiben nem szerethetlek<br \/>Asszem \u00f6regszem-telen\u00fcl<br \/>Fesz\u00fcl testedre az \u00faj tetk\u00f3<br \/>N\u00e9h\u00e0ny b\u00f6lcs sz\u00f3<br \/>Nem Coelho<br \/>\u00c9s a porn\u00f3<br \/>Mint a porh\u00f3<br \/>sz\u00e1ling\u00f3zik<br \/>Egy sz\u00e1l ingben<br \/>Itt benn<br \/>Harc van<br \/>Kit szeressek?<br \/>Ha mindenki ut\u00e1lni val\u00f3 val\u00f3s\u00e1g ami b\u00e1nt<br \/>Az az egy gondolat:\u00e1gyban p\u00e1rn\u00e1k k\u00f6zt szeretkezni<br \/>Nem meghalni&#8230;m\u00e9g nem halni&#8230;egy kicsit legal\u00e1bb \u00e9lni<\/p>\n<\/blockquote>\n<p>[\/et_pb_text][\/et_pb_column][\/et_pb_row][\/et_pb_section][et_pb_section fb_built=&#8221;1&#8243; _builder_version=&#8221;4.27.4&#8243; _module_preset=&#8221;default&#8221; custom_padding=&#8221;||0px|||&#8221; locked=&#8221;off&#8221; global_colors_info=&#8221;{}&#8221;][et_pb_row column_structure=&#8221;1_2,1_2&#8243; _builder_version=&#8221;4.27.4&#8243; _module_preset=&#8221;default&#8221; min_height=&#8221;89px&#8221; custom_margin=&#8221;-41px|auto||auto||&#8221; custom_padding=&#8221;||0px|||&#8221; global_colors_info=&#8221;{}&#8221;][et_pb_column type=&#8221;1_2&#8243; _builder_version=&#8221;4.27.4&#8243; _module_preset=&#8221;default&#8221; global_colors_info=&#8221;{}&#8221;][et_pb_heading title=&#8221;V\u00e1laszd az&#8221; _builder_version=&#8221;4.27.4&#8243; _module_preset=&#8221;default&#8221; title_level=&#8221;h2&#8243; title_text_align=&#8221;left&#8221; title_font_size=&#8221;34px&#8221; width=&#8221;100%&#8221; width_tablet=&#8221;100%&#8221; width_phone=&#8221;100%&#8221; width_last_edited=&#8221;on|phone&#8221; custom_padding=&#8221;15px|||||&#8221; animation_style=&#8221;fade&#8221; title_line_height_tablet=&#8221;&#8221; title_line_height_phone=&#8221;1.1em&#8221; title_line_height_last_edited=&#8221;on|phone&#8221; global_colors_info=&#8221;{}&#8221;][\/et_pb_heading][et_pb_text quote_border_color=&#8221;gcid-2ebbc52c-9ee6-4712-a077-fcaec9b98540&#8243; _builder_version=&#8221;4.27.4&#8243; _module_preset=&#8221;default&#8221; text_font=&#8221;&#8211;et_global_heading_font||||||||&#8221; text_text_color=&#8221;gcid-heading-color&#8221; text_font_size=&#8221;17px&#8221; text_line_height=&#8221;1.6em&#8221; header_text_align=&#8221;left&#8221; animation_style=&#8221;fade&#8221; animation_duration=&#8221;2000ms&#8221; text_font_size_tablet=&#8221;17px&#8221; text_font_size_phone=&#8221;17px&#8221; text_font_size_last_edited=&#8221;on|phone&#8221; text_line_height_tablet=&#8221;1.6em&#8221; text_line_height_phone=&#8221;1.4em&#8221; text_line_height_last_edited=&#8221;on|desktop&#8221; border_style_all=&#8221;inset&#8221; global_colors_info=&#8221;{%22gcid-2ebbc52c-9ee6-4712-a077-fcaec9b98540%22:%91%22quote_border_color%22,%22quote_border_color%22%93,%22gcid-heading-color%22:%91%22text_text_color%22%93}&#8221;]<\/p>\n<blockquote>\n<p>V\u00e1laszd az \u00e9letet.v\u00e1lassz egy kurva nagy tv-t amin tudod n\u00e9zni a kurva nagy baroms\u00e1gokat.v\u00e1laszd az akci\u00f3sat.egyszer minden akci\u00f3s lesz&#8230;te is \u00e9n is&#8230;le lesz\u00fcnk \u00e9rt\u00e9kelve&#8230;el lesz\u00fcnk \u00e9rt\u00e9ktelen\u00edtve ..semmire kell\u0151 nyugd\u00edjasok lesz\u00fcnk akik senkinek sem kellenek.v\u00e1lassz engem \u00fagysem olyan vagyok ,egy \u00e9leten \u00e1t<br \/>nem harcolhatok.v\u00e1laszd az igazit a z\u00f6ldet a k\u00e9ket&#8230;.mindegy melyiket csak ne a sz\u00fcrkes\u00e9get<br \/>V\u00e1lassz valamit \u00e9s ha ki\u00e1llsz mellette az lesz az igaz<br \/>v\u00e1laszd a v\u00e1laszt\u00e1st,mert nem v\u00e1lasztani is v\u00e1laszt\u00e1s de nagyon vesz\u00e9lyes&#8230;.a k\u00f6z\u00f6ny sem-mindenre k\u00e9pes!<br \/>V\u00e1laszd az \u00e9letet.v\u00e1laszd,hogy \u00e9led.v\u00e1laszd,hogy nem rekl\u00e1m-zombik\u00e9nt t\u00e9nferegsz a hirdet\u00e9sek \u00fatveszt\u0151j\u00e9ben.v\u00e1laszd,hogy<\/p>\n<p>\u00e9lsz \u00e9s nem egy kanap\u00e9n \u00fclve pocskondi\u00e1zol mindent amit l\u00e0tsz vagy hallasz \u00e9s n\u00e9ha felemeled a lusta ,szottyadt segged \u00e9s teszel is magad\u00e9rt valamit!<br \/>V\u00e1laszd a szabads\u00e1got.v\u00e1laszd a k\u00e9ny-szer mentes boldogs\u00e1got.<br \/>V\u00e1lassz feles\u00e9get,aki viszont szeret.AKi viszont nem szereti,hogy n\u00e9ha v\u00e1lasztassz m\u00e1st is&#8230;A haverokat,a focit,a s\u00f6rt<br \/>V\u00e1lassz egy hobbit:\u00fclj le \u00e9s faragj magadb\u00f3l embert.<br \/>V\u00e1laszd az eg\u00e9szs\u00e9get.v\u00e1laszd a j\u00f3 koleszterint a gonosszal szemben,az e mentes dolgokat miel\u0151tt E vil\u00e1g megm\u00e9rgez.<\/p>\n<p>v\u00e1laszd a bi\u00f3t,abba nem raknak m\u0171 bigy\u00f3t.<br \/>V\u00e1laszd a mentest!Az \u00e9rzelem,koffein,sz\u00e9nsav,<br \/>V\u00e1laszd ezt a napot!Ma v\u00e1lasztassz!v\u00e1laszd az els\u0151t mert nem biztos,hogy lesz m\u00e1sodik.nem tudod vissza tekerni \u00e9leted filmj\u00e9t.<br \/>V\u00e1laszd az \u00e9letet a hal\u00e1l helyett!<br \/>V\u00e1laszd az \u00e9p\u00edtkez\u00e9st a rombol\u00e1s helyett!puszt\u00edtani b\u00e1rki tud,<\/p>\n<p>ahhoz nem kell se j\u00f3zan \u00e9sz se \u00e9rtelem&#8230;<br \/>V\u00e1laszd az aldit mer olcs\u00f3,a tesco-t mer gazdas\u00e1gos,a spar-t mert szuper akci\u00f3s.v\u00e1laszd a sp\u00f3rol\u00e1st,csak nehogy p\u00f3rul j\u00e0rj!<br \/>V\u00e1lassz gy\u00f3gyszert ami cs\u00f6kkenti az am\u00fagysem magas&#8230;.\u00e9letsz\u00ednvonalad.<br \/>V\u00e1laszd a fogy\u00e1st ,legyen strandra k\u00e9sz tested az \u00e9v minden napj\u00e0n.<br \/>V\u00e1laszd a fitnesszt,a wellnesszt miut\u00e1n s\u00f6rhasat n\u00f6vesztessz.<br \/>V\u00e1laszd a spa-t a paleot a csoki cs\u00f6vet<br \/>V\u00e1laszd a homeop\u00e1ti\u00e1t megsz\u0171nteti az ap\u00e1ti\u00e1t<br \/>Az emp\u00e1ti\u00e1t a szimp\u00e1ti\u00e1t<br \/>V\u00e1lassz dietetikust,szem\u00e9lyi edz\u0151t,<br \/>V\u00e1laszd a szavaz\u00e1st,szavazz meg egy korm\u00e1nyt.Mindegy melyiket a v\u00e9ge \u00fagyis botr\u00e1ny!Szavazz r\u00e1m!<br \/>\u00c9n veled vagyok,bennem megb\u00edzhatsz ha kapok egy szavazatot.<br \/>V\u00e1laszd a v\u00e1ltoz\u00e1st.Minden v\u00e1ltozik:az id\u0151j\u00e1r\u00e1s az \u00e9tlap a mozim\u0171sor.V\u00e1ltoznak az emberek&#8230;aki nagyon akar az<\/p>\n<p>megv\u00e1ltozik!<br \/>V\u00e1laszd a j\u00f6v\u0151t!just do it!b\u00e1rmikor megv\u00e1ltoztathatod.nincs k\u0151be v\u00e9sve&#8221;a j\u00f6v\u0151 itt van \u00e9s sose lesz v\u00e9ge&#8221;<br \/>V\u00e1lassz egy \u00e9letet amit \u00e9rdemes \u00e9lni,egy \u00e1lmot amihez ragaszkodsz!<\/p>\n<\/blockquote>\n<p>[\/et_pb_text][\/et_pb_column][et_pb_column type=&#8221;1_2&#8243; _builder_version=&#8221;4.27.4&#8243; _module_preset=&#8221;default&#8221; global_colors_info=&#8221;{}&#8221;][et_pb_heading title=&#8221;V\u00e1lassz!&#8221; _builder_version=&#8221;4.27.4&#8243; _module_preset=&#8221;default&#8221; title_level=&#8221;h2&#8243; title_text_align=&#8221;left&#8221; title_font_size=&#8221;34px&#8221; width=&#8221;100%&#8221; width_tablet=&#8221;100%&#8221; width_phone=&#8221;100%&#8221; width_last_edited=&#8221;on|phone&#8221; custom_padding=&#8221;15px|||||&#8221; animation_style=&#8221;fade&#8221; title_line_height_tablet=&#8221;&#8221; title_line_height_phone=&#8221;1.1em&#8221; title_line_height_last_edited=&#8221;on|phone&#8221; locked=&#8221;off&#8221; global_colors_info=&#8221;{}&#8221;][\/et_pb_heading][et_pb_text quote_border_color=&#8221;gcid-2ebbc52c-9ee6-4712-a077-fcaec9b98540&#8243; _builder_version=&#8221;4.27.4&#8243; _module_preset=&#8221;default&#8221; text_font=&#8221;&#8211;et_global_heading_font||||||||&#8221; text_text_color=&#8221;gcid-heading-color&#8221; text_font_size=&#8221;17px&#8221; text_line_height=&#8221;1.6em&#8221; header_text_align=&#8221;left&#8221; custom_margin=&#8221;||-2px|||&#8221; animation_style=&#8221;fade&#8221; animation_duration=&#8221;2000ms&#8221; text_font_size_tablet=&#8221;17px&#8221; text_font_size_phone=&#8221;17px&#8221; text_font_size_last_edited=&#8221;on|phone&#8221; text_line_height_tablet=&#8221;1.6em&#8221; text_line_height_phone=&#8221;1.4em&#8221; text_line_height_last_edited=&#8221;on|desktop&#8221; border_style_all=&#8221;inset&#8221; locked=&#8221;off&#8221; global_colors_info=&#8221;{%22gcid-2ebbc52c-9ee6-4712-a077-fcaec9b98540%22:%91%22quote_border_color%22,%22quote_border_color%22%93,%22gcid-heading-color%22:%91%22text_text_color%22%93}&#8221;]<\/p>\n<blockquote>\n<p>V\u00e1laszd az \u00e9letet.v\u00e1laszd a fel\u00e9p\u00fcl\u00e9st.v\u00e1lassz egy helyet ahol elkezdheted.patrik \u00f6n j\u00f3l d\u00f6nt\u00f6tt!a sz\u00e1ml\u00e1j\u00e1n m\u00e1r van 365 tiszta nap \u00e9s ezt ennek e helynek k\u00f6sz\u00f6nheti&#8230;lehetne t\u00f6bb is de a betegs\u00e9g k\u00f6zbe sz\u00f3lt alattamos kis f\u00e9reg tudjuk j\u00f3l.<br \/>V\u00e1laszd Koml\u00f3t de ne a l\u00e9t-mert a l\u00e9t a t\u00e9t-t\u00e9tlen\u00fcl n\u00e9ztem hogy iszom el az eszem \u00e9szre sem vettem hogy nem megy ez nekem,20 \u00e9vig igyekeztem de neh\u00e9z volt beismernem veres\u00e9get szenvedtem.<br \/>V\u00e1laszd az \u00e9letet.v\u00e1laszd a fel\u00e9p\u00fcl\u00e9st.v\u00e1laszd hogy legyen v\u00e1laszt\u00e1sod!mert nem v\u00e1lasztani is v\u00e1laszt\u00e1s de nagyon vesz\u00e9lyes a k\u00f6z\u00f6ny gyilkol\u00e0sra k\u00e9szen&#8230;<br \/>V\u00e1laszd a csoportokat amiken n\u00e9ha olyan lassan telt az id\u0151 hogy azt gondoltam ink\u00e1bb elmegyek mint v\u00e9gig \u00fcljem de m\u00e9gis azok a helyzetek alapozt\u00e1k meg azt hogy most itt legyek \u00e9s nem kellett innom 842napja.az egyik ilyenen l\u00e1ttalak s\u00edrni,l\u00e1ttalak ord\u00edtani:hogy csak ember szeretn\u00e9k lenni&#8230;h\u00e1t tess\u00e9k itt van.soha nem \u00e1lmodtam semmilyen vil\u00e1got magamnak,de most itt \u00e1llok egy \u00faj \u00e9let k\u00fcsz\u00f6b\u00e9n,istenem adj er\u0151t hogy be tudjak l\u00e9pni van hitem,b\u00e1tors\u00e1gom,az \u00faj kih\u00edv\u00e1sok el\u0151tt!<br \/>V\u00e1laszd a 12l\u00e9p\u00e9st ne a hossz\u00fa l\u00e9p\u00e9st. hossz\u00fa volt az \u00fat amig eddig el\u00e9rt\u00e9l.a v\u00e1lasz ott van a pap\u00edron feket\u00e9n-feh\u00e9ren.egyszer\u0171 :m\u0171k\u00f6dik ha m\u0171k\u00f6dteted \u00e9s ha m\u0171k\u00f6dik m\u00e0r nem kell megd\u00f6glened.nem kell v\u00e9rz\u0151 fejjel fetrengened \u00e9s arra v\u00e0rni m\u00ecg any\u00e0d \u00e1tj\u00f6n \u00e9s tiszt\u00e0ba tesz.<br \/>V\u00e1laszd az \u00e9p\u00edtkez\u00e9st.sz\u00ednpadon m\u00e0r elj\u00e1tszottad a rombol\u00e1s szimfoni\u00e1j\u00e1t elj\u00e1tszottad a hiteled a szavahihet\u0151s\u00e9gedet a tegnapot a holnapot.csak a mai nap maradt!carpe diem!ragadd meg a napot,ragadj meg egy csillagot ami csak neked ragyog!<br \/>Searching seek&amp;destroy!keresd meg a r\u00e9st a falon \u00e9s d\u00f6ntsd le!!!<br \/>T\u00f6rd \u00f6ssze korl\u00e1taidat,megsz\u0171nnek a hat\u00e1rok ha hat\u00e1rozottt vagy!<br \/>Ne hagyd hogy a f\u00e9lelem kiszor\u00edtsa bel\u0151led az \u00e9letet.<br \/>Hey-ho let&#8217;s go!gyer\u00fcnk lend\u00fclj\u00fcnk bele!\u00fajra \u00e9lsz bazdmeg!h\u00e1t nem gy\u00f6ny\u00f6r\u0171?nem vagy egyed\u00fcl !van hit rem\u00e9ny szeretet \u00e9s amikor valaki megfogja a kezedet hogy :mondjuk el a b\u00e9kess\u00e9g im\u00e1t&#8230;az az igazi hovatartoz\u00e1s!<br \/>V\u00e1laszd az \u00e9letet.v\u00e1laszd a gy\u0151zteseket.m\u00e1r nem kell 19re lapot h\u00fazni.vesztett\u00e9l m\u00e1r eleget.ideje v\u00e1ltoztatni.ne menj tov\u00e1bb.\u00e1llj meg n\u00e9zz k\u00f6r\u00fcl,hogy ne kelljen azon a kibaszott h\u00eddon \u00e1llni \u00e9s a hal\u00e1lra v\u00e1rni&#8230;<br \/>V\u00e1laszd az \u00e9letet.v\u00e1laszd a fel\u00e9p\u00fcl\u00e9st.az \u00fcl\u00e9st a gy\u0171l\u00e9seken,a megold\u00e1s ott van a termekben a v\u00e0lasz ott van a szivedben&#8230;<\/p>\n<\/blockquote>\n<p>[\/et_pb_text][\/et_pb_column][\/et_pb_row][\/et_pb_section][et_pb_section fb_built=&#8221;1&#8243; _builder_version=&#8221;4.27.4&#8243; _module_preset=&#8221;default&#8221; custom_padding=&#8221;||0px|||&#8221; locked=&#8221;off&#8221; global_colors_info=&#8221;{}&#8221;][et_pb_row column_structure=&#8221;1_2,1_2&#8243; _builder_version=&#8221;4.27.4&#8243; _module_preset=&#8221;default&#8221; min_height=&#8221;89px&#8221; custom_margin=&#8221;-41px|auto||auto||&#8221; custom_padding=&#8221;||0px|||&#8221; global_colors_info=&#8221;{}&#8221;][et_pb_column type=&#8221;1_2&#8243; _builder_version=&#8221;4.27.4&#8243; _module_preset=&#8221;default&#8221; global_colors_info=&#8221;{}&#8221;][et_pb_heading title=&#8221;Van rekl\u00e1m de&#8221; _builder_version=&#8221;4.27.4&#8243; _module_preset=&#8221;default&#8221; title_level=&#8221;h2&#8243; title_text_align=&#8221;left&#8221; title_font_size=&#8221;34px&#8221; width=&#8221;100%&#8221; width_tablet=&#8221;100%&#8221; width_phone=&#8221;100%&#8221; width_last_edited=&#8221;on|phone&#8221; custom_padding=&#8221;15px|||||&#8221; animation_style=&#8221;fade&#8221; title_line_height_tablet=&#8221;&#8221; title_line_height_phone=&#8221;1.1em&#8221; title_line_height_last_edited=&#8221;on|phone&#8221; global_colors_info=&#8221;{}&#8221;][\/et_pb_heading][et_pb_text quote_border_color=&#8221;gcid-2ebbc52c-9ee6-4712-a077-fcaec9b98540&#8243; _builder_version=&#8221;4.27.4&#8243; _module_preset=&#8221;default&#8221; text_font=&#8221;&#8211;et_global_heading_font||||||||&#8221; text_text_color=&#8221;gcid-heading-color&#8221; text_font_size=&#8221;17px&#8221; text_line_height=&#8221;1.6em&#8221; header_text_align=&#8221;left&#8221; animation_style=&#8221;fade&#8221; animation_duration=&#8221;2000ms&#8221; text_font_size_tablet=&#8221;17px&#8221; text_font_size_phone=&#8221;17px&#8221; text_font_size_last_edited=&#8221;on|phone&#8221; text_line_height_tablet=&#8221;1.6em&#8221; text_line_height_phone=&#8221;1.4em&#8221; text_line_height_last_edited=&#8221;on|desktop&#8221; border_style_all=&#8221;inset&#8221; global_colors_info=&#8221;{%22gcid-2ebbc52c-9ee6-4712-a077-fcaec9b98540%22:%91%22quote_border_color%22,%22quote_border_color%22%93,%22gcid-heading-color%22:%91%22text_text_color%22%93}&#8221;]<\/p>\n<blockquote>\n<p>Van rekl\u00e1m de nincs sz\u00fcnet<br \/>Valakik sz\u00edtj\u00e1k a t\u00fczet<br \/>Ez nem az \u00e9n \u00fcgyem<br \/>Mindig tal\u00e1lok valami \u00fcr\u00fcgyet<br \/>Hogy elford\u00edtsam a fejem<br \/>Hogy lehalk\u00edtsam a hangom<br \/>Hogy \u00e9ppen ne \u00e9rjek r\u00e1<br \/>mikor \u00e9ppen az \u00e9letemr\u0151l d\u00f6ntenek<\/p>\n<p>Ezt j\u00f3l elbasztam allah akhbar<br \/>Ez is az \u00e9n \u00fcgyem<br \/>Minden az eny\u00e9m m\u00e9gsincs semmim<br \/>Csak egy t\u00e1vir\u00e1ny\u00edt\u00f3 2 elemmel<br \/>Full extr\u00e1s k\u00e9nyelemmel<br \/>Kapcsolgatok<br \/>Ki-be ki-be kibe?<br \/>Kapcs.ford. mz\/x mork h\u00edvja orsont jelentkezz<br \/>Elhagyom a f\u00f6ldet \u00faj p\u00e1ly\u00e1ra \u00e1llok<br \/>Vak\u00edt\u00f3 f\u00e9ny\u0171 \u00fcst\u00f6k\u00f6sk\u00e9nt<br \/>Zuhanok.majd meg\u00e1llok..<br \/>Kiab\u00e1lok&#8230;.bele magamba<br \/>Belem visszhangozza..<br \/>\u00dcres a belem..mag\u00e1n \u00fcgy<br \/>Mag\u00e1nyom k\u00f6z\u00fcgy&#8230;<br \/>Egy mag\u00e1ny k\u00f6z amit r\u00f3lam neveztek el&#8230;<\/p>\n<p>Van rekl\u00e1m de nincs sz\u00fcnet<br \/>Valakik sz\u00edtj\u00e1k a t\u00fczet<br \/>Tele van vel\u00fck a f\u00fczet<br \/>Ez okozza a veszt\u00fcket<br \/>Kapcsolgatok ki-be ki-be<br \/>Ki meg be&#8230;ki megy be?<br \/>Hova megy??\u00faristen..az az ember hova megy????<br \/>J\u00e9zus.M\u00e1ria!!!!<br \/>Azaz ember kis\u00e9t\u00e1l a saj\u00e1t \u00e9let\u00e9b\u0151l!!!!\u00e1ll\u00edts\u00e1k meg!!!ez meg\u0151r\u00fclt&#8230;.pedig nem<br \/>Csak a Truman show-t n\u00e8zem<br \/>A d\u00edszletek val\u00f3diak<br \/>A szerepl\u0151k igaziak<br \/>Csak az a rongyos \u00e9let az&#8230; ami nem l\u00e1tszik semminek<br \/>A f\u00e1t\u00f3l nem l\u00e1tom azt ami nincs<br \/>A kincs az ami nincs<br \/>De semmi g\u00e1z elg\u00e1zol egy elk\u00e9sett szerelmi vallom\u00e1s&#8230;<\/p>\n<p>Mert van rekl\u00e1m de nincs sz\u00fcnet<br \/>Nem engedi a test\u00fclet<br \/>Vesz\u00e9lyes ter\u00fclet<br \/>Terjed a t\u00fcnet<br \/>De van megold\u00e1s:<br \/>J\u00e9zus felold a tv terror al\u00f3l legal\u00e1bbis pajor tam\u00e1s szerint<br \/>\u00c9s h mit gondolok \u00e8n ?<br \/>Honnan tudjam?<br \/>Nem vagyok gondolat olvas\u00f3<br \/>Bekapcs:s\u00f6t\u00e9ts\u00e9g<br \/>Kikapcs:s\u00f6t\u00e9ts\u00e9g<br \/>Mi a faszom a k\u00fcl\u00f6nbs\u00e9g?<br \/>Tal\u00e1n a hangya foci<br \/>Dzssssdzsssspsccssss<\/p>\n<p>Mert rekl\u00e1m az van sz\u00fcnet nincs<br \/>0\/24-be rajtam a bilincs<br \/>Kezemben a kilincs<br \/>Most vagy soha<br \/>Soha vagy most<br \/>Ha most nem akkor mikor?<br \/>Ha nem most akkor soha?<br \/>Csak kapcsolgatom az agyamat<br \/>Ki&#8230;..be&#8230;..ki&#8230;&#8230;be&#8230;&#8230;<br \/>Csak nehogy egyszer bekapcsolva maradjon<br \/>Csak nehogy egyszer \u00e9gve maradjon a villany<\/p>\n<p>Mert nincs sz\u00fcnet<br \/>Nincs pont<br \/>Nincs gondolatjel<br \/>Nincs \u00faj bekezd\u00e9s<br \/>Ez ugyanaz a mondat<br \/>Ez ugyanaz a gondolat<br \/>Akkor leszek bajban ha sz\u00fcnetet tartok<br \/>Akkor lesz g\u00e1z ha j\u00f6n a hangyafoci<br \/>Cssssdzsssssspssssszzzzz<\/p>\n<\/blockquote>\n<p>[\/et_pb_text][\/et_pb_column][et_pb_column type=&#8221;1_2&#8243; _builder_version=&#8221;4.27.4&#8243; _module_preset=&#8221;default&#8221; global_colors_info=&#8221;{}&#8221;][et_pb_heading title=&#8221;V\u00e9get \u00e9rt&#8221; _builder_version=&#8221;4.27.4&#8243; _module_preset=&#8221;default&#8221; title_level=&#8221;h2&#8243; title_text_align=&#8221;left&#8221; title_font_size=&#8221;34px&#8221; width=&#8221;100%&#8221; width_tablet=&#8221;100%&#8221; width_phone=&#8221;100%&#8221; width_last_edited=&#8221;on|phone&#8221; custom_padding=&#8221;15px|||||&#8221; animation_style=&#8221;fade&#8221; title_line_height_tablet=&#8221;&#8221; title_line_height_phone=&#8221;1.1em&#8221; title_line_height_last_edited=&#8221;on|phone&#8221; locked=&#8221;off&#8221; global_colors_info=&#8221;{}&#8221;][\/et_pb_heading][et_pb_text quote_border_color=&#8221;gcid-2ebbc52c-9ee6-4712-a077-fcaec9b98540&#8243; _builder_version=&#8221;4.27.4&#8243; _module_preset=&#8221;default&#8221; text_font=&#8221;&#8211;et_global_heading_font||||||||&#8221; text_text_color=&#8221;gcid-heading-color&#8221; text_font_size=&#8221;17px&#8221; text_line_height=&#8221;1.6em&#8221; header_text_align=&#8221;left&#8221; custom_margin=&#8221;||-2px|||&#8221; animation_style=&#8221;fade&#8221; animation_duration=&#8221;2000ms&#8221; text_font_size_tablet=&#8221;17px&#8221; text_font_size_phone=&#8221;17px&#8221; text_font_size_last_edited=&#8221;on|phone&#8221; text_line_height_tablet=&#8221;1.6em&#8221; text_line_height_phone=&#8221;1.4em&#8221; text_line_height_last_edited=&#8221;on|desktop&#8221; border_style_all=&#8221;inset&#8221; locked=&#8221;off&#8221; global_colors_info=&#8221;{%22gcid-2ebbc52c-9ee6-4712-a077-fcaec9b98540%22:%91%22quote_border_color%22,%22quote_border_color%22%93,%22gcid-heading-color%22:%91%22text_text_color%22%93}&#8221;]<\/p>\n<blockquote>\n<p>V\u00e9get \u00e9rt<\/p>\n<p>Valahol valami v\u00e9gleg megv\u00e1ltozott<br \/>Valahol valami v\u00e9gleg v\u00e9get \u00e9rt<br \/>Valahol valami v\u00e9gleg elt\u00f6r\u00f6tt<br \/>\u00c9s \u00e9n azt hittem hogy nem lehet megragasztani,nem lehet \u00fajra kezdeni,nem lehet m\u00e1shogy csin\u00e1lni<br \/>T\u00e9vedtem&#8230;megint&#8230;szerencs\u00e9re<br \/>Szerencs\u00e9re megint t\u00e9vedtem<br \/>Mert meg lehet v\u00e1ltoztatni a megv\u00e1ltoztathatatlant<br \/>\u00d6ssze lehet ragasztani ami elt\u00f6r\u00f6tt \u00fajra el lehet kezdeni ami v\u00e9get \u00e9rt<br \/>Szembe lehet menni a sorsal<br \/>\u00dajra lehet \u00edrni a t\u00f6rt\u00e9nelmet..a saj\u00e1tomat<br \/>Mindent lehet de semmit se musz\u00e1ly<br \/>A lehet\u0151s\u00e9g mindenkinek adott de nem mindenki \u00e9l vele&#8230;<br \/>Ha nem akarsz v\u00e1ltoztatni:maradj otthon n\u00e9zz\u00e9l t\u00e9v\u00e9t,\u00fagyis t\u00f6ks\u00f6t\u00e9t vonatokon utaznak a t\u00f6ks\u00f6t\u00e9t emberek a t\u00f6ks\u00f6t\u00e9t semmibe&#8230;<br \/>\u00cdgy megy ez&#8230;.<br \/>Sosem tudtam eld\u00f6nteni hogy ez<br \/>A v\u00e9g kezdete vagy a kezdet v\u00e9ge,\u00f6ssze mos\u00f3dott \u00e9vek,megfakult f\u00e9nyk\u00e9pek,hi\u00e1nyos napl\u00f3 t\u00f6red\u00e9kek,f\u00e1j\u00f3 eml\u00e9kek<br \/>Mert k\u00e9nyszerlesz\u00e1ll\u00e1s volt az \u00e9letem:<br \/>Zuhan\u00e1s landol\u00e1s felsz\u00e1ll\u00e1s<br \/>Zuhan\u00e1s zuhan\u00e1s landol\u00e1s nagyon lass\u00fa felsz\u00e1ll\u00e1s<br \/>\u00c9s a v\u00e9g\u00e9n m\u00e1r csak zuhan\u00e1s zuhan\u00e1s zuhan\u00e1s \u00e9s nagyon f\u00e1jdalmas landol\u00e1s&#8230;<br \/>Itt befejezem, de itt el is elkezdem<br \/>Itt elkezdem,de is befejezem<br \/>Mert mindegy h\u00e1nyadik vagy a l\u00e9nyeg hogy itt vagy<br \/>Mert csak az sz\u00e1m\u00edt aki itt van aki akar valamit kezdeni mag\u00e1val aki mer fejest ugrani az ismeretlenbe<br \/>Mert nem akkor van v\u00e9ge amikor \u00e9n azt gondolom h v\u00e9ge van,hanem akkor amikor valami \u00faj elkezd\u0151dik \u00e9s itt elkezd\u0151dhet valami \u00faj ott kint meg folytat\u00f3dhat valami nagyon \u00faj&#8230;.<br \/>Mert valahol valami elt\u00f6r\u00f6tt de nem v\u00e9gleg&#8230;<br \/>Szerencs\u00e9re megint t\u00e9vedtem<br \/>Mindig van m\u00e9g egy es\u00e9ly,mindig van lehet\u0151s\u00e9g \u00e9s mindig van valaki aki seg\u00edt&#8230;<br \/>Mert itt \u00edgy megy ez&#8230;<br \/>Mert itt ez \u00edgy van rendj\u00e9n&#8230;<\/p>\n<\/blockquote>\n<p>[\/et_pb_text][\/et_pb_column][\/et_pb_row][\/et_pb_section][et_pb_section fb_built=&#8221;1&#8243; _builder_version=&#8221;4.27.4&#8243; _module_preset=&#8221;default&#8221; custom_padding=&#8221;||0px|||&#8221; locked=&#8221;off&#8221; global_colors_info=&#8221;{}&#8221;][et_pb_row column_structure=&#8221;1_2,1_2&#8243; _builder_version=&#8221;4.27.4&#8243; _module_preset=&#8221;default&#8221; min_height=&#8221;89px&#8221; custom_margin=&#8221;-41px|auto||auto||&#8221; custom_padding=&#8221;||0px|||&#8221; global_colors_info=&#8221;{}&#8221;][et_pb_column type=&#8221;1_2&#8243; _builder_version=&#8221;4.27.4&#8243; _module_preset=&#8221;default&#8221; global_colors_info=&#8221;{}&#8221;][et_pb_heading title=&#8221;Viszl\u00e1t&#8221; _builder_version=&#8221;4.27.4&#8243; _module_preset=&#8221;default&#8221; title_level=&#8221;h2&#8243; title_text_align=&#8221;left&#8221; title_font_size=&#8221;34px&#8221; width=&#8221;100%&#8221; width_tablet=&#8221;100%&#8221; width_phone=&#8221;100%&#8221; width_last_edited=&#8221;on|phone&#8221; custom_padding=&#8221;15px|||||&#8221; animation_style=&#8221;fade&#8221; title_line_height_tablet=&#8221;&#8221; title_line_height_phone=&#8221;1.1em&#8221; title_line_height_last_edited=&#8221;on|phone&#8221; global_colors_info=&#8221;{}&#8221;][\/et_pb_heading][et_pb_text quote_border_color=&#8221;gcid-2ebbc52c-9ee6-4712-a077-fcaec9b98540&#8243; _builder_version=&#8221;4.27.4&#8243; _module_preset=&#8221;default&#8221; text_font=&#8221;&#8211;et_global_heading_font||||||||&#8221; text_text_color=&#8221;gcid-heading-color&#8221; text_font_size=&#8221;17px&#8221; text_line_height=&#8221;1.6em&#8221; header_text_align=&#8221;left&#8221; animation_style=&#8221;fade&#8221; animation_duration=&#8221;2000ms&#8221; text_font_size_tablet=&#8221;17px&#8221; text_font_size_phone=&#8221;17px&#8221; text_font_size_last_edited=&#8221;on|phone&#8221; text_line_height_tablet=&#8221;1.6em&#8221; text_line_height_phone=&#8221;1.4em&#8221; text_line_height_last_edited=&#8221;on|desktop&#8221; border_style_all=&#8221;inset&#8221; global_colors_info=&#8221;{%22gcid-2ebbc52c-9ee6-4712-a077-fcaec9b98540%22:%91%22quote_border_color%22,%22quote_border_color%22%93,%22gcid-heading-color%22:%91%22text_text_color%22%93}&#8221;]<\/p>\n<blockquote>\n<p>\u00dcres a s\u00e1v,m\u00e9gis mindenki dud\u00e1l<br \/>Lakatlan a v\u00e1ros,m\u00e9gsincs sehol egy hely<br \/>Pap\u00edrok,t\u00e9rk\u00e9pek,helyek melyeket sosem l\u00e1ttam<br \/>220 felett m\u00e9g sosem j\u00e1rtam<br \/>De eg\u00e9sz \u00e9letemben mindig vmire v\u00e1rtam<br \/>Csak v\u00e1rtam, csak v\u00e1rtam<br \/>\u00d6nk\u00e9ntes sz\u00e1m\u0171zet\u00e9sben t\u00e9nferegtem<br \/>Nyarakon,h\u00f3viharokon \u00e1t<br \/>Sz\u0171k id\u0151k kereszt metszetein<br \/>Eldugott terek \u00e9szrevehetetlen zugaiban<br \/>F\u00e9reg lyukak sokadik dimenzi\u00f3j\u00e1ban<br \/>Sov\u00e1ny vigasz volt a katarzis<br \/>Sov\u00e1ny vigasz volt a mag\u00e1nyos orgazmus<br \/>Vodk\u00e1t vedeltem<br \/>Val\u00f3s\u00e1got vedlettem<br \/>N\u00e9zd miv\u00e9 lettem&#8230;<br \/>N\u00e9zd mit tettem&#8230;.<br \/>Visszat\u00f6lt\u00f6m az utols\u00f3 felest az \u00fcvegbe<br \/>Nem ett\u0151l r\u00fagok be<br \/>Viszl\u00e1t<br \/>Visszah\u00e1nyom a m\u00faltat<br \/>Valami haszn\u00e1lhat\u00f3t keresek benne<br \/>Viszl\u00e1t,viszl\u00e1t<br \/>Azt\u00e1n felkeltettem a Napot<br \/>Perzsel\u0151 szemekkel n\u00e9zett r\u00e0m<br \/>M\u00e1s napra \u00e9bredtem<br \/>Id\u0151kapszul\u00e1kat t\u00f6m\u00f6k magamba<br \/>Id\u0151g\u00e9p f\u0151zi a k\u00e1v\u00e9m<br \/>Mert r\u00e9gen minden jobb volt<br \/>Mert r\u00e9gen minden m\u00e1s volt<br \/>Mert r\u00e9gen mindenki m\u00e1s volt<br \/>Te is,\u00e9n is<br \/>L\u00e1z l\u00e1zad\u00e1s<br \/>V\u00e9rad\u00e1s-alvad\u00e1s<br \/>V\u00e9r fagyaszt\u00f3 alkot\u00e1s<br \/>Leveg\u0151 z\u00e1rv\u00e1nyk\u00e9nt a pillanatba fagyva lassan olvadok<br \/>M\u00ednusz 10 alatt<br \/>A test t\u00f6meg index k\u00falt\u00far\u00e1m hat\u00e1stalan<br \/>Plusz 30 felett<br \/>Az \u00e1r \u00e9rt\u00e9k ar\u00e1ny h\u00e1nyadosom hezit\u00e1l<br \/>Visszateszem a j\u00f6v\u0151t,kezdje el m\u00e1s<br \/>\u00c9n ebb\u0151l nem k\u00e9rek<br \/>Viszl\u00e1t<br \/>Visszav\u00e1gyom a jelenbe,itt \u00e9s most az \u00e9n helyem<br \/>Viszl\u00e1t,viszl\u00e1t<br \/>Magamra \u00f6lt\u00f6m az aktu\u00e1lis szerepem<br \/>Ma k\u00f6z\u00e9rdek\u0171 leszek!Ma k\u00f6zhaszn\u00fa nonprofit szervezet leszek!<br \/>Megmentek m\u00e1sokat,megmentem magamat<br \/>Mik\u00f6zben rohadtul \u00e9lvezem h nincs igazam<br \/>\u00c9s mocskosul f\u00e1j ha igen<br \/>Hatottak r\u00e1m m\u00e1sok szavai<br \/>Pedig azt gondoltam ,hogy rosszat akarnak<br \/>A vil\u00e1g kiny\u00edlik,de \u00e9n bez\u00e1rom az ajt\u00f3t<br \/>Nem akarok tudni r\u00f3la<br \/>Nem akarok tudni r\u00f3lad<br \/>A p\u00e1rn\u00e1mba suttogom a tehetetlens\u00e9gem<br \/>K\u00e9ts\u00e9gbees\u00e9sem k\u00e9ts\u00e9gbe ejt\u0151<br \/>Egys\u00e9gben a k\u00e9ts\u00e9g<br \/>T\u00e1vol a seg\u00edts\u00e9g<br \/>T\u00e1vol a v\u00e1ros zaj\u00e1t\u00f3l<br \/>M\u00e9gsincs csend a fejemben<br \/>Valaki mindig mondja<br \/>Valaki mindig hallja<br \/>Visszaalszok,van m\u00e9g id\u0151m<br \/>Kor\u00e1n van m\u00e9g az \u00e9lethez<br \/>Visszaalszok,nincs m\u00e9g v\u00e9ge<br \/>Az \u00e1lmokba menek\u00fcl\u00f6k<br \/>Viszl\u00e1t<br \/>Viszl\u00e1t<\/p>\n<\/blockquote>\n<p>[\/et_pb_text][\/et_pb_column][et_pb_column type=&#8221;1_2&#8243; _builder_version=&#8221;4.27.4&#8243; _module_preset=&#8221;default&#8221; global_colors_info=&#8221;{}&#8221;][et_pb_heading title=&#8221;V\u00edzi\u00f3k \u00e9s latom\u00e1sok&#8221; _builder_version=&#8221;4.27.4&#8243; _module_preset=&#8221;default&#8221; title_level=&#8221;h2&#8243; title_text_align=&#8221;left&#8221; title_font_size=&#8221;34px&#8221; width=&#8221;100%&#8221; width_tablet=&#8221;100%&#8221; width_phone=&#8221;100%&#8221; width_last_edited=&#8221;on|phone&#8221; custom_padding=&#8221;15px|||||&#8221; animation_style=&#8221;fade&#8221; title_line_height_tablet=&#8221;&#8221; title_line_height_phone=&#8221;1.1em&#8221; title_line_height_last_edited=&#8221;on|phone&#8221; locked=&#8221;off&#8221; global_colors_info=&#8221;{}&#8221;][\/et_pb_heading][et_pb_text quote_border_color=&#8221;gcid-2ebbc52c-9ee6-4712-a077-fcaec9b98540&#8243; _builder_version=&#8221;4.27.4&#8243; _module_preset=&#8221;default&#8221; text_font=&#8221;&#8211;et_global_heading_font||||||||&#8221; text_text_color=&#8221;gcid-heading-color&#8221; text_font_size=&#8221;17px&#8221; text_line_height=&#8221;1.6em&#8221; header_text_align=&#8221;left&#8221; custom_margin=&#8221;||-2px|||&#8221; animation_style=&#8221;fade&#8221; animation_duration=&#8221;2000ms&#8221; text_font_size_tablet=&#8221;17px&#8221; text_font_size_phone=&#8221;17px&#8221; text_font_size_last_edited=&#8221;on|phone&#8221; text_line_height_tablet=&#8221;1.6em&#8221; text_line_height_phone=&#8221;1.4em&#8221; text_line_height_last_edited=&#8221;on|desktop&#8221; border_style_all=&#8221;inset&#8221; locked=&#8221;off&#8221; global_colors_info=&#8221;{%22gcid-2ebbc52c-9ee6-4712-a077-fcaec9b98540%22:%91%22quote_border_color%22,%22quote_border_color%22%93,%22gcid-heading-color%22:%91%22text_text_color%22%93}&#8221;]<\/p>\n<blockquote>\n<p>\u00d6ngyilkos robotok tetemei bor\u00edtj\u00e1k az utc\u00e1kat<br \/>Szelfiz\u0151 dr\u00f3nok posztolnak a facebook-ra<br \/>A mem\u00f3ria k\u00e1rty\u00e1k eml\u00e9kezet kies\u00e9sben szenvednek<br \/>Az okos eszk\u00f6z\u00f6k elh\u00fcly\u00fclnek<br \/>Megh\u00faz\u00f3dom a k\u00e9pzeletvil\u00e1g sark\u00e1ban, ahol a 2 ismeretlenes \u00e9let-hallucin\u00e1ci\u00f3k nem<br \/>vesztenek jelent\u0151s\u00e9g\u00fckb\u0151l, \u00e9s unottan fogyasztom az el\u0151re csomagolt retteg\u00e9s \u00e9s agg\u00f3d\u00e1s<br \/>szendvicseimet. F\u00e9lk\u00e9sz f\u00e9lelmek fintorognak a t\u00fck\u00f6rben.<br \/>Szemben az id\u0151 \u00e1ll.<br \/>\u00c1ll\u00e1spntja mozdulatlan. Mozdulatlans\u00e1gba ragad a cinizmusom. Szememben \u00e1t\u00e9rt\u00e9kelt<br \/>t\u0171z-im\u00e1d\u00e1s lobog, arcomon alult\u00e1pl\u00e1lt j\u00f3indulat figyelhet\u0151 meg.<br \/>Azt\u00e1n hirtelen-figyelmeztet\u0151 l\u00f6v\u00e9s n\u00e9lk\u00fcl &#8211; a v\u00e9letlen isten tudatos alkalmazkod\u00e1s\u00e1t kihaszn\u00e1lva &#8211;<br \/>\u00fajj\u00e1sz\u00fclet\u00e9st imit\u00e1lok.<br \/>V\u00e1rom az indul\u00e1st, ahogy felt\u0171nik el\u0151ttem az \u00e9let l\u00e1t\u00f3mezeje.<br \/>Tan\u00e1cstalan j\u00f3sok k\u00f6z\u00f6tt magam ismerem fel a holnapot. Nincstelens\u00e9gemet a tegnapnak<br \/>aj\u00e1n\u00e1nd\u00e9kozom, \u00e9s boldogan sz\u00e1llok harcba a mit sem sejt\u0151 vil\u00e1g p\u00e1nc\u00e9los katon\u00e1ival.<br \/>T\u00f6megiszonyomat kih\u00e1nyom, \u00fagy n\u00e9zek a v\u00e9gtelennel farkasszemet-szem\u00e9rt<br \/>DE most,hogy m\u00e1rcsak ketten vagyunk megv\u00e1ltozok.<br \/>Megv\u00e1ltoztathatatlan meredek,k\u00e9ts\u00e9gbe ejt\u0151-lejt\u0151.<br \/>M\u00e1szom rajta a m\u00e1solatom rajta.<br \/>L\u00e1tszik rajtam j\u00e1tszik rajtam<br \/>\u00c1mulatba ejt az ig\u00e9nytelens\u00e9g mindent \u00e1that\u00f3 ereje.<br \/>Korl\u00e1tozott sz\u00e1m\u00fa eszmefuttatat\u00e1s az \u00e9let\u00fants\u00e1g elm\u00e9leti s\u00edkjair\u00f3l, mikor k\u00e9szenl\u00e9tben a<br \/>m\u00e1glyahal\u00e1l. A mindens\u00e9g semmij\u00e9nek kiv\u00e1lts\u00e1gosai karm\u00e1t mosnak<br \/>\u00d6nmag\u00e1t tiszt\u00edt\u00f3-t\u0171z.<br \/>Pokoli ez a sz\u00ednj\u00e1t\u00e9k.<br \/>F\u00e9lve ny\u00falok magamhoz<br \/>Kalandv\u00e1gyb\u00f3l a semmit v\u00e1lasztom<br \/>Semmit se v\u00e1lasztok<br \/>Semmit se v\u00e1laszolok<br \/>Mintha valaki l\u00e9lek \u00e1fony\u00e1val k\u00edn\u00e1ln\u00e1 a bennem \u00fcv\u00f6lt\u0151 fenevadat.<br \/>Nyugodj meg-mondom neki<br \/>De az csak ord\u00edt \u00e9s ord\u00edt,pof\u00e1mba k\u00f6pi \u00e1t \u00e1fony\u00e1t<br \/>L\u00e9t-rej\u00f6tt.<br \/>\u00c9rtem j\u00f6tt,de nem tal\u00e1l otthon,m\u00e1r nem vagyok ott,m\u00e1r nem vagyok sehol-valaki m\u00e9gis itt<br \/>maszatol&#8230;<br \/>Valaki itt baszakszik<br \/>Az ezredes az&#8230;felismerem a felismerhetetlens\u00e9gig elavult csillagjair\u00f3l<br \/>K\u00e1v\u00e9val k\u00edn\u00e1l,hal\u00e1l szag\u00fa-a pillant\u00e1sa<br \/>Propaganda ez a sz\u00f6veg amit l\u00f6k nekem<br \/>Ihatatlan ital az,amit t\u00f6lt nekem<br \/>\u00c9s az \u00e9letem,j\u00e9gkockak\u00e9nt olvad el<br \/>Eben a sz\u00edntelen,szagtalan,jelent\u00e9ktelen l\u00e9tben<br \/>Elfogy az id\u0151m<br \/>Elfogynak az eml\u00e9keim<br \/>Eml\u00e9kem az id\u0151<br \/>Eml\u00e9kem egy v\u00edzi\u00f3<br \/>Totemoszlophoz k\u00f6t\u00f6zve az \u00e9rtelem agy-ny\u00falv\u00e1nyai polip cs\u00e1phoz hasonl\u00f3an tekeregnek.<br \/>Es\u00e9ly\u00fck sincs a t\u00fal\u00e9l\u00e9sre&#8230; T\u00fal primit\u00edvek fogva tart\u00f3ik ahhoz, hogy felismerj\u00e9k:az agyhal\u00e1l<br \/>be\u00e1llt\u00e1t nem csak az orvosok \u00e1llap\u00edthatj\u00e1k meg!<br \/>Abszurd k\u00e9pek k\u00e9ptelen \u00fajs\u00e1gok c\u00edmlapjain: t\u00farista-teraszok csapatsz\u00e1ll\u00edt\u00f3 rep\u00fcl\u0151 g\u00e9pek<br \/>belsej\u00e9ben. Az ezredes k\u00e1v\u00e9val k\u00edn\u00e1l: hal\u00e1l szag\u00fa, mosolya: gyilkos&#8230;. B\u00e9lrendszerek<br \/>felh\u0151karcol\u00f3k gyomr\u00e1ban-liftnek \u00e1lc\u00e1zva. Utasaik: gonddal zs\u00fafolt barb\u00e1r \u00e1llatok. A teremt\u0151t<br \/>meghazudtolva csak p\u00e9nzt teremtenek. V\u00e9gterm\u00e9kek, melyek csak a jelre v\u00e1rnak &#8211; kisz\u00e1lln\u00e1nak&#8230;<br \/>Honnan-hov\u00e1? Ugyanonnan, ugyanoda.Propaganda. Mintha valaki beleugatna.Mindenki tudja,<br \/>csak \u0151k nem veszik \u00e9szre. Sorhib\u00e1s sorminta, g\u00e9phib\u00e1s ember-minta.<br \/>Mintha valaki l\u00e9lek \u00e1fony\u00e1val k\u00edn\u00e1ln\u00e1 a bennem \u00fcv\u00f6lt\u0151 fenevadat. Elfogadom,de fel<br \/>nem foghatom,hogy kenhetnek keny\u00e9rre megint-az \u00e1rtatlans\u00e1g kora.Sz\u00edvver\u00e9sem<br \/>szapora.Szappanopera.Kimaradt egy r\u00e9sz!!!!\u00cdgy elvbaszakszik<\/p>\n<\/blockquote>\n<p>[\/et_pb_text][\/et_pb_column][\/et_pb_row][\/et_pb_section][et_pb_section fb_built=&#8221;1&#8243; _builder_version=&#8221;4.27.4&#8243; _module_preset=&#8221;default&#8221; custom_padding=&#8221;||0px|||&#8221; locked=&#8221;off&#8221; global_colors_info=&#8221;{}&#8221;][et_pb_row column_structure=&#8221;1_2,1_2&#8243; _builder_version=&#8221;4.27.4&#8243; _module_preset=&#8221;default&#8221; min_height=&#8221;89px&#8221; custom_margin=&#8221;-41px|auto||auto||&#8221; custom_padding=&#8221;||0px|||&#8221; global_colors_info=&#8221;{}&#8221;][et_pb_column type=&#8221;1_2&#8243; _builder_version=&#8221;4.27.4&#8243; _module_preset=&#8221;default&#8221; global_colors_info=&#8221;{}&#8221;][et_pb_heading title=&#8221;Zene f\u00fcleimnek&#8221; _builder_version=&#8221;4.27.4&#8243; _module_preset=&#8221;default&#8221; title_level=&#8221;h2&#8243; title_text_align=&#8221;left&#8221; title_font_size=&#8221;34px&#8221; width=&#8221;100%&#8221; width_tablet=&#8221;100%&#8221; width_phone=&#8221;100%&#8221; width_last_edited=&#8221;on|phone&#8221; custom_padding=&#8221;15px|||||&#8221; animation_style=&#8221;fade&#8221; title_line_height_tablet=&#8221;&#8221; title_line_height_phone=&#8221;1.1em&#8221; title_line_height_last_edited=&#8221;on|phone&#8221; global_colors_info=&#8221;{}&#8221;][\/et_pb_heading][et_pb_text quote_border_color=&#8221;gcid-2ebbc52c-9ee6-4712-a077-fcaec9b98540&#8243; _builder_version=&#8221;4.27.4&#8243; _module_preset=&#8221;default&#8221; text_font=&#8221;&#8211;et_global_heading_font||||||||&#8221; text_text_color=&#8221;gcid-heading-color&#8221; text_font_size=&#8221;17px&#8221; text_line_height=&#8221;1.6em&#8221; header_text_align=&#8221;left&#8221; animation_style=&#8221;fade&#8221; animation_duration=&#8221;2000ms&#8221; text_font_size_tablet=&#8221;17px&#8221; text_font_size_phone=&#8221;17px&#8221; text_font_size_last_edited=&#8221;on|phone&#8221; text_line_height_tablet=&#8221;1.6em&#8221; text_line_height_phone=&#8221;1.4em&#8221; text_line_height_last_edited=&#8221;on|desktop&#8221; border_style_all=&#8221;inset&#8221; global_colors_info=&#8221;{%22gcid-2ebbc52c-9ee6-4712-a077-fcaec9b98540%22:%91%22quote_border_color%22,%22quote_border_color%22%93,%22gcid-heading-color%22:%91%22text_text_color%22%93}&#8221;]<\/p>\n<blockquote>\n<p>Zene f\u00fcleimnek a csend<br \/>Hallgatom mert hallgatni arany<br \/>Halgatag magam ingatag<br \/>Ingov\u00e1nyos talaj ahogy elhagyom magam<br \/>Kihagy az agy <br \/>Agyalok mi az amit kihagyok?<br \/>Hallgatom ahogy neszez a nesztelens\u00e9g<br \/>Halogatom taglalom tagadom tal\u00e1lgatom<br \/>Vajon mi bajom?<br \/>Hallgatom m\u00e1sik magam-magamba z\u00e1rva magamra maradok<br \/>Magamba fordulva magamra \u00e1s\u00edtok<br \/>\u00c9rdekl\u0151d\u00e9st sz\u00ednlelve magamra unok<br \/>M\u00e1sik \u00e9nem \u00e1s\u00edt<br \/>Tudathasad\u00e1st j\u00e1tszik<br \/>Tudatosan elburj\u00e1nzik<br \/>N\u00e9ha l\u00e1tszik mert el\u0151m\u00e1szik<br \/>Zene f\u00fcleimnek a csend<br \/>hallgatom mert hallgatni arany<br \/>Arannyal futtatott sz\u00f3f\u00fcz\u00e9rek<br \/>Sz\u00f3keres\u0151 r\u00edmk\u00e9pek<br \/>Sz\u00f3tlan r\u00e9mk\u00e9pek<br \/>R\u00f3lam besz\u00e9lnek<br \/>Engem id\u00e9znek<br \/>A szavak megig\u00e9znek<br \/>Fejemben d\u00f6ngics\u00e9lnek<br \/>Utat engedek a var\u00e1zsig\u00e9nek<br \/>Adok egy szeletet magamb\u00f3l<br \/>De vigy\u00e1zz forr\u00f3<br \/>Csilis borsos paprik\u00e1s<br \/>Meg ne \u00e9gesd velem a sz\u00e1d!<br \/>Zene f\u00fcleimnek a csend <br \/>Hallgatn\u00e1m mert hallgatni arany<br \/>De nincs csend!<br \/>Soha..soha..soha..soha<br \/>Nincs b\u00e9ke nincs nyugalom<br \/>\u0150r\u00fclt a zaj \u0151r\u00fclt a rohan\u00e1s \u0151r\u00fclt a&#8230;.<br \/>\u0151r\u00fclt minden<br \/>minden \u0151r\u00fclet<br \/>Tiszta t\u00e9bolyda k\u00e9sz bolondokh\u00e1za<br \/>Ahogy robban a hang mint az \u0151srobban\u00e1s<br \/>Fel\u00e9bred egy szunnyad\u00f3 vulk\u00e1n<br \/>Itt bennem <br \/>\u00ecgy magamban<br \/>Mindent\u0151l elrugaszkodva sz\u00e1z \u00f6rd\u00f6gi alakban <br \/>testet \u00f6lt a k\u00e1osz a z\u0171rzavar<br \/>Engem akar<br \/>Meger\u0151szakol <br \/>K\u00e9ssel \u00e8s vill\u00e1val eszi a sz\u00edvem a lelkem<br \/>Nincs ments\u00e9g nincs menekv\u00e9s<br \/>Nincs irgalom nincs sz\u00e1nalom<br \/>Nincs kegyelem&#8230;.nincs kegyelem!<\/p>\n<p>Azt\u00e1n csak hallgatom a csendet<br \/>de m\u00e1r nem zen\u00e9l<br \/>Valahol valami v\u00e9gleg v\u00e9get\u00e9rt<\/p>\n<\/blockquote>\n<p>[\/et_pb_text][\/et_pb_column][et_pb_column type=&#8221;1_2&#8243; _builder_version=&#8221;4.27.4&#8243; _module_preset=&#8221;default&#8221; global_colors_info=&#8221;{}&#8221;][et_pb_heading title=&#8221;Zero-tolerancia&#8221; _builder_version=&#8221;4.27.4&#8243; _module_preset=&#8221;default&#8221; title_level=&#8221;h2&#8243; title_text_align=&#8221;left&#8221; title_font_size=&#8221;34px&#8221; width=&#8221;100%&#8221; width_tablet=&#8221;100%&#8221; width_phone=&#8221;100%&#8221; width_last_edited=&#8221;on|phone&#8221; custom_padding=&#8221;15px|||||&#8221; animation_style=&#8221;fade&#8221; title_line_height_tablet=&#8221;&#8221; title_line_height_phone=&#8221;1.1em&#8221; title_line_height_last_edited=&#8221;on|phone&#8221; locked=&#8221;off&#8221; global_colors_info=&#8221;{}&#8221;][\/et_pb_heading][et_pb_text quote_border_color=&#8221;gcid-2ebbc52c-9ee6-4712-a077-fcaec9b98540&#8243; _builder_version=&#8221;4.27.4&#8243; _module_preset=&#8221;default&#8221; text_font=&#8221;&#8211;et_global_heading_font||||||||&#8221; text_text_color=&#8221;gcid-heading-color&#8221; text_font_size=&#8221;17px&#8221; text_line_height=&#8221;1.6em&#8221; header_text_align=&#8221;left&#8221; custom_margin=&#8221;||-2px|||&#8221; animation_style=&#8221;fade&#8221; animation_duration=&#8221;2000ms&#8221; text_font_size_tablet=&#8221;17px&#8221; text_font_size_phone=&#8221;17px&#8221; text_font_size_last_edited=&#8221;on|phone&#8221; text_line_height_tablet=&#8221;1.6em&#8221; text_line_height_phone=&#8221;1.4em&#8221; text_line_height_last_edited=&#8221;on|desktop&#8221; border_style_all=&#8221;inset&#8221; locked=&#8221;off&#8221; global_colors_info=&#8221;{%22gcid-2ebbc52c-9ee6-4712-a077-fcaec9b98540%22:%91%22quote_border_color%22,%22quote_border_color%22%93,%22gcid-heading-color%22:%91%22text_text_color%22%93}&#8221;]<\/p>\n<blockquote>\n<p>&nbsp;<\/p>\n<p>Zero-tolerancia elfogad\u00e1s meg\u00e9rt\u00e9s<br \/>Light-kapcsolatok <br \/>Felsz\u00ednes -besz\u00e9lget\u00e9sek<br \/>\u00c9rzelem mentes \u00fczemm\u00f3d<\/p>\n<p>\u00c9let light<br \/>l\u00e9tez\u00e9s zero<br \/>Kal\u00f3riamentes kapcsolat<br \/>Cukormentes boldogs\u00e1g<br \/>E sz\u00e1m mentes \u00e9rz\u00e9sek<br \/>Glut\u00e9n mentes \u0151szintes\u00e9g<br \/>Low carb szeretkez\u00e9s<br \/>Feh\u00e9rje mentes \u00e9lvez\u00e9s<br \/>Koffein mentes \u00e9brenl\u00e9t<br \/>Alkoholmentes m\u00e1mor<br \/>Azul\u00e9nes lazul\u00e1s<br \/>Kollag\u00e9nes ki\u00e1br\u00e1ndults\u00e1g<br \/>Ultrahangos ut\u00e1lat<br \/>Vega vid\u00e1ms\u00e1g<br \/>Vegan szerelem<br \/>Organikus or\u00e1l<br \/>Cs\u00f6kkentett sz\u00e9nhidr\u00e1t tartalm\u00fa j\u00f3 kedv<br \/>Hidroabr\u00e1zi\u00f3s elhideg\u00fcl\u00e9s<br \/>Zs\u00edrmentes szenved\u00e9ly<br \/>Wellness mag\u00e1ny<br \/>Fitness f\u00e9lelem<br \/>Fitoter\u00e1pi\u00e1s fal\u00e1nks\u00e1g<br \/>Paleo szex<br \/>Norbi update szivroham<br \/>Teljes ki\u0151rl\u00e9s\u0171 szorong\u00e1s<br \/>Bio f\u00e1jdalom<br \/>Lakt\u00f3z mentes l\u00e9lekjelenl\u00e9t<br \/>Pi v\u00edz r\u00e9szegs\u00e9g<br \/>Hatha j\u00f3ga hat ha j\u00f3 ma<br \/>Homeop\u00e1ti\u00e1s ap\u00e1tia<br \/>Koleszterin cs\u00f6kkentett mosoly<br \/>Pilates v\u00e1gyak<br \/>\u00c1llom\u00e1ny jav\u00ect\u00f3 kil\u00e1t\u00e1stalans\u00e1g<br \/>Natur nyugtalans\u00e1g<br \/>\u00cdzfokoz\u00f3 rem\u00e9nytelens\u00e9g<br \/>Dietetikus depresszi\u00f3<br \/>Sz\u00f3jamentes szenved\u00e9s<br \/>Micell\u00e1s sz\u00e9gyenfolt elt\u00e1vol\u00edt\u00e1s<br \/>Di\u00e9t\u00e1s igazs\u00e1g<br \/>Nem hormonkezelt h\u00e1zass\u00e1g<br \/>Eu szabv\u00e1ny szabads\u00e1g<br \/>Tart\u00f3s\u00edt\u00f3szer mentes tan\u00e1cstalans\u00e1g<br \/>Transz zs\u00edr mentes t\u00e1rsadalom<br \/>T\u00e9rfogat n\u00f6vel\u0151 csal\u00e1d<br \/>\u00c9let-light,l\u00e9tez\u00e9s-z\u00e9ro<br \/>\u00c9rzelem mentes l\u00e9t<br \/>Nyomokban val\u00f3s\u00e1got is tartalmazhat,<\/p>\n<p>de ez csak saj\u00e1t felel\u0151ss\u00e9gre fogyaszthat\u00f3&#8230;<\/p>\n<\/blockquote>\n<p>[\/et_pb_text][\/et_pb_column][\/et_pb_row][\/et_pb_section][et_pb_section fb_built=&#8221;1&#8243; _builder_version=&#8221;4.27.4&#8243; _module_preset=&#8221;default&#8221; custom_padding=&#8221;||0px|||&#8221; locked=&#8221;off&#8221; global_colors_info=&#8221;{}&#8221;][et_pb_row column_structure=&#8221;1_2,1_2&#8243; _builder_version=&#8221;4.27.4&#8243; _module_preset=&#8221;default&#8221; min_height=&#8221;89px&#8221; custom_margin=&#8221;-41px|auto||auto||&#8221; custom_padding=&#8221;||0px|||&#8221; global_colors_info=&#8221;{}&#8221;][et_pb_column type=&#8221;1_2&#8243; _builder_version=&#8221;4.27.4&#8243; _module_preset=&#8221;default&#8221; global_colors_info=&#8221;{}&#8221;][et_pb_heading title=&#8221;Zuhan\u00e1s&#8221; _builder_version=&#8221;4.27.4&#8243; _module_preset=&#8221;default&#8221; title_level=&#8221;h2&#8243; title_text_align=&#8221;left&#8221; title_font_size=&#8221;34px&#8221; width=&#8221;100%&#8221; width_tablet=&#8221;100%&#8221; width_phone=&#8221;100%&#8221; width_last_edited=&#8221;on|phone&#8221; custom_padding=&#8221;15px|||||&#8221; animation_style=&#8221;fade&#8221; title_line_height_tablet=&#8221;&#8221; title_line_height_phone=&#8221;1.1em&#8221; title_line_height_last_edited=&#8221;on|phone&#8221; global_colors_info=&#8221;{}&#8221;][\/et_pb_heading][et_pb_text quote_border_color=&#8221;gcid-2ebbc52c-9ee6-4712-a077-fcaec9b98540&#8243; _builder_version=&#8221;4.27.4&#8243; _module_preset=&#8221;default&#8221; text_font=&#8221;&#8211;et_global_heading_font||||||||&#8221; text_text_color=&#8221;gcid-heading-color&#8221; text_font_size=&#8221;17px&#8221; text_line_height=&#8221;1.6em&#8221; header_text_align=&#8221;left&#8221; animation_style=&#8221;fade&#8221; animation_duration=&#8221;2000ms&#8221; text_font_size_tablet=&#8221;17px&#8221; text_font_size_phone=&#8221;17px&#8221; text_font_size_last_edited=&#8221;on|phone&#8221; text_line_height_tablet=&#8221;1.6em&#8221; text_line_height_phone=&#8221;1.4em&#8221; text_line_height_last_edited=&#8221;on|desktop&#8221; border_style_all=&#8221;inset&#8221; global_colors_info=&#8221;{%22gcid-2ebbc52c-9ee6-4712-a077-fcaec9b98540%22:%91%22quote_border_color%22,%22quote_border_color%22%93,%22gcid-heading-color%22:%91%22text_text_color%22%93}&#8221;]<\/p>\n<blockquote>\n<p>Zuhanok zuhanok zuhanok zuhanok zuhanok<br \/>Egyre lejjebb<br \/>Keresem kutatom<br \/>Keresem kutatom<br \/>Ok\u00e1t a f\u00e9lelemnek<\/p>\n<p>Zuhanok 5x<br \/>Egyre lejjebb<br \/>M\u00e9ly\u00fcl monoton<br \/>Kattog kataton<br \/>R\u00e1g egyre beljebb<\/p>\n<p>\u00dattalan utakon<br \/>L\u00e9lek maraton<br \/>A test erdej\u00e9ben<\/p>\n<p>\u00dattalan utakon<br \/>\u00c9rz\u00e9s maraton<br \/>A sz\u00edv erdej\u00e9ben<\/p>\n<p>Zuhanok szabadon<br \/>\u00c9rz\u00e9s maraton<br \/>R\u00e1g egyre beljebb<\/p>\n<p>M\u00e9ly\u00fcl monoton<br \/>Kattog kataton<br \/>S\u00fcllyedek egyre lejjebb<\/p>\n<p>Zuhanok 5x<br \/>Egyre lejjebb<br \/>K\u00e9rd\u00e9s felelet<br \/>K\u00e9rd\u00e9s felelet<br \/>A v\u00e1gy v\u00e9gtelenje<\/p>\n<p>Zuhanok 5x<br \/>Egyre beljebb<br \/>Feket\u00e9n feh\u00e9ren<br \/>Feket\u00e9n feh\u00e9ren<br \/>S\u00fcket \u00e9rtelemben<\/p>\n<p>M\u00e9ly\u00fcl a f\u00e1jdalom<br \/>R\u00e1g monoton<br \/>Lejjebb egyre lejjebb<\/p>\n<p>\u00dattalan utakon<br \/>Bels\u0151 monol\u00f3g<br \/>Beljebb egyre beljebb<\/p>\n<\/blockquote>\n<p>[\/et_pb_text][\/et_pb_column][et_pb_column type=&#8221;1_2&#8243; _builder_version=&#8221;4.27.4&#8243; _module_preset=&#8221;default&#8221; global_colors_info=&#8221;{}&#8221;][\/et_pb_column][\/et_pb_row][\/et_pb_section]<\/p>\n","protected":false},"excerpt":{"rendered":"<p>A bennem lev\u0151 fenevad \u00e9heziknem etetem,l\u00e0ncra vertemHa elengedem felzab\u00e0lja sz\u00edvem,lelkemMikor elszabadul nem \u00e1ll\u00edtja meg semmi \u00e9s senkiHa nem figyelek megint t\u00f6nkre fog tenniMegf\u00e9kezni megtudommeg\u00f6lni sohaAz agyamban van az otthonaDe most alszik Mert elaltattamVan egy m\u00f3dszer amivel t\u0151rbe csaltamEgyszer\u0171 mint a pofonDe ha nem csin\u00e1lom belebukomDe nem az idom\u00e1r aki seg\u00edthetOstorcsattogtat\u00e1ssal csak elijeszthetA t\u00fczes karik\u00e1kon \u00e1t [&hellip;]<\/p>\n","protected":false},"author":1,"featured_media":0,"parent":961,"menu_order":0,"comment_status":"closed","ping_status":"closed","template":"","meta":{"_et_pb_use_builder":"on","_et_pb_old_content":"<!-- wp:divi\/placeholder \/-->","_et_gb_content_width":"","footnotes":""},"class_list":["post-1111","page","type-page","status-publish","hentry"],"_links":{"self":[{"href":"https:\/\/sharpeyedgeologist.com\/index.php\/wp-json\/wp\/v2\/pages\/1111","targetHints":{"allow":["GET"]}}],"collection":[{"href":"https:\/\/sharpeyedgeologist.com\/index.php\/wp-json\/wp\/v2\/pages"}],"about":[{"href":"https:\/\/sharpeyedgeologist.com\/index.php\/wp-json\/wp\/v2\/types\/page"}],"author":[{"embeddable":true,"href":"https:\/\/sharpeyedgeologist.com\/index.php\/wp-json\/wp\/v2\/users\/1"}],"replies":[{"embeddable":true,"href":"https:\/\/sharpeyedgeologist.com\/index.php\/wp-json\/wp\/v2\/comments?post=1111"}],"version-history":[{"count":69,"href":"https:\/\/sharpeyedgeologist.com\/index.php\/wp-json\/wp\/v2\/pages\/1111\/revisions"}],"predecessor-version":[{"id":2948,"href":"https:\/\/sharpeyedgeologist.com\/index.php\/wp-json\/wp\/v2\/pages\/1111\/revisions\/2948"}],"up":[{"embeddable":true,"href":"https:\/\/sharpeyedgeologist.com\/index.php\/wp-json\/wp\/v2\/pages\/961"}],"wp:attachment":[{"href":"https:\/\/sharpeyedgeologist.com\/index.php\/wp-json\/wp\/v2\/media?parent=1111"}],"curies":[{"name":"wp","href":"https:\/\/api.w.org\/{rel}","templated":true}]}}