{"id":1115,"date":"2025-02-22T19:04:02","date_gmt":"2025-02-22T19:04:02","guid":{"rendered":"https:\/\/sharpeyedgeologist.com\/?page_id=1115"},"modified":"2026-02-11T12:47:20","modified_gmt":"2026-02-11T12:47:20","slug":"versek","status":"publish","type":"page","link":"https:\/\/sharpeyedgeologist.com\/index.php\/irasok\/versek\/","title":{"rendered":"Versek"},"content":{"rendered":"<p>[et_pb_section fb_built=&#8221;1&#8243; disabled_on=&#8221;off|off|off&#8221; admin_label=&#8221;section&#8221; _builder_version=&#8221;4.27.4&#8243; background_enable_color=&#8221;off&#8221; background_image=&#8221;https:\/\/sharpeyedgeologist.com\/wp-content\/uploads\/2025\/06\/st2.jpg&#8221; width=&#8221;100%&#8221; width_tablet=&#8221;100%&#8221; width_phone=&#8221;100%&#8221; width_last_edited=&#8221;on|desktop&#8221; max_width=&#8221;100%&#8221; min_height=&#8221;40vw&#8221; min_height_tablet=&#8221;80vw&#8221; min_height_phone=&#8221;130vw&#8221; min_height_last_edited=&#8221;on|desktop&#8221; height=&#8221;40vw&#8221; height_tablet=&#8221;80vw&#8221; height_phone=&#8221;130vw&#8221; height_last_edited=&#8221;on|tablet&#8221; max_height=&#8221;40vw&#8221; max_height_tablet=&#8221;80vw&#8221; max_height_phone=&#8221;130vw&#8221; max_height_last_edited=&#8221;on|phone&#8221; animation_style=&#8221;zoom&#8221; animation_duration=&#8221;650ms&#8221; animation_intensity_zoom=&#8221;26%&#8221; global_colors_info=&#8221;{%22gcid-2ebbc52c-9ee6-4712-a077-fcaec9b98540%22:%91%22background_color%22%93}&#8221;][\/et_pb_section][et_pb_section fb_built=&#8221;1&#8243; _builder_version=&#8221;4.27.4&#8243; _module_preset=&#8221;default&#8221; custom_padding=&#8221;||0px|||&#8221; global_colors_info=&#8221;{}&#8221;][et_pb_row column_structure=&#8221;1_2,1_2&#8243; _builder_version=&#8221;4.27.4&#8243; _module_preset=&#8221;default&#8221; min_height=&#8221;89px&#8221; custom_margin=&#8221;-41px|auto||auto||&#8221; custom_padding=&#8221;||0px|||&#8221; global_colors_info=&#8221;{}&#8221;][et_pb_column type=&#8221;1_2&#8243; _builder_version=&#8221;4.27.4&#8243; _module_preset=&#8221;default&#8221; global_colors_info=&#8221;{}&#8221;][et_pb_heading title=&#8221;Dzson Mekl\u00e9n&#8221; _builder_version=&#8221;4.27.4&#8243; _module_preset=&#8221;default&#8221; title_level=&#8221;h2&#8243; title_text_align=&#8221;left&#8221; title_font_size=&#8221;34px&#8221; width=&#8221;100%&#8221; width_tablet=&#8221;100%&#8221; width_phone=&#8221;100%&#8221; width_last_edited=&#8221;on|phone&#8221; custom_padding=&#8221;15px|||||&#8221; animation_style=&#8221;fade&#8221; title_line_height_tablet=&#8221;&#8221; title_line_height_phone=&#8221;1.1em&#8221; title_line_height_last_edited=&#8221;on|phone&#8221; global_colors_info=&#8221;{}&#8221;][\/et_pb_heading][et_pb_text quote_border_color=&#8221;gcid-2ebbc52c-9ee6-4712-a077-fcaec9b98540&#8243; _builder_version=&#8221;4.27.4&#8243; _module_preset=&#8221;default&#8221; text_font=&#8221;&#8211;et_global_heading_font||||||||&#8221; text_text_color=&#8221;gcid-heading-color&#8221; text_font_size=&#8221;17px&#8221; text_line_height=&#8221;1.6em&#8221; header_text_align=&#8221;left&#8221; animation_style=&#8221;fade&#8221; animation_duration=&#8221;2000ms&#8221; text_font_size_tablet=&#8221;17px&#8221; text_font_size_phone=&#8221;17px&#8221; text_font_size_last_edited=&#8221;on|phone&#8221; text_line_height_tablet=&#8221;1.6em&#8221; text_line_height_phone=&#8221;1.4em&#8221; text_line_height_last_edited=&#8221;on|desktop&#8221; border_style_all=&#8221;inset&#8221; global_colors_info=&#8221;{%22gcid-2ebbc52c-9ee6-4712-a077-fcaec9b98540%22:%91%22quote_border_color%22,%22quote_border_color%22%93,%22gcid-heading-color%22:%91%22text_text_color%22%93}&#8221;]<\/p>\n<blockquote>\n<p><span style=\"font-size: 17px;\">Egy pisztollyal a vil\u00e1g ellen<\/span><\/p>\n<p>Ny-ban vagy Los Angelesben <br \/>Dr\u00e1g\u00e1n adja az \u00e9letet<br \/>Megoldja a rejt\u00e9lyeket<\/p>\n<p>Feh\u00e9r trik\u00f3ja mindig v\u00e9res<br \/>Ruh\u00e1j\u00e1ra nem igen k\u00e9nyes<br \/>\u00c1ltal\u00e1ban m\u00e1snapos<br \/>A modora ut\u00e1latos<\/p>\n<p>Refr.:<br \/>Dzson Mekl\u00e9n az igazi H\u0151s<br \/>Egy\u00e1ltal\u00e1n nem sz\u00e9gyenl\u0151s <br \/>Ink\u00e1bb nagyon r\u00e1men\u0151s <br \/>Vigy\u00e1zz ,t\u00e9ged is szit\u00e1v\u00e1 l\u0151<\/p>\n<p>R\u00e1gy\u00fajtana de nincs cigije <br \/>De mindig van alibije <br \/>A feles\u00e9ge is ut\u00e1lja <br \/>A h\u00e1zass\u00e1got szublim\u00e1lja<\/p>\n<p>Az utols\u00f3 goly\u00f3 a t\u00e1rban<br \/>\u0150 meg slamasztik\u00e1ban<br \/>Mindig csak csin\u00e1lja a feszk\u00f3t<br \/>Inna egy j\u00f3 eszpressz\u00f3t<\/p>\n<p>Nevetni kell<\/p>\n<p>Nevetni kell ,ennyi az eg\u00e9sz <br \/>Nevetni,r\u00f6h\u00f6gni,kuncogni,hahot\u00e1zni,mosolyogni,<br \/>De hogyan fogok holnap nevetni,ha ma m\u00e9g mosolyogni sem tudok??????<br \/>How will i laugh tomorow,if i cant smile today??.??<br \/>Persze:szar az \u00e9let&#8230;.minek \u00f6r\u00fcljek?????<br \/>Teszem fel a k\u00e9rd\u00e9st, jelzem jogosan!<br \/>N\u00e9ha annak is \u00f6r\u00fcl\u00f6k hogy \u00e9lek&#8230;..<br \/>Nekem k\u00f6nny\u0171 mert annyira f\u00e9lek a hal\u00e1lt\u00f3l h \u00f6ngyilkos<\/p>\n<p>nem leszek! Soha!<br \/>\u00d6r\u00fcl\u00f6k egy j\u00f3l siker\u00fclt k\u00e9pnek<br \/>Egy j\u00f3l eltal\u00e1lt sz\u00f6vegnek<br \/>Egy finomra siker\u00fclt z\u00f6lds\u00e9g levesnek<br \/>Az \u00e9v v\u00e9gi pr\u00e9miumnak<br \/>P\u00e9nteken a feles\u00e9gemnek,mert nem l\u00e1ttam eg\u00e9sz h\u00e9ten<br \/>Ha nem ragadok be a s\u00e1rba terepen<br \/>Meg ilyesmi<br \/>Nem nagy dolgok&#8230;.nem kell mindig nagy dolgokra gondolni<br \/>Apr\u00f3s\u00e1gok melyek megsz\u00e9p\u00edtik az \u00e9letemet<br \/>Apr\u00f3s\u00e1gok melyek \u00f6r\u00f6m\u00f6t adnak<br \/>Mert a l\u00e9nyeg a r\u00e9szletekben van&#8230;<br \/>A l\u00e9nyeg gyakran nem l\u00e1that\u00f3 <br \/>De tudom h itt van bennem&#8230;<br \/>Tudom&#8230;.<br \/>De n\u00e9ha nagyon neh\u00e9z kib\u00e1ny\u00e1szni<br \/>Nagy munka \u00e9s energia magamra er\u0151ltetni egy<\/p>\n<p>kis vid\u00e1ms\u00e1got, egy kis j\u00f3 kedvet<br \/>F\u0151leg mikor csoszog\u00f3 fos csiga vagyok<br \/>Mikor f\u00e1j mindenem \u00e9s 1000 \u00e9ves tekn\u0151snek \u00e9rzem magam<br \/>Amikor elhagy a hitem \u00e9s \u00e9rtelmetlenn\u00e9 v\u00e1lik a l\u00e9tez\u00e9s<br \/>Lej\u00f6v\u00f6k az \u00e9letr\u0151l,lej\u00f6v\u00f6k magamr\u00f3l <br \/>De van bennem tart\u00e1s meg kitart\u00e1s <br \/>You cant bring me down!!!!!<\/p>\n<p>Nevetni kell<br \/>Nevetni, r\u00f6h\u00f6gni, kuncogni, hahot\u00e1zni,mosolyogni!<br \/>Mert en\u00e9lk\u00fcl szart sem \u00e9r az \u00e9let!!!!!!<\/p>\n<\/blockquote>\n<p>[\/et_pb_text][\/et_pb_column][et_pb_column type=&#8221;1_2&#8243; _builder_version=&#8221;4.27.4&#8243; _module_preset=&#8221;default&#8221; global_colors_info=&#8221;{}&#8221;][et_pb_heading title=&#8221;A 3. Napon&#8221; _builder_version=&#8221;4.27.4&#8243; _module_preset=&#8221;default&#8221; title_level=&#8221;h2&#8243; title_text_align=&#8221;left&#8221; title_font_size=&#8221;34px&#8221; width=&#8221;100%&#8221; width_tablet=&#8221;100%&#8221; width_phone=&#8221;100%&#8221; width_last_edited=&#8221;on|phone&#8221; custom_padding=&#8221;15px|||||&#8221; animation_style=&#8221;fade&#8221; title_line_height_tablet=&#8221;&#8221; title_line_height_phone=&#8221;1.1em&#8221; title_line_height_last_edited=&#8221;on|phone&#8221; locked=&#8221;off&#8221; global_colors_info=&#8221;{}&#8221;][\/et_pb_heading][et_pb_text quote_border_color=&#8221;gcid-2ebbc52c-9ee6-4712-a077-fcaec9b98540&#8243; _builder_version=&#8221;4.27.4&#8243; _module_preset=&#8221;default&#8221; text_font=&#8221;&#8211;et_global_heading_font||||||||&#8221; text_text_color=&#8221;gcid-heading-color&#8221; text_font_size=&#8221;17px&#8221; text_line_height=&#8221;1.6em&#8221; header_text_align=&#8221;left&#8221; custom_margin=&#8221;||-2px|||&#8221; animation_style=&#8221;fade&#8221; animation_duration=&#8221;2000ms&#8221; text_font_size_tablet=&#8221;17px&#8221; text_font_size_phone=&#8221;17px&#8221; text_font_size_last_edited=&#8221;on|phone&#8221; text_line_height_tablet=&#8221;1.6em&#8221; text_line_height_phone=&#8221;1.4em&#8221; text_line_height_last_edited=&#8221;on|desktop&#8221; border_style_all=&#8221;inset&#8221; locked=&#8221;off&#8221; global_colors_info=&#8221;{%22gcid-2ebbc52c-9ee6-4712-a077-fcaec9b98540%22:%91%22quote_border_color%22,%22quote_border_color%22%93,%22gcid-heading-color%22:%91%22text_text_color%22%93}&#8221;]<\/p>\n<blockquote>\n<p style=\"text-align: left;\">A csendes eml\u00e9kek kapuj\u00e1ban<br \/>N\u00e9m\u00e1n \u00e1llok,elbor\u00edt a s\u00f6t\u00e9ts\u00e9g<br \/>Megsz\u00f3l\u00edt az \u00e9jszaka<br \/>Megfagy a v\u00e9rem<br \/>A hideg is kir\u00e1z<br \/>M\u00e1r nem h\u00edvhatom<br \/>M\u00e9g nem h\u00edvhatom<br \/>A v\u00e1gyak az \u0151r\u00fclet hat\u00e1r\u00e1ra kergetnek<br \/>Elvesztem az eszem<br \/>Minden gondolatom a val\u00f3s\u00e1g t\u00fck\u00f6rk\u00e9pe<br \/>Minden \u00e1lmom az \u00e9brenl\u00e9t mell\u00e9kterm\u00e9ke<br \/>Amikor m\u00e1r nincsenek szavak<br \/>Amikor az ima nem seg\u00edt<br \/>Vajon ez az a pont ahonnan nincs visszat\u00e9r\u00e9s?<br \/>Szeresd az \u00e9letedet mintha \u00e9n lenn\u00e9k<br \/>Visszafoglalni a paradicsomot<br \/>Visszavenni azt ami az eny\u00e9m<br \/>K\u00f6zel ker\u00fclni az utols\u00f3 es\u00e9lyhez<br \/>K\u00f6zelebb egyre k\u00f6zelebb a rem\u00e9nytelens\u00e9ghez<br \/>\u00d6r\u00f6kre itt marad<br \/>Vagy \u00f6r\u00f6kre elmegy<br \/>Hallom l\u00e9pteit<br \/>Hallom ahogy dobog a sz\u00edvem<br \/>A pokol legm\u00e9ly\u00e9n<br \/>Felfel\u00e9 zuhanok<br \/>Isten tenyer\u00e9ben csak egy porszem vagyok<br \/>V\u00e1rok csak v\u00e1rok<br \/>Magamban&#8230;.lassan&#8230;.bolyongok<br \/>az \u00fcress\u00e9gben.<\/p>\n<\/blockquote>\n<p>[\/et_pb_text][\/et_pb_column][\/et_pb_row][\/et_pb_section][et_pb_section fb_built=&#8221;1&#8243; _builder_version=&#8221;4.27.4&#8243; _module_preset=&#8221;default&#8221; custom_padding=&#8221;||0px|||&#8221; global_colors_info=&#8221;{}&#8221;][et_pb_row column_structure=&#8221;1_2,1_2&#8243; _builder_version=&#8221;4.27.4&#8243; _module_preset=&#8221;default&#8221; min_height=&#8221;89px&#8221; custom_margin=&#8221;-41px|auto||auto||&#8221; custom_padding=&#8221;3px||0px|||&#8221; global_colors_info=&#8221;{}&#8221;][et_pb_column type=&#8221;1_2&#8243; _builder_version=&#8221;4.27.4&#8243; _module_preset=&#8221;default&#8221; global_colors_info=&#8221;{}&#8221;][et_pb_heading title=&#8221;A viszony&#8221; _builder_version=&#8221;4.27.4&#8243; _module_preset=&#8221;default&#8221; title_level=&#8221;h2&#8243; title_text_align=&#8221;left&#8221; title_font_size=&#8221;34px&#8221; width=&#8221;100%&#8221; width_tablet=&#8221;100%&#8221; width_phone=&#8221;100%&#8221; width_last_edited=&#8221;on|phone&#8221; custom_padding=&#8221;15px|||||&#8221; animation_style=&#8221;fade&#8221; title_line_height_tablet=&#8221;&#8221; title_line_height_phone=&#8221;1.1em&#8221; title_line_height_last_edited=&#8221;on|phone&#8221; global_colors_info=&#8221;{}&#8221;][\/et_pb_heading][et_pb_text quote_border_color=&#8221;gcid-2ebbc52c-9ee6-4712-a077-fcaec9b98540&#8243; _builder_version=&#8221;4.27.4&#8243; _module_preset=&#8221;default&#8221; text_font=&#8221;&#8211;et_global_heading_font||||||||&#8221; text_text_color=&#8221;gcid-heading-color&#8221; text_font_size=&#8221;17px&#8221; text_line_height=&#8221;1.6em&#8221; header_text_align=&#8221;left&#8221; animation_style=&#8221;fade&#8221; animation_duration=&#8221;2000ms&#8221; text_font_size_tablet=&#8221;17px&#8221; text_font_size_phone=&#8221;17px&#8221; text_font_size_last_edited=&#8221;on|phone&#8221; text_line_height_tablet=&#8221;1.6em&#8221; text_line_height_phone=&#8221;1.4em&#8221; text_line_height_last_edited=&#8221;on|desktop&#8221; border_style_all=&#8221;inset&#8221; locked=&#8221;off&#8221; global_colors_info=&#8221;{%22gcid-2ebbc52c-9ee6-4712-a077-fcaec9b98540%22:%91%22quote_border_color%22,%22quote_border_color%22%93,%22gcid-heading-color%22:%91%22text_text_color%22%93}&#8221;]<\/p>\n<blockquote>\n<p>1 vil\u00e1g\u00edt\u00f3torony <br \/>2 \u00f3ce\u00e1n<br \/>4 ember<br \/>\u00c9s f\u00e1jdalom \u00e9s gy\u00f6ny\u00f6r <br \/>\u00c9s szenved\u00e9ly \u00e9s szenved\u00e9s<br \/>\u00c9s hazugs\u00e1gok \u00e9s f\u00e9l igazs\u00e1gok<br \/>\u00c9s V\u00e1gy \u00e9s szerelem<br \/>\u00c9l\u00e9t \u00e9s hal\u00e1l<br \/>Elenged\u00e9s, ragaszkod\u00e1s<\/p>\n<p>Minden amire v\u00e1gyom \u00e9s minden amit\u0151l rettegek<br \/>A kis dolgok amiket magam m\u00f6g\u00f6tt hagyok<br \/>\u00c9s a nagyok amiket cipelek egy \u00e9leten \u00e1t<br \/>Elnyelnek a hull\u00e1mok vagy felemelnek nem mindig rajtam \u00e1ll<br \/>De hogy feladom vagy k\u00fczd\u00f6k az t\u0151lem f\u00fcgg<\/p>\n<p>Mert \u00e9n tudom milyen t\u00fal messzire menni<br \/>T\u00fal r\u00e9szegnek vagy t\u00fal gy\u00e1v\u00e1nak lenni<br \/>T\u00fal k\u00f6zel ker\u00fclni valakihez <br \/>vagy t\u00e1vol magamt\u00f3l<\/p>\n<p>Mik\u00f6zben \u00e9n csak elk\u00e9pzeltem a sziv\u00e1rv\u00e1nyt ,<br \/>neked m\u00e1r a kezedben volt<br \/>\u00c9n csak a sarl\u00f3t l\u00e1tom <br \/>neked meg ragyog a telihold<\/p>\n<p>J\u00f3zannak maradni az \u0151r\u00fcletben<br \/>Megfontolt lenni a szerelemben<br \/>Tudni hol a hat\u00e1r<br \/>\u00c1tl\u00e9pve azokat nem tudom mi v\u00e1r&#8230;<\/p>\n<p>K\u00f6lt\u00f6zhetek b\u00e1rhov\u00e1 <br \/>Magamat magammal viszem<br \/>\u00c9rz\u00e9seim a b\u0151r\u00f6ndben<br \/>Nincs mened\u00e9k<\/p>\n<p>V\u00e1lasztani,d\u00f6nt\u00e9st hozni<br \/>V\u00e1llalni a k\u00f6vetkezm\u00e9nyeket<br \/>Szemben\u00e9zni a val\u00f3s\u00e1ggal<br \/>Elk\u00f6telez\u0151dni \u00e9s harcolni \u00e9rte a v\u00e9gs\u0151kig<\/p>\n<p>Mert \u00e9n tudom milyen mag\u00e1nyosnak lenni<br \/>T\u00fal r\u00e9szegnek vagy t\u00fal gy\u00e1v\u00e1nak lenni <br \/>T\u00fal messzire menni vagy el sem indulni<br \/>T\u00fall\u0151ni a c\u00e9lon vagy meg sem c\u00e9lozni<\/p>\n<p>Mik\u00f6zben \u00e9n csak elk\u00e9pzeltem a sziv\u00e1rv\u00e1nyt ,<br \/>neked m\u00e1r a kezedben volt<br \/>\u00c9n csak a sarl\u00f3t l\u00e1tom <br \/>neked meg ragyog a telihold<\/p>\n<p>M\u00edg \u00e9n a nagyvil\u00e1got j\u00e1rtam<br \/>Te otthon \u00fclt\u00e9l<br \/>De \u00edgy is egym\u00e1sra tal\u00e1ltunk&#8230;.<br \/>Ez nem a v\u00e9letlen m\u0171ve&#8230;.<br \/>Mi ez ha nem a v\u00e9gzet?<\/p>\n<p>Sorsok,\u00e9letek,rem\u00e9nyek<br \/>V\u00e1gyok,\u00e1lmok,k\u00e9pzeletek<br \/>Kik\u00f6t\u0151k,\u00e1llom\u00e1sok,repterek<br \/>Falvak,v\u00e1rosok,szigetek<\/p>\n<p>Elindulni,\u00faton lenni,meg\u00e9rkezni<br \/>Meg\u00e9rkezni&#8230;.<br \/>Beteljes\u00edteni azt amire sz\u00fclettem&#8230;<\/p>\n<p>Mik\u00f6zben \u00e9n csak elk\u00e9pzeltem a sziv\u00e1rv\u00e1nyt ,neked m\u00e1r a kezedben volt<br \/>\u00c9n csak a sarl\u00f3t l\u00e1tom neked meg ragyog a telihold!<\/p>\n<\/blockquote>\n<p>[\/et_pb_text][\/et_pb_column][et_pb_column type=&#8221;1_2&#8243; _builder_version=&#8221;4.27.4&#8243; _module_preset=&#8221;default&#8221; global_colors_info=&#8221;{}&#8221;][et_pb_heading title=&#8221;\u00c1lom \u00e9s v\u00e9r&#8221; _builder_version=&#8221;4.27.4&#8243; _module_preset=&#8221;default&#8221; title_level=&#8221;h2&#8243; title_text_align=&#8221;left&#8221; title_font_size=&#8221;34px&#8221; width=&#8221;100%&#8221; width_tablet=&#8221;100%&#8221; width_phone=&#8221;100%&#8221; width_last_edited=&#8221;on|phone&#8221; custom_padding=&#8221;15px|||||&#8221; animation_style=&#8221;fade&#8221; title_line_height_tablet=&#8221;&#8221; title_line_height_phone=&#8221;1.1em&#8221; title_line_height_last_edited=&#8221;on|phone&#8221; locked=&#8221;off&#8221; global_colors_info=&#8221;{}&#8221;][\/et_pb_heading][et_pb_text quote_border_color=&#8221;gcid-2ebbc52c-9ee6-4712-a077-fcaec9b98540&#8243; _builder_version=&#8221;4.27.4&#8243; _module_preset=&#8221;default&#8221; text_font=&#8221;&#8211;et_global_heading_font||||||||&#8221; text_text_color=&#8221;gcid-heading-color&#8221; text_font_size=&#8221;17px&#8221; text_line_height=&#8221;1.6em&#8221; header_text_align=&#8221;left&#8221; animation_style=&#8221;fade&#8221; animation_duration=&#8221;2000ms&#8221; text_font_size_tablet=&#8221;17px&#8221; text_font_size_phone=&#8221;17px&#8221; text_font_size_last_edited=&#8221;on|phone&#8221; text_line_height_tablet=&#8221;1.6em&#8221; text_line_height_phone=&#8221;1.4em&#8221; text_line_height_last_edited=&#8221;on|desktop&#8221; border_style_all=&#8221;inset&#8221; locked=&#8221;off&#8221; global_colors_info=&#8221;{%22gcid-2ebbc52c-9ee6-4712-a077-fcaec9b98540%22:%91%22quote_border_color%22,%22quote_border_color%22%93,%22gcid-heading-color%22:%91%22text_text_color%22%93}&#8221;]<\/p>\n<blockquote>\n<p style=\"text-align: left;\">V\u00f6r\u00f6s volt minden<br \/>R\u00f3zs\u00e1k bor\u00edtott\u00e1k a helys\u00e9get \u00e9s v\u00e9r <br \/>Romantikus r\u00e9v\u00fcletben \u00faszott a pillanat<br \/>\u00d6sszet\u00f6rt szerelem darabjai hevertek minden\u00fctt<\/p>\n<p style=\"text-align: left;\">\u00e9s v\u00e9r -v\u00f6r\u00f6s-bor ki\u00f6ntve<br \/>A sz\u0151nyegen friss csal\u00f3d\u00e1s foltok<br \/>V\u00e1gyfoszl\u00e1nyok a falon \u00e9s v\u00e9r<br \/>A ki\u00e1br\u00e1ndults\u00e1g torz mosollyal nevet r\u00e1m<br \/>Indulatok b\u00e1rmerre n\u00e9zek \u00e9s v\u00e9r<br \/>Sz\u00e9tszabdalt f\u00e9nyk\u00e9pek hevernek szanasz\u00e9t<br \/>A bossz\u00fa illat\u00e1t\u00f3l megsz\u00e9d\u00fclve elhom\u00e1lyosul l\u00e1t\u00e1som<br \/>Nem l\u00e1tlak t\u00e9ged nem l\u00e1tom a holnapot csak v\u00e9rt <br \/>A hal\u00e1lszag kiszor\u00edtja a leveg\u0151t bel\u0151lem<br \/>Neh\u00e9z a l\u00e9gz\u00e9sem,neh\u00e9z a l\u00e9tez\u00e9sem<br \/>K\u00f6nny\u0171 az elm\u00fal\u00e1s,k\u00f6nnyed ez a l\u00e1tom\u00e1s<br \/>A csend lassan fojt meg<br \/>nem tal\u00e1llak nem tal\u00e1lom magam<br \/>Remegve \u00e9bredek,izzadts\u00e1gban \u00faszom<br \/>kapkodom fejem:hol vagyok?<br \/>Kin\u00e9zek az ablakon \u00e9s megnyugszom&#8230;<br \/>Fel\u00e9bresztelek \u00e9s szerelmes szavakkal azt s\u00fagom:<br \/>N\u00e9zd milyen sz\u00e9p ahogy l\u00e1ngol az \u00e9g<br \/>Viharban a vil\u00e1g \u00e9s minden csupa v\u00e9r&#8230;..<\/p>\n<\/blockquote>\n<p>[\/et_pb_text][\/et_pb_column][\/et_pb_row][\/et_pb_section][et_pb_section fb_built=&#8221;1&#8243; _builder_version=&#8221;4.27.4&#8243; _module_preset=&#8221;default&#8221; custom_padding=&#8221;||0px|||&#8221; global_colors_info=&#8221;{}&#8221;][et_pb_row column_structure=&#8221;1_2,1_2&#8243; _builder_version=&#8221;4.27.4&#8243; _module_preset=&#8221;default&#8221; min_height=&#8221;89px&#8221; custom_margin=&#8221;-41px|auto||auto||&#8221; custom_padding=&#8221;3px||0px|||&#8221; global_colors_info=&#8221;{}&#8221;][et_pb_column type=&#8221;1_2&#8243; _builder_version=&#8221;4.27.4&#8243; _module_preset=&#8221;default&#8221; global_colors_info=&#8221;{}&#8221;][et_pb_heading title=&#8221;Belen\u00e9zek a &#8221; _builder_version=&#8221;4.27.4&#8243; _module_preset=&#8221;default&#8221; title_level=&#8221;h2&#8243; title_text_align=&#8221;left&#8221; title_font_size=&#8221;34px&#8221; width=&#8221;100%&#8221; width_tablet=&#8221;100%&#8221; width_phone=&#8221;100%&#8221; width_last_edited=&#8221;on|phone&#8221; custom_padding=&#8221;15px|||||&#8221; animation_style=&#8221;fade&#8221; title_line_height_tablet=&#8221;&#8221; title_line_height_phone=&#8221;1.1em&#8221; title_line_height_last_edited=&#8221;on|phone&#8221; global_colors_info=&#8221;{}&#8221;][\/et_pb_heading][et_pb_text quote_border_color=&#8221;gcid-2ebbc52c-9ee6-4712-a077-fcaec9b98540&#8243; _builder_version=&#8221;4.27.4&#8243; _module_preset=&#8221;default&#8221; text_font=&#8221;&#8211;et_global_heading_font||||||||&#8221; text_text_color=&#8221;gcid-heading-color&#8221; text_font_size=&#8221;17px&#8221; text_line_height=&#8221;1.6em&#8221; header_text_align=&#8221;left&#8221; animation_style=&#8221;fade&#8221; animation_duration=&#8221;2000ms&#8221; text_font_size_tablet=&#8221;17px&#8221; text_font_size_phone=&#8221;17px&#8221; text_font_size_last_edited=&#8221;on|phone&#8221; text_line_height_tablet=&#8221;1.6em&#8221; text_line_height_phone=&#8221;1.4em&#8221; text_line_height_last_edited=&#8221;on|desktop&#8221; border_style_all=&#8221;inset&#8221; locked=&#8221;off&#8221; global_colors_info=&#8221;{%22gcid-2ebbc52c-9ee6-4712-a077-fcaec9b98540%22:%91%22quote_border_color%22,%22quote_border_color%22%93,%22gcid-heading-color%22:%91%22text_text_color%22%93}&#8221;]<\/p>\n<blockquote>\n<p>Belen\u00e9zek a visszapillant\u00f3ba<br \/>\u00c9s megl\u00e1tlak t\u00e9ged<br \/>Felzaklatod beteg elm\u00e9met<br \/>Tolatn\u00e9k,rohann\u00e9k<br \/>Mindent odaadn\u00e9k<br \/>Csak lehessek veled<br \/>Megint,\u00fajra!<br \/>\u00dajra,megint!<br \/>A m\u00falt vihara homlokon legyint<br \/>F\u00e1j&#8230;<br \/>\u00dajra,megint<br \/>Megint,\u00fajra<br \/>Gy\u00e1vas\u00e1gom falai m\u00f6g\u00e9 visszavonulva<br \/>Elb\u00fajok,riad\u00f3t f\u00fajok<br \/>Megint,\u00fajra<br \/>Mindig \u00e9s mindenkor<br \/>Mindenhol,b\u00e1rmikor<br \/>Ha r\u00e1m tal\u00e1l ez az \u00e9rz\u00e9s<br \/>Menek\u00fcln\u00e9k<br \/>De akkor megint elt\u00e9vedn\u00e9k<br \/>Veled vagy n\u00e9lk\u00fcled &#8230;.<br \/>Teljesen mindegy<br \/>El\u0151lr\u0151l kezdem<br \/>Megint,\u00fajra<br \/>Minden s\u00e9m\u00e1t felr\u00fagva<br \/>Eltaposva<br \/>Magamb\u00f3l kifordulva<br \/>\u00dcv\u00f6ltve,ord\u00edtva<br \/>Pillanatnyilag megh\u00e0borodva<br \/>\u00dajra,megint<br \/>de m\u00e0r csak legyint&#8230;.<br \/>Manaps\u00e1g ritk\u00e1n n\u00e9zek a visszapillant\u00f3ba<br \/>T\u00e9ged sem l\u00e1ttalak egy ideje<br \/>De egy gombnyom\u00e1ssal \u00e9letre keltelek<br \/>\u00c9s megint \u00e9s \u00fajra&#8230;<\/p>\n<\/blockquote>\n<p>[\/et_pb_text][\/et_pb_column][et_pb_column type=&#8221;1_2&#8243; _builder_version=&#8221;4.27.4&#8243; _module_preset=&#8221;default&#8221; global_colors_info=&#8221;{}&#8221;][et_pb_heading title=&#8221;A csend&#8221; _builder_version=&#8221;4.27.4&#8243; _module_preset=&#8221;default&#8221; title_level=&#8221;h2&#8243; title_text_align=&#8221;left&#8221; title_font_size=&#8221;34px&#8221; width=&#8221;100%&#8221; width_tablet=&#8221;100%&#8221; width_phone=&#8221;100%&#8221; width_last_edited=&#8221;on|phone&#8221; custom_padding=&#8221;15px|||||&#8221; animation_style=&#8221;fade&#8221; title_line_height_tablet=&#8221;&#8221; title_line_height_phone=&#8221;1.1em&#8221; title_line_height_last_edited=&#8221;on|phone&#8221; locked=&#8221;off&#8221; global_colors_info=&#8221;{}&#8221;][\/et_pb_heading][et_pb_text quote_border_color=&#8221;gcid-2ebbc52c-9ee6-4712-a077-fcaec9b98540&#8243; _builder_version=&#8221;4.27.4&#8243; _module_preset=&#8221;default&#8221; text_font=&#8221;&#8211;et_global_heading_font||||||||&#8221; text_text_color=&#8221;gcid-heading-color&#8221; text_font_size=&#8221;17px&#8221; text_line_height=&#8221;1.6em&#8221; header_text_align=&#8221;left&#8221; animation_style=&#8221;fade&#8221; animation_duration=&#8221;2000ms&#8221; text_font_size_tablet=&#8221;17px&#8221; text_font_size_phone=&#8221;17px&#8221; text_font_size_last_edited=&#8221;on|phone&#8221; text_line_height_tablet=&#8221;1.6em&#8221; text_line_height_phone=&#8221;1.4em&#8221; text_line_height_last_edited=&#8221;on|desktop&#8221; border_style_all=&#8221;inset&#8221; locked=&#8221;off&#8221; global_colors_info=&#8221;{%22gcid-2ebbc52c-9ee6-4712-a077-fcaec9b98540%22:%91%22quote_border_color%22,%22quote_border_color%22%93,%22gcid-heading-color%22:%91%22text_text_color%22%93}&#8221;]<\/p>\n<blockquote>\n<p style=\"text-align: left;\">Ebben a f\u00fcls\u00fcket\u00edt\u0151 csendben<br \/>Ellentmond\u00e1sos \u00e9nemnek ki mond ellent?<br \/>Amikor kihallatszik bel\u0151lem a k\u00e9tked\u00e9s<br \/>Amikor cseppfoly\u00f3ss\u00e1 v\u00e1lik a v\u00e1gy \u00e9s elfolyik mint a magzat v\u00edz<br \/>Romlott m\u00e9zbe ragad az id\u0151<br \/>Meg\u00e1ll a pillanat,meg\u00e1ll\u00edt a pillant\u00e1sod<br \/>\u00c9s a pszichoszomatikus szerelem<br \/>Minden t\u00fcnet\u00e9vel az \u00e1gyhoz szegez<br \/>Ebben a csontig hatol\u00f3 csendben<br \/>Csod\u00e1lkozom h \u00fcv\u00f6lt r\u00f3lam a f\u00e1jdalom?<br \/>Arcomon alapos agg\u00e1lyok<br \/>Kezeimben k\u00e9nyszeredett kil\u00e1t\u00e1staland\u00e1g<br \/>Mez\u00edtl\u00e1b t\u00e1ncolok a f\u0171ben,dacolva a kutyaszarral<br \/>Boldogs\u00e1g flash,mint a 2 ismeretlenes egyenlet megold\u00f3 k\u00e9plete<br \/>Beengedem a napf\u00e9nyt fagyott vil\u00e1gomba<br \/>De a csillagok \u00e1ll\u00e1sa,\u00e1ll\u00e1skeres\u00e9si j\u00e1rul\u00e9kot hazudik<br \/>Fogaim k\u00f6zt krist\u00e1ly cukor ropog<br \/>\u00c9des ez az \u00e9let,csak legyen el\u00e9g p\u00e9nzem<br \/>Megveszem a holnapot \u00e9s eladom a jelent<br \/>Jelent\u00e9ktelen \u00e9rz\u00e9sek tapadnak a mocskos \u00fcvegre<br \/>Ebben a vel\u0151t r\u00e1z\u00f3 csendben<br \/>Bizonytalans\u00e1gok k\u00f6zt imbolygok<br \/>Naprak\u00e9sz f\u00e9lelmeim t\u00fckr\u00f6z\u0151dnek \u00e9letem \u00e1ll\u00f3 viz\u00e9ben<br \/>J\u00e1rul\u00e9kos vesztes\u00e9g ahogy kifordulok \u00f6nmagamb\u00f3l<br \/>Gabona rajzok az udvaron<br \/>S\u00f6t\u00e9t t\u00f6rt\u00e9neteket rejt a kert<br \/>Kiszabadulva a fogs\u00e1gb\u00f3l<br \/>Maga az \u00c9LET t\u00e1rul fel<br \/>Ebben a sz\u00e1raz,fojtogat\u00f3 csendben<br \/>Az instant gy\u0171l\u00f6let gy\u0171l\u00f6let felizzik bennem<br \/>Fantomokkal hadakozom \u00e1lmomban<br \/>K\u00f6t\u0151t\u0171vel nyakon sz\u00farom az exem<br \/>Valaha lesz ebb\u0151l exit?<br \/>Lesz ebb\u0151l valaha kisz\u00e1ll\u00e1s?<br \/>Vagy csak futom a k\u00f6r\u00f6ket mint egy megm\u00e9rgezett patk\u00e1ny?<br \/>Vagy csak \u00e1llok tehetetlen\u00fcl,ebben a<br \/>csendben ami falakat emel k\u00f6z\u00e9nk?<br \/>Zajtalan k\u00f6lt\u00f6zik bel\u00e9m a szorong\u00e1s<br \/>Reggelente mikor az indul\u00e1st v\u00e1rom<br \/>Ebben a balj\u00f3s,hideg csendben<br \/>Ki lesz az aki hozz\u00e1m sz\u00f3l?<\/p>\n<\/blockquote>\n<p>[\/et_pb_text][\/et_pb_column][\/et_pb_row][\/et_pb_section][et_pb_section fb_built=&#8221;1&#8243; _builder_version=&#8221;4.27.4&#8243; _module_preset=&#8221;default&#8221; custom_padding=&#8221;||0px|||&#8221; global_colors_info=&#8221;{}&#8221;][et_pb_row column_structure=&#8221;1_2,1_2&#8243; _builder_version=&#8221;4.27.4&#8243; _module_preset=&#8221;default&#8221; min_height=&#8221;89px&#8221; custom_margin=&#8221;-41px|auto||auto||&#8221; custom_padding=&#8221;3px||0px|||&#8221; global_colors_info=&#8221;{}&#8221;][et_pb_column type=&#8221;1_2&#8243; _builder_version=&#8221;4.27.4&#8243; _module_preset=&#8221;default&#8221; global_colors_info=&#8221;{}&#8221;][et_pb_heading title=&#8221;44 lett\u00e9l de&#8221; _builder_version=&#8221;4.27.4&#8243; _module_preset=&#8221;default&#8221; title_level=&#8221;h2&#8243; title_text_align=&#8221;left&#8221; title_font_size=&#8221;34px&#8221; width=&#8221;100%&#8221; width_tablet=&#8221;100%&#8221; width_phone=&#8221;100%&#8221; width_last_edited=&#8221;on|phone&#8221; custom_padding=&#8221;15px|||||&#8221; animation_style=&#8221;fade&#8221; title_line_height_tablet=&#8221;&#8221; title_line_height_phone=&#8221;1.1em&#8221; title_line_height_last_edited=&#8221;on|phone&#8221; global_colors_info=&#8221;{}&#8221;][\/et_pb_heading][et_pb_text quote_border_color=&#8221;gcid-2ebbc52c-9ee6-4712-a077-fcaec9b98540&#8243; _builder_version=&#8221;4.27.4&#8243; _module_preset=&#8221;default&#8221; text_font=&#8221;&#8211;et_global_heading_font||||||||&#8221; text_text_color=&#8221;gcid-heading-color&#8221; text_font_size=&#8221;17px&#8221; text_line_height=&#8221;1.6em&#8221; header_text_align=&#8221;left&#8221; animation_style=&#8221;fade&#8221; animation_duration=&#8221;2000ms&#8221; text_font_size_tablet=&#8221;17px&#8221; text_font_size_phone=&#8221;17px&#8221; text_font_size_last_edited=&#8221;on|phone&#8221; text_line_height_tablet=&#8221;1.6em&#8221; text_line_height_phone=&#8221;1.4em&#8221; text_line_height_last_edited=&#8221;on|desktop&#8221; border_style_all=&#8221;inset&#8221; locked=&#8221;off&#8221; global_colors_info=&#8221;{%22gcid-2ebbc52c-9ee6-4712-a077-fcaec9b98540%22:%91%22quote_border_color%22,%22quote_border_color%22%93,%22gcid-heading-color%22:%91%22text_text_color%22%93}&#8221;]<\/p>\n<blockquote>\n<p>44 lett\u00e9l de pont id\u0151ben \u00e9rkezt\u00e9l<br \/>Nem sz\u00e1mit honnan j\u00f6ssz,mit csin\u00e1lt\u00e1l csak egy dolog:<\/p>\n<p>most itt \u00fclsz melettem<br \/>Itt vagy melettem<br \/>term\u00e9szet ellenes az a term\u00e9szetess\u00e9g ahogy itt vagy velem<br \/>A lelked \u00f6r\u00f6kfiatal ak\u00e1rcsak az eny\u00e9m<br \/>A szemedbe n\u00e9zek \u00e9s semmit\u0151l sem f\u00e9lek<br \/>Mert janu\u00e1r \u00f3ta \u00faj id\u0151sz\u00e1m\u00edt\u00e1s van<br \/>Volt\u00e1l te voltam \u00e9n \u00e9s<br \/>Most m\u00e1r vagyunk MI<br \/>Mi ketten <br \/>A k\u00e9t f\u00e9l aki egy\u00fctt egy eg\u00e9sz<br \/>Helli \u00e9s Szelli<br \/>A k\u00e9t szivecsk\u00e9s emoji<br \/>A porn\u00f3szt\u00e1r \u00e9s a szextermin\u00e1tor<br \/>Pukkand\u00far \u00e9s szellent irt\u00f3<br \/>A 2cuki akik szerelme semmihez sem foghat\u00f3<br \/>F\u00f6ld\u00f6nt\u00fali gy\u00f6ny\u00f6r\u00f6k kertje minden egy\u00fcttl\u00e9t<br \/>K\u00e9t ember aki gyakran egyre gondol<br \/>K\u00e9t t\u00f6r\u00f6tt sz\u00edv aki most egy\u00fctt keresi a ragaszt\u00f3t.<br \/>Nem tudom mi ez<br \/>Nem tudom hogy van ez<br \/>Nem \u00e9rtem mi ez<br \/>Nem \u00e9rtem hogy van ez<br \/>Csak n\u00e9zlek k\u00f6nnyes szemmel b\u00e1rmit is csin\u00e1lsz,mindegy<br \/>Csoda ahogy teszel-veszel<br \/>Meg\u00e9rint a mosolyod<br \/>Minden szerelmes szavad<br \/>Szeretem a szenved\u00e9lyed<br \/>\u00c9lvezem amit \u00e9lvezel<br \/>De el kellett h engedjelek h \u00fajra r\u00e1d tal\u00e1ljak<br \/>Mert szerelm\u00fcnk minden vihart t\u00fal\u00e9lt<br \/>Legy\u0151zt\u00fck az akad\u00e1lyokat<br \/>Mi ketten&#8230;.<br \/>\u00c9s h\u00e1l\u00e1t adok minden reggel az istennek h egym\u00e1sra tal\u00e1ltunk<br \/>Kaptam egy t\u00e1rsat egy bar\u00e1tot egy szeret\u0151t..egy mindent \u00e9s egy mindenest egy szem\u00e9lyben \u00e9s ez TE vagy<br \/>TE vagy dr\u00e1ga kis M&amp;M a k\u00e9k cukorka<br \/>Amely a sz\u00ecvemben olvad nem zsebemben<\/p>\n<\/blockquote>\n<p>[\/et_pb_text][\/et_pb_column][et_pb_column type=&#8221;1_2&#8243; _builder_version=&#8221;4.27.4&#8243; _module_preset=&#8221;default&#8221; global_colors_info=&#8221;{}&#8221;][et_pb_heading title=&#8221;Egy k\u00e9p&#8221; _builder_version=&#8221;4.27.4&#8243; _module_preset=&#8221;default&#8221; title_level=&#8221;h2&#8243; title_text_align=&#8221;left&#8221; title_font_size=&#8221;34px&#8221; width=&#8221;100%&#8221; width_tablet=&#8221;100%&#8221; width_phone=&#8221;100%&#8221; width_last_edited=&#8221;on|phone&#8221; custom_padding=&#8221;15px|||||&#8221; animation_style=&#8221;fade&#8221; title_line_height_tablet=&#8221;&#8221; title_line_height_phone=&#8221;1.1em&#8221; title_line_height_last_edited=&#8221;on|phone&#8221; locked=&#8221;off&#8221; global_colors_info=&#8221;{}&#8221;][\/et_pb_heading][et_pb_text quote_border_color=&#8221;gcid-2ebbc52c-9ee6-4712-a077-fcaec9b98540&#8243; _builder_version=&#8221;4.27.4&#8243; _module_preset=&#8221;default&#8221; text_font=&#8221;&#8211;et_global_heading_font||||||||&#8221; text_text_color=&#8221;gcid-heading-color&#8221; text_font_size=&#8221;17px&#8221; text_line_height=&#8221;1.6em&#8221; header_text_align=&#8221;left&#8221; animation_style=&#8221;fade&#8221; animation_duration=&#8221;2000ms&#8221; text_font_size_tablet=&#8221;17px&#8221; text_font_size_phone=&#8221;17px&#8221; text_font_size_last_edited=&#8221;on|phone&#8221; text_line_height_tablet=&#8221;1.6em&#8221; text_line_height_phone=&#8221;1.4em&#8221; text_line_height_last_edited=&#8221;on|desktop&#8221; border_style_all=&#8221;inset&#8221; locked=&#8221;off&#8221; global_colors_info=&#8221;{%22gcid-2ebbc52c-9ee6-4712-a077-fcaec9b98540%22:%91%22quote_border_color%22,%22quote_border_color%22%93,%22gcid-heading-color%22:%91%22text_text_color%22%93}&#8221;]<\/p>\n<blockquote>\n<p>Mikor sz\u00edved a sz\u00edvemhez \u00e9r<br \/>\u00d6sszemos\u00f3dik mint a v\u00edzfest\u00e9k<br \/>Egy paca lesz\u00fcnk az \u00fcres pap\u00edron<br \/>T\u00f6rt\u00e9net\u00fcnket arra \u00edrom<\/p>\n<p>Mikor lelked a lelkemhez \u00e9r<br \/>Megsz\u0171nik a F\u00f6ld s az \u00e9g \u00d6sszefon\u00f3dik,mint<\/p>\n<p>ker\u00edt\u00e9sen az ind\u00e1k<br \/>Szerelm\u00fcnket hirdetik a falfirk\u00e1k<\/p>\n<p>Mikor kezed a kezemhez \u00e9r<br \/>Tudom h er\u0151s a k\u00f6tel\u00e9k<br \/>Nem engedem el,t\u00f6rt\u00e9njen b\u00e1rmi<br \/>A j\u00f6v\u0151t veled fogom bej\u00e1rni<\/p>\n<p>Mikor tested a testemhez \u00e9r<br \/>Szikr\u00e1t kap a szenved\u00e9ly<br \/>Fel\u00e9led a sok elfeljtett v\u00e1gy<br \/>\u00c9s tudom hogy veled teljes ez a vil\u00e1g.<\/p>\n<\/blockquote>\n<p>[\/et_pb_text][\/et_pb_column][\/et_pb_row][\/et_pb_section][et_pb_section fb_built=&#8221;1&#8243; _builder_version=&#8221;4.27.4&#8243; _module_preset=&#8221;default&#8221; custom_padding=&#8221;||0px|||&#8221; global_colors_info=&#8221;{}&#8221;][et_pb_row column_structure=&#8221;1_2,1_2&#8243; _builder_version=&#8221;4.27.4&#8243; _module_preset=&#8221;default&#8221; min_height=&#8221;89px&#8221; custom_margin=&#8221;-41px|auto||auto||&#8221; custom_padding=&#8221;3px||0px|||&#8221; global_colors_info=&#8221;{}&#8221;][et_pb_column type=&#8221;1_2&#8243; _builder_version=&#8221;4.27.4&#8243; _module_preset=&#8221;default&#8221; global_colors_info=&#8221;{}&#8221;][et_pb_heading title=&#8221;\u00c9letem szimb\u00f3lumai&#8221; _builder_version=&#8221;4.27.4&#8243; _module_preset=&#8221;default&#8221; title_level=&#8221;h2&#8243; title_text_align=&#8221;left&#8221; title_font_size=&#8221;34px&#8221; width=&#8221;100%&#8221; width_tablet=&#8221;100%&#8221; width_phone=&#8221;100%&#8221; width_last_edited=&#8221;on|phone&#8221; custom_padding=&#8221;15px|||||&#8221; animation_style=&#8221;fade&#8221; title_line_height_tablet=&#8221;&#8221; title_line_height_phone=&#8221;1.1em&#8221; title_line_height_last_edited=&#8221;on|phone&#8221; global_colors_info=&#8221;{}&#8221;][\/et_pb_heading][et_pb_text quote_border_color=&#8221;gcid-2ebbc52c-9ee6-4712-a077-fcaec9b98540&#8243; _builder_version=&#8221;4.27.4&#8243; _module_preset=&#8221;default&#8221; text_font=&#8221;&#8211;et_global_heading_font||||||||&#8221; text_text_color=&#8221;gcid-heading-color&#8221; text_font_size=&#8221;17px&#8221; text_line_height=&#8221;1.6em&#8221; header_text_align=&#8221;left&#8221; animation_style=&#8221;fade&#8221; animation_duration=&#8221;2000ms&#8221; text_font_size_tablet=&#8221;17px&#8221; text_font_size_phone=&#8221;17px&#8221; text_font_size_last_edited=&#8221;on|phone&#8221; text_line_height_tablet=&#8221;1.6em&#8221; text_line_height_phone=&#8221;1.4em&#8221; text_line_height_last_edited=&#8221;on|desktop&#8221; border_style_all=&#8221;inset&#8221; locked=&#8221;off&#8221; global_colors_info=&#8221;{%22gcid-2ebbc52c-9ee6-4712-a077-fcaec9b98540%22:%91%22quote_border_color%22,%22quote_border_color%22%93,%22gcid-heading-color%22:%91%22text_text_color%22%93}&#8221;]<\/p>\n<blockquote>\n<p>\u00c9letem szimb\u00f3lumai<br \/>Magam vagyok<br \/>Teljesen magamba fordulva<br \/>\u0150r\u00fclt gondolataim v\u00e9resre kaparj\u00e1k agyam felsz\u00edn\u00e9t<br \/>Mint a k\u00edgy\u00f3 mikor vedlik, \u00e9n is levetk\u0151zn\u00e9m magam<br \/>Kib\u00fajn\u00e9k a b\u0151r\u00f6mb\u0151l<br \/>H\u00e1tra hagyn\u00e1m \u00e9nem<br \/>Futn\u00e9k,rohann\u00e9k, menek\u00fcln\u00e9k<br \/>Mindent\u0151l t\u00e1volra<br \/>Ne l\u00e1ssak,ne halljak ne \u00e9rezzek<br \/>Ne \u00e9ljek&#8230;..<br \/>Nem, ezt nem<br \/>Ezt nem lehet<br \/>Egy \u00f6sszegy\u0171rt buszjegy<br \/>Egy 3 percig r\u00e1gott r\u00e1g\u00f3<br \/>Egy z\u00e9ro k\u00f3la kupakja<br \/>Egy bil\u00e9ta a kulcstart\u00f3n<br \/>Ezek a szimb\u00f3lumai \u00e9letemnek<br \/>Minden \u00f3ra m\u00e1s id\u0151t mutat<br \/>A k\u00e1osznak itt van az \u00faj otthona<br \/>Idegen vagyok a saj\u00e1t \u00e9letemben<br \/>D\u00fal a harc,zajlik a habor\u00fa<br \/>Csat\u00e1t vesztek,csat\u00e1t nyerek<br \/>D\u00f6nt\u00e9s k\u00e9ptelens\u00e9g<br \/>Tehetetlens\u00e9g<br \/>Fizikai f\u00e1jdalomm\u00e1 fokoz\u00f3dik<br \/>Stop t\u00e1bla jelez,piros l\u00e1mpa villog<br \/>szir\u00e9n\u00e1k harsognak<br \/>Eddig \u00e9s ne tov\u00e1bb<br \/>A gy\u0171r\u0171 az \u00fajjamon<br \/>Egy \u0151szinte sz\u00f3<br \/>Egy tiszta \u00f6lel\u00e9s<br \/>Egy meg\u00edrt sz\u00f6veg<br \/>Egy szelet r\u00e1ntott h\u00fas<br \/>\u00c9letem szimb\u00f3lumai<br \/>Ha el\u00e9rem a m\u00e9lys\u00e9get onnan merre visz az \u00fat?<br \/>Ha lent vagyok onnan van-e ki\u00fat \u00fat?<br \/>A k\u00e9ts\u00e9gbees\u00e9s legy\u0151zi a j\u00f3zan \u00e9szt<br \/>Az ismeretlen vesz\u00e9lyes<br \/>Az ismert kock\u00e1zatos<br \/>Bele lehet halni&#8230;.<br \/>De m\u00e1r nem kell<br \/>M\u00e1r t\u00fal lehet \u00e9lni<br \/>Egy foci meccs amin elalszom<br \/>Egy mikrofon amibe besz\u00e9lek<br \/>Egy dupla eszpressz\u00f3 4cukorral 2 tejsz\u00ednnel<br \/>Egy buszon hagyott gondolat<br \/>Egy term\u00e9szet fot\u00f3<br \/>Egy simogat\u00e1s a kuty\u00e1imnak<br \/>Egy kiny\u00fajtott k\u00e9z<br \/>Egy meg\u00e9lt pillanat<br \/>Ezek mind \u00e9letem szimb\u00f3lumai<\/p>\n<\/blockquote>\n<p>[\/et_pb_text][\/et_pb_column][et_pb_column type=&#8221;1_2&#8243; _builder_version=&#8221;4.27.4&#8243; _module_preset=&#8221;default&#8221; global_colors_info=&#8221;{}&#8221;][et_pb_heading title=&#8221;F\u00e1j ha l\u00e1tlak&#8221; _builder_version=&#8221;4.27.4&#8243; _module_preset=&#8221;default&#8221; title_level=&#8221;h2&#8243; title_text_align=&#8221;left&#8221; title_font_size=&#8221;34px&#8221; width=&#8221;100%&#8221; width_tablet=&#8221;100%&#8221; width_phone=&#8221;100%&#8221; width_last_edited=&#8221;on|phone&#8221; custom_padding=&#8221;15px|||||&#8221; animation_style=&#8221;fade&#8221; title_line_height_tablet=&#8221;&#8221; title_line_height_phone=&#8221;1.1em&#8221; title_line_height_last_edited=&#8221;on|phone&#8221; locked=&#8221;off&#8221; global_colors_info=&#8221;{}&#8221;][\/et_pb_heading][et_pb_text quote_border_color=&#8221;gcid-2ebbc52c-9ee6-4712-a077-fcaec9b98540&#8243; _builder_version=&#8221;4.27.4&#8243; _module_preset=&#8221;default&#8221; text_font=&#8221;&#8211;et_global_heading_font||||||||&#8221; text_text_color=&#8221;gcid-heading-color&#8221; text_font_size=&#8221;17px&#8221; text_line_height=&#8221;1.6em&#8221; header_text_align=&#8221;left&#8221; animation_style=&#8221;fade&#8221; animation_duration=&#8221;2000ms&#8221; text_font_size_tablet=&#8221;17px&#8221; text_font_size_phone=&#8221;17px&#8221; text_font_size_last_edited=&#8221;on|phone&#8221; text_line_height_tablet=&#8221;1.6em&#8221; text_line_height_phone=&#8221;1.4em&#8221; text_line_height_last_edited=&#8221;on|desktop&#8221; border_style_all=&#8221;inset&#8221; locked=&#8221;off&#8221; global_colors_info=&#8221;{%22gcid-2ebbc52c-9ee6-4712-a077-fcaec9b98540%22:%91%22quote_border_color%22,%22quote_border_color%22%93,%22gcid-heading-color%22:%91%22text_text_color%22%93}&#8221;]<\/p>\n<blockquote>\n<p>F\u00e1j ha l\u00e1tlak<br \/>Szomor\u00fa vagyok ha nem<br \/>Nincs j\u00f3 d\u00f6nt\u00e9s<br \/>Megint nincs megold\u00e1s<br \/>Az id\u0151 elf\u00e1rad, megpihen<br \/>halogatja a v\u00e9gkifejletet.<br \/>Szorul a sz\u00edv hurok<br \/>Csapd\u00e1ban az \u00e9rtelem,<br \/>Satuban a l\u00e9lek,<br \/>Sz\u00e1rny n\u00e9lk\u00fcli gondolatok<br \/>te vagy az akihez visszat\u00e9rnek.<br \/>Fant\u00e1zi\u00e1m egy s\u00e9m\u00e1t k\u00f6vet<br \/>\u00c1ll\u00f3 k\u00e9p,fel-fel villan<br \/>Szikra fel-fel lobban<br \/>Megadom magam az \u00e9rz\u00e9snek<br \/>Tudatos\u00edtott tehetetlens\u00e9g<br \/>K\u00e9ts\u00e9gbeesett gy\u00f6tr\u0151d\u00e9s.<br \/>Mert szomor\u00fa vagyok ha l\u00e0tlak<br \/>\u00c9s f\u00e0j ha nem<br \/>Ugyanazt az \u0151r\u00fcletet kergetem<br \/>V\u00e1gyaim t\u00fcrelmetlen\u00fcl<br \/>Zakatolnak,fesz\u00edtenek<br \/>Az agy parancsnak nem engedelmeskednek.<br \/>Zavarodott pillanatok<br \/>Kusza k\u00ednok.<br \/>K\u00e1osz kalibr\u00e1l<br \/>Be\u00e1ll\u00edt a szenved\u00e9s,<br \/>megnehez\u00edti a jelent,<br \/>Ahogy \u00edgy allattomosan kit\u00f6lti a rendelkz\u00e9sre \u00e1ll\u00f3 teret.<br \/>K\u00e9pzelet \u00e1ltal sz\u0151tt furcsa h\u00e1l\u00f3ba belegabalyodok,<br \/>Beteg elme torz sz\u00fclem\u00e9ny\u00e9t\u0151l vissza riadok.<br \/>Val\u00f3s\u00e1g hal\u00e1l<br \/>Igazs\u00e1g torzul\u00e1s<br \/>F\u00e9lelmetes bizonytalans\u00e0g.<br \/>Mert felzaklat ha l\u00e1tlak \u00e9s<br \/>Meg\u0151r\u00fcl\u00f6k ha nem<br \/>Mag\u00e1ny monol\u00f3gomra v\u00e1laszol a csend<br \/>Szavaim nem jutnak el hozz\u00e1d,visszhangozz\u00e1k az \u00fcres terek<br \/>Nekem \u00fagy a legjobb ha gyorsan elfelejtelek!<\/p>\n<p>&nbsp;<\/p>\n<\/blockquote>\n<p>[\/et_pb_text][\/et_pb_column][\/et_pb_row][\/et_pb_section][et_pb_section fb_built=&#8221;1&#8243; _builder_version=&#8221;4.27.4&#8243; _module_preset=&#8221;default&#8221; custom_padding=&#8221;||0px|||&#8221; global_colors_info=&#8221;{}&#8221;][et_pb_row column_structure=&#8221;1_2,1_2&#8243; _builder_version=&#8221;4.27.4&#8243; _module_preset=&#8221;default&#8221; min_height=&#8221;89px&#8221; custom_margin=&#8221;-41px|auto||auto||&#8221; custom_padding=&#8221;3px||0px|||&#8221; global_colors_info=&#8221;{}&#8221;][et_pb_column type=&#8221;1_2&#8243; _builder_version=&#8221;4.27.4&#8243; _module_preset=&#8221;default&#8221; global_colors_info=&#8221;{}&#8221;][et_pb_heading title=&#8221;Fekete angyal&#8221; _builder_version=&#8221;4.27.4&#8243; _module_preset=&#8221;default&#8221; title_level=&#8221;h2&#8243; title_text_align=&#8221;left&#8221; title_font_size=&#8221;34px&#8221; width=&#8221;100%&#8221; width_tablet=&#8221;100%&#8221; width_phone=&#8221;100%&#8221; width_last_edited=&#8221;on|phone&#8221; custom_padding=&#8221;15px|||||&#8221; animation_style=&#8221;fade&#8221; title_line_height_tablet=&#8221;&#8221; title_line_height_phone=&#8221;1.1em&#8221; title_line_height_last_edited=&#8221;on|phone&#8221; global_colors_info=&#8221;{}&#8221;][\/et_pb_heading][et_pb_text quote_border_color=&#8221;gcid-2ebbc52c-9ee6-4712-a077-fcaec9b98540&#8243; _builder_version=&#8221;4.27.4&#8243; _module_preset=&#8221;default&#8221; text_font=&#8221;&#8211;et_global_heading_font||||||||&#8221; text_text_color=&#8221;gcid-heading-color&#8221; text_font_size=&#8221;17px&#8221; text_line_height=&#8221;1.6em&#8221; header_text_align=&#8221;left&#8221; animation_style=&#8221;fade&#8221; animation_duration=&#8221;2000ms&#8221; text_font_size_tablet=&#8221;17px&#8221; text_font_size_phone=&#8221;17px&#8221; text_font_size_last_edited=&#8221;on|phone&#8221; text_line_height_tablet=&#8221;1.6em&#8221; text_line_height_phone=&#8221;1.4em&#8221; text_line_height_last_edited=&#8221;on|desktop&#8221; border_style_all=&#8221;inset&#8221; locked=&#8221;off&#8221; global_colors_info=&#8221;{%22gcid-2ebbc52c-9ee6-4712-a077-fcaec9b98540%22:%91%22quote_border_color%22,%22quote_border_color%22%93,%22gcid-heading-color%22:%91%22text_text_color%22%93}&#8221;]<\/p>\n<blockquote>\n<p>N\u00e9zd a csendet, ahogy hull\u00e1mzik<br \/>az id\u0151 tenger\u00e9n<br \/>Alattunk n\u00e9ma szakad\u00e9k<br \/>Felperzselve a mocsarakat<br \/>Fel\u00e9getve a hidakat<br \/>Fel\u00e9bred egy r\u00e9gi \u00e1tok<br \/>A Fekete Angyal \u00fajra \u00e9l<br \/>eml\u00e9kezz a hal\u00e1lra<br \/>a pokol egy kis sark\u00e1ban ahol<br \/>nincs megv\u00e1lt\u00e1s rem\u00e9ny irgalom<br \/>csak az elviselhetetlen v\u00e9gtelen jelen<br \/>A k\u00e9t vil\u00e1g hat\u00e1r\u00e1n nincs kegyelem<br \/>A m\u00falt megelevenedik <br \/>minden mozdulatban<br \/>S\u00f6t\u00e9t \u00e9s felkavar\u00f3 ahogy<br \/>megsz\u00e1llotk\u00e9nt \u0171zi hajtja<br \/>a t\u00e9rk\u00e9pet mert ez a dolga<br \/>pusztul\u00e1s marad ut\u00e1na <br \/>ahogy elfordul az \u00e9lett\u0151l<br \/>A hal\u00e1l cs\u00f3kja az ajkamon<br \/>kisz\u00edvja minden er\u0151m<br \/>begy\u0171jti a lelkekemet<br \/>azt\u00e1n tov\u00e1bb \u00e1ll<br \/>\u00daj \u00e1ldozatok ut\u00e1n kutatva<\/p>\n<\/blockquote>\n<p>[\/et_pb_text][\/et_pb_column][et_pb_column type=&#8221;1_2&#8243; _builder_version=&#8221;4.27.4&#8243; _module_preset=&#8221;default&#8221; global_colors_info=&#8221;{}&#8221;][et_pb_heading title=&#8221;Holnaput\u00e1n&#8221; _builder_version=&#8221;4.27.4&#8243; _module_preset=&#8221;default&#8221; title_level=&#8221;h2&#8243; title_text_align=&#8221;left&#8221; title_font_size=&#8221;34px&#8221; width=&#8221;100%&#8221; width_tablet=&#8221;100%&#8221; width_phone=&#8221;100%&#8221; width_last_edited=&#8221;on|phone&#8221; custom_padding=&#8221;15px|||||&#8221; animation_style=&#8221;fade&#8221; title_line_height_tablet=&#8221;&#8221; title_line_height_phone=&#8221;1.1em&#8221; title_line_height_last_edited=&#8221;on|phone&#8221; locked=&#8221;off&#8221; global_colors_info=&#8221;{}&#8221;][\/et_pb_heading][et_pb_text quote_border_color=&#8221;gcid-2ebbc52c-9ee6-4712-a077-fcaec9b98540&#8243; _builder_version=&#8221;4.27.4&#8243; _module_preset=&#8221;default&#8221; text_font=&#8221;&#8211;et_global_heading_font||||||||&#8221; text_text_color=&#8221;gcid-heading-color&#8221; text_font_size=&#8221;17px&#8221; text_line_height=&#8221;1.6em&#8221; header_text_align=&#8221;left&#8221; custom_padding=&#8221;0px|||||&#8221; animation_style=&#8221;fade&#8221; animation_duration=&#8221;2000ms&#8221; text_font_size_tablet=&#8221;17px&#8221; text_font_size_phone=&#8221;17px&#8221; text_font_size_last_edited=&#8221;on|phone&#8221; text_line_height_tablet=&#8221;1.6em&#8221; text_line_height_phone=&#8221;1.4em&#8221; text_line_height_last_edited=&#8221;on|desktop&#8221; border_style_all=&#8221;inset&#8221; locked=&#8221;off&#8221; global_colors_info=&#8221;{%22gcid-2ebbc52c-9ee6-4712-a077-fcaec9b98540%22:%91%22quote_border_color%22,%22quote_border_color%22%93,%22gcid-heading-color%22:%91%22text_text_color%22%93}&#8221;]<\/p>\n<blockquote>\n<p>K\u00f6nnyekben \u00fasz\u00f3 reggel<br \/>Fagypont alatti \u00e9rz\u00e9sek<br \/>Az \u00e9jszaka k\u00ednjai nem old\u00f3dnak a dupla k\u00e1v\u00e8mban<br \/>Felh\u00edvlak<br \/>Musz\u00e1j hallanom a hangodat<br \/>Megt\u00e9p\u00e1z a t\u00e1vols\u00e1g<br \/>Innen miden messze van<br \/>Az \u00e9ter elnyeli a val\u00f3s tartalmat<br \/>Lecsupasz\u00edtott egyszer\u0171 mondatok<br \/>Sosem vagyok egyed\u00fcl<br \/>Mindig egyed\u00fcl vagyok<br \/>Ez a t\u00e9l nem tesz j\u00f3t nekem<br \/>Ez egy lehetetlen helyzet<br \/>Nincs r\u00e1 megold\u00f3 k\u00e9plet<br \/>a\u00b2+b\u00b2=neh\u00e9z+elviselhetetlen<br \/>T\u00fal kell \u00e9lni,el fog m\u00falni-mondogatom<br \/>Tudom,de nem hiszem el<br \/>Hideg van:kint is, bent is<br \/>K\u00f6d van:Nem l\u00e1tom az ir\u00e1nyt<br \/>P\u00e1ra lecsap\u00f3d\u00e1s a gondolatok tenger\u00e9n<br \/>Tengerfen\u00e9k,kopott z\u00e1tony<br \/>\u00dcres a kincses l\u00e1da<br \/>Haj\u00f3vont\u00e1k tal\u00e1lkoz\u00e1sa tenger\u00e9szemn\u00e9l<br \/>\u00c9n meg f\u00e9l szemmel figyelem az id\u0151t,az \u00f6r\u00f6k ellens\u00e9get<br \/>K\u00f6lcs\u00f6n\u00f6s meg nem t\u00e1mad\u00e1si szerz\u0151d\u00e9st \u00edrunk al\u00e1<br \/>Remeg bennem a pillanat<br \/>N\u00e9ma tan\u00faim az elfojtott szavak<\/p>\n<\/blockquote>\n<p>[\/et_pb_text][\/et_pb_column][\/et_pb_row][\/et_pb_section][et_pb_section fb_built=&#8221;1&#8243; _builder_version=&#8221;4.27.4&#8243; _module_preset=&#8221;default&#8221; custom_padding=&#8221;||0px|||&#8221; global_colors_info=&#8221;{}&#8221;][et_pb_row column_structure=&#8221;1_2,1_2&#8243; _builder_version=&#8221;4.27.4&#8243; _module_preset=&#8221;default&#8221; min_height=&#8221;89px&#8221; custom_margin=&#8221;-41px|auto||auto||&#8221; custom_padding=&#8221;3px||0px|||&#8221; global_colors_info=&#8221;{}&#8221;][et_pb_column type=&#8221;1_2&#8243; _builder_version=&#8221;4.27.4&#8243; _module_preset=&#8221;default&#8221; global_colors_info=&#8221;{}&#8221;][et_pb_heading title=&#8221;Megismertelek&#8221; _builder_version=&#8221;4.27.4&#8243; _module_preset=&#8221;default&#8221; title_level=&#8221;h2&#8243; title_text_align=&#8221;left&#8221; title_font_size=&#8221;34px&#8221; width=&#8221;100%&#8221; width_tablet=&#8221;100%&#8221; width_phone=&#8221;100%&#8221; width_last_edited=&#8221;on|phone&#8221; custom_padding=&#8221;15px|||||&#8221; animation_style=&#8221;fade&#8221; title_line_height_tablet=&#8221;&#8221; title_line_height_phone=&#8221;1.1em&#8221; title_line_height_last_edited=&#8221;on|phone&#8221; global_colors_info=&#8221;{}&#8221;][\/et_pb_heading][et_pb_text quote_border_color=&#8221;gcid-2ebbc52c-9ee6-4712-a077-fcaec9b98540&#8243; _builder_version=&#8221;4.27.4&#8243; _module_preset=&#8221;default&#8221; text_font=&#8221;&#8211;et_global_heading_font||||||||&#8221; text_text_color=&#8221;gcid-heading-color&#8221; text_font_size=&#8221;17px&#8221; text_line_height=&#8221;1.6em&#8221; header_text_align=&#8221;left&#8221; animation_style=&#8221;fade&#8221; animation_duration=&#8221;2000ms&#8221; text_font_size_tablet=&#8221;17px&#8221; text_font_size_phone=&#8221;17px&#8221; text_font_size_last_edited=&#8221;on|phone&#8221; text_line_height_tablet=&#8221;1.6em&#8221; text_line_height_phone=&#8221;1.4em&#8221; text_line_height_last_edited=&#8221;on|desktop&#8221; border_style_all=&#8221;inset&#8221; locked=&#8221;off&#8221; global_colors_info=&#8221;{%22gcid-2ebbc52c-9ee6-4712-a077-fcaec9b98540%22:%91%22quote_border_color%22,%22quote_border_color%22%93,%22gcid-heading-color%22:%91%22text_text_color%22%93}&#8221;]<\/p>\n<blockquote>\n<p><span style=\"font-size: 17px;\">Megismertelek, szembe j\u00f6tt\u00e9l de nem is mertelek, felfedezni akartalak<\/span><\/p>\n<p>t\u00e9rk\u00e9pet rajzolni tenyeredbe<br \/>de te azt mondtad:ez az \u00f6sszet\u00f6rt rem\u00e9ny \u00e9n<\/p>\n<p>ink\u00e1bb azt ez a v\u00e9rz\u0151 szerelem<br \/>De az igazi szerelem azaz mikor verset \u00edrok a testedre,<\/p>\n<p>te meg levakarsz magadr\u00f3l mintha lepr\u00e1s lenn\u00e9k<br \/>Elmosogattam magamt\u00f3l azt\u00e1n megk\u00e9rdeztem t\u0151led:<\/p>\n<p>\u00fajra \u00edrod a t\u00f6rt\u00e9nelmet velem?<br \/>\u0150szinte lehetsz de hazudni \u00e9rdemesebb,\u00e9rdekesebb<\/p>\n<p>mert olyankor egy vil\u00e1g omlik \u00f6ssze bennem<br \/>Kit\u00e9pem a kezedb\u0151l a tollat&#8230;ink\u00e1bb \u00e9n \u00edrom le:szeretlek!<br \/>Ja, hogy te b\u00facs\u00fa levelet akart\u00e1l \u00edrni&#8230;.gratul\u00e1lok..megint f\u00e9lre \u00e9reztem azt amit sehogy m\u00e1shogy nem lehetett \u00e9rteni&#8230;<br \/>Valahol m\u00e1shol vagy, l\u00e1tlak de nem tal\u00e1llak,valaki m\u00e1snak valaki m\u00e1s vagy&#8230;<br \/>Elhat\u00e1roztam, hogy a szemedbe n\u00e9zek \u00e9s bek\u00f6vetkezett amit\u0151l f\u00e9ltem:megl\u00e1ttam magamat..<br \/>Veled vagy n\u00e9lk\u00fcled, se veled se n\u00e9lk\u00fcled, velem vagy veled,<\/p>\n<p>veled vagyok \u00c9n, n\u00e9lk\u00fcled nem \u00e9n vagyok,<br \/>\u00e9n vagyok melletted,benned,k\u00f6r\u00fcl\u00f6tted m\u00e8gis megk\u00f6v\u00fclten<\/p>\n<p>\u00e1llok \u00e9s hallgatom ahogy ord\u00edtassz velem<br \/>Csak a t\u00e1vols\u00e1g \u00e9p\u00fcl kett\u0151nk k\u00f6z\u00f6tt,m\u00e9ly\u00fcl a szakad\u00e9k,\u00f3vatosan l\u00e9pek bele-nehogy fel\u00e9bresszelek-azt\u00e1n csak zuhanok becsukott szemmel,v\u00e9d\u0151 h\u00e1l\u00f3 n\u00e9lk\u00fcl,tomp\u00edtom a becsap\u00f3d\u00e1st,hogy mikor fel\u00e9bredsz ne \u00f6sszet\u00f6rt testem darabjain kelljen kimenned a f\u00fcrd\u0151be<br \/>Te volt\u00e1l a little 15 \u00e9n meg egyszer\u0171n csak v\u00f6r\u00f6s&#8221;lombos<\/p>\n<p>gesztenye f\u00e1k alatt eladt\u00e1l \u00e9s \u00e9n eladtalak&#8221;<br \/>Az egyik szigeten ismertelek meg igaz\u00e1n,k\u00e9t kisfr\u00f6ccs \u00e9s k\u00e9t-rockdiszk\u00f3ban el\u00fcv\u00f6lt\u00f6tt motherfucker k\u00f6z\u00f6tt-de \u00e9n m\u00e1r akkor tudtam,hogy nem any\u00e1dat akarom hanem t\u00e9ged :\u00f6r\u00f6kre<br \/>Meg\u00e9rten\u00e9m ha nem \u00e9rten\u00e9l \u00e9s elfogadn\u00e1m hogy nem<\/p>\n<p>fogadsz el de hogy \u00f6r\u00f6kk\u00e9 azt kritiz\u00e1lod amit<\/p>\n<p>csin\u00e1lok az kritik\u00e1n aluli<br \/>10nap a paradicsomban de az is v\u00e9get \u00e9rt egyszer,<\/p>\n<p>elment\u00e9l \u00e9n meg ott maradtam egy \u00fcveg<\/p>\n<p>vodk\u00e1val a kezemben<br \/>A legv\u00e9g\u00e9n \u00fagyis megszakad a sz\u00edv miel\u0151tt te<\/p>\n<p>megszak\u00edtod a vonalat<br \/>Veled lenni pont olyan mint egyed\u00fcl lenni<br \/>Vitatkozni veled nem \u00e9rdemes,vitatkozni magammal felesleges&#8230;\u00fagyis mindig neked van igazad<br \/>Fogom a kezed,te meg fogod magad<br \/>\u00e9s \u00e1tg\u00e1zolsz rajtam mintha ott sem lenn\u00e9k<br \/>Azt\u00e1n most itt vagy TE.mindig<br \/>Mikor nem vagy velem akkor is velem vagy..<br \/>Csak \u00fcl\u00f6k n\u00e9zem ahogy dolgozol<br \/>Maga a megtestes\u00fclt gy\u00f6ny\u00f6r\u0171s\u00e9g<br \/>1000\u00e9vszak egyetlen mosolyod<br \/>Veled m\u00e9g a csend is izgalmas<br \/>Szeretem azt a bizserg\u00e9st amit akkor \u00e9rzek<\/p>\n<p>mikor a szemedbe n\u00e9zek<br \/>Szeretem hogy minden mondat v\u00e9g\u00e9re odateszed hogy<\/p>\n<p>szerintem<br \/>Szeretem hogy besz\u00e9lget\u00e9s k\u00f6zben mondand\u00f3dat<\/p>\n<p>nyomat\u00e9kos\u00edtod egy az bazdmeg az sz\u00f3fordulattal<br \/>Szeretem hogy soha nem felejted el elk\u00fcldeni sziveket<\/p>\n<p>azokat a kibaszott sziveket<br \/>Szeretem h neked is a vad fruttik a kedvenced \u00e9s<\/p>\n<p>ha szemben \u00e1llunk a nappal minden a hely\u00e9re ker\u00fcl<br \/>De gy\u0171l\u00f6l\u00f6m mikor elm\u00e9sz mert elviszel mindent<br \/>Gy\u0171l\u00f6l\u00f6m mert itt hagysz \u00e9s nem hagysz itt semmit<br \/>Gy\u0171l\u00f6l\u00f6k minden napot \u00f3r\u00e1t percet mikor nem tudom<\/p>\n<p>elmondani hogy hogy&#8230;\u00e9s hogy mennyire<\/p>\n<p>&nbsp;<\/p>\n<p>P.S.I love you<br \/>Ut\u00f3irat: szeretlek<br \/>Szeretem hogy besz\u00e9lget\u00e9s k\u00f6zben mondand\u00f3dat<\/p>\n<p>nyomat\u00e9kos\u00edtod egy az bazdmeg az sz\u00f3fordulattal<br \/>Szeretem hogy soha nem felejted el elk\u00fcldeni sziveket azokat a kibaszott sziveket<br \/>Szeretem h neked is a vad fruttik a kedvenced \u00e9s ha szemben \u00e1llunk a nappal minden a hely\u00e9re ker\u00fcl<br \/>De gy\u0171l\u00f6l\u00f6m mikor elm\u00e9sz mert elviszel mindent<br \/>Gy\u0171l\u00f6l\u00f6m mert itt hagysz \u00e9s nem hagysz itt semmit<br \/>Gy\u0171l\u00f6l\u00f6k minden napot \u00f3r\u00e1t percet mikor nem tudom elmondani hogy hogy&#8230;\u00e9s hogy mennyire<\/p>\n<p>P.S.I love you<br \/>Ut\u00f3irat:szeretlek<\/p>\n<\/blockquote>\n<p>[\/et_pb_text][\/et_pb_column][et_pb_column type=&#8221;1_2&#8243; _builder_version=&#8221;4.27.4&#8243; _module_preset=&#8221;default&#8221; global_colors_info=&#8221;{}&#8221;][et_pb_heading title=&#8221;Modern B\u00f3bita&#8221; _builder_version=&#8221;4.27.4&#8243; _module_preset=&#8221;default&#8221; title_level=&#8221;h2&#8243; title_text_align=&#8221;left&#8221; title_font_size=&#8221;34px&#8221; width=&#8221;100%&#8221; width_tablet=&#8221;100%&#8221; width_phone=&#8221;100%&#8221; width_last_edited=&#8221;on|phone&#8221; custom_padding=&#8221;15px|||||&#8221; animation_style=&#8221;fade&#8221; title_line_height_tablet=&#8221;&#8221; title_line_height_phone=&#8221;1.1em&#8221; title_line_height_last_edited=&#8221;on|phone&#8221; locked=&#8221;off&#8221; global_colors_info=&#8221;{}&#8221;][\/et_pb_heading][et_pb_text quote_border_color=&#8221;gcid-2ebbc52c-9ee6-4712-a077-fcaec9b98540&#8243; _builder_version=&#8221;4.27.4&#8243; _module_preset=&#8221;default&#8221; text_font=&#8221;&#8211;et_global_heading_font||||||||&#8221; text_text_color=&#8221;gcid-heading-color&#8221; text_font_size=&#8221;17px&#8221; text_line_height=&#8221;1.6em&#8221; header_text_align=&#8221;left&#8221; custom_padding=&#8221;0px|||||&#8221; animation_style=&#8221;fade&#8221; animation_duration=&#8221;2000ms&#8221; text_font_size_tablet=&#8221;17px&#8221; text_font_size_phone=&#8221;17px&#8221; text_font_size_last_edited=&#8221;on|phone&#8221; text_line_height_tablet=&#8221;1.6em&#8221; text_line_height_phone=&#8221;1.4em&#8221; text_line_height_last_edited=&#8221;on|desktop&#8221; border_style_all=&#8221;inset&#8221; locked=&#8221;off&#8221; global_colors_info=&#8221;{%22gcid-2ebbc52c-9ee6-4712-a077-fcaec9b98540%22:%91%22quote_border_color%22,%22quote_border_color%22%93,%22gcid-heading-color%22:%91%22text_text_color%22%93}&#8221;]<\/p>\n<blockquote>\n<p>B\u00f3bita B\u00f3bita t\u00e0ncol<br \/>K\u00f6rbe \u00f6rd\u00f6g\u00f6k \u00fclnek<br \/>Vasvill\u00e1val hadon\u00e1sznak<br \/>V\u00e9res a v\u00e9ge a n\u00e1sznak<\/p>\n<p>B\u00f3bita B\u00f3bita j\u00e1tszik <br \/>Telefont nyomkod naphosszat<br \/>Sorozatot n\u00e9z a netflixen<br \/>Be van sz\u00edvva fixen<\/p>\n<p>B\u00f3bita B\u00f3bita \u00e9p\u00edt<br \/>De m\u00e1snapra led\u00f6ntik a h\u00e1z\u00e1t <br \/>\u00daj kar\u00e1m Kell a ny\u00e1jnak<br \/>Vagy hely az akkumul\u00e1tor gy\u00e1rnak<\/p>\n<p>B\u00f3bita B\u00f3bita \u00e1lmos<br \/>Elalszik tal\u00e1n \u00f6r\u00f6kre<br \/>\u00c1lmodik az \u00f6ngyilkoss\u00e1gr\u00f3l<br \/>Elege van a sok hazugs\u00e1gb\u00f3l<\/p>\n<\/blockquote>\n<p>[\/et_pb_text][\/et_pb_column][\/et_pb_row][\/et_pb_section][et_pb_section fb_built=&#8221;1&#8243; _builder_version=&#8221;4.27.4&#8243; _module_preset=&#8221;default&#8221; custom_padding=&#8221;||0px|||&#8221; global_colors_info=&#8221;{}&#8221;][et_pb_row column_structure=&#8221;1_2,1_2&#8243; _builder_version=&#8221;4.27.4&#8243; _module_preset=&#8221;default&#8221; min_height=&#8221;89px&#8221; custom_margin=&#8221;-41px|auto||auto||&#8221; custom_padding=&#8221;3px||0px|||&#8221; global_colors_info=&#8221;{}&#8221;][et_pb_column type=&#8221;1_2&#8243; _builder_version=&#8221;4.27.4&#8243; _module_preset=&#8221;default&#8221; global_colors_info=&#8221;{}&#8221;][et_pb_heading title=&#8221;1945.08.09.&#8221; _builder_version=&#8221;4.27.4&#8243; _module_preset=&#8221;default&#8221; title_level=&#8221;h2&#8243; title_text_align=&#8221;left&#8221; title_font_size=&#8221;34px&#8221; width=&#8221;100%&#8221; width_tablet=&#8221;100%&#8221; width_phone=&#8221;100%&#8221; width_last_edited=&#8221;on|phone&#8221; custom_padding=&#8221;15px|||||&#8221; animation_style=&#8221;fade&#8221; title_line_height_tablet=&#8221;&#8221; title_line_height_phone=&#8221;1.1em&#8221; title_line_height_last_edited=&#8221;on|phone&#8221; global_colors_info=&#8221;{}&#8221;][\/et_pb_heading][et_pb_text quote_border_color=&#8221;gcid-2ebbc52c-9ee6-4712-a077-fcaec9b98540&#8243; _builder_version=&#8221;4.27.4&#8243; _module_preset=&#8221;default&#8221; text_font=&#8221;&#8211;et_global_heading_font||||||||&#8221; text_text_color=&#8221;gcid-heading-color&#8221; text_font_size=&#8221;17px&#8221; text_line_height=&#8221;1.6em&#8221; header_text_align=&#8221;left&#8221; animation_style=&#8221;fade&#8221; animation_duration=&#8221;2000ms&#8221; text_font_size_tablet=&#8221;17px&#8221; text_font_size_phone=&#8221;17px&#8221; text_font_size_last_edited=&#8221;on|phone&#8221; text_line_height_tablet=&#8221;1.6em&#8221; text_line_height_phone=&#8221;1.4em&#8221; text_line_height_last_edited=&#8221;on|desktop&#8221; border_style_all=&#8221;inset&#8221; locked=&#8221;off&#8221; global_colors_info=&#8221;{%22gcid-2ebbc52c-9ee6-4712-a077-fcaec9b98540%22:%91%22quote_border_color%22,%22quote_border_color%22%93,%22gcid-heading-color%22:%91%22text_text_color%22%93}&#8221;]<\/p>\n<blockquote>\n<p>J\u00f3\u00f3\u00f3 reeeegggelt Nagasaki!!!!<br \/>Felh\u0151tlen reggelre \u00e9bredt\u00fcnk ma-ez nem kicsit fogja<\/p>\n<p>befoly\u00e1solni az elk\u00f6vetkez\u0151 sok \u00e9vet \u00e9s<br \/>sok gener\u00e1ci\u00f3t. S\u0151t az eg\u00e9sz vil\u00e1got, hisz vil\u00e1g renget\u0151 esem\u00e9nyeknek lehet\u00fcnk tan\u00fai n\u00e9h\u00e1ny \u00f3ra<br \/>m\u00falva.<br \/>11\u2070\u00b2kor egy dagadt ember l\u00e1togat\u00e1s\u00e1t fogjuk \u00e9rezni.<\/p>\n<p>\u00c9gb\u0151l fog pottyanni, de nem lesz<br \/>mes\u00e9s&#8230;.H\u0151hull\u00e1m k\u00f6veti \u00e9s felh\u0151s\u00f6d\u00e9s&#8230;.<\/p>\n<p>s\u0151t mondhatn\u00e1m azt is h forr\u00f3 lesz a talaj a l\u00e1ba alatt.<br \/>Aki tud vonuljon \u00e1rny\u00e9kba, fedez\u00e9kbe!<br \/>Hopp\u00e1&#8230;jut eszembe: nincs mened\u00e9k&#8230;<br \/>&#8222;Csak egy ugr\u00e1s a sug\u00e1r \u00fagyis utol\u00e9r &#8222;<br \/>Az \u00edt\u00e9let napja 75 \u00e9vvel ezel\u0151tt m\u00e1r elj\u00f6tt<br \/>\u00c9s nem a g\u00e9pek okozt\u00e1k,hanem az emberek<br \/>Nem a g\u00e9pek, hanem az emberek<br \/>Az emberek&#8230;..<\/p>\n<\/blockquote>\n<p>[\/et_pb_text][\/et_pb_column][et_pb_column type=&#8221;1_2&#8243; _builder_version=&#8221;4.27.4&#8243; _module_preset=&#8221;default&#8221; global_colors_info=&#8221;{}&#8221;][et_pb_heading title=&#8221;Nem Nem vagyok &#8221; _builder_version=&#8221;4.27.4&#8243; _module_preset=&#8221;default&#8221; title_level=&#8221;h2&#8243; title_text_align=&#8221;left&#8221; title_font_size=&#8221;34px&#8221; width=&#8221;100%&#8221; width_tablet=&#8221;100%&#8221; width_phone=&#8221;100%&#8221; width_last_edited=&#8221;on|phone&#8221; custom_padding=&#8221;15px|||||&#8221; animation_style=&#8221;fade&#8221; title_line_height_tablet=&#8221;&#8221; title_line_height_phone=&#8221;1.1em&#8221; title_line_height_last_edited=&#8221;on|phone&#8221; locked=&#8221;off&#8221; global_colors_info=&#8221;{}&#8221;][\/et_pb_heading][et_pb_text quote_border_color=&#8221;gcid-2ebbc52c-9ee6-4712-a077-fcaec9b98540&#8243; _builder_version=&#8221;4.27.4&#8243; _module_preset=&#8221;default&#8221; text_font=&#8221;&#8211;et_global_heading_font||||||||&#8221; text_text_color=&#8221;gcid-heading-color&#8221; text_font_size=&#8221;17px&#8221; text_line_height=&#8221;1.6em&#8221; header_text_align=&#8221;left&#8221; custom_padding=&#8221;0px|||||&#8221; animation_style=&#8221;fade&#8221; animation_duration=&#8221;2000ms&#8221; text_font_size_tablet=&#8221;17px&#8221; text_font_size_phone=&#8221;17px&#8221; text_font_size_last_edited=&#8221;on|phone&#8221; text_line_height_tablet=&#8221;1.6em&#8221; text_line_height_phone=&#8221;1.4em&#8221; text_line_height_last_edited=&#8221;on|desktop&#8221; border_style_all=&#8221;inset&#8221; locked=&#8221;off&#8221; global_colors_info=&#8221;{%22gcid-2ebbc52c-9ee6-4712-a077-fcaec9b98540%22:%91%22quote_border_color%22,%22quote_border_color%22%93,%22gcid-heading-color%22:%91%22text_text_color%22%93}&#8221;]<\/p>\n<blockquote>\n<p>Nem<br \/>Nem vagyok<br \/>Nem vagyok j\u00f3<br \/>Nem vagyok el\u00e9g j\u00f3<br \/>Nem vagyok m\u00e9g el\u00e9g j\u00f3<br \/>Nem vagyok m\u00e9g mindig el\u00e9g j\u00f3<br \/>Nem vagyok m\u00e9g mindig el\u00e9g j\u00f3 neki<br \/>Soha sem leszek az aki igaz\u00e1b\u00f3l lehetn\u00e9k<br \/>Soha sem leszek az aki igaz\u00e1b\u00f3l<br \/>Soha sem leszek az aki<br \/>Soha sem leszek az <br \/>Soha sem leszek<br \/>Soha sem<br \/>Soha<br \/>Soha sem leszek az aki el\u00e9g j\u00f3 neki<br \/>Nem vagyok m\u00e9g mindig az aki igaz\u00e1b\u00f3l lehetn\u00e9k<\/p>\n<\/blockquote>\n<p>[\/et_pb_text][\/et_pb_column][\/et_pb_row][\/et_pb_section][et_pb_section fb_built=&#8221;1&#8243; _builder_version=&#8221;4.27.4&#8243; _module_preset=&#8221;default&#8221; custom_padding=&#8221;||0px|||&#8221; global_colors_info=&#8221;{}&#8221;][et_pb_row column_structure=&#8221;1_2,1_2&#8243; _builder_version=&#8221;4.27.4&#8243; _module_preset=&#8221;default&#8221; min_height=&#8221;89px&#8221; custom_margin=&#8221;-41px|auto||auto||&#8221; custom_padding=&#8221;3px||0px|||&#8221; global_colors_info=&#8221;{}&#8221;][et_pb_column type=&#8221;1_2&#8243; _builder_version=&#8221;4.27.4&#8243; _module_preset=&#8221;default&#8221; global_colors_info=&#8221;{}&#8221;][et_pb_heading title=&#8221;Pillanat&#8221; _builder_version=&#8221;4.27.4&#8243; _module_preset=&#8221;default&#8221; title_level=&#8221;h2&#8243; title_text_align=&#8221;left&#8221; title_font_size=&#8221;34px&#8221; width=&#8221;100%&#8221; width_tablet=&#8221;100%&#8221; width_phone=&#8221;100%&#8221; width_last_edited=&#8221;on|phone&#8221; custom_padding=&#8221;15px|||||&#8221; animation_style=&#8221;fade&#8221; title_line_height_tablet=&#8221;&#8221; title_line_height_phone=&#8221;1.1em&#8221; title_line_height_last_edited=&#8221;on|phone&#8221; global_colors_info=&#8221;{}&#8221;][\/et_pb_heading][et_pb_text quote_border_color=&#8221;gcid-2ebbc52c-9ee6-4712-a077-fcaec9b98540&#8243; _builder_version=&#8221;4.27.4&#8243; _module_preset=&#8221;default&#8221; text_font=&#8221;&#8211;et_global_heading_font||||||||&#8221; text_text_color=&#8221;gcid-heading-color&#8221; text_font_size=&#8221;17px&#8221; text_line_height=&#8221;1.6em&#8221; header_text_align=&#8221;left&#8221; animation_style=&#8221;fade&#8221; animation_duration=&#8221;2000ms&#8221; text_font_size_tablet=&#8221;17px&#8221; text_font_size_phone=&#8221;17px&#8221; text_font_size_last_edited=&#8221;on|phone&#8221; text_line_height_tablet=&#8221;1.6em&#8221; text_line_height_phone=&#8221;1.4em&#8221; text_line_height_last_edited=&#8221;on|desktop&#8221; border_style_all=&#8221;inset&#8221; locked=&#8221;off&#8221; global_colors_info=&#8221;{%22gcid-2ebbc52c-9ee6-4712-a077-fcaec9b98540%22:%91%22quote_border_color%22,%22quote_border_color%22%93,%22gcid-heading-color%22:%91%22text_text_color%22%93}&#8221;]<\/p>\n<blockquote>\n<p>Pillanat felv\u00e9tel az \u00e9letr\u0151l<br \/>ahogy kattan a g\u00e9p<br \/>V\u00e1rni ahogy k\u00e9sz\u00fcl a k\u00e9p<br \/>azt\u00e1n szembe n\u00e9zni vele<br \/>egy m\u00e1sik szemsz\u00f6gb\u0151l<br \/>\u00e9s f\u00e9lre tenni mert t\u00fal-<br \/>nyomaszt\u00f3 val\u00f3s\u00e1g- morzs\u00e1k <br \/>egyszer\u0171 keser\u0171s\u00e9g kapszul\u00e1k<br \/>ahogy bel\u00e9m ragadnak csak egy villan\u00e1s<br \/>Ijeszt\u0151 igazs\u00e1g,hogy az \u00e9let f\u00e1j..n\u00e9ha ennyire<br \/>Ha kimondom m\u00e9g jobban<br \/>Egy mondatba s\u0171r\u00edtett \u0151szintes\u00e9g<br \/>ahogy a f\u00e9lre tett \u00e9rz\u00e9sek f\u00e9lve a felsz\u00ednre t\u00f6rnek<br \/>utat keresve a f\u00e9lig em\u00e9sztett gondolatok k\u00f6z\u00f6tt<br \/>a mag\u00e1ny&#8221;mag\u00e1nsivatag\u00e1n&#8221;kereszt\u00fcl<br \/>amiben a l\u00e9lek elmer\u00fcl<br \/>Ez a pillanat lehet,hogy \u00f6r\u00f6kk\u00e9 tart<br \/>vagy csak k\u00e9pzelem,hogy a k\u00e9pzelet<\/p>\n<p>furcsa j\u00e1t\u00e9kot \u0171z velem<br \/>\u00c9n n\u00e9ha elt\u00e9vedek saj\u00e1t k\u00e9peim k\u00f6zt<br \/>\u00c9s n\u00e9ha elvesznek bennem a k\u00e9pek<br \/>Az \u00e9lettel szembe n\u00e9zek<br \/>De f\u00e9lek:<br \/>&#8222;Ha rosszul \u00e9rted f\u00e9lre<br \/>az eg\u00e9sz nem jelent semmit&#8221;<\/p>\n<\/blockquote>\n<p>[\/et_pb_text][\/et_pb_column][et_pb_column type=&#8221;1_2&#8243; _builder_version=&#8221;4.27.4&#8243; _module_preset=&#8221;default&#8221; global_colors_info=&#8221;{}&#8221;][et_pb_heading title=&#8221;Vihar&#8221; _builder_version=&#8221;4.27.4&#8243; _module_preset=&#8221;default&#8221; title_level=&#8221;h2&#8243; title_text_align=&#8221;left&#8221; title_font_size=&#8221;34px&#8221; width=&#8221;100%&#8221; width_tablet=&#8221;100%&#8221; width_phone=&#8221;100%&#8221; width_last_edited=&#8221;on|phone&#8221; custom_padding=&#8221;15px|||||&#8221; animation_style=&#8221;fade&#8221; title_line_height_tablet=&#8221;&#8221; title_line_height_phone=&#8221;1.1em&#8221; title_line_height_last_edited=&#8221;on|phone&#8221; locked=&#8221;off&#8221; global_colors_info=&#8221;{}&#8221;][\/et_pb_heading][et_pb_text quote_border_color=&#8221;gcid-2ebbc52c-9ee6-4712-a077-fcaec9b98540&#8243; _builder_version=&#8221;4.27.4&#8243; _module_preset=&#8221;default&#8221; text_font=&#8221;&#8211;et_global_heading_font||||||||&#8221; text_text_color=&#8221;gcid-heading-color&#8221; text_font_size=&#8221;17px&#8221; text_line_height=&#8221;1.6em&#8221; header_text_align=&#8221;left&#8221; custom_padding=&#8221;0px|||||&#8221; animation_style=&#8221;fade&#8221; animation_duration=&#8221;2000ms&#8221; text_font_size_tablet=&#8221;17px&#8221; text_font_size_phone=&#8221;17px&#8221; text_font_size_last_edited=&#8221;on|phone&#8221; text_line_height_tablet=&#8221;1.6em&#8221; text_line_height_phone=&#8221;1.4em&#8221; text_line_height_last_edited=&#8221;on|desktop&#8221; border_style_all=&#8221;inset&#8221; locked=&#8221;off&#8221; global_colors_info=&#8221;{%22gcid-2ebbc52c-9ee6-4712-a077-fcaec9b98540%22:%91%22quote_border_color%22,%22quote_border_color%22%93,%22gcid-heading-color%22:%91%22text_text_color%22%93}&#8221;]<\/p>\n<blockquote>\n<p><span style=\"font-size: 17px;\">Fekete fellegek fesz\u00fclnek felettem<\/span><\/p>\n<p>\u00c9gi olt\u00e1ron kegyelmet kerestem<br \/>Ez m\u00e1r a vihar szele,amit a b\u0151r\u00f6m\u00f6n \u00e9rzek<br \/>De te higgy nekem k\u00e9rlek<br \/>Elmondok mindent,az igazs\u00e1gt\u00f3l m\u00e1r nem f\u00e9lek<br \/>De ebben a hazugs\u00e1g zivatarban,neh\u00e9z a l\u00e9gz\u00e9s<br \/>Egyre keservesebb minden l\u00e9p\u00e9s<br \/>Mert kihal\u00e1s sz\u00e9l\u00e9n fuldoklik a szerelem<br \/>Az \u00e9rz\u00e9seimet koszos kisp\u00e1rn\u00e1kba temetem<br \/>Magamt\u00f3l is t\u00e1vol,sz\u00f3tlanul<br \/>Csak fekszem \u00e1lmatlanul<br \/>A k\u00e9ts\u00e9gbees\u00e9s ejt rabul<br \/>De csak az es\u0151t kapom v\u00e1laszul..<\/p>\n<p>HOLNAPUT\u00c1N<\/p>\n<p>K\u00f6nnyekben \u00fasz\u00f3 reggel<br \/>Fagypont alatti \u00e9rz\u00e9sek<br \/>Az \u00e9jszaka k\u00ednjai nem old\u00f3dnak a dupla k\u00e1v\u00e8mban<br \/>Felh\u00edvlak<br \/>Musz\u00e1j hallanom a hangodat<br \/>Megt\u00e9p\u00e1z a t\u00e1vols\u00e1g<br \/>Innen miden messze van<br \/>Az \u00e9ter elnyeli a val\u00f3s tartalmat<br \/>Lecsupasz\u00edtott egyszer\u0171 mondatok<br \/>Sosem vagyok egyed\u00fcl<br \/>Mindig egyed\u00fcl vagyok<br \/>Ez a t\u00e9l nem tesz j\u00f3t nekem<br \/>Ez egy lehetetlen helyzet<br \/>Nincs r\u00e1 megold\u00f3 k\u00e9plet<br \/>a\u00b2+b\u00b2=neh\u00e9z+elviselhetetlen <br \/>T\u00fal kell \u00e9lni,el fog m\u00falni-mondogatom<br \/>Tudom,de nem hiszem el<br \/>Hideg van:kint is, bent is<br \/>K\u00f6d van:Nem l\u00e1tom az ir\u00e1nyt<br \/>P\u00e1ra lecsap\u00f3d\u00e1s a gondolatok tenger\u00e9n<br \/>Tengerfen\u00e9k,kopott z\u00e1tony<br \/>\u00dcres a kincses l\u00e1da<br \/>Haj\u00f3vont\u00e1k tal\u00e1lkoz\u00e1sa tenger\u00e9szemn\u00e9l<br \/>\u00c9n meg f\u00e9l szemmel figyelem az id\u0151t,<\/p>\n<p>az \u00f6r\u00f6k ellens\u00e9get \u00e9s k\u00f6lcs\u00f6n\u00f6s meg nem<\/p>\n<p>t\u00e1mad\u00e1si szerz\u0151d\u00e9st \u00edrunk al\u00e1<\/p>\n<\/blockquote>\n<p>[\/et_pb_text][\/et_pb_column][\/et_pb_row][\/et_pb_section][et_pb_section fb_built=&#8221;1&#8243; _builder_version=&#8221;4.27.4&#8243; _module_preset=&#8221;default&#8221; custom_padding=&#8221;||0px|||&#8221; global_colors_info=&#8221;{}&#8221;][et_pb_row column_structure=&#8221;1_2,1_2&#8243; _builder_version=&#8221;4.27.4&#8243; _module_preset=&#8221;default&#8221; min_height=&#8221;89px&#8221; custom_margin=&#8221;-41px|auto||auto||&#8221; custom_padding=&#8221;3px||0px|||&#8221; global_colors_info=&#8221;{}&#8221;][et_pb_column type=&#8221;1_2&#8243; _builder_version=&#8221;4.27.4&#8243; _module_preset=&#8221;default&#8221; global_colors_info=&#8221;{}&#8221;][et_pb_heading title=&#8221;SimonTurbukM\u00e1rtonIstv\u00e1n-Polaroidok-Pillanatfelv\u00e9tel&#8221; _builder_version=&#8221;4.27.4&#8243; _module_preset=&#8221;default&#8221; title_level=&#8221;h2&#8243; title_text_align=&#8221;left&#8221; title_font_size=&#8221;34px&#8221; width=&#8221;100%&#8221; width_tablet=&#8221;100%&#8221; width_phone=&#8221;100%&#8221; width_last_edited=&#8221;on|phone&#8221; custom_padding=&#8221;15px|||||&#8221; animation_style=&#8221;fade&#8221; title_line_height_tablet=&#8221;&#8221; title_line_height_phone=&#8221;1.1em&#8221; title_line_height_last_edited=&#8221;on|phone&#8221; global_colors_info=&#8221;{}&#8221;][\/et_pb_heading][et_pb_text quote_border_color=&#8221;gcid-2ebbc52c-9ee6-4712-a077-fcaec9b98540&#8243; _builder_version=&#8221;4.27.4&#8243; _module_preset=&#8221;default&#8221; text_font=&#8221;&#8211;et_global_heading_font||||||||&#8221; text_text_color=&#8221;gcid-heading-color&#8221; text_font_size=&#8221;17px&#8221; text_line_height=&#8221;1.6em&#8221; header_text_align=&#8221;left&#8221; animation_style=&#8221;fade&#8221; animation_duration=&#8221;2000ms&#8221; text_font_size_tablet=&#8221;17px&#8221; text_font_size_phone=&#8221;17px&#8221; text_font_size_last_edited=&#8221;on|phone&#8221; text_line_height_tablet=&#8221;1.6em&#8221; text_line_height_phone=&#8221;1.4em&#8221; text_line_height_last_edited=&#8221;on|desktop&#8221; border_style_all=&#8221;inset&#8221; locked=&#8221;off&#8221; global_colors_info=&#8221;{%22gcid-2ebbc52c-9ee6-4712-a077-fcaec9b98540%22:%91%22quote_border_color%22,%22quote_border_color%22%93,%22gcid-heading-color%22:%91%22text_text_color%22%93}&#8221;]<\/p>\n<blockquote>\n<p>Pillanat felv\u00e9tel az \u00e9letr\u0151l<br \/>ahogy kattan a g\u00e9p<br \/>V\u00e1rni ahogy k\u00e9sz\u00fcl a k\u00e9p<br \/>azt\u00e1n szembe n\u00e9zni vele<br \/>egy m\u00e1sik szemsz\u00f6gb\u0151l<br \/>\u00e9s f\u00e9lre tenni mert t\u00fal-<br \/>nyomaszt\u00f3 val\u00f3s\u00e1g- morzs\u00e1k<br \/>egyszer\u0171 keser\u0171s\u00e9g kapszul\u00e1k<br \/>ahogy bel\u00e9m ragadnak csak egy villan\u00e1s<br \/>Ijeszt\u0151 igazs\u00e1g,hogy az \u00e9let f\u00e1j..n\u00e9ha ennyire<br \/>Ha kimondom m\u00e9g jobban<br \/>Egy mondatba s\u0171r\u00edtett \u0151szintes\u00e9g<br \/>ahogy a f\u00e9lre tett \u00e9rz\u00e9sek f\u00e9lve a felsz\u00ednre t\u00f6rnek<br \/>utat keresve a f\u00e9lig em\u00e9sztett gondolatok k\u00f6z\u00f6tt<br \/>a mag\u00e1ny&#8221;mag\u00e1nsivatag\u00e1n&#8221;<\/p>\n<p>kereszt\u00fcl<br \/>amiben a l\u00e9lek elmer\u00fcl<br \/>Ez a pillanat lehet,hogy \u00f6r\u00f6kk\u00e9 tart<br \/>vagy csak \u00e9n k\u00e9pzelem,hogy a k\u00e9pzelet furcsa j\u00e1t\u00e9kot \u0171z velem<br \/>amiben n\u00e9ha elt\u00e9vedek<\/p>\n<\/blockquote>\n<p>[\/et_pb_text][\/et_pb_column][et_pb_column type=&#8221;1_2&#8243; _builder_version=&#8221;4.27.4&#8243; _module_preset=&#8221;default&#8221; global_colors_info=&#8221;{}&#8221;][et_pb_heading title=&#8221;Az id\u0151 egy szuszogva kocog\u00f3 kisfi\u00fa-Simon M\u00e1rton&#8221; _builder_version=&#8221;4.27.4&#8243; _module_preset=&#8221;default&#8221; title_level=&#8221;h2&#8243; title_text_align=&#8221;left&#8221; title_font_size=&#8221;34px&#8221; width=&#8221;100%&#8221; width_tablet=&#8221;100%&#8221; width_phone=&#8221;100%&#8221; width_last_edited=&#8221;on|phone&#8221; custom_padding=&#8221;15px|||||&#8221; animation_style=&#8221;fade&#8221; title_line_height_tablet=&#8221;&#8221; title_line_height_phone=&#8221;1.1em&#8221; title_line_height_last_edited=&#8221;on|phone&#8221; locked=&#8221;off&#8221; global_colors_info=&#8221;{}&#8221;][\/et_pb_heading][et_pb_text quote_border_color=&#8221;gcid-2ebbc52c-9ee6-4712-a077-fcaec9b98540&#8243; _builder_version=&#8221;4.27.4&#8243; _module_preset=&#8221;default&#8221; text_font=&#8221;&#8211;et_global_heading_font||||||||&#8221; text_text_color=&#8221;gcid-heading-color&#8221; text_font_size=&#8221;17px&#8221; text_line_height=&#8221;1.6em&#8221; header_text_align=&#8221;left&#8221; custom_padding=&#8221;0px|||||&#8221; animation_style=&#8221;fade&#8221; animation_duration=&#8221;2000ms&#8221; text_font_size_tablet=&#8221;17px&#8221; text_font_size_phone=&#8221;17px&#8221; text_font_size_last_edited=&#8221;on|phone&#8221; text_line_height_tablet=&#8221;1.6em&#8221; text_line_height_phone=&#8221;1.4em&#8221; text_line_height_last_edited=&#8221;on|desktop&#8221; border_style_all=&#8221;inset&#8221; locked=&#8221;off&#8221; global_colors_info=&#8221;{%22gcid-2ebbc52c-9ee6-4712-a077-fcaec9b98540%22:%91%22quote_border_color%22,%22quote_border_color%22%93,%22gcid-heading-color%22:%91%22text_text_color%22%93}&#8221;]<\/p>\n<blockquote>\n<p>Az id\u0151 egy szuszogva kocog\u00f3 kisfi\u00fa<\/p>\n<p>Magamra ismertem.minden stimmel.<br \/>Id\u0151 vagyok mert elm\u00falok.<br \/>Id\u0151s vagyok \u00e9s kiny\u00falok.<br \/>Egyid\u0151s vagyok<br \/>Id\u0151s vagyok mert rengeteg van m\u00e9g h\u00e1tra sem n\u00e9zek m\u00edg ezzel nem v\u00e9gzek.<br \/>Egy vagyok,mer egyed\u00fcl lenni j\u00f3.<br \/>Egy vagyok a sok k\u00f6z\u00fcl.<br \/>Egy vagyok \u00e9s egyet akarok.<br \/>Csak egy maradhat.<br \/>Csak egy,marad 6.<br \/>Szuszog\u00f3 vagyok<br \/>Szuszogva alszom,megyek fel a l\u00e9pcs\u0151n,\u00fcl\u00f6k fel az \u00e1gyban,dolgozom,pihenek.<br \/>Kocog\u00f3 vagyok hetente 2x-3x-szor.<br \/>K\u00f6rbe-k\u00f6rbe kifullad\u00e1sig.<br \/>Zen\u00e9re,\u00fctemtelen\u00fcl,megr\u00e9m\u00fcl aki l\u00e1t egy kocog\u00f3 terhes lajh\u00e1r?<br \/>Kisfi\u00fa vagyok,tanulok b\u00e1nni az id\u0151vel.<br \/>Egy kisfi\u00fa vagyok csak.<br \/>Szuszogva vagyok kisfi\u00fa.<br \/>Tanulok tanulni<br \/>Tanulok mert kisfi\u00fa vagyok Lemaradtam,sok mindent nem tudok.<br \/>(Oszt\u00e1ly)t\u00e1rsaim hozz\u00e1k nekem a leck\u00e9t.<br \/>Fel lett adva<br \/>(M\u00e9g \u00e9pp)Id\u0151ben<\/p>\n<\/blockquote>\n<p>[\/et_pb_text][\/et_pb_column][\/et_pb_row][\/et_pb_section][et_pb_section fb_built=&#8221;1&#8243; _builder_version=&#8221;4.27.4&#8243; _module_preset=&#8221;default&#8221; custom_padding=&#8221;||0px|||&#8221; global_colors_info=&#8221;{}&#8221;][et_pb_row column_structure=&#8221;1_2,1_2&#8243; _builder_version=&#8221;4.27.4&#8243; _module_preset=&#8221;default&#8221; min_height=&#8221;89px&#8221; custom_margin=&#8221;-41px|auto||auto||&#8221; custom_padding=&#8221;3px||0px|||&#8221; global_colors_info=&#8221;{}&#8221;][et_pb_column type=&#8221;1_2&#8243; _builder_version=&#8221;4.27.4&#8243; _module_preset=&#8221;default&#8221; global_colors_info=&#8221;{}&#8221;][et_pb_heading title=&#8221;\u00c1lom \u00e9s v\u00e9r&#8221; _builder_version=&#8221;4.27.4&#8243; _module_preset=&#8221;default&#8221; title_level=&#8221;h2&#8243; title_text_align=&#8221;left&#8221; title_font_size=&#8221;34px&#8221; width=&#8221;100%&#8221; width_tablet=&#8221;100%&#8221; width_phone=&#8221;100%&#8221; width_last_edited=&#8221;on|phone&#8221; custom_padding=&#8221;15px|||||&#8221; animation_style=&#8221;fade&#8221; title_line_height_tablet=&#8221;&#8221; title_line_height_phone=&#8221;1.1em&#8221; title_line_height_last_edited=&#8221;on|phone&#8221; global_colors_info=&#8221;{}&#8221;][\/et_pb_heading][et_pb_text quote_border_color=&#8221;gcid-2ebbc52c-9ee6-4712-a077-fcaec9b98540&#8243; _builder_version=&#8221;4.27.4&#8243; _module_preset=&#8221;default&#8221; text_font=&#8221;&#8211;et_global_heading_font||||||||&#8221; text_text_color=&#8221;gcid-heading-color&#8221; text_font_size=&#8221;17px&#8221; text_line_height=&#8221;1.6em&#8221; header_text_align=&#8221;left&#8221; animation_style=&#8221;fade&#8221; animation_duration=&#8221;2000ms&#8221; text_font_size_tablet=&#8221;17px&#8221; text_font_size_phone=&#8221;17px&#8221; text_font_size_last_edited=&#8221;on|phone&#8221; text_line_height_tablet=&#8221;1.6em&#8221; text_line_height_phone=&#8221;1.4em&#8221; text_line_height_last_edited=&#8221;on|desktop&#8221; border_style_all=&#8221;inset&#8221; locked=&#8221;off&#8221; global_colors_info=&#8221;{%22gcid-2ebbc52c-9ee6-4712-a077-fcaec9b98540%22:%91%22quote_border_color%22,%22quote_border_color%22%93,%22gcid-heading-color%22:%91%22text_text_color%22%93}&#8221;]<\/p>\n<blockquote>\n<p>V\u00f6r\u00f6s volt minden<br \/>R\u00f3zs\u00e1k bor\u00edtott\u00e1k a helys\u00e9get \u00e9s v\u00e9r<br \/>Romantikus r\u00e9v\u00fcletben \u00faszott a pillanat<br \/>\u00d6sszet\u00f6rt szerelem darabjai hevertek minden\u00fctt \u00e9s<\/p>\n<p>v\u00e9r -v\u00f6r\u00f6s-bor ki\u00f6ntve<br \/>A sz\u0151nyegen friss csal\u00f3d\u00e1s foltok<br \/>V\u00e1gyfoszl\u00e1nyok a falon \u00e9s v\u00e9r<br \/>A ki\u00e1br\u00e1ndults\u00e1g torz mosollyal nevet r\u00e1m<br \/>Indulatok b\u00e1rmerre n\u00e9zek \u00e9s v\u00e9r<br \/>Sz\u00e9tszabdalt f\u00e9nyk\u00e9pek hevernek szanasz\u00e9t<br \/>A bossz\u00fa illat\u00e1t\u00f3l megsz\u00e9d\u00fclve elhom\u00e1lyosul l\u00e1t\u00e1som<br \/>Nem l\u00e1tlak t\u00e9ged nem l\u00e1tom a holnapot csak v\u00e9rt<br \/>A hal\u00e1lszag kiszor\u00edtja a leveg\u0151t bel\u0151lem<br \/>Neh\u00e9z a l\u00e9gz\u00e9sem,neh\u00e9z a l\u00e9tez\u00e9sem<br \/>K\u00f6nny\u0171 az elm\u00fal\u00e1s,k\u00f6nnyed ez a l\u00e1tom\u00e1s<br \/>A csend lassan fojt meg<br \/>nem tal\u00e1llak nem tal\u00e1lom magam<br \/>Remegve \u00e9bredek,izzadts\u00e1gban \u00faszom<br \/>kapkodom fejem:hol vagyok?<br \/>Kin\u00e9zek az ablakon \u00e9s megnyugszom&#8230;<br \/>Fel\u00e9bresztelek \u00e9s szerelmes szavakkal azt s\u00fagom:<br \/>N\u00e9zd milyen sz\u00e9p ahogy l\u00e1ngol az \u00e9g<br \/>Viharban a vil\u00e1g \u00e9s minden csupa v\u00e9r&#8230;..<\/p>\n<\/blockquote>\n<p>[\/et_pb_text][\/et_pb_column][et_pb_column type=&#8221;1_2&#8243; _builder_version=&#8221;4.27.4&#8243; _module_preset=&#8221;default&#8221; global_colors_info=&#8221;{}&#8221;][et_pb_heading title=&#8221;\u00datveszt\u0151ben&#8221; _builder_version=&#8221;4.27.4&#8243; _module_preset=&#8221;default&#8221; title_level=&#8221;h2&#8243; title_text_align=&#8221;left&#8221; title_font_size=&#8221;34px&#8221; width=&#8221;100%&#8221; width_tablet=&#8221;100%&#8221; width_phone=&#8221;100%&#8221; width_last_edited=&#8221;on|phone&#8221; custom_padding=&#8221;15px|||||&#8221; animation_style=&#8221;fade&#8221; title_line_height_tablet=&#8221;&#8221; title_line_height_phone=&#8221;1.1em&#8221; title_line_height_last_edited=&#8221;on|phone&#8221; locked=&#8221;off&#8221; global_colors_info=&#8221;{}&#8221;][\/et_pb_heading][et_pb_text quote_border_color=&#8221;gcid-2ebbc52c-9ee6-4712-a077-fcaec9b98540&#8243; _builder_version=&#8221;4.27.4&#8243; _module_preset=&#8221;default&#8221; text_font=&#8221;&#8211;et_global_heading_font||||||||&#8221; text_text_color=&#8221;gcid-heading-color&#8221; text_font_size=&#8221;17px&#8221; text_line_height=&#8221;1.6em&#8221; header_text_align=&#8221;left&#8221; custom_padding=&#8221;0px|||||&#8221; animation_style=&#8221;fade&#8221; animation_duration=&#8221;2000ms&#8221; text_font_size_tablet=&#8221;17px&#8221; text_font_size_phone=&#8221;17px&#8221; text_font_size_last_edited=&#8221;on|phone&#8221; text_line_height_tablet=&#8221;1.6em&#8221; text_line_height_phone=&#8221;1.4em&#8221; text_line_height_last_edited=&#8221;on|desktop&#8221; border_style_all=&#8221;inset&#8221; locked=&#8221;off&#8221; global_colors_info=&#8221;{%22gcid-2ebbc52c-9ee6-4712-a077-fcaec9b98540%22:%91%22quote_border_color%22,%22quote_border_color%22%93,%22gcid-heading-color%22:%91%22text_text_color%22%93}&#8221;]<\/p>\n<blockquote>\n<p>A reggeli nap f\u00e9ny\u00e9ben a vihar<br \/>f\u00e9lelmetesnek t\u0171nik<br \/>L\u00e1thatatlan er\u0151k k\u00fczdenek k\u00f6r\u00fcl\u00f6ttem<br \/>egyed\u00fcl gyenge vagyok<br \/>A pillanatba fagyba elmerengek<br \/>a b\u00f6lcsek szavain<br \/>Arcom a t\u00f6megben ahogy sodr\u00f3dom az \u00e1rral<br \/>Az \u00fat neh\u00e9zs\u00e9gi foka n\u0151,az emelked\u0151 egyre meredekebb<br \/>A lehet\u0151s\u00e9gek lassan elfogynak,csapd\u00e1ban verg\u0151d\u00f6k<br \/>Beljebb \u00e9s egyre beljebb az \u00fatveszt\u0151ben,h\u00e1tam m\u00f6g\u00f6tt senki<br \/>el\u0151ttem a semmi,nem l\u00e1tok,nem \u00e9rzek hol vagyok&#8230;nem tudom.<br \/>Bizonytalan l\u00e9p\u00e9sek,k\u00e9ts\u00e9gbeesett mozdulatok<br \/>Remeg\u0151 sz\u00edvvel v\u00e1rom a holnapot<br \/>Csak a t\u00fal\u00e9l\u00e9sre j\u00e1tszani kock\u00e1zatos<br \/>Nyugtalan \u00f3r\u00e1k,napok<br \/>\u00f6n-sors ront\u00f3 gondolatok,v\u00e1gyak,t\u00e9ved\u00e9sek<br \/>mi\u00e9rtek,mi\u00e9rt-te?<br \/>A f\u00e9lelem kisz\u00edvja bel\u0151lem az \u00e9let er\u0151t<br \/>Elsorvadok<br \/>Miel\u0151tt megtal\u00e1lom a k\u00e9pletet a megold\u00e1shoz<\/p>\n<\/blockquote>\n<p>[\/et_pb_text][\/et_pb_column][\/et_pb_row][\/et_pb_section][et_pb_section fb_built=&#8221;1&#8243; _builder_version=&#8221;4.27.4&#8243; _module_preset=&#8221;default&#8221; custom_padding=&#8221;||0px|||&#8221; global_colors_info=&#8221;{}&#8221;][et_pb_row column_structure=&#8221;1_2,1_2&#8243; _builder_version=&#8221;4.27.4&#8243; _module_preset=&#8221;default&#8221; min_height=&#8221;89px&#8221; custom_margin=&#8221;-41px|auto||auto||&#8221; custom_padding=&#8221;3px||0px|||&#8221; global_colors_info=&#8221;{}&#8221;][et_pb_column type=&#8221;1_2&#8243; _builder_version=&#8221;4.27.4&#8243; _module_preset=&#8221;default&#8221; global_colors_info=&#8221;{}&#8221;][et_pb_heading title=&#8221;\u00dajra, megint&#8221; _builder_version=&#8221;4.27.4&#8243; _module_preset=&#8221;default&#8221; title_level=&#8221;h2&#8243; title_text_align=&#8221;left&#8221; title_font_size=&#8221;34px&#8221; width=&#8221;100%&#8221; width_tablet=&#8221;100%&#8221; width_phone=&#8221;100%&#8221; width_last_edited=&#8221;on|phone&#8221; custom_padding=&#8221;15px|||||&#8221; animation_style=&#8221;fade&#8221; title_line_height_tablet=&#8221;&#8221; title_line_height_phone=&#8221;1.1em&#8221; title_line_height_last_edited=&#8221;on|phone&#8221; global_colors_info=&#8221;{}&#8221;][\/et_pb_heading][et_pb_text quote_border_color=&#8221;gcid-2ebbc52c-9ee6-4712-a077-fcaec9b98540&#8243; _builder_version=&#8221;4.27.4&#8243; _module_preset=&#8221;default&#8221; text_font=&#8221;&#8211;et_global_heading_font||||||||&#8221; text_text_color=&#8221;gcid-heading-color&#8221; text_font_size=&#8221;17px&#8221; text_line_height=&#8221;1.6em&#8221; header_text_align=&#8221;left&#8221; animation_style=&#8221;fade&#8221; animation_duration=&#8221;2000ms&#8221; text_font_size_tablet=&#8221;17px&#8221; text_font_size_phone=&#8221;17px&#8221; text_font_size_last_edited=&#8221;on|phone&#8221; text_line_height_tablet=&#8221;1.6em&#8221; text_line_height_phone=&#8221;1.4em&#8221; text_line_height_last_edited=&#8221;on|desktop&#8221; border_style_all=&#8221;inset&#8221; locked=&#8221;off&#8221; global_colors_info=&#8221;{%22gcid-2ebbc52c-9ee6-4712-a077-fcaec9b98540%22:%91%22quote_border_color%22,%22quote_border_color%22%93,%22gcid-heading-color%22:%91%22text_text_color%22%93}&#8221;]<\/p>\n<blockquote>\n<p>Belen\u00e9zek a visszapillant\u00f3ba<br \/>\u00c9s megl\u00e1tlak t\u00e9ged<br \/>Felzaklatod beteg elm\u00e9met<br \/>Tolatn\u00e9k,rohann\u00e9k<br \/>Mindent odaadn\u00e9k<br \/>Csak lehessek veled<br \/>Megint,\u00fajra!<br \/>\u00dajra,megint!<br \/>A m\u00falt vihara homlokon legyint<br \/>F\u00e1j&#8230;<br \/>\u00dajra,megint<br \/>Megint,\u00fajra<br \/>Gy\u00e1vas\u00e1gom falai m\u00f6g\u00e9 visszavonulva<br \/>Elb\u00fajok,riad\u00f3t f\u00fajok<br \/>Megint,\u00fajra<br \/>Mindig \u00e9s mindenkor<br \/>Mindenhol,b\u00e1rmikor<br \/>Ha r\u00e1m tal\u00e1l ez az \u00e9rz\u00e9s<br \/>Menek\u00fcln\u00e9k<br \/>De akkor megint elt\u00e9vedn\u00e9k<br \/>Veled vagy n\u00e9lk\u00fcled &#8230;.<br \/>Teljesen mindegy<br \/>El\u00f6lr\u0151l kezdem<br \/>Megint,\u00fajra<br \/>Minden s\u00e9m\u00e1t felr\u00fagva<br \/>Eltaposva<br \/>Magamb\u00f3l kifordulva<br \/>\u00dcv\u00f6ltve,ord\u00edtva<br \/>Pillanatnyilag megh\u00e1borodva<br \/>\u00dajra,megint<br \/>de m\u00e1r csak legyint&#8230;.<br \/>Manaps\u00e1g ritk\u00e1n n\u00e9zek a visszapillant\u00f3ba<br \/>T\u00e9ged sem l\u00e1ttalak egy ideje<br \/>De egy gombnyom\u00e1ssal \u00e9letre keltelek<br \/>\u00c9s megint \u00e9s \u00fajra&#8230;.<\/p>\n<\/blockquote>\n<p>[\/et_pb_text][\/et_pb_column][et_pb_column type=&#8221;1_2&#8243; _builder_version=&#8221;4.27.4&#8243; _module_preset=&#8221;default&#8221; global_colors_info=&#8221;{}&#8221;][et_pb_heading title=&#8221;L\u00e1tni&#8221; _builder_version=&#8221;4.27.4&#8243; _module_preset=&#8221;default&#8221; title_level=&#8221;h2&#8243; title_text_align=&#8221;left&#8221; title_font_size=&#8221;34px&#8221; width=&#8221;100%&#8221; width_tablet=&#8221;100%&#8221; width_phone=&#8221;100%&#8221; width_last_edited=&#8221;on|phone&#8221; custom_padding=&#8221;15px|||||&#8221; animation_style=&#8221;fade&#8221; title_line_height_tablet=&#8221;&#8221; title_line_height_phone=&#8221;1.1em&#8221; title_line_height_last_edited=&#8221;on|phone&#8221; locked=&#8221;off&#8221; global_colors_info=&#8221;{}&#8221;][\/et_pb_heading][et_pb_text quote_border_color=&#8221;gcid-2ebbc52c-9ee6-4712-a077-fcaec9b98540&#8243; _builder_version=&#8221;4.27.4&#8243; _module_preset=&#8221;default&#8221; text_font=&#8221;&#8211;et_global_heading_font||||||||&#8221; text_text_color=&#8221;gcid-heading-color&#8221; text_font_size=&#8221;17px&#8221; text_line_height=&#8221;1.6em&#8221; header_text_align=&#8221;left&#8221; custom_padding=&#8221;0px|||||&#8221; animation_style=&#8221;fade&#8221; animation_duration=&#8221;2000ms&#8221; text_font_size_tablet=&#8221;17px&#8221; text_font_size_phone=&#8221;17px&#8221; text_font_size_last_edited=&#8221;on|phone&#8221; text_line_height_tablet=&#8221;1.6em&#8221; text_line_height_phone=&#8221;1.4em&#8221; text_line_height_last_edited=&#8221;on|desktop&#8221; border_style_all=&#8221;inset&#8221; locked=&#8221;off&#8221; global_colors_info=&#8221;{%22gcid-2ebbc52c-9ee6-4712-a077-fcaec9b98540%22:%91%22quote_border_color%22,%22quote_border_color%22%93,%22gcid-heading-color%22:%91%22text_text_color%22%93}&#8221;]<\/p>\n<blockquote>\n<p>L\u00e1tni&#8230;..<\/p>\n<p>F\u00e1j ha l\u00e0tlak<br \/>Szomor\u00fa vagyok ha nem<br \/>Nincs j\u00f3 d\u00f6nt\u00e9s<br \/>Megint nincs megold\u00e1s<br \/>Az id\u0151 elf\u00e1rad,megpihen<br \/>halogatja a v\u00e9gkifejletet.<br \/>Szorul a sz\u00edv hurok<br \/>Csapd\u00e1ban az \u00e9rtelem,<br \/>Satuban a l\u00e9lek,<br \/>Sz\u00e1rny n\u00e9lk\u00fcli gondolatok<br \/>te vagy az akihez visszat\u00e9rnek.<br \/>Fant\u00e1zi\u00e1m egy s\u00e9m\u00e1t k\u00f6vet<br \/>\u00c1ll\u00f3 k\u00e9p,fel-fel villan<br \/>Szikra fel-fel lobban<br \/>Megadom magam az \u00e9rz\u00e9snek<br \/>Tudatos\u00edtott tehetetlens\u00e9g<br \/>K\u00e9ts\u00e9gbeesett gy\u00f6tr\u0151d\u00e9s.<br \/>Mert szomor\u00fa vagyok ha l\u00e0tlak<br \/>\u00c9s f\u00e0j ha nem<br \/>Ugyanazt az \u0151r\u00fcletet kergetem<br \/>V\u00e1gyaim t\u00fcrelmetlen\u00fcl<br \/>Zakatolnak,fesz\u00edtenek<br \/>Az agy parancsnak nem engedelmeskednek.<br \/>Zavarodott pillanatok<br \/>Kusza k\u00ednok.<br \/>K\u00e1osz kalibr\u00e1l<br \/>Be\u00e1ll\u00edt a szenved\u00e9s,<br \/>megnehez\u00edti a jelent,<br \/>Ahogy \u00edgy alattomosan kit\u00f6lti a rendelkez\u00e9sre \u00e1ll\u00f3 teret.<br \/>K\u00e9pzelet \u00e1ltal sz\u0151tt furcsa h\u00e1l\u00f3ba belegabalyodok,<br \/>Beteg elme torz sz\u00fclem\u00e9ny\u00e9t\u0151l vissza riadok.<br \/>Val\u00f3s\u00e1g hal\u00e1l<br \/>Igazs\u00e1g torzul\u00e1s<br \/>F\u00e9lelmetes bizonytalans\u00e0g.<br \/>Mert felzaklat ha l\u00e1tlak \u00e9s<br \/>Meg\u0151r\u00fcl\u00f6k ha nem<br \/>Mag\u00e1ny monol\u00f3gomra v\u00e1laszol a csend<br \/>Szavaim nem jutnak el hozz\u00e1d,visszhangozz\u00e1k az \u00fcres terek<br \/>Nekem \u00fagy a legjobb ha gyorsan elfelejtelek!<\/p>\n<\/blockquote>\n<p>[\/et_pb_text][\/et_pb_column][\/et_pb_row][\/et_pb_section][et_pb_section fb_built=&#8221;1&#8243; _builder_version=&#8221;4.27.4&#8243; _module_preset=&#8221;default&#8221; custom_padding=&#8221;||0px|||&#8221; global_colors_info=&#8221;{}&#8221;][et_pb_row column_structure=&#8221;1_2,1_2&#8243; _builder_version=&#8221;4.27.4&#8243; _module_preset=&#8221;default&#8221; min_height=&#8221;89px&#8221; custom_margin=&#8221;-41px|auto||auto||&#8221; custom_padding=&#8221;3px||0px|||&#8221; global_colors_info=&#8221;{}&#8221;][et_pb_column type=&#8221;1_2&#8243; _builder_version=&#8221;4.27.4&#8243; _module_preset=&#8221;default&#8221; global_colors_info=&#8221;{}&#8221;][et_pb_heading title=&#8221;Ez az a H\u00c1Z&#8221; _builder_version=&#8221;4.27.4&#8243; _module_preset=&#8221;default&#8221; title_level=&#8221;h2&#8243; title_text_align=&#8221;left&#8221; title_font_size=&#8221;34px&#8221; width=&#8221;100%&#8221; width_tablet=&#8221;100%&#8221; width_phone=&#8221;100%&#8221; width_last_edited=&#8221;on|phone&#8221; custom_padding=&#8221;15px|||||&#8221; animation_style=&#8221;fade&#8221; title_line_height_tablet=&#8221;&#8221; title_line_height_phone=&#8221;1.1em&#8221; title_line_height_last_edited=&#8221;on|phone&#8221; global_colors_info=&#8221;{}&#8221;][\/et_pb_heading][et_pb_text quote_border_color=&#8221;gcid-2ebbc52c-9ee6-4712-a077-fcaec9b98540&#8243; _builder_version=&#8221;4.27.4&#8243; _module_preset=&#8221;default&#8221; text_font=&#8221;&#8211;et_global_heading_font||||||||&#8221; text_text_color=&#8221;gcid-heading-color&#8221; text_font_size=&#8221;17px&#8221; text_line_height=&#8221;1.6em&#8221; header_text_align=&#8221;left&#8221; animation_style=&#8221;fade&#8221; animation_duration=&#8221;2000ms&#8221; text_font_size_tablet=&#8221;17px&#8221; text_font_size_phone=&#8221;17px&#8221; text_font_size_last_edited=&#8221;on|phone&#8221; text_line_height_tablet=&#8221;1.6em&#8221; text_line_height_phone=&#8221;1.4em&#8221; text_line_height_last_edited=&#8221;on|desktop&#8221; border_style_all=&#8221;inset&#8221; locked=&#8221;off&#8221; global_colors_info=&#8221;{%22gcid-2ebbc52c-9ee6-4712-a077-fcaec9b98540%22:%91%22quote_border_color%22,%22quote_border_color%22%93,%22gcid-heading-color%22:%91%22text_text_color%22%93}&#8221;]<\/p>\n<blockquote>\n<p>Mit hozott id\u00e9n a Mikul\u00e1s?<\/p>\n<p>nem sok mindent mondhatn\u00e1m,<\/p>\n<p>de ha jobban belegondolok<\/p>\n<p>kaptam egy csom\u00f3 \u00faj dolgot.<\/p>\n<p>Megv\u00e1ltozott minden bennem \u00e9s k\u00f6r\u00fcl\u00f6ttem<\/p>\n<p>\u00e9s ha ennek nem is mindig \u00f6r\u00fcltem,<\/p>\n<p>el kellett fogadnom \u00e9s meg kellett \u00e9rtenem<\/p>\n<p>mert ez most m\u00e1r az \u00c9N saj\u00e1t \u00e9letem.<\/p>\n<p>Nem m\u00e1sokra kell figyelnem<\/p>\n<p>hanem magam\u00e9rt kell a dolgokat megtennem,<\/p>\n<p>\u00e9s ha nem figyelek<\/p>\n<p>minden marad a r\u00e9giben<\/p>\n<p>de azt nem akarom semmik\u00e9pp<\/p>\n<p>mert az csak a le\u00e9p\u00fcl\u00e9s!<\/p>\n<p>Most m\u00e1r szabad vagyok<\/p>\n<p>csak magamnak tartozom<\/p>\n<p>az igaz,hogy t\u00f6bbet nem ihatok<\/p>\n<p>de \u00e9n d\u00f6nt\u00f6ttem \u00fagy ,hogy nem akarok!<\/p>\n<p>Mert annyi annyi f\u00e1jdalom,szenved\u00e9s,borzalom ut\u00e1n<\/p>\n<p>itt meg\u00e9rt\u00e9s \u00e9s t\u00f6r\u0151d\u00e9s v\u00e1r.<\/p>\n<p>Annyi k\u00f6lt\u00f6z\u00e9s ,rohan\u00e1s ut\u00e1n<\/p>\n<p>h\u00e1borg\u00f3 lelkem megnyugv\u00e1sra tal\u00e1l.<\/p>\n<p>N\u00e9ha \u00e9rthetetlen az a szeretet amit itt kapok<\/p>\n<p>de tudom probl\u00e9m\u00e1immal nem egyed\u00fcl vagyok.<\/p>\n<p>T\u00e1rsaim vagytok a fel\u00e9p\u00fcl\u00e9sben \u00e9s<\/p>\n<p>mikor \u00e9n nem vagyok r\u00e9sen,<\/p>\n<p>ti seg\u00edtetek<\/p>\n<p>a sok j\u00f3zan napom nektek k\u00f6sz\u00f6nhetem!<\/p>\n<p>Mik\u00f6zben e sorokat \u00edrom<\/p>\n<p>k\u00f6nnyeimet visszatartani nem akarom de nem is b\u00edrom.<\/p>\n<p>Mert szeretet van bennem \u00e9s h\u00e1la<\/p>\n<p>\u00faj \u00e9letemet k\u00f6sz\u00f6nhetem ennek a h\u00e1znak.<\/p>\n<p>Csod\u00e1latos \u00e9rz\u00e9s nincsenek r\u00e1 szavak<\/p>\n<p>a mellem a b\u00fcszkes\u00e9gt\u0151l dagad,hogy<\/p>\n<p>ennek a csod\u00e1nak a r\u00e9szese lehetek<\/p>\n<p>\u00e9s azt,hogy j\u00f3zanodhatok veletek.<\/p>\n<p>De be kell vallanom n\u00e9ha nagyon neh\u00e9z<\/p>\n<p>el uralkodik rajtam a tehetetlens\u00e9g,<\/p>\n<p>k\u00ednoz,fesz\u00edt a s\u00f3v\u00e1rg\u00e1s<\/p>\n<p>megbolondul az eg\u00e9sz vil\u00e1g<\/p>\n<p>azt \u00e9rzem kev\u00e9s minden tud\u00e1s<\/p>\n<p>meginn\u00e9k minden pi\u00e1t!<\/p>\n<p>De m\u00e1r van m\u00e1s megold\u00e1s:<\/p>\n<p>el\u00e9g 1 telefonh\u00edv\u00e1s,<\/p>\n<p>m\u00e1r ott is a seg\u00edts\u00e9g<\/p>\n<p>egy t\u00e1rs mindig el\u00e9rhet\u0151 ,nem k\u00e9ts\u00e9g!<\/p>\n<p>N\u00e9ha sz\u00fcrk\u00e9k \u00e9s hossz\u00faak a napok<\/p>\n<p>egyed\u00fcl vagyok \u00e9s unatkozom,<\/p>\n<p>de gy\u0171l\u00e9s van minden este,<\/p>\n<p>-ahol besz\u00e9lhetek persze-<\/p>\n<p>\u00e9s ez n\u00e9ha \u00e9letet menthet.<\/p>\n<p>Sz\u00f3val ilyen ez az \u00e9v<\/p>\n<p>v\u00e1ltozik bennem a k\u00e9p,<\/p>\n<p>van,hogy hom\u00e1lyos, n\u00e9ha tisztul<\/p>\n<p>bennem rengeteg \u00e9rz\u00e9s megfordul.<\/p>\n<p>De b\u00e1rmi is t\u00f6rt\u00e9njen :haszn\u00e1lnom m\u00e1r nem kell<\/p>\n<p>megv\u00edvom a harcot az ellens\u00e9ggel,<\/p>\n<p>mert \u00e9n a gy\u0151ztesekkel tartok<\/p>\n<p>al\u00e1zattal \u00e9s t\u00fcrelemmel teszem a dolgom.<\/p>\n<p>\u00c9s ha FELS\u0150BB ER\u0150 is \u00fagy akarja<\/p>\n<p>nem keveredek t\u00f6bb\u00e9 nagy bajba,<\/p>\n<p>mert am\u00edg ezt az utat k\u00f6vetem semmit\u0151l sem kell f\u00e9lnem<\/p>\n<p>csak szabadon,b\u00e9k\u00e9ben \u00e9s j\u00f3zanon \u00e9lnem!<\/p>\n<\/blockquote>\n<p>[\/et_pb_text][\/et_pb_column][et_pb_column type=&#8221;1_2&#8243; _builder_version=&#8221;4.27.4&#8243; _module_preset=&#8221;default&#8221; global_colors_info=&#8221;{}&#8221;][et_pb_heading title=&#8221;A tavalyi \u00e9v&#8221; _builder_version=&#8221;4.27.4&#8243; _module_preset=&#8221;default&#8221; title_level=&#8221;h2&#8243; title_text_align=&#8221;left&#8221; title_font_size=&#8221;34px&#8221; width=&#8221;100%&#8221; width_tablet=&#8221;100%&#8221; width_phone=&#8221;100%&#8221; width_last_edited=&#8221;on|phone&#8221; custom_padding=&#8221;15px|||||&#8221; animation_style=&#8221;fade&#8221; title_line_height_tablet=&#8221;&#8221; title_line_height_phone=&#8221;1.1em&#8221; title_line_height_last_edited=&#8221;on|phone&#8221; locked=&#8221;off&#8221; global_colors_info=&#8221;{}&#8221;][\/et_pb_heading][et_pb_text quote_border_color=&#8221;gcid-2ebbc52c-9ee6-4712-a077-fcaec9b98540&#8243; _builder_version=&#8221;4.27.4&#8243; _module_preset=&#8221;default&#8221; text_font=&#8221;&#8211;et_global_heading_font||||||||&#8221; text_text_color=&#8221;gcid-heading-color&#8221; text_font_size=&#8221;17px&#8221; text_line_height=&#8221;1.6em&#8221; header_text_align=&#8221;left&#8221; custom_padding=&#8221;0px|||||&#8221; animation_style=&#8221;fade&#8221; animation_duration=&#8221;2000ms&#8221; text_font_size_tablet=&#8221;17px&#8221; text_font_size_phone=&#8221;17px&#8221; text_font_size_last_edited=&#8221;on|phone&#8221; text_line_height_tablet=&#8221;1.6em&#8221; text_line_height_phone=&#8221;1.4em&#8221; text_line_height_last_edited=&#8221;on|desktop&#8221; border_style_all=&#8221;inset&#8221; locked=&#8221;off&#8221; global_colors_info=&#8221;{%22gcid-2ebbc52c-9ee6-4712-a077-fcaec9b98540%22:%91%22quote_border_color%22,%22quote_border_color%22%93,%22gcid-heading-color%22:%91%22text_text_color%22%93}&#8221;]<\/p>\n<blockquote>\n<p>Sz\u00fclinapomra sz\u00fcletett ez a vers<\/p>\n<p>mely meglepet\u00e9seket nem rejt,<\/p>\n<p>hozza a sok\u00e1sos s\u00e9m\u00e1kat<\/p>\n<p>r\u00edmbe szedi a tavalyi t\u00e9m\u00e1kat:<\/p>\n<p>Szomor\u00faan kezd\u0151d\u00f6tt ez az \u00e9v<\/p>\n<p>az\u00f3ta is emlegetj\u00fck m\u00e1rc.15.\u00e9t<\/p>\n<p>m\u00e1r r\u00e9g v\u00e9get \u00e9rt a t\u00e9l<\/p>\n<p>mikor megk\u00e1ptuk a legnagyobb h\u00f3es\u00e9st.<\/p>\n<p>De azt\u00e1n kitavaszodott<\/p>\n<p>\u00e9s ez lend\u00fcledbe hozott,<\/p>\n<p>\u00fasztam,gyalogoltam,kocogtam<\/p>\n<p>a l\u00e9nyeg,hogy mindig mozg\u00e1sban voltam.<\/p>\n<p>K\u00e9s\u0151bb valami furcsa m\u00f3don<\/p>\n<p>a k\u00f6zmunka programba lett dolgom,<\/p>\n<p>6 \u00f3ra kasz\u00e1l\u00e1s,a 40 fokban<\/p>\n<p>erre az\u00e9rt \u00e9n sem gondoltam.<\/p>\n<p>A szeg\u00e9nys\u00e9g fel\u00fct\u00f6tte a fej\u00e9t<\/p>\n<p>\u00e9s a sz\u00ednvonal sem \u00fct\u00f6tte meg a m\u00e9rc\u00e9t,<\/p>\n<p>de az nem az \u00e9n hib\u00e1m,<\/p>\n<p>\u00e9n,tisztess\u00e9gesen elv\u00e9geztem a munk\u00e1m.<\/p>\n<p>A ny\u00e1r forr\u00f3 volt,a s\u00f6r\u00f6k meg hidegek<\/p>\n<p>sokszor pattan\u00e1sig fesz\u00fcltek az idegek,<\/p>\n<p>elvetettem a s\u00falykot olykor<\/p>\n<p>\u00e9s a bar\u00e1taim seg\u00edtettek sokszor.<\/p>\n<p>\u0150sszel felv\u00e9telt nyertem egy szellem gy\u00e1rba<\/p>\n<p>ahol az\u00f3ta sem \u00e1lltam munk\u00e1ba,<\/p>\n<p>de a 2 h\u00f3napot sem t\u00f6lt\u00f6ttem t\u00e9tlen\u00fcl,<\/p>\n<p>a f\u00f6ldm\u00e9r\u00e9s \u00fajra el\u0151ker\u00fclt.<\/p>\n<p>\u00daj helyek,\u00faj kalandok<\/p>\n<p>r\u00e9gi emberek,r\u00e9gi harcok&#8230;<\/p>\n<p>a G\u00e1l 811<\/p>\n<p>megint t\u00f6rt\u00e9neteinkkel volt tele&#8230;<\/p>\n<p>Azt\u00e1n megt\u00f6rt\u00e9nt a csoda:<\/p>\n<p>felvett egy c\u00e9g, minek a neve<\/p>\n<p>Coloplast<\/p>\n<p>A munka remek&#8230;<\/p>\n<p>a koll\u00e9g\u00e1k betegek&#8230;.<\/p>\n<p>olyb\u00e1 t\u0171nik a tiszta t\u00e9r<\/p>\n<p>roncsolja a munk\u00e1sok agyvelej\u00e9t.<\/p>\n<p>De am\u00edg mennek sz\u00e9pen a meg\u00e9lhet\u00e9st biztos\u00edt\u00f3 g\u00e9pek,<\/p>\n<p>addig \u00e9n is norm\u00e1lisnak \u00e9rzem az eg\u00e9szet.<\/p>\n<p>Mag\u00e1n \u00e9letembe nem t\u00f6rt\u00e9nt v\u00e1ltoz\u00e1s<\/p>\n<p>m\u00e9g mindig a mag\u00e1ny a legh\u0171s\u00e9gesebb t\u00e1rs.<\/p>\n<p>Bar\u00e1taim hova lettek?<\/p>\n<p>Senki sem tudja feleletet&#8230;<\/p>\n<p>Az ,hogy mennyire unatkozom<\/p>\n<p>n\u00e9ha l\u00e1tszik az arcomon..<\/p>\n<p>Gyakran eluralkodik rajtam a depresszi\u00f3<\/p>\n<p>\u00e9s abb\u00f3l nem sz\u00fcletik semmi j\u00f3\u00f3\u00f3&#8230;&#8230;..<\/p>\n<p>Hogy mit hoz a j\u00f6v\u0151 nem sejthetem,<\/p>\n<p>j\u00f6v\u0151re,veletek&#8230;valahol m\u00e1shol&#8230;&#8230;&#8230;..<\/p>\n<p>\u00e9n \u00edgy tervezem!<\/p>\n<\/blockquote>\n<p>[\/et_pb_text][\/et_pb_column][\/et_pb_row][\/et_pb_section][et_pb_section fb_built=&#8221;1&#8243; _builder_version=&#8221;4.27.4&#8243; _module_preset=&#8221;default&#8221; custom_padding=&#8221;||0px|||&#8221; global_colors_info=&#8221;{}&#8221;][et_pb_row column_structure=&#8221;1_2,1_2&#8243; _builder_version=&#8221;4.27.4&#8243; _module_preset=&#8221;default&#8221; min_height=&#8221;89px&#8221; custom_margin=&#8221;-41px|auto||auto||&#8221; custom_padding=&#8221;3px||0px|||&#8221; global_colors_info=&#8221;{}&#8221;][et_pb_column type=&#8221;1_2&#8243; _builder_version=&#8221;4.27.4&#8243; _module_preset=&#8221;default&#8221; global_colors_info=&#8221;{}&#8221;][et_pb_heading title=&#8221;M\u00e1sf\u00e9l&#8221; _builder_version=&#8221;4.27.4&#8243; _module_preset=&#8221;default&#8221; title_level=&#8221;h2&#8243; title_text_align=&#8221;left&#8221; title_font_size=&#8221;34px&#8221; width=&#8221;100%&#8221; width_tablet=&#8221;100%&#8221; width_phone=&#8221;100%&#8221; width_last_edited=&#8221;on|phone&#8221; custom_padding=&#8221;15px|||||&#8221; animation_style=&#8221;fade&#8221; title_line_height_tablet=&#8221;&#8221; title_line_height_phone=&#8221;1.1em&#8221; title_line_height_last_edited=&#8221;on|phone&#8221; global_colors_info=&#8221;{}&#8221;][\/et_pb_heading][et_pb_text quote_border_color=&#8221;gcid-2ebbc52c-9ee6-4712-a077-fcaec9b98540&#8243; _builder_version=&#8221;4.27.4&#8243; _module_preset=&#8221;default&#8221; text_font=&#8221;&#8211;et_global_heading_font||||||||&#8221; text_text_color=&#8221;gcid-heading-color&#8221; text_font_size=&#8221;17px&#8221; text_line_height=&#8221;1.6em&#8221; header_text_align=&#8221;left&#8221; animation_style=&#8221;fade&#8221; animation_duration=&#8221;2000ms&#8221; text_font_size_tablet=&#8221;17px&#8221; text_font_size_phone=&#8221;17px&#8221; text_font_size_last_edited=&#8221;on|phone&#8221; text_line_height_tablet=&#8221;1.6em&#8221; text_line_height_phone=&#8221;1.4em&#8221; text_line_height_last_edited=&#8221;on|desktop&#8221; border_style_all=&#8221;inset&#8221; locked=&#8221;off&#8221; global_colors_info=&#8221;{%22gcid-2ebbc52c-9ee6-4712-a077-fcaec9b98540%22:%91%22quote_border_color%22,%22quote_border_color%22%93,%22gcid-heading-color%22:%91%22text_text_color%22%93}&#8221;]<\/p>\n<blockquote>\n<p>Sz\u00e9tszakadt l\u00e1ncszemek a h\u00f3 alatt.<\/p>\n<p>Az olvad\u00e1s,<\/p>\n<p>eml\u00e9kszil\u00e1nkokat sz\u00f3r a szemembe.<\/p>\n<p>A m\u00falt r\u00f3zs\u00e1i hervadnak el<\/p>\n<p>az elm\u00fal\u00e1s kertj\u00e9ben.<\/p>\n<p>Keser\u0171 iz\u0171 f\u00e9ny<\/p>\n<p>szak\u00edt s\u00edkokat a v\u00e9gtelen felett elrep\u00fcl\u0151,<\/p>\n<p>\u00f6nmag\u00e1ba visszat\u00e9r\u0151,<\/p>\n<p>m\u00e1sf\u00e9le dimenzi\u00f3kban elter\u00fcl\u0151<\/p>\n<p>szerelem Isten arc\u00e1ban.<\/p>\n<\/blockquote>\n<p>[\/et_pb_text][\/et_pb_column][et_pb_column type=&#8221;1_2&#8243; _builder_version=&#8221;4.27.4&#8243; _module_preset=&#8221;default&#8221; global_colors_info=&#8221;{}&#8221;][et_pb_heading title=&#8221;H.&#8221; _builder_version=&#8221;4.27.4&#8243; _module_preset=&#8221;default&#8221; title_level=&#8221;h2&#8243; title_text_align=&#8221;left&#8221; title_font_size=&#8221;34px&#8221; width=&#8221;100%&#8221; width_tablet=&#8221;100%&#8221; width_phone=&#8221;100%&#8221; width_last_edited=&#8221;on|phone&#8221; custom_padding=&#8221;15px|||||&#8221; animation_style=&#8221;fade&#8221; title_line_height_tablet=&#8221;&#8221; title_line_height_phone=&#8221;1.1em&#8221; title_line_height_last_edited=&#8221;on|phone&#8221; locked=&#8221;off&#8221; global_colors_info=&#8221;{}&#8221;][\/et_pb_heading][et_pb_text quote_border_color=&#8221;gcid-2ebbc52c-9ee6-4712-a077-fcaec9b98540&#8243; _builder_version=&#8221;4.27.4&#8243; _module_preset=&#8221;default&#8221; text_font=&#8221;&#8211;et_global_heading_font||||||||&#8221; text_text_color=&#8221;gcid-heading-color&#8221; text_font_size=&#8221;17px&#8221; text_line_height=&#8221;1.6em&#8221; header_text_align=&#8221;left&#8221; custom_padding=&#8221;0px|||||&#8221; animation_style=&#8221;fade&#8221; animation_duration=&#8221;2000ms&#8221; text_font_size_tablet=&#8221;17px&#8221; text_font_size_phone=&#8221;17px&#8221; text_font_size_last_edited=&#8221;on|phone&#8221; text_line_height_tablet=&#8221;1.6em&#8221; text_line_height_phone=&#8221;1.4em&#8221; text_line_height_last_edited=&#8221;on|desktop&#8221; border_style_all=&#8221;inset&#8221; locked=&#8221;off&#8221; global_colors_info=&#8221;{%22gcid-2ebbc52c-9ee6-4712-a077-fcaec9b98540%22:%91%22quote_border_color%22,%22quote_border_color%22%93,%22gcid-heading-color%22:%91%22text_text_color%22%93}&#8221;]<\/p>\n<blockquote>\n<p>Az id\u0151 haldokl\u00f3 ormain,<\/p>\n<p>k\u00f6d\u00f6s orsz\u00e1gutakon sz\u00e1guld\u00f3 \u00e1lmok<\/p>\n<p>rombad\u0151lt \u00e9rz\u00e9sein,<\/p>\n<p>de m\u00e9g az elm\u00fal\u00e1s \u00edzl\u00e9ses keretein bel\u00fcl<\/p>\n<p>megtal\u00e1llak,<\/p>\n<p>a ny\u00edlegyenes labirintus kapuin\u00e1l&#8230;<\/p>\n<\/blockquote>\n<p>[\/et_pb_text][\/et_pb_column][\/et_pb_row][\/et_pb_section][et_pb_section fb_built=&#8221;1&#8243; _builder_version=&#8221;4.27.4&#8243; _module_preset=&#8221;default&#8221; custom_padding=&#8221;||0px|||&#8221; global_colors_info=&#8221;{}&#8221;][et_pb_row column_structure=&#8221;1_2,1_2&#8243; _builder_version=&#8221;4.27.4&#8243; _module_preset=&#8221;default&#8221; min_height=&#8221;89px&#8221; custom_margin=&#8221;-41px|auto||auto||&#8221; custom_padding=&#8221;3px||0px|||&#8221; global_colors_info=&#8221;{}&#8221;][et_pb_column type=&#8221;1_2&#8243; _builder_version=&#8221;4.27.4&#8243; _module_preset=&#8221;default&#8221; global_colors_info=&#8221;{}&#8221;][et_pb_heading title=&#8221;H\u00edd&#8221; _builder_version=&#8221;4.27.4&#8243; _module_preset=&#8221;default&#8221; title_level=&#8221;h2&#8243; title_text_align=&#8221;left&#8221; title_font_size=&#8221;34px&#8221; width=&#8221;100%&#8221; width_tablet=&#8221;100%&#8221; width_phone=&#8221;100%&#8221; width_last_edited=&#8221;on|phone&#8221; custom_padding=&#8221;15px|||||&#8221; animation_style=&#8221;fade&#8221; title_line_height_tablet=&#8221;&#8221; title_line_height_phone=&#8221;1.1em&#8221; title_line_height_last_edited=&#8221;on|phone&#8221; global_colors_info=&#8221;{}&#8221;][\/et_pb_heading][et_pb_text quote_border_color=&#8221;gcid-2ebbc52c-9ee6-4712-a077-fcaec9b98540&#8243; _builder_version=&#8221;4.27.4&#8243; _module_preset=&#8221;default&#8221; text_font=&#8221;&#8211;et_global_heading_font||||||||&#8221; text_text_color=&#8221;gcid-heading-color&#8221; text_font_size=&#8221;17px&#8221; text_line_height=&#8221;1.6em&#8221; header_text_align=&#8221;left&#8221; animation_style=&#8221;fade&#8221; animation_duration=&#8221;2000ms&#8221; text_font_size_tablet=&#8221;17px&#8221; text_font_size_phone=&#8221;17px&#8221; text_font_size_last_edited=&#8221;on|phone&#8221; text_line_height_tablet=&#8221;1.6em&#8221; text_line_height_phone=&#8221;1.4em&#8221; text_line_height_last_edited=&#8221;on|desktop&#8221; border_style_all=&#8221;inset&#8221; locked=&#8221;off&#8221; global_colors_info=&#8221;{%22gcid-2ebbc52c-9ee6-4712-a077-fcaec9b98540%22:%91%22quote_border_color%22,%22quote_border_color%22%93,%22gcid-heading-color%22:%91%22text_text_color%22%93}&#8221;]<\/p>\n<blockquote>\n<p>Az \u00f3ce\u00e1n csak az ami elv\u00e1laszt t\u0151led,<br \/>de az eml\u00e9kek hidat \u00e1csolnak bel\u0151le,<br \/>2 kontinens k\u00f6z\u00f6tt hull\u00e1mzik a v\u00e1gy,<br \/>a hi\u00e1nyb\u00f3l \u00e9p\u00edtkezik a k\u00e9t k\u00fcl\u00f6n vil\u00e1g.<br \/>A f\u00f6ldr\u00e9szek fesz\u00fclten figyelik a var\u00e1zst,<br \/>ahogy az \u00edg\u00e9ret k\u00f6nny\u0171 lehelete \u00fajj\u00e1 \u00e9leszti a szunnyad\u00f3<\/p>\n<p>par\u00e1zst,nem vagy t\u00f6bb\u00e9 tabu,led\u0151ltek a falak,<br \/>\u00e9s mi elakarjuk hinni egym\u00e1snak,hogy most m\u00e1r<\/p>\n<p>mindent szabad.<br \/>Nem jelent semmit a t\u00e1vols\u00e1g,<br \/>mert tudom,hogy hol v\u00e1rsz r\u00e1m,<br \/>egy hurrik\u00e1n erej\u00e9vel,<br \/>egy kis oroszl\u00e1n szel\u00edds\u00e9g\u00e9vel.<br \/>A t\u00e1vols\u00e1g m\u00e9rhet\u0151,<br \/>de a vonzalom mindent elhom\u00e1lyos\u00edt\u00f3 er\u0151,<br \/>nem kerestelek,nem h\u00edvtalak,<br \/>valahogy m\u00e9gis megkaptalak.<br \/>A v\u00e9letlen k\u00fcl\u00f6n\u00f6s \u00f6sszeesk\u00fcv\u00e9se,<br \/>a titkos gondolatok felsz\u00ednre ker\u00fcl\u00e9se,<br \/>mikor veled besz\u00e9lgetek,<br \/>az fel\u00fclm\u00fal minden k\u00e9pzeletet.<br \/>Fant\u00e1zi\u00e1m szabadon sz\u00e1ll,<br \/>\u00e9s semmi sem szab neki hat\u00e1rt,<br \/>mert Te j\u00f3s\u00e1gos vagy ak\u00e1r egy t\u00fcnd\u00e9r,<br \/>mikor var\u00e1zsp\u00e1lc\u00e1ddal meg\u00e9rintett\u00e9l<br \/>tudtam,hogy teljes\u00fclt a k\u00edv\u00e1ns\u00e1gom<br \/>mikor az eny\u00e9m lehetsz v\u00e9gre, csak azt a percet v\u00e1rom.<\/p>\n<\/blockquote>\n<p>[\/et_pb_text][\/et_pb_column][et_pb_column type=&#8221;1_2&#8243; _builder_version=&#8221;4.27.4&#8243; _module_preset=&#8221;default&#8221; global_colors_info=&#8221;{}&#8221;][et_pb_heading title=&#8221;CSP 42&#8243; _builder_version=&#8221;4.27.4&#8243; _module_preset=&#8221;default&#8221; title_level=&#8221;h2&#8243; title_text_align=&#8221;left&#8221; title_font_size=&#8221;34px&#8221; width=&#8221;100%&#8221; width_tablet=&#8221;100%&#8221; width_phone=&#8221;100%&#8221; width_last_edited=&#8221;on|phone&#8221; custom_padding=&#8221;15px|||||&#8221; animation_style=&#8221;fade&#8221; title_line_height_tablet=&#8221;&#8221; title_line_height_phone=&#8221;1.1em&#8221; title_line_height_last_edited=&#8221;on|phone&#8221; locked=&#8221;off&#8221; global_colors_info=&#8221;{}&#8221;][\/et_pb_heading][et_pb_text quote_border_color=&#8221;gcid-2ebbc52c-9ee6-4712-a077-fcaec9b98540&#8243; _builder_version=&#8221;4.27.4&#8243; _module_preset=&#8221;default&#8221; text_font=&#8221;&#8211;et_global_heading_font||||||||&#8221; text_text_color=&#8221;gcid-heading-color&#8221; text_font_size=&#8221;17px&#8221; text_line_height=&#8221;1.6em&#8221; header_text_align=&#8221;left&#8221; custom_padding=&#8221;0px|||||&#8221; animation_style=&#8221;fade&#8221; animation_duration=&#8221;2000ms&#8221; text_font_size_tablet=&#8221;17px&#8221; text_font_size_phone=&#8221;17px&#8221; text_font_size_last_edited=&#8221;on|phone&#8221; text_line_height_tablet=&#8221;1.6em&#8221; text_line_height_phone=&#8221;1.4em&#8221; text_line_height_last_edited=&#8221;on|desktop&#8221; border_style_all=&#8221;inset&#8221; locked=&#8221;off&#8221; global_colors_info=&#8221;{%22gcid-2ebbc52c-9ee6-4712-a077-fcaec9b98540%22:%91%22quote_border_color%22,%22quote_border_color%22%93,%22gcid-heading-color%22:%91%22text_text_color%22%93}&#8221;]<\/p>\n<blockquote>\n<p>A 42 egy nagyon vicces sz\u00e1m<\/p>\n<p>\u00e9s itt be is foghatn\u00e1m a sz\u00e1m<\/p>\n<p>v\u00e9get is \u00e9rhetne a vers<\/p>\n<p>de a v\u00e9n marh\u00e1ja t\u00f6bbet \u00e9rdemel.<\/p>\n<p>Hisz k\u00f6zel 30 \u00e9ve tart a bar\u00e1ts\u00e1g<\/p>\n<p>\u00e9s ennyi id\u0151 alatt rengeteg mindent \u00e9lt\u00fcnk \u00e1t.<\/p>\n<p>Akaliban kezd\u0151d\u00f6t a t\u00f6rt\u00e9net\u00fcnk<\/p>\n<p>ahol egy csapatban fociztunk \u00e9s gy\u0151zt\u00fcnk,<\/p>\n<p>azt\u00e1n a Ge\u00f3ban gyana\u00fasan m\u00e9regett\u00fck egym\u00e1st<\/p>\n<p>h\u00e9 ez nem ugyanaz a sr\u00e1c?<\/p>\n<p>1 \u00e9vig voltunk csak oszt\u00e1lyt\u00e1rsak<\/p>\n<p>mert benne a tan\u00e1rok t\u00f6bbet l\u00e1ttak,<\/p>\n<p>\u0151 rend\u00fcletlen\u00fcl menetelt az \u00e9retts\u00e9gi fel\u00e9<\/p>\n<p>nekem meg maradt az \u00e9v ism\u00e9tl\u00e9s.<\/p>\n<p>De ez a 4 \u00e9v j\u00f6v\u0151nket megalapozta<\/p>\n<p>\u00e9s bar\u00e1ts\u00e1gunkat bearanyozta.<\/p>\n<p>Ut\u00e1na j\u00f6ttek a f\u0151iskol\u00e1s \u00e9vek-\u00e9s erre meg is esk\u00fcdn\u00e9k:<\/p>\n<p>\u0151 Szombathelyen sosem volt r\u00e9szeg,<\/p>\n<p>kit\u00fcn\u0151 magatart\u00e1ssal \u00e9s jeles szorgalommal lediplom\u00e1zott<\/p>\n<p>ami\u00e9rt nagyon szerett\u00e9k a tud\u00e1sra \u00e9hes kis di\u00e1kok.<\/p>\n<p>De volt olyan,hogy suliba a Vadorz\u00f3bol ment<\/p>\n<p>ilyenkor a gyerekek Red Bullal lept\u00e9k meg,<\/p>\n<p>a sok tv-z\u00e9st\u0151l gyakran hulla volt<\/p>\n<p>ilyenkor a buli helyett,csak hablatyolt.<\/p>\n<p>99 volt a legjobb \u00e9v\u00fcnk<\/p>\n<p>akkor j\u00f6tt el\u0151 a legszebb \u00e9n\u00fcnk,<\/p>\n<p>minden party-n megjelent\u00fcnk<\/p>\n<p>sok csintalans\u00e1got elk\u00f6vett\u00fcnk.<\/p>\n<p>Tudat modos\u00edt\u00f3 szerekben nem volt hi\u00e1ny,<\/p>\n<p>ez csak fokozta az am\u00fagy is feledhetetlen sz\u00f3rakoz\u00e1st.<\/p>\n<p>\u0150 volt a vid\u00e1ms\u00e1g non-plusz ultr\u00e1ja<\/p>\n<p>a l\u00e1nyok \u00e9szre sem vett\u00e9k :van-e egy\u00e1ltal\u00e1n hib\u00e1ja?<\/p>\n<p>Azt\u00e1n h\u0151s\u00fcnk megunta az itt l\u00e9tet<\/p>\n<p>\u00e9s NY-ot v\u00e1lasztotta lakhely\u00e9nek,<\/p>\n<p>\u00e9n meg k\u00f6vettem \u0151t mint egy messi\u00e1st,<\/p>\n<p>a doll\u00e1rt\u00f3l v\u00e1rtuk a megv\u00e1lt\u00e1st.<\/p>\n<p>Sub-way-monster-nek nevezt\u00fck el<\/p>\n<p>fej\u00e9ben a t\u00e9rk\u00e9ppel sosem t\u00e9vedt\u00fcnk el!<\/p>\n<p>Megl\u00e1togattuk az \u00f6sszes undrground d&#8217;n&#8217;b helyet<\/p>\n<p>m\u00edg egyszer egy kidob\u00f3 a mulats\u00e1gnak v\u00e9get nem vetett.<\/p>\n<p>De az amerikai kaland hamar v\u00e9get \u00e9rt<\/p>\n<p>mert ott sincs kolb\u00e1szb\u00f3l a ker\u00edt\u00e9s.<\/p>\n<p>Haza j\u00f6tt \u00e9s \u00e9vekig fogalmam sem volt mit csin\u00e1lt,<\/p>\n<p>egyszer csak feles\u00e9g\u00fcl vette ezt a csod\u00e1latos l\u00e1nyt,<\/p>\n<p>akivel n\u00e9ha &#8222;\u00f6ssze\u00e1llnak mint k\u00e9t kicsi leg\u00f3&#8221;<\/p>\n<p>\u00e9s eb\u0151l megsz\u00fcletett az aranyos kis Bendzs\u00f3.<\/p>\n<p>V\u00e9gezet\u00fcl de az utols\u00f3 sorokban,<\/p>\n<p>mennyi k\u00f6zhelyt \u00edrhatn\u00e9k m\u00e9g unottan,<\/p>\n<p>de \u00e9n ink\u00e1bb k\u00edv\u00e1nok m\u00e9g nagyon sok boldog \u00e9vet<\/p>\n<p>\u00e9s a Mi ismerets\u00e9g\u00fcnk soha ne \u00e9rjen v\u00e9get!!!!!!!!!<\/p>\n<\/blockquote>\n<p>[\/et_pb_text][\/et_pb_column][\/et_pb_row][\/et_pb_section][et_pb_section fb_built=&#8221;1&#8243; _builder_version=&#8221;4.27.4&#8243; _module_preset=&#8221;default&#8221; custom_padding=&#8221;||0px|||&#8221; global_colors_info=&#8221;{}&#8221;][et_pb_row column_structure=&#8221;1_2,1_2&#8243; _builder_version=&#8221;4.27.4&#8243; _module_preset=&#8221;default&#8221; min_height=&#8221;89px&#8221; custom_margin=&#8221;-41px|auto||auto||&#8221; custom_padding=&#8221;3px||0px|||&#8221; global_colors_info=&#8221;{}&#8221;][et_pb_column type=&#8221;1_2&#8243; _builder_version=&#8221;4.27.4&#8243; _module_preset=&#8221;default&#8221; global_colors_info=&#8221;{}&#8221;][et_pb_heading title=&#8221;Hold&#8221; _builder_version=&#8221;4.27.4&#8243; _module_preset=&#8221;default&#8221; title_level=&#8221;h2&#8243; title_text_align=&#8221;left&#8221; title_font_size=&#8221;34px&#8221; width=&#8221;100%&#8221; width_tablet=&#8221;100%&#8221; width_phone=&#8221;100%&#8221; width_last_edited=&#8221;on|phone&#8221; custom_padding=&#8221;15px|||||&#8221; animation_style=&#8221;fade&#8221; title_line_height_tablet=&#8221;&#8221; title_line_height_phone=&#8221;1.1em&#8221; title_line_height_last_edited=&#8221;on|phone&#8221; global_colors_info=&#8221;{}&#8221;][\/et_pb_heading][et_pb_text quote_border_color=&#8221;gcid-2ebbc52c-9ee6-4712-a077-fcaec9b98540&#8243; _builder_version=&#8221;4.27.4&#8243; _module_preset=&#8221;default&#8221; text_font=&#8221;&#8211;et_global_heading_font||||||||&#8221; text_text_color=&#8221;gcid-heading-color&#8221; text_font_size=&#8221;17px&#8221; text_line_height=&#8221;1.6em&#8221; header_text_align=&#8221;left&#8221; animation_style=&#8221;fade&#8221; animation_duration=&#8221;2000ms&#8221; text_font_size_tablet=&#8221;17px&#8221; text_font_size_phone=&#8221;17px&#8221; text_font_size_last_edited=&#8221;on|phone&#8221; text_line_height_tablet=&#8221;1.6em&#8221; text_line_height_phone=&#8221;1.4em&#8221; text_line_height_last_edited=&#8221;on|desktop&#8221; border_style_all=&#8221;inset&#8221; locked=&#8221;off&#8221; global_colors_info=&#8221;{%22gcid-2ebbc52c-9ee6-4712-a077-fcaec9b98540%22:%91%22quote_border_color%22,%22quote_border_color%22%93,%22gcid-heading-color%22:%91%22text_text_color%22%93}&#8221;]<\/p>\n<blockquote>\n<p>Homlokodon a hajsz\u00e1lak<br \/>t\u00e9rk\u00e9pet rajzolnak,<br \/>remegve mertem rem\u00e9lni<br \/>ez a boldogs\u00e1g \u00faj atlasza,<br \/>ahol szenved\u0151 kapcsolatunk<br \/>a s\u00f6t\u00e9ts\u00e9g \u00fatveszt\u0151j\u00e9b\u0151l<br \/>rejtelmes utakon<br \/>a f\u00e9ny birodalm\u00e1ba \u00e9rkezik.<br \/>Leereszkedik Aphrodit\u00e9 \u00e9s megk\u00e9rem \u00e1ldjon meg<br \/>tiszta szerelemmel minket,<br \/>\u00e9s Te sz\u00e1nj engem:<br \/>mint a f\u00e9nyek a Holdakat \u00e9s csillagokat.<\/p>\n<\/blockquote>\n<p>[\/et_pb_text][\/et_pb_column][et_pb_column type=&#8221;1_2&#8243; _builder_version=&#8221;4.27.4&#8243; _module_preset=&#8221;default&#8221; global_colors_info=&#8221;{}&#8221;][et_pb_heading title=&#8221;F\u00e9ny&#8221; _builder_version=&#8221;4.27.4&#8243; _module_preset=&#8221;default&#8221; title_level=&#8221;h2&#8243; title_text_align=&#8221;left&#8221; title_font_size=&#8221;34px&#8221; width=&#8221;100%&#8221; width_tablet=&#8221;100%&#8221; width_phone=&#8221;100%&#8221; width_last_edited=&#8221;on|phone&#8221; custom_padding=&#8221;15px|||||&#8221; animation_style=&#8221;fade&#8221; title_line_height_tablet=&#8221;&#8221; title_line_height_phone=&#8221;1.1em&#8221; title_line_height_last_edited=&#8221;on|phone&#8221; locked=&#8221;off&#8221; global_colors_info=&#8221;{}&#8221;][\/et_pb_heading][et_pb_text quote_border_color=&#8221;gcid-2ebbc52c-9ee6-4712-a077-fcaec9b98540&#8243; _builder_version=&#8221;4.27.4&#8243; _module_preset=&#8221;default&#8221; text_font=&#8221;&#8211;et_global_heading_font||||||||&#8221; text_text_color=&#8221;gcid-heading-color&#8221; text_font_size=&#8221;17px&#8221; text_line_height=&#8221;1.6em&#8221; header_text_align=&#8221;left&#8221; custom_padding=&#8221;0px|||||&#8221; animation_style=&#8221;fade&#8221; animation_duration=&#8221;2000ms&#8221; text_font_size_tablet=&#8221;17px&#8221; text_font_size_phone=&#8221;17px&#8221; text_font_size_last_edited=&#8221;on|phone&#8221; text_line_height_tablet=&#8221;1.6em&#8221; text_line_height_phone=&#8221;1.4em&#8221; text_line_height_last_edited=&#8221;on|desktop&#8221; border_style_all=&#8221;inset&#8221; locked=&#8221;off&#8221; global_colors_info=&#8221;{%22gcid-2ebbc52c-9ee6-4712-a077-fcaec9b98540%22:%91%22quote_border_color%22,%22quote_border_color%22%93,%22gcid-heading-color%22:%91%22text_text_color%22%93}&#8221;]<\/p>\n<blockquote>\n<p>Homlokodon leereszkedik a rejtelmes F\u00e9ny,<br \/>sz\u00e1nj engem remegve,<br \/>\u00e1ldjon meg szenved\u0151 lelked,<br \/>mert meg mertem mer\u00edtkezni<br \/>a f\u00e9nyek fiatal tenger\u00e9ben&#8230;..<\/p>\n<\/blockquote>\n<p>[\/et_pb_text][\/et_pb_column][\/et_pb_row][\/et_pb_section][et_pb_section fb_built=&#8221;1&#8243; _builder_version=&#8221;4.27.4&#8243; _module_preset=&#8221;default&#8221; custom_padding=&#8221;||0px|||&#8221; global_colors_info=&#8221;{}&#8221;][et_pb_row column_structure=&#8221;1_2,1_2&#8243; _builder_version=&#8221;4.27.4&#8243; _module_preset=&#8221;default&#8221; min_height=&#8221;89px&#8221; custom_margin=&#8221;-41px|auto||auto||&#8221; custom_padding=&#8221;3px||0px|||&#8221; global_colors_info=&#8221;{}&#8221;][et_pb_column type=&#8221;1_2&#8243; _builder_version=&#8221;4.27.4&#8243; _module_preset=&#8221;default&#8221; global_colors_info=&#8221;{}&#8221;][et_pb_heading title=&#8221;\u00c1tkozz el&#8221; _builder_version=&#8221;4.27.4&#8243; _module_preset=&#8221;default&#8221; title_level=&#8221;h2&#8243; title_text_align=&#8221;left&#8221; title_font_size=&#8221;34px&#8221; width=&#8221;100%&#8221; width_tablet=&#8221;100%&#8221; width_phone=&#8221;100%&#8221; width_last_edited=&#8221;on|phone&#8221; custom_padding=&#8221;15px|||||&#8221; animation_style=&#8221;fade&#8221; title_line_height_tablet=&#8221;&#8221; title_line_height_phone=&#8221;1.1em&#8221; title_line_height_last_edited=&#8221;on|phone&#8221; global_colors_info=&#8221;{}&#8221;][\/et_pb_heading][et_pb_text quote_border_color=&#8221;gcid-2ebbc52c-9ee6-4712-a077-fcaec9b98540&#8243; _builder_version=&#8221;4.27.4&#8243; _module_preset=&#8221;default&#8221; text_font=&#8221;&#8211;et_global_heading_font||||||||&#8221; text_text_color=&#8221;gcid-heading-color&#8221; text_font_size=&#8221;17px&#8221; text_line_height=&#8221;1.6em&#8221; header_text_align=&#8221;left&#8221; animation_style=&#8221;fade&#8221; animation_duration=&#8221;2000ms&#8221; text_font_size_tablet=&#8221;17px&#8221; text_font_size_phone=&#8221;17px&#8221; text_font_size_last_edited=&#8221;on|phone&#8221; text_line_height_tablet=&#8221;1.6em&#8221; text_line_height_phone=&#8221;1.4em&#8221; text_line_height_last_edited=&#8221;on|desktop&#8221; border_style_all=&#8221;inset&#8221; locked=&#8221;off&#8221; global_colors_info=&#8221;{%22gcid-2ebbc52c-9ee6-4712-a077-fcaec9b98540%22:%91%22quote_border_color%22,%22quote_border_color%22%93,%22gcid-heading-color%22:%91%22text_text_color%22%93}&#8221;]<\/p>\n<blockquote>\n<p>Az utols\u00f3 t\u00e9ved\u00e9st \u00fagysem enyh\u00edti a rem\u00e9ny,<br \/>hi\u00e1ba akar a szerelem szemedben szenderegni,<br \/>a par\u00e1zs kih\u0171lt,<br \/>j\u00e9ghideg az \u00e9rint\u00e9sed.<br \/>Gy\u0171l\u00f6lj \u00e9s vess meg,<br \/>\u00e1tkozz el,<br \/>de \u00e9n k\u00ednok k\u00f6zt kereslek majd,<br \/>mik\u00f6zben rideg szavaid<br \/>kegyetlen\u00fcl csend\u00fclnek<br \/>a k\u00f6nny patak partj\u00e1n.<br \/>F\u00e9lelemmel f\u00fcrk\u00e9szem szikr\u00e1z\u00f3 tekinteted,<br \/>de azt\u00e1n hagyom,hogy belezuhanjon<br \/>k\u00e9ts\u00e9gbees\u00e9sed tenger\u00e9be.<\/p>\n<\/blockquote>\n<p>[\/et_pb_text][\/et_pb_column][et_pb_column type=&#8221;1_2&#8243; _builder_version=&#8221;4.27.4&#8243; _module_preset=&#8221;default&#8221; global_colors_info=&#8221;{}&#8221;][et_pb_heading title=&#8221;Sz\u00fclet\u00e9snapomra(42)&#8221; _builder_version=&#8221;4.27.4&#8243; _module_preset=&#8221;default&#8221; title_level=&#8221;h2&#8243; title_text_align=&#8221;left&#8221; title_font_size=&#8221;34px&#8221; width=&#8221;100%&#8221; width_tablet=&#8221;100%&#8221; width_phone=&#8221;100%&#8221; width_last_edited=&#8221;on|phone&#8221; custom_padding=&#8221;15px|||||&#8221; animation_style=&#8221;fade&#8221; title_line_height_tablet=&#8221;&#8221; title_line_height_phone=&#8221;1.1em&#8221; title_line_height_last_edited=&#8221;on|phone&#8221; locked=&#8221;off&#8221; global_colors_info=&#8221;{}&#8221;][\/et_pb_heading][et_pb_text quote_border_color=&#8221;gcid-2ebbc52c-9ee6-4712-a077-fcaec9b98540&#8243; _builder_version=&#8221;4.27.4&#8243; _module_preset=&#8221;default&#8221; text_font=&#8221;&#8211;et_global_heading_font||||||||&#8221; text_text_color=&#8221;gcid-heading-color&#8221; text_font_size=&#8221;17px&#8221; text_line_height=&#8221;1.6em&#8221; header_text_align=&#8221;left&#8221; custom_padding=&#8221;0px|||||&#8221; animation_style=&#8221;fade&#8221; animation_duration=&#8221;2000ms&#8221; text_font_size_tablet=&#8221;17px&#8221; text_font_size_phone=&#8221;17px&#8221; text_font_size_last_edited=&#8221;on|phone&#8221; text_line_height_tablet=&#8221;1.6em&#8221; text_line_height_phone=&#8221;1.4em&#8221; text_line_height_last_edited=&#8221;on|desktop&#8221; border_style_all=&#8221;inset&#8221; locked=&#8221;off&#8221; global_colors_info=&#8221;{%22gcid-2ebbc52c-9ee6-4712-a077-fcaec9b98540%22:%91%22quote_border_color%22,%22quote_border_color%22%93,%22gcid-heading-color%22:%91%22text_text_color%22%93}&#8221;]<\/p>\n<blockquote>\n<p>Megint eltelt egy \u00e9v<\/p>\n<p>-ami nem csek\u00e9lys\u00e9g-<\/p>\n<p>hisz 40 f\u00f6l\u00f6tt m\u00e1r minden nap aj\u00e1nd\u00e9k,<\/p>\n<p>de ebben az \u00e9vben volt egy k\u00fcl\u00f6nlegess\u00e9g:<\/p>\n<p>a 12 \u00e9v ut\u00e1ni hazat\u00e9r\u00e9s.<\/p>\n<p>A k\u00e9t orsz\u00e1g k\u00f6zt k\u00e9zzel foghat\u00f3 a k\u00fcl\u00f6nbs\u00e9g,<\/p>\n<p>de nekem soha sem sz\u00e1m\u00edtott a mennyis\u00e9g.<\/p>\n<p>&#8222;Ez m\u00e9g itt nem Amerika&#8221; \u00e9s ezt tudtam j\u00f3l,<\/p>\n<p>de a rep\u00fcl\u0151g\u00e9pre nem sz\u00e1lltam volna fel magamt\u00f3l.<\/p>\n<p>Itthon v\u00e1rt a csal\u00e1d \u00e9s a rengeteg bar\u00e1t,<\/p>\n<p>\u00e9s senki sem okozott csal\u00f3d\u00e1st.<\/p>\n<p>Vissza kaptam mindent,amir\u0151l azt hittem elveszett<\/p>\n<p>b\u00e1rmerre mentem k\u00f6r\u00fcl vett a szeretet.<\/p>\n<p>N\u00e9h\u00e1ny napig furcsa volt az a hely ahol lakom,<\/p>\n<p>de azt\u00e1n r\u00e1d\u00f6bbentem ez az orsz\u00e1g az otthonom.<\/p>\n<p>Nem volt egy egyszer\u0171 helyzet,<\/p>\n<p>sok mindenhez alkalmazkodnom kellett.<\/p>\n<p>de miut\u00e1n megt\u00f6rt\u00e9nt a beilleszked\u00e9s<\/p>\n<p>m\u00e1r k\u00f6nnyen ment az \u00e9let-\u00e9lvez\u00e9s.<\/p>\n<p>A munka meg egyenesen r\u00e1m tal\u00e1lt:<\/p>\n<p>sokat seg\u00edtettek nekem a geod\u00e9t\u00e1k!<\/p>\n<p>\u00d3zd,Miskolc,Kazincbarcika<\/p>\n<p>egy f\u00f6ldm\u00e9r\u0151nek sem volt jobb sora!<\/p>\n<p>Rengeteg h\u00e1zi s\u00f6r fogyott<\/p>\n<p>a felm\u00e9rt ter\u00fclet meg egyre csak gyarapodott..<\/p>\n<p>\u00c9v v\u00e9ge fel\u00e9 a p\u00e1nik eluralkodott<\/p>\n<p>mert a sz\u00edvem hevesebben vert mint szokott,<\/p>\n<p>de a sok vizsg\u00e1lat kimutatta<\/p>\n<p>a sz(t)\u00edv-nek kutya baja!<\/p>\n<p>Ezut\u00e1n j\u00f6tt a gy\u00f6keres \u00e9let m\u00f3d v\u00e1ltoztat\u00e1s<\/p>\n<p>ami szemmel l\u00e1that\u00f3lag megtette hat\u00e1s\u00e1t.<\/p>\n<p>\u00c9s ha m\u00e1r elindultam az \u00faton,folytatom<\/p>\n<p>b\u00e1r mi lesz a v\u00e9ge nem tudom,<\/p>\n<p>de egy biztos:<\/p>\n<p>n\u00e9h\u00e1ny h\u00f3napja -megint-izgalmas ,sz\u00ednes ez a vil\u00e1g,<\/p>\n<p>\u00e9s nap mint nap meg\u00e9lek sz\u00e1mtalan csod\u00e1t!<\/p>\n<\/blockquote>\n<p>[\/et_pb_text][\/et_pb_column][\/et_pb_row][\/et_pb_section][et_pb_section fb_built=&#8221;1&#8243; _builder_version=&#8221;4.27.4&#8243; _module_preset=&#8221;default&#8221; custom_padding=&#8221;||0px|||&#8221; global_colors_info=&#8221;{}&#8221;][et_pb_row column_structure=&#8221;1_2,1_2&#8243; _builder_version=&#8221;4.27.4&#8243; _module_preset=&#8221;default&#8221; min_height=&#8221;89px&#8221; custom_margin=&#8221;-41px|auto||auto||&#8221; custom_padding=&#8221;3px||0px|||&#8221; global_colors_info=&#8221;{}&#8221;][et_pb_column type=&#8221;1_2&#8243; _builder_version=&#8221;4.27.4&#8243; _module_preset=&#8221;default&#8221; global_colors_info=&#8221;{}&#8221;][et_pb_heading title=&#8221;Napt\u00e1r&#8221; _builder_version=&#8221;4.27.4&#8243; _module_preset=&#8221;default&#8221; title_level=&#8221;h2&#8243; title_text_align=&#8221;left&#8221; title_font_size=&#8221;34px&#8221; width=&#8221;100%&#8221; width_tablet=&#8221;100%&#8221; width_phone=&#8221;100%&#8221; width_last_edited=&#8221;on|phone&#8221; custom_padding=&#8221;15px|||||&#8221; animation_style=&#8221;fade&#8221; title_line_height_tablet=&#8221;&#8221; title_line_height_phone=&#8221;1.1em&#8221; title_line_height_last_edited=&#8221;on|phone&#8221; global_colors_info=&#8221;{}&#8221;][\/et_pb_heading][et_pb_text quote_border_color=&#8221;gcid-2ebbc52c-9ee6-4712-a077-fcaec9b98540&#8243; _builder_version=&#8221;4.27.4&#8243; _module_preset=&#8221;default&#8221; text_font=&#8221;&#8211;et_global_heading_font||||||||&#8221; text_text_color=&#8221;gcid-heading-color&#8221; text_font_size=&#8221;17px&#8221; text_line_height=&#8221;1.6em&#8221; header_text_align=&#8221;left&#8221; animation_style=&#8221;fade&#8221; animation_duration=&#8221;2000ms&#8221; text_font_size_tablet=&#8221;17px&#8221; text_font_size_phone=&#8221;17px&#8221; text_font_size_last_edited=&#8221;on|phone&#8221; text_line_height_tablet=&#8221;1.6em&#8221; text_line_height_phone=&#8221;1.4em&#8221; text_line_height_last_edited=&#8221;on|desktop&#8221; border_style_all=&#8221;inset&#8221; locked=&#8221;off&#8221; global_colors_info=&#8221;{%22gcid-2ebbc52c-9ee6-4712-a077-fcaec9b98540%22:%91%22quote_border_color%22,%22quote_border_color%22%93,%22gcid-heading-color%22:%91%22text_text_color%22%93}&#8221;]<\/p>\n<blockquote>\n<p>J\u00f3l lehet,j\u00f3 lehet minden este j\u00f3zanon<\/p>\n<p>de te \u00e9vek \u00f3ta nem tudod melyeik napt\u00e1r van a falon,<\/p>\n<p>nem a te hib\u00e1d,az id\u0151 ver \u00e1t,<\/p>\n<p>ami egyre jobban provok\u00e1l,<\/p>\n<p>\u00e9s minden ments\u00e9get kital\u00e1l,<\/p>\n<p>hogy mi\u00e9rt van az hogy lereduk\u00e1l,<\/p>\n<p>meg az olcs\u00f3,szem\u00e9t kann\u00e1s bor<\/p>\n<p>ami felp\u00f6rget b\u00e1rmikor<\/p>\n<p>\u00e9s nem kell hozz\u00e1 semmif\u00e9le por,<\/p>\n<p>a semmi sz\u00edntelen \u00e1rny\u00e9ka fesz\u00fcl az arcodon<\/p>\n<p>de ett\u0151l l\u00e1tszik m\u00e9g a f\u00e1jdalom,<\/p>\n<p>amikor k\u00f6r\u00fcl\u00f6tted tombol az id\u0151 \u00e9s a t\u00e9r<\/p>\n<p>de csak nem akar m\u00falni az a rossz \u00e9rz\u00e9s,hogy<\/p>\n<p>te mindenkin seg\u00edten\u00e9l,<\/p>\n<p>de nem teheted<\/p>\n<p>mert te vagy a beteg,<\/p>\n<p>beikszel a mag\u00e1ny<\/p>\n<p>tuti befut\u00f3ra tesz a hal\u00e1l,<\/p>\n<p>sz\u00ednez\u00fcst sz\u00ednj\u00e1t\u00e9k a k\u00e9pzelet sz\u00ednpad\u00e1n.<\/p>\n<p>De ez nem a te hib\u00e1d<\/p>\n<p>csak az \u00e9let ver \u00e1t<\/p>\n<p>kiker\u00fcl,elker\u00fcl<\/p>\n<p>j\u00f6v\u0151d haj\u00f3ja a m\u00falt tenger\u00e9be mer\u00fcl,<\/p>\n<p>a dob\u00f3kocka b\u0171v\u00f6s hatosa<\/p>\n<p>csak minden sz\u00f6k\u0151 \u00e9vben v\u00e1gyaid tulajdonosa.<\/p>\n<p>Mit k\u00e9rdezel, ha egy szellemet id\u00e9zel?<\/p>\n<p>Ami v\u00e1laszol,az maga a pokol<\/p>\n<p>minden hib\u00e1d\u00e9rt<\/p>\n<p>kegyetlen\u00fcl lakolsz.<\/p>\n<p>V\u00e9gtelen v\u00e9letlen,<\/p>\n<p>v\u00e9rben \u00fasz\u00f3 szerelem,<\/p>\n<p>elmegy melletted,\u00e9szre sem veszed.<\/p>\n<p>Nem \u00e9rdekel kinek felelsz meg,<\/p>\n<p>nem veszed \u00e9szre lehet\u0151s\u00e9geidet,<\/p>\n<p>az unalom orsz\u00e1g\u00fatj\u00e1n menetelsz<\/p>\n<p>ami t\u00f6rt\u00e9nik k\u00f6r\u00fcl\u00f6tted arra sem figyelsz.<\/p>\n<p>De nem a te hib\u00e1d<\/p>\n<p>a Vil\u00e1g ver \u00e1t,<\/p>\n<p>minden mozdulat\u00e1val valami induk\u00e1l,<\/p>\n<p>nevets\u00e9ges kis tr\u00fckkjeinek<\/p>\n<p>\u00f6r\u00f6kk\u00e9 szalut\u00e1lsz,<\/p>\n<p>amik megel\u0151zhetetlenek,<\/p>\n<p>terveid h\u00e1l\u00f3j\u00e1ban<\/p>\n<p>a tehetetlens\u00e9g remeg,<\/p>\n<p>jav\u00edthatatlan vagy<\/p>\n<p>n\u00e1lad m\u00e1sk\u00e9pp m\u0171k\u00f6dik az agy,<\/p>\n<p>orvosok,tud\u00f3sok<\/p>\n<p>kutatj\u00e1k titkodat,<\/p>\n<p>de te nem adod meg magad<\/p>\n<p>\u00e9lvezed a gy\u00f3gyszereket<\/p>\n<p>magad\u00e9v\u00e1 teszed a vegyszereket,<\/p>\n<p>kusza gondolataid<\/p>\n<p>kiel\u00e9g\u00edtenek minden fajta k\u00e9pzeletet,<\/p>\n<p>t\u00falsz\u00e1rnyalnak minden racion\u00e1lis keretet,<\/p>\n<p>z\u00f6ld utat adsz nekik<\/p>\n<p>szabadon gar\u00e1zd\u00e1lkodhatnak arra is<\/p>\n<p>amerre a j\u00f3zan \u00e9sz nem kalandozik,<\/p>\n<p>\u00e1lszent igazs\u00e1gok,<\/p>\n<p>r\u00e9szeg hazugs\u00e1gok,<\/p>\n<p>hullaszagot \u00e1raszt\u00f3 neonrekl\u00e1mok,<\/p>\n<p>t\u00e9rdre akarnak k\u00e9nyszer\u00edteni<\/p>\n<p>egy lehetetlen helyzettel szembes\u00edteni<\/p>\n<p>de te nem t\u00f6rsz meg,<\/p>\n<p>sorok k\u00f6z\u00f6tt olvasol,<\/p>\n<p>mert az \u00fajs\u00e1g t\u00fal sok szemetet pakol,<\/p>\n<p>fel\u00e1llsz de nem tartassz sz\u00fcnetet<\/p>\n<p>2 h\u00e1ny\u00e1s k\u00f6zt elvon\u00e1si t\u00fcnetek,<\/p>\n<p>de az\u00e9rt nem ilyen rossz a helyzeted<\/p>\n<p>mert te igaz\u00e1b\u00f3l \u00e9lvezed<\/p>\n<p>amibe az \u00e9let bele kergetett.<\/p>\n<p>Persze nem a te hib\u00e1d,<\/p>\n<p>a fant\u00e1zi\u00e1d ver \u00e1,<\/p>\n<p>ami fantasztikus dolgokra k\u00e9pes<\/p>\n<p>de k\u00e9ptelen meg\u00e9rteni -\u00e9s ez r\u00e9mes,hogy<\/p>\n<p>hol van neki a hat\u00e1r<\/p>\n<p>ahol minden eml\u00e9k visszaj\u00e1r,<\/p>\n<p>ez\u00e9rt csak marad a csapda-<\/p>\n<p>-amibe beleesve<\/p>\n<p>ugyan\u00fagy telik minden este,<\/p>\n<p>seg\u00edts\u00e9g\u00e9rt ki\u00e1ltassz<\/p>\n<p>hangodat visszhangozz\u00e1k a m\u00e1snapok<\/p>\n<p>amik nem mindig ugyanolyanok,<\/p>\n<p>ez\u00e9rt marad a k\u00e9ts\u00e9gbe es\u00e9s<\/p>\n<p>meg a keres\u00e9s,<\/p>\n<p>egy tiszt\u00e1bb \u00e9let ut\u00e1n<\/p>\n<p>amir\u0151l minden karma \u00e1lmodik<\/p>\n<p>\u00e9s ahol Isten nem kotnyeleskedik,<\/p>\n<p>a hal\u00e1l angyala csak szivess\u00e9get tenne<\/p>\n<p>ha elvinne innen j\u00f3 messze,<\/p>\n<p>de ez sincs ingyen<\/p>\n<p>p\u00e9nzbe ker\u00fcl mint minden,<\/p>\n<p>de neked nincs semmid \u00e9s senkid,<\/p>\n<p>csak n\u00e9h\u00e1ny vag\u00e1ny \u00f6tleted<\/p>\n<p>-j\u00f3zanon azokat is elveted-<\/p>\n<p>fel is \u00f6tlik a k\u00e9rd\u00e9s:<\/p>\n<p>megold\u00e1s lesz-e a seg\u00edts\u00e9g?<\/p>\n<p>nem tudod, mert nem hagyod,<\/p>\n<p>nem hagyod, mert nem tudod<\/p>\n<p>saj\u00e1t \u00e9leted senkinek a k\u00f6ze<\/p>\n<p>makacss\u00e1god t\u00f6nkretesz.<\/p>\n<p>T\u00e9bolyultan ,elhagyatottan<\/p>\n<p>valami kics\u00faszik al\u00f3lad,<\/p>\n<p>csak a helyzet ami megv\u00e1ltozott-<\/p>\n<p>-pedig 2 k\u00e9zzel bel\u00e9d kapaszkodott<\/p>\n<p>az \u00f6rd\u00f6g<\/p>\n<p>aki testet \u00f6lt\u00f6tt<\/p>\n<p>\u00e9s egy \u00fajabb italt t\u00f6lt\u00f6tt.<\/p>\n<p>Megint tele vagy,<\/p>\n<p>de a b\u0151r\u00f6nd\u00f6d \u00fcres,<\/p>\n<p>nincs hova menned<\/p>\n<p>a b\u00e9rletek nem \u00e9rv\u00e9nyesek a v\u00e9gtelenbe,<\/p>\n<p>robban\u00e1sig fesz\u00fclt a helyzet<\/p>\n<p>megadod magad annak akinek kellesz,<\/p>\n<p>sz\u00e9p \u00e9s annyira durva,<\/p>\n<p>minden e vil\u00e1gi t\u00e9nyt\u0151l elfordulva,<\/p>\n<p>v\u00e1rod a v\u00e1ratlant,<\/p>\n<p>belakn\u00e1d a lakatlant<\/p>\n<p>de lehet\u0151s\u00e9geid lakat alatt.<\/p>\n<p>Kicsi ez a v\u00e1ros<\/p>\n<p>t\u00fal nagy a t\u00e9t,<\/p>\n<p>a rulett asztalon a fekete 13-as<\/p>\n<p>mindent meg\u00e9r.<\/p>\n<p>Meg\u00e9rteni t\u00e9ged nem lehet,<\/p>\n<p>m\u00e9g annak is neh\u00e9z aki szeret,<\/p>\n<p>pedig csak egy szerep amit j\u00e1tszol,<\/p>\n<p>az \u00f6r\u00f6k vesztes az akinek l\u00e1tszol.<\/p>\n<p>De ez sem a te hib\u00e1d,<\/p>\n<p>az \u00e9lettelen \u00e9let ver \u00e1t,<\/p>\n<p>gusztustalan l\u00e9tez\u00e9s form\u00e1k<\/p>\n<p>rejtik el a l\u00e9nyeg titk\u00e1t,<\/p>\n<p>amit\u0151l \u00e9lvezhet\u0151 ez a l\u00e9t<\/p>\n<p>\u00e9s \u00e1tl\u00e9pheted sz\u00e9gyenl\u0151ss\u00e9ged k\u00fcsz\u00f6b\u00e9t,<\/p>\n<p>\u00e9s el\u00e9red teljes\u00edt\u0151 k\u00e9pess\u00e9ged tetej\u00e9t,hogy<\/p>\n<p>felfedezd a vil\u00e1g sz\u00e9ps\u00e9g\u00e9t,<\/p>\n<p>k\u00e9nyszer\u00edtett k\u00f6zhelyek<\/p>\n<p>buta s\u00e9m\u00e1it \u00e1tl\u00e9pve<\/p>\n<p>izgalmas dolgok mennek v\u00e9gbe,<\/p>\n<p>mert te szent akarsz lenni<\/p>\n<p>szent\u00fcl hinni a b\u00e9k\u00e9ben,<\/p>\n<p>lehetetlen \u00e9lni ennyi f\u00e9lre\u00e9rt\u00e9sben.<\/p>\n<p>De az a napt\u00e1r ott a falon,nem hazudik<\/p>\n<p>\u00e9vek \u00f3ta hozz\u00e1d igazodik<\/p>\n<p>elindul,meg\u00e1ll<\/p>\n<p>\u00e9s ez mind-mind csak a te hib\u00e1d!<\/p>\n<\/blockquote>\n<p>[\/et_pb_text][\/et_pb_column][et_pb_column type=&#8221;1_2&#8243; _builder_version=&#8221;4.27.4&#8243; _module_preset=&#8221;default&#8221; global_colors_info=&#8221;{}&#8221;][et_pb_heading title=&#8221;Egy n\u00e9ma pillanat&#8221; _builder_version=&#8221;4.27.4&#8243; _module_preset=&#8221;default&#8221; title_level=&#8221;h2&#8243; title_text_align=&#8221;left&#8221; title_font_size=&#8221;34px&#8221; width=&#8221;100%&#8221; width_tablet=&#8221;100%&#8221; width_phone=&#8221;100%&#8221; width_last_edited=&#8221;on|phone&#8221; custom_padding=&#8221;15px|||||&#8221; animation_style=&#8221;fade&#8221; title_line_height_tablet=&#8221;&#8221; title_line_height_phone=&#8221;1.1em&#8221; title_line_height_last_edited=&#8221;on|phone&#8221; locked=&#8221;off&#8221; global_colors_info=&#8221;{}&#8221;][\/et_pb_heading][et_pb_text quote_border_color=&#8221;gcid-2ebbc52c-9ee6-4712-a077-fcaec9b98540&#8243; _builder_version=&#8221;4.27.4&#8243; _module_preset=&#8221;default&#8221; text_font=&#8221;&#8211;et_global_heading_font||||||||&#8221; text_text_color=&#8221;gcid-heading-color&#8221; text_font_size=&#8221;17px&#8221; text_line_height=&#8221;1.6em&#8221; header_text_align=&#8221;left&#8221; custom_padding=&#8221;0px|||||&#8221; animation_style=&#8221;fade&#8221; animation_duration=&#8221;2000ms&#8221; text_font_size_tablet=&#8221;17px&#8221; text_font_size_phone=&#8221;17px&#8221; text_font_size_last_edited=&#8221;on|phone&#8221; text_line_height_tablet=&#8221;1.6em&#8221; text_line_height_phone=&#8221;1.4em&#8221; text_line_height_last_edited=&#8221;on|desktop&#8221; border_style_all=&#8221;inset&#8221; locked=&#8221;off&#8221; global_colors_info=&#8221;{%22gcid-2ebbc52c-9ee6-4712-a077-fcaec9b98540%22:%91%22quote_border_color%22,%22quote_border_color%22%93,%22gcid-heading-color%22:%91%22text_text_color%22%93}&#8221;]<\/p>\n<blockquote>\n<p>Ha Te hallgatsz<\/p>\n<p>\u00e9n nem mondok semmit,<\/p>\n<p>halov\u00e1ny mosolyod m\u00f6g\u00f6tt<\/p>\n<p>a mondat v\u00e9get \u00e9r.<\/p>\n<p>\u00d6sszeesk\u00f6v\u00e9st sz\u0151 a csend<\/p>\n<p>ellenem vall a jelen pillanat.<\/p>\n<p>Ez a gondolat most nem j\u00f3 sehova,<\/p>\n<p>tal\u00e1n gy\u00f6ny\u00f6r\u0171 klis\u00e9kbe,<\/p>\n<p>ahol milli\u00f3 ugyanaz pr\u00f3b\u00e1l m\u00e1s lenni.<\/p>\n<p>Tal\u00e1n kirakatok ablak\u00e1ba,<\/p>\n<p>unalmas filmak jeleneteibe.<\/p>\n<p>B\u00e1rsonyos szerelem t\u00fcsk\u00e9in,<\/p>\n<p>a v\u00e1gy mocskos abrosz\u00e1n-<\/p>\n<p>ahol gonosz szerelmed egyre jobban vonzz-<\/p>\n<p>lesz majd otthona<\/p>\n<p>a kimer\u00fclt \u00e9rz\u00e9seknek<\/p>\n<p>a felhev\u00fclt ingereknek.<\/p>\n<p>Ahogy a hull\u00e1mv\u00f6lgyek<\/p>\n<p>hegyekk\u00e9 n\u0151nek,<\/p>\n<p>vulk\u00e1n robban,<\/p>\n<p>a t\u0171zh\u00e1ny\u00f3b\u00f3l nincs ki\u00fat.<\/p>\n<p>A minden is el\u00e9g ebben a t\u0171zben.<\/p>\n<p>Semmisem el\u00e9g ebben a t\u0171zben.<\/p>\n<p>Te meg csak n\u00e9zel n\u00e9m\u00e1n,<\/p>\n<p>sz\u00f3tlan a sz\u00e1d,<\/p>\n<p>szemed szenvtelen.<\/p>\n<p>Most mire gondolsz?<\/p>\n<p>Most mit is mondhatn\u00e9k?<\/p>\n<\/blockquote>\n<p>[\/et_pb_text][\/et_pb_column][\/et_pb_row][\/et_pb_section][et_pb_section fb_built=&#8221;1&#8243; _builder_version=&#8221;4.27.4&#8243; _module_preset=&#8221;default&#8221; custom_padding=&#8221;||0px|||&#8221; global_colors_info=&#8221;{}&#8221;][et_pb_row column_structure=&#8221;1_2,1_2&#8243; _builder_version=&#8221;4.27.4&#8243; _module_preset=&#8221;default&#8221; min_height=&#8221;89px&#8221; custom_margin=&#8221;-41px|auto||auto||&#8221; custom_padding=&#8221;3px||0px|||&#8221; global_colors_info=&#8221;{}&#8221;][et_pb_column type=&#8221;1_2&#8243; _builder_version=&#8221;4.27.4&#8243; _module_preset=&#8221;default&#8221; global_colors_info=&#8221;{}&#8221;][et_pb_heading title=&#8221;Dob \u00e9s basszus&#8221; _builder_version=&#8221;4.27.4&#8243; _module_preset=&#8221;default&#8221; title_level=&#8221;h2&#8243; title_text_align=&#8221;left&#8221; title_font_size=&#8221;34px&#8221; width=&#8221;100%&#8221; width_tablet=&#8221;100%&#8221; width_phone=&#8221;100%&#8221; width_last_edited=&#8221;on|phone&#8221; custom_padding=&#8221;15px|||||&#8221; animation_style=&#8221;fade&#8221; title_line_height_tablet=&#8221;&#8221; title_line_height_phone=&#8221;1.1em&#8221; title_line_height_last_edited=&#8221;on|phone&#8221; global_colors_info=&#8221;{}&#8221;][\/et_pb_heading][et_pb_text quote_border_color=&#8221;gcid-2ebbc52c-9ee6-4712-a077-fcaec9b98540&#8243; _builder_version=&#8221;4.27.4&#8243; _module_preset=&#8221;default&#8221; text_font=&#8221;&#8211;et_global_heading_font||||||||&#8221; text_text_color=&#8221;gcid-heading-color&#8221; text_font_size=&#8221;17px&#8221; text_line_height=&#8221;1.6em&#8221; header_text_align=&#8221;left&#8221; animation_style=&#8221;fade&#8221; animation_duration=&#8221;2000ms&#8221; text_font_size_tablet=&#8221;17px&#8221; text_font_size_phone=&#8221;17px&#8221; text_font_size_last_edited=&#8221;on|phone&#8221; text_line_height_tablet=&#8221;1.6em&#8221; text_line_height_phone=&#8221;1.4em&#8221; text_line_height_last_edited=&#8221;on|desktop&#8221; border_style_all=&#8221;inset&#8221; locked=&#8221;off&#8221; global_colors_info=&#8221;{%22gcid-2ebbc52c-9ee6-4712-a077-fcaec9b98540%22:%91%22quote_border_color%22,%22quote_border_color%22%93,%22gcid-heading-color%22:%91%22text_text_color%22%93}&#8221;]<\/p>\n<blockquote>\n<p>a dob meg a basszus<\/p>\n<p>amikor magam vagyok a ritmus<\/p>\n<p>tombol egy \u0151si r\u00edtus<\/p>\n<p>minden csatorn\u00e1ba eljut<\/p>\n<p>az ez aktu\u00e1lis aktus<\/p>\n<p>a basszus meg a dob<\/p>\n<p>a monotonit\u00e1s ami feldob<\/p>\n<p>semmi sincs ami tiltott<\/p>\n<p>a minimalit\u00e1s az ami megfog<\/p>\n<p>a hangzavar mindent elmos<\/p>\n<p>bonyolult t\u00f6rt \u00fctemek<\/p>\n<p>az \u0171rb\u0151l j\u00f6n az \u00fczenet<\/p>\n<p>r\u00e1di\u00f3-\u00e9ter \u00fcgyelet<\/p>\n<p>frekvencia gy\u00e1rt\u00f3 \u00fczemek<\/p>\n<p>leh\u00fanyt szemmel figyelem<\/p>\n<p>az \u00e9rz\u00e9s m\u00e9gsem idegen<\/p>\n<p>ahogy a hangfal k\u00fcldi a jeleket<\/p>\n<p>semmi m\u00e1s nem kap szerepet<\/p>\n<p>el\u0151csal egy szellemet<\/p>\n<p>ir\u00edgyek most az istenek<\/p>\n<p>fesz\u00fclnek az idegek<\/p>\n<p>kavarj\u00e1k az \u00e1ll\u00f3 vizeket<\/p>\n<\/blockquote>\n<p>[\/et_pb_text][\/et_pb_column][et_pb_column type=&#8221;1_2&#8243; _builder_version=&#8221;4.27.4&#8243; _module_preset=&#8221;default&#8221; global_colors_info=&#8221;{}&#8221;][et_pb_heading title=&#8221;Slayer&#8221; _builder_version=&#8221;4.27.4&#8243; _module_preset=&#8221;default&#8221; title_level=&#8221;h2&#8243; title_text_align=&#8221;left&#8221; title_font_size=&#8221;34px&#8221; width=&#8221;100%&#8221; width_tablet=&#8221;100%&#8221; width_phone=&#8221;100%&#8221; width_last_edited=&#8221;on|phone&#8221; custom_padding=&#8221;15px|||||&#8221; animation_style=&#8221;fade&#8221; title_line_height_tablet=&#8221;&#8221; title_line_height_phone=&#8221;1.1em&#8221; title_line_height_last_edited=&#8221;on|phone&#8221; locked=&#8221;off&#8221; global_colors_info=&#8221;{}&#8221;][\/et_pb_heading][et_pb_text quote_border_color=&#8221;gcid-2ebbc52c-9ee6-4712-a077-fcaec9b98540&#8243; _builder_version=&#8221;4.27.4&#8243; _module_preset=&#8221;default&#8221; text_font=&#8221;&#8211;et_global_heading_font||||||||&#8221; text_text_color=&#8221;gcid-heading-color&#8221; text_font_size=&#8221;17px&#8221; text_line_height=&#8221;1.6em&#8221; header_text_align=&#8221;left&#8221; custom_padding=&#8221;0px|||||&#8221; animation_style=&#8221;fade&#8221; animation_duration=&#8221;2000ms&#8221; text_font_size_tablet=&#8221;17px&#8221; text_font_size_phone=&#8221;17px&#8221; text_font_size_last_edited=&#8221;on|phone&#8221; text_line_height_tablet=&#8221;1.6em&#8221; text_line_height_phone=&#8221;1.4em&#8221; text_line_height_last_edited=&#8221;on|desktop&#8221; border_style_all=&#8221;inset&#8221; locked=&#8221;off&#8221; global_colors_info=&#8221;{%22gcid-2ebbc52c-9ee6-4712-a077-fcaec9b98540%22:%91%22quote_border_color%22,%22quote_border_color%22%93,%22gcid-heading-color%22:%91%22text_text_color%22%93}&#8221;]<\/p>\n<blockquote>\n<p>csukd be a szemed<\/p>\n<p>n\u00e9zz m\u00e9lyen a lelkedbe<\/p>\n<p>l\u00e9pj ki \u00f6nmagadb\u00f3l<\/p>\n<p>\u00e9s hagyd,hogy sz\u00e1rnyaljon az agyad<\/p>\n<p>halott elm\u00e9d a tudatodba n\u00e9z mikor meghalsz&#8230;.<\/p>\n<p>csukd be a szemed<\/p>\n<p>felejtsd el a neved<\/p>\n<p>l\u00e9pj \u00f6nmagad f\u00f6l\u00e9<\/p>\n<p>hagyd,hogy a gondolataid \u00e1ramoljanak<\/p>\n<p>csak &#8230;<\/p>\n<p>\u0151r\u00fclj meg<\/p>\n<\/blockquote>\n<p>[\/et_pb_text][\/et_pb_column][\/et_pb_row][\/et_pb_section][et_pb_section fb_built=&#8221;1&#8243; _builder_version=&#8221;4.27.4&#8243; _module_preset=&#8221;default&#8221; custom_padding=&#8221;||0px|||&#8221; global_colors_info=&#8221;{}&#8221;][et_pb_row column_structure=&#8221;1_2,1_2&#8243; _builder_version=&#8221;4.27.4&#8243; _module_preset=&#8221;default&#8221; min_height=&#8221;89px&#8221; custom_margin=&#8221;-41px|auto||auto||&#8221; custom_padding=&#8221;3px||0px|||&#8221; global_colors_info=&#8221;{}&#8221;][et_pb_column type=&#8221;1_2&#8243; _builder_version=&#8221;4.27.4&#8243; _module_preset=&#8221;default&#8221; global_colors_info=&#8221;{}&#8221;][et_pb_heading title=&#8221;Pearl jam black&#8221; _builder_version=&#8221;4.27.4&#8243; _module_preset=&#8221;default&#8221; title_level=&#8221;h2&#8243; title_text_align=&#8221;left&#8221; title_font_size=&#8221;34px&#8221; width=&#8221;100%&#8221; width_tablet=&#8221;100%&#8221; width_phone=&#8221;100%&#8221; width_last_edited=&#8221;on|phone&#8221; custom_padding=&#8221;15px|||||&#8221; animation_style=&#8221;fade&#8221; title_line_height_tablet=&#8221;&#8221; title_line_height_phone=&#8221;1.1em&#8221; title_line_height_last_edited=&#8221;on|phone&#8221; global_colors_info=&#8221;{}&#8221;][\/et_pb_heading][et_pb_text quote_border_color=&#8221;gcid-2ebbc52c-9ee6-4712-a077-fcaec9b98540&#8243; _builder_version=&#8221;4.27.4&#8243; _module_preset=&#8221;default&#8221; text_font=&#8221;&#8211;et_global_heading_font||||||||&#8221; text_text_color=&#8221;gcid-heading-color&#8221; text_font_size=&#8221;17px&#8221; text_line_height=&#8221;1.6em&#8221; header_text_align=&#8221;left&#8221; animation_style=&#8221;fade&#8221; animation_duration=&#8221;2000ms&#8221; text_font_size_tablet=&#8221;17px&#8221; text_font_size_phone=&#8221;17px&#8221; text_font_size_last_edited=&#8221;on|phone&#8221; text_line_height_tablet=&#8221;1.6em&#8221; text_line_height_phone=&#8221;1.4em&#8221; text_line_height_last_edited=&#8221;on|desktop&#8221; border_style_all=&#8221;inset&#8221; locked=&#8221;off&#8221; global_colors_info=&#8221;{%22gcid-2ebbc52c-9ee6-4712-a077-fcaec9b98540%22:%91%22quote_border_color%22,%22quote_border_color%22%93,%22gcid-heading-color%22:%91%22text_text_color%22%93}&#8221;]<\/p>\n<blockquote>\n<p>Az \u00fcres v\u00e1sznak ,az \u00e9rintetlen agyag<\/p>\n<p>ott fekszik ahol \u0150 fek\u00fcdt valaha,<\/p>\n<p>mind az \u00f6t l\u00e1t\u00f3hat\u00e1r,<\/p>\n<p>a lelke k\u00f6r\u00fcl forgott<\/p>\n<p>mint a F\u00f6ld \u00e9s a Nap<\/p>\n<p>de most az a leveg\u0151 amit l\u00e9legzek \u00e9s \u00e9rzek &#8230;..<\/p>\n<p>megv\u00e1ltozott!<\/p>\n<p>\u0150 volt minden-gondoltam<\/p>\n<p>\u00e9s oda adott mindent ami rajta volt,<\/p>\n<p>de most csak \u00fcres kezeim<\/p>\n<p>karcolj\u00e1k a felh\u0151k alj\u00e1t,<\/p>\n<p>amikr\u0151l azt gondoltam:azok jelk\u00e9pezik szerelm\u00fcnket&#8230;<\/p>\n<p>minden k\u00e9p amit feket\u00e9re mostam,<\/p>\n<p>elt\u00f6r\u00f6lte az \u00f6sszes dolgunkat&#8230;.<\/p>\n<p>Elmentem s\u00e9t\u00e1lni,<\/p>\n<p>halottam ahogy a gyerekek nevetnek k\u00f6r\u00fcl\u00f6ttem.<\/p>\n<p>Hogy tudn\u00e1n ezt ki\u00e9getni magamb\u00f3l?<\/p>\n<p>Csak kavarogank \u00e9s kavarognak a gondolatok a fejemben,<\/p>\n<p>milyen gyorsan tudnak elt\u0171nni&#8230;.?????<\/p>\n<p>Most f\u00e1radt kezeim ringatnak t\u00f6r\u00f6tt \u00e1lmokat,<\/p>\n<p>ez lenne mindenem?<\/p>\n<p>Minden k\u00e9p amit, az id\u0151 mosott el,<\/p>\n<p>\u00fcresen \u00fcv\u00f6lt vissza r\u00e1m.<\/p>\n<p>A szerelmek melyek rosszul v\u00e9gz\u0151dtek,<\/p>\n<p>feket\u00e9re festett\u00e9k f\u00e9lelmeim&#8230;.<\/p>\n<p>Tudom,hogy egy nap az \u00e9leted gy\u00f6ny\u00f6r\u0171 lesz..<\/p>\n<p>\u00e9s tudom valakit eg\u00e9t a TE napod fogja beragyogni&#8230;<\/p>\n<p>De mi\u00e9rt nem \u00e9n lehetek az,<\/p>\n<p>mi\u00e9rt nem \u00e9n leszek az???????<\/p>\n<\/blockquote>\n<p>[\/et_pb_text][\/et_pb_column][et_pb_column type=&#8221;1_2&#8243; _builder_version=&#8221;4.27.4&#8243; _module_preset=&#8221;default&#8221; global_colors_info=&#8221;{}&#8221;][et_pb_heading title=&#8221;Sz\u00edv-kapocs\/Andi \u00e9s Mosi<br \/>\nh\u00e1zass\u00e1gk\u00f6t\u00e9s\u00e9nek tisztelet\u00e9re&#8221; _builder_version=&#8221;4.27.4&#8243; _module_preset=&#8221;default&#8221; title_level=&#8221;h2&#8243; title_text_align=&#8221;left&#8221; title_font_size=&#8221;34px&#8221; width=&#8221;100%&#8221; width_tablet=&#8221;100%&#8221; width_phone=&#8221;100%&#8221; width_last_edited=&#8221;on|phone&#8221; custom_padding=&#8221;15px|||||&#8221; animation_style=&#8221;fade&#8221; title_line_height_tablet=&#8221;&#8221; title_line_height_phone=&#8221;1.1em&#8221; title_line_height_last_edited=&#8221;on|phone&#8221; locked=&#8221;off&#8221; global_colors_info=&#8221;{}&#8221;][\/et_pb_heading][et_pb_text quote_border_color=&#8221;gcid-2ebbc52c-9ee6-4712-a077-fcaec9b98540&#8243; _builder_version=&#8221;4.27.4&#8243; _module_preset=&#8221;default&#8221; text_font=&#8221;&#8211;et_global_heading_font||||||||&#8221; text_text_color=&#8221;gcid-heading-color&#8221; text_font_size=&#8221;17px&#8221; text_line_height=&#8221;1.6em&#8221; header_text_align=&#8221;left&#8221; custom_padding=&#8221;0px|||||&#8221; animation_style=&#8221;fade&#8221; animation_duration=&#8221;2000ms&#8221; text_font_size_tablet=&#8221;17px&#8221; text_font_size_phone=&#8221;17px&#8221; text_font_size_last_edited=&#8221;on|phone&#8221; text_line_height_tablet=&#8221;1.6em&#8221; text_line_height_phone=&#8221;1.4em&#8221; text_line_height_last_edited=&#8221;on|desktop&#8221; border_style_all=&#8221;inset&#8221; locked=&#8221;off&#8221; global_colors_info=&#8221;{%22gcid-2ebbc52c-9ee6-4712-a077-fcaec9b98540%22:%91%22quote_border_color%22,%22quote_border_color%22%93,%22gcid-heading-color%22:%91%22text_text_color%22%93}&#8221;]<\/p>\n<blockquote>\n<p>Meg\u00e9rt\u00e9s,szeretet<\/p>\n<p>ez az ami forgatja a kereket,<\/p>\n<p>mikor k\u00e9t egy\u00e9nis\u00e9g<\/p>\n<p>egy-m\u00e1s kez\u00e9be adja az \u00e9let\u00e9t.<\/p>\n<p>Nincs olyan,hogy minden k\u00f6t\u00e9l szakad,<\/p>\n<p>mert az ifj\u00fa p\u00e1rnak mindent szabad:<\/p>\n<p>szabad szombat,szabad szeretni,<\/p>\n<p>\u00e9s n\u00e9ha egy kicsit gyereknek lenni.<\/p>\n<p>Mert \u00e9n tudom,hogy az a boldog\u00edt\u00f3 igen<\/p>\n<p>messzire rep\u00edt benneteket innen,<\/p>\n<p>ugyanaz a v\u00e1ros,de a vil\u00e1g az egy m\u00e1sik,<\/p>\n<p>ahol mindig azt k\u00edv\u00e1nod:b\u00e1rcsak lenne m\u00e1r itt!<\/p>\n<p>Mert az a darab pap\u00edr nem jelent semmit<\/p>\n<p>de feljogos\u00edt arra,hogy megtegy\u00e9l b\u00e1rmit,<\/p>\n<p>lehetsz kedves vagy \u00e9ppen ideges,<\/p>\n<p>\u0150 ugyanolyan gyeng\u00e9ds\u00e9ggel fogja meg a kezedet,<\/p>\n<p>adhatsz mindent vagy \u00e9ppen nem sokat,<\/p>\n<p>de a m\u00e1sik soha nem felejti el a szavadat.<\/p>\n<p>Mert tudod:megtenne mindent csak boldog legy\u00e9l,<\/p>\n<p>enn\u00e9l t\u00f6bbet nem is k\u00e9rhetn\u00e9l.<\/p>\n<p>Mert a sz\u00edv a kapcsolat ha k\u00e9t ember \u00f6r\u00f6kre egy\u00fctt marad.<\/p>\n<p>\u00c9n szent\u00fcl hiszem,hogy az az al\u00e1\u00edr\u00e1s jelenti \u00faj \u00e9letetek z\u00e1log\u00e1t.<\/p>\n<p>\u00c9s ha m\u00e1r \u00edgy meglept\u00fcnk benneteket,<\/p>\n<p>legyen a mulats\u00e1g fergeteges,<\/p>\n<p>mert ezek azok a pillanatok<\/p>\n<p>melyekre mindig eml\u00e9kezni fogtok!<\/p>\n<\/blockquote>\n<p>[\/et_pb_text][\/et_pb_column][\/et_pb_row][\/et_pb_section][et_pb_section fb_built=&#8221;1&#8243; _builder_version=&#8221;4.27.4&#8243; _module_preset=&#8221;default&#8221; custom_padding=&#8221;||0px|||&#8221; global_colors_info=&#8221;{}&#8221;][et_pb_row column_structure=&#8221;1_2,1_2&#8243; _builder_version=&#8221;4.27.4&#8243; _module_preset=&#8221;default&#8221; min_height=&#8221;89px&#8221; custom_margin=&#8221;-41px|auto||auto||&#8221; custom_padding=&#8221;3px||0px|||&#8221; global_colors_info=&#8221;{}&#8221;][et_pb_column type=&#8221;1_2&#8243; _builder_version=&#8221;4.27.4&#8243; _module_preset=&#8221;default&#8221; global_colors_info=&#8221;{}&#8221;][et_pb_heading title=&#8221;Fekete-feh\u00e9r&#8221; _builder_version=&#8221;4.27.4&#8243; _module_preset=&#8221;default&#8221; title_level=&#8221;h2&#8243; title_text_align=&#8221;left&#8221; title_font_size=&#8221;34px&#8221; width=&#8221;100%&#8221; width_tablet=&#8221;100%&#8221; width_phone=&#8221;100%&#8221; width_last_edited=&#8221;on|phone&#8221; custom_padding=&#8221;15px|||||&#8221; animation_style=&#8221;fade&#8221; title_line_height_tablet=&#8221;&#8221; title_line_height_phone=&#8221;1.1em&#8221; title_line_height_last_edited=&#8221;on|phone&#8221; global_colors_info=&#8221;{}&#8221;][\/et_pb_heading][et_pb_text quote_border_color=&#8221;gcid-2ebbc52c-9ee6-4712-a077-fcaec9b98540&#8243; _builder_version=&#8221;4.27.4&#8243; _module_preset=&#8221;default&#8221; text_font=&#8221;&#8211;et_global_heading_font||||||||&#8221; text_text_color=&#8221;gcid-heading-color&#8221; text_font_size=&#8221;17px&#8221; text_line_height=&#8221;1.6em&#8221; header_text_align=&#8221;left&#8221; animation_style=&#8221;fade&#8221; animation_duration=&#8221;2000ms&#8221; text_font_size_tablet=&#8221;17px&#8221; text_font_size_phone=&#8221;17px&#8221; text_font_size_last_edited=&#8221;on|phone&#8221; text_line_height_tablet=&#8221;1.6em&#8221; text_line_height_phone=&#8221;1.4em&#8221; text_line_height_last_edited=&#8221;on|desktop&#8221; border_style_all=&#8221;inset&#8221; locked=&#8221;off&#8221; global_colors_info=&#8221;{%22gcid-2ebbc52c-9ee6-4712-a077-fcaec9b98540%22:%91%22quote_border_color%22,%22quote_border_color%22%93,%22gcid-heading-color%22:%91%22text_text_color%22%93}&#8221;]<\/p>\n<blockquote>\n<p>Fekete-feh\u00e9r k\u00e9pzelet,<\/p>\n<p>az ablakon \u00e1t csak egy f\u00e9ny szelet,<\/p>\n<p>meghamis\u00edtja a k\u00e9peket,<\/p>\n<p>\u00e1tform\u00e1lja a l\u00e9nyeget.<\/p>\n<\/blockquote>\n<p>[\/et_pb_text][\/et_pb_column][et_pb_column type=&#8221;1_2&#8243; _builder_version=&#8221;4.27.4&#8243; _module_preset=&#8221;default&#8221; global_colors_info=&#8221;{}&#8221;][et_pb_heading title=&#8221;Visszat\u00e9r\u0151 gondolatok&#8221; _builder_version=&#8221;4.27.4&#8243; _module_preset=&#8221;default&#8221; title_level=&#8221;h2&#8243; title_text_align=&#8221;left&#8221; title_font_size=&#8221;34px&#8221; width=&#8221;100%&#8221; width_tablet=&#8221;100%&#8221; width_phone=&#8221;100%&#8221; width_last_edited=&#8221;on|phone&#8221; custom_padding=&#8221;15px|||||&#8221; animation_style=&#8221;fade&#8221; title_line_height_tablet=&#8221;&#8221; title_line_height_phone=&#8221;1.1em&#8221; title_line_height_last_edited=&#8221;on|phone&#8221; locked=&#8221;off&#8221; global_colors_info=&#8221;{}&#8221;][\/et_pb_heading][et_pb_text quote_border_color=&#8221;gcid-2ebbc52c-9ee6-4712-a077-fcaec9b98540&#8243; _builder_version=&#8221;4.27.4&#8243; _module_preset=&#8221;default&#8221; text_font=&#8221;&#8211;et_global_heading_font||||||||&#8221; text_text_color=&#8221;gcid-heading-color&#8221; text_font_size=&#8221;17px&#8221; text_line_height=&#8221;1.6em&#8221; header_text_align=&#8221;left&#8221; custom_padding=&#8221;0px|||||&#8221; animation_style=&#8221;fade&#8221; animation_duration=&#8221;2000ms&#8221; text_font_size_tablet=&#8221;17px&#8221; text_font_size_phone=&#8221;17px&#8221; text_font_size_last_edited=&#8221;on|phone&#8221; text_line_height_tablet=&#8221;1.6em&#8221; text_line_height_phone=&#8221;1.4em&#8221; text_line_height_last_edited=&#8221;on|desktop&#8221; border_style_all=&#8221;inset&#8221; locked=&#8221;off&#8221; global_colors_info=&#8221;{%22gcid-2ebbc52c-9ee6-4712-a077-fcaec9b98540%22:%91%22quote_border_color%22,%22quote_border_color%22%93,%22gcid-heading-color%22:%91%22text_text_color%22%93}&#8221;]<\/p>\n<blockquote>\n<p>\u00c1lom lehel val\u00f3s\u00e1got<\/p>\n<p>r\u00f3zsasz\u00edn f\u00e1radt tenyerembe,<\/p>\n<p>az elm\u00fal\u00e1s ajkait \u00e9rzem<\/p>\n<p>hamu sz\u00fcrke,f\u00e1radt homlokomon;<\/p>\n<p>az \u00e9rz\u00e9kis\u00e9g furcsa j\u00e1t\u00e9ka hagy nyomot<\/p>\n<p>h\u00f3feh\u00e9r,\u00f6reg testemen;<\/p>\n<p>\u00f6r\u00f6kk\u00e9 visszat\u00e9r\u0151 gondolatok karcolj\u00e1k<\/p>\n<p>narancs-v\u00f6r\u00f6sen izz\u00f3 agyam felsz\u00edn\u00e9t.<\/p>\n<\/blockquote>\n<p>[\/et_pb_text][\/et_pb_column][\/et_pb_row][\/et_pb_section][et_pb_section fb_built=&#8221;1&#8243; _builder_version=&#8221;4.27.4&#8243; _module_preset=&#8221;default&#8221; custom_padding=&#8221;||0px|||&#8221; global_colors_info=&#8221;{}&#8221;][et_pb_row column_structure=&#8221;1_2,1_2&#8243; _builder_version=&#8221;4.27.4&#8243; _module_preset=&#8221;default&#8221; min_height=&#8221;89px&#8221; custom_margin=&#8221;-41px|auto||auto||&#8221; custom_padding=&#8221;3px||0px|||&#8221; global_colors_info=&#8221;{}&#8221;][et_pb_column type=&#8221;1_2&#8243; _builder_version=&#8221;4.27.4&#8243; _module_preset=&#8221;default&#8221; global_colors_info=&#8221;{}&#8221;][et_pb_heading title=&#8221;\u00d6r\u00f6kre&#8221; _builder_version=&#8221;4.27.4&#8243; _module_preset=&#8221;default&#8221; title_level=&#8221;h2&#8243; title_text_align=&#8221;left&#8221; title_font_size=&#8221;34px&#8221; width=&#8221;100%&#8221; width_tablet=&#8221;100%&#8221; width_phone=&#8221;100%&#8221; width_last_edited=&#8221;on|phone&#8221; custom_padding=&#8221;15px|||||&#8221; animation_style=&#8221;fade&#8221; title_line_height_tablet=&#8221;&#8221; title_line_height_phone=&#8221;1.1em&#8221; title_line_height_last_edited=&#8221;on|phone&#8221; global_colors_info=&#8221;{}&#8221;][\/et_pb_heading][et_pb_text quote_border_color=&#8221;gcid-2ebbc52c-9ee6-4712-a077-fcaec9b98540&#8243; _builder_version=&#8221;4.27.4&#8243; _module_preset=&#8221;default&#8221; text_font=&#8221;&#8211;et_global_heading_font||||||||&#8221; text_text_color=&#8221;gcid-heading-color&#8221; text_font_size=&#8221;17px&#8221; text_line_height=&#8221;1.6em&#8221; header_text_align=&#8221;left&#8221; animation_style=&#8221;fade&#8221; animation_duration=&#8221;2000ms&#8221; text_font_size_tablet=&#8221;17px&#8221; text_font_size_phone=&#8221;17px&#8221; text_font_size_last_edited=&#8221;on|phone&#8221; text_line_height_tablet=&#8221;1.6em&#8221; text_line_height_phone=&#8221;1.4em&#8221; text_line_height_last_edited=&#8221;on|desktop&#8221; border_style_all=&#8221;inset&#8221; locked=&#8221;off&#8221; global_colors_info=&#8221;{%22gcid-2ebbc52c-9ee6-4712-a077-fcaec9b98540%22:%91%22quote_border_color%22,%22quote_border_color%22%93,%22gcid-heading-color%22:%91%22text_text_color%22%93}&#8221;]<\/p>\n<blockquote>\n<p>Lebegek a semmiben<\/p>\n<p>-a semmi itt lebeg bennem-<\/p>\n<p>k\u00f6r\u00fcl \u00f6lel<\/p>\n<p>-\u00e9n k\u00f6r\u00fcl \u00f6lelem-<\/p>\n<p>bet\u00f6lt\u00f6m az \u00fcres helyet<\/p>\n<p>-az \u00fcres hely kit\u00f6lt engem-<\/p>\n<p>\u00e9rtelmetlen gondolatok rohannak \u00e1t rajtam<\/p>\n<p>-\u00e1trohanok \u00e9rtelmetlen gondolatokon-<\/p>\n<p>az id\u0151 meg\u00e1ll bennem 1 percre<\/p>\n<p>-\u00e9n meg\u00e1llok az id\u0151ben 1 percre<\/p>\n<p>elvesztem a vil\u00e1gban<\/p>\n<p>-vil\u00e1g elveszett bennem-.<\/p>\n<p>\u00c9n \u00e9s a Semmi<\/p>\n<p>csak bolyongunk az elveszett vil\u00e1gban<\/p>\n<p>-tal\u00e1n-\u00f6r\u00f6kre.<\/p>\n<\/blockquote>\n<p>[\/et_pb_text][\/et_pb_column][et_pb_column type=&#8221;1_2&#8243; _builder_version=&#8221;4.27.4&#8243; _module_preset=&#8221;default&#8221; global_colors_info=&#8221;{}&#8221;][et_pb_heading title=&#8221;Miel\u0151tt j\u00f6tt\u00e9l-Placebo:<br \/>\ndays before you came&#8221; _builder_version=&#8221;4.27.4&#8243; _module_preset=&#8221;default&#8221; title_level=&#8221;h2&#8243; title_text_align=&#8221;left&#8221; title_font_size=&#8221;34px&#8221; width=&#8221;100%&#8221; width_tablet=&#8221;100%&#8221; width_phone=&#8221;100%&#8221; width_last_edited=&#8221;on|phone&#8221; custom_padding=&#8221;15px|||||&#8221; animation_style=&#8221;fade&#8221; title_line_height_tablet=&#8221;&#8221; title_line_height_phone=&#8221;1.1em&#8221; title_line_height_last_edited=&#8221;on|phone&#8221; locked=&#8221;off&#8221; global_colors_info=&#8221;{}&#8221;][\/et_pb_heading][et_pb_text quote_border_color=&#8221;gcid-2ebbc52c-9ee6-4712-a077-fcaec9b98540&#8243; _builder_version=&#8221;4.27.4&#8243; _module_preset=&#8221;default&#8221; text_font=&#8221;&#8211;et_global_heading_font||||||||&#8221; text_text_color=&#8221;gcid-heading-color&#8221; text_font_size=&#8221;17px&#8221; text_line_height=&#8221;1.6em&#8221; header_text_align=&#8221;left&#8221; custom_padding=&#8221;0px|||||&#8221; animation_style=&#8221;fade&#8221; animation_duration=&#8221;2000ms&#8221; text_font_size_tablet=&#8221;17px&#8221; text_font_size_phone=&#8221;17px&#8221; text_font_size_last_edited=&#8221;on|phone&#8221; text_line_height_tablet=&#8221;1.6em&#8221; text_line_height_phone=&#8221;1.4em&#8221; text_line_height_last_edited=&#8221;on|desktop&#8221; border_style_all=&#8221;inset&#8221; locked=&#8221;off&#8221; global_colors_info=&#8221;{%22gcid-2ebbc52c-9ee6-4712-a077-fcaec9b98540%22:%91%22quote_border_color%22,%22quote_border_color%22%93,%22gcid-heading-color%22:%91%22text_text_color%22%93}&#8221;]<\/p>\n<blockquote>\n<p>Miel\u0151tt j\u00f6tt\u00e9l<\/p>\n<p>rideg-hideg volt minden<\/p>\n<p>sz\u00fcrke,fekete az \u00e9g<\/p>\n<p>de onnan sem j\u00f6tt seg\u00edts\u00e9g.<\/p>\n<p>Miel\u0151tt j\u00f6tt\u00e9l<\/p>\n<p>d\u00f6rg\u00f6tt \u00e9s vill\u00e1mlott<\/p>\n<p>az \u00e9rzelmek tenger\u00e9t<\/p>\n<p>felkorb\u00e1csolt\u00e1k a hull\u00e1mok.<\/p>\n<p>Miel\u0151tt j\u00f6tt\u00e9l<\/p>\n<p>a v\u00e1rosok \u00fcresen \u00e1lltak<\/p>\n<p>n\u00e9h\u00e1ny k\u00eds\u00e9rte t\u00e1ntorgott<\/p>\n<p>az \u00e9jszak\u00e1ban.<\/p>\n<p>Miel\u0151tt j\u00f6tt\u00e9l<\/p>\n<p>n\u00e9m\u00e1k voltak a v\u00e1gyak<\/p>\n<p>a fagyott l\u00e9tbe<\/p>\n<p>merevedtek az \u00e1rnyak.<\/p>\n<p>Miel\u0151tt j\u00f6tt\u00e9l<\/p>\n<p>a m\u0171holdak \u00faj p\u00e1ly\u00e1ra \u00e1lltak<\/p>\n<p>velem egy\u00fctt \u0151k is<\/p>\n<p>egy titkos jelre v\u00e1rtak.<\/p>\n<p>Miel\u0151tt j\u00f6tt\u00e9l<\/p>\n<p>csak a csendet hallottam<\/p>\n<p>egy ismer\u0151s vil\u00e1gban<\/p>\n<p>idegenk\u00e9nt bolyongtam.<\/p>\n<p>Miel\u0151tt j\u00f6tt\u00e9l<\/p>\n<p>teljesen egyed\u00fcl \u00e1lltam<\/p>\n<p>a kiutat kerestem<\/p>\n<p>a f\u00e9lelem labirintus\u00e1ban.<\/p>\n<p>Miel\u0151tt j\u00f6tt\u00e9l<\/p>\n<p>csak egy emberi roncs voltam<\/p>\n<p>sz\u00e9tszakadt sz\u00f6vetek<\/p>\n<p>a rothad\u00f3 h\u00fasban.<\/p>\n<\/blockquote>\n<p>[\/et_pb_text][\/et_pb_column][\/et_pb_row][\/et_pb_section][et_pb_section fb_built=&#8221;1&#8243; _builder_version=&#8221;4.27.4&#8243; _module_preset=&#8221;default&#8221; custom_padding=&#8221;||0px|||&#8221; global_colors_info=&#8221;{}&#8221;][et_pb_row column_structure=&#8221;1_2,1_2&#8243; _builder_version=&#8221;4.27.4&#8243; _module_preset=&#8221;default&#8221; min_height=&#8221;89px&#8221; custom_margin=&#8221;-41px|auto||auto||&#8221; custom_padding=&#8221;3px||0px|||&#8221; global_colors_info=&#8221;{}&#8221;][et_pb_column type=&#8221;1_2&#8243; _builder_version=&#8221;4.27.4&#8243; _module_preset=&#8221;default&#8221; global_colors_info=&#8221;{}&#8221;][et_pb_heading title=&#8221;Pista b\u00e1csi eml\u00e9k\u00e9re&#8221; _builder_version=&#8221;4.27.4&#8243; _module_preset=&#8221;default&#8221; title_level=&#8221;h2&#8243; title_text_align=&#8221;left&#8221; title_font_size=&#8221;34px&#8221; width=&#8221;100%&#8221; width_tablet=&#8221;100%&#8221; width_phone=&#8221;100%&#8221; width_last_edited=&#8221;on|phone&#8221; custom_padding=&#8221;15px|||||&#8221; animation_style=&#8221;fade&#8221; title_line_height_tablet=&#8221;&#8221; title_line_height_phone=&#8221;1.1em&#8221; title_line_height_last_edited=&#8221;on|phone&#8221; global_colors_info=&#8221;{}&#8221;][\/et_pb_heading][et_pb_text quote_border_color=&#8221;gcid-2ebbc52c-9ee6-4712-a077-fcaec9b98540&#8243; _builder_version=&#8221;4.27.4&#8243; _module_preset=&#8221;default&#8221; text_font=&#8221;&#8211;et_global_heading_font||||||||&#8221; text_text_color=&#8221;gcid-heading-color&#8221; text_font_size=&#8221;17px&#8221; text_line_height=&#8221;1.6em&#8221; header_text_align=&#8221;left&#8221; animation_style=&#8221;fade&#8221; animation_duration=&#8221;2000ms&#8221; text_font_size_tablet=&#8221;17px&#8221; text_font_size_phone=&#8221;17px&#8221; text_font_size_last_edited=&#8221;on|phone&#8221; text_line_height_tablet=&#8221;1.6em&#8221; text_line_height_phone=&#8221;1.4em&#8221; text_line_height_last_edited=&#8221;on|desktop&#8221; border_style_all=&#8221;inset&#8221; locked=&#8221;off&#8221; global_colors_info=&#8221;{%22gcid-2ebbc52c-9ee6-4712-a077-fcaec9b98540%22:%91%22quote_border_color%22,%22quote_border_color%22%93,%22gcid-heading-color%22:%91%22text_text_color%22%93}&#8221;]<\/p>\n<blockquote>\n<p>Nem volt egy nagy hely,<\/p>\n<p>csak 50mx20m-es t\u00e9glalap,<\/p>\n<p>de nek\u00fcnk hossz\u00fa \u00e9veken \u00e1t<\/p>\n<p>ez volt az alap.<\/p>\n<p>Minden ami ott t\u00f6rt\u00e9nt maga volt a csoda,<\/p>\n<p>valaki azt mondta ez az uszoda,<\/p>\n<p>s miut\u00e1n megtanultuk hogyan kell<\/p>\n<p>rendesen \u00faszni a gyorsot meg a pill\u00e9t,<\/p>\n<p>odaj\u00f6tt egy f\u00e9rfi \u00e9s megmondta a nev\u00e9t:<\/p>\n<p>Pista b\u00e1csinak h\u00edvt\u00e1k \u00e9s \u0151 lett az edz\u0151nk<\/p>\n<p>\u00e9s a mi szem\u00fcnkben \u0151 volt az igazi feln\u0151tt.<\/p>\n<p>Feln\u00e9zt\u00fcnk r\u00e1 \u00e9s szerett\u00fck,<\/p>\n<p>edz\u00e9s terveit\u0151l meg rettegt\u00fcnk.<\/p>\n<p>A maratoni \u00fasz\u00e1sok meg az a rengeteg torna,<\/p>\n<p>de ett\u0151l lett\u00fcnk er\u0151sek,kitart\u00f3ak \u00e9s gyorsak.<\/p>\n<p>A versenyekr\u0151l kil\u00f3sz\u00e1mra hoztuk az \u00e9rmeket<\/p>\n<p>\u00e9s tudtuk j\u00f3l ez mind az \u0150 \u00e9rdeme!<\/p>\n<p>\u00c9letre nevel\u0151 tan\u00e1csaival minket ell\u00e1tott<\/p>\n<p>remek humor\u00e1val soha senkit sem b\u00e1ntott.<\/p>\n<p>A csoportb\u00f3l bar\u00e1ti t\u00e1rsas\u00e1got csin\u00e1lt,<\/p>\n<p>akik 2 edz\u00e9s k\u00f6z\u00f6tt egy\u00fctt s\u00fct\u00f6tt\u00e9k a palacsint\u00e1t.<\/p>\n<p>B\u00fcszk\u00e9k voltunk r\u00e1,hogy n\u00e1la \u00faszhatunk ,<\/p>\n<p>pedig egy-egy edz\u00e9s ut\u00e1n teljesen kipurcantunk.<\/p>\n<p>M\u00e1snap kezdt\u00fck el\u00f6lr\u0151l az eg\u00e9szet,<\/p>\n<p>\u0151 meg a s\u00edpj\u00e1val vid\u00e1man f\u00fcty\u00fcr\u00e9szett.<\/p>\n<p>Humorban,vid\u00e1ms\u00e1gban sosem szenvedt\u00fcnk hi\u00e1nyt:<\/p>\n<p>hisz \u0151 volt az aki megismertette vel\u00fcnk a szaun\u00e1t!<\/p>\n<p>11-en szorongtunk a kis trabantban,<\/p>\n<p>de verhetetlenek voltunk a j\u00f3 hangulatban.<\/p>\n<p>Szenved\u00e9lyesen szerette amit csin\u00e1lt<\/p>\n<p>\u00e9s Mi mindig hallgattunk r\u00e1.<\/p>\n<p>Sz\u00edve 24 \u00f3r\u00e1n kereszt\u00fcl az \u00fasz\u00e1s\u00e9rt dobogott<\/p>\n<p>ez faragott bel\u0151l\u00fcnk bajnokot.<\/p>\n<p>Most,hogy \u00faj utadon elindult\u00e1l<\/p>\n<p>nem vagy egyed\u00fcl, \u00e9s egy uszod\u00e1t b\u00e1rhol tal\u00e1lsz:<\/p>\n<p>Mert minden egyes karcsap\u00e1s,le\u00faszott m\u00e9ter<\/p>\n<p>-b\u00e1rhol is legyen az-R\u00c1D eml\u00e9kez.<\/p>\n<p>Pista b\u00e1csi!Nek\u00fcnk m\u00e1r csak egy k\u00e9r\u00e9s\u00fcnk maradt:<\/p>\n<p>tan\u00edtsd meg sz\u00e9pen \u00faszni az angyalokat!<\/p>\n<\/blockquote>\n<p>[\/et_pb_text][\/et_pb_column][et_pb_column type=&#8221;1_2&#8243; _builder_version=&#8221;4.27.4&#8243; _module_preset=&#8221;default&#8221; global_colors_info=&#8221;{}&#8221;][et_pb_heading title=&#8221;Id\u0151z\u00edtett t\u00fal\u00e9l\u00e9s&#8221; _builder_version=&#8221;4.27.4&#8243; _module_preset=&#8221;default&#8221; title_level=&#8221;h2&#8243; title_text_align=&#8221;left&#8221; title_font_size=&#8221;34px&#8221; width=&#8221;100%&#8221; width_tablet=&#8221;100%&#8221; width_phone=&#8221;100%&#8221; width_last_edited=&#8221;on|phone&#8221; custom_padding=&#8221;15px|||||&#8221; animation_style=&#8221;fade&#8221; title_line_height_tablet=&#8221;&#8221; title_line_height_phone=&#8221;1.1em&#8221; title_line_height_last_edited=&#8221;on|phone&#8221; locked=&#8221;off&#8221; global_colors_info=&#8221;{}&#8221;][\/et_pb_heading][et_pb_text quote_border_color=&#8221;gcid-2ebbc52c-9ee6-4712-a077-fcaec9b98540&#8243; _builder_version=&#8221;4.27.4&#8243; _module_preset=&#8221;default&#8221; text_font=&#8221;&#8211;et_global_heading_font||||||||&#8221; text_text_color=&#8221;gcid-heading-color&#8221; text_font_size=&#8221;17px&#8221; text_line_height=&#8221;1.6em&#8221; header_text_align=&#8221;left&#8221; custom_padding=&#8221;0px|||||&#8221; animation_style=&#8221;fade&#8221; animation_duration=&#8221;2000ms&#8221; text_font_size_tablet=&#8221;17px&#8221; text_font_size_phone=&#8221;17px&#8221; text_font_size_last_edited=&#8221;on|phone&#8221; text_line_height_tablet=&#8221;1.6em&#8221; text_line_height_phone=&#8221;1.4em&#8221; text_line_height_last_edited=&#8221;on|desktop&#8221; border_style_all=&#8221;inset&#8221; locked=&#8221;off&#8221; global_colors_info=&#8221;{%22gcid-2ebbc52c-9ee6-4712-a077-fcaec9b98540%22:%91%22quote_border_color%22,%22quote_border_color%22%93,%22gcid-heading-color%22:%91%22text_text_color%22%93}&#8221;]<\/p>\n<blockquote>\n<p>Pap\u00edrhaj\u00f3k koszos pocsoly\u00e1kban<\/p>\n<p>j\u00e9ghideg \u00e9rint\u00e9s egy forr\u00f3 alkonyon<\/p>\n<p>a m\u00faland\u00f3s\u00e1g utols\u00f3 harca a repedezett betonon.<\/p>\n<p>Furcsa jelenetek az \u00e1lom sz\u00ednpad\u00e1n<\/p>\n<p>cukorm\u00e1zba burkolt keser\u0171s\u00e9g<\/p>\n<p>felszakadoz\u00f3 f\u00e9lelem felh\u0151zet.<\/p>\n<p>Felcsend\u00fcl egy elfelejtett dal-<\/p>\n<p>-fekete gyerty\u00e1k t\u00f6r\u00f6tt f\u00e9ny\u00e9n\u00e9l-<\/p>\n<p>-halov\u00e1nyan dereng a fogy\u00f3 hold.<\/p>\n<p>Id\u0151z\u00edtett t\u00fal\u00e9l\u00e9s,mikor<\/p>\n<p>2 pillanat k\u00f6z\u00f6tt fesz\u0171l<\/p>\n<p>az elme torz verzi\u00f3ja.<\/p>\n<\/blockquote>\n<p>[\/et_pb_text][\/et_pb_column][\/et_pb_row][\/et_pb_section][et_pb_section fb_built=&#8221;1&#8243; _builder_version=&#8221;4.27.4&#8243; _module_preset=&#8221;default&#8221; custom_padding=&#8221;||0px|||&#8221; global_colors_info=&#8221;{}&#8221;][et_pb_row column_structure=&#8221;1_2,1_2&#8243; _builder_version=&#8221;4.27.4&#8243; _module_preset=&#8221;default&#8221; min_height=&#8221;89px&#8221; custom_margin=&#8221;-41px|auto||auto||&#8221; custom_padding=&#8221;3px||0px|||&#8221; global_colors_info=&#8221;{}&#8221;][et_pb_column type=&#8221;1_2&#8243; _builder_version=&#8221;4.27.4&#8243; _module_preset=&#8221;default&#8221; global_colors_info=&#8221;{}&#8221;][et_pb_heading title=&#8221;Porn\u00f3&#8221; _builder_version=&#8221;4.27.4&#8243; _module_preset=&#8221;default&#8221; title_level=&#8221;h2&#8243; title_text_align=&#8221;left&#8221; title_font_size=&#8221;34px&#8221; width=&#8221;100%&#8221; width_tablet=&#8221;100%&#8221; width_phone=&#8221;100%&#8221; width_last_edited=&#8221;on|phone&#8221; custom_padding=&#8221;15px|||||&#8221; animation_style=&#8221;fade&#8221; title_line_height_tablet=&#8221;&#8221; title_line_height_phone=&#8221;1.1em&#8221; title_line_height_last_edited=&#8221;on|phone&#8221; global_colors_info=&#8221;{}&#8221;][\/et_pb_heading][et_pb_text quote_border_color=&#8221;gcid-2ebbc52c-9ee6-4712-a077-fcaec9b98540&#8243; _builder_version=&#8221;4.27.4&#8243; _module_preset=&#8221;default&#8221; text_font=&#8221;&#8211;et_global_heading_font||||||||&#8221; text_text_color=&#8221;gcid-heading-color&#8221; text_font_size=&#8221;17px&#8221; text_line_height=&#8221;1.6em&#8221; header_text_align=&#8221;left&#8221; animation_style=&#8221;fade&#8221; animation_duration=&#8221;2000ms&#8221; text_font_size_tablet=&#8221;17px&#8221; text_font_size_phone=&#8221;17px&#8221; text_font_size_last_edited=&#8221;on|phone&#8221; text_line_height_tablet=&#8221;1.6em&#8221; text_line_height_phone=&#8221;1.4em&#8221; text_line_height_last_edited=&#8221;on|desktop&#8221; border_style_all=&#8221;inset&#8221; locked=&#8221;off&#8221; global_colors_info=&#8221;{%22gcid-2ebbc52c-9ee6-4712-a077-fcaec9b98540%22:%91%22quote_border_color%22,%22quote_border_color%22%93,%22gcid-heading-color%22:%91%22text_text_color%22%93}&#8221;]<\/p>\n<blockquote>\n<p>Porn\u00f3 az eg\u00e9sz vil\u00e1g<\/p>\n<p>sok szop\u00e1s<\/p>\n<p>m\u00e9gt\u00f6bb nyal\u00e1s<\/p>\n<p>\u00e9s a v\u00e9g\u00e9n a nagy (r\u00e1)basz\u00e1s<\/p>\n<\/blockquote>\n<p>[\/et_pb_text][\/et_pb_column][et_pb_column type=&#8221;1_2&#8243; _builder_version=&#8221;4.27.4&#8243; _module_preset=&#8221;default&#8221; global_colors_info=&#8221;{}&#8221;][et_pb_heading title=&#8221;K\u00f6zhelyek&#8221; _builder_version=&#8221;4.27.4&#8243; _module_preset=&#8221;default&#8221; title_level=&#8221;h2&#8243; title_text_align=&#8221;left&#8221; title_font_size=&#8221;34px&#8221; width=&#8221;100%&#8221; width_tablet=&#8221;100%&#8221; width_phone=&#8221;100%&#8221; width_last_edited=&#8221;on|phone&#8221; custom_padding=&#8221;15px|||||&#8221; animation_style=&#8221;fade&#8221; title_line_height_tablet=&#8221;&#8221; title_line_height_phone=&#8221;1.1em&#8221; title_line_height_last_edited=&#8221;on|phone&#8221; locked=&#8221;off&#8221; global_colors_info=&#8221;{}&#8221;][\/et_pb_heading][et_pb_text quote_border_color=&#8221;gcid-2ebbc52c-9ee6-4712-a077-fcaec9b98540&#8243; _builder_version=&#8221;4.27.4&#8243; _module_preset=&#8221;default&#8221; text_font=&#8221;&#8211;et_global_heading_font||||||||&#8221; text_text_color=&#8221;gcid-heading-color&#8221; text_font_size=&#8221;17px&#8221; text_line_height=&#8221;1.6em&#8221; header_text_align=&#8221;left&#8221; custom_padding=&#8221;0px|||||&#8221; animation_style=&#8221;fade&#8221; animation_duration=&#8221;2000ms&#8221; text_font_size_tablet=&#8221;17px&#8221; text_font_size_phone=&#8221;17px&#8221; text_font_size_last_edited=&#8221;on|phone&#8221; text_line_height_tablet=&#8221;1.6em&#8221; text_line_height_phone=&#8221;1.4em&#8221; text_line_height_last_edited=&#8221;on|desktop&#8221; border_style_all=&#8221;inset&#8221; locked=&#8221;off&#8221; global_colors_info=&#8221;{%22gcid-2ebbc52c-9ee6-4712-a077-fcaec9b98540%22:%91%22quote_border_color%22,%22quote_border_color%22%93,%22gcid-heading-color%22:%91%22text_text_color%22%93}&#8221;]<\/p>\n<blockquote>\n<p>Csak a csend besz\u00e9l,<\/p>\n<p>szemeidben a k\u00f6nnyek t\u00fcze \u00e9g,<\/p>\n<p>megv\u00e1lt\u00e1st v\u00e1runk,<\/p>\n<p>de csak a tan\u00e1cstalans\u00e1g em\u00e9szti<\/p>\n<p>az elfojtott v\u00e1gyak \u00e9rz\u00e9stelen indulatait,<\/p>\n<p>k\u00eds\u00e9rte k\u00f6z\u00f6nyre<\/p>\n<p>t\u00e1maszkodik a t\u00falvil\u00e1g,<\/p>\n<p>mikor minden<\/p>\n<p>szerelmes szavamra<\/p>\n<p>csak egy visszafogott k\u00f6zhely reag\u00e1l.<\/p>\n<\/blockquote>\n<p>[\/et_pb_text][\/et_pb_column][\/et_pb_row][\/et_pb_section][et_pb_section fb_built=&#8221;1&#8243; _builder_version=&#8221;4.27.4&#8243; _module_preset=&#8221;default&#8221; custom_padding=&#8221;||0px|||&#8221; global_colors_info=&#8221;{}&#8221;][et_pb_row column_structure=&#8221;1_2,1_2&#8243; _builder_version=&#8221;4.27.4&#8243; _module_preset=&#8221;default&#8221; min_height=&#8221;89px&#8221; custom_margin=&#8221;-41px|auto||auto||&#8221; custom_padding=&#8221;3px||0px|||&#8221; global_colors_info=&#8221;{}&#8221;][et_pb_column type=&#8221;1_2&#8243; _builder_version=&#8221;4.27.4&#8243; _module_preset=&#8221;default&#8221; global_colors_info=&#8221;{}&#8221;][et_pb_heading title=&#8221;N\u00e9ma film&#8221; _builder_version=&#8221;4.27.4&#8243; _module_preset=&#8221;default&#8221; title_level=&#8221;h2&#8243; title_text_align=&#8221;left&#8221; title_font_size=&#8221;34px&#8221; width=&#8221;100%&#8221; width_tablet=&#8221;100%&#8221; width_phone=&#8221;100%&#8221; width_last_edited=&#8221;on|phone&#8221; custom_padding=&#8221;15px|||||&#8221; animation_style=&#8221;fade&#8221; title_line_height_tablet=&#8221;&#8221; title_line_height_phone=&#8221;1.1em&#8221; title_line_height_last_edited=&#8221;on|phone&#8221; global_colors_info=&#8221;{}&#8221;][\/et_pb_heading][et_pb_text quote_border_color=&#8221;gcid-2ebbc52c-9ee6-4712-a077-fcaec9b98540&#8243; _builder_version=&#8221;4.27.4&#8243; _module_preset=&#8221;default&#8221; text_font=&#8221;&#8211;et_global_heading_font||||||||&#8221; text_text_color=&#8221;gcid-heading-color&#8221; text_font_size=&#8221;17px&#8221; text_line_height=&#8221;1.6em&#8221; header_text_align=&#8221;left&#8221; animation_style=&#8221;fade&#8221; animation_duration=&#8221;2000ms&#8221; text_font_size_tablet=&#8221;17px&#8221; text_font_size_phone=&#8221;17px&#8221; text_font_size_last_edited=&#8221;on|phone&#8221; text_line_height_tablet=&#8221;1.6em&#8221; text_line_height_phone=&#8221;1.4em&#8221; text_line_height_last_edited=&#8221;on|desktop&#8221; border_style_all=&#8221;inset&#8221; locked=&#8221;off&#8221; global_colors_info=&#8221;{%22gcid-2ebbc52c-9ee6-4712-a077-fcaec9b98540%22:%91%22quote_border_color%22,%22quote_border_color%22%93,%22gcid-heading-color%22:%91%22text_text_color%22%93}&#8221;]<\/p>\n<blockquote>\n<p>Homokszemcs\u00e9k k\u00f6zt megvakult szem<\/p>\n<p>csak az \u00fcvegbe z\u00e1rt id\u0151,<\/p>\n<p>fekete-feh\u00e9r k\u00e9pek peregnek<\/p>\n<p>mint egy n\u00e9ma film,<\/p>\n<p>az \u00e9let elp\u00e1rolog<\/p>\n<p>a reggeli nap hom\u00e1ly\u00e1ban,<\/p>\n<p>m\u00e9lyen, az ag\u00f3nia f\u00e1radt partjai alatt,<\/p>\n<p>h\u00e1l\u00f3k\u00e9nt hullanak<\/p>\n<p>a kih\u0171lt vallom\u00e1sok<\/p>\n<p>a l\u00e9tez\u00e9s hazugs\u00e1gaira.<\/p>\n<\/blockquote>\n<p>[\/et_pb_text][\/et_pb_column][et_pb_column type=&#8221;1_2&#8243; _builder_version=&#8221;4.27.4&#8243; _module_preset=&#8221;default&#8221; global_colors_info=&#8221;{}&#8221;][et_pb_heading title=&#8221;A l\u00e9lek \u00f6npuszt\u00edt\u00f3 ext\u00e1zisa&#8221; _builder_version=&#8221;4.27.4&#8243; _module_preset=&#8221;default&#8221; title_level=&#8221;h2&#8243; title_text_align=&#8221;left&#8221; title_font_size=&#8221;34px&#8221; width=&#8221;100%&#8221; width_tablet=&#8221;100%&#8221; width_phone=&#8221;100%&#8221; width_last_edited=&#8221;on|phone&#8221; custom_padding=&#8221;15px|||||&#8221; animation_style=&#8221;fade&#8221; title_line_height_tablet=&#8221;&#8221; title_line_height_phone=&#8221;1.1em&#8221; title_line_height_last_edited=&#8221;on|phone&#8221; locked=&#8221;off&#8221; global_colors_info=&#8221;{}&#8221;][\/et_pb_heading][et_pb_text quote_border_color=&#8221;gcid-2ebbc52c-9ee6-4712-a077-fcaec9b98540&#8243; _builder_version=&#8221;4.27.4&#8243; _module_preset=&#8221;default&#8221; text_font=&#8221;&#8211;et_global_heading_font||||||||&#8221; text_text_color=&#8221;gcid-heading-color&#8221; text_font_size=&#8221;17px&#8221; text_line_height=&#8221;1.6em&#8221; header_text_align=&#8221;left&#8221; custom_padding=&#8221;0px|||||&#8221; animation_style=&#8221;fade&#8221; animation_duration=&#8221;2000ms&#8221; text_font_size_tablet=&#8221;17px&#8221; text_font_size_phone=&#8221;17px&#8221; text_font_size_last_edited=&#8221;on|phone&#8221; text_line_height_tablet=&#8221;1.6em&#8221; text_line_height_phone=&#8221;1.4em&#8221; text_line_height_last_edited=&#8221;on|desktop&#8221; border_style_all=&#8221;inset&#8221; locked=&#8221;off&#8221; global_colors_info=&#8221;{%22gcid-2ebbc52c-9ee6-4712-a077-fcaec9b98540%22:%91%22quote_border_color%22,%22quote_border_color%22%93,%22gcid-heading-color%22:%91%22text_text_color%22%93}&#8221;]<\/p>\n<blockquote>\n<p>Elhalnak a v\u00e1gyak,<br \/>a kesely\u0171k mindent felzab\u00e1lnak,<br \/>az \u00e9let marad\u00e9kait,<br \/>a szerelem sz\u00fcrke hamvait,<br \/>a f\u00e9ny\u0171z\u0151 gondolatok \u00e1br\u00e1ndoz\u00e1sait<br \/>a j\u00e9ghideg sz\u00e9l hordja szerte-sz\u00e9t.<\/p>\n<p>1 m\u00e1sodpercre k\u0151v\u00e9 dermedek, figyelek,<br \/>az elhagyatotts\u00e1g minden jele az arcomon,<br \/>de nincs meg\u00e1ll\u00e1s,<br \/>ez nem a v\u00e9g\u00e1llom\u00e1s.<\/p>\n<p>A l\u00e9lek \u00f6npuszt\u00edt\u00f3 ext\u00e1zisa<br \/>tombol,<br \/>terjed,<br \/>\u00faj perverzi\u00f3kra gerjed.<br \/>B\u0151r\u00f6mbe \u00e9geti<br \/>az \u00faj kor S.O.S. jeleit,<br \/>d\u00fch\u00f6sen t\u00e1mad,<br \/>\u0151rj\u00f6ng<br \/>megf\u00e9kezhetetlen\u00fcl,<br \/>a hatalm\u00e1ba ker\u00edt.<\/p>\n<p>Kihagyott ritmusokra ver a sz\u00edv-<br \/>-telen s\u00e1padt l\u00e1tom\u00e1s<br \/>andal\u00edt\u00f3 undora<br \/>visszhangozza a holnap m\u00e1mor\u00e1t.<\/p>\n<p>T\u00e9bolyda ez,<br \/>maga a megbecstelen\u00edtett mennyorsz\u00e1g,<br \/>sz\u00e1zezer elmeoszt\u00e1ly<br \/>idegt\u00e9p\u0151 harca,<br \/>de nincs mened\u00e9k,<br \/>nincs m\u00e1r semmi.<\/p>\n<p>Nincsenek v\u00e9letlenek,<br \/>csak a tudatoss\u00e1g \u00f6ntudatlan,<br \/>elk\u00e9peszt\u0151en gyors pusztul\u00e1sa.<\/p>\n<\/blockquote>\n<p>[\/et_pb_text][\/et_pb_column][\/et_pb_row][\/et_pb_section][et_pb_section fb_built=&#8221;1&#8243; _builder_version=&#8221;4.27.4&#8243; _module_preset=&#8221;default&#8221; custom_padding=&#8221;||0px|||&#8221; global_colors_info=&#8221;{}&#8221;][et_pb_row column_structure=&#8221;1_2,1_2&#8243; _builder_version=&#8221;4.27.4&#8243; _module_preset=&#8221;default&#8221; min_height=&#8221;89px&#8221; custom_margin=&#8221;-41px|auto||auto||&#8221; custom_padding=&#8221;3px||0px|||&#8221; global_colors_info=&#8221;{}&#8221;][et_pb_column type=&#8221;1_2&#8243; _builder_version=&#8221;4.27.4&#8243; _module_preset=&#8221;default&#8221; global_colors_info=&#8221;{}&#8221;][et_pb_heading title=&#8221;A l\u00e9tez\u00e9s elviselhetetlens\u00e9ge&#8221; _builder_version=&#8221;4.27.4&#8243; _module_preset=&#8221;default&#8221; title_level=&#8221;h2&#8243; title_text_align=&#8221;left&#8221; title_font_size=&#8221;34px&#8221; width=&#8221;100%&#8221; width_tablet=&#8221;100%&#8221; width_phone=&#8221;100%&#8221; width_last_edited=&#8221;on|phone&#8221; custom_padding=&#8221;15px|||||&#8221; animation_style=&#8221;fade&#8221; title_line_height_tablet=&#8221;&#8221; title_line_height_phone=&#8221;1.1em&#8221; title_line_height_last_edited=&#8221;on|phone&#8221; global_colors_info=&#8221;{}&#8221;][\/et_pb_heading][et_pb_text quote_border_color=&#8221;gcid-2ebbc52c-9ee6-4712-a077-fcaec9b98540&#8243; _builder_version=&#8221;4.27.4&#8243; _module_preset=&#8221;default&#8221; text_font=&#8221;&#8211;et_global_heading_font||||||||&#8221; text_text_color=&#8221;gcid-heading-color&#8221; text_font_size=&#8221;17px&#8221; text_line_height=&#8221;1.6em&#8221; header_text_align=&#8221;left&#8221; animation_style=&#8221;fade&#8221; animation_duration=&#8221;2000ms&#8221; text_font_size_tablet=&#8221;17px&#8221; text_font_size_phone=&#8221;17px&#8221; text_font_size_last_edited=&#8221;on|phone&#8221; text_line_height_tablet=&#8221;1.6em&#8221; text_line_height_phone=&#8221;1.4em&#8221; text_line_height_last_edited=&#8221;on|desktop&#8221; border_style_all=&#8221;inset&#8221; locked=&#8221;off&#8221; global_colors_info=&#8221;{%22gcid-2ebbc52c-9ee6-4712-a077-fcaec9b98540%22:%91%22quote_border_color%22,%22quote_border_color%22%93,%22gcid-heading-color%22:%91%22text_text_color%22%93}&#8221;]<\/p>\n<blockquote>\n<p>Ez az \u00fcres mem\u00f3ria-s\u00e1v<br \/>STOP t\u00e1bl\u00e1hoz \u00e9r az elme orsz\u00e1g\u00fatj\u00e1n.<\/p>\n<p>Mikor az \u00f6r\u00f6kk\u00e9val\u00f3s\u00e1g<br \/>beles\u0171r\u0171s\u00f6dik 1 \u00f3r\u00e1ba,<br \/>hallom, ahogy \u00fcv\u00f6lt minden gondolat,<br \/>\u00e9s a halva sz\u00fcletett pr\u00f3b\u00e1lkoz\u00e1s<br \/>er\u0151tlen\u00fcl botladozik az \u00fcress\u00e9g sivatag\u00e1ban.<\/p>\n<p>S\u0171r\u0171 halmaz\u00e1llapot\u00fa \u00f6rv\u00e9nyrendszerek<br \/>s\u00fcv\u00edtenek \u00e1t<br \/>2 v\u00edzcseppk\u00e9nt leperg\u0151<br \/>f\u00e1jdalommolekula k\u00f6z\u00f6tt.<br \/>M\u00e9g a t\u00f6r\u00e9keny l\u00e9tez\u00e9s elviselhetetlen neh\u00e9zs\u00e9ge is<br \/>itt szorong bennem,<br \/>a m\u00e9lyn\u00e9l is m\u00e9lyebben<br \/>rejt\u0151zk\u00f6d\u0151 t\u0171z &#8211;<br \/>j\u00e9gt\u00e1bla h\u00e1t\u00e1n v\u00e1lik el\u00e9rhetetlenn\u00e9.<\/p>\n<p>Magukb\u00f3l kifacsarodott<br \/>k\u00eds\u00e9rtetek bolyonganak<br \/>elz\u00fcll\u00f6tt v\u00e1rosok perem\u00e9n.<\/p>\n<p>Sz\u00e9thullott mondatok akaratlanul is<br \/>eleny\u00e9sznek a Teremt\u0151 sz\u00e1j\u00e1ban &#8211;<br \/>elhom\u00e1lyosodik a k\u00e9pzelet &#8211;<br \/>\u00fatveszt\u0151j\u00e9ben hal\u00e1lra \u00edt\u00e9lt a j\u00f3zan \u00e9sz.<\/p>\n<\/blockquote>\n<p>[\/et_pb_text][\/et_pb_column][et_pb_column type=&#8221;1_2&#8243; _builder_version=&#8221;4.27.4&#8243; _module_preset=&#8221;default&#8221; global_colors_info=&#8221;{}&#8221;][et_pb_heading title=&#8221;A legs\u00f6t\u00e9tebb \u00f3ra&#8221; _builder_version=&#8221;4.27.4&#8243; _module_preset=&#8221;default&#8221; title_level=&#8221;h2&#8243; title_text_align=&#8221;left&#8221; title_font_size=&#8221;34px&#8221; width=&#8221;100%&#8221; width_tablet=&#8221;100%&#8221; width_phone=&#8221;100%&#8221; width_last_edited=&#8221;on|phone&#8221; custom_padding=&#8221;15px|||||&#8221; animation_style=&#8221;fade&#8221; title_line_height_tablet=&#8221;&#8221; title_line_height_phone=&#8221;1.1em&#8221; title_line_height_last_edited=&#8221;on|phone&#8221; locked=&#8221;off&#8221; global_colors_info=&#8221;{}&#8221;][\/et_pb_heading][et_pb_text quote_border_color=&#8221;gcid-2ebbc52c-9ee6-4712-a077-fcaec9b98540&#8243; _builder_version=&#8221;4.27.4&#8243; _module_preset=&#8221;default&#8221; text_font=&#8221;&#8211;et_global_heading_font||||||||&#8221; text_text_color=&#8221;gcid-heading-color&#8221; text_font_size=&#8221;17px&#8221; text_line_height=&#8221;1.6em&#8221; header_text_align=&#8221;left&#8221; custom_padding=&#8221;0px|||||&#8221; animation_style=&#8221;fade&#8221; animation_duration=&#8221;2000ms&#8221; text_font_size_tablet=&#8221;17px&#8221; text_font_size_phone=&#8221;17px&#8221; text_font_size_last_edited=&#8221;on|phone&#8221; text_line_height_tablet=&#8221;1.6em&#8221; text_line_height_phone=&#8221;1.4em&#8221; text_line_height_last_edited=&#8221;on|desktop&#8221; border_style_all=&#8221;inset&#8221; locked=&#8221;off&#8221; global_colors_info=&#8221;{%22gcid-2ebbc52c-9ee6-4712-a077-fcaec9b98540%22:%91%22quote_border_color%22,%22quote_border_color%22%93,%22gcid-heading-color%22:%91%22text_text_color%22%93}&#8221;]<\/p>\n<blockquote>\n<p>Var\u00e1zslat: meg-megt\u00f6rik<br \/>Szerelem: el-elveszik.<br \/>A monoton h\u00e9tk\u00f6znapokba gy\u00f6keret ver<br \/>a n\u00e9mas\u00e1g.<\/p>\n<p>Tapinthat\u00f3 a csend.<\/p>\n<p>Tal\u00e1n ez a legs\u00f6t\u00e9tebb \u00f3ra\u2026<\/p>\n<p>\u00c9lve temet el<br \/>a f\u00e9lelem utols\u00f3 hull\u00e1ma<br \/>a l\u00e9lek \u00fatveszt\u0151iben.<\/p>\n<p>K\u00ednz\u00f3 hangulatv\u00e1ltoz\u00e1sok \u2013 gondolatv\u00edrusok,<br \/>az \u0151r\u00fclet hat\u00e1r\u00e1n bolyonganak a napok,<br \/>a sz\u00edv \u00fatjain leoml\u00f3 hidak<br \/>a fekete \u00e9gbe zuhannak.<\/p>\n<p>A r\u00e9veteg tekintet<br \/>a semmibe mered<br \/>\u00e9s kaj\u00e1n vigyorral \u00e9lvezkedik<br \/>a f\u00e1jdalom sz\u00e9ps\u00e9g\u00e9ben.<\/p>\n<\/blockquote>\n<p>[\/et_pb_text][\/et_pb_column][\/et_pb_row][\/et_pb_section][et_pb_section fb_built=&#8221;1&#8243; _builder_version=&#8221;4.27.4&#8243; _module_preset=&#8221;default&#8221; custom_padding=&#8221;||0px|||&#8221; global_colors_info=&#8221;{}&#8221;][et_pb_row column_structure=&#8221;1_2,1_2&#8243; _builder_version=&#8221;4.27.4&#8243; _module_preset=&#8221;default&#8221; min_height=&#8221;89px&#8221; custom_margin=&#8221;-41px|auto||auto||&#8221; custom_padding=&#8221;3px||0px|||&#8221; global_colors_info=&#8221;{}&#8221;][et_pb_column type=&#8221;1_2&#8243; _builder_version=&#8221;4.27.4&#8243; _module_preset=&#8221;default&#8221; global_colors_info=&#8221;{}&#8221;][et_pb_heading title=&#8221;Elvont pillanatok&#8221; _builder_version=&#8221;4.27.4&#8243; _module_preset=&#8221;default&#8221; title_level=&#8221;h2&#8243; title_text_align=&#8221;left&#8221; title_font_size=&#8221;34px&#8221; width=&#8221;100%&#8221; width_tablet=&#8221;100%&#8221; width_phone=&#8221;100%&#8221; width_last_edited=&#8221;on|phone&#8221; custom_padding=&#8221;15px|||||&#8221; animation_style=&#8221;fade&#8221; title_line_height_tablet=&#8221;&#8221; title_line_height_phone=&#8221;1.1em&#8221; title_line_height_last_edited=&#8221;on|phone&#8221; global_colors_info=&#8221;{}&#8221;][\/et_pb_heading][et_pb_text quote_border_color=&#8221;gcid-2ebbc52c-9ee6-4712-a077-fcaec9b98540&#8243; _builder_version=&#8221;4.27.4&#8243; _module_preset=&#8221;default&#8221; text_font=&#8221;&#8211;et_global_heading_font||||||||&#8221; text_text_color=&#8221;gcid-heading-color&#8221; text_font_size=&#8221;17px&#8221; text_line_height=&#8221;1.6em&#8221; header_text_align=&#8221;left&#8221; animation_style=&#8221;fade&#8221; animation_duration=&#8221;2000ms&#8221; text_font_size_tablet=&#8221;17px&#8221; text_font_size_phone=&#8221;17px&#8221; text_font_size_last_edited=&#8221;on|phone&#8221; text_line_height_tablet=&#8221;1.6em&#8221; text_line_height_phone=&#8221;1.4em&#8221; text_line_height_last_edited=&#8221;on|desktop&#8221; border_style_all=&#8221;inset&#8221; locked=&#8221;off&#8221; global_colors_info=&#8221;{%22gcid-2ebbc52c-9ee6-4712-a077-fcaec9b98540%22:%91%22quote_border_color%22,%22quote_border_color%22%93,%22gcid-heading-color%22:%91%22text_text_color%22%93}&#8221;]<\/p>\n<blockquote>\n<p>A pillanat absztrakci\u00f3i<br \/>reinkarn\u00e1l\u00f3dnak<br \/>a haldokl\u00f3 napok ormain.<br \/>Kibelezett \u00e1lmok<br \/>hib\u00e1tlan \u00f6npuszt\u00edt\u00e1sa<br \/>v\u00edzes\u00e9sk\u00e9nt sz\u00e1guld az ismeretlenbe.<br \/>A t\u00e1rgy n\u00e9lk\u00fcli vil\u00e1g<br \/>tiszta \u00e9rz\u00e9kenys\u00e9ge<br \/>elveszik a kozmikus t\u00e9rben.<br \/>A sz\u00f6rnyekkel k\u00fczd\u0151<br \/>\u00e9n-hadsereg<br \/>megpihen a rothad\u00f3 r\u00f3zsakert<br \/>lehull\u00f3 vir\u00e1gszirmain.<\/p>\n<\/blockquote>\n<p>[\/et_pb_text][\/et_pb_column][et_pb_column type=&#8221;1_2&#8243; _builder_version=&#8221;4.27.4&#8243; _module_preset=&#8221;default&#8221; global_colors_info=&#8221;{}&#8221;][et_pb_heading title=&#8221;V\u00e1gyom r\u00e1d&#8221; _builder_version=&#8221;4.27.4&#8243; _module_preset=&#8221;default&#8221; title_level=&#8221;h2&#8243; title_text_align=&#8221;left&#8221; title_font_size=&#8221;34px&#8221; width=&#8221;100%&#8221; width_tablet=&#8221;100%&#8221; width_phone=&#8221;100%&#8221; width_last_edited=&#8221;on|phone&#8221; custom_padding=&#8221;15px|||||&#8221; animation_style=&#8221;fade&#8221; title_line_height_tablet=&#8221;&#8221; title_line_height_phone=&#8221;1.1em&#8221; title_line_height_last_edited=&#8221;on|phone&#8221; locked=&#8221;off&#8221; global_colors_info=&#8221;{}&#8221;][\/et_pb_heading][et_pb_text quote_border_color=&#8221;gcid-2ebbc52c-9ee6-4712-a077-fcaec9b98540&#8243; _builder_version=&#8221;4.27.4&#8243; _module_preset=&#8221;default&#8221; text_font=&#8221;&#8211;et_global_heading_font||||||||&#8221; text_text_color=&#8221;gcid-heading-color&#8221; text_font_size=&#8221;17px&#8221; text_line_height=&#8221;1.6em&#8221; header_text_align=&#8221;left&#8221; custom_padding=&#8221;0px|||||&#8221; animation_style=&#8221;fade&#8221; animation_duration=&#8221;2000ms&#8221; text_font_size_tablet=&#8221;17px&#8221; text_font_size_phone=&#8221;17px&#8221; text_font_size_last_edited=&#8221;on|phone&#8221; text_line_height_tablet=&#8221;1.6em&#8221; text_line_height_phone=&#8221;1.4em&#8221; text_line_height_last_edited=&#8221;on|desktop&#8221; border_style_all=&#8221;inset&#8221; locked=&#8221;off&#8221; global_colors_info=&#8221;{%22gcid-2ebbc52c-9ee6-4712-a077-fcaec9b98540%22:%91%22quote_border_color%22,%22quote_border_color%22%93,%22gcid-heading-color%22:%91%22text_text_color%22%93}&#8221;]<\/p>\n<blockquote>\n<p>A vihar szele<br \/>m\u00e1r itt kavarog.<br \/>A csend nyugalma<br \/>m\u00e1r mag\u00e1val ragadott,<br \/>de mindj\u00e1rt v\u00e9ge,<br \/>\u0151r\u00fclj meg, k\u00e9rlek!<br \/>A pillanat t\u00e1volodik,<br \/>hangok sz\u0171k\u00f6lnek.<br \/>De \u00e9n megkeresem a sz\u00e9pet,<br \/>a puh\u00e1t, a l\u00e1gyat, az \u00e9rz\u00e9kit,<br \/>f\u00e1radhatatlanul, elt\u00e1volodva<br \/>mindenfajta racion\u00e1lis magyar\u00e1zatt\u00f3l<br \/>v\u00e1gyom r\u00e1d!<\/p>\n<\/blockquote>\n<p>[\/et_pb_text][\/et_pb_column][\/et_pb_row][\/et_pb_section][et_pb_section fb_built=&#8221;1&#8243; _builder_version=&#8221;4.27.4&#8243; _module_preset=&#8221;default&#8221; custom_padding=&#8221;||0px|||&#8221; global_colors_info=&#8221;{}&#8221;][et_pb_row column_structure=&#8221;1_2,1_2&#8243; _builder_version=&#8221;4.27.4&#8243; _module_preset=&#8221;default&#8221; min_height=&#8221;89px&#8221; custom_margin=&#8221;-41px|auto||auto||&#8221; custom_padding=&#8221;3px||0px|||&#8221; global_colors_info=&#8221;{}&#8221;][et_pb_column type=&#8221;1_2&#8243; _builder_version=&#8221;4.27.4&#8243; _module_preset=&#8221;default&#8221; global_colors_info=&#8221;{}&#8221;][et_pb_heading title=&#8221;Az \u00e9jszaka&#8221; _builder_version=&#8221;4.27.4&#8243; _module_preset=&#8221;default&#8221; title_level=&#8221;h2&#8243; title_text_align=&#8221;left&#8221; title_font_size=&#8221;34px&#8221; width=&#8221;100%&#8221; width_tablet=&#8221;100%&#8221; width_phone=&#8221;100%&#8221; width_last_edited=&#8221;on|phone&#8221; custom_padding=&#8221;15px|||||&#8221; animation_style=&#8221;fade&#8221; title_line_height_tablet=&#8221;&#8221; title_line_height_phone=&#8221;1.1em&#8221; title_line_height_last_edited=&#8221;on|phone&#8221; global_colors_info=&#8221;{}&#8221;][\/et_pb_heading][et_pb_text quote_border_color=&#8221;gcid-2ebbc52c-9ee6-4712-a077-fcaec9b98540&#8243; _builder_version=&#8221;4.27.4&#8243; _module_preset=&#8221;default&#8221; text_font=&#8221;&#8211;et_global_heading_font||||||||&#8221; text_text_color=&#8221;gcid-heading-color&#8221; text_font_size=&#8221;17px&#8221; text_line_height=&#8221;1.6em&#8221; header_text_align=&#8221;left&#8221; animation_style=&#8221;fade&#8221; animation_duration=&#8221;2000ms&#8221; text_font_size_tablet=&#8221;17px&#8221; text_font_size_phone=&#8221;17px&#8221; text_font_size_last_edited=&#8221;on|phone&#8221; text_line_height_tablet=&#8221;1.6em&#8221; text_line_height_phone=&#8221;1.4em&#8221; text_line_height_last_edited=&#8221;on|desktop&#8221; border_style_all=&#8221;inset&#8221; locked=&#8221;off&#8221; global_colors_info=&#8221;{%22gcid-2ebbc52c-9ee6-4712-a077-fcaec9b98540%22:%91%22quote_border_color%22,%22quote_border_color%22%93,%22gcid-heading-color%22:%91%22text_text_color%22%93}&#8221;]<\/p>\n<blockquote>\n<p>Az \u0151r\u00fclet hat\u00e1r\u00e1n bolyong ez az \u00e9jszaka<\/p>\n<p>a j\u00e9ghideg \u00e1lom megt\u00f6rik a s\u00f6t\u00e9ts\u00e9gben,<\/p>\n<p>k\u00e1bultan s\u00e9t\u00e1lnak a csillagok,<\/p>\n<p>hanyag term\u00e9szetess\u00e9ggel<\/p>\n<p>nem-m\u00falik az id\u0151,<\/p>\n<p>a percrobban\u00e1s:<\/p>\n<p>zavartalan k\u00f6z\u00f6nnyel ejt \u00e1mulatba.<\/p>\n<p>M\u00e1ra kifund\u00e1lt<\/p>\n<p>holnap aberr\u00e1ci\u00f3<\/p>\n<p>mereng az ablakban.<\/p>\n<p>Sz\u00edv-szelet szeret-ne<\/p>\n<p>de f\u00e9l,<\/p>\n<p>a f\u00e9ny-k\u00e9p-telen merevs\u00e9g<\/p>\n<p>rezzen\u00e9stelen arccal f\u00fcrk\u00e9szi arcom.<\/p>\n<p>Unalomig er\u0151s\u00f6dik a monotonit\u00e1s<\/p>\n<p>zajtalan<\/p>\n<p>\u00e1rva<\/p>\n<p>hangrezg\u00e9sek gy\u00fajtanak \u00f6r\u00f6m t\u00fczeket.<\/p>\n<p>Az \u00e9jszaka nem t\u00e1g\u00edt:<\/p>\n<p>bolondul\u00e1sig harcol,t\u00e1mad<\/p>\n<p>csak a j\u00f3zan \u00e9sz fogy<\/p>\n<p>a kil\u00e1t\u00e1stalan ridegs\u00e9gben.<\/p>\n<\/blockquote>\n<p>[\/et_pb_text][\/et_pb_column][et_pb_column type=&#8221;1_2&#8243; _builder_version=&#8221;4.27.4&#8243; _module_preset=&#8221;default&#8221; global_colors_info=&#8221;{}&#8221;][et_pb_heading title=&#8221;N\u00e9ha minden olyan&#8230;.&#8221; _builder_version=&#8221;4.27.4&#8243; _module_preset=&#8221;default&#8221; title_level=&#8221;h2&#8243; title_text_align=&#8221;left&#8221; title_font_size=&#8221;34px&#8221; width=&#8221;100%&#8221; width_tablet=&#8221;100%&#8221; width_phone=&#8221;100%&#8221; width_last_edited=&#8221;on|phone&#8221; custom_padding=&#8221;15px|||||&#8221; animation_style=&#8221;fade&#8221; title_line_height_tablet=&#8221;&#8221; title_line_height_phone=&#8221;1.1em&#8221; title_line_height_last_edited=&#8221;on|phone&#8221; locked=&#8221;off&#8221; global_colors_info=&#8221;{}&#8221;][\/et_pb_heading][et_pb_text quote_border_color=&#8221;gcid-2ebbc52c-9ee6-4712-a077-fcaec9b98540&#8243; _builder_version=&#8221;4.27.4&#8243; _module_preset=&#8221;default&#8221; text_font=&#8221;&#8211;et_global_heading_font||||||||&#8221; text_text_color=&#8221;gcid-heading-color&#8221; text_font_size=&#8221;17px&#8221; text_line_height=&#8221;1.6em&#8221; header_text_align=&#8221;left&#8221; custom_padding=&#8221;0px|||||&#8221; animation_style=&#8221;fade&#8221; animation_duration=&#8221;2000ms&#8221; text_font_size_tablet=&#8221;17px&#8221; text_font_size_phone=&#8221;17px&#8221; text_font_size_last_edited=&#8221;on|phone&#8221; text_line_height_tablet=&#8221;1.6em&#8221; text_line_height_phone=&#8221;1.4em&#8221; text_line_height_last_edited=&#8221;on|desktop&#8221; border_style_all=&#8221;inset&#8221; locked=&#8221;off&#8221; global_colors_info=&#8221;{%22gcid-2ebbc52c-9ee6-4712-a077-fcaec9b98540%22:%91%22quote_border_color%22,%22quote_border_color%22%93,%22gcid-heading-color%22:%91%22text_text_color%22%93}&#8221;]<\/p>\n<blockquote>\n<p>Amikor minden azz\u00e1 v\u00e1lik<\/p>\n<p>aminek sosem kellet volna lennie,<\/p>\n<p>mikor minden olyan,amikor<\/p>\n<p>\u00e9pp semmilyennek sem k\u00e9ne lennie,<\/p>\n<p>amikor semmi sem olyan<\/p>\n<p>ahogy mindig is kellet volna lennie,<\/p>\n<p>mindig mikor a semmi \u00e9s a minden<\/p>\n<p>azz\u00e1 lesz amiv\u00e9 mindig is kellet volna v\u00e1lnia&#8230;<\/p>\n<\/blockquote>\n<p>[\/et_pb_text][\/et_pb_column][\/et_pb_row][\/et_pb_section][et_pb_section fb_built=&#8221;1&#8243; _builder_version=&#8221;4.27.4&#8243; _module_preset=&#8221;default&#8221; custom_padding=&#8221;||0px|||&#8221; global_colors_info=&#8221;{}&#8221;][et_pb_row column_structure=&#8221;1_2,1_2&#8243; _builder_version=&#8221;4.27.4&#8243; _module_preset=&#8221;default&#8221; min_height=&#8221;89px&#8221; custom_margin=&#8221;-41px|auto||auto||&#8221; custom_padding=&#8221;3px||0px|||&#8221; global_colors_info=&#8221;{}&#8221;][et_pb_column type=&#8221;1_2&#8243; _builder_version=&#8221;4.27.4&#8243; _module_preset=&#8221;default&#8221; global_colors_info=&#8221;{}&#8221;][et_pb_heading title=&#8221;A semmi k\u00fcsz\u00f6b\u00e9n&#8221; _builder_version=&#8221;4.27.4&#8243; _module_preset=&#8221;default&#8221; title_level=&#8221;h2&#8243; title_text_align=&#8221;left&#8221; title_font_size=&#8221;34px&#8221; width=&#8221;100%&#8221; width_tablet=&#8221;100%&#8221; width_phone=&#8221;100%&#8221; width_last_edited=&#8221;on|phone&#8221; custom_padding=&#8221;15px|||||&#8221; animation_style=&#8221;fade&#8221; title_line_height_tablet=&#8221;&#8221; title_line_height_phone=&#8221;1.1em&#8221; title_line_height_last_edited=&#8221;on|phone&#8221; global_colors_info=&#8221;{}&#8221;][\/et_pb_heading][et_pb_text quote_border_color=&#8221;gcid-2ebbc52c-9ee6-4712-a077-fcaec9b98540&#8243; _builder_version=&#8221;4.27.4&#8243; _module_preset=&#8221;default&#8221; text_font=&#8221;&#8211;et_global_heading_font||||||||&#8221; text_text_color=&#8221;gcid-heading-color&#8221; text_font_size=&#8221;17px&#8221; text_line_height=&#8221;1.6em&#8221; header_text_align=&#8221;left&#8221; animation_style=&#8221;fade&#8221; animation_duration=&#8221;2000ms&#8221; text_font_size_tablet=&#8221;17px&#8221; text_font_size_phone=&#8221;17px&#8221; text_font_size_last_edited=&#8221;on|phone&#8221; text_line_height_tablet=&#8221;1.6em&#8221; text_line_height_phone=&#8221;1.4em&#8221; text_line_height_last_edited=&#8221;on|desktop&#8221; border_style_all=&#8221;inset&#8221; locked=&#8221;off&#8221; global_colors_info=&#8221;{%22gcid-2ebbc52c-9ee6-4712-a077-fcaec9b98540%22:%91%22quote_border_color%22,%22quote_border_color%22%93,%22gcid-heading-color%22:%91%22text_text_color%22%93}&#8221;]<\/p>\n<blockquote>\n<p>Sil\u00e1ny ez a gondolat<\/p>\n<p>felsz\u00e1rad mint egy k\u00f6p\u00e9s az aszfalton,<\/p>\n<p>a szemk\u00f6zti h\u00e1zfalon vill\u00f3dz\u00f3 f\u00e9nyek<\/p>\n<p>\u00f6nmaguk\u00e9rt besz\u00e9lnek.<\/p>\n<p>Gyors szuszog\u00e1sok<\/p>\n<p>a l\u00e9lek k\u00ednjait szajk\u00f3zz\u00e1k,<\/p>\n<p>egy \u00fajabb cigaretta:<\/p>\n<p>csak a semmibe mered\u0151 alkalmatlans\u00e1g \u00e1s\u00edt\u00e1s\u00e1t<\/p>\n<p>var\u00e1zsolja f\u00fcstt\u00e9.<\/p>\n<p>N\u00e9vtelen est\u00e9k<\/p>\n<p>od\u00e1zz\u00e1k a tisztul\u00e1st,<\/p>\n<p>a ny\u00e1r nevet\u00e9s\u00e9t<\/p>\n<p>kab\u00e1tzsebbe rejti a hideg k\u00e9z.<\/p>\n<p>\u00d6nmagam martal\u00e9k\u00e1v\u00e1 v\u00e1lok<\/p>\n<p>itt a semmi k\u00fcsz\u00f6b\u00e9n,<\/p>\n<p>elm\u00e9m m\u00e1r m\u00e1shol zar\u00e1ndokol<\/p>\n<p>de testem az eny\u00e9szet olt\u00e1r\u00e1n im\u00e1dkozik.<\/p>\n<\/blockquote>\n<p>[\/et_pb_text][\/et_pb_column][et_pb_column type=&#8221;1_2&#8243; _builder_version=&#8221;4.27.4&#8243; _module_preset=&#8221;default&#8221; global_colors_info=&#8221;{}&#8221;][et_pb_heading title=&#8221;A v\u00e9g pillanatai&#8221; _builder_version=&#8221;4.27.4&#8243; _module_preset=&#8221;default&#8221; title_level=&#8221;h2&#8243; title_text_align=&#8221;left&#8221; title_font_size=&#8221;34px&#8221; width=&#8221;100%&#8221; width_tablet=&#8221;100%&#8221; width_phone=&#8221;100%&#8221; width_last_edited=&#8221;on|phone&#8221; custom_padding=&#8221;15px|||||&#8221; animation_style=&#8221;fade&#8221; title_line_height_tablet=&#8221;&#8221; title_line_height_phone=&#8221;1.1em&#8221; title_line_height_last_edited=&#8221;on|phone&#8221; locked=&#8221;off&#8221; global_colors_info=&#8221;{}&#8221;][\/et_pb_heading][et_pb_text quote_border_color=&#8221;gcid-2ebbc52c-9ee6-4712-a077-fcaec9b98540&#8243; _builder_version=&#8221;4.27.4&#8243; _module_preset=&#8221;default&#8221; text_font=&#8221;&#8211;et_global_heading_font||||||||&#8221; text_text_color=&#8221;gcid-heading-color&#8221; text_font_size=&#8221;17px&#8221; text_line_height=&#8221;1.6em&#8221; header_text_align=&#8221;left&#8221; custom_padding=&#8221;0px|||||&#8221; animation_style=&#8221;fade&#8221; animation_duration=&#8221;2000ms&#8221; text_font_size_tablet=&#8221;17px&#8221; text_font_size_phone=&#8221;17px&#8221; text_font_size_last_edited=&#8221;on|phone&#8221; text_line_height_tablet=&#8221;1.6em&#8221; text_line_height_phone=&#8221;1.4em&#8221; text_line_height_last_edited=&#8221;on|desktop&#8221; border_style_all=&#8221;inset&#8221; locked=&#8221;off&#8221; global_colors_info=&#8221;{%22gcid-2ebbc52c-9ee6-4712-a077-fcaec9b98540%22:%91%22quote_border_color%22,%22quote_border_color%22%93,%22gcid-heading-color%22:%91%22text_text_color%22%93}&#8221;]<\/p>\n<blockquote>\n<p>Mocskos arc\u00fa pillanatok<br \/>az ablakra tapadva<br \/>ord\u00edtj\u00e1k a f\u00e1jdalmat<br \/>minden halk szavamra.<br \/>Kil\u00e9pve az id\u0151b\u0151l<br \/>megtestes\u00fclve a t\u00e9rben<br \/>kisz\u00e1m\u00edthatatlan holnapra<br \/>\u00e9bred az eml\u00e9kem.<br \/>Elfelejtett apr\u00f3s\u00e1gok<br \/>gondolatok a zsebemben<br \/>ki\u00e9lezett pillant\u00e1sok<br \/>kutatnak a fejemben.<br \/>M\u00e1shov\u00e1 tart\u00f3 m\u00e1ss\u00e1gok<br \/>ugyanabban a l\u00e9tben<br \/>kifakult m\u00falt sz\u00e1rnyal\u00e1sok<br \/>a jelent\u00e9ktelen v\u00e9gben.<\/p>\n<\/blockquote>\n<p>[\/et_pb_text][\/et_pb_column][\/et_pb_row][\/et_pb_section][et_pb_section fb_built=&#8221;1&#8243; _builder_version=&#8221;4.27.4&#8243; _module_preset=&#8221;default&#8221; custom_padding=&#8221;||0px|||&#8221; global_colors_info=&#8221;{}&#8221;][et_pb_row column_structure=&#8221;1_2,1_2&#8243; _builder_version=&#8221;4.27.4&#8243; _module_preset=&#8221;default&#8221; min_height=&#8221;89px&#8221; custom_margin=&#8221;-41px|auto||auto||&#8221; custom_padding=&#8221;3px||0px|||&#8221; global_colors_info=&#8221;{}&#8221;][et_pb_column type=&#8221;1_2&#8243; _builder_version=&#8221;4.27.4&#8243; _module_preset=&#8221;default&#8221; global_colors_info=&#8221;{}&#8221;][et_pb_heading title=&#8221;A v\u00e1gy villamosa&#8221; _builder_version=&#8221;4.27.4&#8243; _module_preset=&#8221;default&#8221; title_level=&#8221;h2&#8243; title_text_align=&#8221;left&#8221; title_font_size=&#8221;34px&#8221; width=&#8221;100%&#8221; width_tablet=&#8221;100%&#8221; width_phone=&#8221;100%&#8221; width_last_edited=&#8221;on|phone&#8221; custom_padding=&#8221;15px|||||&#8221; animation_style=&#8221;fade&#8221; title_line_height_tablet=&#8221;&#8221; title_line_height_phone=&#8221;1.1em&#8221; title_line_height_last_edited=&#8221;on|phone&#8221; global_colors_info=&#8221;{}&#8221;][\/et_pb_heading][et_pb_text quote_border_color=&#8221;gcid-2ebbc52c-9ee6-4712-a077-fcaec9b98540&#8243; _builder_version=&#8221;4.27.4&#8243; _module_preset=&#8221;default&#8221; text_font=&#8221;&#8211;et_global_heading_font||||||||&#8221; text_text_color=&#8221;gcid-heading-color&#8221; text_font_size=&#8221;17px&#8221; text_line_height=&#8221;1.6em&#8221; header_text_align=&#8221;left&#8221; animation_style=&#8221;fade&#8221; animation_duration=&#8221;2000ms&#8221; text_font_size_tablet=&#8221;17px&#8221; text_font_size_phone=&#8221;17px&#8221; text_font_size_last_edited=&#8221;on|phone&#8221; text_line_height_tablet=&#8221;1.6em&#8221; text_line_height_phone=&#8221;1.4em&#8221; text_line_height_last_edited=&#8221;on|desktop&#8221; border_style_all=&#8221;inset&#8221; locked=&#8221;off&#8221; global_colors_info=&#8221;{%22gcid-2ebbc52c-9ee6-4712-a077-fcaec9b98540%22:%91%22quote_border_color%22,%22quote_border_color%22%93,%22gcid-heading-color%22:%91%22text_text_color%22%93}&#8221;]<\/p>\n<blockquote>\n<p>A v\u00e1gy villamosa aludni t\u00e9r<br \/>gondolatban retteg egy kicsit<br \/>\u00e1lmodik \u00faj, szebb \u00fatvonalr\u00f3l<br \/>melyen a boldogs\u00e1g rem\u00edz\u00e9be \u00e9r.<br \/>\u00d6r\u00f6k k\u00f6rforg\u00e1s az \u00e9let sz\u00ednpad\u00e1n<br \/>jel &#8211; mez &#8211; telen darab<br \/>rendezte az absztrakt expresszionizmus<br \/>\u00fcres n\u00e9z\u0151t\u00e9r el\u0151tt<br \/>szakadt f\u00fcgg\u00f6ny sejti a szomor\u00fa v\u00e9get.<br \/>Felh\u0151 r\u00e1ncok az \u00e9gbolt ruh\u00e1j\u00e1n<br \/>csillog\u00f3 napszikr\u00e1k, csillagok kertj\u00e9ben<br \/>kikelni k\u00e9ptelen k\u00e9pzelet<br \/>bucsk\u00e1zik az eny\u00e9szet t\u00fckr\u00e9ben.<\/p>\n<\/blockquote>\n<p>[\/et_pb_text][\/et_pb_column][et_pb_column type=&#8221;1_2&#8243; _builder_version=&#8221;4.27.4&#8243; _module_preset=&#8221;default&#8221; global_colors_info=&#8221;{}&#8221;][et_pb_heading title=&#8221;Az egyszer\u0171s\u00e9g bonyolults\u00e1ga&#8221; _builder_version=&#8221;4.27.4&#8243; _module_preset=&#8221;default&#8221; title_level=&#8221;h2&#8243; title_text_align=&#8221;left&#8221; title_font_size=&#8221;34px&#8221; width=&#8221;100%&#8221; width_tablet=&#8221;100%&#8221; width_phone=&#8221;100%&#8221; width_last_edited=&#8221;on|phone&#8221; custom_padding=&#8221;15px|||||&#8221; animation_style=&#8221;fade&#8221; title_line_height_tablet=&#8221;&#8221; title_line_height_phone=&#8221;1.1em&#8221; title_line_height_last_edited=&#8221;on|phone&#8221; locked=&#8221;off&#8221; global_colors_info=&#8221;{}&#8221;][\/et_pb_heading][et_pb_text quote_border_color=&#8221;gcid-2ebbc52c-9ee6-4712-a077-fcaec9b98540&#8243; _builder_version=&#8221;4.27.4&#8243; _module_preset=&#8221;default&#8221; text_font=&#8221;&#8211;et_global_heading_font||||||||&#8221; text_text_color=&#8221;gcid-heading-color&#8221; text_font_size=&#8221;17px&#8221; text_line_height=&#8221;1.6em&#8221; header_text_align=&#8221;left&#8221; custom_padding=&#8221;0px|||||&#8221; animation_style=&#8221;fade&#8221; animation_duration=&#8221;2000ms&#8221; text_font_size_tablet=&#8221;17px&#8221; text_font_size_phone=&#8221;17px&#8221; text_font_size_last_edited=&#8221;on|phone&#8221; text_line_height_tablet=&#8221;1.6em&#8221; text_line_height_phone=&#8221;1.4em&#8221; text_line_height_last_edited=&#8221;on|desktop&#8221; border_style_all=&#8221;inset&#8221; locked=&#8221;off&#8221; global_colors_info=&#8221;{%22gcid-2ebbc52c-9ee6-4712-a077-fcaec9b98540%22:%91%22quote_border_color%22,%22quote_border_color%22%93,%22gcid-heading-color%22:%91%22text_text_color%22%93}&#8221;]<\/p>\n<blockquote>\n<p>Kezemben tartva a bizonytalans\u00e1got<\/p>\n<p>meg-meg ingok<\/p>\n<p>ingov\u00e1nyra visz ez a let\u00e9r\u00e9s<\/p>\n<p>\u00e9rz\u00e9s,v\u00e9rz\u00e9s<\/p>\n<p>2 hal\u00e1l k\u00f6z\u00f6tt<\/p>\n<p>milyen az \u00e9l\u00e9s-kamra<\/p>\n<p>karma<\/p>\n<p>ez a marha ugyanazt akarja<\/p>\n<p>mint a karja<\/p>\n<p>vagy a tarja<\/p>\n<p>elhiteti velem,hogy\u00e9rt\u00e9kes<\/p>\n<p>mint aki falja?<\/p>\n<p>nyalja?<\/p>\n<p>lealacsony\u00edtott orsz\u00e1g alma<\/p>\n<p>\u00e1llja&#8230;<\/p>\n<p>mint az \u00e1lla<\/p>\n<p>a pofonok k\u00f6zt a gazdag zab\u00e1lja<\/p>\n<p>kivitelezhetetlen \u00e9rdek szf\u00e9r\u00e1k k\u00f6lcs\u00f6n\u00f6s netov\u00e1bbja<\/p>\n<p>ahol<\/p>\n<p>papok pakolnak paplan alatt<\/p>\n<p>ap\u00e1c\u00e1k alattomos agyaiban alkalmazkodik az<\/p>\n<p>\u00e9let<\/p>\n<p>v\u00e9glet?<\/p>\n<p>kimer\u00edthetetlen t\u00e9nyek<\/p>\n<p>minden m\u00e1sra vonatkoz\u00f3 k\u00e9plet<\/p>\n<p>ami 1 f\u00e9reg<\/p>\n<p>ami isten f\u00e9l-kegyelm\u00e9b\u0151l<\/p>\n<p>alkotta meg ezt a l\u00e9tet<\/p>\n<p>de m\u00e9g mindig nincs v\u00e9ge&#8230;<\/p>\n<p>k\u00e9nyszer\u00edthetetlen v\u00e1ltoz\u00e1sok<\/p>\n<p>megannyi agy r\u00e9me<\/p>\n<p>amit\u0151l f\u00e9lek<\/p>\n<p>teljes\u00edthetetlen r\u00e9szek<\/p>\n<p>r\u00e9szeg<\/p>\n<p>aki f\u00e9lszeg<\/p>\n<p>akin 1 f\u00e9l-szeg sem seg\u00edthet.<\/p>\n<p>Azt\u00e1n csak v\u00e1rom a bizonyoss\u00e1got<\/p>\n<p>amib\u0151l kiindulva<\/p>\n<p>megalapozva<\/p>\n<p>az \u00f6sszes gazdag adakozna<\/p>\n<p>kiel\u00e9g\u00edthetetlen v\u00e1gy\u00e1b\u00f3l<\/p>\n<p>kicsit vissza fogna<\/p>\n<p>vissza kozna<\/p>\n<p>elad\u00f3s\u00edthatatlan vagyon\u00e1t<\/p>\n<p>valami \u00e9rthetetlens\u00e9gb\u0151l ad\u00f3dan<\/p>\n<p>j\u00f3ra ford\u00edtja<\/p>\n<p>megb\u00f3d\u00edtja<\/p>\n<p>eltervezhetetln\u00fcl el\u0151re<\/p>\n<p>mozd\u00edtja<\/p>\n<p>nem \u00fagy mint a birk\u00e1k<\/p>\n<p>akik ha b\u00edrn\u00e1k<\/p>\n<p>ink\u00e1bb ink\u00e1bb az ink\u00e1k<\/p>\n<p>t\u00fcz\u00e9s viz\u00e9t inn\u00e1k -ha b\u00edrn\u00e1k<\/p>\n<p>kicser\u00e9lhetetlen szertart\u00e1sokb\u00f3l tanulva<\/p>\n<p>minden \u0151si t\u00f6rv\u00e9nyt felr\u00fagva<\/p>\n<p>mostans\u00e1g minden indi\u00e1n be van r\u00fagva<\/p>\n<p>de ez a folyamat nem lett hossz\u00fara ny\u00fajtva<\/p>\n<p>nem r\u00e9tes ez,\u00e9s nem valami torta<\/p>\n<p>kifejezetten az ha egy n\u00e9pcsoprtot hal\u00e1lra gyilkolnak<\/p>\n<p>gondolat-kihagy\u00e1s-miegym\u00e1s<\/p>\n<p>mi egym\u00e1st v\u00e1llaljuk-\u00e9n+val\u00f3s\u00e1g<\/p>\n<p>a val\u00f3sz\u00edn\u0171s\u00edthetelens\u00e9g erej\u00e9b\u0151l fakad\u00f3<\/p>\n<p>mindenre \u00e1t m\u00e1solhat\u00f3<\/p>\n<p>katasztr\u00f3fikus \u00e1lom-\u00e1lmod\u00f3<\/p>\n<p>aki csak arra j\u00f3<\/p>\n<p>mint minden m\u00e1st\u00f3l elvonatkoztathat\u00f3<\/p>\n<p>mert semmi sem elutas\u00edthat\u00f3<\/p>\n<p>ha-csak nem oda val\u00f3-<\/p>\n<p>-vil\u00e1gt\u00f3l teljesen<\/p>\n<p>elidegen\u00edtett<\/p>\n<p>agy-diaszp\u00f3ra<\/p>\n<p>aki nem hallgat a sz\u00f3ra<\/p>\n<p>pr\u00f3b\u00e1l meg\u00e9lhet\u00e9st tal\u00e1lni<\/p>\n<p>elv\u00e9gtelen\u00edtett katasztr\u00f3fa m\u00e1morban<\/p>\n<p>elt\u0171nni a k\u00e1mforban<\/p>\n<p>k\u00e1r is lenne keresni<\/p>\n<p>elveszett a m\u00e1morban<\/p>\n<p>a mag\u00e1tol gerjed\u0151 k\u00e1oszban<\/p>\n<p>-pedig nem is j\u00e1rt laoszban-<\/p>\n<p>\u00e9s ez<\/p>\n<p>visszaigazolhatatlan<\/p>\n<p>mert 1 igazolatlan<\/p>\n<p>megmagyar\u00e1zhatatlan<\/p>\n<p>orsz\u00e1gban<\/p>\n<p>\u00f6ssszet\u00e9veszthetetlen\u00fcl<\/p>\n<p>semmit mond\u00f3 z\u00f3n\u00e1ban<\/p>\n<p>valaki b\u00f6lcsess\u00e9get zeng<\/p>\n<p>ebben az \u00f3r\u00e1ban<\/p>\n<p>\u00f3d\u00e1ban -zengek<\/p>\n<p>valaki\u00e9rt<\/p>\n<p>megmagyar\u00e1zhatatlanul-tanul<\/p>\n<p>de nem \u0150 az \u00far<\/p>\n<p>uralkodik m\u00e9gis&#8230;<\/p>\n<p>vadul&#8230;.<\/p>\n<p>&#8230;el\u00e9r-<\/p>\n<p>-ameddig a karom<\/p>\n<p>ha ny\u00fajtom-ahova akarom<\/p>\n<p>ler\u00e1gja a sz\u00f6rnyeteg<\/p>\n<p>amit ha l\u00e1tok majd felismerem<\/p>\n<p>1 elnemes\u00edthetetlen v\u00e1gy\u00f3d\u00e1s<\/p>\n<p>tud\u00e1s v\u00e1rfok\u00e1n<\/p>\n<p>ahol a<\/p>\n<p>tal\u00e1ny<\/p>\n<p>l\u00e1nny\u00e1v\u00e1ltozva<\/p>\n<p>fokozhatatlann\u00e1<\/p>\n<p>amortiz\u00e1lja<\/p>\n<p>az egyszer\u0171s\u00e9g bonyolults\u00e1g\u00e1t<\/p>\n<\/blockquote>\n<p>[\/et_pb_text][\/et_pb_column][\/et_pb_row][\/et_pb_section][et_pb_section fb_built=&#8221;1&#8243; _builder_version=&#8221;4.27.4&#8243; _module_preset=&#8221;default&#8221; custom_padding=&#8221;||0px|||&#8221; global_colors_info=&#8221;{}&#8221;][et_pb_row column_structure=&#8221;1_2,1_2&#8243; _builder_version=&#8221;4.27.4&#8243; _module_preset=&#8221;default&#8221; min_height=&#8221;89px&#8221; custom_margin=&#8221;-41px|auto||auto||&#8221; custom_padding=&#8221;3px||0px|||&#8221; global_colors_info=&#8221;{}&#8221;][et_pb_column type=&#8221;1_2&#8243; _builder_version=&#8221;4.27.4&#8243; _module_preset=&#8221;default&#8221; global_colors_info=&#8221;{}&#8221;][et_pb_heading title=&#8221;A gy\u00f6ny\u00f6r \u00f3r\u00e1i&#8221; _builder_version=&#8221;4.27.4&#8243; _module_preset=&#8221;default&#8221; title_level=&#8221;h2&#8243; title_text_align=&#8221;left&#8221; title_font_size=&#8221;34px&#8221; width=&#8221;100%&#8221; width_tablet=&#8221;100%&#8221; width_phone=&#8221;100%&#8221; width_last_edited=&#8221;on|phone&#8221; custom_padding=&#8221;15px|||||&#8221; animation_style=&#8221;fade&#8221; title_line_height_tablet=&#8221;&#8221; title_line_height_phone=&#8221;1.1em&#8221; title_line_height_last_edited=&#8221;on|phone&#8221; global_colors_info=&#8221;{}&#8221;][\/et_pb_heading][et_pb_text quote_border_color=&#8221;gcid-2ebbc52c-9ee6-4712-a077-fcaec9b98540&#8243; _builder_version=&#8221;4.27.4&#8243; _module_preset=&#8221;default&#8221; text_font=&#8221;&#8211;et_global_heading_font||||||||&#8221; text_text_color=&#8221;gcid-heading-color&#8221; text_font_size=&#8221;17px&#8221; text_line_height=&#8221;1.6em&#8221; header_text_align=&#8221;left&#8221; animation_style=&#8221;fade&#8221; animation_duration=&#8221;2000ms&#8221; text_font_size_tablet=&#8221;17px&#8221; text_font_size_phone=&#8221;17px&#8221; text_font_size_last_edited=&#8221;on|phone&#8221; text_line_height_tablet=&#8221;1.6em&#8221; text_line_height_phone=&#8221;1.4em&#8221; text_line_height_last_edited=&#8221;on|desktop&#8221; border_style_all=&#8221;inset&#8221; locked=&#8221;off&#8221; global_colors_info=&#8221;{%22gcid-2ebbc52c-9ee6-4712-a077-fcaec9b98540%22:%91%22quote_border_color%22,%22quote_border_color%22%93,%22gcid-heading-color%22:%91%22text_text_color%22%93}&#8221;]<\/p>\n<blockquote>\n<p>B\u0151r\u00f6d\u00f6n \u00e1t l\u00e9legzem,<br \/>ahogy \u00f6sszemos\u00f3dik test\u00fcnk,<br \/>sz\u00edvem sz\u00edveden dobog.<br \/>Besz\u00edvom illatod, mint es\u0151t a kisz\u00e1radt f\u00f6ld.<\/p>\n<p>Ritmikus ritu\u00e1l\u00e9: az agy kapcsl\u00f3d\u00e1si pontok teljes kiterjeszt\u00e9se.<br \/>A spont\u00e1n kinetika c\u00e9lja a gy\u00f6ny\u00f6r-f\u00fcggv\u00e9ny cs\u00facsra j\u00e1rat\u00e1sa.<\/p>\n<p>Az id\u0151 megsz\u0171nik,<br \/>fant\u00e1zi\u00e1nk kifogyhatatlan tr\u00fckkjeivel \u0151rj\u00edtj\u00fck egym\u00e1st.<br \/>Tested ezer apr\u00f3 \u00f6r\u00f6m-sziget\u00e9n<br \/>elid\u0151z\u00f6k, birtokba veszem,<br \/>mint szomjas kal\u00f3zok kik\u00f6t\u00e9s ut\u00e1n a kocsm\u00e1kat.<\/p>\n<p>Sz\u00e1m \u00e9hes kesely\u0171k\u00e9nt k\u00f6r\u00f6z feletted,<br \/>le-le csap,<br \/>zs\u00e1km\u00e1nyk\u00e9nt cs\u00f3kol darabokat bel\u0151led.<br \/>Szemeidben l\u00e1ngol a t\u0171z,<br \/>szerelem-vihar puszt\u00edt ezen a helyen.<\/p>\n<p>\u00d6szt\u00f6n\u00f6k csat\u00e1ja, melyben mindk\u00e9t f\u00e9l nyertes.<br \/>Element\u00e1lis \u00e9rzelem kit\u00f6r\u00e9s,<br \/>melyben minden megsemmis\u00fcl k\u00f6r\u00fcl\u00f6tt\u00fcnk.<\/p>\n<p>Apokaliptikus a pillanat,<br \/>mikor megmerevednek a testek,<br \/>\u00e9s hangosan zih\u00e1lva zuhannak a v\u00e9gtelenbe.<\/p>\n<\/blockquote>\n<p>[\/et_pb_text][\/et_pb_column][et_pb_column type=&#8221;1_2&#8243; _builder_version=&#8221;4.27.4&#8243; _module_preset=&#8221;default&#8221; global_colors_info=&#8221;{}&#8221;][et_pb_heading title=&#8221;Minden ami sosem volt&#8221; _builder_version=&#8221;4.27.4&#8243; _module_preset=&#8221;default&#8221; title_level=&#8221;h2&#8243; title_text_align=&#8221;left&#8221; title_font_size=&#8221;34px&#8221; width=&#8221;100%&#8221; width_tablet=&#8221;100%&#8221; width_phone=&#8221;100%&#8221; width_last_edited=&#8221;on|phone&#8221; custom_padding=&#8221;15px|||||&#8221; animation_style=&#8221;fade&#8221; title_line_height_tablet=&#8221;&#8221; title_line_height_phone=&#8221;1.1em&#8221; title_line_height_last_edited=&#8221;on|phone&#8221; locked=&#8221;off&#8221; global_colors_info=&#8221;{}&#8221;][\/et_pb_heading][et_pb_text quote_border_color=&#8221;gcid-2ebbc52c-9ee6-4712-a077-fcaec9b98540&#8243; _builder_version=&#8221;4.27.4&#8243; _module_preset=&#8221;default&#8221; text_font=&#8221;&#8211;et_global_heading_font||||||||&#8221; text_text_color=&#8221;gcid-heading-color&#8221; text_font_size=&#8221;17px&#8221; text_line_height=&#8221;1.6em&#8221; header_text_align=&#8221;left&#8221; custom_padding=&#8221;0px|||||&#8221; animation_style=&#8221;fade&#8221; animation_duration=&#8221;2000ms&#8221; text_font_size_tablet=&#8221;17px&#8221; text_font_size_phone=&#8221;17px&#8221; text_font_size_last_edited=&#8221;on|phone&#8221; text_line_height_tablet=&#8221;1.6em&#8221; text_line_height_phone=&#8221;1.4em&#8221; text_line_height_last_edited=&#8221;on|desktop&#8221; border_style_all=&#8221;inset&#8221; locked=&#8221;off&#8221; global_colors_info=&#8221;{%22gcid-2ebbc52c-9ee6-4712-a077-fcaec9b98540%22:%91%22quote_border_color%22,%22quote_border_color%22%93,%22gcid-heading-color%22:%91%22text_text_color%22%93}&#8221;]<\/p>\n<blockquote>\n<p>Kezeimet vir\u00e1gszirmokba temetem<\/p>\n<p>a l\u00e9lek keser\u0171 \u00e1br\u00e1ndjai bel\u00e9m marnak<\/p>\n<p>sajg\u00f3 szemekkel Nap-istenre n\u00e9zek<\/p>\n<p>gondtalan fel\u00fcleteken t\u00f6rik meg a var\u00e1zs.<\/p>\n<p>Egy el\u00e9m gurult pillanat,nosztalgi\u00e1t vet\u00edt<\/p>\n<p>r\u00e9gi f\u00e9nyk\u00e9p:elmos\u00f3dott d\u00e1tuma a boldogs\u00e1gnak<\/p>\n<p>t\u00e1vols\u00e1g t\u00f6red\u00e9k a meg-meg\u00e1ll\u00f3 id\u0151 szem\u00e9ben<\/p>\n<p>elt\u00e9vedt k\u00eds\u00e9rtetetek az \u00e1lom orsz\u00e1g\u00fatj\u00e1n.<\/p>\n<p>Takarod\u00f3t f\u00fajnak a v\u00e1gy t\u00e1maszpontj\u00e1n<\/p>\n<p>\u00e9n csendes odaad\u00e1ssal keresem \u00f6nmagam<\/p>\n<p>s\u0171r\u0171 \u00f6nv\u00e1ddal tele a helys\u00e9g<\/p>\n<p>fullaszt\u00f3 szerepj\u00e1t\u00e9k.<\/p>\n<p>K\u00f6nyvlapok elrejtett szegletein b\u00fajnak meg a k\u00f6nnyek<\/p>\n<p>sz\u00f3tlan szenved\u00e9s ,finom f\u00e1jdalom<\/p>\n<p>ny\u00edlegyenes hal\u00e1l-galopp az \u00e9let k\u00f6zep\u00e9be<\/p>\n<p>vill\u00e1mok k\u00f6zt felvillan\u00f3 l\u00e1tom\u00e1sok.<\/p>\n<p>Neh\u00e9z \u00e9jszak\u00e1k holnap ut\u00e1nja<\/p>\n<p>ahogy felvirrad mindig ugyanaz a nap<\/p>\n<p>csak \u00fagy bes\u00e9t\u00e1lni egy m\u00e1sik dimenzi\u00f3ba<\/p>\n<p>itt hagyni mindent,ami sosem volt.<\/p>\n<\/blockquote>\n<p>[\/et_pb_text][\/et_pb_column][\/et_pb_row][\/et_pb_section][et_pb_section fb_built=&#8221;1&#8243; _builder_version=&#8221;4.27.4&#8243; _module_preset=&#8221;default&#8221; custom_padding=&#8221;||0px|||&#8221; global_colors_info=&#8221;{}&#8221;][et_pb_row column_structure=&#8221;1_2,1_2&#8243; _builder_version=&#8221;4.27.4&#8243; _module_preset=&#8221;default&#8221; min_height=&#8221;89px&#8221; custom_margin=&#8221;-41px|auto||auto||&#8221; custom_padding=&#8221;3px||0px|||&#8221; global_colors_info=&#8221;{}&#8221;][et_pb_column type=&#8221;1_2&#8243; _builder_version=&#8221;4.27.4&#8243; _module_preset=&#8221;default&#8221; global_colors_info=&#8221;{}&#8221;][et_pb_heading title=&#8221;A csend &#8211; majd szeretni foglak&#8221; _builder_version=&#8221;4.27.4&#8243; _module_preset=&#8221;default&#8221; title_level=&#8221;h2&#8243; title_text_align=&#8221;left&#8221; title_font_size=&#8221;34px&#8221; width=&#8221;100%&#8221; width_tablet=&#8221;100%&#8221; width_phone=&#8221;100%&#8221; width_last_edited=&#8221;on|phone&#8221; custom_padding=&#8221;15px|||||&#8221; animation_style=&#8221;fade&#8221; title_line_height_tablet=&#8221;&#8221; title_line_height_phone=&#8221;1.1em&#8221; title_line_height_last_edited=&#8221;on|phone&#8221; global_colors_info=&#8221;{}&#8221;][\/et_pb_heading][et_pb_text quote_border_color=&#8221;gcid-2ebbc52c-9ee6-4712-a077-fcaec9b98540&#8243; _builder_version=&#8221;4.27.4&#8243; _module_preset=&#8221;default&#8221; text_font=&#8221;&#8211;et_global_heading_font||||||||&#8221; text_text_color=&#8221;gcid-heading-color&#8221; text_font_size=&#8221;17px&#8221; text_line_height=&#8221;1.6em&#8221; header_text_align=&#8221;left&#8221; animation_style=&#8221;fade&#8221; animation_duration=&#8221;2000ms&#8221; text_font_size_tablet=&#8221;17px&#8221; text_font_size_phone=&#8221;17px&#8221; text_font_size_last_edited=&#8221;on|phone&#8221; text_line_height_tablet=&#8221;1.6em&#8221; text_line_height_phone=&#8221;1.4em&#8221; text_line_height_last_edited=&#8221;on|desktop&#8221; border_style_all=&#8221;inset&#8221; locked=&#8221;off&#8221; global_colors_info=&#8221;{%22gcid-2ebbc52c-9ee6-4712-a077-fcaec9b98540%22:%91%22quote_border_color%22,%22quote_border_color%22%93,%22gcid-heading-color%22:%91%22text_text_color%22%93}&#8221;]<\/p>\n<blockquote>\n<p>Szeretni foglak majd,<br \/>de most a csendet akarom,<br \/>k\u00edv\u00fcl-bel\u00fcl<br \/>d\u00f6bbent csendet,<br \/>aminek \u00e1h\u00edtattal ad\u00f3zom.<br \/>Fennt \u00e9s lennt,<br \/>f\u00e9l\u00e9nk-m\u00e9ly csendet,<br \/>melyet hullah\u00e1zak z\u00e1rt ajt\u00f3i m\u00f6g\u00f6tt tal\u00e1lok,<br \/>mit csak temet\u0151k \u00e9jszakai l\u00e1togat\u00e1sakor lelek,<br \/>amit sem tengerz\u00fag\u00e1s,<br \/>sem harangj\u00e1t\u00e9k nem h\u00e1borgat.<\/p>\n<p>Fullaszt\u00f3 csendet, amiben<br \/>l\u00e9legzetv\u00e9telnyi id\u0151t sem kapnak<br \/>a hangos robajjal sz\u00e1guld\u00f3 gondolatok.<br \/>Mely ezer fokon izzik, l\u00e1ngol<br \/>\u00e9s b\u0151r\u00f6dbe \u00e9geti<br \/>a j\u00f6v\u0151 kil\u00e1t\u00e1stalans\u00e1g\u00e1nak k\u00e9pm\u00e1s\u00e1t,<br \/>mely mint 1 kisz\u00e1radt k\u00fat<br \/>magasodik k\u00f6r\u00e9d.<\/p>\n<p>Nyomaszt\u00f3 csendet,<br \/>mely, ha csak<br \/>mell\u00e9d telepedik is,<br \/>elsz\u00edvja a helyis\u00e9g \u00f6sszes leveg\u0151j\u00e9t.<\/p>\n<p>F\u00fclledt, erotikus csendet,<br \/>melyben az intim szf\u00e9r\u00e1k perverz s\u00farl\u00f3d\u00e1sa<br \/>zajtalan \u00e9lvez el,<br \/>melybe belefulladnak<br \/>az \u00e9letnek nevezett herce-hurca<br \/>h\u00e9tk\u00f6znapi csod\u00e1i.<\/p>\n<p>Olyan meghitt csendet,<br \/>melyben<br \/>kett\u0151nk j\u00f6v\u0151je b\u00e9k\u00e9ben pihen,<br \/>nyugodt csendet, melyben<br \/>sz\u00edvdobban\u00e1sunk is hallatszik.<\/p>\n<p>Szeretni foglak majd:<br \/>\u00fcv\u00f6ltve, \u0151rj\u00f6ngve, orditva,<br \/>ami sz\u00e9tz\u00fazza<br \/>ezt az ostoba, \u00f6nz\u0151 csendet,<br \/>amit csak a hi\u00e1ny sz\u00fclt!<\/p>\n<p>De most m\u00e9g:<br \/>a csendet akarom,<br \/>a cs\u00f6ndes csendet.<\/p>\n<\/blockquote>\n<p>[\/et_pb_text][\/et_pb_column][et_pb_column type=&#8221;1_2&#8243; _builder_version=&#8221;4.27.4&#8243; _module_preset=&#8221;default&#8221; global_colors_info=&#8221;{}&#8221;][et_pb_heading title=&#8221;A pokol istenn\u0151je&#8221; _builder_version=&#8221;4.27.4&#8243; _module_preset=&#8221;default&#8221; title_level=&#8221;h2&#8243; title_text_align=&#8221;left&#8221; title_font_size=&#8221;34px&#8221; width=&#8221;100%&#8221; width_tablet=&#8221;100%&#8221; width_phone=&#8221;100%&#8221; width_last_edited=&#8221;on|phone&#8221; custom_padding=&#8221;15px|||||&#8221; animation_style=&#8221;fade&#8221; title_line_height_tablet=&#8221;&#8221; title_line_height_phone=&#8221;1.1em&#8221; title_line_height_last_edited=&#8221;on|phone&#8221; locked=&#8221;off&#8221; global_colors_info=&#8221;{}&#8221;][\/et_pb_heading][et_pb_text quote_border_color=&#8221;gcid-2ebbc52c-9ee6-4712-a077-fcaec9b98540&#8243; _builder_version=&#8221;4.27.4&#8243; _module_preset=&#8221;default&#8221; text_font=&#8221;&#8211;et_global_heading_font||||||||&#8221; text_text_color=&#8221;gcid-heading-color&#8221; text_font_size=&#8221;17px&#8221; text_line_height=&#8221;1.6em&#8221; header_text_align=&#8221;left&#8221; custom_padding=&#8221;0px|||||&#8221; animation_style=&#8221;fade&#8221; animation_duration=&#8221;2000ms&#8221; text_font_size_tablet=&#8221;17px&#8221; text_font_size_phone=&#8221;17px&#8221; text_font_size_last_edited=&#8221;on|phone&#8221; text_line_height_tablet=&#8221;1.6em&#8221; text_line_height_phone=&#8221;1.4em&#8221; text_line_height_last_edited=&#8221;on|desktop&#8221; border_style_all=&#8221;inset&#8221; locked=&#8221;off&#8221; global_colors_info=&#8221;{%22gcid-2ebbc52c-9ee6-4712-a077-fcaec9b98540%22:%91%22quote_border_color%22,%22quote_border_color%22%93,%22gcid-heading-color%22:%91%22text_text_color%22%93}&#8221;]<\/p>\n<blockquote>\n<p>Mint s\u00f6t\u00e9t \u00e9gbolt,<br \/>fesz\u00fcl felettem az \u00fcress\u00e9g.<br \/>Kil\u00fagozott mem\u00f3ri\u00e1m<br \/>gesztikul\u00e1l unottan.<br \/>Riad\u00f3t rendel a r\u00e9m\u00fclet,<br \/>de az arcizmom sem r\u00e1ndul.<br \/>Tudatos b\u00e9kly\u00f3ban a testem:<br \/>a fant\u00e1zia-vir\u00e1g-f\u0171z\u00e9r<br \/>r\u00fcgyei ny\u00edlnak b\u0151r\u0151m\u00f6n.<br \/>F\u00f6ldbe csepeg\u0151 id\u0151,<br \/>talaj tal\u00e1lkozik testemmel.<br \/>V\u00e1r, figyel<br \/>minden hajsz\u00e1lreped\u00e9s, g\u00f6d\u00f6r.<br \/>Forr\u00f3 cs\u00f3kot lehel arcomra<br \/>a pokol istenn\u0151je,<br \/>k\u00e9zen fog,<br \/>\u00e9s al\u00e1 sz\u00e1llunk&#8230;.<\/p>\n<\/blockquote>\n<p>[\/et_pb_text][\/et_pb_column][\/et_pb_row][\/et_pb_section][et_pb_section fb_built=&#8221;1&#8243; _builder_version=&#8221;4.27.4&#8243; _module_preset=&#8221;default&#8221; custom_padding=&#8221;||0px|||&#8221; global_colors_info=&#8221;{}&#8221; locked=&#8221;off&#8221;][et_pb_row column_structure=&#8221;1_2,1_2&#8243; _builder_version=&#8221;4.27.4&#8243; _module_preset=&#8221;default&#8221; min_height=&#8221;89px&#8221; custom_margin=&#8221;-41px|auto||auto||&#8221; custom_padding=&#8221;3px||0px|||&#8221; global_colors_info=&#8221;{}&#8221;][et_pb_column type=&#8221;1_2&#8243; _builder_version=&#8221;4.27.4&#8243; _module_preset=&#8221;default&#8221; global_colors_info=&#8221;{}&#8221;][et_pb_heading title=&#8221;Metamorf\u00f3zis&#8221; _builder_version=&#8221;4.27.4&#8243; _module_preset=&#8221;default&#8221; title_level=&#8221;h2&#8243; title_text_align=&#8221;left&#8221; title_font_size=&#8221;34px&#8221; width=&#8221;100%&#8221; width_tablet=&#8221;100%&#8221; width_phone=&#8221;100%&#8221; width_last_edited=&#8221;on|phone&#8221; custom_padding=&#8221;15px|||||&#8221; animation_style=&#8221;fade&#8221; title_line_height_tablet=&#8221;&#8221; title_line_height_phone=&#8221;1.1em&#8221; title_line_height_last_edited=&#8221;on|phone&#8221; global_colors_info=&#8221;{}&#8221;][\/et_pb_heading][et_pb_text quote_border_color=&#8221;gcid-2ebbc52c-9ee6-4712-a077-fcaec9b98540&#8243; _builder_version=&#8221;4.27.4&#8243; _module_preset=&#8221;default&#8221; text_font=&#8221;&#8211;et_global_heading_font||||||||&#8221; text_text_color=&#8221;gcid-heading-color&#8221; text_font_size=&#8221;17px&#8221; text_line_height=&#8221;1.6em&#8221; header_text_align=&#8221;left&#8221; animation_style=&#8221;fade&#8221; animation_duration=&#8221;2000ms&#8221; text_font_size_tablet=&#8221;17px&#8221; text_font_size_phone=&#8221;17px&#8221; text_font_size_last_edited=&#8221;on|phone&#8221; text_line_height_tablet=&#8221;1.6em&#8221; text_line_height_phone=&#8221;1.4em&#8221; text_line_height_last_edited=&#8221;on|desktop&#8221; border_style_all=&#8221;inset&#8221; locked=&#8221;off&#8221; global_colors_info=&#8221;{%22gcid-2ebbc52c-9ee6-4712-a077-fcaec9b98540%22:%91%22quote_border_color%22,%22quote_border_color%22%93,%22gcid-heading-color%22:%91%22text_text_color%22%93}&#8221;]<\/p>\n<blockquote>\n<p>Elm\u00e9m zavarodott-rabja<br \/>ide-oda<br \/>fest, furcsa jeleket.<br \/>K\u00edv\u00fcl-bel\u00fcl<br \/>p\u00e1rhuzamos,<br \/>k\u00f6r\u00f6kbe hajlik a t\u00e9r.<br \/>\u00d6nmag\u00e1hoz-t\u00e9r-<br \/>-vissza a<br \/>k\u00f6r-forgalom<br \/>az agy-sz\u00edv orsz\u00e1g\u00faton.<\/p>\n<p>Mag\u00e1hoz-nem-t\u00e9r-\u0151<br \/>id\u0151vel fert\u0151z\u00f6tt a test.<br \/>\u00d6nn\u00f6n pokl\u00e1b\u00f3l robbanva,<br \/>karizmatikus magma deton\u00e1ci\u00f3.<br \/>S\u00fcket a csend.<br \/>Sik\u00edt az ego.<br \/>Felgy\u00fclemlett<br \/>\u00e9n-mocsok-katapult.<br \/>Bels\u0151 metamorf\u00f3zis.<br \/>\u00d6npuszt\u00edt\u00e1s.<br \/>Id\u0151utaz\u00e1s: a semmi k\u00f6z\u00e9ppontja fel\u00e9.<\/p>\n<\/blockquote>\n<p>[\/et_pb_text][\/et_pb_column][et_pb_column type=&#8221;1_2&#8243; _builder_version=&#8221;4.27.4&#8243; _module_preset=&#8221;default&#8221; global_colors_info=&#8221;{}&#8221;][et_pb_heading title=&#8221;V\u00e9r vagy fest\u00e9k&#8221; _builder_version=&#8221;4.27.4&#8243; _module_preset=&#8221;default&#8221; title_level=&#8221;h2&#8243; title_text_align=&#8221;left&#8221; title_font_size=&#8221;34px&#8221; width=&#8221;100%&#8221; width_tablet=&#8221;100%&#8221; width_phone=&#8221;100%&#8221; width_last_edited=&#8221;on|phone&#8221; custom_padding=&#8221;15px|||||&#8221; animation_style=&#8221;fade&#8221; title_line_height_tablet=&#8221;&#8221; title_line_height_phone=&#8221;1.1em&#8221; title_line_height_last_edited=&#8221;on|phone&#8221; locked=&#8221;off&#8221; global_colors_info=&#8221;{}&#8221;][\/et_pb_heading][et_pb_text quote_border_color=&#8221;gcid-2ebbc52c-9ee6-4712-a077-fcaec9b98540&#8243; _builder_version=&#8221;4.27.4&#8243; _module_preset=&#8221;default&#8221; text_font=&#8221;&#8211;et_global_heading_font||||||||&#8221; text_text_color=&#8221;gcid-heading-color&#8221; text_font_size=&#8221;17px&#8221; text_line_height=&#8221;1.6em&#8221; header_text_align=&#8221;left&#8221; custom_padding=&#8221;0px|||||&#8221; animation_style=&#8221;fade&#8221; animation_duration=&#8221;2000ms&#8221; text_font_size_tablet=&#8221;17px&#8221; text_font_size_phone=&#8221;17px&#8221; text_font_size_last_edited=&#8221;on|phone&#8221; text_line_height_tablet=&#8221;1.6em&#8221; text_line_height_phone=&#8221;1.4em&#8221; text_line_height_last_edited=&#8221;on|desktop&#8221; border_style_all=&#8221;inset&#8221; locked=&#8221;off&#8221; global_colors_info=&#8221;{%22gcid-2ebbc52c-9ee6-4712-a077-fcaec9b98540%22:%91%22quote_border_color%22,%22quote_border_color%22%93,%22gcid-heading-color%22:%91%22text_text_color%22%93}&#8221;]<\/p>\n<blockquote>\n<p>Csend\u00e1ll\u00f3 anyagb\u00f3l k\u00e9sz\u00fclt a pillanat,<br \/>v\u00e1r\u00f3list\u00e1n a mondatok,<br \/>kihagyott szavak az elhagyot pap\u00edron.<br \/>Kiel\u00e9g\u00edt a mozdulatlans\u00e1g,<br \/>kifejez\u00e9stelen-k\u00f6nnycsepp-koncentr\u00e1tum remeg<br \/>szemed szunnyad\u00f3 szikr\u00e1i k\u00f6z\u00f6tt.<\/p>\n<p>A f\u00e1jdalom kiszor\u00edtja az \u00e9letet,<br \/>anaerob l\u00e9t-szennyez\u00e9s,<br \/>belehunyor\u00edtok a m\u00faland\u00f3s\u00e1gba:<br \/>b\u00e1ntja szemem az \u00e9rz\u00e9ketlens\u00e9g,<br \/>halott h\u00fason verg\u0151dik a v\u00e1gy,<br \/>v\u00e9r vagy fest\u00e9k:mindegy csak f\u00e1jjon.<\/p>\n<p>Az elhagyatotts\u00e1g keser\u0171 pirul\u00e1i<br \/>vid\u00e1man g\u00f6rd\u00fclnek le nyel\u0151cs\u00f6vemben,<br \/>h\u00fasev\u0151 pillant\u00e1sok<br \/>a levetk\u0151z\u00f6tt \u00f6szt\u00f6n\u00f6k k\u00edm\u00e9letlen forgatag\u00e1ban,<br \/>bel\u00e9m harap a megb\u00e9n\u00edtott n\u00e9mas\u00e1g:<br \/>most m\u00e1r v\u00e9rzik,<br \/>most m\u00e1r f\u00e1j&#8230;.<\/p>\n<\/blockquote>\n<p>[\/et_pb_text][\/et_pb_column][\/et_pb_row][\/et_pb_section][et_pb_section fb_built=&#8221;1&#8243; _builder_version=&#8221;4.27.4&#8243; _module_preset=&#8221;default&#8221; custom_padding=&#8221;||0px|||&#8221; global_colors_info=&#8221;{}&#8221; locked=&#8221;off&#8221;][et_pb_row column_structure=&#8221;1_2,1_2&#8243; _builder_version=&#8221;4.27.4&#8243; _module_preset=&#8221;default&#8221; min_height=&#8221;89px&#8221; custom_margin=&#8221;-41px|auto||auto||&#8221; custom_padding=&#8221;3px||0px|||&#8221; global_colors_info=&#8221;{}&#8221;][et_pb_column type=&#8221;1_2&#8243; _builder_version=&#8221;4.27.4&#8243; _module_preset=&#8221;default&#8221; global_colors_info=&#8221;{}&#8221;][et_pb_heading title=&#8221;Tart\u00f3s\u00edtott szerelem&#8221; _builder_version=&#8221;4.27.4&#8243; _module_preset=&#8221;default&#8221; title_level=&#8221;h2&#8243; title_text_align=&#8221;left&#8221; title_font_size=&#8221;34px&#8221; width=&#8221;100%&#8221; width_tablet=&#8221;100%&#8221; width_phone=&#8221;100%&#8221; width_last_edited=&#8221;on|phone&#8221; custom_padding=&#8221;15px|||||&#8221; animation_style=&#8221;fade&#8221; title_line_height_tablet=&#8221;&#8221; title_line_height_phone=&#8221;1.1em&#8221; title_line_height_last_edited=&#8221;on|phone&#8221; global_colors_info=&#8221;{}&#8221;][\/et_pb_heading][et_pb_text quote_border_color=&#8221;gcid-2ebbc52c-9ee6-4712-a077-fcaec9b98540&#8243; _builder_version=&#8221;4.27.4&#8243; _module_preset=&#8221;default&#8221; text_font=&#8221;&#8211;et_global_heading_font||||||||&#8221; text_text_color=&#8221;gcid-heading-color&#8221; text_font_size=&#8221;17px&#8221; text_line_height=&#8221;1.6em&#8221; header_text_align=&#8221;left&#8221; animation_style=&#8221;fade&#8221; animation_duration=&#8221;2000ms&#8221; text_font_size_tablet=&#8221;17px&#8221; text_font_size_phone=&#8221;17px&#8221; text_font_size_last_edited=&#8221;on|phone&#8221; text_line_height_tablet=&#8221;1.6em&#8221; text_line_height_phone=&#8221;1.4em&#8221; text_line_height_last_edited=&#8221;on|desktop&#8221; border_style_all=&#8221;inset&#8221; locked=&#8221;off&#8221; global_colors_info=&#8221;{%22gcid-2ebbc52c-9ee6-4712-a077-fcaec9b98540%22:%91%22quote_border_color%22,%22quote_border_color%22%93,%22gcid-heading-color%22:%91%22text_text_color%22%93}&#8221;]<\/p>\n<blockquote>\n<p>A v\u00e1gy eltakar\u00edtott romjai k\u00f6z\u00f6tt<br \/>seper a h\u0171v\u00f6s sz\u00e9l,<br \/>\u00f6r\u00f6k tang\u00f3 a k\u00eds\u00e9rtet v\u00e1rosban,<br \/>gazd\u00e1tlan \u00e9rz\u00e9sek<br \/>p\u00f3r\u00e1zukat let\u00e9pve menek\u00fclnek,<br \/>sz\u00fcrk\u00fclet kacaj a beteg f\u00e1k k\u00f6z\u00f6tt.<\/p>\n<p>Tart\u00f3s\u00edt\u00f3 szert sz\u00f3r az elm\u00fal\u00e1s a szerelembe,<br \/>talpalatnyi ki\u00fattal\u00e1ns\u00e1gb\u00f3l<br \/>kikecmereg a kr\u00edzis,<br \/>fert\u0151z\u0151 a felismer\u00e9s<br \/>egy f\u00e9lig-z\u00e1rt-oszt\u00e1lyon,<br \/>t\u00e1volodik a l\u00e1tom\u00e1s,<br \/>elt\u0171nik v\u00e9g\u00fcl:<\/p>\n<p>az \u00e9rdektelens\u00e9g kulcslyukaiba.<\/p>\n<\/blockquote>\n<p>[\/et_pb_text][\/et_pb_column][et_pb_column type=&#8221;1_2&#8243; _builder_version=&#8221;4.27.4&#8243; _module_preset=&#8221;default&#8221; global_colors_info=&#8221;{}&#8221;][et_pb_heading title=&#8221;Szomor\u00fa szonett&#8221; _builder_version=&#8221;4.27.4&#8243; _module_preset=&#8221;default&#8221; title_level=&#8221;h2&#8243; title_text_align=&#8221;left&#8221; title_font_size=&#8221;34px&#8221; width=&#8221;100%&#8221; width_tablet=&#8221;100%&#8221; width_phone=&#8221;100%&#8221; width_last_edited=&#8221;on|phone&#8221; custom_padding=&#8221;15px|||||&#8221; animation_style=&#8221;fade&#8221; title_line_height_tablet=&#8221;&#8221; title_line_height_phone=&#8221;1.1em&#8221; title_line_height_last_edited=&#8221;on|phone&#8221; locked=&#8221;off&#8221; global_colors_info=&#8221;{}&#8221;][\/et_pb_heading][et_pb_text quote_border_color=&#8221;gcid-2ebbc52c-9ee6-4712-a077-fcaec9b98540&#8243; _builder_version=&#8221;4.27.4&#8243; _module_preset=&#8221;default&#8221; text_font=&#8221;&#8211;et_global_heading_font||||||||&#8221; text_text_color=&#8221;gcid-heading-color&#8221; text_font_size=&#8221;17px&#8221; text_line_height=&#8221;1.6em&#8221; header_text_align=&#8221;left&#8221; custom_padding=&#8221;0px|||||&#8221; animation_style=&#8221;fade&#8221; animation_duration=&#8221;2000ms&#8221; text_font_size_tablet=&#8221;17px&#8221; text_font_size_phone=&#8221;17px&#8221; text_font_size_last_edited=&#8221;on|phone&#8221; text_line_height_tablet=&#8221;1.6em&#8221; text_line_height_phone=&#8221;1.4em&#8221; text_line_height_last_edited=&#8221;on|desktop&#8221; border_style_all=&#8221;inset&#8221; locked=&#8221;off&#8221; global_colors_info=&#8221;{%22gcid-2ebbc52c-9ee6-4712-a077-fcaec9b98540%22:%91%22quote_border_color%22,%22quote_border_color%22%93,%22gcid-heading-color%22:%91%22text_text_color%22%93}&#8221;]<\/p>\n<blockquote>\n<p>Mintha a karm\u00e1m akarn\u00e1,<br \/>de \u00e9n nem vakarn\u00e1m,<br \/>csak legyezn\u00e9m<br \/>\u00e9s legy\u0151zhetn\u00e9m \u00f6nmagam<br \/>\u00e9s nem lenne nagy falat,<br \/>nem kaparn\u00e1m a falat<br \/>tehetetlen d\u00fch\u00f6mben,<br \/>vagy csak \u00edgy \u00fclt\u00f6mben.<br \/>St\u00edlust v\u00e1ltok \u00e9s bevadulok,<br \/>\u00e1lmaimt\u00f3l nem szabadulok&#8230;..<br \/>sz\u00edv szorongat\u00f3 szabads\u00e1g&#8230;..<br \/>Az \u00f3ce\u00e1non t\u00fal mi v\u00e1r?<br \/>Kih\u0171lt rem\u00e9nytelens\u00e9g?<br \/>Izgalmas remeg\u00e9s?<br \/>Elcsig\u00e1zott a felismer\u00e9s,<br \/>hi\u00fa a k\u00e9rdez\u00e9s,<br \/>mikor a l\u00e9tez\u00e9s<br \/>egy bal csapott\u00f3l \u00e9szhez t\u00e9r,<br \/>de ez \u00e9des kev\u00e9s.<\/p>\n<p>Az aszfalton kics\u00edr\u00e1zik az unalom.<br \/>Kifejezetten ideges\u00edt ez a hat-alom,<br \/>mert \u00e9n nem akarom, hogy<br \/>minden barom<br \/>j\u00f3l f\u00e9s\u0171lt sz\u00f3noklatok<br \/>m\u00f6g\u00e9 b\u00fajva<br \/>\u00fajra meg \u00fajra<br \/>visszhangozza<br \/>a kispolg\u00e1ri l\u00e9t sz\u00e9ps\u00e9g\u00e9t,<br \/>mert abb\u00f3l el\u00e9g!<\/p>\n<p>Megr\u00e1zom magam \u00e9s fel\u00e1llok,<br \/>a m\u00faltnak szalut\u00e1lok<br \/>-pedig, hogy ut\u00e1lom-<br \/>kis st\u00edl\u0171 f\u00e9lelmeim zsebre rakom,<br \/>az emberis\u00e9get hanyagolom,<br \/>hanyatt-homlok kutatok,<br \/>erdm\u00e9ny\u00e9t feljav\u00edtom,<br \/>f\u00e9mes k\u00f6t\u00e9seim fellaz\u00edtom,<br \/>v\u00e9rem felhig\u00edtom,<br \/>sietnek a sejtek,<br \/>a v\u00e9red\u00e9nyek telnek.<br \/>Telhetetlen id\u0151-rabl\u00f3,<br \/>m\u00e9g a n\u00e9z\u00e9se is v\u00e9szj\u00f3sl\u00f3,<br \/>\u00e1trajzolja a t\u00e9rk\u00e9pet,<br \/>\u00e1tretus\u00e1lja a f\u00e9nyk\u00e9pet,<br \/>egy mozdulattal t\u0171nteti el a t\u00fczet a szememb\u0151l,<br \/>k\u00e9rhetek tan\u00e1csot megint a b\u00f6lcsekt\u0151l.<br \/>Boldogan tenn\u00e9m,<br \/>ha ismern\u00e9m a titk\u00e1t,<br \/>de az ilyen emberek ritk\u00e1k!<br \/>Nyilv\u00e1n<br \/>a szeretet<br \/>hi\u00e1ny,<br \/>a gy\u0171l\u00f6let jobb p\u00e9nz forr\u00e1s-<br \/>-ahol a tiszta tudat fakad<br \/>\u00e9s, mint a m\u00e9z ragad,<br \/>\u00e9des \u00edze sz\u00e1nkban marad,<br \/>elk\u00eds\u00e9r az \u00faton,<br \/>ami a semmibe vezet.<br \/>Ahol minden hit a pokolba veszett,<br \/>mint a teli torokb\u00f3l felszeakad\u00f3 \u00fcv\u00f6lt\u00e9s.<br \/>De ez csak a k\u00f6r\u00edt\u00e9s,<br \/>marad a sz\u00e9gyenkez\u00e9s.<br \/>2 f\u00f6ldr\u00e9sz k\u00f6zti n\u00e9zetelt\u00e9r\u00e9s,<br \/>amit az egyenl\u00edt\u0151 sem egyenl\u00edt ki,<br \/>csak b\u00e1mul, mint 1 ilyedt maki<br \/>fennt a f\u00e1n-<br \/>-f\u00e1radt f\u00e9listenek pihennek,<br \/>horkol\u00e1sukkal az emberek agy\u00e1ra mennek,<br \/>felkelteni nem merik \u0151ket,<br \/>ink\u00e1bb fel\u00e1ldozz\u00e1k a n\u0151ket.<\/p>\n<p>Hazugs\u00e1g minden nap,<br \/>mint b\u00e1rmelyik szenny lap,<br \/>amit \u00fajs\u00e1gnak neveznek,<br \/>de csak p\u00e1nikot keltenek.<br \/>T\u00e9ves t\u00e9v\u00e9&#8230;..<br \/>kidobom m\u00e9g a v\u00e9g\u00e9n<br \/>egy\u00fctt a szem\u00e9ttel,<br \/>meg minden m\u00e1s eml\u00e9kkel.<\/p>\n<p>Azt\u00e1n csak \u00fcl\u00f6k \u00e9s v\u00e1rom a vil\u00e1g v\u00e9g\u00e9t,<br \/>de megint k\u00e9sik.<br \/>Dug\u00f3 van a v\u00e1rosban,<br \/>m\u00e1r ebben sem b\u00edzhatok!<br \/>Akkor mi marad?<br \/>Mi az ami nem \u00fczlet?<br \/>Amit m\u00e9g m\u00e9g nem adtak el?<br \/>Amir\u0151l biztosan tudom: tiszta, \u0151szinte, \u00e1rtatlan<br \/>mint egy ma sz\u00fcletett kisgyermek.<\/p>\n<p>Csak \u00fcl\u00f6k csendben \u00e9s v\u00e1rom a messi\u00e1st:<br \/>hozza a megv\u00e1lt\u00f3 v\u00e1laszt&#8230;..<\/p>\n<\/blockquote>\n<p>[\/et_pb_text][\/et_pb_column][\/et_pb_row][\/et_pb_section][et_pb_section fb_built=&#8221;1&#8243; _builder_version=&#8221;4.27.4&#8243; _module_preset=&#8221;default&#8221; custom_padding=&#8221;||0px|||&#8221; global_colors_info=&#8221;{}&#8221; locked=&#8221;off&#8221;][et_pb_row column_structure=&#8221;1_2,1_2&#8243; _builder_version=&#8221;4.27.4&#8243; _module_preset=&#8221;default&#8221; min_height=&#8221;89px&#8221; custom_margin=&#8221;-41px|auto||auto||&#8221; custom_padding=&#8221;3px||0px|||&#8221; global_colors_info=&#8221;{}&#8221;][et_pb_column type=&#8221;1_2&#8243; _builder_version=&#8221;4.27.4&#8243; _module_preset=&#8221;default&#8221; global_colors_info=&#8221;{}&#8221;][et_pb_heading title=&#8221;Term\u00e9szeti jelens\u00e9g&#8221; _builder_version=&#8221;4.27.4&#8243; _module_preset=&#8221;default&#8221; title_level=&#8221;h2&#8243; title_text_align=&#8221;left&#8221; title_font_size=&#8221;34px&#8221; width=&#8221;100%&#8221; width_tablet=&#8221;100%&#8221; width_phone=&#8221;100%&#8221; width_last_edited=&#8221;on|phone&#8221; custom_padding=&#8221;15px|||||&#8221; animation_style=&#8221;fade&#8221; title_line_height_tablet=&#8221;&#8221; title_line_height_phone=&#8221;1.1em&#8221; title_line_height_last_edited=&#8221;on|phone&#8221; global_colors_info=&#8221;{}&#8221;][\/et_pb_heading][et_pb_text quote_border_color=&#8221;gcid-2ebbc52c-9ee6-4712-a077-fcaec9b98540&#8243; _builder_version=&#8221;4.27.4&#8243; _module_preset=&#8221;default&#8221; text_font=&#8221;&#8211;et_global_heading_font||||||||&#8221; text_text_color=&#8221;gcid-heading-color&#8221; text_font_size=&#8221;17px&#8221; text_line_height=&#8221;1.6em&#8221; header_text_align=&#8221;left&#8221; animation_style=&#8221;fade&#8221; animation_duration=&#8221;2000ms&#8221; text_font_size_tablet=&#8221;17px&#8221; text_font_size_phone=&#8221;17px&#8221; text_font_size_last_edited=&#8221;on|phone&#8221; text_line_height_tablet=&#8221;1.6em&#8221; text_line_height_phone=&#8221;1.4em&#8221; text_line_height_last_edited=&#8221;on|desktop&#8221; border_style_all=&#8221;inset&#8221; locked=&#8221;off&#8221; global_colors_info=&#8221;{%22gcid-2ebbc52c-9ee6-4712-a077-fcaec9b98540%22:%91%22quote_border_color%22,%22quote_border_color%22%93,%22gcid-heading-color%22:%91%22text_text_color%22%93}&#8221;]<\/p>\n<blockquote>\n<p>Hajnal hasad elhagyott nappalra,<\/p>\n<p>v\u00e9rv\u00f6r\u00f6s napkorong zuhan \u00f3ce\u00e1n titk\u00e1ba,<\/p>\n<p>az \u00e9g megt\u00f6rik kih\u00fany minden f\u00e9ny,<\/p>\n<p>partot \u00e9r egy term\u00e9szeti jelens\u00e9g.<\/p>\n<\/blockquote>\n<p>[\/et_pb_text][\/et_pb_column][et_pb_column type=&#8221;1_2&#8243; _builder_version=&#8221;4.27.4&#8243; _module_preset=&#8221;default&#8221; global_colors_info=&#8221;{}&#8221;][et_pb_heading title=&#8221;Pillanat&#8221; _builder_version=&#8221;4.27.4&#8243; _module_preset=&#8221;default&#8221; title_level=&#8221;h2&#8243; title_text_align=&#8221;left&#8221; title_font_size=&#8221;34px&#8221; width=&#8221;100%&#8221; width_tablet=&#8221;100%&#8221; width_phone=&#8221;100%&#8221; width_last_edited=&#8221;on|phone&#8221; custom_padding=&#8221;15px|||||&#8221; animation_style=&#8221;fade&#8221; title_line_height_tablet=&#8221;&#8221; title_line_height_phone=&#8221;1.1em&#8221; title_line_height_last_edited=&#8221;on|phone&#8221; locked=&#8221;off&#8221; global_colors_info=&#8221;{}&#8221;][\/et_pb_heading][et_pb_text quote_border_color=&#8221;gcid-2ebbc52c-9ee6-4712-a077-fcaec9b98540&#8243; _builder_version=&#8221;4.27.4&#8243; _module_preset=&#8221;default&#8221; text_font=&#8221;&#8211;et_global_heading_font||||||||&#8221; text_text_color=&#8221;gcid-heading-color&#8221; text_font_size=&#8221;17px&#8221; text_line_height=&#8221;1.6em&#8221; header_text_align=&#8221;left&#8221; custom_padding=&#8221;0px|||||&#8221; animation_style=&#8221;fade&#8221; animation_duration=&#8221;2000ms&#8221; text_font_size_tablet=&#8221;17px&#8221; text_font_size_phone=&#8221;17px&#8221; text_font_size_last_edited=&#8221;on|phone&#8221; text_line_height_tablet=&#8221;1.6em&#8221; text_line_height_phone=&#8221;1.4em&#8221; text_line_height_last_edited=&#8221;on|desktop&#8221; border_style_all=&#8221;inset&#8221; locked=&#8221;off&#8221; global_colors_info=&#8221;{%22gcid-2ebbc52c-9ee6-4712-a077-fcaec9b98540%22:%91%22quote_border_color%22,%22quote_border_color%22%93,%22gcid-heading-color%22:%91%22text_text_color%22%93}&#8221;]<\/p>\n<blockquote>\n<p>Hallom a hangod<\/p>\n<p>de m\u00e1r nem l\u00e1tlak,<\/p>\n<p>egy r\u00e9gi eml\u00e9k val\u00f3ra v\u00e1lhat,<\/p>\n<p>mag\u00e1nyosan a t\u00e9ren \u00e1llva,<\/p>\n<p>a pillanat fogs\u00e1g\u00e1ban.<\/p>\n<\/blockquote>\n<p>[\/et_pb_text][\/et_pb_column][\/et_pb_row][\/et_pb_section][et_pb_section fb_built=&#8221;1&#8243; _builder_version=&#8221;4.27.4&#8243; _module_preset=&#8221;default&#8221; custom_padding=&#8221;||0px|||&#8221; global_colors_info=&#8221;{}&#8221; locked=&#8221;off&#8221;][et_pb_row column_structure=&#8221;1_2,1_2&#8243; _builder_version=&#8221;4.27.4&#8243; _module_preset=&#8221;default&#8221; min_height=&#8221;89px&#8221; custom_margin=&#8221;-41px|auto||auto||&#8221; custom_padding=&#8221;3px||0px|||&#8221; global_colors_info=&#8221;{}&#8221;][et_pb_column type=&#8221;1_2&#8243; _builder_version=&#8221;4.27.4&#8243; _module_preset=&#8221;default&#8221; global_colors_info=&#8221;{}&#8221;][et_pb_heading title=&#8221;T\u00e9ged?Nem!&#8221; _builder_version=&#8221;4.27.4&#8243; _module_preset=&#8221;default&#8221; title_level=&#8221;h2&#8243; title_text_align=&#8221;left&#8221; title_font_size=&#8221;34px&#8221; width=&#8221;100%&#8221; width_tablet=&#8221;100%&#8221; width_phone=&#8221;100%&#8221; width_last_edited=&#8221;on|phone&#8221; custom_padding=&#8221;15px|||||&#8221; animation_style=&#8221;fade&#8221; title_line_height_tablet=&#8221;&#8221; title_line_height_phone=&#8221;1.1em&#8221; title_line_height_last_edited=&#8221;on|phone&#8221; global_colors_info=&#8221;{}&#8221;][\/et_pb_heading][et_pb_text quote_border_color=&#8221;gcid-2ebbc52c-9ee6-4712-a077-fcaec9b98540&#8243; _builder_version=&#8221;4.27.4&#8243; _module_preset=&#8221;default&#8221; text_font=&#8221;&#8211;et_global_heading_font||||||||&#8221; text_text_color=&#8221;gcid-heading-color&#8221; text_font_size=&#8221;17px&#8221; text_line_height=&#8221;1.6em&#8221; header_text_align=&#8221;left&#8221; animation_style=&#8221;fade&#8221; animation_duration=&#8221;2000ms&#8221; text_font_size_tablet=&#8221;17px&#8221; text_font_size_phone=&#8221;17px&#8221; text_font_size_last_edited=&#8221;on|phone&#8221; text_line_height_tablet=&#8221;1.6em&#8221; text_line_height_phone=&#8221;1.4em&#8221; text_line_height_last_edited=&#8221;on|desktop&#8221; border_style_all=&#8221;inset&#8221; locked=&#8221;off&#8221; global_colors_info=&#8221;{%22gcid-2ebbc52c-9ee6-4712-a077-fcaec9b98540%22:%91%22quote_border_color%22,%22quote_border_color%22%93,%22gcid-heading-color%22:%91%22text_text_color%22%93}&#8221;]<\/p>\n<blockquote>\n<p>T\u00e9ged nem \u00e9s ez nem v\u00e9letlen<\/p>\n<p>ezt hittem&#8230;<\/p>\n<p>Veled,<\/p>\n<p>de t\u00e9vedtem,<\/p>\n<p>sejtettem :<\/p>\n<p>te volt\u00e1l az \u00e9retlen,<\/p>\n<p>\u00e9rtetlen,<\/p>\n<p>k\u00e9pzeltem \u00e9rtelmetlen k\u00e9pekben:<\/p>\n<p>l\u00e9tezhet v\u00e9gtelen szerelem,<\/p>\n<p>de az \u00e9des kettes \u00e9lvezet el\u00e9rhetetlen<\/p>\n<p>mert az \u00e9lm\u00e9nyek,v\u00e9lem\u00e9nyek<\/p>\n<p>t\u00e9vednek,elt\u00e9rnek<\/p>\n<p>elvesznek \u00e9rt\u00e9ktelen f\u00e9lelmekben.<\/p>\n<\/blockquote>\n<p>[\/et_pb_text][\/et_pb_column][et_pb_column type=&#8221;1_2&#8243; _builder_version=&#8221;4.27.4&#8243; _module_preset=&#8221;default&#8221; global_colors_info=&#8221;{}&#8221;][et_pb_heading title=&#8221;Korb\u00e1cs \u00e9s f\u00e9lelem&#8221; _builder_version=&#8221;4.27.4&#8243; _module_preset=&#8221;default&#8221; title_level=&#8221;h2&#8243; title_text_align=&#8221;left&#8221; title_font_size=&#8221;34px&#8221; width=&#8221;100%&#8221; width_tablet=&#8221;100%&#8221; width_phone=&#8221;100%&#8221; width_last_edited=&#8221;on|phone&#8221; custom_padding=&#8221;15px|||||&#8221; animation_style=&#8221;fade&#8221; title_line_height_tablet=&#8221;&#8221; title_line_height_phone=&#8221;1.1em&#8221; title_line_height_last_edited=&#8221;on|phone&#8221; locked=&#8221;off&#8221; global_colors_info=&#8221;{}&#8221;][\/et_pb_heading][et_pb_text quote_border_color=&#8221;gcid-2ebbc52c-9ee6-4712-a077-fcaec9b98540&#8243; _builder_version=&#8221;4.27.4&#8243; _module_preset=&#8221;default&#8221; text_font=&#8221;&#8211;et_global_heading_font||||||||&#8221; text_text_color=&#8221;gcid-heading-color&#8221; text_font_size=&#8221;17px&#8221; text_line_height=&#8221;1.6em&#8221; header_text_align=&#8221;left&#8221; custom_padding=&#8221;0px|||||&#8221; animation_style=&#8221;fade&#8221; animation_duration=&#8221;2000ms&#8221; text_font_size_tablet=&#8221;17px&#8221; text_font_size_phone=&#8221;17px&#8221; text_font_size_last_edited=&#8221;on|phone&#8221; text_line_height_tablet=&#8221;1.6em&#8221; text_line_height_phone=&#8221;1.4em&#8221; text_line_height_last_edited=&#8221;on|desktop&#8221; border_style_all=&#8221;inset&#8221; locked=&#8221;off&#8221; global_colors_info=&#8221;{%22gcid-2ebbc52c-9ee6-4712-a077-fcaec9b98540%22:%91%22quote_border_color%22,%22quote_border_color%22%93,%22gcid-heading-color%22:%91%22text_text_color%22%93}&#8221;]<\/p>\n<blockquote>\n<p>Ez a t\u00e9ved\u00e9s,nem 1 v\u00edgj\u00e1t\u00e9k<\/p>\n<p>nevet\u00e9s n\u00e9lk\u00fcli cirkusz,<\/p>\n<p>k\u00f6nnypatakban \u00fasz\u00f3 hable\u00e1nyok<\/p>\n<p>idom\u00edt\u00e1sra v\u00e1rnak,<\/p>\n<p>korb\u00e1cs \u00e9s f\u00e9lelem<\/p>\n<p>\u00e9s megannyi izgalom,<\/p>\n<p>hazugs\u00e1gokt\u00f3l hemzseg\u0151 vallom\u00e1sba szorult<\/p>\n<p>\u0151szinte leveg\u0151 v\u00e9tel,<\/p>\n<p>kitart<\/p>\n<p>m\u00edg a jelenet<\/p>\n<p>kusza cselekm\u00e9ny sz\u00e1la<\/p>\n<p>1 v\u00e9gsz\u00f3v\u00e1 zsugorodik,<\/p>\n<p>de ha lehull a f\u00fcgg\u00f6ny,<\/p>\n<p>kit\u0151l v\u00e1rod a megold\u00e1st?<\/p>\n<\/blockquote>\n<p>[\/et_pb_text][\/et_pb_column][\/et_pb_row][\/et_pb_section][et_pb_section fb_built=&#8221;1&#8243; _builder_version=&#8221;4.27.4&#8243; _module_preset=&#8221;default&#8221; custom_padding=&#8221;||0px|||&#8221; global_colors_info=&#8221;{}&#8221; locked=&#8221;off&#8221;][et_pb_row column_structure=&#8221;1_2,1_2&#8243; _builder_version=&#8221;4.27.4&#8243; _module_preset=&#8221;default&#8221; min_height=&#8221;89px&#8221; custom_margin=&#8221;-41px|auto||auto||&#8221; custom_padding=&#8221;3px||0px|||&#8221; global_colors_info=&#8221;{}&#8221;][et_pb_column type=&#8221;1_2&#8243; _builder_version=&#8221;4.27.4&#8243; _module_preset=&#8221;default&#8221; global_colors_info=&#8221;{}&#8221;][et_pb_heading title=&#8221;A temet\u00e9s&#8221; _builder_version=&#8221;4.27.4&#8243; _module_preset=&#8221;default&#8221; title_level=&#8221;h2&#8243; title_text_align=&#8221;left&#8221; title_font_size=&#8221;34px&#8221; width=&#8221;100%&#8221; width_tablet=&#8221;100%&#8221; width_phone=&#8221;100%&#8221; width_last_edited=&#8221;on|phone&#8221; custom_padding=&#8221;15px|||||&#8221; animation_style=&#8221;fade&#8221; title_line_height_tablet=&#8221;&#8221; title_line_height_phone=&#8221;1.1em&#8221; title_line_height_last_edited=&#8221;on|phone&#8221; global_colors_info=&#8221;{}&#8221;][\/et_pb_heading][et_pb_text quote_border_color=&#8221;gcid-2ebbc52c-9ee6-4712-a077-fcaec9b98540&#8243; _builder_version=&#8221;4.27.4&#8243; _module_preset=&#8221;default&#8221; text_font=&#8221;&#8211;et_global_heading_font||||||||&#8221; text_text_color=&#8221;gcid-heading-color&#8221; text_font_size=&#8221;17px&#8221; text_line_height=&#8221;1.6em&#8221; header_text_align=&#8221;left&#8221; animation_style=&#8221;fade&#8221; animation_duration=&#8221;2000ms&#8221; text_font_size_tablet=&#8221;17px&#8221; text_font_size_phone=&#8221;17px&#8221; text_font_size_last_edited=&#8221;on|phone&#8221; text_line_height_tablet=&#8221;1.6em&#8221; text_line_height_phone=&#8221;1.4em&#8221; text_line_height_last_edited=&#8221;on|desktop&#8221; border_style_all=&#8221;inset&#8221; locked=&#8221;off&#8221; global_colors_info=&#8221;{%22gcid-2ebbc52c-9ee6-4712-a077-fcaec9b98540%22:%91%22quote_border_color%22,%22quote_border_color%22%93,%22gcid-heading-color%22:%91%22text_text_color%22%93}&#8221;]<\/p>\n<blockquote>\n<p>Senki sem l\u00e1tott m\u00e9g annyi hervadt vir\u00e1got,<br \/>mint amennyit az istenek hoztak, mikor temett\u00e9k a Vil\u00e1got.<br \/>Az utols\u00f3 kenetet Poncius Pilatus adta,<br \/>b\u00facs\u00fabesz\u00e9det az \u00f6rd\u00f6g olvasta.<br \/>A s\u00edrfel\u00edrat r\u00f6vid volt de vel\u0151s,<br \/>\u00e9s nem tudta megmenteni semmilyen h\u0151s:<\/p>\n<p>Itt nyugszik a F\u00f6ld.<br \/>Meg\u00f6lte a h\u00e1bor\u00fa, amit az emberekt\u0151l \u00f6r\u00f6k\u00f6lt.<br \/>Hal\u00e1l\u00e1t milli\u00f3 atombomba okozta,<br \/>lehetetlen volt elker\u00fclni, pedig mindenki ezt akarta.<br \/>Elment \u00e9s nincs helyette m\u00e1sik,<br \/>nem maradt m\u00e1s csak a p\u00e1nik.<\/p>\n<p>1F\u00f6ld, 1 Vil\u00e1g, 1 \u00c9let&#8230;&#8230;<\/p>\n<p>Vigy\u00e1zzunk r\u00e1,<br \/>mert semmi sem p\u00f3tolhatja ezt a vesztes\u00e9get!<\/p>\n<\/blockquote>\n<p>[\/et_pb_text][\/et_pb_column][et_pb_column type=&#8221;1_2&#8243; _builder_version=&#8221;4.27.4&#8243; _module_preset=&#8221;default&#8221; global_colors_info=&#8221;{}&#8221;][et_pb_heading title=&#8221;Vallom\u00e1s&#8221; _builder_version=&#8221;4.27.4&#8243; _module_preset=&#8221;default&#8221; title_level=&#8221;h2&#8243; title_text_align=&#8221;left&#8221; title_font_size=&#8221;34px&#8221; width=&#8221;100%&#8221; width_tablet=&#8221;100%&#8221; width_phone=&#8221;100%&#8221; width_last_edited=&#8221;on|phone&#8221; custom_padding=&#8221;15px|||||&#8221; animation_style=&#8221;fade&#8221; title_line_height_tablet=&#8221;&#8221; title_line_height_phone=&#8221;1.1em&#8221; title_line_height_last_edited=&#8221;on|phone&#8221; locked=&#8221;off&#8221; global_colors_info=&#8221;{}&#8221;][\/et_pb_heading][et_pb_text quote_border_color=&#8221;gcid-2ebbc52c-9ee6-4712-a077-fcaec9b98540&#8243; _builder_version=&#8221;4.27.4&#8243; _module_preset=&#8221;default&#8221; text_font=&#8221;&#8211;et_global_heading_font||||||||&#8221; text_text_color=&#8221;gcid-heading-color&#8221; text_font_size=&#8221;17px&#8221; text_line_height=&#8221;1.6em&#8221; header_text_align=&#8221;left&#8221; custom_padding=&#8221;0px|||||&#8221; animation_style=&#8221;fade&#8221; animation_duration=&#8221;2000ms&#8221; text_font_size_tablet=&#8221;17px&#8221; text_font_size_phone=&#8221;17px&#8221; text_font_size_last_edited=&#8221;on|phone&#8221; text_line_height_tablet=&#8221;1.6em&#8221; text_line_height_phone=&#8221;1.4em&#8221; text_line_height_last_edited=&#8221;on|desktop&#8221; border_style_all=&#8221;inset&#8221; locked=&#8221;off&#8221; global_colors_info=&#8221;{%22gcid-2ebbc52c-9ee6-4712-a077-fcaec9b98540%22:%91%22quote_border_color%22,%22quote_border_color%22%93,%22gcid-heading-color%22:%91%22text_text_color%22%93}&#8221;]<\/p>\n<blockquote>\n<p>F\u00e9lelmetesen egyszer\u0171 kis hazugs\u00e1g<\/p>\n<p>\u00e9n elhiszem pedig piszkosul f\u00e1j<\/p>\n<p>t\u00f6r\u00e9keny,t\u00f6redelmes vallom\u00e1s<\/p>\n<p>benne van minden amit\u0151l sz\u00e9p lesz \u00fajra a vil\u00e1g&#8230;.<\/p>\n<\/blockquote>\n<p>[\/et_pb_text][\/et_pb_column][\/et_pb_row][\/et_pb_section][et_pb_section fb_built=&#8221;1&#8243; _builder_version=&#8221;4.27.4&#8243; _module_preset=&#8221;default&#8221; custom_padding=&#8221;||0px|||&#8221; global_colors_info=&#8221;{}&#8221; locked=&#8221;off&#8221;][et_pb_row column_structure=&#8221;1_2,1_2&#8243; _builder_version=&#8221;4.27.4&#8243; _module_preset=&#8221;default&#8221; min_height=&#8221;89px&#8221; custom_margin=&#8221;-41px|auto||auto||&#8221; custom_padding=&#8221;3px||0px|||&#8221; global_colors_info=&#8221;{}&#8221;][et_pb_column type=&#8221;1_2&#8243; _builder_version=&#8221;4.27.4&#8243; _module_preset=&#8221;default&#8221; global_colors_info=&#8221;{}&#8221;][et_pb_heading title=&#8221;Napl\u00f3&#8221; _builder_version=&#8221;4.27.4&#8243; _module_preset=&#8221;default&#8221; title_level=&#8221;h2&#8243; title_text_align=&#8221;left&#8221; title_font_size=&#8221;34px&#8221; width=&#8221;100%&#8221; width_tablet=&#8221;100%&#8221; width_phone=&#8221;100%&#8221; width_last_edited=&#8221;on|phone&#8221; custom_padding=&#8221;15px|||||&#8221; animation_style=&#8221;fade&#8221; title_line_height_tablet=&#8221;&#8221; title_line_height_phone=&#8221;1.1em&#8221; title_line_height_last_edited=&#8221;on|phone&#8221; global_colors_info=&#8221;{}&#8221;][\/et_pb_heading][et_pb_text quote_border_color=&#8221;gcid-2ebbc52c-9ee6-4712-a077-fcaec9b98540&#8243; _builder_version=&#8221;4.27.4&#8243; _module_preset=&#8221;default&#8221; text_font=&#8221;&#8211;et_global_heading_font||||||||&#8221; text_text_color=&#8221;gcid-heading-color&#8221; text_font_size=&#8221;17px&#8221; text_line_height=&#8221;1.6em&#8221; header_text_align=&#8221;left&#8221; animation_style=&#8221;fade&#8221; animation_duration=&#8221;2000ms&#8221; hover_enabled=&#8221;0&#8243; text_font_size_tablet=&#8221;17px&#8221; text_font_size_phone=&#8221;17px&#8221; text_font_size_last_edited=&#8221;on|phone&#8221; text_line_height_tablet=&#8221;1.6em&#8221; text_line_height_phone=&#8221;1.4em&#8221; text_line_height_last_edited=&#8221;on|desktop&#8221; border_style_all=&#8221;inset&#8221; locked=&#8221;off&#8221; global_colors_info=&#8221;{%22gcid-2ebbc52c-9ee6-4712-a077-fcaec9b98540%22:%91%22quote_border_color%22,%22quote_border_color%22%93,%22gcid-heading-color%22:%91%22text_text_color%22%93}&#8221; sticky_enabled=&#8221;0&#8243;]<\/p>\n<blockquote>\n<p>Ha k\u00e9rdezed:<br \/>napl\u00f3m csak veled van tele.<br \/>Minden lapja<br \/>felejthet\u0151 \u00e9letem minden napja,<br \/>most \u00e9s mind\u00f6r\u00f6kk\u00e9,<br \/>mikor lek\u00fczdhetetlen v\u00e1gyaim<br \/>\u00e1llnak \u00f6ssze kusza k\u00f6r\u00f6kk\u00e9.<br \/>Csak 1 csoda, amit minden nap l\u00e1tok,<br \/>egy var\u00e1zs, amit mindig megk\u00edv\u00e1nok,<br \/>sz\u00e1zezer apr\u00f3 kis tr\u00fckk.<br \/>Nem csin\u00e1lsz semmit, m\u00e9gis agyon\u00fct,<br \/>l\u00e9legzek, de halott vagyok,<br \/>de szeretn\u00e9lek, ameddig hagyod!<br \/>Senki \u00e9s semmi sem helyettes\u00edthet!<br \/>Teljesen mindegy, mikor mire h\u00edvlak meg,<br \/>hazudhatn\u00e9k, de nem teszem&#8230;<br \/>T\u00fal \u00e9rt\u00e9kes vagy nekem!<br \/>De ott vagy mindenhol, ahol \u00e9n,<br \/>r\u00e9teges reinkarn\u00e1ci\u00f3k r\u00e9szeges k\u00fcsz\u00f6b\u00e9n,<br \/>kit\u00f6ltessz mindent, mint \u00e9n 1 nyomtatv\u00e1nyt,<br \/>de te vagy a vil\u00e1gon a leszebb t\u00fcnd\u00e9rl\u00e1ny.<br \/>N\u00e9m\u00e1n figyelem, ahogy teszed kis dolgaid<br \/>\u00e9s mosolyod mindig j\u00f3 kedvre der\u00edt.<br \/>A tied akarok lenni! &#8211; v\u00e9g\u00fcl is ennyi &#8211;<br \/>De semmit sem tudok \u00e9rte tenni&#8230;<\/p>\n<\/blockquote>\n<p>[\/et_pb_text][\/et_pb_column][et_pb_column type=&#8221;1_2&#8243; _builder_version=&#8221;4.27.4&#8243; _module_preset=&#8221;default&#8221; global_colors_info=&#8221;{}&#8221;][et_pb_heading title=&#8221;Mikor elment\u00e9l&#8221; _builder_version=&#8221;4.27.4&#8243; _module_preset=&#8221;default&#8221; title_level=&#8221;h2&#8243; title_text_align=&#8221;left&#8221; title_font_size=&#8221;34px&#8221; width=&#8221;100%&#8221; width_tablet=&#8221;100%&#8221; width_phone=&#8221;100%&#8221; width_last_edited=&#8221;on|phone&#8221; custom_padding=&#8221;15px|||||&#8221; animation_style=&#8221;fade&#8221; title_line_height_tablet=&#8221;&#8221; title_line_height_phone=&#8221;1.1em&#8221; title_line_height_last_edited=&#8221;on|phone&#8221; locked=&#8221;off&#8221; global_colors_info=&#8221;{}&#8221;][\/et_pb_heading][et_pb_text quote_border_color=&#8221;gcid-2ebbc52c-9ee6-4712-a077-fcaec9b98540&#8243; _builder_version=&#8221;4.27.4&#8243; _module_preset=&#8221;default&#8221; text_font=&#8221;&#8211;et_global_heading_font||||||||&#8221; text_text_color=&#8221;gcid-heading-color&#8221; text_font_size=&#8221;17px&#8221; text_line_height=&#8221;1.6em&#8221; header_text_align=&#8221;left&#8221; custom_padding=&#8221;0px|||||&#8221; animation_style=&#8221;fade&#8221; animation_duration=&#8221;2000ms&#8221; text_font_size_tablet=&#8221;17px&#8221; text_font_size_phone=&#8221;17px&#8221; text_font_size_last_edited=&#8221;on|phone&#8221; text_line_height_tablet=&#8221;1.6em&#8221; text_line_height_phone=&#8221;1.4em&#8221; text_line_height_last_edited=&#8221;on|desktop&#8221; border_style_all=&#8221;inset&#8221; locked=&#8221;off&#8221; global_colors_info=&#8221;{%22gcid-2ebbc52c-9ee6-4712-a077-fcaec9b98540%22:%91%22quote_border_color%22,%22quote_border_color%22%93,%22gcid-heading-color%22:%91%22text_text_color%22%93}&#8221;]<\/p>\n<blockquote>\n<p>\u00dcres lett az \u00e9letem, mint egy ki\u00fcr\u00fclt poh\u00e1r,<br \/>koszos cseppekbe ragadt eml\u00e9kfoszl\u00e1nyok,<br \/>maszatos ujjlenyomatok az \u00fcveg oldal\u00e1n.<br \/>Siv\u00e1r lett az \u00e9letem,<br \/>mint egy o\u00e1zis n\u00e9lk\u00fcli sivatag,<br \/>melyben karav\u00e1nok pusztulnak el a sz\u00e1razs\u00e1g alatt.<br \/>S\u00f6t\u00e9t lett az \u00e9letem,<br \/>mint a csillagok n\u00e9lk\u00fcli \u00e9j,<br \/>ami alatt a v\u00e1ndor elvesz\u00edtette meg\u00e9rkez\u00e9s\u00e9snek pontos hely\u00e9t.<br \/>Sz\u00fcrke lett az \u00e9letem,<br \/>mint a kikevert fest\u00e9k,<br \/>n\u00e9lk\u00fcled unalmasan telnek az est\u00e9k.<br \/>Egyhang\u00fa lett az \u00e9letem,<br \/>de az az egy hang<br \/>mindig tudatni fogja velem:<br \/>valamilyen m\u00f3don mindig itt leszel velem.<\/p>\n<\/blockquote>\n<p>[\/et_pb_text][\/et_pb_column][\/et_pb_row][\/et_pb_section][et_pb_section fb_built=&#8221;1&#8243; _builder_version=&#8221;4.27.4&#8243; _module_preset=&#8221;default&#8221; custom_padding=&#8221;||0px|||&#8221; global_colors_info=&#8221;{}&#8221; locked=&#8221;off&#8221;][et_pb_row column_structure=&#8221;1_2,1_2&#8243; _builder_version=&#8221;4.27.4&#8243; _module_preset=&#8221;default&#8221; min_height=&#8221;89px&#8221; custom_margin=&#8221;-41px|auto||auto||&#8221; custom_padding=&#8221;3px||0px|||&#8221; global_colors_info=&#8221;{}&#8221;][et_pb_column type=&#8221;1_2&#8243; _builder_version=&#8221;4.27.4&#8243; _module_preset=&#8221;default&#8221; global_colors_info=&#8221;{}&#8221;][et_pb_heading title=&#8221;A val\u00f3s\u00e1g&#8221; _builder_version=&#8221;4.27.4&#8243; _module_preset=&#8221;default&#8221; title_level=&#8221;h2&#8243; title_text_align=&#8221;left&#8221; title_font_size=&#8221;34px&#8221; width=&#8221;100%&#8221; width_tablet=&#8221;100%&#8221; width_phone=&#8221;100%&#8221; width_last_edited=&#8221;on|phone&#8221; custom_padding=&#8221;15px|||||&#8221; animation_style=&#8221;fade&#8221; title_line_height_tablet=&#8221;&#8221; title_line_height_phone=&#8221;1.1em&#8221; title_line_height_last_edited=&#8221;on|phone&#8221; global_colors_info=&#8221;{}&#8221;][\/et_pb_heading][et_pb_text quote_border_color=&#8221;gcid-2ebbc52c-9ee6-4712-a077-fcaec9b98540&#8243; _builder_version=&#8221;4.27.4&#8243; _module_preset=&#8221;default&#8221; text_font=&#8221;&#8211;et_global_heading_font||||||||&#8221; text_text_color=&#8221;gcid-heading-color&#8221; text_font_size=&#8221;17px&#8221; text_line_height=&#8221;1.6em&#8221; header_text_align=&#8221;left&#8221; animation_style=&#8221;fade&#8221; animation_duration=&#8221;2000ms&#8221; hover_enabled=&#8221;0&#8243; text_font_size_tablet=&#8221;17px&#8221; text_font_size_phone=&#8221;17px&#8221; text_font_size_last_edited=&#8221;on|phone&#8221; text_line_height_tablet=&#8221;1.6em&#8221; text_line_height_phone=&#8221;1.4em&#8221; text_line_height_last_edited=&#8221;on|desktop&#8221; border_style_all=&#8221;inset&#8221; locked=&#8221;off&#8221; global_colors_info=&#8221;{%22gcid-2ebbc52c-9ee6-4712-a077-fcaec9b98540%22:%91%22quote_border_color%22,%22quote_border_color%22%93,%22gcid-heading-color%22:%91%22text_text_color%22%93}&#8221; sticky_enabled=&#8221;0&#8243;]<\/p>\n<blockquote>\n<p>Csak egy \u00e9rz\u00e9ki csal\u00f3d\u00e1s<\/p>\n<p>ahogy a t\u00fck\u00f6rben l\u00e1tod a k\u00e9pet,<\/p>\n<p>a val\u00f3s\u00e1g nem m\u00e1s<\/p>\n<p>mint egy irracion\u00e1lis n\u00e9zet.<\/p>\n<\/blockquote>\n<p>[\/et_pb_text][\/et_pb_column][et_pb_column type=&#8221;1_2&#8243; _builder_version=&#8221;4.27.4&#8243; _module_preset=&#8221;default&#8221; global_colors_info=&#8221;{}&#8221;][et_pb_heading title=&#8221;Bar\u00e1ts\u00e1g&#8221; _builder_version=&#8221;4.27.4&#8243; _module_preset=&#8221;default&#8221; title_level=&#8221;h2&#8243; title_text_align=&#8221;left&#8221; title_font_size=&#8221;34px&#8221; width=&#8221;100%&#8221; width_tablet=&#8221;100%&#8221; width_phone=&#8221;100%&#8221; width_last_edited=&#8221;on|phone&#8221; custom_padding=&#8221;15px|||||&#8221; animation_style=&#8221;fade&#8221; title_line_height_tablet=&#8221;&#8221; title_line_height_phone=&#8221;1.1em&#8221; title_line_height_last_edited=&#8221;on|phone&#8221; locked=&#8221;off&#8221; global_colors_info=&#8221;{}&#8221;][\/et_pb_heading][et_pb_text quote_border_color=&#8221;gcid-2ebbc52c-9ee6-4712-a077-fcaec9b98540&#8243; _builder_version=&#8221;4.27.4&#8243; _module_preset=&#8221;default&#8221; text_font=&#8221;&#8211;et_global_heading_font||||||||&#8221; text_text_color=&#8221;gcid-heading-color&#8221; text_font_size=&#8221;17px&#8221; text_line_height=&#8221;1.6em&#8221; header_text_align=&#8221;left&#8221; custom_padding=&#8221;0px|||||&#8221; animation_style=&#8221;fade&#8221; animation_duration=&#8221;2000ms&#8221; text_font_size_tablet=&#8221;17px&#8221; text_font_size_phone=&#8221;17px&#8221; text_font_size_last_edited=&#8221;on|phone&#8221; text_line_height_tablet=&#8221;1.6em&#8221; text_line_height_phone=&#8221;1.4em&#8221; text_line_height_last_edited=&#8221;on|desktop&#8221; border_style_all=&#8221;inset&#8221; locked=&#8221;off&#8221; global_colors_info=&#8221;{%22gcid-2ebbc52c-9ee6-4712-a077-fcaec9b98540%22:%91%22quote_border_color%22,%22quote_border_color%22%93,%22gcid-heading-color%22:%91%22text_text_color%22%93}&#8221;]<\/p>\n<blockquote>\n<p>A sal\u00e1ta bar\u00e1tja a mal\u00e1ta<\/p>\n<p>eg\u00e9sz nap v\u00edgan szlap\u00e1lja,<\/p>\n<p>de m\u00e1snap f\u00e1j minden porcik\u00e1ja<\/p>\n<p>mert az eg\u00e9szet kih\u00e1nyta:sz\u00e9p \u00edv\u0171 sug\u00e1rba.<\/p>\n<\/blockquote>\n<p>[\/et_pb_text][\/et_pb_column][\/et_pb_row][\/et_pb_section][et_pb_section fb_built=&#8221;1&#8243; _builder_version=&#8221;4.27.4&#8243; _module_preset=&#8221;default&#8221; custom_padding=&#8221;||0px|||&#8221; global_colors_info=&#8221;{}&#8221; locked=&#8221;off&#8221;][et_pb_row column_structure=&#8221;1_2,1_2&#8243; _builder_version=&#8221;4.27.4&#8243; _module_preset=&#8221;default&#8221; min_height=&#8221;89px&#8221; custom_margin=&#8221;-41px|auto||auto||&#8221; custom_padding=&#8221;3px||0px|||&#8221; global_colors_info=&#8221;{}&#8221;][et_pb_column type=&#8221;1_2&#8243; _builder_version=&#8221;4.27.4&#8243; _module_preset=&#8221;default&#8221; global_colors_info=&#8221;{}&#8221;][et_pb_heading title=&#8221;Z\u00e1tony&#8221; _builder_version=&#8221;4.27.4&#8243; _module_preset=&#8221;default&#8221; title_level=&#8221;h2&#8243; title_text_align=&#8221;left&#8221; title_font_size=&#8221;34px&#8221; width=&#8221;100%&#8221; width_tablet=&#8221;100%&#8221; width_phone=&#8221;100%&#8221; width_last_edited=&#8221;on|phone&#8221; custom_padding=&#8221;15px|||||&#8221; animation_style=&#8221;fade&#8221; title_line_height_tablet=&#8221;&#8221; title_line_height_phone=&#8221;1.1em&#8221; title_line_height_last_edited=&#8221;on|phone&#8221; global_colors_info=&#8221;{}&#8221;][\/et_pb_heading][et_pb_text quote_border_color=&#8221;gcid-2ebbc52c-9ee6-4712-a077-fcaec9b98540&#8243; _builder_version=&#8221;4.27.4&#8243; _module_preset=&#8221;default&#8221; text_font=&#8221;&#8211;et_global_heading_font||||||||&#8221; text_text_color=&#8221;gcid-heading-color&#8221; text_font_size=&#8221;17px&#8221; text_line_height=&#8221;1.6em&#8221; header_text_align=&#8221;left&#8221; animation_style=&#8221;fade&#8221; animation_duration=&#8221;2000ms&#8221; hover_enabled=&#8221;0&#8243; text_font_size_tablet=&#8221;17px&#8221; text_font_size_phone=&#8221;17px&#8221; text_font_size_last_edited=&#8221;on|phone&#8221; text_line_height_tablet=&#8221;1.6em&#8221; text_line_height_phone=&#8221;1.4em&#8221; text_line_height_last_edited=&#8221;on|desktop&#8221; border_style_all=&#8221;inset&#8221; locked=&#8221;off&#8221; global_colors_info=&#8221;{%22gcid-2ebbc52c-9ee6-4712-a077-fcaec9b98540%22:%91%22quote_border_color%22,%22quote_border_color%22%93,%22gcid-heading-color%22:%91%22text_text_color%22%93}&#8221; sticky_enabled=&#8221;0&#8243;]<\/p>\n<blockquote>\n<p>Szomor\u00fas\u00e1ggal b\u00e9lelt kis \u00e9rzelem kapszul\u00e1k<br \/>b\u00e1rsonyos ejt\u0151erny\u0151vel landolnak<br \/>a csend-tenger f\u00e1jdalom z\u00e1tonyain,<br \/>ahol minden k\u00e9pzelet a hal\u00e1lnak csapja a szelet,<br \/>\u00e9s a m\u00e1mor mostoha gyermekei<br \/>a val\u00f3s\u00e1got pr\u00f3b\u00e1lj\u00e1k \u00e9letre kelteni,<br \/>mik\u00f6zben a kiel\u00e9g\u00fcletlens\u00e9g barik\u00e1dja m\u00f6g\u00f6tt megb\u00fav\u00f3<br \/>gondolat kavalk\u00e1d<br \/>elveszik a mag\u00e1ny-\u00fatveszt\u0151ben.<\/p>\n<\/blockquote>\n<p>[\/et_pb_text][\/et_pb_column][et_pb_column type=&#8221;1_2&#8243; _builder_version=&#8221;4.27.4&#8243; _module_preset=&#8221;default&#8221; global_colors_info=&#8221;{}&#8221;][et_pb_heading title=&#8221;Malibu kokt\u00e9l&#8221; _builder_version=&#8221;4.27.4&#8243; _module_preset=&#8221;default&#8221; title_level=&#8221;h2&#8243; title_text_align=&#8221;left&#8221; title_font_size=&#8221;34px&#8221; width=&#8221;100%&#8221; width_tablet=&#8221;100%&#8221; width_phone=&#8221;100%&#8221; width_last_edited=&#8221;on|phone&#8221; custom_padding=&#8221;15px|||||&#8221; animation_style=&#8221;fade&#8221; title_line_height_tablet=&#8221;&#8221; title_line_height_phone=&#8221;1.1em&#8221; title_line_height_last_edited=&#8221;on|phone&#8221; locked=&#8221;off&#8221; global_colors_info=&#8221;{}&#8221;][\/et_pb_heading][et_pb_text quote_border_color=&#8221;gcid-2ebbc52c-9ee6-4712-a077-fcaec9b98540&#8243; _builder_version=&#8221;4.27.4&#8243; _module_preset=&#8221;default&#8221; text_font=&#8221;&#8211;et_global_heading_font||||||||&#8221; text_text_color=&#8221;gcid-heading-color&#8221; text_font_size=&#8221;17px&#8221; text_line_height=&#8221;1.6em&#8221; header_text_align=&#8221;left&#8221; custom_padding=&#8221;0px|||||&#8221; animation_style=&#8221;fade&#8221; animation_duration=&#8221;2000ms&#8221; text_font_size_tablet=&#8221;17px&#8221; text_font_size_phone=&#8221;17px&#8221; text_font_size_last_edited=&#8221;on|phone&#8221; text_line_height_tablet=&#8221;1.6em&#8221; text_line_height_phone=&#8221;1.4em&#8221; text_line_height_last_edited=&#8221;on|desktop&#8221; border_style_all=&#8221;inset&#8221; locked=&#8221;off&#8221; global_colors_info=&#8221;{%22gcid-2ebbc52c-9ee6-4712-a077-fcaec9b98540%22:%91%22quote_border_color%22,%22quote_border_color%22%93,%22gcid-heading-color%22:%91%22text_text_color%22%93}&#8221;]<\/p>\n<blockquote>\n<p>Ez a m\u00e9lab\u00fas Malibu kokt\u00e9l felvid\u00edt majd tal\u00e1n-<br \/>-ez a tal\u00e1ny meg\u00e9des\u00edti a mag\u00e1nyt,<br \/>mikor el\u0151sz\u00f6r \u00e9rzem majd a hal\u00e1lt.<br \/>Azt\u00e1n felvettem ezt a maszkot,<br \/>amir\u0151l azt hittem hitet hoz.<br \/>De nem hozott semmit \u00e9s<br \/>elvett mindent, amit elvszettnek hittem.<br \/>\u00c9s a hitem a semmiben,<br \/>semmibe veszettenek t\u0171nt hirtelen,<br \/>elt\u0171nt minden, amiben sohasem hittem.<br \/>De k\u00e9s\u0151bb, mikor kokt\u00e9lomat kortyolgattam-egyed\u00fcl<br \/>-csak arra gondoltam:<\/p>\n<p>Mi k\u00e9pes arra,hogy \u00e9reztesse velem a hal\u00e1lt?<\/p>\n<p>Melyik lesz az a tal\u00e1ny, ami majd meg\u00e9des\u00edti a mag\u00e1nyt?<\/p>\n<\/blockquote>\n<p>[\/et_pb_text][\/et_pb_column][\/et_pb_row][\/et_pb_section][et_pb_section fb_built=&#8221;1&#8243; _builder_version=&#8221;4.27.4&#8243; _module_preset=&#8221;default&#8221; custom_padding=&#8221;||0px|||&#8221; global_colors_info=&#8221;{}&#8221; locked=&#8221;off&#8221;][et_pb_row column_structure=&#8221;1_2,1_2&#8243; _builder_version=&#8221;4.27.4&#8243; _module_preset=&#8221;default&#8221; min_height=&#8221;89px&#8221; custom_margin=&#8221;-41px|auto||auto||&#8221; custom_padding=&#8221;3px||0px|||&#8221; global_colors_info=&#8221;{}&#8221;][et_pb_column type=&#8221;1_2&#8243; _builder_version=&#8221;4.27.4&#8243; _module_preset=&#8221;default&#8221; global_colors_info=&#8221;{}&#8221;][et_pb_heading title=&#8221;\u00cdrtam egy verset&#8221; _builder_version=&#8221;4.27.4&#8243; _module_preset=&#8221;default&#8221; title_level=&#8221;h2&#8243; title_text_align=&#8221;left&#8221; title_font_size=&#8221;34px&#8221; width=&#8221;100%&#8221; width_tablet=&#8221;100%&#8221; width_phone=&#8221;100%&#8221; width_last_edited=&#8221;on|phone&#8221; custom_padding=&#8221;15px|||||&#8221; animation_style=&#8221;fade&#8221; hover_enabled=&#8221;0&#8243; title_line_height_tablet=&#8221;&#8221; title_line_height_phone=&#8221;1.1em&#8221; title_line_height_last_edited=&#8221;on|phone&#8221; global_colors_info=&#8221;{}&#8221; sticky_enabled=&#8221;0&#8243;][\/et_pb_heading][et_pb_text quote_border_color=&#8221;gcid-2ebbc52c-9ee6-4712-a077-fcaec9b98540&#8243; _builder_version=&#8221;4.27.4&#8243; _module_preset=&#8221;default&#8221; text_font=&#8221;&#8211;et_global_heading_font||||||||&#8221; text_text_color=&#8221;gcid-heading-color&#8221; text_font_size=&#8221;17px&#8221; text_line_height=&#8221;1.6em&#8221; header_text_align=&#8221;left&#8221; animation_style=&#8221;fade&#8221; animation_duration=&#8221;2000ms&#8221; hover_enabled=&#8221;0&#8243; text_font_size_tablet=&#8221;17px&#8221; text_font_size_phone=&#8221;17px&#8221; text_font_size_last_edited=&#8221;on|phone&#8221; text_line_height_tablet=&#8221;1.6em&#8221; text_line_height_phone=&#8221;1.4em&#8221; text_line_height_last_edited=&#8221;on|desktop&#8221; border_style_all=&#8221;inset&#8221; locked=&#8221;off&#8221; global_colors_info=&#8221;{%22gcid-2ebbc52c-9ee6-4712-a077-fcaec9b98540%22:%91%22quote_border_color%22,%22quote_border_color%22%93,%22gcid-heading-color%22:%91%22text_text_color%22%93}&#8221; sticky_enabled=&#8221;0&#8243;]<\/p>\n<blockquote>\n<p>M\u00edg aludt\u00e1l, \u00edrtam egy verset:<br \/>kedveset, sz\u00e9pet,<br \/>pont olyat, mint Te vagy.<\/p>\n<p>De, mikor fel\u00e9bredsz,<br \/>m\u00e1r b\u00e1nni fogom az eg\u00e9szet,<br \/>mert nem tudom szavakba \u00f6nteni<br \/>azt, amit ir\u00e1ntad \u00e9rzek.<\/p>\n<\/blockquote>\n<p>[\/et_pb_text][\/et_pb_column][et_pb_column type=&#8221;1_2&#8243; _builder_version=&#8221;4.27.4&#8243; _module_preset=&#8221;default&#8221; global_colors_info=&#8221;{}&#8221;][et_pb_heading title=&#8221;Nap mint nap&#8221; _builder_version=&#8221;4.27.4&#8243; _module_preset=&#8221;default&#8221; title_level=&#8221;h2&#8243; title_text_align=&#8221;left&#8221; title_font_size=&#8221;34px&#8221; width=&#8221;100%&#8221; width_tablet=&#8221;100%&#8221; width_phone=&#8221;100%&#8221; width_last_edited=&#8221;on|phone&#8221; custom_padding=&#8221;15px|||||&#8221; animation_style=&#8221;fade&#8221; title_line_height_tablet=&#8221;&#8221; title_line_height_phone=&#8221;1.1em&#8221; title_line_height_last_edited=&#8221;on|phone&#8221; locked=&#8221;off&#8221; global_colors_info=&#8221;{}&#8221;][\/et_pb_heading][et_pb_text quote_border_color=&#8221;gcid-2ebbc52c-9ee6-4712-a077-fcaec9b98540&#8243; _builder_version=&#8221;4.27.4&#8243; _module_preset=&#8221;default&#8221; text_font=&#8221;&#8211;et_global_heading_font||||||||&#8221; text_text_color=&#8221;gcid-heading-color&#8221; text_font_size=&#8221;17px&#8221; text_line_height=&#8221;1.6em&#8221; header_text_align=&#8221;left&#8221; custom_padding=&#8221;0px|||||&#8221; animation_style=&#8221;fade&#8221; animation_duration=&#8221;2000ms&#8221; text_font_size_tablet=&#8221;17px&#8221; text_font_size_phone=&#8221;17px&#8221; text_font_size_last_edited=&#8221;on|phone&#8221; text_line_height_tablet=&#8221;1.6em&#8221; text_line_height_phone=&#8221;1.4em&#8221; text_line_height_last_edited=&#8221;on|desktop&#8221; border_style_all=&#8221;inset&#8221; locked=&#8221;off&#8221; global_colors_info=&#8221;{%22gcid-2ebbc52c-9ee6-4712-a077-fcaec9b98540%22:%91%22quote_border_color%22,%22quote_border_color%22%93,%22gcid-heading-color%22:%91%22text_text_color%22%93}&#8221;]<\/p>\n<blockquote>\n<p>V\u00e9g\u00fcl \u00fagy is beleveszik majd minden,<br \/>id\u0151, t\u00e9r, \u00e9rzelmek, szerelmek<br \/>a m\u00e1mor foly\u00e9kony, fojtogat\u00f3 forr\u00e1saiba,<br \/>amib\u0151l felbugyogva<br \/>csak a sz\u00e9gyen marad itt velem.<br \/>Meg az az \u00f6nmarcangol\u00f3, ostoba,<br \/>k\u00e9ts\u00e9gbe esett, eltorzult, k\u00f6nnyekkel teli,<br \/>r\u00e9szeg mosoly,<br \/>mellyel megvetem magam<br \/>nap mint nap.<\/p>\n<\/blockquote>\n<p>[\/et_pb_text][\/et_pb_column][\/et_pb_row][\/et_pb_section][et_pb_section fb_built=&#8221;1&#8243; _builder_version=&#8221;4.27.4&#8243; _module_preset=&#8221;default&#8221; custom_padding=&#8221;||0px|||&#8221; global_colors_info=&#8221;{}&#8221; locked=&#8221;off&#8221;][et_pb_row column_structure=&#8221;1_2,1_2&#8243; _builder_version=&#8221;4.27.4&#8243; _module_preset=&#8221;default&#8221; min_height=&#8221;89px&#8221; custom_margin=&#8221;-41px|auto||auto||&#8221; custom_padding=&#8221;3px||0px|||&#8221; global_colors_info=&#8221;{}&#8221;][et_pb_column type=&#8221;1_2&#8243; _builder_version=&#8221;4.27.4&#8243; _module_preset=&#8221;default&#8221; global_colors_info=&#8221;{}&#8221;][et_pb_heading title=&#8221;Keresett szerelem&#8221; _builder_version=&#8221;4.27.4&#8243; _module_preset=&#8221;default&#8221; title_level=&#8221;h2&#8243; title_text_align=&#8221;left&#8221; title_font_size=&#8221;34px&#8221; width=&#8221;100%&#8221; width_tablet=&#8221;100%&#8221; width_phone=&#8221;100%&#8221; width_last_edited=&#8221;on|phone&#8221; custom_padding=&#8221;15px|||||&#8221; animation_style=&#8221;fade&#8221; hover_enabled=&#8221;0&#8243; title_line_height_tablet=&#8221;&#8221; title_line_height_phone=&#8221;1.1em&#8221; title_line_height_last_edited=&#8221;on|phone&#8221; global_colors_info=&#8221;{}&#8221; sticky_enabled=&#8221;0&#8243;][\/et_pb_heading][et_pb_text quote_border_color=&#8221;gcid-2ebbc52c-9ee6-4712-a077-fcaec9b98540&#8243; _builder_version=&#8221;4.27.4&#8243; _module_preset=&#8221;default&#8221; text_font=&#8221;&#8211;et_global_heading_font||||||||&#8221; text_text_color=&#8221;gcid-heading-color&#8221; text_font_size=&#8221;17px&#8221; text_line_height=&#8221;1.6em&#8221; header_text_align=&#8221;left&#8221; animation_style=&#8221;fade&#8221; animation_duration=&#8221;2000ms&#8221; hover_enabled=&#8221;0&#8243; text_font_size_tablet=&#8221;17px&#8221; text_font_size_phone=&#8221;17px&#8221; text_font_size_last_edited=&#8221;on|phone&#8221; text_line_height_tablet=&#8221;1.6em&#8221; text_line_height_phone=&#8221;1.4em&#8221; text_line_height_last_edited=&#8221;on|desktop&#8221; border_style_all=&#8221;inset&#8221; locked=&#8221;off&#8221; global_colors_info=&#8221;{%22gcid-2ebbc52c-9ee6-4712-a077-fcaec9b98540%22:%91%22quote_border_color%22,%22quote_border_color%22%93,%22gcid-heading-color%22:%91%22text_text_color%22%93}&#8221; sticky_enabled=&#8221;0&#8243;]<\/p>\n<blockquote>\n<p>\u00c1tsuhan agyamon egy sziv\u00e1rv\u00e1ny sz\u00edn\u0171 \u00e1rny\u00e9k<br \/>a gondolat nem m\u00e1s, mint egy seb a val\u00f3s\u00e1g test\u00e9n.<br \/>Lenyomatot hagy az id\u0151, de az csak egy eml\u00e9k&#8230;&#8230;<br \/>egy m\u00e1sik vil\u00e1g romjai k\u00f6zt keresem szerelm\u00e9t.<\/p>\n<\/blockquote>\n<p>[\/et_pb_text][\/et_pb_column][et_pb_column type=&#8221;1_2&#8243; _builder_version=&#8221;4.27.4&#8243; _module_preset=&#8221;default&#8221; global_colors_info=&#8221;{}&#8221;][et_pb_heading title=&#8221;Csak te \u00e9s \u00e9n&#8221; _builder_version=&#8221;4.27.4&#8243; _module_preset=&#8221;default&#8221; title_level=&#8221;h2&#8243; title_text_align=&#8221;left&#8221; title_font_size=&#8221;34px&#8221; width=&#8221;100%&#8221; width_tablet=&#8221;100%&#8221; width_phone=&#8221;100%&#8221; width_last_edited=&#8221;on|phone&#8221; custom_padding=&#8221;15px|||||&#8221; animation_style=&#8221;fade&#8221; title_line_height_tablet=&#8221;&#8221; title_line_height_phone=&#8221;1.1em&#8221; title_line_height_last_edited=&#8221;on|phone&#8221; locked=&#8221;off&#8221; global_colors_info=&#8221;{}&#8221;][\/et_pb_heading][et_pb_text quote_border_color=&#8221;gcid-2ebbc52c-9ee6-4712-a077-fcaec9b98540&#8243; _builder_version=&#8221;4.27.4&#8243; _module_preset=&#8221;default&#8221; text_font=&#8221;&#8211;et_global_heading_font||||||||&#8221; text_text_color=&#8221;gcid-heading-color&#8221; text_font_size=&#8221;17px&#8221; text_line_height=&#8221;1.6em&#8221; header_text_align=&#8221;left&#8221; custom_padding=&#8221;0px|||||&#8221; animation_style=&#8221;fade&#8221; animation_duration=&#8221;2000ms&#8221; text_font_size_tablet=&#8221;17px&#8221; text_font_size_phone=&#8221;17px&#8221; text_font_size_last_edited=&#8221;on|phone&#8221; text_line_height_tablet=&#8221;1.6em&#8221; text_line_height_phone=&#8221;1.4em&#8221; text_line_height_last_edited=&#8221;on|desktop&#8221; border_style_all=&#8221;inset&#8221; locked=&#8221;off&#8221; global_colors_info=&#8221;{%22gcid-2ebbc52c-9ee6-4712-a077-fcaec9b98540%22:%91%22quote_border_color%22,%22quote_border_color%22%93,%22gcid-heading-color%22:%91%22text_text_color%22%93}&#8221;]<\/p>\n<blockquote>\n<p>M\u00e1r nincs m\u00e1sik szem\u00e9ly,<br \/>csak te meg \u00e9n.<br \/>Nincs m\u00e1sik bolyg\u00f3, csillagrendszer,<br \/>Nap, Hold, \u00e9g,<br \/>&#8230;csak te meg \u00e9n.<br \/>Elt\u0171nt minden m\u00e1s,<br \/>megsz\u0171nt a vil\u00e1g.<\/p>\n<p>Csak te meg \u00e9n<br \/>\u00e1llunk a f\u00f6ld perem\u00e9n,<br \/>n\u00e9zz\u00fck az a \u00fcress\u00e9get,<br \/>l\u00e1tjuk a v\u00e9gtelent<br \/>\u00e9s belel\u00e9p\u00fcnk.<\/p>\n<p>Csak te \u00e9s \u00e9n.<\/p>\n<\/blockquote>\n<p>[\/et_pb_text][\/et_pb_column][\/et_pb_row][\/et_pb_section][et_pb_section fb_built=&#8221;1&#8243; _builder_version=&#8221;4.27.4&#8243; _module_preset=&#8221;default&#8221; custom_padding=&#8221;||0px|||&#8221; global_colors_info=&#8221;{}&#8221; locked=&#8221;off&#8221;][et_pb_row column_structure=&#8221;1_2,1_2&#8243; _builder_version=&#8221;4.27.4&#8243; _module_preset=&#8221;default&#8221; min_height=&#8221;89px&#8221; custom_margin=&#8221;-41px|auto||auto||&#8221; custom_padding=&#8221;3px||0px|||&#8221; global_colors_info=&#8221;{}&#8221;][et_pb_column type=&#8221;1_2&#8243; _builder_version=&#8221;4.27.4&#8243; _module_preset=&#8221;default&#8221; global_colors_info=&#8221;{}&#8221;][et_pb_heading title=&#8221;Id\u0151m lej\u00e1rt&#8221; _builder_version=&#8221;4.27.4&#8243; _module_preset=&#8221;default&#8221; title_level=&#8221;h2&#8243; title_text_align=&#8221;left&#8221; title_font_size=&#8221;34px&#8221; width=&#8221;100%&#8221; width_tablet=&#8221;100%&#8221; width_phone=&#8221;100%&#8221; width_last_edited=&#8221;on|phone&#8221; custom_padding=&#8221;15px|||||&#8221; animation_style=&#8221;fade&#8221; hover_enabled=&#8221;0&#8243; title_line_height_tablet=&#8221;&#8221; title_line_height_phone=&#8221;1.1em&#8221; title_line_height_last_edited=&#8221;on|phone&#8221; global_colors_info=&#8221;{}&#8221; sticky_enabled=&#8221;0&#8243;][\/et_pb_heading][et_pb_text quote_border_color=&#8221;gcid-2ebbc52c-9ee6-4712-a077-fcaec9b98540&#8243; _builder_version=&#8221;4.27.4&#8243; _module_preset=&#8221;default&#8221; text_font=&#8221;&#8211;et_global_heading_font||||||||&#8221; text_text_color=&#8221;gcid-heading-color&#8221; text_font_size=&#8221;17px&#8221; text_line_height=&#8221;1.6em&#8221; header_text_align=&#8221;left&#8221; animation_style=&#8221;fade&#8221; animation_duration=&#8221;2000ms&#8221; hover_enabled=&#8221;0&#8243; text_font_size_tablet=&#8221;17px&#8221; text_font_size_phone=&#8221;17px&#8221; text_font_size_last_edited=&#8221;on|phone&#8221; text_line_height_tablet=&#8221;1.6em&#8221; text_line_height_phone=&#8221;1.4em&#8221; text_line_height_last_edited=&#8221;on|desktop&#8221; border_style_all=&#8221;inset&#8221; locked=&#8221;off&#8221; global_colors_info=&#8221;{%22gcid-2ebbc52c-9ee6-4712-a077-fcaec9b98540%22:%91%22quote_border_color%22,%22quote_border_color%22%93,%22gcid-heading-color%22:%91%22text_text_color%22%93}&#8221; sticky_enabled=&#8221;0&#8243;]<\/p>\n<blockquote>\n<p>Pezsg\u0151t rendelek \u00e9s a szem\u00e9be n\u00e9zek,<br \/>feltenni a k\u00e9rd\u00e9st persze f\u00e9lek.<br \/>Csat\u00e1t vesztettem \u00f6nmagammal,<br \/>de felizgat hideg szavaival,<br \/>\u00e9szrev\u00e9tlen\u00fcl ter\u00edt le ez a helyzet,<br \/>maradn\u00e9k, de el kell mennem.<\/p>\n<p>Id\u0151m lej\u00e1r&#8230;&#8230;<\/p>\n<p>Minden \u00f3ra meg\u00e1ll,<br \/>szerepemet<br \/>m\u00e1r csak a k\u00e9pzelet j\u00e1tssza tov\u00e1bb!<\/p>\n<p>Azt\u00e1n cigarett\u00e1ra gy\u00fajtok<br \/>\u00e9s n\u00e9zem, ahogy a f\u00fcst gomolyog.<br \/>Megysz\u00f3lalni m\u00e9g mindig nem tudok.<br \/>Leny\u0171g\u00f6z\u0151,<br \/>elhagy minden k\u00e9pzel\u0151er\u0151,<br \/>a hat\u00e1sa alatt vagyok,<br \/>csak \u0151 tudja mit akarok.<\/p>\n<p>Id\u0151m lej\u00e1r&#8230;&#8230;.<\/p>\n<p>Minden hi\u00e1ba m\u00e1r,<br \/>szerepemet<br \/>csak az elm\u00fal\u00e1s j\u00e1tssza tov\u00e1bb!<\/p>\n<p>A pezsg\u0151t sz\u00fcrcs\u00f6lve az arc\u00e1t n\u00e9zem,<br \/>a 22-es csapd\u00e1j\u00e1ba l\u00e9pek.<br \/>\u0150 a b\u0151rt\u00f6n\u0151r, \u00e9n meg a foglya,<br \/>de sz\u00e1mon k\u00e9rni rajta senki sem fogja.<br \/>A pillanat elillan,<br \/>a v\u00e1gy halv\u00e1nyul\u00f3 \u00e9rz\u00e9se utolj\u00e1ra felvillan.<\/p>\n<p>Id\u0151m lej\u00e1rt&#8230;&#8230;.<\/p>\n<p>Minden veszve m\u00e1r,<br \/>szerepemet<br \/>senki \u00e9s semmi sem j\u00e1tssza tov\u00e1bb!<\/p>\n<\/blockquote>\n<p>[\/et_pb_text][\/et_pb_column][et_pb_column type=&#8221;1_2&#8243; _builder_version=&#8221;4.27.4&#8243; _module_preset=&#8221;default&#8221; global_colors_info=&#8221;{}&#8221;][et_pb_heading title=&#8221;Sz\u00e1rnyaszegett sz\u00e1rnyal\u00e1sok&#8221; _builder_version=&#8221;4.27.4&#8243; _module_preset=&#8221;default&#8221; title_level=&#8221;h2&#8243; title_text_align=&#8221;left&#8221; title_font_size=&#8221;34px&#8221; width=&#8221;100%&#8221; width_tablet=&#8221;100%&#8221; width_phone=&#8221;100%&#8221; width_last_edited=&#8221;on|phone&#8221; custom_padding=&#8221;15px|||||&#8221; animation_style=&#8221;fade&#8221; title_line_height_tablet=&#8221;&#8221; title_line_height_phone=&#8221;1.1em&#8221; title_line_height_last_edited=&#8221;on|phone&#8221; locked=&#8221;off&#8221; global_colors_info=&#8221;{}&#8221;][\/et_pb_heading][et_pb_text quote_border_color=&#8221;gcid-2ebbc52c-9ee6-4712-a077-fcaec9b98540&#8243; _builder_version=&#8221;4.27.4&#8243; _module_preset=&#8221;default&#8221; text_font=&#8221;&#8211;et_global_heading_font||||||||&#8221; text_text_color=&#8221;gcid-heading-color&#8221; text_font_size=&#8221;17px&#8221; text_line_height=&#8221;1.6em&#8221; header_text_align=&#8221;left&#8221; custom_padding=&#8221;0px|||||&#8221; animation_style=&#8221;fade&#8221; animation_duration=&#8221;2000ms&#8221; text_font_size_tablet=&#8221;17px&#8221; text_font_size_phone=&#8221;17px&#8221; text_font_size_last_edited=&#8221;on|phone&#8221; text_line_height_tablet=&#8221;1.6em&#8221; text_line_height_phone=&#8221;1.4em&#8221; text_line_height_last_edited=&#8221;on|desktop&#8221; border_style_all=&#8221;inset&#8221; locked=&#8221;off&#8221; global_colors_info=&#8221;{%22gcid-2ebbc52c-9ee6-4712-a077-fcaec9b98540%22:%91%22quote_border_color%22,%22quote_border_color%22%93,%22gcid-heading-color%22:%91%22text_text_color%22%93}&#8221;]<\/p>\n<blockquote>\n<p>Sz\u00f6vegfoszl\u00e1nyok,<br \/>hang-marad\u00e9kok,<br \/>k\u00e9p n\u00e9k\u00fcli k\u00e9pek,<br \/>\u00e9rzelmetlen \u00e9rz\u00e9sek.<br \/>\u00c9rt\u00e9ktelen kis kacatok,<br \/>\u00e9rtelmetlen kifejez\u00e9sek,<br \/>elhanyagolt pillanatok,<br \/>elfelejtett l\u00e9tez\u00e9sek.<\/p>\n<p>V\u00e1ratlan v\u00e1gyak,<br \/>j\u00f3l ismert felismer\u00e9sek,<br \/>eltemetett elgondolkod\u00e1sok,<br \/>v\u00e9letlen direktek.<br \/>Sz\u00e1mtalan sz\u00e1mok,<br \/>megoldatlan megold\u00e1sok,<br \/>megtervezett r\u00f6gt\u00f6nz\u00e9sek,<br \/>bel\u00e1thatatlan kil\u00e1t\u00e1sok.<\/p>\n<p>M\u00e9g folytathatn\u00e1m, de ezek is<br \/>mind-mind: sz\u00e1rnyaszegett sz\u00e1rnyal\u00e1sok.<\/p>\n<\/blockquote>\n<p>[\/et_pb_text][\/et_pb_column][\/et_pb_row][\/et_pb_section][et_pb_section fb_built=&#8221;1&#8243; _builder_version=&#8221;4.27.4&#8243; _module_preset=&#8221;default&#8221; custom_padding=&#8221;||0px|||&#8221; global_colors_info=&#8221;{}&#8221; locked=&#8221;off&#8221;][et_pb_row column_structure=&#8221;1_2,1_2&#8243; _builder_version=&#8221;4.27.4&#8243; _module_preset=&#8221;default&#8221; min_height=&#8221;89px&#8221; custom_margin=&#8221;-41px|auto||auto||&#8221; custom_padding=&#8221;3px||0px|||&#8221; global_colors_info=&#8221;{}&#8221;][et_pb_column type=&#8221;1_2&#8243; _builder_version=&#8221;4.27.4&#8243; _module_preset=&#8221;default&#8221; global_colors_info=&#8221;{}&#8221;][et_pb_heading title=&#8221;\u00d6n-arc-k\u00e9p?&#8221; _builder_version=&#8221;4.27.4&#8243; _module_preset=&#8221;default&#8221; title_level=&#8221;h2&#8243; title_text_align=&#8221;left&#8221; title_font_size=&#8221;34px&#8221; width=&#8221;100%&#8221; width_tablet=&#8221;100%&#8221; width_phone=&#8221;100%&#8221; width_last_edited=&#8221;on|phone&#8221; custom_padding=&#8221;15px|||||&#8221; animation_style=&#8221;fade&#8221; hover_enabled=&#8221;0&#8243; title_line_height_tablet=&#8221;&#8221; title_line_height_phone=&#8221;1.1em&#8221; title_line_height_last_edited=&#8221;on|phone&#8221; global_colors_info=&#8221;{}&#8221; sticky_enabled=&#8221;0&#8243;][\/et_pb_heading][et_pb_text quote_border_color=&#8221;gcid-2ebbc52c-9ee6-4712-a077-fcaec9b98540&#8243; _builder_version=&#8221;4.27.4&#8243; _module_preset=&#8221;default&#8221; text_font=&#8221;&#8211;et_global_heading_font||||||||&#8221; text_text_color=&#8221;gcid-heading-color&#8221; text_font_size=&#8221;17px&#8221; text_line_height=&#8221;1.6em&#8221; header_text_align=&#8221;left&#8221; animation_style=&#8221;fade&#8221; animation_duration=&#8221;2000ms&#8221; hover_enabled=&#8221;0&#8243; text_font_size_tablet=&#8221;17px&#8221; text_font_size_phone=&#8221;17px&#8221; text_font_size_last_edited=&#8221;on|phone&#8221; text_line_height_tablet=&#8221;1.6em&#8221; text_line_height_phone=&#8221;1.4em&#8221; text_line_height_last_edited=&#8221;on|desktop&#8221; border_style_all=&#8221;inset&#8221; locked=&#8221;off&#8221; global_colors_info=&#8221;{%22gcid-2ebbc52c-9ee6-4712-a077-fcaec9b98540%22:%91%22quote_border_color%22,%22quote_border_color%22%93,%22gcid-heading-color%22:%91%22text_text_color%22%93}&#8221; sticky_enabled=&#8221;0&#8243;]<\/p>\n<blockquote>\n<p>Csak 1 g\u00e9nhib\u00e1s teve,<br \/>az\u00e9rt is a neve Steve.<br \/>P\u00fapj\u00e1t a has\u00e1n hordja a h\u00e1ta helyett,<br \/>de a k\u00fcls\u0151s\u00e9gek \u00e9let\u00e9ben sosem kaptak helyet.<br \/>Tulajdonk\u00e9ppen aranyos meg kedves,<br \/>de n\u00e9ha saj\u00e1t mocsk\u00e1ban fetreng,<br \/>mint egy primit\u00edv \u00e1llat,<br \/>akinek sz\u00e1j\u00e1b\u00f3l csorog a ny\u00e1la.<br \/>Elk\u00f6vetett hib\u00e1ib\u00f3l nem tanulva,<br \/>ugyanazon csapd\u00e1kba esik \u00fajra meg \u00fajra,<br \/>mert \u0151 csak a m\u00e1ban \u00e9l,<br \/>de sz\u00edve legeldugottabb szeglet\u00e9ben \u00e9l egy j\u00f6v\u0151k\u00e9p&#8230;..<br \/>\u00c9li \u00e9s \u00e9lvezi az \u00e9letet,<br \/>n\u00e9ha \u00fagy \u00e9rzi enn\u00e9l t\u00f6bbet nem tehet,<br \/>mert a korl\u00e1tlan lehet\u0151s\u00e9gek haz\u00e1j\u00e1ban<br \/>beleveszett saj\u00e1t tudathasad\u00e1s\u00e1ba,<br \/>mert gyakran nem \u00e9rtik, n\u00e9ha meg f\u00e9lre,<br \/>de nem is k\u00edv\u00e1ncsiak az eg\u00e9szre,<br \/>ami izgalmas \u00e9s \u00e9rdekes,<br \/>mint a megold\u00e1sra v\u00e1r\u00f3 k\u00e9pletek.<br \/>Eln\u00e9z\u0151 \u00e9s megbocs\u00e1jt\u00f3<br \/>t\u00fcrelme akkora, hogy nincs is r\u00e1 sz\u00f3.<br \/>\u00c9s ha tehetn\u00e9, odaadn\u00e1 minden\u00e9t,<br \/>csakhogy a Vil\u00e1g elnyerje b\u00e9k\u00e9j\u00e9t.<br \/>\u00c9s, hogy kinyilatkoztathassa szeretet\u00e9t<br \/>seg\u00edts\u00e9g\u00fcl h\u00edvja az univerzum \u0151si szellem\u00e9t.<br \/>\u0150szintes\u00e9ge kiv\u00e1nni val\u00f3t hagy maga ut\u00e1n,<br \/>mint ahogy \u0151 is itt fogja hagyni gondolatai lenyomat\u00e1t.<br \/>J\u00f3akarata v\u00e9gtelen,<br \/>tenniakar\u00e1sa sz\u0171ntelen,<br \/>csak a lustas\u00e1ga akad\u00e1lyozza meg ebben,<br \/>ez\u00e9rt nem tudja megoldani a lehetetlent,<br \/>ami pedig csak abb\u00f3l \u00e1ll, hogy:<\/p>\n<p>meg kell v\u00e1ltoztatni n\u00e9h\u00e1ny rossz szok\u00e1st!<\/p>\n<\/blockquote>\n<p>[\/et_pb_text][\/et_pb_column][et_pb_column type=&#8221;1_2&#8243; _builder_version=&#8221;4.27.4&#8243; _module_preset=&#8221;default&#8221; global_colors_info=&#8221;{}&#8221;][et_pb_heading title=&#8221;SONAM&#8221; _builder_version=&#8221;4.27.4&#8243; _module_preset=&#8221;default&#8221; title_level=&#8221;h2&#8243; title_text_align=&#8221;left&#8221; title_font_size=&#8221;34px&#8221; width=&#8221;100%&#8221; width_tablet=&#8221;100%&#8221; width_phone=&#8221;100%&#8221; width_last_edited=&#8221;on|phone&#8221; custom_padding=&#8221;15px|||||&#8221; animation_style=&#8221;fade&#8221; title_line_height_tablet=&#8221;&#8221; title_line_height_phone=&#8221;1.1em&#8221; title_line_height_last_edited=&#8221;on|phone&#8221; locked=&#8221;off&#8221; global_colors_info=&#8221;{}&#8221;][\/et_pb_heading][et_pb_text quote_border_color=&#8221;gcid-2ebbc52c-9ee6-4712-a077-fcaec9b98540&#8243; _builder_version=&#8221;4.27.4&#8243; _module_preset=&#8221;default&#8221; text_font=&#8221;&#8211;et_global_heading_font||||||||&#8221; text_text_color=&#8221;gcid-heading-color&#8221; text_font_size=&#8221;17px&#8221; text_line_height=&#8221;1.6em&#8221; header_text_align=&#8221;left&#8221; custom_padding=&#8221;0px|||||&#8221; animation_style=&#8221;fade&#8221; animation_duration=&#8221;2000ms&#8221; text_font_size_tablet=&#8221;17px&#8221; text_font_size_phone=&#8221;17px&#8221; text_font_size_last_edited=&#8221;on|phone&#8221; text_line_height_tablet=&#8221;1.6em&#8221; text_line_height_phone=&#8221;1.4em&#8221; text_line_height_last_edited=&#8221;on|desktop&#8221; border_style_all=&#8221;inset&#8221; locked=&#8221;off&#8221; global_colors_info=&#8221;{%22gcid-2ebbc52c-9ee6-4712-a077-fcaec9b98540%22:%91%22quote_border_color%22,%22quote_border_color%22%93,%22gcid-heading-color%22:%91%22text_text_color%22%93}&#8221;]<\/p>\n<blockquote>\n<p>Tulajdonk\u00e9ppen egy kisl\u00e1ny, de Kis\u00f6csinek h\u00edvj\u00e1k.<br \/>M\u00e9gcsak m\u00e1sf\u00e9l \u00e9ve ismerem, de m\u00e1r nagyon szeretem,<br \/>mert aranyos, amikor s\u00edr \u00e9s cuki, amikor nevet.<br \/>Rem\u00e9lem, soha nem felejti el a nevem!<br \/>Sok id\u0151t t\u00f6lt\u00fcnk \u00e9bren \u00e9s j\u00f3 nagyokat alszunk,<br \/>rem\u00e9lem, soha nem fog \u00f6sszeakadni a bajszunk!<br \/>K\u00f3cos kis haja kesze-kusza,<br \/>\u0151 Pista b\u00e1tyja kis Brekusza.<br \/>Kis pocakj\u00e1t mindig tele kell tartani,<br \/>k\u00fcl\u00f6nben nagyon elszomorodik<br \/>\u00e9s akkor j\u00f6n a nagy sz\u00ednj\u00e1tsz\u00e1s:<br \/>\u00e9hen akar halni T\u00f3bi\u00e1s.<\/p>\n<p>A d\u00e9lel\u0151tt minket mindig \u00faton tal\u00e1l,<br \/>New York vesz\u00e9lyes, ez\u00e9rt nagyon vigy\u00e1zni kell r\u00e1,<br \/>mert \u0150 egy kis T\u00fcnd\u00e9r, aki oviba tart<br \/>\u00e9s nem \u00e9rheti semmi baj.<br \/>A metr\u00f3n sokat j\u00e1tszunk \u00e9s besz\u00e9lget\u00fcnk,<br \/>az emberek ir\u00edgyen n\u00e9znek: milyen j\u00f3 is nek\u00fcnk!<br \/>Pedig nem vagyunk m\u00e1sok, csak legjobb bar\u00e1tok!<br \/>H\u00e9tv\u00e9g\u00e9n ir\u00e1ny a j\u00e1tsz\u00f3t\u00e9r,<br \/>\u00e9s ez az \u00e9rz\u00e9s mindent meg\u00e9r,<br \/>mikor l\u00e1tom j\u00e1tszani \u00f6nfeledten,<br \/>k\u00f6nnyek gy\u0171lnek a szememben,<br \/>mert \u00fagy szerettem \u00e9s gondoskodtam r\u00f3la,<\/p>\n<p>mintha csak az eny\u00e9m volna.<\/p>\n<\/blockquote>\n<p>[\/et_pb_text][\/et_pb_column][\/et_pb_row][\/et_pb_section][et_pb_section fb_built=&#8221;1&#8243; _builder_version=&#8221;4.27.4&#8243; _module_preset=&#8221;default&#8221; custom_padding=&#8221;||0px|||&#8221; global_colors_info=&#8221;{}&#8221; locked=&#8221;off&#8221;][et_pb_row column_structure=&#8221;1_2,1_2&#8243; _builder_version=&#8221;4.27.4&#8243; _module_preset=&#8221;default&#8221; min_height=&#8221;89px&#8221; custom_margin=&#8221;-41px|auto||auto||&#8221; custom_padding=&#8221;3px||0px|||&#8221; global_colors_info=&#8221;{}&#8221;][et_pb_column type=&#8221;1_2&#8243; _builder_version=&#8221;4.27.4&#8243; _module_preset=&#8221;default&#8221; global_colors_info=&#8221;{}&#8221;][et_pb_heading title=&#8221;Testem alliter\u00e1ci\u00f3i&#8221; _builder_version=&#8221;4.27.4&#8243; _module_preset=&#8221;default&#8221; title_level=&#8221;h2&#8243; title_text_align=&#8221;left&#8221; title_font_size=&#8221;34px&#8221; width=&#8221;100%&#8221; width_tablet=&#8221;100%&#8221; width_phone=&#8221;100%&#8221; width_last_edited=&#8221;on|phone&#8221; custom_padding=&#8221;15px|||||&#8221; animation_style=&#8221;fade&#8221; hover_enabled=&#8221;0&#8243; title_line_height_tablet=&#8221;&#8221; title_line_height_phone=&#8221;1.1em&#8221; title_line_height_last_edited=&#8221;on|phone&#8221; global_colors_info=&#8221;{}&#8221; sticky_enabled=&#8221;0&#8243;][\/et_pb_heading][et_pb_text quote_border_color=&#8221;gcid-2ebbc52c-9ee6-4712-a077-fcaec9b98540&#8243; _builder_version=&#8221;4.27.4&#8243; _module_preset=&#8221;default&#8221; text_font=&#8221;&#8211;et_global_heading_font||||||||&#8221; text_text_color=&#8221;gcid-heading-color&#8221; text_font_size=&#8221;17px&#8221; text_line_height=&#8221;1.6em&#8221; header_text_align=&#8221;left&#8221; animation_style=&#8221;fade&#8221; animation_duration=&#8221;2000ms&#8221; hover_enabled=&#8221;0&#8243; text_font_size_tablet=&#8221;17px&#8221; text_font_size_phone=&#8221;17px&#8221; text_font_size_last_edited=&#8221;on|phone&#8221; text_line_height_tablet=&#8221;1.6em&#8221; text_line_height_phone=&#8221;1.4em&#8221; text_line_height_last_edited=&#8221;on|desktop&#8221; border_style_all=&#8221;inset&#8221; locked=&#8221;off&#8221; global_colors_info=&#8221;{%22gcid-2ebbc52c-9ee6-4712-a077-fcaec9b98540%22:%91%22quote_border_color%22,%22quote_border_color%22%93,%22gcid-heading-color%22:%91%22text_text_color%22%93}&#8221; sticky_enabled=&#8221;0&#8243;]<\/p>\n<blockquote>\n<p>tudatomban t\u00e9ves tapasztal\u00e1s<\/p>\n<p>arcomon aggok agg\u00e1lyai<\/p>\n<p>v\u00e9n\u00e1mban vadak v\u00e1gyai<\/p>\n<p>sz\u00e1mban szenved\u00e9lyes szavak<\/p>\n<p>agyamban andalg\u00f3 alternat\u00edv\u00e1k<\/p>\n<p>sz\u00edvemben sz\u00e1nalmas szeretet<\/p>\n<p>testemben tespedt tehetetlens\u00e9g<\/p>\n<p>kezemben katasztr\u00f3f\u00e1lis k\u00e9ptelens\u00e9g<\/p>\n<p>f\u00fclemben f\u00fclledt f\u00fcllent\u00e9s<\/p>\n<p>szememben sz\u00e9p szenved\u00e9s<\/p>\n<p>homlokomon halott hegek<\/p>\n<p>elm\u00e9mbem elveszett elm\u00fal\u00e1s<\/p>\n<p>orromban ord\u00edt\u00f3 odaad\u00e1s<\/p>\n<p>l\u00e1bamban l\u00e1zad\u00f3 lazas\u00e1g<\/p>\n<p>v\u00e1llamon val\u00f3tlan vil\u00e1g v\u00e1ls\u00e1ga<\/p>\n<p>fejemben f\u00e9lk\u00e9sz f\u00e1radts\u00e1g<\/p>\n<p>\u00fajjaimban \u00fajit\u00f3 \u00fajdons\u00e1g<\/p>\n<p>hasamban haldokl\u00f3 hiedelem<\/p>\n<p>zsigereimben zseni\u00e1lis zsibv\u00e1s\u00e1r<\/p>\n<p>beleimben balj\u00f3s barb\u00e1rs\u00e1g<\/p>\n<p>ereimben elm\u00e9s elsz\u00e1nts\u00e1g<\/p>\n<p>v\u00e9remben vadit\u00f3 v\u00e1zlatok<\/p>\n<p>\u00e1gy\u00e9komban \u00e1br\u00e1ndoz\u00f3 \u00e1llatiass\u00e1g<\/p>\n<p>\u00e9nemben \u00e9des \u00e9lvezet<\/p>\n<p>magamban mag\u00e1t mutogat\u00f3, mar\u00f3 mag\u00e1ny<\/p>\n<\/blockquote>\n<p>[\/et_pb_text][\/et_pb_column][et_pb_column type=&#8221;1_2&#8243; _builder_version=&#8221;4.27.4&#8243; _module_preset=&#8221;default&#8221; global_colors_info=&#8221;{}&#8221;][et_pb_heading title=&#8221;Minden vil\u00e1g, minden m\u00e1ss\u00e1ga&#8221; _builder_version=&#8221;4.27.4&#8243; _module_preset=&#8221;default&#8221; title_level=&#8221;h2&#8243; title_text_align=&#8221;left&#8221; title_font_size=&#8221;34px&#8221; width=&#8221;100%&#8221; width_tablet=&#8221;100%&#8221; width_phone=&#8221;100%&#8221; width_last_edited=&#8221;on|phone&#8221; custom_padding=&#8221;15px|||||&#8221; animation_style=&#8221;fade&#8221; title_line_height_tablet=&#8221;&#8221; title_line_height_phone=&#8221;1.1em&#8221; title_line_height_last_edited=&#8221;on|phone&#8221; locked=&#8221;off&#8221; global_colors_info=&#8221;{}&#8221;][\/et_pb_heading][et_pb_text quote_border_color=&#8221;gcid-2ebbc52c-9ee6-4712-a077-fcaec9b98540&#8243; _builder_version=&#8221;4.27.4&#8243; _module_preset=&#8221;default&#8221; text_font=&#8221;&#8211;et_global_heading_font||||||||&#8221; text_text_color=&#8221;gcid-heading-color&#8221; text_font_size=&#8221;17px&#8221; text_line_height=&#8221;1.6em&#8221; header_text_align=&#8221;left&#8221; custom_padding=&#8221;0px|||||&#8221; animation_style=&#8221;fade&#8221; animation_duration=&#8221;2000ms&#8221; text_font_size_tablet=&#8221;17px&#8221; text_font_size_phone=&#8221;17px&#8221; text_font_size_last_edited=&#8221;on|phone&#8221; text_line_height_tablet=&#8221;1.6em&#8221; text_line_height_phone=&#8221;1.4em&#8221; text_line_height_last_edited=&#8221;on|desktop&#8221; border_style_all=&#8221;inset&#8221; locked=&#8221;off&#8221; global_colors_info=&#8221;{%22gcid-2ebbc52c-9ee6-4712-a077-fcaec9b98540%22:%91%22quote_border_color%22,%22quote_border_color%22%93,%22gcid-heading-color%22:%91%22text_text_color%22%93}&#8221;]<\/p>\n<blockquote>\n<p>Minden vil\u00e1g minden m\u00e1ss\u00e1ga<br \/>Minden vil\u00e1g minden m\u00e1ss\u00e1g\u00e1t mindig m\u00e1sk\u00e9nt fogom l\u00e1tni,<br \/>v\u00e1gyni \u00e9s v\u00e1rni<br \/>j\u00f3kedv\u0171en d\u00fadolni, mert<br \/>szerencs\u00e9re mindenki szerencs\u00e9tlen.<br \/>\u00c9s ez a j\u00f3 az eg\u00e9szben, hogy<br \/>f\u00e9lben, d\u00e9lben<br \/>1 felizgatott f\u00e9lr\u00e9szeg f\u00e9lszegen falaz,<br \/>keresi a kiutat, \u00e1ssa a kutat, \u00e9s \u00faj lehet\u0151s\u00e9geket kutat<br \/>ebben az \u00e9letnek kinevezett szarban,<br \/>ahol mindig baj van,<br \/>ahol minden szavad magad vagy<br \/>\u00e9s mindent szabad magadnak,<br \/>de, ha mindent megadsz magadnak,<br \/>egy szavad sem marad magadnak.<br \/>De akkor majd fel\u00fcltetnek egy le\u00fct\u00e9sre,<br \/>aminek minden hangja csod\u00e1ra k\u00e9pes,<br \/>amit minden zongora \u00e9rezni k\u00e9pes<br \/>\u00e9s ha felsz\u00e1radtak majd a k\u00f6nnyeim,<br \/>k\u00f6z\u00f6ny\u00f6m, r\u00f6h\u00f6gve nyomja a csikket a k\u00e9p\u00fckbe.<br \/>nem k\u00e9pletesen, nem gy\u00e1v\u00e1n<br \/>keresve a kiutat az \u00f6npuszt\u00edt\u00e1s labirintus\u00e1b\u00f3l,<br \/>melyben kicsit elt\u00e9vedve, nagyon bet\u00e9pve<br \/>egy \u00fajabb felessel az\u00e9rt megsp\u00e9kelve,<br \/>undorodva, de az\u00e9rt vid\u00e1man<br \/>h\u00e1nyva, de az\u00e9rt j\u00f3zanul<br \/>pof\u00e1kat v\u00e1gva, de az\u00e9rt elfogadva,<br \/>istenre esk\u00fcdve, de b\u00faval b\u00e9lelt pr\u00f3f\u00e9t\u00e1k p\u00e9ld\u00e1s \u00e9let\u00e9t<br \/>semmibe v\u00e9ve,<br \/>v\u00e9rre men\u0151 csat\u00e1kban,<br \/>elker\u00fclhetetlen csapd\u00e1kban,<br \/>a csapb\u00f3l is foly\u00f3 pedof\u00edli\u00e1ban,<br \/>100-szorosan lekenyerezett m\u00e9di\u00e1ban,<br \/>hangtalanul \u00fcv\u00f6lt\u0151 zaj-euf\u00f3ri\u00e1ban,<br \/>bombabiztos kazamat\u00e1kban,<br \/>haldokl\u00f3 nyomornegyedek sz\u0171k utc\u00e1iban,<br \/>az emberis\u00e9g mocsk\u00e1nak legundor\u00edt\u00f3bbj\u00e1ban<\/p>\n<p>100.000 v\u00e9gvesz\u00e9ly &#8211; utols\u00f3 figyelmeztet\u00e9s<br \/>p\u00e1rbajgy\u0151ztesek\u00e9nt<br \/>elered majd a v\u00e9r,<br \/>mik\u00e9nt megered az \u00e9g,<br \/>mert semmire sincs ments\u00e9g.<br \/>De az\u00e9rt \u00edgy is sz\u00e9p<br \/>ez az \u00f6ncsonk\u00edt\u00f3 beteljesed\u00e9s-<br \/>lesz majd a v\u00e9gs\u0151 mened\u00e9k,<br \/>mely elvezet egy felekezethez,<br \/>amely nem ny\u00fajt majd egy fele kezet sem.<br \/>K\u00e9zr\u00e1z\u00e1s helyett \u00f6k\u00f6lcsap\u00e1sok, mint egy<br \/>\u00f6k\u00f6rcsap\u00e1son.<br \/>ahol a barmok csak igenlenek,<br \/>a nemtelenek: jellegtelenek,<br \/>de igazuk lehet nekik is abban, hogy<br \/>az \u00e9let csak egy l\u00e1tom\u00e1s,<br \/>a h\u00e1zfalakon fesz\u00fcl\u0151 mag\u00e1ny,<br \/>maga a tudathasad\u00e1s.<br \/>A nincstelens\u00e9g netov\u00e1bbja pedig<br \/>sz\u00fcrk\u00fcl\u0151 f\u00e9ny\u00e1r,<br \/>amit a sz\u0171k\u00fcl\u0151 hal\u00e1l v\u00e1r.<br \/>\u00d3vatosan kiv\u00e1rva, mikor a csillagok nappalt hazudnak<br \/>\u00e9s az \u00e1tl\u00e1tsz\u00f3 leheletek fekete port kergetnek,<br \/>t\u00f6r\u00f6tt ablakok t\u00f6retlen csillog\u00e1s\u00e1n,<br \/>mik\u00f6zben andalg\u00f3 s\u00e9t\u00e1ink<br \/>r\u00e9m\u00e1lmokra \u00e9brednek,<br \/>\u00e9s kedves\u00fcnk kez\u00e9nek keres\u00e9se<br \/>csak kih\u0171lt hamuban fuldokl\u00f3,<br \/>\u00f6szt\u00f6n\u00f6s t\u00fal\u00e9l\u00e9si mozdulat.<br \/>Amiben minden vil\u00e1gv\u00e9gi,<br \/>vil\u00e1gmegv\u00e1lt\u00f3 gondolat meghasad,<br \/>mint mikor a mag hasad.<br \/>a te hasad, az \u00e9n agyam,<br \/>amiben a v\u00e9gterm\u00e9kek kisz\u00e1ll\u00f3k\u00e1rty\u00e1ra v\u00e1rnak,<br \/>mint egy v\u00e1rban: az \u00fctk\u00f6zetre v\u00e1r\u00f3 katon\u00e1k egyenruh\u00e1ban.<br \/>Innen rontok majd ki: v\u00e9rt ord\u00edtva,<br \/>sz\u00e1raz sperm\u00e1t l\u00f6vellve,<br \/>cseppfoly\u00f3s alibiket szolg\u00e1ltatva a vil\u00e1gnak<br \/>&#8211; mely t\u00e1ptalajt ad milli\u00f3 vir\u00e1gnak-<br \/>\u00e9s elhintem az elhihetetlent, hogy<br \/>van m\u00e9g v\u00e9gtelen, el\u00e9rhetetlen galaxis,<br \/>amiben val\u00f3ra v\u00e1lthatjuk \u00e1lmunkat is,<br \/>mert ez a fejezet m\u00e9g nincs lefejezve.<br \/>El\u00e9rj\u00fck majd az el\u00e9rhetetlent<br \/>\u00e9s \u00e9rtetlen\u00fcl \u00e1llunk,<br \/>mintha \u00e1lmunk,<br \/>\u00e1llam-<br \/>\u00e9rdekb\u0151l kiindulva,<br \/>csak \u00e1llatok \u00f6szt\u00f6ne lenne.<br \/>Pedig az is csak ez a sz\u00e1nalomra m\u00e9lt\u00f3,<br \/>melankolikus agy-zsiger \u00e1br\u00e1nd,<br \/>ami sosem hagy \u00e1rv\u00e1n,<br \/>t\u00e1rsas\u00e1got k\u00f6lcs\u00f6n\u00f6z,<br \/>mindent elad, de csak a fel\u00e9t kapom vissza.<br \/>De ez \u00edgy tiszta&#8230;<br \/>\u00fczlet ez is, mint b\u00e1rmi m\u00e1s.<br \/>Kenyeret keres mag\u00e1nak a nyomor\u00fas\u00e1g,<br \/>\u00e9n hallgat\u00f3lagosan beleegyezem,<br \/>mik\u00f6zben \u00f6nmagam keresem,<br \/>mert: eladn\u00e1m a lelkemet<br \/>\u00e9s odaadn\u00e1m a testemet<br \/>b\u00e1rkinek,<br \/>mindegy, hol, mikor, hogyan,<br \/>csak el\u00e9g\u00edtse ki m\u00e1ss\u00e1gom \u00e1ltal okozott<br \/>mag\u00e1ny-v\u00e1gy\u00f3d\u00e1s-frusztr\u00e1ci\u00f3 h\u00e1romsz\u00f6gemet,<br \/>ahol a hi\u00e1ny gonosz tervet sz\u00f6v\u00f6get<br \/>m\u00e9g annak az \u00e1r\u00e1n is, hogy<br \/>beleker\u00fcl\u00f6k az \u00f6rd\u00f6gi k\u00f6rbe,<br \/>ahol csak a kokain visz k\u00f6rbe-k\u00f6rbe,<br \/>mert az egyed\u00fcl t\u00f6lt\u00f6tt \u00e9vek<br \/>belezuhannak egy m\u00e9lys\u00e9ges,<br \/>\u00f6ngyilkos hajlam\u00fa m\u00e9lybe,<br \/>melyre nincs geol\u00f3giai fogalom.<br \/>De fogadom, hogy<br \/>mag\u00e1nyosabb vagyok, mint az \u0171rben lebeg\u0151 \u0171rhaj\u00f3s,<br \/>\u00e9s ez a jel el\u00e9g balj\u00f3s,<br \/>mert az ajt\u00f3k<br \/>f\u00e9lig csukva vannak<br \/>\u00e9s l\u00e1thatatlan szemek<br \/>figyelik remeg\u0151 kezem,<br \/>mellyel a kilincs\u00e9rt ny\u00falok<br \/>\u00e9s ilyenkor el\u0151j\u00f6n az a furcsa l\u00e1tom\u00e1s:<\/p>\n<p>amiben minden vil\u00e1g minden m\u00e1ss\u00e1g\u00e1t,mindig is m\u00e1sk\u00e9nt fogom l\u00e1tni&#8230;<\/p>\n<\/blockquote>\n<p>[\/et_pb_text][\/et_pb_column][\/et_pb_row][\/et_pb_section][et_pb_section fb_built=&#8221;1&#8243; _builder_version=&#8221;4.27.4&#8243; _module_preset=&#8221;default&#8221; custom_padding=&#8221;||0px|||&#8221; global_colors_info=&#8221;{}&#8221; locked=&#8221;off&#8221;][et_pb_row column_structure=&#8221;1_2,1_2&#8243; _builder_version=&#8221;4.27.4&#8243; _module_preset=&#8221;default&#8221; min_height=&#8221;89px&#8221; custom_margin=&#8221;-41px|auto||auto||&#8221; custom_padding=&#8221;3px||0px|||&#8221; global_colors_info=&#8221;{}&#8221;][et_pb_column type=&#8221;1_2&#8243; _builder_version=&#8221;4.27.4&#8243; _module_preset=&#8221;default&#8221; global_colors_info=&#8221;{}&#8221;][et_pb_heading title=&#8221;Pokoli vonzalom&#8221; _builder_version=&#8221;4.27.4&#8243; _module_preset=&#8221;default&#8221; title_level=&#8221;h2&#8243; title_text_align=&#8221;left&#8221; title_font_size=&#8221;34px&#8221; width=&#8221;100%&#8221; width_tablet=&#8221;100%&#8221; width_phone=&#8221;100%&#8221; width_last_edited=&#8221;on|phone&#8221; custom_padding=&#8221;15px|||||&#8221; animation_style=&#8221;fade&#8221; hover_enabled=&#8221;0&#8243; title_line_height_tablet=&#8221;&#8221; title_line_height_phone=&#8221;1.1em&#8221; title_line_height_last_edited=&#8221;on|phone&#8221; global_colors_info=&#8221;{}&#8221; sticky_enabled=&#8221;0&#8243;][\/et_pb_heading][et_pb_text quote_border_color=&#8221;gcid-2ebbc52c-9ee6-4712-a077-fcaec9b98540&#8243; _builder_version=&#8221;4.27.4&#8243; _module_preset=&#8221;default&#8221; text_font=&#8221;&#8211;et_global_heading_font||||||||&#8221; text_text_color=&#8221;gcid-heading-color&#8221; text_font_size=&#8221;17px&#8221; text_line_height=&#8221;1.6em&#8221; header_text_align=&#8221;left&#8221; animation_style=&#8221;fade&#8221; animation_duration=&#8221;2000ms&#8221; hover_enabled=&#8221;0&#8243; text_font_size_tablet=&#8221;17px&#8221; text_font_size_phone=&#8221;17px&#8221; text_font_size_last_edited=&#8221;on|phone&#8221; text_line_height_tablet=&#8221;1.6em&#8221; text_line_height_phone=&#8221;1.4em&#8221; text_line_height_last_edited=&#8221;on|desktop&#8221; border_style_all=&#8221;inset&#8221; locked=&#8221;off&#8221; global_colors_info=&#8221;{%22gcid-2ebbc52c-9ee6-4712-a077-fcaec9b98540%22:%91%22quote_border_color%22,%22quote_border_color%22%93,%22gcid-heading-color%22:%91%22text_text_color%22%93}&#8221; sticky_enabled=&#8221;0&#8243;]<\/p>\n<blockquote>\n<p>Elolthatatlan a t\u0171z, ami minket \u00f6sszef\u0171z-<br \/>-fa megs\u00e1rgult levelein,<br \/>kisz\u00e1radt t\u00f3 partj\u00e1n szeretkez\u00fcnk.<br \/>\u00d6sszefon\u00f3dik a kez\u00fcnk,<br \/>megfeledkezve emberr\u0151l, Istenr\u0151l,<br \/>ebben a gy\u00f6ny\u00f6r-\u00f6b\u00f6lben,<br \/>melyr\u0151l szent\u00fcl hissz\u00fck, hogy ez a Paradicsom.<br \/>\u00c9s az az elolthatatlan t\u0171z, ami benn\u00fcnk lobog,<br \/>a pokoli vonzalom v\u00e9gtermeke.<\/p>\n<p>De mi m\u00e9gsem \u00e9rezz\u00fck magunkat b\u0171n\u00f6snek&#8230;&#8230;&#8230;..<\/p>\n<\/blockquote>\n<p>[\/et_pb_text][\/et_pb_column][et_pb_column type=&#8221;1_2&#8243; _builder_version=&#8221;4.27.4&#8243; _module_preset=&#8221;default&#8221; global_colors_info=&#8221;{}&#8221;][et_pb_heading title=&#8221;Furcsa t\u00fcnd\u00e9rek sorvad\u00f3 lelke&#8221; _builder_version=&#8221;4.27.4&#8243; _module_preset=&#8221;default&#8221; title_level=&#8221;h2&#8243; title_text_align=&#8221;left&#8221; title_font_size=&#8221;34px&#8221; width=&#8221;100%&#8221; width_tablet=&#8221;100%&#8221; width_phone=&#8221;100%&#8221; width_last_edited=&#8221;on|phone&#8221; custom_padding=&#8221;15px|||||&#8221; animation_style=&#8221;fade&#8221; title_line_height_tablet=&#8221;&#8221; title_line_height_phone=&#8221;1.1em&#8221; title_line_height_last_edited=&#8221;on|phone&#8221; locked=&#8221;off&#8221; global_colors_info=&#8221;{}&#8221;][\/et_pb_heading][et_pb_text quote_border_color=&#8221;gcid-2ebbc52c-9ee6-4712-a077-fcaec9b98540&#8243; _builder_version=&#8221;4.27.4&#8243; _module_preset=&#8221;default&#8221; text_font=&#8221;&#8211;et_global_heading_font||||||||&#8221; text_text_color=&#8221;gcid-heading-color&#8221; text_font_size=&#8221;17px&#8221; text_line_height=&#8221;1.6em&#8221; header_text_align=&#8221;left&#8221; custom_padding=&#8221;0px|||||&#8221; animation_style=&#8221;fade&#8221; animation_duration=&#8221;2000ms&#8221; hover_enabled=&#8221;0&#8243; text_font_size_tablet=&#8221;17px&#8221; text_font_size_phone=&#8221;17px&#8221; text_font_size_last_edited=&#8221;on|phone&#8221; text_line_height_tablet=&#8221;1.6em&#8221; text_line_height_phone=&#8221;1.4em&#8221; text_line_height_last_edited=&#8221;on|desktop&#8221; border_style_all=&#8221;inset&#8221; locked=&#8221;off&#8221; global_colors_info=&#8221;{%22gcid-2ebbc52c-9ee6-4712-a077-fcaec9b98540%22:%91%22quote_border_color%22,%22quote_border_color%22%93,%22gcid-heading-color%22:%91%22text_text_color%22%93}&#8221; sticky_enabled=&#8221;0&#8243;]<\/p>\n<blockquote>\n<p>T\u00fcnd\u00e9rek t\u00fcnd\u00f6kl\u0151 ruh\u00e1kban&#8230;<br \/>Angyalok a hal\u00e1l kapuj\u00e1ban&#8230;<br \/>Egyedek a kihal\u00e1s sz\u00e9l\u00e9n..<br \/>Emberek \u00e9let\u00fck v\u00e9g\u00e9n&#8230;<br \/>Sorvad\u00f3 lelkek az id\u0151 piramis\u00e1ban&#8230;<br \/>V\u00e1gyakoz\u00f3 pillant\u00e1sok a f\u00e9lelem fogs\u00e1g\u00e1ban&#8230;<br \/>\u00d6sszet\u00f6rt \u00e1lmok a val\u00f3s\u00e1g tenyer\u00e9ben&#8230;<br \/>Halhatatlan lelkek p\u00f3kh\u00e1l\u00f3s pinc\u00e9kben&#8230;<br \/>Kihalt v\u00e1rosokban furcsa k\u00eds\u00e9rtetek&#8230;<br \/>Hal\u00e1lszag\u00fa v\u00e1gyak t\u00f6r\u00e9keny testekben&#8230;<br \/>Kib\u00e1ny\u00e1szatlan kincsek emberi agyakban&#8230;<br \/>Tudathasad\u00e1s felzaklatott v\u00edzi\u00f3kban&#8230;<\/p>\n<\/blockquote>\n<p>[\/et_pb_text][\/et_pb_column][\/et_pb_row][\/et_pb_section][et_pb_section fb_built=&#8221;1&#8243; _builder_version=&#8221;4.27.4&#8243; _module_preset=&#8221;default&#8221; custom_padding=&#8221;||0px|||&#8221; global_colors_info=&#8221;{}&#8221; locked=&#8221;off&#8221;][et_pb_row column_structure=&#8221;1_2,1_2&#8243; _builder_version=&#8221;4.27.4&#8243; _module_preset=&#8221;default&#8221; min_height=&#8221;89px&#8221; custom_margin=&#8221;-41px|auto||auto||&#8221; custom_padding=&#8221;3px||0px|||&#8221; global_colors_info=&#8221;{}&#8221;][et_pb_column type=&#8221;1_2&#8243; _builder_version=&#8221;4.27.4&#8243; _module_preset=&#8221;default&#8221; global_colors_info=&#8221;{}&#8221;][et_pb_heading title=&#8221;Koszos-mocskos&#8221; _builder_version=&#8221;4.27.4&#8243; _module_preset=&#8221;default&#8221; title_level=&#8221;h2&#8243; title_text_align=&#8221;left&#8221; title_font_size=&#8221;34px&#8221; width=&#8221;100%&#8221; width_tablet=&#8221;100%&#8221; width_phone=&#8221;100%&#8221; width_last_edited=&#8221;on|phone&#8221; custom_padding=&#8221;15px|||||&#8221; animation_style=&#8221;fade&#8221; hover_enabled=&#8221;0&#8243; title_line_height_tablet=&#8221;&#8221; title_line_height_phone=&#8221;1.1em&#8221; title_line_height_last_edited=&#8221;on|phone&#8221; global_colors_info=&#8221;{}&#8221; sticky_enabled=&#8221;0&#8243;][\/et_pb_heading][et_pb_text quote_border_color=&#8221;gcid-2ebbc52c-9ee6-4712-a077-fcaec9b98540&#8243; _builder_version=&#8221;4.27.4&#8243; _module_preset=&#8221;default&#8221; text_font=&#8221;&#8211;et_global_heading_font||||||||&#8221; text_text_color=&#8221;gcid-heading-color&#8221; text_font_size=&#8221;17px&#8221; text_line_height=&#8221;1.6em&#8221; header_text_align=&#8221;left&#8221; animation_style=&#8221;fade&#8221; animation_duration=&#8221;2000ms&#8221; hover_enabled=&#8221;0&#8243; text_font_size_tablet=&#8221;17px&#8221; text_font_size_phone=&#8221;17px&#8221; text_font_size_last_edited=&#8221;on|phone&#8221; text_line_height_tablet=&#8221;1.6em&#8221; text_line_height_phone=&#8221;1.4em&#8221; text_line_height_last_edited=&#8221;on|desktop&#8221; border_style_all=&#8221;inset&#8221; locked=&#8221;off&#8221; global_colors_info=&#8221;{%22gcid-2ebbc52c-9ee6-4712-a077-fcaec9b98540%22:%91%22quote_border_color%22,%22quote_border_color%22%93,%22gcid-heading-color%22:%91%22text_text_color%22%93}&#8221; sticky_enabled=&#8221;0&#8243;]<\/p>\n<blockquote>\n<p>Ez csak egy koszos v\u00e1ros<br \/>itt a gy\u00f6ny\u00f6r\u0171 hegyek k\u00f6z\u00f6tt.<br \/>Az csak egy mocskos v\u00e1laszt\u00e1s <br \/>a tiszta lehet\u0151s\u00e9gek k\u00f6z\u00f6tt.<\/p>\n<\/blockquote>\n<p>[\/et_pb_text][\/et_pb_column][et_pb_column type=&#8221;1_2&#8243; _builder_version=&#8221;4.27.4&#8243; _module_preset=&#8221;default&#8221; global_colors_info=&#8221;{}&#8221;][et_pb_heading title=&#8221;Csak egy fikci\u00f3&#8221; _builder_version=&#8221;4.27.4&#8243; _module_preset=&#8221;default&#8221; title_level=&#8221;h2&#8243; title_text_align=&#8221;left&#8221; title_font_size=&#8221;34px&#8221; width=&#8221;100%&#8221; width_tablet=&#8221;100%&#8221; width_phone=&#8221;100%&#8221; width_last_edited=&#8221;on|phone&#8221; custom_padding=&#8221;15px|||||&#8221; animation_style=&#8221;fade&#8221; title_line_height_tablet=&#8221;&#8221; title_line_height_phone=&#8221;1.1em&#8221; title_line_height_last_edited=&#8221;on|phone&#8221; locked=&#8221;off&#8221; global_colors_info=&#8221;{}&#8221;][\/et_pb_heading][et_pb_text quote_border_color=&#8221;gcid-2ebbc52c-9ee6-4712-a077-fcaec9b98540&#8243; _builder_version=&#8221;4.27.4&#8243; _module_preset=&#8221;default&#8221; text_font=&#8221;&#8211;et_global_heading_font||||||||&#8221; text_text_color=&#8221;gcid-heading-color&#8221; text_font_size=&#8221;17px&#8221; text_line_height=&#8221;1.6em&#8221; header_text_align=&#8221;left&#8221; custom_padding=&#8221;0px|||||&#8221; animation_style=&#8221;fade&#8221; animation_duration=&#8221;2000ms&#8221; hover_enabled=&#8221;0&#8243; text_font_size_tablet=&#8221;17px&#8221; text_font_size_phone=&#8221;17px&#8221; text_font_size_last_edited=&#8221;on|phone&#8221; text_line_height_tablet=&#8221;1.6em&#8221; text_line_height_phone=&#8221;1.4em&#8221; text_line_height_last_edited=&#8221;on|desktop&#8221; border_style_all=&#8221;inset&#8221; locked=&#8221;off&#8221; global_colors_info=&#8221;{%22gcid-2ebbc52c-9ee6-4712-a077-fcaec9b98540%22:%91%22quote_border_color%22,%22quote_border_color%22%93,%22gcid-heading-color%22:%91%22text_text_color%22%93}&#8221; sticky_enabled=&#8221;0&#8243;]<\/p>\n<blockquote>\n<p>Velem vigy\u00e1zni kell,<br \/>\u00e9n nem vagyok egy \u00e1tlagos fick\u00f3,<br \/>ink\u00e1bb egy \u00e1tlagon fel\u00fcli fikci\u00f3!<\/p>\n<\/blockquote>\n<p>[\/et_pb_text][\/et_pb_column][\/et_pb_row][\/et_pb_section][et_pb_section fb_built=&#8221;1&#8243; _builder_version=&#8221;4.27.4&#8243; _module_preset=&#8221;default&#8221; custom_padding=&#8221;||0px|||&#8221; global_colors_info=&#8221;{}&#8221; locked=&#8221;off&#8221;][et_pb_row column_structure=&#8221;1_2,1_2&#8243; _builder_version=&#8221;4.27.4&#8243; _module_preset=&#8221;default&#8221; min_height=&#8221;89px&#8221; custom_margin=&#8221;-41px|auto||auto||&#8221; custom_padding=&#8221;3px||0px|||&#8221; global_colors_info=&#8221;{}&#8221;][et_pb_column type=&#8221;1_2&#8243; _builder_version=&#8221;4.27.4&#8243; _module_preset=&#8221;default&#8221; global_colors_info=&#8221;{}&#8221;][et_pb_heading title=&#8221;D\u00f6bbenetes perverzi\u00f3k&#8221; _builder_version=&#8221;4.27.4&#8243; _module_preset=&#8221;default&#8221; title_level=&#8221;h2&#8243; title_text_align=&#8221;left&#8221; title_font_size=&#8221;34px&#8221; width=&#8221;100%&#8221; width_tablet=&#8221;100%&#8221; width_phone=&#8221;100%&#8221; width_last_edited=&#8221;on|phone&#8221; custom_padding=&#8221;15px|||||&#8221; animation_style=&#8221;fade&#8221; hover_enabled=&#8221;0&#8243; title_line_height_tablet=&#8221;&#8221; title_line_height_phone=&#8221;1.1em&#8221; title_line_height_last_edited=&#8221;on|phone&#8221; global_colors_info=&#8221;{}&#8221; sticky_enabled=&#8221;0&#8243;][\/et_pb_heading][et_pb_text quote_border_color=&#8221;gcid-2ebbc52c-9ee6-4712-a077-fcaec9b98540&#8243; _builder_version=&#8221;4.27.4&#8243; _module_preset=&#8221;default&#8221; text_font=&#8221;&#8211;et_global_heading_font||||||||&#8221; text_text_color=&#8221;gcid-heading-color&#8221; text_font_size=&#8221;17px&#8221; text_line_height=&#8221;1.6em&#8221; header_text_align=&#8221;left&#8221; animation_style=&#8221;fade&#8221; animation_duration=&#8221;2000ms&#8221; hover_enabled=&#8221;0&#8243; text_font_size_tablet=&#8221;17px&#8221; text_font_size_phone=&#8221;17px&#8221; text_font_size_last_edited=&#8221;on|phone&#8221; text_line_height_tablet=&#8221;1.6em&#8221; text_line_height_phone=&#8221;1.4em&#8221; text_line_height_last_edited=&#8221;on|desktop&#8221; border_style_all=&#8221;inset&#8221; locked=&#8221;off&#8221; global_colors_info=&#8221;{%22gcid-2ebbc52c-9ee6-4712-a077-fcaec9b98540%22:%91%22quote_border_color%22,%22quote_border_color%22%93,%22gcid-heading-color%22:%91%22text_text_color%22%93}&#8221; sticky_enabled=&#8221;0&#8243;]<\/p>\n<blockquote>\n<p>D\u00f6bbenettel \u00e1llok m\u00e9lys\u00e9ges csal\u00f3d\u00e1som m\u00e9ly\u00e9n,<br \/>\u00e9lvezettel n\u00e9zem \u00e9letem \u00e9rt\u00e9ktelens\u00e9g\u00e9t.<br \/>Csod\u00e1lattal ad\u00f3zok tehetetlens\u00e9gemnek,<br \/>perverz vigyorral az arcomon \u00e9lvezem elveszetts\u00e9gem.<\/p>\n<\/blockquote>\n<p>[\/et_pb_text][\/et_pb_column][et_pb_column type=&#8221;1_2&#8243; _builder_version=&#8221;4.27.4&#8243; _module_preset=&#8221;default&#8221; global_colors_info=&#8221;{}&#8221;][et_pb_heading title=&#8221;Csak egy jelenet&#8221; _builder_version=&#8221;4.27.4&#8243; _module_preset=&#8221;default&#8221; title_level=&#8221;h2&#8243; title_text_align=&#8221;left&#8221; title_font_size=&#8221;34px&#8221; width=&#8221;100%&#8221; width_tablet=&#8221;100%&#8221; width_phone=&#8221;100%&#8221; width_last_edited=&#8221;on|phone&#8221; custom_padding=&#8221;15px|||||&#8221; animation_style=&#8221;fade&#8221; title_line_height_tablet=&#8221;&#8221; title_line_height_phone=&#8221;1.1em&#8221; title_line_height_last_edited=&#8221;on|phone&#8221; locked=&#8221;off&#8221; global_colors_info=&#8221;{}&#8221;][\/et_pb_heading][et_pb_text quote_border_color=&#8221;gcid-2ebbc52c-9ee6-4712-a077-fcaec9b98540&#8243; _builder_version=&#8221;4.27.4&#8243; _module_preset=&#8221;default&#8221; text_font=&#8221;&#8211;et_global_heading_font||||||||&#8221; text_text_color=&#8221;gcid-heading-color&#8221; text_font_size=&#8221;17px&#8221; text_line_height=&#8221;1.6em&#8221; header_text_align=&#8221;left&#8221; custom_padding=&#8221;0px|||||&#8221; animation_style=&#8221;fade&#8221; animation_duration=&#8221;2000ms&#8221; hover_enabled=&#8221;0&#8243; text_font_size_tablet=&#8221;17px&#8221; text_font_size_phone=&#8221;17px&#8221; text_font_size_last_edited=&#8221;on|phone&#8221; text_line_height_tablet=&#8221;1.6em&#8221; text_line_height_phone=&#8221;1.4em&#8221; text_line_height_last_edited=&#8221;on|desktop&#8221; border_style_all=&#8221;inset&#8221; locked=&#8221;off&#8221; global_colors_info=&#8221;{%22gcid-2ebbc52c-9ee6-4712-a077-fcaec9b98540%22:%91%22quote_border_color%22,%22quote_border_color%22%93,%22gcid-heading-color%22:%91%22text_text_color%22%93}&#8221; sticky_enabled=&#8221;0&#8243;]<\/p>\n<blockquote>\n<p>V\u00e9rf\u00fcrd\u0151 a v\u00e1ros sz\u00edv\u00e9ben,<br \/>micsoda pomp\u00e1s jelenet!!!<br \/>Fegyverek, goly\u00f3k, haldokl\u00f3 emberek.<br \/>Semmit sem \u00e9rnek az \u00e9letek.<br \/>Meg\u00f6lni, bossz\u00fat \u00e1llni &#8211;<br \/>csod\u00e1s \u00e9rz\u00e9s &#8211; gondolom,<br \/>de, hogy m\u00e1sok puszt\u00edtsanak el engem &#8211; <br \/>azt nem &#8211; nem hagyom!<\/p>\n<\/blockquote>\n<p>[\/et_pb_text][\/et_pb_column][\/et_pb_row][\/et_pb_section][et_pb_section fb_built=&#8221;1&#8243; _builder_version=&#8221;4.27.4&#8243; _module_preset=&#8221;default&#8221; custom_padding=&#8221;||0px|||&#8221; global_colors_info=&#8221;{}&#8221; locked=&#8221;off&#8221;][et_pb_row column_structure=&#8221;1_2,1_2&#8243; _builder_version=&#8221;4.27.4&#8243; _module_preset=&#8221;default&#8221; min_height=&#8221;89px&#8221; custom_margin=&#8221;-41px|auto||auto||&#8221; custom_padding=&#8221;3px||0px|||&#8221; global_colors_info=&#8221;{}&#8221;][et_pb_column type=&#8221;1_2&#8243; _builder_version=&#8221;4.27.4&#8243; _module_preset=&#8221;default&#8221; global_colors_info=&#8221;{}&#8221;][et_pb_heading title=&#8221;Mikor megny\u00edlik a tudat&#8221; _builder_version=&#8221;4.27.4&#8243; _module_preset=&#8221;default&#8221; title_level=&#8221;h2&#8243; title_text_align=&#8221;left&#8221; title_font_size=&#8221;34px&#8221; width=&#8221;100%&#8221; width_tablet=&#8221;100%&#8221; width_phone=&#8221;100%&#8221; width_last_edited=&#8221;on|phone&#8221; custom_padding=&#8221;15px|||||&#8221; animation_style=&#8221;fade&#8221; hover_enabled=&#8221;0&#8243; title_line_height_tablet=&#8221;&#8221; title_line_height_phone=&#8221;1.1em&#8221; title_line_height_last_edited=&#8221;on|phone&#8221; global_colors_info=&#8221;{}&#8221; sticky_enabled=&#8221;0&#8243;][\/et_pb_heading][et_pb_text quote_border_color=&#8221;gcid-2ebbc52c-9ee6-4712-a077-fcaec9b98540&#8243; _builder_version=&#8221;4.27.4&#8243; _module_preset=&#8221;default&#8221; text_font=&#8221;&#8211;et_global_heading_font||||||||&#8221; text_text_color=&#8221;gcid-heading-color&#8221; text_font_size=&#8221;17px&#8221; text_line_height=&#8221;1.6em&#8221; header_text_align=&#8221;left&#8221; animation_style=&#8221;fade&#8221; animation_duration=&#8221;2000ms&#8221; hover_enabled=&#8221;0&#8243; text_font_size_tablet=&#8221;17px&#8221; text_font_size_phone=&#8221;17px&#8221; text_font_size_last_edited=&#8221;on|phone&#8221; text_line_height_tablet=&#8221;1.6em&#8221; text_line_height_phone=&#8221;1.4em&#8221; text_line_height_last_edited=&#8221;on|desktop&#8221; border_style_all=&#8221;inset&#8221; locked=&#8221;off&#8221; global_colors_info=&#8221;{%22gcid-2ebbc52c-9ee6-4712-a077-fcaec9b98540%22:%91%22quote_border_color%22,%22quote_border_color%22%93,%22gcid-heading-color%22:%91%22text_text_color%22%93}&#8221; sticky_enabled=&#8221;0&#8243;]<\/p>\n<blockquote>\n<p>A megny\u00edl\u00f3 tudat \u00e1tl\u00e9pi a hat\u00e1rokat,<br \/>kinyitja a kapukat,<br \/>utat engedve a v\u00e9gtelennek, hogy:<br \/>az elfelejtett \u00e9letek v\u00e9g\u00e9rv\u00e9nyesen <br \/>beteljes\u00fcljenek<br \/>\u00e9s, hogy az \u00e1lmok<br \/>fekete fest\u00e9kkel fessenek<br \/>az \u00e1lnok val\u00f3s\u00e1g sz\u00fcrke eg\u00e9re valami<br \/>sz\u00edneset.<\/p>\n<\/blockquote>\n<p>[\/et_pb_text][\/et_pb_column][et_pb_column type=&#8221;1_2&#8243; _builder_version=&#8221;4.27.4&#8243; _module_preset=&#8221;default&#8221; global_colors_info=&#8221;{}&#8221;][et_pb_heading title=&#8221;Hogy eny\u00e9m lehess!&#8221; _builder_version=&#8221;4.27.4&#8243; _module_preset=&#8221;default&#8221; title_level=&#8221;h2&#8243; title_text_align=&#8221;left&#8221; title_font_size=&#8221;34px&#8221; width=&#8221;100%&#8221; width_tablet=&#8221;100%&#8221; width_phone=&#8221;100%&#8221; width_last_edited=&#8221;on|phone&#8221; custom_padding=&#8221;15px|||||&#8221; animation_style=&#8221;fade&#8221; title_line_height_tablet=&#8221;&#8221; title_line_height_phone=&#8221;1.1em&#8221; title_line_height_last_edited=&#8221;on|phone&#8221; locked=&#8221;off&#8221; global_colors_info=&#8221;{}&#8221;][\/et_pb_heading][et_pb_text quote_border_color=&#8221;gcid-2ebbc52c-9ee6-4712-a077-fcaec9b98540&#8243; _builder_version=&#8221;4.27.4&#8243; _module_preset=&#8221;default&#8221; text_font=&#8221;&#8211;et_global_heading_font||||||||&#8221; text_text_color=&#8221;gcid-heading-color&#8221; text_font_size=&#8221;17px&#8221; text_line_height=&#8221;1.6em&#8221; header_text_align=&#8221;left&#8221; custom_padding=&#8221;0px|||||&#8221; animation_style=&#8221;fade&#8221; animation_duration=&#8221;2000ms&#8221; hover_enabled=&#8221;0&#8243; text_font_size_tablet=&#8221;17px&#8221; text_font_size_phone=&#8221;17px&#8221; text_font_size_last_edited=&#8221;on|phone&#8221; text_line_height_tablet=&#8221;1.6em&#8221; text_line_height_phone=&#8221;1.4em&#8221; text_line_height_last_edited=&#8221;on|desktop&#8221; border_style_all=&#8221;inset&#8221; locked=&#8221;off&#8221; global_colors_info=&#8221;{%22gcid-2ebbc52c-9ee6-4712-a077-fcaec9b98540%22:%91%22quote_border_color%22,%22quote_border_color%22%93,%22gcid-heading-color%22:%91%22text_text_color%22%93}&#8221; sticky_enabled=&#8221;0&#8243;]<\/p>\n<blockquote>\n<p><span>V\u00e1lts val\u00f3ra, hogy val\u00f3ra v\u00e1lthassam \u00e1lmaidat!<\/span><br \/><span>Fedezz fel, hogy felfedezhesselek!<\/span><br \/><span>\u0150r\u00fclj meg, hogy meg\u0151r\u00fclhessek \u00e9rted!<\/span><br \/><span>\u00c9rezz, hogy \u00e9rezhesselek!<\/span><br \/><span>\u00c9lvezz, hogy \u00e9lvezhesselek!<\/span><br \/><span>T\u00e9gy magad\u00e9v\u00e1, hogy az eny\u00e9m lehess!<\/span><\/p>\n<\/blockquote>\n<p>[\/et_pb_text][\/et_pb_column][\/et_pb_row][\/et_pb_section][et_pb_section fb_built=&#8221;1&#8243; _builder_version=&#8221;4.27.4&#8243; _module_preset=&#8221;default&#8221; custom_padding=&#8221;||0px|||&#8221; global_colors_info=&#8221;{}&#8221; locked=&#8221;off&#8221;][et_pb_row column_structure=&#8221;1_2,1_2&#8243; _builder_version=&#8221;4.27.4&#8243; _module_preset=&#8221;default&#8221; min_height=&#8221;89px&#8221; custom_margin=&#8221;-41px|auto||auto||&#8221; custom_padding=&#8221;3px||0px|||&#8221; global_colors_info=&#8221;{}&#8221;][et_pb_column type=&#8221;1_2&#8243; _builder_version=&#8221;4.27.4&#8243; _module_preset=&#8221;default&#8221; global_colors_info=&#8221;{}&#8221;][et_pb_heading title=&#8221;Ebben az \u00e9letben&#8221; _builder_version=&#8221;4.27.4&#8243; _module_preset=&#8221;default&#8221; title_level=&#8221;h2&#8243; title_text_align=&#8221;left&#8221; title_font_size=&#8221;34px&#8221; width=&#8221;100%&#8221; width_tablet=&#8221;100%&#8221; width_phone=&#8221;100%&#8221; width_last_edited=&#8221;on|phone&#8221; custom_padding=&#8221;15px|||||&#8221; animation_style=&#8221;fade&#8221; hover_enabled=&#8221;0&#8243; title_line_height_tablet=&#8221;&#8221; title_line_height_phone=&#8221;1.1em&#8221; title_line_height_last_edited=&#8221;on|phone&#8221; global_colors_info=&#8221;{}&#8221; sticky_enabled=&#8221;0&#8243;][\/et_pb_heading][et_pb_text quote_border_color=&#8221;gcid-2ebbc52c-9ee6-4712-a077-fcaec9b98540&#8243; _builder_version=&#8221;4.27.4&#8243; _module_preset=&#8221;default&#8221; text_font=&#8221;&#8211;et_global_heading_font||||||||&#8221; text_text_color=&#8221;gcid-heading-color&#8221; text_font_size=&#8221;17px&#8221; text_line_height=&#8221;1.6em&#8221; header_text_align=&#8221;left&#8221; animation_style=&#8221;fade&#8221; animation_duration=&#8221;2000ms&#8221; hover_enabled=&#8221;0&#8243; text_font_size_tablet=&#8221;17px&#8221; text_font_size_phone=&#8221;17px&#8221; text_font_size_last_edited=&#8221;on|phone&#8221; text_line_height_tablet=&#8221;1.6em&#8221; text_line_height_phone=&#8221;1.4em&#8221; text_line_height_last_edited=&#8221;on|desktop&#8221; border_style_all=&#8221;inset&#8221; locked=&#8221;off&#8221; global_colors_info=&#8221;{%22gcid-2ebbc52c-9ee6-4712-a077-fcaec9b98540%22:%91%22quote_border_color%22,%22quote_border_color%22%93,%22gcid-heading-color%22:%91%22text_text_color%22%93}&#8221; sticky_enabled=&#8221;0&#8243;]<\/p>\n<blockquote>\n<p>Egyszer az \u00e9letben<br \/>nem lesz m\u00e1r t\u00f6bb v\u00e9letlen.<br \/>Mikor az elfojtott \u00e9rzelmek<br \/>a felsz\u00ednre t\u00f6rnek s\u00e9rtetten,<br \/>\u00e1tt\u00f6rve a csontok t\u00f6r\u00e9keny szobrait,<br \/>\u00e1tszak\u00edtva a h\u00fas-v\u00e9r f\u00e9lelem r\u00e9teges beidegz\u0151d\u00e9seit<br \/>\u00e9s a b\u0151rt felt\u00e9pve &#8211; bele\u00e9getve,<br \/>v\u00e9rezve, \u00fcv\u00f6ltve<br \/>k\u00f6vetelik r\u00e9sz\u00fcket az \u00e9letb\u0151l.<\/p>\n<\/blockquote>\n<p>[\/et_pb_text][\/et_pb_column][et_pb_column type=&#8221;1_2&#8243; _builder_version=&#8221;4.27.4&#8243; _module_preset=&#8221;default&#8221; global_colors_info=&#8221;{}&#8221;][et_pb_heading title=&#8221;T\u00e1nc&#8221; _builder_version=&#8221;4.27.4&#8243; _module_preset=&#8221;default&#8221; title_level=&#8221;h2&#8243; title_text_align=&#8221;left&#8221; title_font_size=&#8221;34px&#8221; width=&#8221;100%&#8221; width_tablet=&#8221;100%&#8221; width_phone=&#8221;100%&#8221; width_last_edited=&#8221;on|phone&#8221; custom_padding=&#8221;15px|||||&#8221; animation_style=&#8221;fade&#8221; title_line_height_tablet=&#8221;&#8221; title_line_height_phone=&#8221;1.1em&#8221; title_line_height_last_edited=&#8221;on|phone&#8221; locked=&#8221;off&#8221; global_colors_info=&#8221;{}&#8221;][\/et_pb_heading][et_pb_text quote_border_color=&#8221;gcid-2ebbc52c-9ee6-4712-a077-fcaec9b98540&#8243; _builder_version=&#8221;4.27.4&#8243; _module_preset=&#8221;default&#8221; text_font=&#8221;&#8211;et_global_heading_font||||||||&#8221; text_text_color=&#8221;gcid-heading-color&#8221; text_font_size=&#8221;17px&#8221; text_line_height=&#8221;1.6em&#8221; header_text_align=&#8221;left&#8221; custom_padding=&#8221;0px|||||&#8221; animation_style=&#8221;fade&#8221; animation_duration=&#8221;2000ms&#8221; hover_enabled=&#8221;0&#8243; text_font_size_tablet=&#8221;17px&#8221; text_font_size_phone=&#8221;17px&#8221; text_font_size_last_edited=&#8221;on|phone&#8221; text_line_height_tablet=&#8221;1.6em&#8221; text_line_height_phone=&#8221;1.4em&#8221; text_line_height_last_edited=&#8221;on|desktop&#8221; border_style_all=&#8221;inset&#8221; locked=&#8221;off&#8221; global_colors_info=&#8221;{%22gcid-2ebbc52c-9ee6-4712-a077-fcaec9b98540%22:%91%22quote_border_color%22,%22quote_border_color%22%93,%22gcid-heading-color%22:%91%22text_text_color%22%93}&#8221; sticky_enabled=&#8221;0&#8243;]<\/p>\n<blockquote>\n<p>Hal\u00e1lt\u00e1ncot j\u00e1r az \u00e9let,<br \/>s\u00f6t\u00e9t lepelbe burkol\u00f3zva<br \/>f\u00e9lig nyitott ajt\u00f3ban az elm\u00fal\u00e1s feszeng.<br \/>F\u00f6ld feletti temet\u0151ben<br \/>angyal \u00e1ssa l\u00e9gi s\u00edrj\u00e1t.<br \/>Hurokba szorul a tudathasad\u00e1s<br \/>\u00e9s ismeretlen f\u00e1jdalom\u00f6sv\u00e9ny<br \/>meztelen\u00fcl t\u00e1rulkozik el\u00e9m.<br \/>Ut\u00e1lom, m\u00e9gis k\u00f6z\u00f6ny\u00f6s<br \/>v\u00e1gyaim t\u00e1rgy\u00e1v\u00e1 teszem!<br \/>Az \u00e9let a hal\u00e1la t\u00e1nc\u00e1t j\u00e1rja<br \/>az \u00fcres f\u00e9lhom\u00e1lyban,<br \/>a vak ablakok csenben figyelik<br \/>a megad\u00e1s minden k\u00ednkeserves mozdulat\u00e1t.<\/p>\n<\/blockquote>\n<p>[\/et_pb_text][\/et_pb_column][\/et_pb_row][\/et_pb_section]<\/p>\n","protected":false},"excerpt":{"rendered":"<p>Egy pisztollyal a vil\u00e1g ellen Ny-ban vagy Los Angelesben Dr\u00e1g\u00e1n adja az \u00e9letetMegoldja a rejt\u00e9lyeket Feh\u00e9r trik\u00f3ja mindig v\u00e9resRuh\u00e1j\u00e1ra nem igen k\u00e9nyes\u00c1ltal\u00e1ban m\u00e1snaposA modora ut\u00e1latos Refr.:Dzson Mekl\u00e9n az igazi H\u0151sEgy\u00e1ltal\u00e1n nem sz\u00e9gyenl\u0151s Ink\u00e1bb nagyon r\u00e1men\u0151s Vigy\u00e1zz ,t\u00e9ged is szit\u00e1v\u00e1 l\u0151 R\u00e1gy\u00fajtana de nincs cigije De mindig van alibije A feles\u00e9ge is ut\u00e1lja A h\u00e1zass\u00e1got szublim\u00e1lja [&hellip;]<\/p>\n","protected":false},"author":1,"featured_media":0,"parent":961,"menu_order":0,"comment_status":"closed","ping_status":"closed","template":"","meta":{"_et_pb_use_builder":"on","_et_pb_old_content":"<!-- wp:divi\/placeholder \/-->","_et_gb_content_width":"","footnotes":""},"class_list":["post-1115","page","type-page","status-publish","hentry"],"_links":{"self":[{"href":"https:\/\/sharpeyedgeologist.com\/index.php\/wp-json\/wp\/v2\/pages\/1115","targetHints":{"allow":["GET"]}}],"collection":[{"href":"https:\/\/sharpeyedgeologist.com\/index.php\/wp-json\/wp\/v2\/pages"}],"about":[{"href":"https:\/\/sharpeyedgeologist.com\/index.php\/wp-json\/wp\/v2\/types\/page"}],"author":[{"embeddable":true,"href":"https:\/\/sharpeyedgeologist.com\/index.php\/wp-json\/wp\/v2\/users\/1"}],"replies":[{"embeddable":true,"href":"https:\/\/sharpeyedgeologist.com\/index.php\/wp-json\/wp\/v2\/comments?post=1115"}],"version-history":[{"count":97,"href":"https:\/\/sharpeyedgeologist.com\/index.php\/wp-json\/wp\/v2\/pages\/1115\/revisions"}],"predecessor-version":[{"id":3189,"href":"https:\/\/sharpeyedgeologist.com\/index.php\/wp-json\/wp\/v2\/pages\/1115\/revisions\/3189"}],"up":[{"embeddable":true,"href":"https:\/\/sharpeyedgeologist.com\/index.php\/wp-json\/wp\/v2\/pages\/961"}],"wp:attachment":[{"href":"https:\/\/sharpeyedgeologist.com\/index.php\/wp-json\/wp\/v2\/media?parent=1115"}],"curies":[{"name":"wp","href":"https:\/\/api.w.org\/{rel}","templated":true}]}}